{"id":2492,"date":"2024-03-13T10:52:25","date_gmt":"2024-03-13T09:52:25","guid":{"rendered":"https:\/\/mugi.lu\/?post_type=composer&#038;p=2492"},"modified":"2025-10-17T17:43:43","modified_gmt":"2025-10-17T15:43:43","slug":"jeannette-braun-giampellegrini","status":"publish","type":"composer","link":"https:\/\/mugi.lu\/fr\/sujet\/jeannette-braun-giampellegrini\/","title":{"rendered":"Jeannette Braun-Giampellegrini"},"content":{"rendered":"\n<div class=\"wp-block-columns is-layout-flex wp-container-core-columns-is-layout-9d6595d7 wp-block-columns-is-layout-flex\">\n<div class=\"wp-block-column is-layout-flow wp-block-column-is-layout-flow\" style=\"flex-basis:25%\"><figure class=\"wp-block-post-featured-image\"><img loading=\"lazy\" decoding=\"async\" width=\"1354\" height=\"1899\" src=\"https:\/\/mugi.lu\/wp-content\/uploads\/2024\/01\/06-document001.jpg\" class=\"attachment-post-thumbnail size-post-thumbnail wp-post-image\" alt=\"\" style=\"object-fit:cover;\" srcset=\"https:\/\/mugi.lu\/wp-content\/uploads\/2024\/01\/06-document001.jpg 1354w, https:\/\/mugi.lu\/wp-content\/uploads\/2024\/01\/06-document001-214x300.jpg 214w, https:\/\/mugi.lu\/wp-content\/uploads\/2024\/01\/06-document001-730x1024.jpg 730w, https:\/\/mugi.lu\/wp-content\/uploads\/2024\/01\/06-document001-768x1077.jpg 768w, https:\/\/mugi.lu\/wp-content\/uploads\/2024\/01\/06-document001-1095x1536.jpg 1095w\" sizes=\"auto, (max-width: 1354px) 100vw, 1354px\" \/><\/figure>\n\n\n<h2 class=\"wp-block-heading\"><\/h2>\n<\/div>\n\n\n\n<div class=\"wp-block-column is-layout-flow wp-block-column-is-layout-flow\">\n<h3 class=\"birth_death_dates\"><\/h3>\n\n\n<h2 class=\"wp-block-post-title\">Jeannette Braun-Giampellegrini<\/h2>\n\n\n<div class=\"composer-tab\" style=\"display: none;\" data-composer-tab-color=\"secondary\">\n\n\t<div class=\"composer-tab__badge composer-tab__badge-secondary\">\n\t\t<span class=\"composer-tab__icon--biography\"><\/span>\n\t\t<span class=\"composer-tab__circular-title\">Biographie<\/span>\n\t<\/div>\n\n\t<div class=\"composer-tab__content\">\n\t\t\t\t\t\n\n<div class=\"wp-block-getwid-content-slider has-arrows-outside has-dots-none\" data-adaptive-height=\"true\" data-draggable=\"false\" data-arrows=\"outside\" data-dots=\"none\"><div class=\"wp-block-getwid-content-slider__wrapper\">\n<div class=\"wp-block-getwid-content-slider-slide\"><div class=\"wp-block-getwid-content-slider-slide__wrapper\">\n<p>Jeannette Giampellegrini est n\u00e9e le 25 juin 1938 \u00e0 Differdange, au sud du Luxembourg, et a pass\u00e9 son enfance \u00e0 Niederkorn. Elle est issue d&rsquo;une famille d&rsquo;ouvriers immigr\u00e9s d&rsquo;Italie, dans laquelle tant du c\u00f4t\u00e9 paternel que du c\u00f4t\u00e9 maternel on jouait de la musique avec passion. Son p\u00e8re, Antonio Giampellegrini, qui \u00e9tait ouvrier sid\u00e9rurgiste \u00e0 l&rsquo;aci\u00e9rie <em>HADIR<\/em> de Differdange, avait fait ses \u00e9tudes musicales \u00e0 l\u2019\u00e9cole de musique d&rsquo;Esch-sur-Alzette et au <em>Conservatoire de Luxembourg<\/em>. Il jouait de la contrebasse, du saxophone et du violon et \u00e9tait musicien d&rsquo;orchestre au <em>Cercle Symphonique<\/em> d&rsquo;Esch. Sa m\u00e8re, Fernanda Gallo, peintre sur \u00e9mail \u00e0 la manufacture des <em>\u00c9maux de Longwy<\/em>, aimait chanter. Les membres masculins de la famille paternelle et maternelle formaient un orchestre de danse qui jouait chaque dimanche apr\u00e8s-midi jusque tard dans la nuit pour le \u00ab Th\u00e9 dansant \u00bb (fox-trot, tango et valse).&nbsp;<\/p>\n\n\n\n<p><\/p>\n\n\n\n<p>Vers la fin de la Seconde Guerre mondiale, son p\u00e8re commence \u00e0 enseigner la musique \u00e0 sa fille de sept ans et lui ach\u00e8te un piano pour pour faire partie de l&rsquo;orchestre familial, en tant que seul membre f\u00e9minin. Moins de deux ans plus tard, il l&rsquo;inscrit \u00e0 l\u2019\u00e9cole de musique d\u2019Esch, o\u00f9 elle suit la classe de solf\u00e8ge de Louis Petit et la classe de piano d&rsquo;El\u00e9onore Deloos, puis de Jean Dax. A 11 ans, elle obtient le <em>Premier Prix<\/em> et \u00e0 14 ans d\u00e9j\u00e0 le <em>Prix Sup\u00e9rieur<\/em> de piano, les deux fois avec le nombre maximal de points. A la demande de Jean Dax, elle cesse de jouer de la \u00ab musique l\u00e9g\u00e8re \u00bb.&nbsp;<\/p>\n\n\n\n<p><\/p>\n<\/div><\/div>\n\n\n\n<div class=\"wp-block-getwid-content-slider-slide\"><div class=\"wp-block-getwid-content-slider-slide__wrapper\">\n<p>En 1953, lors d&rsquo;un s\u00e9jour au Luxembourg, Claude Delvincourt, alors directeur du <em>Conservatoire de Paris<\/em> et compositeur, d\u00e9couvre le talent de la jeune pianiste et l&rsquo;invite \u00e0 s\u2019inscrire dans la classe pr\u00e9paratoire au <em>Conservatoire National Sup\u00e9rieur de Musique et de Danse de Paris<\/em>. En octobre de la m\u00eame ann\u00e9e, la jeune fille de quinze ans s&rsquo;installe seule \u00e0 Paris, o\u00f9 elle est h\u00e9berg\u00e9e dans une pension pour femmes actives et c\u00e9libataires chez les <em>S\u0153urs de Saint-Vincent de Paul<\/em> et suit les cours de Joseph Benvenuti et de son assistante Simone Druilhe-Darrieulat. Pour les huit heures de pratique de piano dans un logement non chauff\u00e9, sa m\u00e8re lui avait tricot\u00e9 des gants sans doigts. Apr\u00e8s une phase pr\u00e9paratoire de deux ans, au cours de laquelle elle affine surtout sa technique, elle est officiellement admise au <em>Conservatoire de Paris<\/em> en tant qu&rsquo;\u00e9tudiante r\u00e9guli\u00e8re, apr\u00e8s avoir r\u00e9ussi deux concours. Elle a pour professeurs Joseph Benvenuti (piano), Elsa Barraine (d\u00e9chiffrage et harmonie pratique), Jean Hubeau (musique de chambre), Ren\u00e9 Duclos (solf\u00e8ge) et Norbert Dufourcq (histoire de la musique). Son amie et colocataire \u00e0 la pension est la future chanteuse d&rsquo;op\u00e9ra connue Andr\u00e9a Guiot, qu\u2019elle accompagne souvent pendant ses \u00e9tudes de chant. Ren\u00e9 Duclos appr\u00e9cie \u00e9galement ses talents de jouer \u00e0 vue, si bien qu&rsquo;elle accompagne r\u00e9guli\u00e8rement la classe de solf\u00e8ge du Conservatoire. En 1958, Jeannette Giampellegrini termine ses \u00e9tudes musicales avec succ\u00e8s.&nbsp;<\/p>\n\n\n\n<p><\/p>\n<\/div><\/div>\n\n\n\n<div class=\"wp-block-getwid-content-slider-slide\"><div class=\"wp-block-getwid-content-slider-slide__wrapper\">\n<p>Apr\u00e8s ses \u00e9tudes, elle reste encore deux ans \u00e0 Paris en tant que r\u00e9p\u00e9titrice de l&rsquo;<em>Op\u00e9ra comique<\/em>, assistant entre autres le chef d\u2019orchestre Roberti Benzi lors de son d\u00e9but avec l&rsquo;op\u00e9ra <em>Carmen<\/em> et travaillant avec des chanteuses comme Jane Rhodes. En 1960, elle retourne au Luxembourg, o\u00f9 elle travaille d&rsquo;abord comme rempla\u00e7ante dans diff\u00e9rentes \u00e9coles de musique. Elle devient rapidement une accompagnatrice et soliste tr\u00e8s demand\u00e9e et collabore notamment r\u00e9guli\u00e8rement avec l&rsquo;<em>Orchestre de RTL<\/em> (voir : programmes de concerts, presse, musique). De nombreux enregistrements ont \u00e9t\u00e9 r\u00e9alis\u00e9s avec elle dans le studio musical de <em>Radio Luxembourg<\/em>, notamment des cr\u00e9ations d&rsquo;\u0153uvres de Claus Krumlovsky. La pianiste est aussi d\u00e9dicataire d\u2019\u0153uvres pour piano (Claus Krumlovsky\u202f:\u202f <em>Sonatine Op. 6.1<\/em>; Walter Civitareale\u202f:<em> Un salut lointain<\/em>). Pendant 10 ans (1963-1973) Jeannette Giampellegrini est membre permanente de l&rsquo;<em>Ensemble Onst Lidd<\/em> fond\u00e9 par la compositrice Lou Koster. Avec quatre professeurs du <em>Conservatoire d\u2019Esch<\/em>, elle fonde le <em>Quintette luxembourgeois<\/em>, un quatuor \u00e0 vent avec piano de renomm\u00e9e internationale.&nbsp;<\/p>\n\n\n\n<p><\/p>\n\n\n\n<p>Apr\u00e8s avoir \u00e9t\u00e9 engag\u00e9e \u00e0 partir de d\u00e9cembre 1962 \u00e0 l&rsquo;\u00e9cole de musique d&rsquo;Esch (plus tard : <em>Conservatoire d&rsquo;Esch<\/em>) comme professeure rempla\u00e7ante, elle obtient un contrat fixe de charg\u00e9e de cours de piano en 1965, pour finalement devenir professeure de piano en 1967. En 1968, elle \u00e9pouse Jean-Pierre Braun, musicien militaire, fondateur de la <em>Musique des Jeunes<\/em> <em>de Soleuvre<\/em> et chef de l&rsquo;<em>Harmonie de Soleuvre<\/em>, \u00e0 qui elle avait enseign\u00e9 le piano auparavant. Deux ans plus tard, leur fils Jean-Claude est n\u00e9. Il est aujourd&rsquo;hui chef d&rsquo;orchestre de la <em>Musique militaire du Luxembourg<\/em> et a dirig\u00e9, comme son p\u00e8re, l&rsquo;<em>Harmonie<\/em> <em>de Soleuvre<\/em> pendant plus de 20 ans.&nbsp;<\/p>\n\n\n\n<p><\/p>\n<\/div><\/div>\n\n\n\n<div class=\"wp-block-getwid-content-slider-slide\"><div class=\"wp-block-getwid-content-slider-slide__wrapper\">\n<p>En tant que professeure de piano, avec sa propre m\u00e9thodologie holistique et adapt\u00e9e aux enfants, elle est tr\u00e8s appr\u00e9ci\u00e9e. Elle a \u00e9galement jou\u00e9 un r\u00f4le d\u00e9terminant dans l&rsquo;\u00e9laboration de programmes d&rsquo;enseignement du piano r\u00e9glement\u00e9s de mani\u00e8re uniforme pour toutes les \u00e9coles de musique du pays. Parmi ses \u00e9l\u00e8ves, on compte notamment Walter Civitareale, Isabelle Dominicy (future \u00e9pouse de Jean-Claude Braun et m\u00e8re des deux petits-fils de Jeannette Braun-Giampellegrini), Daniel Feis, Jeannine Huybrechts, Astrid Koemptgen, Astrid K\u00fcnzer, Ria Lucas, Yolande Ludwig, Lynn Orazi, Andr\u00e9 Reichling, Claire Scholtes, Pierre Weber, Marcel Wengler. Isabelle Dominicy, Ria Lucas, Daniel Feis et Lynn Orazi enseignent aujourd\u2019hui au <em>Conservatoire d\u2019Esch<\/em>.&nbsp;&nbsp;<\/p>\n\n\n\n<p><\/p>\n\n\n\n<p>En automne 1989, elle est nomm\u00e9e directrice adjointe, poste qu&rsquo;elle occupe jusqu&rsquo;\u00e0 sa retraite le 1er octobre 1998. Le 8 avril 2008, la musicienne est la premi\u00e8re femme \u00e0 recevoir le <em>Prix du m\u00e9rite culturel de la ville d&rsquo;Esch\/Alzette <\/em>pour ses prestations musicales. Le 14 d\u00e9cembre 2010, le bourgmestre Georges Engel et la pr\u00e9sidente de la commission culturelle Simone Asselborn-Bintz d\u00e9cernent au couple Braun-Giampellegrini le <em>Prix culturel de Sassenheim<\/em> pour leur engagement en faveur de la culture musicale de la commune. A 85 ans, Jeannette Braun-Giampellegrini joue encore du piano tous les jours et continue d&rsquo;\u00eatre nomm\u00e9e membre de jurys internationaux \u00e0 Metz, Bruxelles et Nancy, entre autres.&nbsp;<\/p>\n\n\n\n<p><\/p>\n\n\n\n<p>Pour les diff\u00e9rentes \u00e9tapes de sa vie et de son parcours, voir les interviews film\u00e9es par Anne Schiltz de Jeannette Braun-Giampellegrini ainsi que le document texte \u00ab Jeannette Braun-Giampellegrini er\u00ebnnert sech \u00bb.)&nbsp;<\/p>\n\n\n\n<p><\/p>\n\n\n\n<div class=\"wp-block-getwid-icon-box has-icon-left has-text-center\"><div class=\"wp-block-getwid-icon-box__icon-container is-position-top\"><a href=\"https:\/\/mugi.lu\/wp-content\/uploads\/2024\/10\/Jeannette-Braun-Giampellegrini-erennert-sech_DEF_FR.pdf\" class=\"wp-block-getwid-icon-box__icon-wrapper\"><i class=\"fas fa-file-pdf\"><\/i><\/a><\/div><div class=\"wp-block-getwid-icon-box__content\">\n<h5 class=\"wp-block-heading\">d&rsquo;Jeannette Braun-Giampellegrini er\u00ebnnert sech<\/h5>\n\n\n\n<p><strong>Ausgewielten Auszich aus engem Gespr\u00e9ich mam Lynn Orazi, <\/strong><\/p>\n\n\n\n<p><strong>gefilmt \u00ebnnert der Regie&nbsp;vum Anne Schiltz<\/strong>&nbsp;<\/p>\n\n\n\n<p><\/p>\n<\/div><\/div>\n<\/div><\/div>\n<\/div><\/div>\n\n\n\n<p class=\"has-text-smaller-font-size\"><em>Texte (traduit avec l&rsquo;aide de DeepL.com) et r\u00e9daction de ce portail : Danielle Roster (upload 08.03.2024)&nbsp;<\/em><\/p>\n\n\n\n<p class=\"has-text-smaller-font-size\"><em>Cr\u00e9ation des archives num\u00e9riques\u202fJeannette Braun-Giampellegrini (JBG) :&nbsp; D\u017eeila Adrovic, Kenza Kiwy, Sonja Kmec, Danielle Roster&nbsp;<\/em><\/p>\n\n\n\n<p class=\"has-text-smaller-font-size\"><strong>Citation : <\/strong>Roster, Danielle : Jeannette Braun-Giampellegrini, in: Musique et genre au Luxembourg, \u00e9d. par Sonja Kmec, Danielle Roster et Anne Schiltz. URL :&nbsp;<a href=\"https:\/\/mugi.lu\/fr\/sujet\/jeannette-braun-giampellegrini\/\">https:\/\/mugi.lu\/fr\/sujet\/jeannette-braun-giampellegrini\/<\/a> (publi\u00e9 en-ligne le 1.3.2024; consult\u00e9 le \u2026.)<\/p>\n\n\t\t\t<\/div>\n\n\t\t\t<button class=\"composer-tab__button composer-tab--color-secondary\">\n\t\t\t<span class=\"composer-tab__icon--biography\"><\/span>\n\t\t\t<span>Biographie<\/span>\n\t\t<\/button>\n\t\n<\/div>\n\n\n\n<div class=\"composer-tab\" style=\"display: none;\" data-composer-tab-color=\"primary\">\n\n\t<div class=\"composer-tab__badge composer-tab__badge-primary\">\n\t\t<span class=\"composer-tab__icon--music\"><\/span>\n\t\t<span class=\"composer-tab__circular-title\">Musique<\/span>\n\t<\/div>\n\n\t<div class=\"composer-tab__content\">\n\t\t\t\t\t\n\n<div class=\"wp-block-getwid-content-slider has-arrows-outside has-dots-none\" data-draggable=\"false\" data-arrows=\"outside\" data-dots=\"none\"><div class=\"wp-block-getwid-content-slider__wrapper\">\n<div class=\"wp-block-getwid-content-slider-slide\"><div class=\"wp-block-getwid-content-slider-slide__wrapper\">\n<div class=\"wp-block-columns is-layout-flex wp-container-core-columns-is-layout-9d6595d7 wp-block-columns-is-layout-flex\">\n<div class=\"wp-block-column is-layout-flow wp-block-column-is-layout-flow\"><div id=\"sonaar_music_87\"><div class=\"sonaar_audioplayer_block_cover\"><article id=\"arbitrary-instance-69f31b2fb39ee\" class=\"iron_widget_radio srp_player_button\"><div class=\"iron-audioplayer  sonaar-no-artwork playlist_has_no_ctas\" id=\"arbitrary-instance-69f31b2fb39ee-3820f00889\" data-id=\"arbitrary-instance-69f31b2fb39ee\" data-track-sw-cursor=\"\" data-lazyload=\"\" data-albums=\"2192\" data-category=\"\" data-url-playlist=\"https:\/\/mugi.lu\/fr\/?load=playlist.json&#038;title=&#038;albums=2192&#038;category=&#038;posts_not_in=&#038;category_not_in=&#038;author=&#038;feed_title=&#038;feed=&#038;feed_img=&#038;el_widget_id=&#038;artwork=&#038;posts_per_pages=-1&#038;all_category=&#038;single_playlist=&#038;reverse_tracklist=&#038;audio_meta_field=&#038;repeater_meta_field=&#038;import_file=&#038;rss_items=-1&#038;rss_item_title=&#038;is_favorite=&#038;is_recentlyplayed=&#038;srp_order=date_DESC\" data-sticky-player=\"\" data-shuffle=\"false\" data-playlist_title=\"\" data-scrollbar=\"\" data-wave-color=\"\" data-wave-progress-color=\"\" data-spectro=\"\" data-no-wave=\"\" data-hide-progressbar=\"\" data-notrackskip=\"\" data-no-loop-tracklist=\"\" data-playertemplate=\"skin_boxed_tracklist\" data-hide-artwork=\"1\" data-speedrate=\"1\" data-tracks-per-page=\"\" data-pagination_scroll_offset=\"\" data-adaptive-colors=\"\" data-adaptive-colors-freeze=\"\" style=\"opacity:0\"><div class=\"srp_player_boxed srp_player_grid\"><div class=\"album-player sr_waveform_mediaElement\"><div class=\"srp_player_meta\"><\/div><div class=\"srp_control_box\">\n            <div role=\"button\" class=\"srp-play-button play\" aria-label=\"Play\">\n                <i class=\"sricon-play\"><\/i>\n                <div class=\"srp-play-circle\"><\/div>\n            <\/div><div class=\"srp_wave_box\"> <div class=\"player sr_player__inline \"><div class=\"sr_progressbar\">\n                \n            <div class=\"currentTime\">00:00<\/div>\n         \n                <div id=\"arbitrary-instance-69f31b2fb39ee-cf37254fa9-wave\" class=\"wave\">\n                 \n        <div class=\"sonaar_fake_wave\" style=\"height:40px\"> \n            <audio src=\"\" class=\"sonaar_media_element\"><\/audio> \n            <div class=\"sonaar_wave_base\"> \n                <canvas id=\"sonaar_wave_base_canvas\" class=\"\" height=\"40\" width=\"2540\"><\/canvas> \n                <svg><\/svg> \n            <\/div> \n            <div class=\"sonaar_wave_cut\"> \n                <canvas id=\"sonaar_wave_cut_canvas\" class=\"\" height=\"40\" width=\"2540\"><\/canvas> \n                <svg><\/svg> \n            <\/div> \n        <\/div> \n                <\/div>\n                \n            <div class=\"totalTime\"><\/div>\n         \n             <\/div><\/div><div class=\"srp_main_control\"><div class=\"control\"><div role=\"button\" class=\"play\" style=\"opacity:0\" aria-label=\"Play\" title=\"\">\n                <i class=\"sricon-play\"><\/i>\n            <\/div><div class=\"srp_track_cta\"><\/div><\/div><\/div><\/div><\/div><\/div><\/div><div class=\"playlist sr_waveform_mediaElement\" id=\"playlist_arbitrary-instance-69f31b2fb39ee\"><div class=\"srp_tracklist\"><ul class=\"srp_list\"><li class=\"sr-playlist-item\" data-audiopath=\"https:\/\/mugi.lu\/wp-content\/uploads\/2024\/02\/1_JBG_CNA_AU_CLT_TAPE_11561_01.mp3\" data-showloading=\"1\" data-albumTitle=\"JBG1\" data-albumArt=\"\" data-releasedate=\"\" data-date=\"2024\/02\/23\" data-date-formated=\"23 f\u00e9vrier 2024\" data-show-date=\"\" data-trackTitle=\"1_JBG_CNA_AU_CLT_TAPE_11561_01\" data-artist=\"\" data-trackID=\"2099\" data-trackTime=\"3:00\" data-relatedTrack=\"\" data-post-url=\"\" data-post-id=\"2192\" data-track-pos=\"0\" data-peakFile=\"https:\/\/mugi.lu\/wp-content\/uploads\/audio_peaks\/2099.peak\" data-peakFile-allow=\"1\" data-is-preview=\"\" data-track-lyric=\"\" data-icecast_json=\"\" data-icecast_mount=\"\"><div class=\"sr-playlist-item-flex\"><span class=\"store-list\"><\/span><\/div><div class=\"srp_track_description\"><\/div><\/li><\/ul><\/div><\/div><div class=\"album-store\"><\/div><\/div>\n        var srp_player_params_69f31b2fb39ee = {\u00ab\u00a0title\u00a0\u00bb:\u00a0\u00bb\u00a0\u00bb,\u00a0\u00bbstore_title_text\u00a0\u00bb:\u00a0\u00bb\u00a0\u00bb,\u00a0\u00bbalbums\u00a0\u00bb:\u00a0\u00bb2192&Prime;,\u00a0\u00bbhide_artwork\u00a0\u00bb:\u00a0\u00bbtrue\u00a0\u00bb,\u00a0\u00bbsticky_player\u00a0\u00bb:\u00a0\u00bb\u00a0\u00bb,\u00a0\u00bbshow_album_market\u00a0\u00bb:\u00a0\u00bb1&Prime;,\u00a0\u00bbshow_track_market\u00a0\u00bb:\u00a0\u00bb1&Prime;,\u00a0\u00bbhide_timeline\u00a0\u00bb:\u00a0\u00bb\u00a0\u00bb,\u00a0\u00bbtitletag_soundwave\u00a0\u00bb:\u00a0\u00bbdiv\u00a0\u00bb,\u00a0\u00bbtitletag_playlist\u00a0\u00bb:\u00a0\u00bbh3&Prime;,\u00a0\u00bbshow_playlist\u00a0\u00bb:\u00a0\u00bb\u00a0\u00bb,\u00a0\u00bbwave_color\u00a0\u00bb:\u00a0\u00bb\u00a0\u00bb,\u00a0\u00bbwave_progress_color\u00a0\u00bb:\u00a0\u00bb\u00a0\u00bb,\u00a0\u00bbshuffle\u00a0\u00bb:\u00a0\u00bb\u00a0\u00bb,\u00a0\u00bbreverse_tracklist\u00a0\u00bb:\u00a0\u00bb\u00a0\u00bb,\u00a0\u00bbsearchbar\u00a0\u00bb:\u00a0\u00bbfalse\u00a0\u00bb,\u00a0\u00bbtrack_desc_lenght\u00a0\u00bb:\u00a0\u00bb55&Prime;,\u00a0\u00bbstrip_html_track_desc\u00a0\u00bb:\u00a0\u00bbtrue\u00a0\u00bb,\u00a0\u00bbplayer_layout\u00a0\u00bb:\u00a0\u00bbskin_boxed_tracklist\u00a0\u00bb,\u00a0\u00bbhide_progressbar\u00a0\u00bb:\u00a0\u00bbfalse\u00a0\u00bb,\u00a0\u00bbuse_play_label\u00a0\u00bb:\u00a0\u00bbfalse\u00a0\u00bb,\u00a0\u00bbuse_play_label_with_icon\u00a0\u00bb:\u00a0\u00bbtrue\u00a0\u00bb,\u00a0\u00bborderby\u00a0\u00bb:\u00a0\u00bbdate\u00a0\u00bb,\u00a0\u00bborder\u00a0\u00bb:\u00a0\u00bbDESC\u00a0\u00bb,\u00a0\u00bbhide_album_title\u00a0\u00bb:\u00a0\u00bbtrue\u00a0\u00bb,\u00a0\u00bbhide_album_subtitle\u00a0\u00bb:\u00a0\u00bbtrue\u00a0\u00bb,\u00a0\u00bbhide_player_title\u00a0\u00bb:\u00a0\u00bbtrue\u00a0\u00bb,\u00a0\u00bbhide_track_title\u00a0\u00bb:\u00a0\u00bbtrue\u00a0\u00bb,\u00a0\u00bbshow_publish_date\u00a0\u00bb:\u00a0\u00bbfalse\u00a0\u00bb,\u00a0\u00bbshow_skip_bt\u00a0\u00bb:\u00a0\u00bbfalse\u00a0\u00bb,\u00a0\u00bbshow_volume_bt\u00a0\u00bb:\u00a0\u00bbfalse\u00a0\u00bb,\u00a0\u00bbshow_speed_bt\u00a0\u00bb:\u00a0\u00bbfalse\u00a0\u00bb,\u00a0\u00bbshow_shuffle_bt\u00a0\u00bb:\u00a0\u00bbfalse\u00a0\u00bb,\u00a0\u00bbprogressbar_inline\u00a0\u00bb:\u00a0\u00bbtrue\u00a0\u00bb,\u00a0\u00bbspectro\u00a0\u00bb:\u00a0\u00bb\u00a0\u00bb,\u00a0\u00bbinline\u00a0\u00bb:\u00a0\u00bbfalse\u00a0\u00bb,\u00a0\u00bbmain_settings\u00a0\u00bb:\u00a0\u00bb||\u00a0\u00bb} \n        var srp_player_params_args_69f31b2fb39ee = {\u00ab\u00a0before_widget\u00a0\u00bb:\u00a0\u00bb<article id=\"arbitrary-instance-69f31b2fb39ee\" class=\"iron_widget_radio srp_player_button\">\u00ab\u00a0,\u00a0\u00bbafter_widget\u00a0\u00bb:\u00a0\u00bb\u00a0\u00bb,\u00a0\u00bbbefore_title\u00a0\u00bb:\u00a0\u00bb<span class='heading-t3'><h3 class=\"widgettitle\">\u00ab\u00a0,\u00a0\u00bbafter_title\u00a0\u00bb:\u00a0\u00bb\u00a0\u00bb,\u00a0\u00bbwidget_id\u00a0\u00bb:\u00a0\u00bbarbitrary-instance-69f31b2fb39ee\u00a0\u00bb}  \n        if(typeof setIronAudioplayers !== \u00ab\u00a0undefined\u00a0\u00bb){ setIronAudioplayers(\u00ab\u00a0arbitrary-instance-69f31b2fb39ee\u00a0\u00bb); }<\/article><\/div><\/div>\n\n\n<h5 class=\"wp-block-heading\">Claus Krumlovsky : Premier mouvement de la <em>Sonate no 1 pour piano<\/em><\/h5>\n\n\n\n<p>Jeannette Braun-Giampellgrini (piano)<\/p>\n\n\n\n<p>Enregistement<em> Radio Luxembourg<\/em>, 26.2.1971<\/p>\n\n\n\n<p>\u00a9 CNA \/ CLT<\/p>\n<\/div>\n\n\n\n<div class=\"wp-block-column is-layout-flow wp-block-column-is-layout-flow\"><div id=\"sonaar_music_83\"><div class=\"sonaar_audioplayer_block_cover\"><article id=\"arbitrary-instance-69f31b2fb5921\" class=\"iron_widget_radio srp_player_button\"><div class=\"iron-audioplayer  sonaar-no-artwork playlist_has_no_ctas\" id=\"arbitrary-instance-69f31b2fb5921-15eb97b45e\" data-id=\"arbitrary-instance-69f31b2fb5921\" data-track-sw-cursor=\"\" data-lazyload=\"\" data-albums=\"2203\" data-category=\"\" data-url-playlist=\"https:\/\/mugi.lu\/fr\/?load=playlist.json&#038;title=&#038;albums=2203&#038;category=&#038;posts_not_in=&#038;category_not_in=&#038;author=&#038;feed_title=&#038;feed=&#038;feed_img=&#038;el_widget_id=&#038;artwork=&#038;posts_per_pages=-1&#038;all_category=&#038;single_playlist=&#038;reverse_tracklist=&#038;audio_meta_field=&#038;repeater_meta_field=&#038;import_file=&#038;rss_items=-1&#038;rss_item_title=&#038;is_favorite=&#038;is_recentlyplayed=&#038;srp_order=date_DESC\" data-sticky-player=\"\" data-shuffle=\"false\" data-playlist_title=\"\" data-scrollbar=\"\" data-wave-color=\"\" data-wave-progress-color=\"\" data-spectro=\"\" data-no-wave=\"\" data-hide-progressbar=\"\" data-notrackskip=\"\" data-no-loop-tracklist=\"\" data-playertemplate=\"skin_boxed_tracklist\" data-hide-artwork=\"1\" data-speedrate=\"1\" data-tracks-per-page=\"\" data-pagination_scroll_offset=\"\" data-adaptive-colors=\"\" data-adaptive-colors-freeze=\"\" style=\"opacity:0\"><div class=\"srp_player_boxed srp_player_grid\"><div class=\"album-player sr_waveform_mediaElement\"><div class=\"srp_player_meta\"><\/div><div class=\"srp_control_box\">\n            <div role=\"button\" class=\"srp-play-button play\" aria-label=\"Play\">\n                <i class=\"sricon-play\"><\/i>\n                <div class=\"srp-play-circle\"><\/div>\n            <\/div><div class=\"srp_wave_box\"> <div class=\"player sr_player__inline \"><div class=\"sr_progressbar\">\n                \n            <div class=\"currentTime\">00:00<\/div>\n         \n                <div id=\"arbitrary-instance-69f31b2fb5921-38c2050c4b-wave\" class=\"wave\">\n                 \n        <div class=\"sonaar_fake_wave\" style=\"height:40px\"> \n            <audio src=\"\" class=\"sonaar_media_element\"><\/audio> \n            <div class=\"sonaar_wave_base\"> \n                <canvas id=\"sonaar_wave_base_canvas\" class=\"\" height=\"40\" width=\"2540\"><\/canvas> \n                <svg><\/svg> \n            <\/div> \n            <div class=\"sonaar_wave_cut\"> \n                <canvas id=\"sonaar_wave_cut_canvas\" class=\"\" height=\"40\" width=\"2540\"><\/canvas> \n                <svg><\/svg> \n            <\/div> \n        <\/div> \n                <\/div>\n                \n            <div class=\"totalTime\"><\/div>\n         \n             <\/div><\/div><div class=\"srp_main_control\"><div class=\"control\"><div role=\"button\" class=\"play\" style=\"opacity:0\" aria-label=\"Play\" title=\"\">\n                <i class=\"sricon-play\"><\/i>\n            <\/div><div class=\"srp_track_cta\"><\/div><\/div><\/div><\/div><\/div><\/div><\/div><div class=\"playlist sr_waveform_mediaElement\" id=\"playlist_arbitrary-instance-69f31b2fb5921\"><div class=\"srp_tracklist\"><ul class=\"srp_list\"><li class=\"sr-playlist-item\" data-audiopath=\"https:\/\/mugi.lu\/wp-content\/uploads\/2024\/02\/2_JBG_RaymondHenn_ZweiVenetianischeLieder.mp3\" data-showloading=\"1\" data-albumTitle=\"JBG2\" data-albumArt=\"\" data-releasedate=\"\" data-date=\"2024\/02\/23\" data-date-formated=\"23 f\u00e9vrier 2024\" data-show-date=\"\" data-trackTitle=\"2_JBG_RaymondHenn_ZweiVenetianischeLieder\" data-artist=\"\" data-trackID=\"2102\" data-trackTime=\"2:34\" data-relatedTrack=\"\" data-post-url=\"\" data-post-id=\"2203\" data-track-pos=\"0\" data-peakFile=\"https:\/\/mugi.lu\/wp-content\/uploads\/audio_peaks\/2102.peak\" data-peakFile-allow=\"1\" data-is-preview=\"\" data-track-lyric=\"\" data-icecast_json=\"\" data-icecast_mount=\"\"><div class=\"sr-playlist-item-flex\"><span class=\"store-list\"><\/span><\/div><div class=\"srp_track_description\"><\/div><\/li><\/ul><\/div><\/div><div class=\"album-store\"><\/div><\/div>\n        var srp_player_params_69f31b2fb5921 = {\u00ab\u00a0title\u00a0\u00bb:\u00a0\u00bb\u00a0\u00bb,\u00a0\u00bbstore_title_text\u00a0\u00bb:\u00a0\u00bb\u00a0\u00bb,\u00a0\u00bbalbums\u00a0\u00bb:\u00a0\u00bb2203&Prime;,\u00a0\u00bbhide_artwork\u00a0\u00bb:\u00a0\u00bbtrue\u00a0\u00bb,\u00a0\u00bbsticky_player\u00a0\u00bb:\u00a0\u00bb\u00a0\u00bb,\u00a0\u00bbshow_album_market\u00a0\u00bb:\u00a0\u00bb1&Prime;,\u00a0\u00bbshow_track_market\u00a0\u00bb:\u00a0\u00bb1&Prime;,\u00a0\u00bbhide_timeline\u00a0\u00bb:\u00a0\u00bb\u00a0\u00bb,\u00a0\u00bbtitletag_soundwave\u00a0\u00bb:\u00a0\u00bbdiv\u00a0\u00bb,\u00a0\u00bbtitletag_playlist\u00a0\u00bb:\u00a0\u00bbh3&Prime;,\u00a0\u00bbshow_playlist\u00a0\u00bb:\u00a0\u00bb\u00a0\u00bb,\u00a0\u00bbwave_color\u00a0\u00bb:\u00a0\u00bb\u00a0\u00bb,\u00a0\u00bbwave_progress_color\u00a0\u00bb:\u00a0\u00bb\u00a0\u00bb,\u00a0\u00bbshuffle\u00a0\u00bb:\u00a0\u00bb\u00a0\u00bb,\u00a0\u00bbreverse_tracklist\u00a0\u00bb:\u00a0\u00bb\u00a0\u00bb,\u00a0\u00bbsearchbar\u00a0\u00bb:\u00a0\u00bbfalse\u00a0\u00bb,\u00a0\u00bbtrack_desc_lenght\u00a0\u00bb:\u00a0\u00bb55&Prime;,\u00a0\u00bbstrip_html_track_desc\u00a0\u00bb:\u00a0\u00bbtrue\u00a0\u00bb,\u00a0\u00bbplayer_layout\u00a0\u00bb:\u00a0\u00bbskin_boxed_tracklist\u00a0\u00bb,\u00a0\u00bbhide_progressbar\u00a0\u00bb:\u00a0\u00bbfalse\u00a0\u00bb,\u00a0\u00bbuse_play_label\u00a0\u00bb:\u00a0\u00bbfalse\u00a0\u00bb,\u00a0\u00bbuse_play_label_with_icon\u00a0\u00bb:\u00a0\u00bbtrue\u00a0\u00bb,\u00a0\u00bborderby\u00a0\u00bb:\u00a0\u00bbdate\u00a0\u00bb,\u00a0\u00bborder\u00a0\u00bb:\u00a0\u00bbDESC\u00a0\u00bb,\u00a0\u00bbhide_album_title\u00a0\u00bb:\u00a0\u00bbtrue\u00a0\u00bb,\u00a0\u00bbhide_album_subtitle\u00a0\u00bb:\u00a0\u00bbtrue\u00a0\u00bb,\u00a0\u00bbhide_player_title\u00a0\u00bb:\u00a0\u00bbtrue\u00a0\u00bb,\u00a0\u00bbhide_track_title\u00a0\u00bb:\u00a0\u00bbtrue\u00a0\u00bb,\u00a0\u00bbshow_publish_date\u00a0\u00bb:\u00a0\u00bbfalse\u00a0\u00bb,\u00a0\u00bbshow_skip_bt\u00a0\u00bb:\u00a0\u00bbfalse\u00a0\u00bb,\u00a0\u00bbshow_volume_bt\u00a0\u00bb:\u00a0\u00bbfalse\u00a0\u00bb,\u00a0\u00bbshow_speed_bt\u00a0\u00bb:\u00a0\u00bbfalse\u00a0\u00bb,\u00a0\u00bbshow_shuffle_bt\u00a0\u00bb:\u00a0\u00bbfalse\u00a0\u00bb,\u00a0\u00bbprogressbar_inline\u00a0\u00bb:\u00a0\u00bbtrue\u00a0\u00bb,\u00a0\u00bbspectro\u00a0\u00bb:\u00a0\u00bb\u00a0\u00bb,\u00a0\u00bbinline\u00a0\u00bb:\u00a0\u00bbfalse\u00a0\u00bb,\u00a0\u00bbmain_settings\u00a0\u00bb:\u00a0\u00bb||\u00a0\u00bb} \n        var srp_player_params_args_69f31b2fb5921 = {\u00ab\u00a0before_widget\u00a0\u00bb:\u00a0\u00bb<article id=\"arbitrary-instance-69f31b2fb5921\" class=\"iron_widget_radio srp_player_button\">\u00ab\u00a0,\u00a0\u00bbafter_widget\u00a0\u00bb:\u00a0\u00bb\u00a0\u00bb,\u00a0\u00bbbefore_title\u00a0\u00bb:\u00a0\u00bb<span class='heading-t3'><h3 class=\"widgettitle\">\u00ab\u00a0,\u00a0\u00bbafter_title\u00a0\u00bb:\u00a0\u00bb\u00a0\u00bb,\u00a0\u00bbwidget_id\u00a0\u00bb:\u00a0\u00bbarbitrary-instance-69f31b2fb5921&Prime;}  \n        if(typeof setIronAudioplayers !== \u00ab\u00a0undefined\u00a0\u00bb){ setIronAudioplayers(\u00ab\u00a0arbitrary-instance-69f31b2fb5921\u00a0\u00bb); }<\/article><\/div><\/div>\n\n\n<h5 class=\"wp-block-heading\">Robert Schumann: <em>Leis&rsquo; rudern hier<\/em>, texte de Ferdinand Freiligrath<\/h5>\n\n\n\n<p>Raymond Henn (t\u00e9nor), Jeannette Giampellegrini (piano)<\/p>\n\n\n\n<p>CD<em> Raymond Henn: Fr\u00fche Aufnahmen. 1961-1970.<\/em> Enregistement live, 25.5.1962<\/p>\n<\/div>\n<\/div>\n<\/div><\/div>\n\n\n\n<div class=\"wp-block-getwid-content-slider-slide\"><div class=\"wp-block-getwid-content-slider-slide__wrapper\">\n<div class=\"wp-block-columns is-layout-flex wp-container-core-columns-is-layout-9d6595d7 wp-block-columns-is-layout-flex\">\n<div class=\"wp-block-column is-layout-flow wp-block-column-is-layout-flow\"><div id=\"sonaar_music_67\"><div class=\"sonaar_audioplayer_block_cover\"><article id=\"arbitrary-instance-69f31b2fb6b98\" class=\"iron_widget_radio srp_player_button\"><div class=\"iron-audioplayer  sonaar-no-artwork playlist_has_no_ctas\" id=\"arbitrary-instance-69f31b2fb6b98-49071aa5d1\" data-id=\"arbitrary-instance-69f31b2fb6b98\" data-track-sw-cursor=\"\" data-lazyload=\"\" data-albums=\"2204\" data-category=\"\" data-url-playlist=\"https:\/\/mugi.lu\/fr\/?load=playlist.json&#038;title=&#038;albums=2204&#038;category=&#038;posts_not_in=&#038;category_not_in=&#038;author=&#038;feed_title=&#038;feed=&#038;feed_img=&#038;el_widget_id=&#038;artwork=&#038;posts_per_pages=-1&#038;all_category=&#038;single_playlist=&#038;reverse_tracklist=&#038;audio_meta_field=&#038;repeater_meta_field=&#038;import_file=&#038;rss_items=-1&#038;rss_item_title=&#038;is_favorite=&#038;is_recentlyplayed=&#038;srp_order=date_DESC\" data-sticky-player=\"\" data-shuffle=\"false\" data-playlist_title=\"\" data-scrollbar=\"\" data-wave-color=\"\" data-wave-progress-color=\"\" data-spectro=\"\" data-no-wave=\"\" data-hide-progressbar=\"\" data-notrackskip=\"\" data-no-loop-tracklist=\"\" data-playertemplate=\"skin_boxed_tracklist\" data-hide-artwork=\"1\" data-speedrate=\"1\" data-tracks-per-page=\"\" data-pagination_scroll_offset=\"\" data-adaptive-colors=\"\" data-adaptive-colors-freeze=\"\" style=\"opacity:0\"><div class=\"srp_player_boxed srp_player_grid\"><div class=\"album-player sr_waveform_mediaElement\"><div class=\"srp_player_meta\"><\/div><div class=\"srp_control_box\">\n            <div role=\"button\" class=\"srp-play-button play\" aria-label=\"Play\">\n                <i class=\"sricon-play\"><\/i>\n                <div class=\"srp-play-circle\"><\/div>\n            <\/div><div class=\"srp_wave_box\"> <div class=\"player sr_player__inline \"><div class=\"sr_progressbar\">\n                \n            <div class=\"currentTime\">00:00<\/div>\n         \n                <div id=\"arbitrary-instance-69f31b2fb6b98-495ed34604-wave\" class=\"wave\">\n                 \n        <div class=\"sonaar_fake_wave\" style=\"height:40px\"> \n            <audio src=\"\" class=\"sonaar_media_element\"><\/audio> \n            <div class=\"sonaar_wave_base\"> \n                <canvas id=\"sonaar_wave_base_canvas\" class=\"\" height=\"40\" width=\"2540\"><\/canvas> \n                <svg><\/svg> \n            <\/div> \n            <div class=\"sonaar_wave_cut\"> \n                <canvas id=\"sonaar_wave_cut_canvas\" class=\"\" height=\"40\" width=\"2540\"><\/canvas> \n                <svg><\/svg> \n            <\/div> \n        <\/div> \n                <\/div>\n                \n            <div class=\"totalTime\"><\/div>\n         \n             <\/div><\/div><div class=\"srp_main_control\"><div class=\"control\"><div role=\"button\" class=\"play\" style=\"opacity:0\" aria-label=\"Play\" title=\"\">\n                <i class=\"sricon-play\"><\/i>\n            <\/div><div class=\"srp_track_cta\"><\/div><\/div><\/div><\/div><\/div><\/div><\/div><div class=\"playlist sr_waveform_mediaElement\" id=\"playlist_arbitrary-instance-69f31b2fb6b98\"><div class=\"srp_tracklist\"><ul class=\"srp_list\"><li class=\"sr-playlist-item\" data-audiopath=\"https:\/\/mugi.lu\/wp-content\/uploads\/2024\/02\/3_JBG_CNA_AU_CLT_TAPE_03838_01.mp3\" data-showloading=\"1\" data-albumTitle=\"JBG3\" data-albumArt=\"\" data-releasedate=\"\" data-date=\"2024\/02\/23\" data-date-formated=\"23 f\u00e9vrier 2024\" data-show-date=\"\" data-trackTitle=\"3_JBG_CNA_AU_CLT_TAPE_03838_01\" data-artist=\"\" data-trackID=\"2105\" data-trackTime=\"1:14\" data-relatedTrack=\"\" data-post-url=\"\" data-post-id=\"2204\" data-track-pos=\"0\" data-peakFile=\"https:\/\/mugi.lu\/wp-content\/uploads\/audio_peaks\/2105.peak\" data-peakFile-allow=\"1\" data-is-preview=\"\" data-track-lyric=\"\" data-icecast_json=\"\" data-icecast_mount=\"\"><div class=\"sr-playlist-item-flex\"><span class=\"store-list\"><\/span><\/div><div class=\"srp_track_description\"><\/div><\/li><\/ul><\/div><\/div><div class=\"album-store\"><\/div><\/div>\n        var srp_player_params_69f31b2fb6b98 = {\u00ab\u00a0title\u00a0\u00bb:\u00a0\u00bb\u00a0\u00bb,\u00a0\u00bbstore_title_text\u00a0\u00bb:\u00a0\u00bb\u00a0\u00bb,\u00a0\u00bbalbums\u00a0\u00bb:\u00a0\u00bb2204&Prime;,\u00a0\u00bbhide_artwork\u00a0\u00bb:\u00a0\u00bbtrue\u00a0\u00bb,\u00a0\u00bbsticky_player\u00a0\u00bb:\u00a0\u00bb\u00a0\u00bb,\u00a0\u00bbshow_album_market\u00a0\u00bb:\u00a0\u00bb1&Prime;,\u00a0\u00bbshow_track_market\u00a0\u00bb:\u00a0\u00bb1&Prime;,\u00a0\u00bbhide_timeline\u00a0\u00bb:\u00a0\u00bb\u00a0\u00bb,\u00a0\u00bbtitletag_soundwave\u00a0\u00bb:\u00a0\u00bbdiv\u00a0\u00bb,\u00a0\u00bbtitletag_playlist\u00a0\u00bb:\u00a0\u00bbh3&Prime;,\u00a0\u00bbshow_playlist\u00a0\u00bb:\u00a0\u00bb\u00a0\u00bb,\u00a0\u00bbwave_color\u00a0\u00bb:\u00a0\u00bb\u00a0\u00bb,\u00a0\u00bbwave_progress_color\u00a0\u00bb:\u00a0\u00bb\u00a0\u00bb,\u00a0\u00bbshuffle\u00a0\u00bb:\u00a0\u00bb\u00a0\u00bb,\u00a0\u00bbreverse_tracklist\u00a0\u00bb:\u00a0\u00bb\u00a0\u00bb,\u00a0\u00bbsearchbar\u00a0\u00bb:\u00a0\u00bbfalse\u00a0\u00bb,\u00a0\u00bbtrack_desc_lenght\u00a0\u00bb:\u00a0\u00bb55&Prime;,\u00a0\u00bbstrip_html_track_desc\u00a0\u00bb:\u00a0\u00bbtrue\u00a0\u00bb,\u00a0\u00bbplayer_layout\u00a0\u00bb:\u00a0\u00bbskin_boxed_tracklist\u00a0\u00bb,\u00a0\u00bbhide_progressbar\u00a0\u00bb:\u00a0\u00bbfalse\u00a0\u00bb,\u00a0\u00bbuse_play_label\u00a0\u00bb:\u00a0\u00bbfalse\u00a0\u00bb,\u00a0\u00bbuse_play_label_with_icon\u00a0\u00bb:\u00a0\u00bbtrue\u00a0\u00bb,\u00a0\u00bborderby\u00a0\u00bb:\u00a0\u00bbdate\u00a0\u00bb,\u00a0\u00bborder\u00a0\u00bb:\u00a0\u00bbDESC\u00a0\u00bb,\u00a0\u00bbhide_album_title\u00a0\u00bb:\u00a0\u00bbtrue\u00a0\u00bb,\u00a0\u00bbhide_album_subtitle\u00a0\u00bb:\u00a0\u00bbtrue\u00a0\u00bb,\u00a0\u00bbhide_player_title\u00a0\u00bb:\u00a0\u00bbtrue\u00a0\u00bb,\u00a0\u00bbhide_track_title\u00a0\u00bb:\u00a0\u00bbtrue\u00a0\u00bb,\u00a0\u00bbshow_publish_date\u00a0\u00bb:\u00a0\u00bbfalse\u00a0\u00bb,\u00a0\u00bbshow_skip_bt\u00a0\u00bb:\u00a0\u00bbfalse\u00a0\u00bb,\u00a0\u00bbshow_volume_bt\u00a0\u00bb:\u00a0\u00bbfalse\u00a0\u00bb,\u00a0\u00bbshow_speed_bt\u00a0\u00bb:\u00a0\u00bbfalse\u00a0\u00bb,\u00a0\u00bbshow_shuffle_bt\u00a0\u00bb:\u00a0\u00bbfalse\u00a0\u00bb,\u00a0\u00bbprogressbar_inline\u00a0\u00bb:\u00a0\u00bbtrue\u00a0\u00bb,\u00a0\u00bbspectro\u00a0\u00bb:\u00a0\u00bb\u00a0\u00bb,\u00a0\u00bbinline\u00a0\u00bb:\u00a0\u00bbfalse\u00a0\u00bb,\u00a0\u00bbmain_settings\u00a0\u00bb:\u00a0\u00bb||\u00a0\u00bb} \n        var srp_player_params_args_69f31b2fb6b98 = {\u00ab\u00a0before_widget\u00a0\u00bb:\u00a0\u00bb<article id=\"arbitrary-instance-69f31b2fb6b98\" class=\"iron_widget_radio srp_player_button\">\u00ab\u00a0,\u00a0\u00bbafter_widget\u00a0\u00bb:\u00a0\u00bb\u00a0\u00bb,\u00a0\u00bbbefore_title\u00a0\u00bb:\u00a0\u00bb<span class='heading-t3'><h3 class=\"widgettitle\">\u00ab\u00a0,\u00a0\u00bbafter_title\u00a0\u00bb:\u00a0\u00bb\u00a0\u00bb,\u00a0\u00bbwidget_id\u00a0\u00bb:\u00a0\u00bbarbitrary-instance-69f31b2fb6b98&Prime;}  \n        if(typeof setIronAudioplayers !== \u00ab\u00a0undefined\u00a0\u00bb){ setIronAudioplayers(\u00ab\u00a0arbitrary-instance-69f31b2fb6b98\u00a0\u00bb); }<\/article><\/div><\/div>\n\n\n<h5 class=\"wp-block-heading\">Jos Kinz\u00e9: Deuxi\u00e8me mouvement de la <em>S\u00e9r\u00e9nade pour cordes et piano<\/em><\/h5>\n\n\n\n<p>Jeannette Giampellegrini (piano), <em>Orchestre RTL<\/em> sous la direction de Carlo Kaufhold<\/p>\n\n\n\n<p>Enregistement<em> Radio Luxembourg<\/em>, 27.8.1964<\/p>\n\n\n\n<p>\u00a9 CNA \/ CLT<\/p>\n<\/div>\n\n\n\n<div class=\"wp-block-column is-layout-flow wp-block-column-is-layout-flow\"><div id=\"sonaar_music_37\"><div class=\"sonaar_audioplayer_block_cover\"><article id=\"arbitrary-instance-69f31b2fb7b66\" class=\"iron_widget_radio srp_player_button\"><div class=\"iron-audioplayer  sonaar-no-artwork playlist_has_no_ctas\" id=\"arbitrary-instance-69f31b2fb7b66-4d27d7b8b2\" data-id=\"arbitrary-instance-69f31b2fb7b66\" data-track-sw-cursor=\"\" data-lazyload=\"\" data-albums=\"2205\" data-category=\"\" data-url-playlist=\"https:\/\/mugi.lu\/fr\/?load=playlist.json&#038;title=&#038;albums=2205&#038;category=&#038;posts_not_in=&#038;category_not_in=&#038;author=&#038;feed_title=&#038;feed=&#038;feed_img=&#038;el_widget_id=&#038;artwork=&#038;posts_per_pages=-1&#038;all_category=&#038;single_playlist=&#038;reverse_tracklist=&#038;audio_meta_field=&#038;repeater_meta_field=&#038;import_file=&#038;rss_items=-1&#038;rss_item_title=&#038;is_favorite=&#038;is_recentlyplayed=&#038;srp_order=date_DESC\" data-sticky-player=\"\" data-shuffle=\"false\" data-playlist_title=\"\" data-scrollbar=\"\" data-wave-color=\"\" data-wave-progress-color=\"\" data-spectro=\"\" data-no-wave=\"\" data-hide-progressbar=\"\" data-notrackskip=\"\" data-no-loop-tracklist=\"\" data-playertemplate=\"skin_boxed_tracklist\" data-hide-artwork=\"1\" data-speedrate=\"1\" data-tracks-per-page=\"\" data-pagination_scroll_offset=\"\" data-adaptive-colors=\"\" data-adaptive-colors-freeze=\"\" style=\"opacity:0\"><div class=\"srp_player_boxed srp_player_grid\"><div class=\"album-player sr_waveform_mediaElement\"><div class=\"srp_player_meta\"><\/div><div class=\"srp_control_box\">\n            <div role=\"button\" class=\"srp-play-button play\" aria-label=\"Play\">\n                <i class=\"sricon-play\"><\/i>\n                <div class=\"srp-play-circle\"><\/div>\n            <\/div><div class=\"srp_wave_box\"> <div class=\"player sr_player__inline \"><div class=\"sr_progressbar\">\n                \n            <div class=\"currentTime\">00:00<\/div>\n         \n                <div id=\"arbitrary-instance-69f31b2fb7b66-cecd61d3af-wave\" class=\"wave\">\n                 \n        <div class=\"sonaar_fake_wave\" style=\"height:40px\"> \n            <audio src=\"\" class=\"sonaar_media_element\"><\/audio> \n            <div class=\"sonaar_wave_base\"> \n                <canvas id=\"sonaar_wave_base_canvas\" class=\"\" height=\"40\" width=\"2540\"><\/canvas> \n                <svg><\/svg> \n            <\/div> \n            <div class=\"sonaar_wave_cut\"> \n                <canvas id=\"sonaar_wave_cut_canvas\" class=\"\" height=\"40\" width=\"2540\"><\/canvas> \n                <svg><\/svg> \n            <\/div> \n        <\/div> \n                <\/div>\n                \n            <div class=\"totalTime\"><\/div>\n         \n             <\/div><\/div><div class=\"srp_main_control\"><div class=\"control\"><div role=\"button\" class=\"play\" style=\"opacity:0\" aria-label=\"Play\" title=\"\">\n                <i class=\"sricon-play\"><\/i>\n            <\/div><div class=\"srp_track_cta\"><\/div><\/div><\/div><\/div><\/div><\/div><\/div><div class=\"playlist sr_waveform_mediaElement\" id=\"playlist_arbitrary-instance-69f31b2fb7b66\"><div class=\"srp_tracklist\"><ul class=\"srp_list\"><li class=\"sr-playlist-item\" data-audiopath=\"https:\/\/mugi.lu\/wp-content\/uploads\/2024\/02\/4_JBG_CNA_AU_CLT_TAPE_08279_01.mp3\" data-showloading=\"1\" data-albumTitle=\"JBG4\" data-albumArt=\"\" data-releasedate=\"\" data-date=\"2024\/02\/23\" data-date-formated=\"23 f\u00e9vrier 2024\" data-show-date=\"\" data-trackTitle=\"4_JBG_CNA_AU_CLT_TAPE_08279_01\" data-artist=\"\" data-trackID=\"2108\" data-trackTime=\"7:21\" data-relatedTrack=\"\" data-post-url=\"\" data-post-id=\"2205\" data-track-pos=\"0\" data-peakFile=\"https:\/\/mugi.lu\/wp-content\/uploads\/audio_peaks\/2108.peak\" data-peakFile-allow=\"1\" data-is-preview=\"\" data-track-lyric=\"\" data-icecast_json=\"\" data-icecast_mount=\"\"><div class=\"sr-playlist-item-flex\"><span class=\"store-list\"><\/span><\/div><div class=\"srp_track_description\"><\/div><\/li><\/ul><\/div><\/div><div class=\"album-store\"><\/div><\/div>\n        var srp_player_params_69f31b2fb7b66 = {\u00ab\u00a0title\u00a0\u00bb:\u00a0\u00bb\u00a0\u00bb,\u00a0\u00bbstore_title_text\u00a0\u00bb:\u00a0\u00bb\u00a0\u00bb,\u00a0\u00bbalbums\u00a0\u00bb:\u00a0\u00bb2205&Prime;,\u00a0\u00bbhide_artwork\u00a0\u00bb:\u00a0\u00bbtrue\u00a0\u00bb,\u00a0\u00bbsticky_player\u00a0\u00bb:\u00a0\u00bb\u00a0\u00bb,\u00a0\u00bbshow_album_market\u00a0\u00bb:\u00a0\u00bb1&Prime;,\u00a0\u00bbshow_track_market\u00a0\u00bb:\u00a0\u00bb1&Prime;,\u00a0\u00bbhide_timeline\u00a0\u00bb:\u00a0\u00bb\u00a0\u00bb,\u00a0\u00bbtitletag_soundwave\u00a0\u00bb:\u00a0\u00bbdiv\u00a0\u00bb,\u00a0\u00bbtitletag_playlist\u00a0\u00bb:\u00a0\u00bbh3&Prime;,\u00a0\u00bbshow_playlist\u00a0\u00bb:\u00a0\u00bb\u00a0\u00bb,\u00a0\u00bbwave_color\u00a0\u00bb:\u00a0\u00bb\u00a0\u00bb,\u00a0\u00bbwave_progress_color\u00a0\u00bb:\u00a0\u00bb\u00a0\u00bb,\u00a0\u00bbshuffle\u00a0\u00bb:\u00a0\u00bb\u00a0\u00bb,\u00a0\u00bbreverse_tracklist\u00a0\u00bb:\u00a0\u00bb\u00a0\u00bb,\u00a0\u00bbsearchbar\u00a0\u00bb:\u00a0\u00bbfalse\u00a0\u00bb,\u00a0\u00bbtrack_desc_lenght\u00a0\u00bb:\u00a0\u00bb55&Prime;,\u00a0\u00bbstrip_html_track_desc\u00a0\u00bb:\u00a0\u00bbtrue\u00a0\u00bb,\u00a0\u00bbplayer_layout\u00a0\u00bb:\u00a0\u00bbskin_boxed_tracklist\u00a0\u00bb,\u00a0\u00bbhide_progressbar\u00a0\u00bb:\u00a0\u00bbfalse\u00a0\u00bb,\u00a0\u00bbuse_play_label\u00a0\u00bb:\u00a0\u00bbfalse\u00a0\u00bb,\u00a0\u00bbuse_play_label_with_icon\u00a0\u00bb:\u00a0\u00bbtrue\u00a0\u00bb,\u00a0\u00bborderby\u00a0\u00bb:\u00a0\u00bbdate\u00a0\u00bb,\u00a0\u00bborder\u00a0\u00bb:\u00a0\u00bbDESC\u00a0\u00bb,\u00a0\u00bbhide_album_title\u00a0\u00bb:\u00a0\u00bbtrue\u00a0\u00bb,\u00a0\u00bbhide_album_subtitle\u00a0\u00bb:\u00a0\u00bbtrue\u00a0\u00bb,\u00a0\u00bbhide_player_title\u00a0\u00bb:\u00a0\u00bbtrue\u00a0\u00bb,\u00a0\u00bbhide_track_title\u00a0\u00bb:\u00a0\u00bbtrue\u00a0\u00bb,\u00a0\u00bbshow_publish_date\u00a0\u00bb:\u00a0\u00bbfalse\u00a0\u00bb,\u00a0\u00bbshow_skip_bt\u00a0\u00bb:\u00a0\u00bbfalse\u00a0\u00bb,\u00a0\u00bbshow_volume_bt\u00a0\u00bb:\u00a0\u00bbfalse\u00a0\u00bb,\u00a0\u00bbshow_speed_bt\u00a0\u00bb:\u00a0\u00bbfalse\u00a0\u00bb,\u00a0\u00bbshow_shuffle_bt\u00a0\u00bb:\u00a0\u00bbfalse\u00a0\u00bb,\u00a0\u00bbprogressbar_inline\u00a0\u00bb:\u00a0\u00bbtrue\u00a0\u00bb,\u00a0\u00bbspectro\u00a0\u00bb:\u00a0\u00bb\u00a0\u00bb,\u00a0\u00bbinline\u00a0\u00bb:\u00a0\u00bbfalse\u00a0\u00bb,\u00a0\u00bbmain_settings\u00a0\u00bb:\u00a0\u00bb||\u00a0\u00bb} \n        var srp_player_params_args_69f31b2fb7b66 = {\u00ab\u00a0before_widget\u00a0\u00bb:\u00a0\u00bb<article id=\"arbitrary-instance-69f31b2fb7b66\" class=\"iron_widget_radio srp_player_button\">\u00ab\u00a0,\u00a0\u00bbafter_widget\u00a0\u00bb:\u00a0\u00bb\u00a0\u00bb,\u00a0\u00bbbefore_title\u00a0\u00bb:\u00a0\u00bb<span class='heading-t3'><h3 class=\"widgettitle\">\u00ab\u00a0,\u00a0\u00bbafter_title\u00a0\u00bb:\u00a0\u00bb\u00a0\u00bb,\u00a0\u00bbwidget_id\u00a0\u00bb:\u00a0\u00bbarbitrary-instance-69f31b2fb7b66&Prime;}  \n        if(typeof setIronAudioplayers !== \u00ab\u00a0undefined\u00a0\u00bb){ setIronAudioplayers(\u00ab\u00a0arbitrary-instance-69f31b2fb7b66\u00a0\u00bb); }<\/article><\/div><\/div>\n\n\n<h5 class=\"wp-block-heading\">Wolfgang Amadeus Mozart: Premier mouvement du <em>Quintette KV 452<\/em><\/h5>\n\n\n\n<p><em>Quinette Luxembourgeois<\/em><\/p>\n\n\n\n<p>Enregistement <em>Radio Luxembourg<\/em>, 25.1.1965<\/p>\n\n\n\n<p>\u00a9 CNA \/ CLT<\/p>\n<\/div>\n<\/div>\n<\/div><\/div>\n\n\n\n<div class=\"wp-block-getwid-content-slider-slide\"><div class=\"wp-block-getwid-content-slider-slide__wrapper\">\n<div class=\"wp-block-columns is-layout-flex wp-container-core-columns-is-layout-9d6595d7 wp-block-columns-is-layout-flex\">\n<div class=\"wp-block-column is-layout-flow wp-block-column-is-layout-flow\"><div id=\"sonaar_music_90\"><div class=\"sonaar_audioplayer_block_cover\"><article id=\"arbitrary-instance-69f31b2fb8895\" class=\"iron_widget_radio srp_player_button\"><div class=\"iron-audioplayer  sonaar-no-artwork playlist_has_no_ctas\" id=\"arbitrary-instance-69f31b2fb8895-c6b584a769\" data-id=\"arbitrary-instance-69f31b2fb8895\" data-track-sw-cursor=\"\" data-lazyload=\"\" data-albums=\"2206\" data-category=\"\" data-url-playlist=\"https:\/\/mugi.lu\/fr\/?load=playlist.json&#038;title=&#038;albums=2206&#038;category=&#038;posts_not_in=&#038;category_not_in=&#038;author=&#038;feed_title=&#038;feed=&#038;feed_img=&#038;el_widget_id=&#038;artwork=&#038;posts_per_pages=-1&#038;all_category=&#038;single_playlist=&#038;reverse_tracklist=&#038;audio_meta_field=&#038;repeater_meta_field=&#038;import_file=&#038;rss_items=-1&#038;rss_item_title=&#038;is_favorite=&#038;is_recentlyplayed=&#038;srp_order=date_DESC\" data-sticky-player=\"\" data-shuffle=\"false\" data-playlist_title=\"\" data-scrollbar=\"\" data-wave-color=\"\" data-wave-progress-color=\"\" data-spectro=\"\" data-no-wave=\"\" data-hide-progressbar=\"\" data-notrackskip=\"\" data-no-loop-tracklist=\"\" data-playertemplate=\"skin_boxed_tracklist\" data-hide-artwork=\"1\" data-speedrate=\"1\" data-tracks-per-page=\"\" data-pagination_scroll_offset=\"\" data-adaptive-colors=\"\" data-adaptive-colors-freeze=\"\" style=\"opacity:0\"><div class=\"srp_player_boxed srp_player_grid\"><div class=\"album-player sr_waveform_mediaElement\"><div class=\"srp_player_meta\"><\/div><div class=\"srp_control_box\">\n            <div role=\"button\" class=\"srp-play-button play\" aria-label=\"Play\">\n                <i class=\"sricon-play\"><\/i>\n                <div class=\"srp-play-circle\"><\/div>\n            <\/div><div class=\"srp_wave_box\"> <div class=\"player sr_player__inline \"><div class=\"sr_progressbar\">\n                \n            <div class=\"currentTime\">00:00<\/div>\n         \n                <div id=\"arbitrary-instance-69f31b2fb8895-066d0145f1-wave\" class=\"wave\">\n                 \n        <div class=\"sonaar_fake_wave\" style=\"height:40px\"> \n            <audio src=\"\" class=\"sonaar_media_element\"><\/audio> \n            <div class=\"sonaar_wave_base\"> \n                <canvas id=\"sonaar_wave_base_canvas\" class=\"\" height=\"40\" width=\"2540\"><\/canvas> \n                <svg><\/svg> \n            <\/div> \n            <div class=\"sonaar_wave_cut\"> \n                <canvas id=\"sonaar_wave_cut_canvas\" class=\"\" height=\"40\" width=\"2540\"><\/canvas> \n                <svg><\/svg> \n            <\/div> \n        <\/div> \n                <\/div>\n                \n            <div class=\"totalTime\"><\/div>\n         \n             <\/div><\/div><div class=\"srp_main_control\"><div class=\"control\"><div role=\"button\" class=\"play\" style=\"opacity:0\" aria-label=\"Play\" title=\"\">\n                <i class=\"sricon-play\"><\/i>\n            <\/div><div class=\"srp_track_cta\"><\/div><\/div><\/div><\/div><\/div><\/div><\/div><div class=\"playlist sr_waveform_mediaElement\" id=\"playlist_arbitrary-instance-69f31b2fb8895\"><div class=\"srp_tracklist\"><ul class=\"srp_list\"><li class=\"sr-playlist-item\" data-audiopath=\"https:\/\/mugi.lu\/wp-content\/uploads\/2024\/02\/5_JBG_CNA_AU_CLT_TAPE_09097_01.mp3\" data-showloading=\"1\" data-albumTitle=\"JBG5\" data-albumArt=\"\" data-releasedate=\"\" data-date=\"2024\/02\/23\" data-date-formated=\"23 f\u00e9vrier 2024\" data-show-date=\"\" data-trackTitle=\"5_JBG_CNA_AU_CLT_TAPE_09097_01\" data-artist=\"\" data-trackID=\"2111\" data-trackTime=\"1:59\" data-relatedTrack=\"\" data-post-url=\"\" data-post-id=\"2206\" data-track-pos=\"0\" data-peakFile=\"https:\/\/mugi.lu\/wp-content\/uploads\/audio_peaks\/2111.peak\" data-peakFile-allow=\"1\" data-is-preview=\"\" data-track-lyric=\"\" data-icecast_json=\"\" data-icecast_mount=\"\"><div class=\"sr-playlist-item-flex\"><span class=\"store-list\"><\/span><\/div><div class=\"srp_track_description\"><\/div><\/li><\/ul><\/div><\/div><div class=\"album-store\"><\/div><\/div>\n        var srp_player_params_69f31b2fb8895 = {\u00ab\u00a0title\u00a0\u00bb:\u00a0\u00bb\u00a0\u00bb,\u00a0\u00bbstore_title_text\u00a0\u00bb:\u00a0\u00bb\u00a0\u00bb,\u00a0\u00bbalbums\u00a0\u00bb:\u00a0\u00bb2206&Prime;,\u00a0\u00bbhide_artwork\u00a0\u00bb:\u00a0\u00bbtrue\u00a0\u00bb,\u00a0\u00bbsticky_player\u00a0\u00bb:\u00a0\u00bb\u00a0\u00bb,\u00a0\u00bbshow_album_market\u00a0\u00bb:\u00a0\u00bb1&Prime;,\u00a0\u00bbshow_track_market\u00a0\u00bb:\u00a0\u00bb1&Prime;,\u00a0\u00bbhide_timeline\u00a0\u00bb:\u00a0\u00bb\u00a0\u00bb,\u00a0\u00bbtitletag_soundwave\u00a0\u00bb:\u00a0\u00bbdiv\u00a0\u00bb,\u00a0\u00bbtitletag_playlist\u00a0\u00bb:\u00a0\u00bbh3&Prime;,\u00a0\u00bbshow_playlist\u00a0\u00bb:\u00a0\u00bb\u00a0\u00bb,\u00a0\u00bbwave_color\u00a0\u00bb:\u00a0\u00bb\u00a0\u00bb,\u00a0\u00bbwave_progress_color\u00a0\u00bb:\u00a0\u00bb\u00a0\u00bb,\u00a0\u00bbshuffle\u00a0\u00bb:\u00a0\u00bb\u00a0\u00bb,\u00a0\u00bbreverse_tracklist\u00a0\u00bb:\u00a0\u00bb\u00a0\u00bb,\u00a0\u00bbsearchbar\u00a0\u00bb:\u00a0\u00bbfalse\u00a0\u00bb,\u00a0\u00bbtrack_desc_lenght\u00a0\u00bb:\u00a0\u00bb55&Prime;,\u00a0\u00bbstrip_html_track_desc\u00a0\u00bb:\u00a0\u00bbtrue\u00a0\u00bb,\u00a0\u00bbplayer_layout\u00a0\u00bb:\u00a0\u00bbskin_boxed_tracklist\u00a0\u00bb,\u00a0\u00bbhide_progressbar\u00a0\u00bb:\u00a0\u00bbfalse\u00a0\u00bb,\u00a0\u00bbuse_play_label\u00a0\u00bb:\u00a0\u00bbfalse\u00a0\u00bb,\u00a0\u00bbuse_play_label_with_icon\u00a0\u00bb:\u00a0\u00bbtrue\u00a0\u00bb,\u00a0\u00bborderby\u00a0\u00bb:\u00a0\u00bbdate\u00a0\u00bb,\u00a0\u00bborder\u00a0\u00bb:\u00a0\u00bbDESC\u00a0\u00bb,\u00a0\u00bbhide_album_title\u00a0\u00bb:\u00a0\u00bbtrue\u00a0\u00bb,\u00a0\u00bbhide_album_subtitle\u00a0\u00bb:\u00a0\u00bbtrue\u00a0\u00bb,\u00a0\u00bbhide_player_title\u00a0\u00bb:\u00a0\u00bbtrue\u00a0\u00bb,\u00a0\u00bbhide_track_title\u00a0\u00bb:\u00a0\u00bbtrue\u00a0\u00bb,\u00a0\u00bbshow_publish_date\u00a0\u00bb:\u00a0\u00bbfalse\u00a0\u00bb,\u00a0\u00bbshow_skip_bt\u00a0\u00bb:\u00a0\u00bbfalse\u00a0\u00bb,\u00a0\u00bbshow_volume_bt\u00a0\u00bb:\u00a0\u00bbfalse\u00a0\u00bb,\u00a0\u00bbshow_speed_bt\u00a0\u00bb:\u00a0\u00bbfalse\u00a0\u00bb,\u00a0\u00bbshow_shuffle_bt\u00a0\u00bb:\u00a0\u00bbfalse\u00a0\u00bb,\u00a0\u00bbprogressbar_inline\u00a0\u00bb:\u00a0\u00bbtrue\u00a0\u00bb,\u00a0\u00bbspectro\u00a0\u00bb:\u00a0\u00bb\u00a0\u00bb,\u00a0\u00bbinline\u00a0\u00bb:\u00a0\u00bbfalse\u00a0\u00bb,\u00a0\u00bbmain_settings\u00a0\u00bb:\u00a0\u00bb||\u00a0\u00bb} \n        var srp_player_params_args_69f31b2fb8895 = {\u00ab\u00a0before_widget\u00a0\u00bb:\u00a0\u00bb<article id=\"arbitrary-instance-69f31b2fb8895\" class=\"iron_widget_radio srp_player_button\">\u00ab\u00a0,\u00a0\u00bbafter_widget\u00a0\u00bb:\u00a0\u00bb\u00a0\u00bb,\u00a0\u00bbbefore_title\u00a0\u00bb:\u00a0\u00bb<span class='heading-t3'><h3 class=\"widgettitle\">\u00ab\u00a0,\u00a0\u00bbafter_title\u00a0\u00bb:\u00a0\u00bb\u00a0\u00bb,\u00a0\u00bbwidget_id\u00a0\u00bb:\u00a0\u00bbarbitrary-instance-69f31b2fb8895&Prime;}  \n        if(typeof setIronAudioplayers !== \u00ab\u00a0undefined\u00a0\u00bb){ setIronAudioplayers(\u00ab\u00a0arbitrary-instance-69f31b2fb8895\u00a0\u00bb); }<\/article><\/div><\/div>\n\n\n<h5 class=\"wp-block-heading\">Franz Schubert: <em>Die Forelle<\/em>, texte de Christian Friedrich Daniel Schubart<\/h5>\n\n\n\n<p>Sylvie Orazi (soprano), Jeannette Giampellegrini (piano)<\/p>\n\n\n\n<p>Enregistrement <em>Radio Luxembourg<\/em>, 22.3.1965<\/p>\n\n\n\n<p>\u00a9 CNA \/ CLT<\/p>\n<\/div>\n\n\n\n<div class=\"wp-block-column is-layout-flow wp-block-column-is-layout-flow\"><div id=\"sonaar_music_37\"><div class=\"sonaar_audioplayer_block_cover\"><article id=\"arbitrary-instance-69f31b2fb9660\" class=\"iron_widget_radio srp_player_button\"><div class=\"iron-audioplayer  sonaar-no-artwork playlist_has_no_ctas\" id=\"arbitrary-instance-69f31b2fb9660-6e4b710675\" data-id=\"arbitrary-instance-69f31b2fb9660\" data-track-sw-cursor=\"\" data-lazyload=\"\" data-albums=\"2207\" data-category=\"\" data-url-playlist=\"https:\/\/mugi.lu\/fr\/?load=playlist.json&#038;title=&#038;albums=2207&#038;category=&#038;posts_not_in=&#038;category_not_in=&#038;author=&#038;feed_title=&#038;feed=&#038;feed_img=&#038;el_widget_id=&#038;artwork=&#038;posts_per_pages=-1&#038;all_category=&#038;single_playlist=&#038;reverse_tracklist=&#038;audio_meta_field=&#038;repeater_meta_field=&#038;import_file=&#038;rss_items=-1&#038;rss_item_title=&#038;is_favorite=&#038;is_recentlyplayed=&#038;srp_order=date_DESC\" data-sticky-player=\"\" data-shuffle=\"false\" data-playlist_title=\"\" data-scrollbar=\"\" data-wave-color=\"\" data-wave-progress-color=\"\" data-spectro=\"\" data-no-wave=\"\" data-hide-progressbar=\"\" data-notrackskip=\"\" data-no-loop-tracklist=\"\" data-playertemplate=\"skin_boxed_tracklist\" data-hide-artwork=\"1\" data-speedrate=\"1\" data-tracks-per-page=\"\" data-pagination_scroll_offset=\"\" data-adaptive-colors=\"\" data-adaptive-colors-freeze=\"\" style=\"opacity:0\"><div class=\"srp_player_boxed srp_player_grid\"><div class=\"album-player sr_waveform_mediaElement\"><div class=\"srp_player_meta\"><\/div><div class=\"srp_control_box\">\n            <div role=\"button\" class=\"srp-play-button play\" aria-label=\"Play\">\n                <i class=\"sricon-play\"><\/i>\n                <div class=\"srp-play-circle\"><\/div>\n            <\/div><div class=\"srp_wave_box\"> <div class=\"player sr_player__inline \"><div class=\"sr_progressbar\">\n                \n            <div class=\"currentTime\">00:00<\/div>\n         \n                <div id=\"arbitrary-instance-69f31b2fb9660-cdc1b81da8-wave\" class=\"wave\">\n                 \n        <div class=\"sonaar_fake_wave\" style=\"height:40px\"> \n            <audio src=\"\" class=\"sonaar_media_element\"><\/audio> \n            <div class=\"sonaar_wave_base\"> \n                <canvas id=\"sonaar_wave_base_canvas\" class=\"\" height=\"40\" width=\"2540\"><\/canvas> \n                <svg><\/svg> \n            <\/div> \n            <div class=\"sonaar_wave_cut\"> \n                <canvas id=\"sonaar_wave_cut_canvas\" class=\"\" height=\"40\" width=\"2540\"><\/canvas> \n                <svg><\/svg> \n            <\/div> \n        <\/div> \n                <\/div>\n                \n            <div class=\"totalTime\"><\/div>\n         \n             <\/div><\/div><div class=\"srp_main_control\"><div class=\"control\"><div role=\"button\" class=\"play\" style=\"opacity:0\" aria-label=\"Play\" title=\"\">\n                <i class=\"sricon-play\"><\/i>\n            <\/div><div class=\"srp_track_cta\"><\/div><\/div><\/div><\/div><\/div><\/div><\/div><div class=\"playlist sr_waveform_mediaElement\" id=\"playlist_arbitrary-instance-69f31b2fb9660\"><div class=\"srp_tracklist\"><ul class=\"srp_list\"><li class=\"sr-playlist-item\" data-audiopath=\"https:\/\/mugi.lu\/wp-content\/uploads\/2024\/02\/6_JBG_CNA_AU_CLT_TAPE_07698_01.mp3\" data-showloading=\"1\" data-albumTitle=\"JBG6\" data-albumArt=\"\" data-releasedate=\"\" data-date=\"2024\/02\/23\" data-date-formated=\"23 f\u00e9vrier 2024\" data-show-date=\"\" data-trackTitle=\"6_JBG_CNA_AU_CLT_TAPE_07698_01\" data-artist=\"\" data-trackID=\"2114\" data-trackTime=\"3:56\" data-relatedTrack=\"\" data-post-url=\"\" data-post-id=\"2207\" data-track-pos=\"0\" data-peakFile=\"https:\/\/mugi.lu\/wp-content\/uploads\/audio_peaks\/2114.peak\" data-peakFile-allow=\"1\" data-is-preview=\"\" data-track-lyric=\"\" data-icecast_json=\"\" data-icecast_mount=\"\"><div class=\"sr-playlist-item-flex\"><span class=\"store-list\"><\/span><\/div><div class=\"srp_track_description\"><\/div><\/li><\/ul><\/div><\/div><div class=\"album-store\"><\/div><\/div>\n        var srp_player_params_69f31b2fb9660 = {\u00ab\u00a0title\u00a0\u00bb:\u00a0\u00bb\u00a0\u00bb,\u00a0\u00bbstore_title_text\u00a0\u00bb:\u00a0\u00bb\u00a0\u00bb,\u00a0\u00bbalbums\u00a0\u00bb:\u00a0\u00bb2207&Prime;,\u00a0\u00bbhide_artwork\u00a0\u00bb:\u00a0\u00bbtrue\u00a0\u00bb,\u00a0\u00bbsticky_player\u00a0\u00bb:\u00a0\u00bb\u00a0\u00bb,\u00a0\u00bbshow_album_market\u00a0\u00bb:\u00a0\u00bb1&Prime;,\u00a0\u00bbshow_track_market\u00a0\u00bb:\u00a0\u00bb1&Prime;,\u00a0\u00bbhide_timeline\u00a0\u00bb:\u00a0\u00bb\u00a0\u00bb,\u00a0\u00bbtitletag_soundwave\u00a0\u00bb:\u00a0\u00bbdiv\u00a0\u00bb,\u00a0\u00bbtitletag_playlist\u00a0\u00bb:\u00a0\u00bbh3&Prime;,\u00a0\u00bbshow_playlist\u00a0\u00bb:\u00a0\u00bb\u00a0\u00bb,\u00a0\u00bbwave_color\u00a0\u00bb:\u00a0\u00bb\u00a0\u00bb,\u00a0\u00bbwave_progress_color\u00a0\u00bb:\u00a0\u00bb\u00a0\u00bb,\u00a0\u00bbshuffle\u00a0\u00bb:\u00a0\u00bb\u00a0\u00bb,\u00a0\u00bbreverse_tracklist\u00a0\u00bb:\u00a0\u00bb\u00a0\u00bb,\u00a0\u00bbsearchbar\u00a0\u00bb:\u00a0\u00bbfalse\u00a0\u00bb,\u00a0\u00bbtrack_desc_lenght\u00a0\u00bb:\u00a0\u00bb55&Prime;,\u00a0\u00bbstrip_html_track_desc\u00a0\u00bb:\u00a0\u00bbtrue\u00a0\u00bb,\u00a0\u00bbplayer_layout\u00a0\u00bb:\u00a0\u00bbskin_boxed_tracklist\u00a0\u00bb,\u00a0\u00bbhide_progressbar\u00a0\u00bb:\u00a0\u00bbfalse\u00a0\u00bb,\u00a0\u00bbuse_play_label\u00a0\u00bb:\u00a0\u00bbfalse\u00a0\u00bb,\u00a0\u00bbuse_play_label_with_icon\u00a0\u00bb:\u00a0\u00bbtrue\u00a0\u00bb,\u00a0\u00bborderby\u00a0\u00bb:\u00a0\u00bbdate\u00a0\u00bb,\u00a0\u00bborder\u00a0\u00bb:\u00a0\u00bbDESC\u00a0\u00bb,\u00a0\u00bbhide_album_title\u00a0\u00bb:\u00a0\u00bbtrue\u00a0\u00bb,\u00a0\u00bbhide_album_subtitle\u00a0\u00bb:\u00a0\u00bbtrue\u00a0\u00bb,\u00a0\u00bbhide_player_title\u00a0\u00bb:\u00a0\u00bbtrue\u00a0\u00bb,\u00a0\u00bbhide_track_title\u00a0\u00bb:\u00a0\u00bbtrue\u00a0\u00bb,\u00a0\u00bbshow_publish_date\u00a0\u00bb:\u00a0\u00bbfalse\u00a0\u00bb,\u00a0\u00bbshow_skip_bt\u00a0\u00bb:\u00a0\u00bbfalse\u00a0\u00bb,\u00a0\u00bbshow_volume_bt\u00a0\u00bb:\u00a0\u00bbfalse\u00a0\u00bb,\u00a0\u00bbshow_speed_bt\u00a0\u00bb:\u00a0\u00bbfalse\u00a0\u00bb,\u00a0\u00bbshow_shuffle_bt\u00a0\u00bb:\u00a0\u00bbfalse\u00a0\u00bb,\u00a0\u00bbprogressbar_inline\u00a0\u00bb:\u00a0\u00bbtrue\u00a0\u00bb,\u00a0\u00bbspectro\u00a0\u00bb:\u00a0\u00bb\u00a0\u00bb,\u00a0\u00bbinline\u00a0\u00bb:\u00a0\u00bbfalse\u00a0\u00bb,\u00a0\u00bbmain_settings\u00a0\u00bb:\u00a0\u00bb||\u00a0\u00bb} \n        var srp_player_params_args_69f31b2fb9660 = {\u00ab\u00a0before_widget\u00a0\u00bb:\u00a0\u00bb<article id=\"arbitrary-instance-69f31b2fb9660\" class=\"iron_widget_radio srp_player_button\">\u00ab\u00a0,\u00a0\u00bbafter_widget\u00a0\u00bb:\u00a0\u00bb\u00a0\u00bb,\u00a0\u00bbbefore_title\u00a0\u00bb:\u00a0\u00bb<span class='heading-t3'><h3 class=\"widgettitle\">\u00ab\u00a0,\u00a0\u00bbafter_title\u00a0\u00bb:\u00a0\u00bb\u00a0\u00bb,\u00a0\u00bbwidget_id\u00a0\u00bb:\u00a0\u00bbarbitrary-instance-69f31b2fb9660&Prime;}  \n        if(typeof setIronAudioplayers !== \u00ab\u00a0undefined\u00a0\u00bb){ setIronAudioplayers(\u00ab\u00a0arbitrary-instance-69f31b2fb9660\u00a0\u00bb); }<\/article><\/div><\/div>\n\n\n<h5 class=\"wp-block-heading\">Claus Krumlovsky: <em>Sonate pour hautbois et piano<\/em><\/h5>\n\n\n\n<p>Norbert Mattern (hautbois), Jeannette Braun-Giampellegrini (piano)<\/p>\n\n\n\n<p>Enregistrement <em>Radio Luxembourg<\/em>, 14.3.1969<\/p>\n\n\n\n<p>\u00a9 CNA \/ CLT<\/p>\n<\/div>\n<\/div>\n<\/div><\/div>\n\n\n\n<div class=\"wp-block-getwid-content-slider-slide\"><div class=\"wp-block-getwid-content-slider-slide__wrapper\">\n<div class=\"wp-block-columns is-layout-flex wp-container-core-columns-is-layout-9d6595d7 wp-block-columns-is-layout-flex\">\n<div class=\"wp-block-column is-layout-flow wp-block-column-is-layout-flow\"><div id=\"sonaar_music_27\"><div class=\"sonaar_audioplayer_block_cover\"><article id=\"arbitrary-instance-69f31b2fba428\" class=\"iron_widget_radio srp_player_button\"><div class=\"iron-audioplayer  sonaar-no-artwork playlist_has_no_ctas\" id=\"arbitrary-instance-69f31b2fba428-6ae0616488\" data-id=\"arbitrary-instance-69f31b2fba428\" data-track-sw-cursor=\"\" data-lazyload=\"\" data-albums=\"2208\" data-category=\"\" data-url-playlist=\"https:\/\/mugi.lu\/fr\/?load=playlist.json&#038;title=&#038;albums=2208&#038;category=&#038;posts_not_in=&#038;category_not_in=&#038;author=&#038;feed_title=&#038;feed=&#038;feed_img=&#038;el_widget_id=&#038;artwork=&#038;posts_per_pages=-1&#038;all_category=&#038;single_playlist=&#038;reverse_tracklist=&#038;audio_meta_field=&#038;repeater_meta_field=&#038;import_file=&#038;rss_items=-1&#038;rss_item_title=&#038;is_favorite=&#038;is_recentlyplayed=&#038;srp_order=date_DESC\" data-sticky-player=\"\" data-shuffle=\"false\" data-playlist_title=\"\" data-scrollbar=\"\" data-wave-color=\"\" data-wave-progress-color=\"\" data-spectro=\"\" data-no-wave=\"\" data-hide-progressbar=\"\" data-notrackskip=\"\" data-no-loop-tracklist=\"\" data-playertemplate=\"skin_boxed_tracklist\" data-hide-artwork=\"1\" data-speedrate=\"1\" data-tracks-per-page=\"\" data-pagination_scroll_offset=\"\" data-adaptive-colors=\"\" data-adaptive-colors-freeze=\"\" style=\"opacity:0\"><div class=\"srp_player_boxed srp_player_grid\"><div class=\"album-player sr_waveform_mediaElement\"><div class=\"srp_player_meta\"><\/div><div class=\"srp_control_box\">\n            <div role=\"button\" class=\"srp-play-button play\" aria-label=\"Play\">\n                <i class=\"sricon-play\"><\/i>\n                <div class=\"srp-play-circle\"><\/div>\n            <\/div><div class=\"srp_wave_box\"> <div class=\"player sr_player__inline \"><div class=\"sr_progressbar\">\n                \n            <div class=\"currentTime\">00:00<\/div>\n         \n                <div id=\"arbitrary-instance-69f31b2fba428-04756f782c-wave\" class=\"wave\">\n                 \n        <div class=\"sonaar_fake_wave\" style=\"height:40px\"> \n            <audio src=\"\" class=\"sonaar_media_element\"><\/audio> \n            <div class=\"sonaar_wave_base\"> \n                <canvas id=\"sonaar_wave_base_canvas\" class=\"\" height=\"40\" width=\"2540\"><\/canvas> \n                <svg><\/svg> \n            <\/div> \n            <div class=\"sonaar_wave_cut\"> \n                <canvas id=\"sonaar_wave_cut_canvas\" class=\"\" height=\"40\" width=\"2540\"><\/canvas> \n                <svg><\/svg> \n            <\/div> \n        <\/div> \n                <\/div>\n                \n            <div class=\"totalTime\"><\/div>\n         \n             <\/div><\/div><div class=\"srp_main_control\"><div class=\"control\"><div role=\"button\" class=\"play\" style=\"opacity:0\" aria-label=\"Play\" title=\"\">\n                <i class=\"sricon-play\"><\/i>\n            <\/div><div class=\"srp_track_cta\"><\/div><\/div><\/div><\/div><\/div><\/div><\/div><div class=\"playlist sr_waveform_mediaElement\" id=\"playlist_arbitrary-instance-69f31b2fba428\"><div class=\"srp_tracklist\"><ul class=\"srp_list\"><li class=\"sr-playlist-item\" data-audiopath=\"https:\/\/mugi.lu\/wp-content\/uploads\/2024\/02\/7_JBG_CNA_AU_CLT_TAPE_09389_01.mp3\" data-showloading=\"1\" data-albumTitle=\"JBG7\" data-albumArt=\"\" data-releasedate=\"\" data-date=\"2024\/02\/23\" data-date-formated=\"23 f\u00e9vrier 2024\" data-show-date=\"\" data-trackTitle=\"7_JBG_CNA_AU_CLT_TAPE_09389_01\" data-artist=\"\" data-trackID=\"2117\" data-trackTime=\"2:42\" data-relatedTrack=\"\" data-post-url=\"\" data-post-id=\"2208\" data-track-pos=\"0\" data-peakFile=\"https:\/\/mugi.lu\/wp-content\/uploads\/audio_peaks\/2117.peak\" data-peakFile-allow=\"1\" data-is-preview=\"\" data-track-lyric=\"\" data-icecast_json=\"\" data-icecast_mount=\"\"><div class=\"sr-playlist-item-flex\"><span class=\"store-list\"><\/span><\/div><div class=\"srp_track_description\"><\/div><\/li><\/ul><\/div><\/div><div class=\"album-store\"><\/div><\/div>\n        var srp_player_params_69f31b2fba428 = {\u00ab\u00a0title\u00a0\u00bb:\u00a0\u00bb\u00a0\u00bb,\u00a0\u00bbstore_title_text\u00a0\u00bb:\u00a0\u00bb\u00a0\u00bb,\u00a0\u00bbalbums\u00a0\u00bb:\u00a0\u00bb2208&Prime;,\u00a0\u00bbhide_artwork\u00a0\u00bb:\u00a0\u00bbtrue\u00a0\u00bb,\u00a0\u00bbsticky_player\u00a0\u00bb:\u00a0\u00bb\u00a0\u00bb,\u00a0\u00bbshow_album_market\u00a0\u00bb:\u00a0\u00bb1&Prime;,\u00a0\u00bbshow_track_market\u00a0\u00bb:\u00a0\u00bb1&Prime;,\u00a0\u00bbhide_timeline\u00a0\u00bb:\u00a0\u00bb\u00a0\u00bb,\u00a0\u00bbtitletag_soundwave\u00a0\u00bb:\u00a0\u00bbdiv\u00a0\u00bb,\u00a0\u00bbtitletag_playlist\u00a0\u00bb:\u00a0\u00bbh3&Prime;,\u00a0\u00bbshow_playlist\u00a0\u00bb:\u00a0\u00bb\u00a0\u00bb,\u00a0\u00bbwave_color\u00a0\u00bb:\u00a0\u00bb\u00a0\u00bb,\u00a0\u00bbwave_progress_color\u00a0\u00bb:\u00a0\u00bb\u00a0\u00bb,\u00a0\u00bbshuffle\u00a0\u00bb:\u00a0\u00bb\u00a0\u00bb,\u00a0\u00bbreverse_tracklist\u00a0\u00bb:\u00a0\u00bb\u00a0\u00bb,\u00a0\u00bbsearchbar\u00a0\u00bb:\u00a0\u00bbfalse\u00a0\u00bb,\u00a0\u00bbtrack_desc_lenght\u00a0\u00bb:\u00a0\u00bb55&Prime;,\u00a0\u00bbstrip_html_track_desc\u00a0\u00bb:\u00a0\u00bbtrue\u00a0\u00bb,\u00a0\u00bbplayer_layout\u00a0\u00bb:\u00a0\u00bbskin_boxed_tracklist\u00a0\u00bb,\u00a0\u00bbhide_progressbar\u00a0\u00bb:\u00a0\u00bbfalse\u00a0\u00bb,\u00a0\u00bbuse_play_label\u00a0\u00bb:\u00a0\u00bbfalse\u00a0\u00bb,\u00a0\u00bbuse_play_label_with_icon\u00a0\u00bb:\u00a0\u00bbtrue\u00a0\u00bb,\u00a0\u00bborderby\u00a0\u00bb:\u00a0\u00bbdate\u00a0\u00bb,\u00a0\u00bborder\u00a0\u00bb:\u00a0\u00bbDESC\u00a0\u00bb,\u00a0\u00bbhide_album_title\u00a0\u00bb:\u00a0\u00bbtrue\u00a0\u00bb,\u00a0\u00bbhide_album_subtitle\u00a0\u00bb:\u00a0\u00bbtrue\u00a0\u00bb,\u00a0\u00bbhide_player_title\u00a0\u00bb:\u00a0\u00bbtrue\u00a0\u00bb,\u00a0\u00bbhide_track_title\u00a0\u00bb:\u00a0\u00bbtrue\u00a0\u00bb,\u00a0\u00bbshow_publish_date\u00a0\u00bb:\u00a0\u00bbfalse\u00a0\u00bb,\u00a0\u00bbshow_skip_bt\u00a0\u00bb:\u00a0\u00bbfalse\u00a0\u00bb,\u00a0\u00bbshow_volume_bt\u00a0\u00bb:\u00a0\u00bbfalse\u00a0\u00bb,\u00a0\u00bbshow_speed_bt\u00a0\u00bb:\u00a0\u00bbfalse\u00a0\u00bb,\u00a0\u00bbshow_shuffle_bt\u00a0\u00bb:\u00a0\u00bbfalse\u00a0\u00bb,\u00a0\u00bbprogressbar_inline\u00a0\u00bb:\u00a0\u00bbtrue\u00a0\u00bb,\u00a0\u00bbspectro\u00a0\u00bb:\u00a0\u00bb\u00a0\u00bb,\u00a0\u00bbinline\u00a0\u00bb:\u00a0\u00bbfalse\u00a0\u00bb,\u00a0\u00bbmain_settings\u00a0\u00bb:\u00a0\u00bb||\u00a0\u00bb} \n        var srp_player_params_args_69f31b2fba428 = {\u00ab\u00a0before_widget\u00a0\u00bb:\u00a0\u00bb<article id=\"arbitrary-instance-69f31b2fba428\" class=\"iron_widget_radio srp_player_button\">\u00ab\u00a0,\u00a0\u00bbafter_widget\u00a0\u00bb:\u00a0\u00bb\u00a0\u00bb,\u00a0\u00bbbefore_title\u00a0\u00bb:\u00a0\u00bb<span class='heading-t3'><h3 class=\"widgettitle\">\u00ab\u00a0,\u00a0\u00bbafter_title\u00a0\u00bb:\u00a0\u00bb\u00a0\u00bb,\u00a0\u00bbwidget_id\u00a0\u00bb:\u00a0\u00bbarbitrary-instance-69f31b2fba428&Prime;}  \n        if(typeof setIronAudioplayers !== \u00ab\u00a0undefined\u00a0\u00bb){ setIronAudioplayers(\u00ab\u00a0arbitrary-instance-69f31b2fba428\u00a0\u00bb); }<\/article><\/div><\/div>\n\n\n<h5 class=\"wp-block-heading\">Henri Pensis: <em>Idylle<\/em>, Text von Carlo Zimmer<\/h5>\n\n\n\n<p>Venant Arend (t\u00e9nor), Jeannette Braun-Giampellegrini (piano)<\/p>\n\n\n\n<p>Enregistrement <em>Radio Luxembourg<\/em>, 29.1.1971<\/p>\n\n\n\n<p>\u00a9 CNA \/ CLT<\/p>\n<\/div>\n\n\n\n<div class=\"wp-block-column is-layout-flow wp-block-column-is-layout-flow\"><div id=\"sonaar_music_73\"><div class=\"sonaar_audioplayer_block_cover\"><article id=\"arbitrary-instance-69f31b2fbaf74\" class=\"iron_widget_radio srp_player_button\"><div class=\"iron-audioplayer  sonaar-no-artwork playlist_has_no_ctas\" id=\"arbitrary-instance-69f31b2fbaf74-916a58097b\" data-id=\"arbitrary-instance-69f31b2fbaf74\" data-track-sw-cursor=\"\" data-lazyload=\"\" data-albums=\"2209\" data-category=\"\" data-url-playlist=\"https:\/\/mugi.lu\/fr\/?load=playlist.json&#038;title=&#038;albums=2209&#038;category=&#038;posts_not_in=&#038;category_not_in=&#038;author=&#038;feed_title=&#038;feed=&#038;feed_img=&#038;el_widget_id=&#038;artwork=&#038;posts_per_pages=-1&#038;all_category=&#038;single_playlist=&#038;reverse_tracklist=&#038;audio_meta_field=&#038;repeater_meta_field=&#038;import_file=&#038;rss_items=-1&#038;rss_item_title=&#038;is_favorite=&#038;is_recentlyplayed=&#038;srp_order=date_DESC\" data-sticky-player=\"\" data-shuffle=\"false\" data-playlist_title=\"\" data-scrollbar=\"\" data-wave-color=\"\" data-wave-progress-color=\"\" data-spectro=\"\" data-no-wave=\"\" data-hide-progressbar=\"\" data-notrackskip=\"\" data-no-loop-tracklist=\"\" data-playertemplate=\"skin_boxed_tracklist\" data-hide-artwork=\"1\" data-speedrate=\"1\" data-tracks-per-page=\"\" data-pagination_scroll_offset=\"\" data-adaptive-colors=\"\" data-adaptive-colors-freeze=\"\" style=\"opacity:0\"><div class=\"srp_player_boxed srp_player_grid\"><div class=\"album-player sr_waveform_mediaElement\"><div class=\"srp_player_meta\"><\/div><div class=\"srp_control_box\">\n            <div role=\"button\" class=\"srp-play-button play\" aria-label=\"Play\">\n                <i class=\"sricon-play\"><\/i>\n                <div class=\"srp-play-circle\"><\/div>\n            <\/div><div class=\"srp_wave_box\"> <div class=\"player sr_player__inline \"><div class=\"sr_progressbar\">\n                \n            <div class=\"currentTime\">00:00<\/div>\n         \n                <div id=\"arbitrary-instance-69f31b2fbaf74-78333b37ad-wave\" class=\"wave\">\n                 \n        <div class=\"sonaar_fake_wave\" style=\"height:40px\"> \n            <audio src=\"\" class=\"sonaar_media_element\"><\/audio> \n            <div class=\"sonaar_wave_base\"> \n                <canvas id=\"sonaar_wave_base_canvas\" class=\"\" height=\"40\" width=\"2540\"><\/canvas> \n                <svg><\/svg> \n            <\/div> \n            <div class=\"sonaar_wave_cut\"> \n                <canvas id=\"sonaar_wave_cut_canvas\" class=\"\" height=\"40\" width=\"2540\"><\/canvas> \n                <svg><\/svg> \n            <\/div> \n        <\/div> \n                <\/div>\n                \n            <div class=\"totalTime\"><\/div>\n         \n             <\/div><\/div><div class=\"srp_main_control\"><div class=\"control\"><div role=\"button\" class=\"play\" style=\"opacity:0\" aria-label=\"Play\" title=\"\">\n                <i class=\"sricon-play\"><\/i>\n            <\/div><div class=\"srp_track_cta\"><\/div><\/div><\/div><\/div><\/div><\/div><\/div><div class=\"playlist sr_waveform_mediaElement\" id=\"playlist_arbitrary-instance-69f31b2fbaf74\"><div class=\"srp_tracklist\"><ul class=\"srp_list\"><li class=\"sr-playlist-item\" data-audiopath=\"https:\/\/mugi.lu\/wp-content\/uploads\/2024\/02\/8_JBG_CNA_AU_CLT_TAPE_14036_01.mp3\" data-showloading=\"1\" data-albumTitle=\"JBG8\" data-albumArt=\"\" data-releasedate=\"\" data-date=\"2024\/02\/23\" data-date-formated=\"23 f\u00e9vrier 2024\" data-show-date=\"\" data-trackTitle=\"8_JBG_CNA_AU_CLT_TAPE_14036_01\" data-artist=\"\" data-trackID=\"2120\" data-trackTime=\"2:17\" data-relatedTrack=\"\" data-post-url=\"\" data-post-id=\"2209\" data-track-pos=\"0\" data-peakFile=\"https:\/\/mugi.lu\/wp-content\/uploads\/audio_peaks\/2120.peak\" data-peakFile-allow=\"1\" data-is-preview=\"\" data-track-lyric=\"\" data-icecast_json=\"\" data-icecast_mount=\"\"><div class=\"sr-playlist-item-flex\"><span class=\"store-list\"><\/span><\/div><div class=\"srp_track_description\"><\/div><\/li><\/ul><\/div><\/div><div class=\"album-store\"><\/div><\/div>\n        var srp_player_params_69f31b2fbaf74 = {\u00ab\u00a0title\u00a0\u00bb:\u00a0\u00bb\u00a0\u00bb,\u00a0\u00bbstore_title_text\u00a0\u00bb:\u00a0\u00bb\u00a0\u00bb,\u00a0\u00bbalbums\u00a0\u00bb:\u00a0\u00bb2209&Prime;,\u00a0\u00bbhide_artwork\u00a0\u00bb:\u00a0\u00bbtrue\u00a0\u00bb,\u00a0\u00bbsticky_player\u00a0\u00bb:\u00a0\u00bb\u00a0\u00bb,\u00a0\u00bbshow_album_market\u00a0\u00bb:\u00a0\u00bb1&Prime;,\u00a0\u00bbshow_track_market\u00a0\u00bb:\u00a0\u00bb1&Prime;,\u00a0\u00bbhide_timeline\u00a0\u00bb:\u00a0\u00bb\u00a0\u00bb,\u00a0\u00bbtitletag_soundwave\u00a0\u00bb:\u00a0\u00bbdiv\u00a0\u00bb,\u00a0\u00bbtitletag_playlist\u00a0\u00bb:\u00a0\u00bbh3&Prime;,\u00a0\u00bbshow_playlist\u00a0\u00bb:\u00a0\u00bb\u00a0\u00bb,\u00a0\u00bbwave_color\u00a0\u00bb:\u00a0\u00bb\u00a0\u00bb,\u00a0\u00bbwave_progress_color\u00a0\u00bb:\u00a0\u00bb\u00a0\u00bb,\u00a0\u00bbshuffle\u00a0\u00bb:\u00a0\u00bb\u00a0\u00bb,\u00a0\u00bbreverse_tracklist\u00a0\u00bb:\u00a0\u00bb\u00a0\u00bb,\u00a0\u00bbsearchbar\u00a0\u00bb:\u00a0\u00bbfalse\u00a0\u00bb,\u00a0\u00bbtrack_desc_lenght\u00a0\u00bb:\u00a0\u00bb55&Prime;,\u00a0\u00bbstrip_html_track_desc\u00a0\u00bb:\u00a0\u00bbtrue\u00a0\u00bb,\u00a0\u00bbplayer_layout\u00a0\u00bb:\u00a0\u00bbskin_boxed_tracklist\u00a0\u00bb,\u00a0\u00bbhide_progressbar\u00a0\u00bb:\u00a0\u00bbfalse\u00a0\u00bb,\u00a0\u00bbuse_play_label\u00a0\u00bb:\u00a0\u00bbfalse\u00a0\u00bb,\u00a0\u00bbuse_play_label_with_icon\u00a0\u00bb:\u00a0\u00bbtrue\u00a0\u00bb,\u00a0\u00bborderby\u00a0\u00bb:\u00a0\u00bbdate\u00a0\u00bb,\u00a0\u00bborder\u00a0\u00bb:\u00a0\u00bbDESC\u00a0\u00bb,\u00a0\u00bbhide_album_title\u00a0\u00bb:\u00a0\u00bbtrue\u00a0\u00bb,\u00a0\u00bbhide_album_subtitle\u00a0\u00bb:\u00a0\u00bbtrue\u00a0\u00bb,\u00a0\u00bbhide_player_title\u00a0\u00bb:\u00a0\u00bbtrue\u00a0\u00bb,\u00a0\u00bbhide_track_title\u00a0\u00bb:\u00a0\u00bbtrue\u00a0\u00bb,\u00a0\u00bbshow_publish_date\u00a0\u00bb:\u00a0\u00bbfalse\u00a0\u00bb,\u00a0\u00bbshow_skip_bt\u00a0\u00bb:\u00a0\u00bbfalse\u00a0\u00bb,\u00a0\u00bbshow_volume_bt\u00a0\u00bb:\u00a0\u00bbfalse\u00a0\u00bb,\u00a0\u00bbshow_speed_bt\u00a0\u00bb:\u00a0\u00bbfalse\u00a0\u00bb,\u00a0\u00bbshow_shuffle_bt\u00a0\u00bb:\u00a0\u00bbfalse\u00a0\u00bb,\u00a0\u00bbprogressbar_inline\u00a0\u00bb:\u00a0\u00bbtrue\u00a0\u00bb,\u00a0\u00bbspectro\u00a0\u00bb:\u00a0\u00bb\u00a0\u00bb,\u00a0\u00bbinline\u00a0\u00bb:\u00a0\u00bbfalse\u00a0\u00bb,\u00a0\u00bbmain_settings\u00a0\u00bb:\u00a0\u00bb||\u00a0\u00bb} \n        var srp_player_params_args_69f31b2fbaf74 = {\u00ab\u00a0before_widget\u00a0\u00bb:\u00a0\u00bb<article id=\"arbitrary-instance-69f31b2fbaf74\" class=\"iron_widget_radio srp_player_button\">\u00ab\u00a0,\u00a0\u00bbafter_widget\u00a0\u00bb:\u00a0\u00bb\u00a0\u00bb,\u00a0\u00bbbefore_title\u00a0\u00bb:\u00a0\u00bb<span class='heading-t3'><h3 class=\"widgettitle\">\u00ab\u00a0,\u00a0\u00bbafter_title\u00a0\u00bb:\u00a0\u00bb\u00a0\u00bb,\u00a0\u00bbwidget_id\u00a0\u00bb:\u00a0\u00bbarbitrary-instance-69f31b2fbaf74&Prime;}  \n        if(typeof setIronAudioplayers !== \u00ab\u00a0undefined\u00a0\u00bb){ setIronAudioplayers(\u00ab\u00a0arbitrary-instance-69f31b2fbaf74\u00a0\u00bb); }<\/article><\/div><\/div>\n\n\n<h5 class=\"wp-block-heading\">Claus Krumlovsky: <em>Vif<\/em>, troisi\u00e8me mouvement de la <em>Sonatina pour trompette, clarinette basse et piano<\/em><\/h5>\n\n\n\n<p>Lucien Lauer (trompette), Marcel Heinen (clarinette basse), Jeannette Braun-Giampellegrini (piano)<\/p>\n\n\n\n<p>Enregistrement <em>Radio Luxembourg<\/em>, 12.2.1973<\/p>\n\n\n\n<p>\u00a9 CNA \/ CLT<\/p>\n<\/div>\n<\/div>\n<\/div><\/div>\n\n\n\n<div class=\"wp-block-getwid-content-slider-slide\"><div class=\"wp-block-getwid-content-slider-slide__wrapper\">\n<div class=\"wp-block-columns is-layout-flex wp-container-core-columns-is-layout-9d6595d7 wp-block-columns-is-layout-flex\">\n<div class=\"wp-block-column is-layout-flow wp-block-column-is-layout-flow\"><div id=\"sonaar_music_37\"><div class=\"sonaar_audioplayer_block_cover\"><article id=\"arbitrary-instance-69f31b2fbbbfc\" class=\"iron_widget_radio srp_player_button\"><div class=\"iron-audioplayer  sonaar-no-artwork playlist_has_no_ctas\" id=\"arbitrary-instance-69f31b2fbbbfc-12b2e9bc16\" data-id=\"arbitrary-instance-69f31b2fbbbfc\" data-track-sw-cursor=\"\" data-lazyload=\"\" data-albums=\"2210\" data-category=\"\" data-url-playlist=\"https:\/\/mugi.lu\/fr\/?load=playlist.json&#038;title=&#038;albums=2210&#038;category=&#038;posts_not_in=&#038;category_not_in=&#038;author=&#038;feed_title=&#038;feed=&#038;feed_img=&#038;el_widget_id=&#038;artwork=&#038;posts_per_pages=-1&#038;all_category=&#038;single_playlist=&#038;reverse_tracklist=&#038;audio_meta_field=&#038;repeater_meta_field=&#038;import_file=&#038;rss_items=-1&#038;rss_item_title=&#038;is_favorite=&#038;is_recentlyplayed=&#038;srp_order=date_DESC\" data-sticky-player=\"\" data-shuffle=\"false\" data-playlist_title=\"\" data-scrollbar=\"\" data-wave-color=\"\" data-wave-progress-color=\"\" data-spectro=\"\" data-no-wave=\"\" data-hide-progressbar=\"\" data-notrackskip=\"\" data-no-loop-tracklist=\"\" data-playertemplate=\"skin_boxed_tracklist\" data-hide-artwork=\"1\" data-speedrate=\"1\" data-tracks-per-page=\"\" data-pagination_scroll_offset=\"\" data-adaptive-colors=\"\" data-adaptive-colors-freeze=\"\" style=\"opacity:0\"><div class=\"srp_player_boxed srp_player_grid\"><div class=\"album-player sr_waveform_mediaElement\"><div class=\"srp_player_meta\"><\/div><div class=\"srp_control_box\">\n            <div role=\"button\" class=\"srp-play-button play\" aria-label=\"Play\">\n                <i class=\"sricon-play\"><\/i>\n                <div class=\"srp-play-circle\"><\/div>\n            <\/div><div class=\"srp_wave_box\"> <div class=\"player sr_player__inline \"><div class=\"sr_progressbar\">\n                \n            <div class=\"currentTime\">00:00<\/div>\n         \n                <div id=\"arbitrary-instance-69f31b2fbbbfc-1b3966b7a7-wave\" class=\"wave\">\n                 \n        <div class=\"sonaar_fake_wave\" style=\"height:40px\"> \n            <audio src=\"\" class=\"sonaar_media_element\"><\/audio> \n            <div class=\"sonaar_wave_base\"> \n                <canvas id=\"sonaar_wave_base_canvas\" class=\"\" height=\"40\" width=\"2540\"><\/canvas> \n                <svg><\/svg> \n            <\/div> \n            <div class=\"sonaar_wave_cut\"> \n                <canvas id=\"sonaar_wave_cut_canvas\" class=\"\" height=\"40\" width=\"2540\"><\/canvas> \n                <svg><\/svg> \n            <\/div> \n        <\/div> \n                <\/div>\n                \n            <div class=\"totalTime\"><\/div>\n         \n             <\/div><\/div><div class=\"srp_main_control\"><div class=\"control\"><div role=\"button\" class=\"play\" style=\"opacity:0\" aria-label=\"Play\" title=\"\">\n                <i class=\"sricon-play\"><\/i>\n            <\/div><div class=\"srp_track_cta\"><\/div><\/div><\/div><\/div><\/div><\/div><\/div><div class=\"playlist sr_waveform_mediaElement\" id=\"playlist_arbitrary-instance-69f31b2fbbbfc\"><div class=\"srp_tracklist\"><ul class=\"srp_list\"><li class=\"sr-playlist-item\" data-audiopath=\"https:\/\/mugi.lu\/wp-content\/uploads\/2024\/02\/9_JBG_CNA_AU_CLT_TAPE_09564_01.mp3\" data-showloading=\"1\" data-albumTitle=\"JBG9\" data-albumArt=\"\" data-releasedate=\"\" data-date=\"2024\/02\/23\" data-date-formated=\"23 f\u00e9vrier 2024\" data-show-date=\"\" data-trackTitle=\"9_JBG_CNA_AU_CLT_TAPE_09564_01\" data-artist=\"\" data-trackID=\"2123\" data-trackTime=\"5:34\" data-relatedTrack=\"\" data-post-url=\"\" data-post-id=\"2210\" data-track-pos=\"0\" data-peakFile=\"https:\/\/mugi.lu\/wp-content\/uploads\/audio_peaks\/2123.peak\" data-peakFile-allow=\"1\" data-is-preview=\"\" data-track-lyric=\"\" data-icecast_json=\"\" data-icecast_mount=\"\"><div class=\"sr-playlist-item-flex\"><span class=\"store-list\"><\/span><\/div><div class=\"srp_track_description\"><\/div><\/li><\/ul><\/div><\/div><div class=\"album-store\"><\/div><\/div>\n        var srp_player_params_69f31b2fbbbfc = {\u00ab\u00a0title\u00a0\u00bb:\u00a0\u00bb\u00a0\u00bb,\u00a0\u00bbstore_title_text\u00a0\u00bb:\u00a0\u00bb\u00a0\u00bb,\u00a0\u00bbalbums\u00a0\u00bb:\u00a0\u00bb2210&Prime;,\u00a0\u00bbhide_artwork\u00a0\u00bb:\u00a0\u00bbtrue\u00a0\u00bb,\u00a0\u00bbsticky_player\u00a0\u00bb:\u00a0\u00bb\u00a0\u00bb,\u00a0\u00bbshow_album_market\u00a0\u00bb:\u00a0\u00bb1&Prime;,\u00a0\u00bbshow_track_market\u00a0\u00bb:\u00a0\u00bb1&Prime;,\u00a0\u00bbhide_timeline\u00a0\u00bb:\u00a0\u00bb\u00a0\u00bb,\u00a0\u00bbtitletag_soundwave\u00a0\u00bb:\u00a0\u00bbdiv\u00a0\u00bb,\u00a0\u00bbtitletag_playlist\u00a0\u00bb:\u00a0\u00bbh3&Prime;,\u00a0\u00bbshow_playlist\u00a0\u00bb:\u00a0\u00bb\u00a0\u00bb,\u00a0\u00bbwave_color\u00a0\u00bb:\u00a0\u00bb\u00a0\u00bb,\u00a0\u00bbwave_progress_color\u00a0\u00bb:\u00a0\u00bb\u00a0\u00bb,\u00a0\u00bbshuffle\u00a0\u00bb:\u00a0\u00bb\u00a0\u00bb,\u00a0\u00bbreverse_tracklist\u00a0\u00bb:\u00a0\u00bb\u00a0\u00bb,\u00a0\u00bbsearchbar\u00a0\u00bb:\u00a0\u00bbfalse\u00a0\u00bb,\u00a0\u00bbtrack_desc_lenght\u00a0\u00bb:\u00a0\u00bb55&Prime;,\u00a0\u00bbstrip_html_track_desc\u00a0\u00bb:\u00a0\u00bbtrue\u00a0\u00bb,\u00a0\u00bbplayer_layout\u00a0\u00bb:\u00a0\u00bbskin_boxed_tracklist\u00a0\u00bb,\u00a0\u00bbhide_progressbar\u00a0\u00bb:\u00a0\u00bbfalse\u00a0\u00bb,\u00a0\u00bbuse_play_label\u00a0\u00bb:\u00a0\u00bbfalse\u00a0\u00bb,\u00a0\u00bbuse_play_label_with_icon\u00a0\u00bb:\u00a0\u00bbtrue\u00a0\u00bb,\u00a0\u00bborderby\u00a0\u00bb:\u00a0\u00bbdate\u00a0\u00bb,\u00a0\u00bborder\u00a0\u00bb:\u00a0\u00bbDESC\u00a0\u00bb,\u00a0\u00bbhide_album_title\u00a0\u00bb:\u00a0\u00bbtrue\u00a0\u00bb,\u00a0\u00bbhide_album_subtitle\u00a0\u00bb:\u00a0\u00bbtrue\u00a0\u00bb,\u00a0\u00bbhide_player_title\u00a0\u00bb:\u00a0\u00bbtrue\u00a0\u00bb,\u00a0\u00bbhide_track_title\u00a0\u00bb:\u00a0\u00bbtrue\u00a0\u00bb,\u00a0\u00bbshow_publish_date\u00a0\u00bb:\u00a0\u00bbfalse\u00a0\u00bb,\u00a0\u00bbshow_skip_bt\u00a0\u00bb:\u00a0\u00bbfalse\u00a0\u00bb,\u00a0\u00bbshow_volume_bt\u00a0\u00bb:\u00a0\u00bbfalse\u00a0\u00bb,\u00a0\u00bbshow_speed_bt\u00a0\u00bb:\u00a0\u00bbfalse\u00a0\u00bb,\u00a0\u00bbshow_shuffle_bt\u00a0\u00bb:\u00a0\u00bbfalse\u00a0\u00bb,\u00a0\u00bbprogressbar_inline\u00a0\u00bb:\u00a0\u00bbtrue\u00a0\u00bb,\u00a0\u00bbspectro\u00a0\u00bb:\u00a0\u00bb\u00a0\u00bb,\u00a0\u00bbinline\u00a0\u00bb:\u00a0\u00bbfalse\u00a0\u00bb,\u00a0\u00bbmain_settings\u00a0\u00bb:\u00a0\u00bb||\u00a0\u00bb} \n        var srp_player_params_args_69f31b2fbbbfc = {\u00ab\u00a0before_widget\u00a0\u00bb:\u00a0\u00bb<article id=\"arbitrary-instance-69f31b2fbbbfc\" class=\"iron_widget_radio srp_player_button\">\u00ab\u00a0,\u00a0\u00bbafter_widget\u00a0\u00bb:\u00a0\u00bb\u00a0\u00bb,\u00a0\u00bbbefore_title\u00a0\u00bb:\u00a0\u00bb<span class='heading-t3'><h3 class=\"widgettitle\">\u00ab\u00a0,\u00a0\u00bbafter_title\u00a0\u00bb:\u00a0\u00bb\u00a0\u00bb,\u00a0\u00bbwidget_id\u00a0\u00bb:\u00a0\u00bbarbitrary-instance-69f31b2fbbbfc\u00a0\u00bb}  \n        if(typeof setIronAudioplayers !== \u00ab\u00a0undefined\u00a0\u00bb){ setIronAudioplayers(\u00ab\u00a0arbitrary-instance-69f31b2fbbbfc\u00a0\u00bb); }<\/article><\/div><\/div>\n\n\n<h5 class=\"wp-block-heading\">Jean Fran\u00e7aix: <em>Scherzando<\/em>, deuxi\u00e8me mouvement du <em>Concerto pour clarinette<\/em><strong> <\/strong>(1967)<\/h5>\n\n\n\n<p>Fernand Michaux (clarinette), Jeannette Braun-Giampellegrini (piano)<\/p>\n\n\n\n<p>Enregistrement <em>Radio Luxembourg<\/em>, 22.10.1973<\/p>\n\n\n\n<p>\u00a9 CNA \/ CLT<\/p>\n<\/div>\n\n\n\n<div class=\"wp-block-column is-layout-flow wp-block-column-is-layout-flow\"><div id=\"sonaar_music_14\"><div class=\"sonaar_audioplayer_block_cover\"><article id=\"arbitrary-instance-69f31b2fbc621\" class=\"iron_widget_radio srp_player_button\"><div class=\"iron-audioplayer  sonaar-no-artwork playlist_has_no_ctas\" id=\"arbitrary-instance-69f31b2fbc621-1b2826839d\" data-id=\"arbitrary-instance-69f31b2fbc621\" data-track-sw-cursor=\"\" data-lazyload=\"\" data-albums=\"2211\" data-category=\"\" data-url-playlist=\"https:\/\/mugi.lu\/fr\/?load=playlist.json&#038;title=&#038;albums=2211&#038;category=&#038;posts_not_in=&#038;category_not_in=&#038;author=&#038;feed_title=&#038;feed=&#038;feed_img=&#038;el_widget_id=&#038;artwork=&#038;posts_per_pages=-1&#038;all_category=&#038;single_playlist=&#038;reverse_tracklist=&#038;audio_meta_field=&#038;repeater_meta_field=&#038;import_file=&#038;rss_items=-1&#038;rss_item_title=&#038;is_favorite=&#038;is_recentlyplayed=&#038;srp_order=date_DESC\" data-sticky-player=\"\" data-shuffle=\"false\" data-playlist_title=\"\" data-scrollbar=\"\" data-wave-color=\"\" data-wave-progress-color=\"\" data-spectro=\"\" data-no-wave=\"\" data-hide-progressbar=\"\" data-notrackskip=\"\" data-no-loop-tracklist=\"\" data-playertemplate=\"skin_boxed_tracklist\" data-hide-artwork=\"1\" data-speedrate=\"1\" data-tracks-per-page=\"\" data-pagination_scroll_offset=\"\" data-adaptive-colors=\"\" data-adaptive-colors-freeze=\"\" style=\"opacity:0\"><div class=\"srp_player_boxed srp_player_grid\"><div class=\"album-player sr_waveform_mediaElement\"><div class=\"srp_player_meta\"><\/div><div class=\"srp_control_box\">\n            <div role=\"button\" class=\"srp-play-button play\" aria-label=\"Play\">\n                <i class=\"sricon-play\"><\/i>\n                <div class=\"srp-play-circle\"><\/div>\n            <\/div><div class=\"srp_wave_box\"> <div class=\"player sr_player__inline \"><div class=\"sr_progressbar\">\n                \n            <div class=\"currentTime\">00:00<\/div>\n         \n                <div id=\"arbitrary-instance-69f31b2fbc621-af5d9a5b6b-wave\" class=\"wave\">\n                 \n        <div class=\"sonaar_fake_wave\" style=\"height:40px\"> \n            <audio src=\"\" class=\"sonaar_media_element\"><\/audio> \n            <div class=\"sonaar_wave_base\"> \n                <canvas id=\"sonaar_wave_base_canvas\" class=\"\" height=\"40\" width=\"2540\"><\/canvas> \n                <svg><\/svg> \n            <\/div> \n            <div class=\"sonaar_wave_cut\"> \n                <canvas id=\"sonaar_wave_cut_canvas\" class=\"\" height=\"40\" width=\"2540\"><\/canvas> \n                <svg><\/svg> \n            <\/div> \n        <\/div> \n                <\/div>\n                \n            <div class=\"totalTime\"><\/div>\n         \n             <\/div><\/div><div class=\"srp_main_control\"><div class=\"control\"><div role=\"button\" class=\"play\" style=\"opacity:0\" aria-label=\"Play\" title=\"\">\n                <i class=\"sricon-play\"><\/i>\n            <\/div><div class=\"srp_track_cta\"><\/div><\/div><\/div><\/div><\/div><\/div><\/div><div class=\"playlist sr_waveform_mediaElement\" id=\"playlist_arbitrary-instance-69f31b2fbc621\"><div class=\"srp_tracklist\"><ul class=\"srp_list\"><li class=\"sr-playlist-item\" data-audiopath=\"https:\/\/mugi.lu\/wp-content\/uploads\/2024\/02\/10_JBG_CNA_AU_CLT_TAPE_14712_01.mp3\" data-showloading=\"1\" data-albumTitle=\"JBG10\" data-albumArt=\"\" data-releasedate=\"\" data-date=\"2024\/02\/23\" data-date-formated=\"23 f\u00e9vrier 2024\" data-show-date=\"\" data-trackTitle=\"10_JBG_CNA_AU_CLT_TAPE_14712_01\" data-artist=\"\" data-trackID=\"2126\" data-trackTime=\"2:02\" data-relatedTrack=\"\" data-post-url=\"\" data-post-id=\"2211\" data-track-pos=\"0\" data-peakFile=\"https:\/\/mugi.lu\/wp-content\/uploads\/audio_peaks\/2126.peak\" data-peakFile-allow=\"1\" data-is-preview=\"\" data-track-lyric=\"\" data-icecast_json=\"\" data-icecast_mount=\"\"><div class=\"sr-playlist-item-flex\"><span class=\"store-list\"><\/span><\/div><div class=\"srp_track_description\"><\/div><\/li><\/ul><\/div><\/div><div class=\"album-store\"><\/div><\/div>\n        var srp_player_params_69f31b2fbc621 = {\u00ab\u00a0title\u00a0\u00bb:\u00a0\u00bb\u00a0\u00bb,\u00a0\u00bbstore_title_text\u00a0\u00bb:\u00a0\u00bb\u00a0\u00bb,\u00a0\u00bbalbums\u00a0\u00bb:\u00a0\u00bb2211&Prime;,\u00a0\u00bbhide_artwork\u00a0\u00bb:\u00a0\u00bbtrue\u00a0\u00bb,\u00a0\u00bbsticky_player\u00a0\u00bb:\u00a0\u00bb\u00a0\u00bb,\u00a0\u00bbshow_album_market\u00a0\u00bb:\u00a0\u00bb1&Prime;,\u00a0\u00bbshow_track_market\u00a0\u00bb:\u00a0\u00bb1&Prime;,\u00a0\u00bbhide_timeline\u00a0\u00bb:\u00a0\u00bb\u00a0\u00bb,\u00a0\u00bbtitletag_soundwave\u00a0\u00bb:\u00a0\u00bbdiv\u00a0\u00bb,\u00a0\u00bbtitletag_playlist\u00a0\u00bb:\u00a0\u00bbh3&Prime;,\u00a0\u00bbshow_playlist\u00a0\u00bb:\u00a0\u00bb\u00a0\u00bb,\u00a0\u00bbwave_color\u00a0\u00bb:\u00a0\u00bb\u00a0\u00bb,\u00a0\u00bbwave_progress_color\u00a0\u00bb:\u00a0\u00bb\u00a0\u00bb,\u00a0\u00bbshuffle\u00a0\u00bb:\u00a0\u00bb\u00a0\u00bb,\u00a0\u00bbreverse_tracklist\u00a0\u00bb:\u00a0\u00bb\u00a0\u00bb,\u00a0\u00bbsearchbar\u00a0\u00bb:\u00a0\u00bbfalse\u00a0\u00bb,\u00a0\u00bbtrack_desc_lenght\u00a0\u00bb:\u00a0\u00bb55&Prime;,\u00a0\u00bbstrip_html_track_desc\u00a0\u00bb:\u00a0\u00bbtrue\u00a0\u00bb,\u00a0\u00bbplayer_layout\u00a0\u00bb:\u00a0\u00bbskin_boxed_tracklist\u00a0\u00bb,\u00a0\u00bbhide_progressbar\u00a0\u00bb:\u00a0\u00bbfalse\u00a0\u00bb,\u00a0\u00bbuse_play_label\u00a0\u00bb:\u00a0\u00bbfalse\u00a0\u00bb,\u00a0\u00bbuse_play_label_with_icon\u00a0\u00bb:\u00a0\u00bbtrue\u00a0\u00bb,\u00a0\u00bborderby\u00a0\u00bb:\u00a0\u00bbdate\u00a0\u00bb,\u00a0\u00bborder\u00a0\u00bb:\u00a0\u00bbDESC\u00a0\u00bb,\u00a0\u00bbhide_album_title\u00a0\u00bb:\u00a0\u00bbtrue\u00a0\u00bb,\u00a0\u00bbhide_album_subtitle\u00a0\u00bb:\u00a0\u00bbtrue\u00a0\u00bb,\u00a0\u00bbhide_player_title\u00a0\u00bb:\u00a0\u00bbtrue\u00a0\u00bb,\u00a0\u00bbhide_track_title\u00a0\u00bb:\u00a0\u00bbtrue\u00a0\u00bb,\u00a0\u00bbshow_publish_date\u00a0\u00bb:\u00a0\u00bbfalse\u00a0\u00bb,\u00a0\u00bbshow_skip_bt\u00a0\u00bb:\u00a0\u00bbfalse\u00a0\u00bb,\u00a0\u00bbshow_volume_bt\u00a0\u00bb:\u00a0\u00bbfalse\u00a0\u00bb,\u00a0\u00bbshow_speed_bt\u00a0\u00bb:\u00a0\u00bbfalse\u00a0\u00bb,\u00a0\u00bbshow_shuffle_bt\u00a0\u00bb:\u00a0\u00bbfalse\u00a0\u00bb,\u00a0\u00bbprogressbar_inline\u00a0\u00bb:\u00a0\u00bbtrue\u00a0\u00bb,\u00a0\u00bbspectro\u00a0\u00bb:\u00a0\u00bb\u00a0\u00bb,\u00a0\u00bbinline\u00a0\u00bb:\u00a0\u00bbfalse\u00a0\u00bb,\u00a0\u00bbmain_settings\u00a0\u00bb:\u00a0\u00bb||\u00a0\u00bb} \n        var srp_player_params_args_69f31b2fbc621 = {\u00ab\u00a0before_widget\u00a0\u00bb:\u00a0\u00bb<article id=\"arbitrary-instance-69f31b2fbc621\" class=\"iron_widget_radio srp_player_button\">\u00ab\u00a0,\u00a0\u00bbafter_widget\u00a0\u00bb:\u00a0\u00bb\u00a0\u00bb,\u00a0\u00bbbefore_title\u00a0\u00bb:\u00a0\u00bb<span class='heading-t3'><h3 class=\"widgettitle\">\u00ab\u00a0,\u00a0\u00bbafter_title\u00a0\u00bb:\u00a0\u00bb\u00a0\u00bb,\u00a0\u00bbwidget_id\u00a0\u00bb:\u00a0\u00bbarbitrary-instance-69f31b2fbc621&Prime;}  \n        if(typeof setIronAudioplayers !== \u00ab\u00a0undefined\u00a0\u00bb){ setIronAudioplayers(\u00ab\u00a0arbitrary-instance-69f31b2fbc621\u00a0\u00bb); }<\/article><\/div><\/div>\n\n\n<h5 class=\"wp-block-heading\">Lou Koster: <em><em>Wenn der Mond die H\u00fcgel verbrennt<\/em> <\/em>(de:<em> Hochsommer : Deux m\u00e9lodies <\/em>sur des textes d\u2019Anise Koltz) <\/h5>\n\n\n\n<p>B\u00e9by Kohl-Thommes (soprano), Jeannette Braun-Giampellegrini (paino)<\/p>\n\n\n\n<p>Enregistrement <em>Radio Luxembourg<\/em>, 30.5.1979<\/p>\n\n\n\n<p>\u00a9 CNA \/ CLT<\/p>\n<\/div>\n<\/div>\n<\/div><\/div>\n\n\n\n<div class=\"wp-block-getwid-content-slider-slide\"><div class=\"wp-block-getwid-content-slider-slide__wrapper\">\n<div class=\"wp-block-columns is-layout-flex wp-container-core-columns-is-layout-9d6595d7 wp-block-columns-is-layout-flex\">\n<div class=\"wp-block-column is-layout-flow wp-block-column-is-layout-flow\"><div id=\"sonaar_music_46\"><div class=\"sonaar_audioplayer_block_cover\"><article id=\"arbitrary-instance-69f31b2fbd487\" class=\"iron_widget_radio srp_player_button\"><div class=\"iron-audioplayer  sonaar-no-artwork playlist_has_no_ctas\" id=\"arbitrary-instance-69f31b2fbd487-fa73d28ec6\" data-id=\"arbitrary-instance-69f31b2fbd487\" data-track-sw-cursor=\"\" data-lazyload=\"\" data-albums=\"2212\" data-category=\"\" data-url-playlist=\"https:\/\/mugi.lu\/fr\/?load=playlist.json&#038;title=&#038;albums=2212&#038;category=&#038;posts_not_in=&#038;category_not_in=&#038;author=&#038;feed_title=&#038;feed=&#038;feed_img=&#038;el_widget_id=&#038;artwork=&#038;posts_per_pages=-1&#038;all_category=&#038;single_playlist=&#038;reverse_tracklist=&#038;audio_meta_field=&#038;repeater_meta_field=&#038;import_file=&#038;rss_items=-1&#038;rss_item_title=&#038;is_favorite=&#038;is_recentlyplayed=&#038;srp_order=date_DESC\" data-sticky-player=\"\" data-shuffle=\"false\" data-playlist_title=\"\" data-scrollbar=\"\" data-wave-color=\"\" data-wave-progress-color=\"\" data-spectro=\"\" data-no-wave=\"\" data-hide-progressbar=\"\" data-notrackskip=\"\" data-no-loop-tracklist=\"\" data-playertemplate=\"skin_boxed_tracklist\" data-hide-artwork=\"1\" data-speedrate=\"1\" data-tracks-per-page=\"\" data-pagination_scroll_offset=\"\" data-adaptive-colors=\"\" data-adaptive-colors-freeze=\"\" style=\"opacity:0\"><div class=\"srp_player_boxed srp_player_grid\"><div class=\"album-player sr_waveform_mediaElement\"><div class=\"srp_player_meta\"><\/div><div class=\"srp_control_box\">\n            <div role=\"button\" class=\"srp-play-button play\" aria-label=\"Play\">\n                <i class=\"sricon-play\"><\/i>\n                <div class=\"srp-play-circle\"><\/div>\n            <\/div><div class=\"srp_wave_box\"> <div class=\"player sr_player__inline \"><div class=\"sr_progressbar\">\n                \n            <div class=\"currentTime\">00:00<\/div>\n         \n                <div id=\"arbitrary-instance-69f31b2fbd487-15f90ba650-wave\" class=\"wave\">\n                 \n        <div class=\"sonaar_fake_wave\" style=\"height:40px\"> \n            <audio src=\"\" class=\"sonaar_media_element\"><\/audio> \n            <div class=\"sonaar_wave_base\"> \n                <canvas id=\"sonaar_wave_base_canvas\" class=\"\" height=\"40\" width=\"2540\"><\/canvas> \n                <svg><\/svg> \n            <\/div> \n            <div class=\"sonaar_wave_cut\"> \n                <canvas id=\"sonaar_wave_cut_canvas\" class=\"\" height=\"40\" width=\"2540\"><\/canvas> \n                <svg><\/svg> \n            <\/div> \n        <\/div> \n                <\/div>\n                \n            <div class=\"totalTime\"><\/div>\n         \n             <\/div><\/div><div class=\"srp_main_control\"><div class=\"control\"><div role=\"button\" class=\"play\" style=\"opacity:0\" aria-label=\"Play\" title=\"\">\n                <i class=\"sricon-play\"><\/i>\n            <\/div><div class=\"srp_track_cta\"><\/div><\/div><\/div><\/div><\/div><\/div><\/div><div class=\"playlist sr_waveform_mediaElement\" id=\"playlist_arbitrary-instance-69f31b2fbd487\"><div class=\"srp_tracklist\"><ul class=\"srp_list\"><li class=\"sr-playlist-item\" data-audiopath=\"https:\/\/mugi.lu\/wp-content\/uploads\/2024\/02\/11_JBG_CNA_AU_CLT_TAPE_15318_01.mp3\" data-showloading=\"1\" data-albumTitle=\"JBG11\" data-albumArt=\"\" data-releasedate=\"\" data-date=\"2024\/02\/23\" data-date-formated=\"23 f\u00e9vrier 2024\" data-show-date=\"\" data-trackTitle=\"11_JBG_CNA_AU_CLT_TAPE_15318_01\" data-artist=\"\" data-trackID=\"2129\" data-trackTime=\"3:26\" data-relatedTrack=\"\" data-post-url=\"\" data-post-id=\"2212\" data-track-pos=\"0\" data-peakFile=\"https:\/\/mugi.lu\/wp-content\/uploads\/audio_peaks\/2129.peak\" data-peakFile-allow=\"1\" data-is-preview=\"\" data-track-lyric=\"\" data-icecast_json=\"\" data-icecast_mount=\"\"><div class=\"sr-playlist-item-flex\"><span class=\"store-list\"><\/span><\/div><div class=\"srp_track_description\"><\/div><\/li><\/ul><\/div><\/div><div class=\"album-store\"><\/div><\/div>\n        var srp_player_params_69f31b2fbd487 = {\u00ab\u00a0title\u00a0\u00bb:\u00a0\u00bb\u00a0\u00bb,\u00a0\u00bbstore_title_text\u00a0\u00bb:\u00a0\u00bb\u00a0\u00bb,\u00a0\u00bbalbums\u00a0\u00bb:\u00a0\u00bb2212&Prime;,\u00a0\u00bbhide_artwork\u00a0\u00bb:\u00a0\u00bbtrue\u00a0\u00bb,\u00a0\u00bbsticky_player\u00a0\u00bb:\u00a0\u00bb\u00a0\u00bb,\u00a0\u00bbshow_album_market\u00a0\u00bb:\u00a0\u00bb1&Prime;,\u00a0\u00bbshow_track_market\u00a0\u00bb:\u00a0\u00bb1&Prime;,\u00a0\u00bbhide_timeline\u00a0\u00bb:\u00a0\u00bb\u00a0\u00bb,\u00a0\u00bbtitletag_soundwave\u00a0\u00bb:\u00a0\u00bbdiv\u00a0\u00bb,\u00a0\u00bbtitletag_playlist\u00a0\u00bb:\u00a0\u00bbh3&Prime;,\u00a0\u00bbshow_playlist\u00a0\u00bb:\u00a0\u00bb\u00a0\u00bb,\u00a0\u00bbwave_color\u00a0\u00bb:\u00a0\u00bb\u00a0\u00bb,\u00a0\u00bbwave_progress_color\u00a0\u00bb:\u00a0\u00bb\u00a0\u00bb,\u00a0\u00bbshuffle\u00a0\u00bb:\u00a0\u00bb\u00a0\u00bb,\u00a0\u00bbreverse_tracklist\u00a0\u00bb:\u00a0\u00bb\u00a0\u00bb,\u00a0\u00bbsearchbar\u00a0\u00bb:\u00a0\u00bbfalse\u00a0\u00bb,\u00a0\u00bbtrack_desc_lenght\u00a0\u00bb:\u00a0\u00bb55&Prime;,\u00a0\u00bbstrip_html_track_desc\u00a0\u00bb:\u00a0\u00bbtrue\u00a0\u00bb,\u00a0\u00bbplayer_layout\u00a0\u00bb:\u00a0\u00bbskin_boxed_tracklist\u00a0\u00bb,\u00a0\u00bbhide_progressbar\u00a0\u00bb:\u00a0\u00bbfalse\u00a0\u00bb,\u00a0\u00bbuse_play_label\u00a0\u00bb:\u00a0\u00bbfalse\u00a0\u00bb,\u00a0\u00bbuse_play_label_with_icon\u00a0\u00bb:\u00a0\u00bbtrue\u00a0\u00bb,\u00a0\u00bborderby\u00a0\u00bb:\u00a0\u00bbdate\u00a0\u00bb,\u00a0\u00bborder\u00a0\u00bb:\u00a0\u00bbDESC\u00a0\u00bb,\u00a0\u00bbhide_album_title\u00a0\u00bb:\u00a0\u00bbtrue\u00a0\u00bb,\u00a0\u00bbhide_album_subtitle\u00a0\u00bb:\u00a0\u00bbtrue\u00a0\u00bb,\u00a0\u00bbhide_player_title\u00a0\u00bb:\u00a0\u00bbtrue\u00a0\u00bb,\u00a0\u00bbhide_track_title\u00a0\u00bb:\u00a0\u00bbtrue\u00a0\u00bb,\u00a0\u00bbshow_publish_date\u00a0\u00bb:\u00a0\u00bbfalse\u00a0\u00bb,\u00a0\u00bbshow_skip_bt\u00a0\u00bb:\u00a0\u00bbfalse\u00a0\u00bb,\u00a0\u00bbshow_volume_bt\u00a0\u00bb:\u00a0\u00bbfalse\u00a0\u00bb,\u00a0\u00bbshow_speed_bt\u00a0\u00bb:\u00a0\u00bbfalse\u00a0\u00bb,\u00a0\u00bbshow_shuffle_bt\u00a0\u00bb:\u00a0\u00bbfalse\u00a0\u00bb,\u00a0\u00bbprogressbar_inline\u00a0\u00bb:\u00a0\u00bbtrue\u00a0\u00bb,\u00a0\u00bbspectro\u00a0\u00bb:\u00a0\u00bb\u00a0\u00bb,\u00a0\u00bbinline\u00a0\u00bb:\u00a0\u00bbfalse\u00a0\u00bb,\u00a0\u00bbmain_settings\u00a0\u00bb:\u00a0\u00bb||\u00a0\u00bb} \n        var srp_player_params_args_69f31b2fbd487 = {\u00ab\u00a0before_widget\u00a0\u00bb:\u00a0\u00bb<article id=\"arbitrary-instance-69f31b2fbd487\" class=\"iron_widget_radio srp_player_button\">\u00ab\u00a0,\u00a0\u00bbafter_widget\u00a0\u00bb:\u00a0\u00bb\u00a0\u00bb,\u00a0\u00bbbefore_title\u00a0\u00bb:\u00a0\u00bb<span class='heading-t3'><h3 class=\"widgettitle\">\u00ab\u00a0,\u00a0\u00bbafter_title\u00a0\u00bb:\u00a0\u00bb\u00a0\u00bb,\u00a0\u00bbwidget_id\u00a0\u00bb:\u00a0\u00bbarbitrary-instance-69f31b2fbd487&Prime;}  \n        if(typeof setIronAudioplayers !== \u00ab\u00a0undefined\u00a0\u00bb){ setIronAudioplayers(\u00ab\u00a0arbitrary-instance-69f31b2fbd487\u00a0\u00bb); }<\/article><\/div><\/div>\n\n\n<h5 class=\"wp-block-heading\">Mikis Theodorakis: <em><em>Andante mosso \u2013 Allegro<\/em>, <\/em>troisi\u00e8me mouvement du <em>Trio pour violon, violoncelle et piano<\/em><\/h5>\n\n\n\n<p>Gis\u00e8le Nagy (violon), Andr\u00e9 Navau (violoncelle), Jeannette Braun-Giampellegrini (piano)<\/p>\n\n\n\n<p>Enregistrement <em>Radio Luxembourg<\/em>, 9.6.1987<\/p>\n\n\n\n<p>\u00a9 CNA \/ CLT<\/p>\n<\/div>\n\n\n\n<div class=\"wp-block-column is-layout-flow wp-block-column-is-layout-flow\"><div id=\"sonaar_music_43\"><div class=\"sonaar_audioplayer_block_cover\"><article id=\"arbitrary-instance-69f31b2fbe1d6\" class=\"iron_widget_radio srp_player_button\"><div class=\"iron-audioplayer  sonaar-no-artwork playlist_has_no_ctas\" id=\"arbitrary-instance-69f31b2fbe1d6-926a860988\" data-id=\"arbitrary-instance-69f31b2fbe1d6\" data-track-sw-cursor=\"\" data-lazyload=\"\" data-albums=\"2213\" data-category=\"\" data-url-playlist=\"https:\/\/mugi.lu\/fr\/?load=playlist.json&#038;title=&#038;albums=2213&#038;category=&#038;posts_not_in=&#038;category_not_in=&#038;author=&#038;feed_title=&#038;feed=&#038;feed_img=&#038;el_widget_id=&#038;artwork=&#038;posts_per_pages=-1&#038;all_category=&#038;single_playlist=&#038;reverse_tracklist=&#038;audio_meta_field=&#038;repeater_meta_field=&#038;import_file=&#038;rss_items=-1&#038;rss_item_title=&#038;is_favorite=&#038;is_recentlyplayed=&#038;srp_order=date_DESC\" data-sticky-player=\"\" data-shuffle=\"false\" data-playlist_title=\"\" data-scrollbar=\"\" data-wave-color=\"\" data-wave-progress-color=\"\" data-spectro=\"\" data-no-wave=\"\" data-hide-progressbar=\"\" data-notrackskip=\"\" data-no-loop-tracklist=\"\" data-playertemplate=\"skin_boxed_tracklist\" data-hide-artwork=\"1\" data-speedrate=\"1\" data-tracks-per-page=\"\" data-pagination_scroll_offset=\"\" data-adaptive-colors=\"\" data-adaptive-colors-freeze=\"\" style=\"opacity:0\"><div class=\"srp_player_boxed srp_player_grid\"><div class=\"album-player sr_waveform_mediaElement\"><div class=\"srp_player_meta\"><\/div><div class=\"srp_control_box\">\n            <div role=\"button\" class=\"srp-play-button play\" aria-label=\"Play\">\n                <i class=\"sricon-play\"><\/i>\n                <div class=\"srp-play-circle\"><\/div>\n            <\/div><div class=\"srp_wave_box\"> <div class=\"player sr_player__inline \"><div class=\"sr_progressbar\">\n                \n            <div class=\"currentTime\">00:00<\/div>\n         \n                <div id=\"arbitrary-instance-69f31b2fbe1d6-675a3bf646-wave\" class=\"wave\">\n                 \n        <div class=\"sonaar_fake_wave\" style=\"height:40px\"> \n            <audio src=\"\" class=\"sonaar_media_element\"><\/audio> \n            <div class=\"sonaar_wave_base\"> \n                <canvas id=\"sonaar_wave_base_canvas\" class=\"\" height=\"40\" width=\"2540\"><\/canvas> \n                <svg><\/svg> \n            <\/div> \n            <div class=\"sonaar_wave_cut\"> \n                <canvas id=\"sonaar_wave_cut_canvas\" class=\"\" height=\"40\" width=\"2540\"><\/canvas> \n                <svg><\/svg> \n            <\/div> \n        <\/div> \n                <\/div>\n                \n            <div class=\"totalTime\"><\/div>\n         \n             <\/div><\/div><div class=\"srp_main_control\"><div class=\"control\"><div role=\"button\" class=\"play\" style=\"opacity:0\" aria-label=\"Play\" title=\"\">\n                <i class=\"sricon-play\"><\/i>\n            <\/div><div class=\"srp_track_cta\"><\/div><\/div><\/div><\/div><\/div><\/div><\/div><div class=\"playlist sr_waveform_mediaElement\" id=\"playlist_arbitrary-instance-69f31b2fbe1d6\"><div class=\"srp_tracklist\"><ul class=\"srp_list\"><li class=\"sr-playlist-item\" data-audiopath=\"https:\/\/mugi.lu\/wp-content\/uploads\/2024\/02\/12_JBG_CNA_AU_CLT_TAPE_15632_01.mp3\" data-showloading=\"1\" data-albumTitle=\"JBG12\" data-albumArt=\"\" data-releasedate=\"\" data-date=\"2024\/02\/23\" data-date-formated=\"23 f\u00e9vrier 2024\" data-show-date=\"\" data-trackTitle=\"12_JBG_CNA_AU_CLT_TAPE_15632_01\" data-artist=\"\" data-trackID=\"2132\" data-trackTime=\"3:22\" data-relatedTrack=\"\" data-post-url=\"\" data-post-id=\"2213\" data-track-pos=\"0\" data-peakFile=\"https:\/\/mugi.lu\/wp-content\/uploads\/audio_peaks\/2132.peak\" data-peakFile-allow=\"1\" data-is-preview=\"\" data-track-lyric=\"\" data-icecast_json=\"\" data-icecast_mount=\"\"><div class=\"sr-playlist-item-flex\"><span class=\"store-list\"><\/span><\/div><div class=\"srp_track_description\"><\/div><\/li><\/ul><\/div><\/div><div class=\"album-store\"><\/div><\/div>\n        var srp_player_params_69f31b2fbe1d6 = {\u00ab\u00a0title\u00a0\u00bb:\u00a0\u00bb\u00a0\u00bb,\u00a0\u00bbstore_title_text\u00a0\u00bb:\u00a0\u00bb\u00a0\u00bb,\u00a0\u00bbalbums\u00a0\u00bb:\u00a0\u00bb2213&Prime;,\u00a0\u00bbhide_artwork\u00a0\u00bb:\u00a0\u00bbtrue\u00a0\u00bb,\u00a0\u00bbsticky_player\u00a0\u00bb:\u00a0\u00bb\u00a0\u00bb,\u00a0\u00bbshow_album_market\u00a0\u00bb:\u00a0\u00bb1&Prime;,\u00a0\u00bbshow_track_market\u00a0\u00bb:\u00a0\u00bb1&Prime;,\u00a0\u00bbhide_timeline\u00a0\u00bb:\u00a0\u00bb\u00a0\u00bb,\u00a0\u00bbtitletag_soundwave\u00a0\u00bb:\u00a0\u00bbdiv\u00a0\u00bb,\u00a0\u00bbtitletag_playlist\u00a0\u00bb:\u00a0\u00bbh3&Prime;,\u00a0\u00bbshow_playlist\u00a0\u00bb:\u00a0\u00bb\u00a0\u00bb,\u00a0\u00bbwave_color\u00a0\u00bb:\u00a0\u00bb\u00a0\u00bb,\u00a0\u00bbwave_progress_color\u00a0\u00bb:\u00a0\u00bb\u00a0\u00bb,\u00a0\u00bbshuffle\u00a0\u00bb:\u00a0\u00bb\u00a0\u00bb,\u00a0\u00bbreverse_tracklist\u00a0\u00bb:\u00a0\u00bb\u00a0\u00bb,\u00a0\u00bbsearchbar\u00a0\u00bb:\u00a0\u00bbfalse\u00a0\u00bb,\u00a0\u00bbtrack_desc_lenght\u00a0\u00bb:\u00a0\u00bb55&Prime;,\u00a0\u00bbstrip_html_track_desc\u00a0\u00bb:\u00a0\u00bbtrue\u00a0\u00bb,\u00a0\u00bbplayer_layout\u00a0\u00bb:\u00a0\u00bbskin_boxed_tracklist\u00a0\u00bb,\u00a0\u00bbhide_progressbar\u00a0\u00bb:\u00a0\u00bbfalse\u00a0\u00bb,\u00a0\u00bbuse_play_label\u00a0\u00bb:\u00a0\u00bbfalse\u00a0\u00bb,\u00a0\u00bbuse_play_label_with_icon\u00a0\u00bb:\u00a0\u00bbtrue\u00a0\u00bb,\u00a0\u00bborderby\u00a0\u00bb:\u00a0\u00bbdate\u00a0\u00bb,\u00a0\u00bborder\u00a0\u00bb:\u00a0\u00bbDESC\u00a0\u00bb,\u00a0\u00bbhide_album_title\u00a0\u00bb:\u00a0\u00bbtrue\u00a0\u00bb,\u00a0\u00bbhide_album_subtitle\u00a0\u00bb:\u00a0\u00bbtrue\u00a0\u00bb,\u00a0\u00bbhide_player_title\u00a0\u00bb:\u00a0\u00bbtrue\u00a0\u00bb,\u00a0\u00bbhide_track_title\u00a0\u00bb:\u00a0\u00bbtrue\u00a0\u00bb,\u00a0\u00bbshow_publish_date\u00a0\u00bb:\u00a0\u00bbfalse\u00a0\u00bb,\u00a0\u00bbshow_skip_bt\u00a0\u00bb:\u00a0\u00bbfalse\u00a0\u00bb,\u00a0\u00bbshow_volume_bt\u00a0\u00bb:\u00a0\u00bbfalse\u00a0\u00bb,\u00a0\u00bbshow_speed_bt\u00a0\u00bb:\u00a0\u00bbfalse\u00a0\u00bb,\u00a0\u00bbshow_shuffle_bt\u00a0\u00bb:\u00a0\u00bbfalse\u00a0\u00bb,\u00a0\u00bbprogressbar_inline\u00a0\u00bb:\u00a0\u00bbtrue\u00a0\u00bb,\u00a0\u00bbspectro\u00a0\u00bb:\u00a0\u00bb\u00a0\u00bb,\u00a0\u00bbinline\u00a0\u00bb:\u00a0\u00bbfalse\u00a0\u00bb,\u00a0\u00bbmain_settings\u00a0\u00bb:\u00a0\u00bb||\u00a0\u00bb} \n        var srp_player_params_args_69f31b2fbe1d6 = {\u00ab\u00a0before_widget\u00a0\u00bb:\u00a0\u00bb<article id=\"arbitrary-instance-69f31b2fbe1d6\" class=\"iron_widget_radio srp_player_button\">\u00ab\u00a0,\u00a0\u00bbafter_widget\u00a0\u00bb:\u00a0\u00bb\u00a0\u00bb,\u00a0\u00bbbefore_title\u00a0\u00bb:\u00a0\u00bb<span class='heading-t3'><h3 class=\"widgettitle\">\u00ab\u00a0,\u00a0\u00bbafter_title\u00a0\u00bb:\u00a0\u00bb\u00a0\u00bb,\u00a0\u00bbwidget_id\u00a0\u00bb:\u00a0\u00bbarbitrary-instance-69f31b2fbe1d6&Prime;}  \n        if(typeof setIronAudioplayers !== \u00ab\u00a0undefined\u00a0\u00bb){ setIronAudioplayers(\u00ab\u00a0arbitrary-instance-69f31b2fbe1d6\u00a0\u00bb); }<\/article><\/div><\/div>\n\n\n<h5 class=\"wp-block-heading\">Claude Debussy:<em> <em>La Chevelure, <\/em><\/em>Texte de Pierre Lou\u00ffs, de:<em> <em>Trois Chansons de Bilitis<\/em><\/em><\/h5>\n\n\n\n<p>Annette Theis-Bisdorff (alto), Jeannette Braun-Giampellegrini (piano)<\/p>\n\n\n\n<p>Enregistrement <em>Radio Luxembourg<\/em>, 15.10.1990<\/p>\n\n\n\n<p>\u00a9 CNA \/ CLT<\/p>\n<\/div>\n<\/div>\n<\/div><\/div>\n\n\n\n<div class=\"wp-block-getwid-content-slider-slide\"><div class=\"wp-block-getwid-content-slider-slide__wrapper\">\n<div class=\"wp-block-columns is-layout-flex wp-container-core-columns-is-layout-9d6595d7 wp-block-columns-is-layout-flex\">\n<div class=\"wp-block-column is-layout-flow wp-block-column-is-layout-flow\"><div id=\"sonaar_music_74\"><div class=\"sonaar_audioplayer_block_cover\"><article id=\"arbitrary-instance-69f31b2fbece0\" class=\"iron_widget_radio srp_player_button\"><div class=\"iron-audioplayer  sonaar-no-artwork playlist_has_no_ctas\" id=\"arbitrary-instance-69f31b2fbece0-e23942849d\" data-id=\"arbitrary-instance-69f31b2fbece0\" data-track-sw-cursor=\"\" data-lazyload=\"\" data-albums=\"2214\" data-category=\"\" data-url-playlist=\"https:\/\/mugi.lu\/fr\/?load=playlist.json&#038;title=&#038;albums=2214&#038;category=&#038;posts_not_in=&#038;category_not_in=&#038;author=&#038;feed_title=&#038;feed=&#038;feed_img=&#038;el_widget_id=&#038;artwork=&#038;posts_per_pages=-1&#038;all_category=&#038;single_playlist=&#038;reverse_tracklist=&#038;audio_meta_field=&#038;repeater_meta_field=&#038;import_file=&#038;rss_items=-1&#038;rss_item_title=&#038;is_favorite=&#038;is_recentlyplayed=&#038;srp_order=date_DESC\" data-sticky-player=\"\" data-shuffle=\"false\" data-playlist_title=\"\" data-scrollbar=\"\" data-wave-color=\"\" data-wave-progress-color=\"\" data-spectro=\"\" data-no-wave=\"\" data-hide-progressbar=\"\" data-notrackskip=\"\" data-no-loop-tracklist=\"\" data-playertemplate=\"skin_boxed_tracklist\" data-hide-artwork=\"1\" data-speedrate=\"1\" data-tracks-per-page=\"\" data-pagination_scroll_offset=\"\" data-adaptive-colors=\"\" data-adaptive-colors-freeze=\"\" style=\"opacity:0\"><div class=\"srp_player_boxed srp_player_grid\"><div class=\"album-player sr_waveform_mediaElement\"><div class=\"srp_player_meta\"><\/div><div class=\"srp_control_box\">\n            <div role=\"button\" class=\"srp-play-button play\" aria-label=\"Play\">\n                <i class=\"sricon-play\"><\/i>\n                <div class=\"srp-play-circle\"><\/div>\n            <\/div><div class=\"srp_wave_box\"> <div class=\"player sr_player__inline \"><div class=\"sr_progressbar\">\n                \n            <div class=\"currentTime\">00:00<\/div>\n         \n                <div id=\"arbitrary-instance-69f31b2fbece0-b4bb8d5043-wave\" class=\"wave\">\n                 \n        <div class=\"sonaar_fake_wave\" style=\"height:40px\"> \n            <audio src=\"\" class=\"sonaar_media_element\"><\/audio> \n            <div class=\"sonaar_wave_base\"> \n                <canvas id=\"sonaar_wave_base_canvas\" class=\"\" height=\"40\" width=\"2540\"><\/canvas> \n                <svg><\/svg> \n            <\/div> \n            <div class=\"sonaar_wave_cut\"> \n                <canvas id=\"sonaar_wave_cut_canvas\" class=\"\" height=\"40\" width=\"2540\"><\/canvas> \n                <svg><\/svg> \n            <\/div> \n        <\/div> \n                <\/div>\n                \n            <div class=\"totalTime\"><\/div>\n         \n             <\/div><\/div><div class=\"srp_main_control\"><div class=\"control\"><div role=\"button\" class=\"play\" style=\"opacity:0\" aria-label=\"Play\" title=\"\">\n                <i class=\"sricon-play\"><\/i>\n            <\/div><div class=\"srp_track_cta\"><\/div><\/div><\/div><\/div><\/div><\/div><\/div><div class=\"playlist sr_waveform_mediaElement\" id=\"playlist_arbitrary-instance-69f31b2fbece0\"><div class=\"srp_tracklist\"><ul class=\"srp_list\"><li class=\"sr-playlist-item\" data-audiopath=\"https:\/\/mugi.lu\/wp-content\/uploads\/2024\/02\/13_JBG_CNA_AU_CLT_TAPE_15632_02.mp3\" data-showloading=\"1\" data-albumTitle=\"JBG13\" data-albumArt=\"\" data-releasedate=\"\" data-date=\"2024\/02\/23\" data-date-formated=\"23 f\u00e9vrier 2024\" data-show-date=\"\" data-trackTitle=\"13_JBG_CNA_AU_CLT_TAPE_15632_02\" data-artist=\"\" data-trackID=\"2135\" data-trackTime=\"1:40\" data-relatedTrack=\"\" data-post-url=\"\" data-post-id=\"2214\" data-track-pos=\"0\" data-peakFile=\"https:\/\/mugi.lu\/wp-content\/uploads\/audio_peaks\/2135.peak\" data-peakFile-allow=\"1\" data-is-preview=\"\" data-track-lyric=\"\" data-icecast_json=\"\" data-icecast_mount=\"\"><div class=\"sr-playlist-item-flex\"><span class=\"store-list\"><\/span><\/div><div class=\"srp_track_description\"><\/div><\/li><\/ul><\/div><\/div><div class=\"album-store\"><\/div><\/div>\n        var srp_player_params_69f31b2fbece0 = {\u00ab\u00a0title\u00a0\u00bb:\u00a0\u00bb\u00a0\u00bb,\u00a0\u00bbstore_title_text\u00a0\u00bb:\u00a0\u00bb\u00a0\u00bb,\u00a0\u00bbalbums\u00a0\u00bb:\u00a0\u00bb2214&Prime;,\u00a0\u00bbhide_artwork\u00a0\u00bb:\u00a0\u00bbtrue\u00a0\u00bb,\u00a0\u00bbsticky_player\u00a0\u00bb:\u00a0\u00bb\u00a0\u00bb,\u00a0\u00bbshow_album_market\u00a0\u00bb:\u00a0\u00bb1&Prime;,\u00a0\u00bbshow_track_market\u00a0\u00bb:\u00a0\u00bb1&Prime;,\u00a0\u00bbhide_timeline\u00a0\u00bb:\u00a0\u00bb\u00a0\u00bb,\u00a0\u00bbtitletag_soundwave\u00a0\u00bb:\u00a0\u00bbdiv\u00a0\u00bb,\u00a0\u00bbtitletag_playlist\u00a0\u00bb:\u00a0\u00bbh3&Prime;,\u00a0\u00bbshow_playlist\u00a0\u00bb:\u00a0\u00bb\u00a0\u00bb,\u00a0\u00bbwave_color\u00a0\u00bb:\u00a0\u00bb\u00a0\u00bb,\u00a0\u00bbwave_progress_color\u00a0\u00bb:\u00a0\u00bb\u00a0\u00bb,\u00a0\u00bbshuffle\u00a0\u00bb:\u00a0\u00bb\u00a0\u00bb,\u00a0\u00bbreverse_tracklist\u00a0\u00bb:\u00a0\u00bb\u00a0\u00bb,\u00a0\u00bbsearchbar\u00a0\u00bb:\u00a0\u00bbfalse\u00a0\u00bb,\u00a0\u00bbtrack_desc_lenght\u00a0\u00bb:\u00a0\u00bb55&Prime;,\u00a0\u00bbstrip_html_track_desc\u00a0\u00bb:\u00a0\u00bbtrue\u00a0\u00bb,\u00a0\u00bbplayer_layout\u00a0\u00bb:\u00a0\u00bbskin_boxed_tracklist\u00a0\u00bb,\u00a0\u00bbhide_progressbar\u00a0\u00bb:\u00a0\u00bbfalse\u00a0\u00bb,\u00a0\u00bbuse_play_label\u00a0\u00bb:\u00a0\u00bbfalse\u00a0\u00bb,\u00a0\u00bbuse_play_label_with_icon\u00a0\u00bb:\u00a0\u00bbtrue\u00a0\u00bb,\u00a0\u00bborderby\u00a0\u00bb:\u00a0\u00bbdate\u00a0\u00bb,\u00a0\u00bborder\u00a0\u00bb:\u00a0\u00bbDESC\u00a0\u00bb,\u00a0\u00bbhide_album_title\u00a0\u00bb:\u00a0\u00bbtrue\u00a0\u00bb,\u00a0\u00bbhide_album_subtitle\u00a0\u00bb:\u00a0\u00bbtrue\u00a0\u00bb,\u00a0\u00bbhide_player_title\u00a0\u00bb:\u00a0\u00bbtrue\u00a0\u00bb,\u00a0\u00bbhide_track_title\u00a0\u00bb:\u00a0\u00bbtrue\u00a0\u00bb,\u00a0\u00bbshow_publish_date\u00a0\u00bb:\u00a0\u00bbfalse\u00a0\u00bb,\u00a0\u00bbshow_skip_bt\u00a0\u00bb:\u00a0\u00bbfalse\u00a0\u00bb,\u00a0\u00bbshow_volume_bt\u00a0\u00bb:\u00a0\u00bbfalse\u00a0\u00bb,\u00a0\u00bbshow_speed_bt\u00a0\u00bb:\u00a0\u00bbfalse\u00a0\u00bb,\u00a0\u00bbshow_shuffle_bt\u00a0\u00bb:\u00a0\u00bbfalse\u00a0\u00bb,\u00a0\u00bbprogressbar_inline\u00a0\u00bb:\u00a0\u00bbtrue\u00a0\u00bb,\u00a0\u00bbspectro\u00a0\u00bb:\u00a0\u00bb\u00a0\u00bb,\u00a0\u00bbinline\u00a0\u00bb:\u00a0\u00bbfalse\u00a0\u00bb,\u00a0\u00bbmain_settings\u00a0\u00bb:\u00a0\u00bb||\u00a0\u00bb} \n        var srp_player_params_args_69f31b2fbece0 = {\u00ab\u00a0before_widget\u00a0\u00bb:\u00a0\u00bb<article id=\"arbitrary-instance-69f31b2fbece0\" class=\"iron_widget_radio srp_player_button\">\u00ab\u00a0,\u00a0\u00bbafter_widget\u00a0\u00bb:\u00a0\u00bb\u00a0\u00bb,\u00a0\u00bbbefore_title\u00a0\u00bb:\u00a0\u00bb<span class='heading-t3'><h3 class=\"widgettitle\">\u00ab\u00a0,\u00a0\u00bbafter_title\u00a0\u00bb:\u00a0\u00bb\u00a0\u00bb,\u00a0\u00bbwidget_id\u00a0\u00bb:\u00a0\u00bbarbitrary-instance-69f31b2fbece0&Prime;}  \n        if(typeof setIronAudioplayers !== \u00ab\u00a0undefined\u00a0\u00bb){ setIronAudioplayers(\u00ab\u00a0arbitrary-instance-69f31b2fbece0\u00a0\u00bb); }<\/article><\/div><\/div>\n\n\n<h5 class=\"wp-block-heading\">Manuel De Falla:<em> <em>Nana<\/em> <\/em>(anonyme) de:<em> <em>Sept Chansons Espagnoles<\/em><\/em><\/h5>\n\n\n\n<p>Annette Theis-Bisdorff (alto), Jeannette Braun-Giampellegrini (piano)<\/p>\n\n\n\n<p>Enregistrement <em>Radio Luxembourg<\/em>, 15.10.1990<\/p>\n\n\n\n<p>\u00a9 CNA \/ CLT<\/p>\n<\/div>\n<\/div>\n<\/div><\/div>\n<\/div><\/div>\n\n\t\t\t<\/div>\n\n\t\t\t<button class=\"composer-tab__button composer-tab--color-primary\">\n\t\t\t<span class=\"composer-tab__icon--music\"><\/span>\n\t\t\t<span>Musique<\/span>\n\t\t<\/button>\n\t\n<\/div>\n\n\n\n<div class=\"composer-tab\" style=\"display: none;\" data-composer-tab-color=\"orange\">\n\n\t<div class=\"composer-tab__badge composer-tab__badge-orange\">\n\t\t<span class=\"composer-tab__icon--photos\"><\/span>\n\t\t<span class=\"composer-tab__circular-title\">Photos<\/span>\n\t<\/div>\n\n\t<div class=\"composer-tab__content\">\n\t\t\t\t\t\n\n<div class=\"wp-block-getwid-images-slider has-arrows-inside has-dots-none has-captions captions-style-light captions-bottom-center is-carousel has-slides-gap-normal has-images-center has-fitted-images has-fixed-height\"><div class=\"wp-block-getwid-images-slider__wrapper\" data-effect=\"slide\" data-slides-show=\"3\" data-slides-show-laptop=\"3\" data-slides-show-tablet=\"2\" data-slides-show-mobile=\"1\" data-slides-scroll=\"1\" data-autoplay=\"false\" data-pause-hover=\"false\" data-autoplay-speed=\"6000\" data-infinite=\"false\" data-animation-speed=\"500\" data-center-mode=\"false\" data-variable-width=\"false\" data-arrows=\"inside\" data-dots=\"none\" data-spacing=\"normal\"><div class=\"wp-block-getwid-images-slider__item getwid-reset-height-tablet getwid-reset-height-mobile\" style=\"height:40vh\"><a href=\"https:\/\/mugi.lu\/wp-content\/uploads\/2024\/01\/01-photo034-a-side4.jpg\"><figure><img loading=\"lazy\" decoding=\"async\" width=\"1151\" height=\"1799\" src=\"https:\/\/mugi.lu\/wp-content\/uploads\/2024\/01\/01-photo034-a-side4.jpg\" data-id=\"1178\" data-link=\"https:\/\/mugi.lu\/fr\/01-photo034-a-side4-2\/\" data-original-link=\"https:\/\/mugi.lu\/wp-content\/uploads\/2024\/01\/01-photo034-a-side4.jpg\" class=\"wp-block-getwid-images-slider__image wp-image-1178\" srcset=\"https:\/\/mugi.lu\/wp-content\/uploads\/2024\/01\/01-photo034-a-side4.jpg 1151w, https:\/\/mugi.lu\/wp-content\/uploads\/2024\/01\/01-photo034-a-side4-192x300.jpg 192w, https:\/\/mugi.lu\/wp-content\/uploads\/2024\/01\/01-photo034-a-side4-655x1024.jpg 655w, https:\/\/mugi.lu\/wp-content\/uploads\/2024\/01\/01-photo034-a-side4-768x1200.jpg 768w, https:\/\/mugi.lu\/wp-content\/uploads\/2024\/01\/01-photo034-a-side4-983x1536.jpg 983w\" sizes=\"auto, (max-width: 1151px) 100vw, 1151px\" \/><figcaption class=\"wp-block-getwid-images-slider__caption\">&lt;strong&gt;Jeannette Giampellegrini en 1956 \u00e0 Paris, Quai de Valmy, M\u00e9tro Jean Jaur\u00e8s&lt;\/strong&gt;\nArchives priv\u00e9es JBG<\/figcaption><\/figure><\/a><\/div><div class=\"wp-block-getwid-images-slider__item getwid-reset-height-tablet getwid-reset-height-mobile\" style=\"height:40vh\"><a href=\"https:\/\/mugi.lu\/wp-content\/uploads\/2024\/01\/02-photo006-a-recto-verso.jpg\"><figure><img loading=\"lazy\" decoding=\"async\" width=\"1920\" height=\"707\" src=\"https:\/\/mugi.lu\/wp-content\/uploads\/2024\/01\/02-photo006-a-recto-verso.jpg\" data-id=\"1181\" data-link=\"https:\/\/mugi.lu\/fr\/02-photo006-a-recto-verso-2\/\" data-original-link=\"https:\/\/mugi.lu\/wp-content\/uploads\/2024\/01\/02-photo006-a-recto-verso.jpg\" class=\"wp-block-getwid-images-slider__image wp-image-1181\" srcset=\"https:\/\/mugi.lu\/wp-content\/uploads\/2024\/01\/02-photo006-a-recto-verso.jpg 1920w, https:\/\/mugi.lu\/wp-content\/uploads\/2024\/01\/02-photo006-a-recto-verso-300x110.jpg 300w, https:\/\/mugi.lu\/wp-content\/uploads\/2024\/01\/02-photo006-a-recto-verso-1024x377.jpg 1024w, https:\/\/mugi.lu\/wp-content\/uploads\/2024\/01\/02-photo006-a-recto-verso-768x283.jpg 768w, https:\/\/mugi.lu\/wp-content\/uploads\/2024\/01\/02-photo006-a-recto-verso-1536x566.jpg 1536w, https:\/\/mugi.lu\/wp-content\/uploads\/2024\/01\/02-photo006-a-recto-verso-1850x681.jpg 1850w\" sizes=\"auto, (max-width: 1920px) 100vw, 1920px\" \/><figcaption class=\"wp-block-getwid-images-slider__caption\">&lt;strong&gt;Classe de d\u00e9chiffrage d\u2019Elsa Barraine au &lt;i&gt;Conservatoire de Paris&lt;\/i&gt;, Jeannette Giampellegrini : 6e \u00e0 partir de la gauche, 1956&lt;\/strong&gt;\nArchives priv\u00e9es JBG<\/figcaption><\/figure><\/a><\/div><div class=\"wp-block-getwid-images-slider__item getwid-reset-height-tablet getwid-reset-height-mobile\" style=\"height:40vh\"><a href=\"https:\/\/mugi.lu\/wp-content\/uploads\/2024\/01\/03-photo003-a-side.jpg\"><figure><img loading=\"lazy\" decoding=\"async\" width=\"1914\" height=\"1417\" src=\"https:\/\/mugi.lu\/wp-content\/uploads\/2024\/01\/03-photo003-a-side.jpg\" data-id=\"1184\" data-link=\"https:\/\/mugi.lu\/fr\/03-photo003-a-side-2\/\" data-original-link=\"https:\/\/mugi.lu\/wp-content\/uploads\/2024\/01\/03-photo003-a-side.jpg\" class=\"wp-block-getwid-images-slider__image wp-image-1184\" srcset=\"https:\/\/mugi.lu\/wp-content\/uploads\/2024\/01\/03-photo003-a-side.jpg 1914w, https:\/\/mugi.lu\/wp-content\/uploads\/2024\/01\/03-photo003-a-side-300x222.jpg 300w, https:\/\/mugi.lu\/wp-content\/uploads\/2024\/01\/03-photo003-a-side-1024x758.jpg 1024w, https:\/\/mugi.lu\/wp-content\/uploads\/2024\/01\/03-photo003-a-side-768x569.jpg 768w, https:\/\/mugi.lu\/wp-content\/uploads\/2024\/01\/03-photo003-a-side-1536x1137.jpg 1536w, https:\/\/mugi.lu\/wp-content\/uploads\/2024\/01\/03-photo003-a-side-500x370.jpg 500w, https:\/\/mugi.lu\/wp-content\/uploads\/2024\/01\/03-photo003-a-side-1850x1370.jpg 1850w\" sizes=\"auto, (max-width: 1914px) 100vw, 1914px\" \/><figcaption class=\"wp-block-getwid-images-slider__caption\">&lt;strong&gt;Classe de piano de Joseph Benvenuti au &lt;i&gt;Conservatoire de Paris&lt;\/i&gt;, Jeannette Giampellegrini : 1re rang\u00e9e, 3e \u00e0 partir de la gauche, Janvier 1957&lt;\/strong&gt;\nArchives priv\u00e9es JBG<\/figcaption><\/figure><\/a><\/div><div class=\"wp-block-getwid-images-slider__item getwid-reset-height-tablet getwid-reset-height-mobile\" style=\"height:40vh\"><a href=\"https:\/\/mugi.lu\/wp-content\/uploads\/2024\/01\/04-photo060-a-side.jpg\"><figure><img loading=\"lazy\" decoding=\"async\" width=\"1874\" height=\"1307\" src=\"https:\/\/mugi.lu\/wp-content\/uploads\/2024\/01\/04-photo060-a-side.jpg\" data-id=\"1187\" data-link=\"https:\/\/mugi.lu\/fr\/04-photo060-a-side-2\/\" data-original-link=\"https:\/\/mugi.lu\/wp-content\/uploads\/2024\/01\/04-photo060-a-side.jpg\" class=\"wp-block-getwid-images-slider__image wp-image-1187\" srcset=\"https:\/\/mugi.lu\/wp-content\/uploads\/2024\/01\/04-photo060-a-side.jpg 1874w, https:\/\/mugi.lu\/wp-content\/uploads\/2024\/01\/04-photo060-a-side-300x209.jpg 300w, https:\/\/mugi.lu\/wp-content\/uploads\/2024\/01\/04-photo060-a-side-1024x714.jpg 1024w, https:\/\/mugi.lu\/wp-content\/uploads\/2024\/01\/04-photo060-a-side-768x536.jpg 768w, https:\/\/mugi.lu\/wp-content\/uploads\/2024\/01\/04-photo060-a-side-1536x1071.jpg 1536w, https:\/\/mugi.lu\/wp-content\/uploads\/2024\/01\/04-photo060-a-side-1850x1290.jpg 1850w\" sizes=\"auto, (max-width: 1874px) 100vw, 1874px\" \/><figcaption class=\"wp-block-getwid-images-slider__caption\">&lt;strong&gt;Jeannette Braun-Giampellegrini et la violoniste Th\u00e9r\u00e8se Divry au &lt;i&gt;Concours Paganini&lt;\/i&gt;, dans la loge du &lt;i&gt;Th\u00e9\u00e2tre communale de Gen\u00e8ve&lt;\/i&gt;, 5.10.1962&lt;\/strong&gt;\nArchives priv\u00e9es JBG<\/figcaption><\/figure><\/a><\/div><div class=\"wp-block-getwid-images-slider__item getwid-reset-height-tablet getwid-reset-height-mobile\" style=\"height:40vh\"><a href=\"https:\/\/mugi.lu\/wp-content\/uploads\/2024\/01\/05-photo049-a-side.jpg\"><figure><img loading=\"lazy\" decoding=\"async\" width=\"1473\" height=\"1920\" src=\"https:\/\/mugi.lu\/wp-content\/uploads\/2024\/01\/05-photo049-a-side.jpg\" data-id=\"1190\" data-link=\"https:\/\/mugi.lu\/fr\/05-photo049-a-side-2\/\" data-original-link=\"https:\/\/mugi.lu\/wp-content\/uploads\/2024\/01\/05-photo049-a-side.jpg\" class=\"wp-block-getwid-images-slider__image wp-image-1190\" srcset=\"https:\/\/mugi.lu\/wp-content\/uploads\/2024\/01\/05-photo049-a-side.jpg 1473w, https:\/\/mugi.lu\/wp-content\/uploads\/2024\/01\/05-photo049-a-side-230x300.jpg 230w, https:\/\/mugi.lu\/wp-content\/uploads\/2024\/01\/05-photo049-a-side-786x1024.jpg 786w, https:\/\/mugi.lu\/wp-content\/uploads\/2024\/01\/05-photo049-a-side-768x1001.jpg 768w, https:\/\/mugi.lu\/wp-content\/uploads\/2024\/01\/05-photo049-a-side-1178x1536.jpg 1178w\" sizes=\"auto, (max-width: 1473px) 100vw, 1473px\" \/><figcaption class=\"wp-block-getwid-images-slider__caption\">&lt;strong&gt;La pianiste Jeannette Giampellgrini et la soprano Josette Knaff-Jacoby, 2me rang\u00e9e de gauche \u00e0 droite : le t\u00e9nor Robert Wagner, la basse Guillaume Schmitz et le compositeur Josy Asselborn, janvier 1963&lt;\/strong&gt;\nArchives priv\u00e9es JBG <\/figcaption><\/figure><\/a><\/div><div class=\"wp-block-getwid-images-slider__item getwid-reset-height-tablet getwid-reset-height-mobile\" style=\"height:40vh\"><a href=\"https:\/\/mugi.lu\/wp-content\/uploads\/2024\/01\/06-document001.jpg\"><figure><img loading=\"lazy\" decoding=\"async\" width=\"1354\" height=\"1899\" src=\"https:\/\/mugi.lu\/wp-content\/uploads\/2024\/01\/06-document001.jpg\" data-id=\"1193\" data-link=\"https:\/\/mugi.lu\/fr\/06-document001-2\/\" data-original-link=\"https:\/\/mugi.lu\/wp-content\/uploads\/2024\/01\/06-document001.jpg\" class=\"wp-block-getwid-images-slider__image wp-image-1193\" srcset=\"https:\/\/mugi.lu\/wp-content\/uploads\/2024\/01\/06-document001.jpg 1354w, https:\/\/mugi.lu\/wp-content\/uploads\/2024\/01\/06-document001-214x300.jpg 214w, https:\/\/mugi.lu\/wp-content\/uploads\/2024\/01\/06-document001-730x1024.jpg 730w, https:\/\/mugi.lu\/wp-content\/uploads\/2024\/01\/06-document001-768x1077.jpg 768w, https:\/\/mugi.lu\/wp-content\/uploads\/2024\/01\/06-document001-1095x1536.jpg 1095w\" sizes=\"auto, (max-width: 1354px) 100vw, 1354px\" \/><figcaption class=\"wp-block-getwid-images-slider__caption\">&lt;strong&gt;Jeannette Giampellegrini, concert au &lt;i&gt;Grand Casino&lt;\/i&gt; de Differdange, [12.12.1964] &lt;\/strong&gt;\nArchives priv\u00e9es JBG<\/figcaption><\/figure><\/a><\/div><div class=\"wp-block-getwid-images-slider__item getwid-reset-height-tablet getwid-reset-height-mobile\" style=\"height:40vh\"><a href=\"https:\/\/mugi.lu\/wp-content\/uploads\/2024\/01\/07-photo056-a-side.jpg\"><figure><img loading=\"lazy\" decoding=\"async\" width=\"1821\" height=\"1249\" src=\"https:\/\/mugi.lu\/wp-content\/uploads\/2024\/01\/07-photo056-a-side.jpg\" data-id=\"1196\" data-link=\"https:\/\/mugi.lu\/fr\/07-photo056-a-side-2\/\" data-original-link=\"https:\/\/mugi.lu\/wp-content\/uploads\/2024\/01\/07-photo056-a-side.jpg\" class=\"wp-block-getwid-images-slider__image wp-image-1196\" srcset=\"https:\/\/mugi.lu\/wp-content\/uploads\/2024\/01\/07-photo056-a-side.jpg 1821w, https:\/\/mugi.lu\/wp-content\/uploads\/2024\/01\/07-photo056-a-side-300x206.jpg 300w, https:\/\/mugi.lu\/wp-content\/uploads\/2024\/01\/07-photo056-a-side-1024x702.jpg 1024w, https:\/\/mugi.lu\/wp-content\/uploads\/2024\/01\/07-photo056-a-side-768x527.jpg 768w, https:\/\/mugi.lu\/wp-content\/uploads\/2024\/01\/07-photo056-a-side-1536x1054.jpg 1536w\" sizes=\"auto, (max-width: 1821px) 100vw, 1821px\" \/><figcaption class=\"wp-block-getwid-images-slider__caption\">&lt;strong&gt;Concert au &lt;i&gt;Grand Casino&lt;\/i&gt; de Differdange, accompagn\u00e9e par des musiciens de l'&lt;i&gt;Harmonie de Differdange&lt;\/i&gt;, [12.12.1964]&lt;\/strong&gt;\nArchives priv\u00e9es JBG <\/figcaption><\/figure><\/a><\/div><div class=\"wp-block-getwid-images-slider__item getwid-reset-height-tablet getwid-reset-height-mobile\" style=\"height:40vh\"><a href=\"https:\/\/mugi.lu\/wp-content\/uploads\/2024\/01\/08-photo046.jpg\"><figure><img loading=\"lazy\" decoding=\"async\" width=\"1317\" height=\"1920\" src=\"https:\/\/mugi.lu\/wp-content\/uploads\/2024\/01\/08-photo046.jpg\" data-id=\"1199\" data-link=\"https:\/\/mugi.lu\/fr\/08-photo046-2\/\" data-original-link=\"https:\/\/mugi.lu\/wp-content\/uploads\/2024\/01\/08-photo046.jpg\" class=\"wp-block-getwid-images-slider__image wp-image-1199\" srcset=\"https:\/\/mugi.lu\/wp-content\/uploads\/2024\/01\/08-photo046.jpg 1317w, https:\/\/mugi.lu\/wp-content\/uploads\/2024\/01\/08-photo046-206x300.jpg 206w, https:\/\/mugi.lu\/wp-content\/uploads\/2024\/01\/08-photo046-702x1024.jpg 702w, https:\/\/mugi.lu\/wp-content\/uploads\/2024\/01\/08-photo046-768x1120.jpg 768w, https:\/\/mugi.lu\/wp-content\/uploads\/2024\/01\/08-photo046-1054x1536.jpg 1054w\" sizes=\"auto, (max-width: 1317px) 100vw, 1317px\" \/><figcaption class=\"wp-block-getwid-images-slider__caption\">&lt;strong&gt;La jeune pianiste Jeannette Giampellgrini, s.d.&lt;\/strong&gt;\nArchives priv\u00e9es JBG<\/figcaption><\/figure><\/a><\/div><div class=\"wp-block-getwid-images-slider__item getwid-reset-height-tablet getwid-reset-height-mobile\" style=\"height:40vh\"><a href=\"https:\/\/mugi.lu\/wp-content\/uploads\/2024\/01\/09-photo-001-a-side.jpg\"><figure><img loading=\"lazy\" decoding=\"async\" width=\"1825\" height=\"1433\" src=\"https:\/\/mugi.lu\/wp-content\/uploads\/2024\/01\/09-photo-001-a-side.jpg\" data-id=\"1202\" data-link=\"https:\/\/mugi.lu\/fr\/09-photo-001-a-side-2\/\" data-original-link=\"https:\/\/mugi.lu\/wp-content\/uploads\/2024\/01\/09-photo-001-a-side.jpg\" class=\"wp-block-getwid-images-slider__image wp-image-1202\" srcset=\"https:\/\/mugi.lu\/wp-content\/uploads\/2024\/01\/09-photo-001-a-side.jpg 1825w, https:\/\/mugi.lu\/wp-content\/uploads\/2024\/01\/09-photo-001-a-side-300x236.jpg 300w, https:\/\/mugi.lu\/wp-content\/uploads\/2024\/01\/09-photo-001-a-side-1024x804.jpg 1024w, https:\/\/mugi.lu\/wp-content\/uploads\/2024\/01\/09-photo-001-a-side-768x603.jpg 768w, https:\/\/mugi.lu\/wp-content\/uploads\/2024\/01\/09-photo-001-a-side-1536x1206.jpg 1536w\" sizes=\"auto, (max-width: 1825px) 100vw, 1825px\" \/><figcaption class=\"wp-block-getwid-images-slider__caption\">&lt;strong&gt;Jeannette Braun-Giampellegrini au piano avec la basse Guillaume Schmitz (\u00e0 gauche), la soprano Sylvie Orazi (au centre) et le t\u00e9nor Eug\u00e8ne Bley (\u00e0 droite), s.d.&lt;\/strong&gt;\nArchives priv\u00e9es JBG<\/figcaption><\/figure><\/a><\/div><div class=\"wp-block-getwid-images-slider__item getwid-reset-height-tablet getwid-reset-height-mobile\" style=\"height:40vh\"><a href=\"https:\/\/mugi.lu\/wp-content\/uploads\/2024\/01\/10-photo-005.jpg\"><figure><img loading=\"lazy\" decoding=\"async\" width=\"1845\" height=\"1299\" src=\"https:\/\/mugi.lu\/wp-content\/uploads\/2024\/01\/10-photo-005.jpg\" data-id=\"1205\" data-link=\"https:\/\/mugi.lu\/fr\/10-photo-005-2\/\" data-original-link=\"https:\/\/mugi.lu\/wp-content\/uploads\/2024\/01\/10-photo-005.jpg\" class=\"wp-block-getwid-images-slider__image wp-image-1205\" srcset=\"https:\/\/mugi.lu\/wp-content\/uploads\/2024\/01\/10-photo-005.jpg 1845w, https:\/\/mugi.lu\/wp-content\/uploads\/2024\/01\/10-photo-005-300x211.jpg 300w, https:\/\/mugi.lu\/wp-content\/uploads\/2024\/01\/10-photo-005-1024x721.jpg 1024w, https:\/\/mugi.lu\/wp-content\/uploads\/2024\/01\/10-photo-005-768x541.jpg 768w, https:\/\/mugi.lu\/wp-content\/uploads\/2024\/01\/10-photo-005-1536x1081.jpg 1536w\" sizes=\"auto, (max-width: 1845px) 100vw, 1845px\" \/><figcaption class=\"wp-block-getwid-images-slider__caption\">&lt;strong&gt; &lt;i&gt;Quintette Luxembourgeois&lt;\/i&gt; : Jeannette Braun Giampellegrini avec (d.g.\u00e0.d.) Fran\u00e7ois Soumer, Fernand Michaux, Mathias Draut et Jules Strasser, s.d.&lt;\/strong&gt;\nArchives priv\u00e9es JBG<\/figcaption><\/figure><\/a><\/div><div class=\"wp-block-getwid-images-slider__item getwid-reset-height-tablet getwid-reset-height-mobile\" style=\"height:40vh\"><a href=\"https:\/\/mugi.lu\/wp-content\/uploads\/2024\/01\/11-jbg-onst-lidd-alk-034.jpg\"><figure><img loading=\"lazy\" decoding=\"async\" width=\"1920\" height=\"1388\" src=\"https:\/\/mugi.lu\/wp-content\/uploads\/2024\/01\/11-jbg-onst-lidd-alk-034.jpg\" data-id=\"1208\" data-link=\"https:\/\/mugi.lu\/fr\/11-jbg-onst-lidd-alk-034-2\/\" data-original-link=\"https:\/\/mugi.lu\/wp-content\/uploads\/2024\/01\/11-jbg-onst-lidd-alk-034.jpg\" class=\"wp-block-getwid-images-slider__image wp-image-1208\" srcset=\"https:\/\/mugi.lu\/wp-content\/uploads\/2024\/01\/11-jbg-onst-lidd-alk-034.jpg 1920w, https:\/\/mugi.lu\/wp-content\/uploads\/2024\/01\/11-jbg-onst-lidd-alk-034-300x217.jpg 300w, https:\/\/mugi.lu\/wp-content\/uploads\/2024\/01\/11-jbg-onst-lidd-alk-034-1024x740.jpg 1024w, https:\/\/mugi.lu\/wp-content\/uploads\/2024\/01\/11-jbg-onst-lidd-alk-034-768x555.jpg 768w, https:\/\/mugi.lu\/wp-content\/uploads\/2024\/01\/11-jbg-onst-lidd-alk-034-1536x1110.jpg 1536w, https:\/\/mugi.lu\/wp-content\/uploads\/2024\/01\/11-jbg-onst-lidd-alk-034-1850x1337.jpg 1850w\" sizes=\"auto, (max-width: 1920px) 100vw, 1920px\" \/><figcaption class=\"wp-block-getwid-images-slider__caption\">&lt;strong&gt;Ensemble &lt;i&gt;Onst Lidd&lt;\/i&gt; : Jeannette Braun-Giampellegrini au piano avec la soprano B\u00e9by Kohl-Thommes et (2e rang\u00e9e, d.g.\u00e0.d.:) le baryton Laurent Koster, la compositrice Lou Koster et le t\u00e9nor Venant Arend, s.d.&lt;\/strong&gt;\nArchives Lou Koster &lt;i&gt;CID Fraen an Gender&lt;\/i&gt;<\/figcaption><\/figure><\/a><\/div><div class=\"wp-block-getwid-images-slider__item getwid-reset-height-tablet getwid-reset-height-mobile\" style=\"height:40vh\"><a href=\"https:\/\/mugi.lu\/wp-content\/uploads\/2024\/01\/12-photo-008-a-side.jpg\"><figure><img loading=\"lazy\" decoding=\"async\" width=\"1356\" height=\"1920\" src=\"https:\/\/mugi.lu\/wp-content\/uploads\/2024\/01\/12-photo-008-a-side.jpg\" data-id=\"1211\" data-link=\"https:\/\/mugi.lu\/fr\/12-photo-008-a-side-2\/\" data-original-link=\"https:\/\/mugi.lu\/wp-content\/uploads\/2024\/01\/12-photo-008-a-side.jpg\" class=\"wp-block-getwid-images-slider__image wp-image-1211\" srcset=\"https:\/\/mugi.lu\/wp-content\/uploads\/2024\/01\/12-photo-008-a-side.jpg 1356w, https:\/\/mugi.lu\/wp-content\/uploads\/2024\/01\/12-photo-008-a-side-212x300.jpg 212w, https:\/\/mugi.lu\/wp-content\/uploads\/2024\/01\/12-photo-008-a-side-723x1024.jpg 723w, https:\/\/mugi.lu\/wp-content\/uploads\/2024\/01\/12-photo-008-a-side-768x1087.jpg 768w, https:\/\/mugi.lu\/wp-content\/uploads\/2024\/01\/12-photo-008-a-side-1085x1536.jpg 1085w\" sizes=\"auto, (max-width: 1356px) 100vw, 1356px\" \/><figcaption class=\"wp-block-getwid-images-slider__caption\">&lt;strong&gt;Jeannette Braun-Giampellegrini et la soprano Ren\u00e9e Bertemes-Roeder, s.d.&lt;\/strong&gt;\nArchives priv\u00e9es JBG<\/figcaption><\/figure><\/a><\/div><div class=\"wp-block-getwid-images-slider__item getwid-reset-height-tablet getwid-reset-height-mobile\" style=\"height:40vh\"><a href=\"https:\/\/mugi.lu\/wp-content\/uploads\/2024\/01\/13-photo051-a-side.jpg\"><figure><img loading=\"lazy\" decoding=\"async\" width=\"1374\" height=\"1920\" src=\"https:\/\/mugi.lu\/wp-content\/uploads\/2024\/01\/13-photo051-a-side.jpg\" data-id=\"1214\" data-link=\"https:\/\/mugi.lu\/fr\/13-photo051-a-side-2\/\" data-original-link=\"https:\/\/mugi.lu\/wp-content\/uploads\/2024\/01\/13-photo051-a-side.jpg\" class=\"wp-block-getwid-images-slider__image wp-image-1214\" srcset=\"https:\/\/mugi.lu\/wp-content\/uploads\/2024\/01\/13-photo051-a-side.jpg 1374w, https:\/\/mugi.lu\/wp-content\/uploads\/2024\/01\/13-photo051-a-side-215x300.jpg 215w, https:\/\/mugi.lu\/wp-content\/uploads\/2024\/01\/13-photo051-a-side-733x1024.jpg 733w, https:\/\/mugi.lu\/wp-content\/uploads\/2024\/01\/13-photo051-a-side-768x1073.jpg 768w, https:\/\/mugi.lu\/wp-content\/uploads\/2024\/01\/13-photo051-a-side-1099x1536.jpg 1099w\" sizes=\"auto, (max-width: 1374px) 100vw, 1374px\" \/><figcaption class=\"wp-block-getwid-images-slider__caption\">&lt;strong&gt;Jeannette Braun-Giampellgrini et Jean-Pierre Kemmer aux orgues de Bonnevoie, s.d.&lt;\/strong&gt;\nArchives priv\u00e9es JBG <\/figcaption><\/figure><\/a><\/div><div class=\"wp-block-getwid-images-slider__item getwid-reset-height-tablet getwid-reset-height-mobile\" style=\"height:40vh\"><a href=\"https:\/\/mugi.lu\/wp-content\/uploads\/2024\/01\/14-document002.jpg\"><figure><img loading=\"lazy\" decoding=\"async\" width=\"1333\" height=\"1920\" src=\"https:\/\/mugi.lu\/wp-content\/uploads\/2024\/01\/14-document002.jpg\" data-id=\"1217\" data-link=\"https:\/\/mugi.lu\/fr\/14-document002-2\/\" data-original-link=\"https:\/\/mugi.lu\/wp-content\/uploads\/2024\/01\/14-document002.jpg\" class=\"wp-block-getwid-images-slider__image wp-image-1217\" srcset=\"https:\/\/mugi.lu\/wp-content\/uploads\/2024\/01\/14-document002.jpg 1333w, https:\/\/mugi.lu\/wp-content\/uploads\/2024\/01\/14-document002-208x300.jpg 208w, https:\/\/mugi.lu\/wp-content\/uploads\/2024\/01\/14-document002-711x1024.jpg 711w, https:\/\/mugi.lu\/wp-content\/uploads\/2024\/01\/14-document002-768x1106.jpg 768w, https:\/\/mugi.lu\/wp-content\/uploads\/2024\/01\/14-document002-1066x1536.jpg 1066w\" sizes=\"auto, (max-width: 1333px) 100vw, 1333px\" \/><figcaption class=\"wp-block-getwid-images-slider__caption\">&lt;strong&gt;Jeannette Giampellegrini en 2003, photographi\u00e9e par Marco Schroeder&lt;\/strong&gt;\nArchives priv\u00e9es JBG<\/figcaption><\/figure><\/a><\/div><\/div><\/div>\n\n\t\t\t<\/div>\n\n\t\t\t<button class=\"composer-tab__button composer-tab--color-orange\">\n\t\t\t<span class=\"composer-tab__icon--photos\"><\/span>\n\t\t\t<span>Photos<\/span>\n\t\t<\/button>\n\t\n<\/div>\n\n\n\n<div class=\"composer-tab\" style=\"display: none;\" data-composer-tab-color=\"secondary\">\n\n\t<div class=\"composer-tab__badge composer-tab__badge-secondary\">\n\t\t<span class=\"composer-tab__icon--correspondence\"><\/span>\n\t\t<span class=\"composer-tab__circular-title\">Correspondance<\/span>\n\t<\/div>\n\n\t<div class=\"composer-tab__content\">\n\t\t\t\t\t\n\n<div class=\"wp-block-getwid-images-slider has-arrows-inside has-dots-none has-captions captions-style-light captions-bottom-center is-carousel has-slides-gap-normal has-images-center has-fitted-images has-fixed-height\"><div class=\"wp-block-getwid-images-slider__wrapper\" data-effect=\"slide\" data-slides-show=\"2\" data-slides-show-laptop=\"2\" data-slides-show-tablet=\"2\" data-slides-show-mobile=\"1\" data-slides-scroll=\"2\" data-autoplay=\"false\" data-pause-hover=\"false\" data-autoplay-speed=\"6000\" data-infinite=\"false\" data-animation-speed=\"500\" data-center-mode=\"false\" data-variable-width=\"false\" data-arrows=\"inside\" data-dots=\"none\" data-spacing=\"normal\"><div class=\"wp-block-getwid-images-slider__item getwid-reset-height-tablet getwid-reset-height-mobile\" style=\"height:40vh\"><a href=\"https:\/\/mugi.lu\/wp-content\/uploads\/2022\/09\/01-lettre-009-1.jpg\"><figure><img loading=\"lazy\" decoding=\"async\" width=\"1200\" height=\"924\" src=\"https:\/\/mugi.lu\/wp-content\/uploads\/2022\/09\/01-lettre-009-1.jpg\" data-id=\"1228\" data-link=\"https:\/\/mugi.lu\/fr\/sujet\/jeannette-braun-giampellegrini\/01-lettre-009-2-2\/\" data-original-link=\"https:\/\/mugi.lu\/wp-content\/uploads\/2022\/09\/01-lettre-009-1.jpg\" class=\"wp-block-getwid-images-slider__image wp-image-1228\" srcset=\"https:\/\/mugi.lu\/wp-content\/uploads\/2022\/09\/01-lettre-009-1.jpg 1200w, https:\/\/mugi.lu\/wp-content\/uploads\/2022\/09\/01-lettre-009-1-300x231.jpg 300w, https:\/\/mugi.lu\/wp-content\/uploads\/2022\/09\/01-lettre-009-1-1024x788.jpg 1024w, https:\/\/mugi.lu\/wp-content\/uploads\/2022\/09\/01-lettre-009-1-768x591.jpg 768w\" sizes=\"auto, (max-width: 1200px) 100vw, 1200px\" \/><figcaption class=\"wp-block-getwid-images-slider__caption\">&lt;strong&gt;Lettre de Madame Lepeuve, professeure de solf\u00e8ge au &lt;i&gt;Conservatoire de Paris&lt;\/i&gt;, \u00e0 Jeannette Giampellegrini, Sarg\u00e9-sur-Braye, 31.8.1955&lt;\/strong&gt;\nArchives priv\u00e9es JBG<\/figcaption><\/figure><\/a><\/div><div class=\"wp-block-getwid-images-slider__item getwid-reset-height-tablet getwid-reset-height-mobile\" style=\"height:40vh\"><a href=\"https:\/\/mugi.lu\/wp-content\/uploads\/2024\/02\/02-lettre-006.jpg\"><figure><img loading=\"lazy\" decoding=\"async\" width=\"2000\" height=\"2544\" src=\"https:\/\/mugi.lu\/wp-content\/uploads\/2024\/02\/02-lettre-006.jpg\" data-id=\"1932\" data-link=\"https:\/\/mugi.lu\/fr\/sujet\/jeannette-braun-giampellegrini\/02-lettre-006-2\/\" data-original-link=\"https:\/\/mugi.lu\/wp-content\/uploads\/2024\/02\/02-lettre-006.jpg\" class=\"wp-block-getwid-images-slider__image wp-image-1932\" srcset=\"https:\/\/mugi.lu\/wp-content\/uploads\/2024\/02\/02-lettre-006.jpg 2000w, https:\/\/mugi.lu\/wp-content\/uploads\/2024\/02\/02-lettre-006-236x300.jpg 236w, https:\/\/mugi.lu\/wp-content\/uploads\/2024\/02\/02-lettre-006-805x1024.jpg 805w, https:\/\/mugi.lu\/wp-content\/uploads\/2024\/02\/02-lettre-006-768x977.jpg 768w, https:\/\/mugi.lu\/wp-content\/uploads\/2024\/02\/02-lettre-006-1208x1536.jpg 1208w, https:\/\/mugi.lu\/wp-content\/uploads\/2024\/02\/02-lettre-006-1610x2048.jpg 1610w, https:\/\/mugi.lu\/wp-content\/uploads\/2024\/02\/02-lettre-006-1850x2353.jpg 1850w\" sizes=\"auto, (max-width: 2000px) 100vw, 2000px\" \/><figcaption class=\"wp-block-getwid-images-slider__caption\">&lt;strong&gt;Lettre de Simone Druilhe-Darrieulat, r\u00e9p\u00e9titrice de la classe de piano de Joseph Benvenuti, \u00e0 Jeannette Giampellegrini, Paris, 19.9.1956&lt;\/strong&gt;\nArchives priv\u00e9es JBG<\/figcaption><\/figure><\/a><\/div><div class=\"wp-block-getwid-images-slider__item getwid-reset-height-tablet getwid-reset-height-mobile\" style=\"height:40vh\"><a href=\"https:\/\/mugi.lu\/wp-content\/uploads\/2024\/02\/03-lettre-008.jpg\"><figure><img loading=\"lazy\" decoding=\"async\" width=\"2000\" height=\"1404\" src=\"https:\/\/mugi.lu\/wp-content\/uploads\/2024\/02\/03-lettre-008.jpg\" data-id=\"1935\" data-link=\"https:\/\/mugi.lu\/fr\/sujet\/jeannette-braun-giampellegrini\/03-lettre-008-2\/\" data-original-link=\"https:\/\/mugi.lu\/wp-content\/uploads\/2024\/02\/03-lettre-008.jpg\" class=\"wp-block-getwid-images-slider__image wp-image-1935\" srcset=\"https:\/\/mugi.lu\/wp-content\/uploads\/2024\/02\/03-lettre-008.jpg 2000w, https:\/\/mugi.lu\/wp-content\/uploads\/2024\/02\/03-lettre-008-300x211.jpg 300w, https:\/\/mugi.lu\/wp-content\/uploads\/2024\/02\/03-lettre-008-1024x719.jpg 1024w, https:\/\/mugi.lu\/wp-content\/uploads\/2024\/02\/03-lettre-008-768x539.jpg 768w, https:\/\/mugi.lu\/wp-content\/uploads\/2024\/02\/03-lettre-008-1536x1078.jpg 1536w, https:\/\/mugi.lu\/wp-content\/uploads\/2024\/02\/03-lettre-008-1850x1299.jpg 1850w\" sizes=\"auto, (max-width: 2000px) 100vw, 2000px\" \/><figcaption class=\"wp-block-getwid-images-slider__caption\">&lt;strong&gt;Lettre de Madame Traus, professeure de piano, \u00e0 Jeannette Giampellegrini, Luxembourg, 24.5.1957&lt;\/strong&gt;\nArchives priv\u00e9es JBG<\/figcaption><\/figure><\/a><\/div><div class=\"wp-block-getwid-images-slider__item getwid-reset-height-tablet getwid-reset-height-mobile\" style=\"height:40vh\"><a href=\"https:\/\/mugi.lu\/wp-content\/uploads\/2024\/02\/04-lettre-010.jpg\"><figure><img loading=\"lazy\" decoding=\"async\" width=\"1608\" height=\"2000\" src=\"https:\/\/mugi.lu\/wp-content\/uploads\/2024\/02\/04-lettre-010.jpg\" data-id=\"1938\" data-link=\"https:\/\/mugi.lu\/fr\/sujet\/jeannette-braun-giampellegrini\/04-lettre-010-2\/\" data-original-link=\"https:\/\/mugi.lu\/wp-content\/uploads\/2024\/02\/04-lettre-010.jpg\" class=\"wp-block-getwid-images-slider__image wp-image-1938\" srcset=\"https:\/\/mugi.lu\/wp-content\/uploads\/2024\/02\/04-lettre-010.jpg 1608w, https:\/\/mugi.lu\/wp-content\/uploads\/2024\/02\/04-lettre-010-241x300.jpg 241w, https:\/\/mugi.lu\/wp-content\/uploads\/2024\/02\/04-lettre-010-823x1024.jpg 823w, https:\/\/mugi.lu\/wp-content\/uploads\/2024\/02\/04-lettre-010-768x955.jpg 768w, https:\/\/mugi.lu\/wp-content\/uploads\/2024\/02\/04-lettre-010-1235x1536.jpg 1235w\" sizes=\"auto, (max-width: 1608px) 100vw, 1608px\" \/><figcaption class=\"wp-block-getwid-images-slider__caption\">&lt;strong&gt;Lettre de Madame Lepeuve, professeure de solf\u00e8ge au &lt;i&gt;Conservatoire de Paris&lt;\/i&gt;, \u00e0 Jeannette Giampellegrini, Saint-Cybardeaux, 5.9.1957&lt;\/strong&gt;\nArchives priv\u00e9es JBG<\/figcaption><\/figure><\/a><\/div><div class=\"wp-block-getwid-images-slider__item getwid-reset-height-tablet getwid-reset-height-mobile\" style=\"height:40vh\"><a href=\"https:\/\/mugi.lu\/wp-content\/uploads\/2024\/02\/05-lettre-004.jpg\"><figure><img loading=\"lazy\" decoding=\"async\" width=\"2000\" height=\"1019\" src=\"https:\/\/mugi.lu\/wp-content\/uploads\/2024\/02\/05-lettre-004.jpg\" data-id=\"1941\" data-link=\"https:\/\/mugi.lu\/fr\/sujet\/jeannette-braun-giampellegrini\/05-lettre-004-2\/\" data-original-link=\"https:\/\/mugi.lu\/wp-content\/uploads\/2024\/02\/05-lettre-004.jpg\" class=\"wp-block-getwid-images-slider__image wp-image-1941\" srcset=\"https:\/\/mugi.lu\/wp-content\/uploads\/2024\/02\/05-lettre-004.jpg 2000w, https:\/\/mugi.lu\/wp-content\/uploads\/2024\/02\/05-lettre-004-300x153.jpg 300w, https:\/\/mugi.lu\/wp-content\/uploads\/2024\/02\/05-lettre-004-1024x522.jpg 1024w, https:\/\/mugi.lu\/wp-content\/uploads\/2024\/02\/05-lettre-004-768x391.jpg 768w, https:\/\/mugi.lu\/wp-content\/uploads\/2024\/02\/05-lettre-004-1536x783.jpg 1536w, https:\/\/mugi.lu\/wp-content\/uploads\/2024\/02\/05-lettre-004-1850x943.jpg 1850w\" sizes=\"auto, (max-width: 2000px) 100vw, 2000px\" \/><figcaption class=\"wp-block-getwid-images-slider__caption\">&lt;strong&gt;Lettre de la S\u0153ur Marguerite Marie \u00e0 Jeannette Giampellegrini, Paris, 8.9.1957 &lt;\/strong&gt;\nArchives priv\u00e9es JBG<\/figcaption><\/figure><\/a><\/div><div class=\"wp-block-getwid-images-slider__item getwid-reset-height-tablet getwid-reset-height-mobile\" style=\"height:40vh\"><a href=\"https:\/\/mugi.lu\/wp-content\/uploads\/2024\/02\/06-carte-postale-001.jpg\"><figure><img loading=\"lazy\" decoding=\"async\" width=\"2000\" height=\"948\" src=\"https:\/\/mugi.lu\/wp-content\/uploads\/2024\/02\/06-carte-postale-001.jpg\" data-id=\"1944\" data-link=\"https:\/\/mugi.lu\/fr\/sujet\/jeannette-braun-giampellegrini\/06-carte-postale-001-2\/\" data-original-link=\"https:\/\/mugi.lu\/wp-content\/uploads\/2024\/02\/06-carte-postale-001.jpg\" class=\"wp-block-getwid-images-slider__image wp-image-1944\" srcset=\"https:\/\/mugi.lu\/wp-content\/uploads\/2024\/02\/06-carte-postale-001.jpg 2000w, https:\/\/mugi.lu\/wp-content\/uploads\/2024\/02\/06-carte-postale-001-300x142.jpg 300w, https:\/\/mugi.lu\/wp-content\/uploads\/2024\/02\/06-carte-postale-001-1024x485.jpg 1024w, https:\/\/mugi.lu\/wp-content\/uploads\/2024\/02\/06-carte-postale-001-768x364.jpg 768w, https:\/\/mugi.lu\/wp-content\/uploads\/2024\/02\/06-carte-postale-001-1536x728.jpg 1536w, https:\/\/mugi.lu\/wp-content\/uploads\/2024\/02\/06-carte-postale-001-1850x877.jpg 1850w\" sizes=\"auto, (max-width: 2000px) 100vw, 2000px\" \/><figcaption class=\"wp-block-getwid-images-slider__caption\">&lt;strong&gt;Carte postale de la professeure et compositrice Elsa Barraine (1910-1999) \u00e0 Jeannette Giampellegrini, Paris, 3.1.1959&lt;\/strong&gt;\nArchives priv\u00e9es JBG<\/figcaption><\/figure><\/a><\/div><div class=\"wp-block-getwid-images-slider__item getwid-reset-height-tablet getwid-reset-height-mobile\" style=\"height:40vh\"><a href=\"https:\/\/mugi.lu\/wp-content\/uploads\/2024\/02\/07-carte-postale-003.jpg\"><figure><img loading=\"lazy\" decoding=\"async\" width=\"2000\" height=\"644\" src=\"https:\/\/mugi.lu\/wp-content\/uploads\/2024\/02\/07-carte-postale-003.jpg\" data-id=\"1947\" data-link=\"https:\/\/mugi.lu\/fr\/sujet\/jeannette-braun-giampellegrini\/07-carte-postale-003-2\/\" data-original-link=\"https:\/\/mugi.lu\/wp-content\/uploads\/2024\/02\/07-carte-postale-003.jpg\" class=\"wp-block-getwid-images-slider__image wp-image-1947\" srcset=\"https:\/\/mugi.lu\/wp-content\/uploads\/2024\/02\/07-carte-postale-003.jpg 2000w, https:\/\/mugi.lu\/wp-content\/uploads\/2024\/02\/07-carte-postale-003-300x97.jpg 300w, https:\/\/mugi.lu\/wp-content\/uploads\/2024\/02\/07-carte-postale-003-1024x330.jpg 1024w, https:\/\/mugi.lu\/wp-content\/uploads\/2024\/02\/07-carte-postale-003-768x247.jpg 768w, https:\/\/mugi.lu\/wp-content\/uploads\/2024\/02\/07-carte-postale-003-1536x495.jpg 1536w, https:\/\/mugi.lu\/wp-content\/uploads\/2024\/02\/07-carte-postale-003-1850x596.jpg 1850w\" sizes=\"auto, (max-width: 2000px) 100vw, 2000px\" \/><figcaption class=\"wp-block-getwid-images-slider__caption\">&lt;strong&gt;Carte postale de la professeure et compositrice Elsa Barraine (1910-1999) \u00e0 Jeannette Giampellegrini, Paris, s.d.&lt;\/strong&gt;\nArchives priv\u00e9es JBG<\/figcaption><\/figure><\/a><\/div><div class=\"wp-block-getwid-images-slider__item getwid-reset-height-tablet getwid-reset-height-mobile\" style=\"height:40vh\"><a href=\"https:\/\/mugi.lu\/wp-content\/uploads\/2024\/02\/08-carte-postale-004.jpg\"><figure><img loading=\"lazy\" decoding=\"async\" width=\"2000\" height=\"925\" src=\"https:\/\/mugi.lu\/wp-content\/uploads\/2024\/02\/08-carte-postale-004.jpg\" data-id=\"1950\" data-link=\"https:\/\/mugi.lu\/fr\/sujet\/jeannette-braun-giampellegrini\/08-carte-postale-004-2\/\" data-original-link=\"https:\/\/mugi.lu\/wp-content\/uploads\/2024\/02\/08-carte-postale-004.jpg\" class=\"wp-block-getwid-images-slider__image wp-image-1950\" srcset=\"https:\/\/mugi.lu\/wp-content\/uploads\/2024\/02\/08-carte-postale-004.jpg 2000w, https:\/\/mugi.lu\/wp-content\/uploads\/2024\/02\/08-carte-postale-004-300x139.jpg 300w, https:\/\/mugi.lu\/wp-content\/uploads\/2024\/02\/08-carte-postale-004-1024x474.jpg 1024w, https:\/\/mugi.lu\/wp-content\/uploads\/2024\/02\/08-carte-postale-004-768x355.jpg 768w, https:\/\/mugi.lu\/wp-content\/uploads\/2024\/02\/08-carte-postale-004-1536x710.jpg 1536w, https:\/\/mugi.lu\/wp-content\/uploads\/2024\/02\/08-carte-postale-004-1850x856.jpg 1850w\" sizes=\"auto, (max-width: 2000px) 100vw, 2000px\" \/><figcaption class=\"wp-block-getwid-images-slider__caption\">&lt;strong&gt;Carte postale de la professeure et compositrice Elsa Barraine (1910-1999) \u00e0 Jeannette Giampellegrini, Paris, s.d.&lt;\/strong&gt;\nArchives priv\u00e9es JBG <\/figcaption><\/figure><\/a><\/div><div class=\"wp-block-getwid-images-slider__item getwid-reset-height-tablet getwid-reset-height-mobile\" style=\"height:40vh\"><a href=\"https:\/\/mugi.lu\/wp-content\/uploads\/2024\/02\/09-carte-postale-009.jpg\"><figure><img loading=\"lazy\" decoding=\"async\" width=\"2000\" height=\"906\" src=\"https:\/\/mugi.lu\/wp-content\/uploads\/2024\/02\/09-carte-postale-009.jpg\" data-id=\"1953\" data-link=\"https:\/\/mugi.lu\/fr\/sujet\/jeannette-braun-giampellegrini\/09-carte-postale-009-2\/\" data-original-link=\"https:\/\/mugi.lu\/wp-content\/uploads\/2024\/02\/09-carte-postale-009.jpg\" class=\"wp-block-getwid-images-slider__image wp-image-1953\" srcset=\"https:\/\/mugi.lu\/wp-content\/uploads\/2024\/02\/09-carte-postale-009.jpg 2000w, https:\/\/mugi.lu\/wp-content\/uploads\/2024\/02\/09-carte-postale-009-300x136.jpg 300w, https:\/\/mugi.lu\/wp-content\/uploads\/2024\/02\/09-carte-postale-009-1024x464.jpg 1024w, https:\/\/mugi.lu\/wp-content\/uploads\/2024\/02\/09-carte-postale-009-768x348.jpg 768w, https:\/\/mugi.lu\/wp-content\/uploads\/2024\/02\/09-carte-postale-009-1536x696.jpg 1536w, https:\/\/mugi.lu\/wp-content\/uploads\/2024\/02\/09-carte-postale-009-1850x838.jpg 1850w\" sizes=\"auto, (max-width: 2000px) 100vw, 2000px\" \/><figcaption class=\"wp-block-getwid-images-slider__caption\">&lt;strong&gt;Carte postale de la professeure et compositrice Elsa Barraine (1910-1999) \u00e0 Jeannette Giampellegrini, Paris, 6.2.1959&lt;\/strong&gt;\nArchives priv\u00e9es JBG<\/figcaption><\/figure><\/a><\/div><div class=\"wp-block-getwid-images-slider__item getwid-reset-height-tablet getwid-reset-height-mobile\" style=\"height:40vh\"><a href=\"https:\/\/mugi.lu\/wp-content\/uploads\/2024\/02\/10-carte-postale.jpg\"><figure><img loading=\"lazy\" decoding=\"async\" width=\"2000\" height=\"938\" src=\"https:\/\/mugi.lu\/wp-content\/uploads\/2024\/02\/10-carte-postale.jpg\" data-id=\"1956\" data-link=\"https:\/\/mugi.lu\/fr\/sujet\/jeannette-braun-giampellegrini\/10-carte-postale-2\/\" data-original-link=\"https:\/\/mugi.lu\/wp-content\/uploads\/2024\/02\/10-carte-postale.jpg\" class=\"wp-block-getwid-images-slider__image wp-image-1956\" srcset=\"https:\/\/mugi.lu\/wp-content\/uploads\/2024\/02\/10-carte-postale.jpg 2000w, https:\/\/mugi.lu\/wp-content\/uploads\/2024\/02\/10-carte-postale-300x141.jpg 300w, https:\/\/mugi.lu\/wp-content\/uploads\/2024\/02\/10-carte-postale-1024x480.jpg 1024w, https:\/\/mugi.lu\/wp-content\/uploads\/2024\/02\/10-carte-postale-768x360.jpg 768w, https:\/\/mugi.lu\/wp-content\/uploads\/2024\/02\/10-carte-postale-1536x720.jpg 1536w, https:\/\/mugi.lu\/wp-content\/uploads\/2024\/02\/10-carte-postale-1850x868.jpg 1850w\" sizes=\"auto, (max-width: 2000px) 100vw, 2000px\" \/><figcaption class=\"wp-block-getwid-images-slider__caption\">&lt;strong&gt;Carte postale du compositeur, pianiste et professeur Jean Hubeau (1917-1992) \u00e0 Jeannette Giampellgrini, Royau, 3.9. [sans ann\u00e9e]&lt;\/strong&gt;\nArchives priv\u00e9es JBG<\/figcaption><\/figure><\/a><\/div><\/div><\/div>\n\n\t\t\t<\/div>\n\n\t\t\t<button class=\"composer-tab__button composer-tab--color-secondary\">\n\t\t\t<span class=\"composer-tab__icon--correspondence\"><\/span>\n\t\t\t<span>Correspondance<\/span>\n\t\t<\/button>\n\t\n<\/div>\n\n\n\n<div class=\"composer-tab\" style=\"display: none;\" data-composer-tab-color=\"yellow\">\n\n\t<div class=\"composer-tab__badge composer-tab__badge-yellow\">\n\t\t<span class=\"composer-tab__icon--personal\"><\/span>\n\t\t<span class=\"composer-tab__circular-title\">Objets personnels <\/span>\n\t<\/div>\n\n\t<div class=\"composer-tab__content\">\n\t\t\t\t\t\n\n<div class=\"wp-block-getwid-images-slider has-arrows-inside has-dots-none has-captions captions-style-light captions-bottom-center is-carousel has-slides-gap-normal has-images-center has-fitted-images has-fixed-height\"><div class=\"wp-block-getwid-images-slider__wrapper\" data-effect=\"slide\" data-slides-show=\"3\" data-slides-show-laptop=\"3\" data-slides-show-tablet=\"2\" data-slides-show-mobile=\"1\" data-slides-scroll=\"1\" data-autoplay=\"false\" data-pause-hover=\"false\" data-autoplay-speed=\"6000\" data-infinite=\"false\" data-animation-speed=\"500\" data-center-mode=\"false\" data-variable-width=\"false\" data-arrows=\"inside\" data-dots=\"none\" data-spacing=\"normal\"><div class=\"wp-block-getwid-images-slider__item getwid-reset-height-tablet getwid-reset-height-mobile\" style=\"height:40vh\"><a href=\"https:\/\/mugi.lu\/wp-content\/uploads\/2024\/02\/01-concours-de-piano-fiche-1958-pages1-3.jpg\"><figure><img loading=\"lazy\" decoding=\"async\" width=\"2000\" height=\"1033\" src=\"https:\/\/mugi.lu\/wp-content\/uploads\/2024\/02\/01-concours-de-piano-fiche-1958-pages1-3.jpg\" data-id=\"1959\" data-link=\"https:\/\/mugi.lu\/fr\/sujet\/jeannette-braun-giampellegrini\/01-concours-de-piano-fiche-1958-pages1-3-2\/\" data-original-link=\"https:\/\/mugi.lu\/wp-content\/uploads\/2024\/02\/01-concours-de-piano-fiche-1958-pages1-3.jpg\" class=\"wp-block-getwid-images-slider__image wp-image-1959\" srcset=\"https:\/\/mugi.lu\/wp-content\/uploads\/2024\/02\/01-concours-de-piano-fiche-1958-pages1-3.jpg 2000w, https:\/\/mugi.lu\/wp-content\/uploads\/2024\/02\/01-concours-de-piano-fiche-1958-pages1-3-300x155.jpg 300w, https:\/\/mugi.lu\/wp-content\/uploads\/2024\/02\/01-concours-de-piano-fiche-1958-pages1-3-1024x529.jpg 1024w, https:\/\/mugi.lu\/wp-content\/uploads\/2024\/02\/01-concours-de-piano-fiche-1958-pages1-3-768x397.jpg 768w, https:\/\/mugi.lu\/wp-content\/uploads\/2024\/02\/01-concours-de-piano-fiche-1958-pages1-3-1536x793.jpg 1536w, https:\/\/mugi.lu\/wp-content\/uploads\/2024\/02\/01-concours-de-piano-fiche-1958-pages1-3-1850x956.jpg 1850w\" sizes=\"auto, (max-width: 2000px) 100vw, 2000px\" \/><figcaption class=\"wp-block-getwid-images-slider__caption\">&lt;strong&gt;Concours de piano sup\u00e9rieur au &lt;i&gt;Conservatoire de Paris&lt;\/i&gt;, 14.6.1958&lt;\/strong&gt;\nArchives priv\u00e9es JBG<\/figcaption><\/figure><\/a><\/div><div class=\"wp-block-getwid-images-slider__item getwid-reset-height-tablet getwid-reset-height-mobile\" style=\"height:40vh\"><a href=\"https:\/\/mugi.lu\/wp-content\/uploads\/2024\/02\/02-certificat-deleve001.jpg\"><figure><img loading=\"lazy\" decoding=\"async\" width=\"1293\" height=\"2000\" src=\"https:\/\/mugi.lu\/wp-content\/uploads\/2024\/02\/02-certificat-deleve001.jpg\" data-id=\"1962\" data-link=\"https:\/\/mugi.lu\/fr\/sujet\/jeannette-braun-giampellegrini\/02-certificat-deleve001-2\/\" data-original-link=\"https:\/\/mugi.lu\/wp-content\/uploads\/2024\/02\/02-certificat-deleve001.jpg\" class=\"wp-block-getwid-images-slider__image wp-image-1962\" srcset=\"https:\/\/mugi.lu\/wp-content\/uploads\/2024\/02\/02-certificat-deleve001.jpg 1293w, https:\/\/mugi.lu\/wp-content\/uploads\/2024\/02\/02-certificat-deleve001-194x300.jpg 194w, https:\/\/mugi.lu\/wp-content\/uploads\/2024\/02\/02-certificat-deleve001-662x1024.jpg 662w, https:\/\/mugi.lu\/wp-content\/uploads\/2024\/02\/02-certificat-deleve001-768x1188.jpg 768w, https:\/\/mugi.lu\/wp-content\/uploads\/2024\/02\/02-certificat-deleve001-993x1536.jpg 993w\" sizes=\"auto, (max-width: 1293px) 100vw, 1293px\" \/><figcaption class=\"wp-block-getwid-images-slider__caption\">&lt;strong&gt;Certificat d&rsquo;admission au &lt;i&gt;Conservatoire de Paris&lt;\/i&gt; en tant qu\u2019\u00e9l\u00e8ve de piano sup\u00e9rieur, ann\u00e9e scolaire 1958-1959&lt;\/strong&gt;\nArchives priv\u00e9es JBG<\/figcaption><\/figure><\/a><\/div><div class=\"wp-block-getwid-images-slider__item getwid-reset-height-tablet getwid-reset-height-mobile\" style=\"height:40vh\"><a href=\"https:\/\/mugi.lu\/wp-content\/uploads\/2024\/02\/03-lettre-011.jpg\"><figure><img loading=\"lazy\" decoding=\"async\" width=\"1428\" height=\"2000\" src=\"https:\/\/mugi.lu\/wp-content\/uploads\/2024\/02\/03-lettre-011.jpg\" data-id=\"1965\" data-link=\"https:\/\/mugi.lu\/fr\/sujet\/jeannette-braun-giampellegrini\/03-lettre-011-2\/\" data-original-link=\"https:\/\/mugi.lu\/wp-content\/uploads\/2024\/02\/03-lettre-011.jpg\" class=\"wp-block-getwid-images-slider__image wp-image-1965\" srcset=\"https:\/\/mugi.lu\/wp-content\/uploads\/2024\/02\/03-lettre-011.jpg 1428w, https:\/\/mugi.lu\/wp-content\/uploads\/2024\/02\/03-lettre-011-214x300.jpg 214w, https:\/\/mugi.lu\/wp-content\/uploads\/2024\/02\/03-lettre-011-731x1024.jpg 731w, https:\/\/mugi.lu\/wp-content\/uploads\/2024\/02\/03-lettre-011-768x1076.jpg 768w, https:\/\/mugi.lu\/wp-content\/uploads\/2024\/02\/03-lettre-011-1097x1536.jpg 1097w\" sizes=\"auto, (max-width: 1428px) 100vw, 1428px\" \/><figcaption class=\"wp-block-getwid-images-slider__caption\">&lt;strong&gt;Lettre envoy\u00e9e par la direction de l'&lt;i&gt;\u00c9cole Municipale de Musique d&rsquo;Esch-sur-Alzette&lt;\/i&gt; \u00e0 Jeannette Giampellegrini afin de l\u2019inviter comme membre de jury, 25.5.1959&lt;\/strong&gt;\nArchives priv\u00e9es JBG<\/figcaption><\/figure><\/a><\/div><div class=\"wp-block-getwid-images-slider__item getwid-reset-height-tablet getwid-reset-height-mobile\" style=\"height:40vh\"><a href=\"https:\/\/mugi.lu\/wp-content\/uploads\/2024\/02\/04-carte-dimmatriculation-1959-1960-a-side.jpg\"><figure><img loading=\"lazy\" decoding=\"async\" width=\"2000\" height=\"1331\" src=\"https:\/\/mugi.lu\/wp-content\/uploads\/2024\/02\/04-carte-dimmatriculation-1959-1960-a-side.jpg\" data-id=\"1968\" data-link=\"https:\/\/mugi.lu\/fr\/sujet\/jeannette-braun-giampellegrini\/04-carte-dimmatriculation-1959-1960-a-side-2\/\" data-original-link=\"https:\/\/mugi.lu\/wp-content\/uploads\/2024\/02\/04-carte-dimmatriculation-1959-1960-a-side.jpg\" class=\"wp-block-getwid-images-slider__image wp-image-1968\" srcset=\"https:\/\/mugi.lu\/wp-content\/uploads\/2024\/02\/04-carte-dimmatriculation-1959-1960-a-side.jpg 2000w, https:\/\/mugi.lu\/wp-content\/uploads\/2024\/02\/04-carte-dimmatriculation-1959-1960-a-side-300x200.jpg 300w, https:\/\/mugi.lu\/wp-content\/uploads\/2024\/02\/04-carte-dimmatriculation-1959-1960-a-side-1024x681.jpg 1024w, https:\/\/mugi.lu\/wp-content\/uploads\/2024\/02\/04-carte-dimmatriculation-1959-1960-a-side-768x511.jpg 768w, https:\/\/mugi.lu\/wp-content\/uploads\/2024\/02\/04-carte-dimmatriculation-1959-1960-a-side-1536x1022.jpg 1536w, https:\/\/mugi.lu\/wp-content\/uploads\/2024\/02\/04-carte-dimmatriculation-1959-1960-a-side-1850x1231.jpg 1850w\" sizes=\"auto, (max-width: 2000px) 100vw, 2000px\" \/><figcaption class=\"wp-block-getwid-images-slider__caption\">&lt;strong&gt;Carte d\u2019immatriculation du &lt;i&gt;Conservatoire National Sup\u00e9rieur de Musique de Paris&lt;\/i&gt;, ann\u00e9e scolaire 1959-1960&lt;\/strong&gt;\nArchives priv\u00e9es JBG<\/figcaption><\/figure><\/a><\/div><div class=\"wp-block-getwid-images-slider__item getwid-reset-height-tablet getwid-reset-height-mobile\" style=\"height:40vh\"><a href=\"https:\/\/mugi.lu\/wp-content\/uploads\/2024\/02\/05-mnef-1960-1961.jpeg\"><figure><img loading=\"lazy\" decoding=\"async\" width=\"2000\" height=\"652\" src=\"https:\/\/mugi.lu\/wp-content\/uploads\/2024\/02\/05-mnef-1960-1961.jpeg\" data-id=\"1971\" data-link=\"https:\/\/mugi.lu\/fr\/sujet\/jeannette-braun-giampellegrini\/05-mnef-1960-1961-2\/\" data-original-link=\"https:\/\/mugi.lu\/wp-content\/uploads\/2024\/02\/05-mnef-1960-1961.jpeg\" class=\"wp-block-getwid-images-slider__image wp-image-1971\" srcset=\"https:\/\/mugi.lu\/wp-content\/uploads\/2024\/02\/05-mnef-1960-1961.jpeg 2000w, https:\/\/mugi.lu\/wp-content\/uploads\/2024\/02\/05-mnef-1960-1961-300x98.jpeg 300w, https:\/\/mugi.lu\/wp-content\/uploads\/2024\/02\/05-mnef-1960-1961-1024x334.jpeg 1024w, https:\/\/mugi.lu\/wp-content\/uploads\/2024\/02\/05-mnef-1960-1961-768x250.jpeg 768w, https:\/\/mugi.lu\/wp-content\/uploads\/2024\/02\/05-mnef-1960-1961-1536x501.jpeg 1536w, https:\/\/mugi.lu\/wp-content\/uploads\/2024\/02\/05-mnef-1960-1961-1850x603.jpeg 1850w\" sizes=\"auto, (max-width: 2000px) 100vw, 2000px\" \/><figcaption class=\"wp-block-getwid-images-slider__caption\">&lt;strong&gt;Carte de membre de Jeannette Giampellegrini aupr\u00e8s de la &lt;i&gt;Mutuelle Nationale des \u00c9tudiants de France&lt;\/i&gt;, 1960-1961&lt;\/strong&gt;\nArchives priv\u00e9es JBG<\/figcaption><\/figure><\/a><\/div><div class=\"wp-block-getwid-images-slider__item getwid-reset-height-tablet getwid-reset-height-mobile\" style=\"height:40vh\"><a href=\"https:\/\/mugi.lu\/wp-content\/uploads\/2024\/02\/06-document092.jpg\"><figure><img loading=\"lazy\" decoding=\"async\" width=\"1404\" height=\"2000\" src=\"https:\/\/mugi.lu\/wp-content\/uploads\/2024\/02\/06-document092.jpg\" data-id=\"1974\" data-link=\"https:\/\/mugi.lu\/fr\/sujet\/jeannette-braun-giampellegrini\/06-document092-2\/\" data-original-link=\"https:\/\/mugi.lu\/wp-content\/uploads\/2024\/02\/06-document092.jpg\" class=\"wp-block-getwid-images-slider__image wp-image-1974\" srcset=\"https:\/\/mugi.lu\/wp-content\/uploads\/2024\/02\/06-document092.jpg 1404w, https:\/\/mugi.lu\/wp-content\/uploads\/2024\/02\/06-document092-211x300.jpg 211w, https:\/\/mugi.lu\/wp-content\/uploads\/2024\/02\/06-document092-719x1024.jpg 719w, https:\/\/mugi.lu\/wp-content\/uploads\/2024\/02\/06-document092-768x1094.jpg 768w, https:\/\/mugi.lu\/wp-content\/uploads\/2024\/02\/06-document092-1078x1536.jpg 1078w\" sizes=\"auto, (max-width: 1404px) 100vw, 1404px\" \/><figcaption class=\"wp-block-getwid-images-slider__caption\">&lt;strong&gt;Contrat conclu par &lt;i&gt;RTL&lt;\/i&gt; avec Jeannette Giampellegrini pour une prestation musicale, 16.10.1963 &lt;\/strong&gt;\nArchives priv\u00e9es JBG<\/figcaption><\/figure><\/a><\/div><div class=\"wp-block-getwid-images-slider__item getwid-reset-height-tablet getwid-reset-height-mobile\" style=\"height:40vh\"><a href=\"https:\/\/mugi.lu\/wp-content\/uploads\/2024\/02\/07-photo-013.jpg\"><figure><img loading=\"lazy\" decoding=\"async\" width=\"1486\" height=\"2000\" src=\"https:\/\/mugi.lu\/wp-content\/uploads\/2024\/02\/07-photo-013.jpg\" data-id=\"1977\" data-link=\"https:\/\/mugi.lu\/fr\/sujet\/jeannette-braun-giampellegrini\/07-photo-013-2\/\" data-original-link=\"https:\/\/mugi.lu\/wp-content\/uploads\/2024\/02\/07-photo-013.jpg\" class=\"wp-block-getwid-images-slider__image wp-image-1977\" srcset=\"https:\/\/mugi.lu\/wp-content\/uploads\/2024\/02\/07-photo-013.jpg 1486w, https:\/\/mugi.lu\/wp-content\/uploads\/2024\/02\/07-photo-013-223x300.jpg 223w, https:\/\/mugi.lu\/wp-content\/uploads\/2024\/02\/07-photo-013-761x1024.jpg 761w, https:\/\/mugi.lu\/wp-content\/uploads\/2024\/02\/07-photo-013-768x1034.jpg 768w, https:\/\/mugi.lu\/wp-content\/uploads\/2024\/02\/07-photo-013-1141x1536.jpg 1141w\" sizes=\"auto, (max-width: 1486px) 100vw, 1486px\" \/><figcaption class=\"wp-block-getwid-images-slider__caption\">&lt;strong&gt;Dessin du peintre luxembourgeois Ren\u00e9 Weyland avec d\u00e9dicace \u00e0 l\u2019occasion du concert de Jeannette Giampellegrini du 3.10.1964 au th\u00e9\u00e2tre Esch-sur-Alzette&lt;\/strong&gt;\nArchives priv\u00e9es JBG<\/figcaption><\/figure><\/a><\/div><div class=\"wp-block-getwid-images-slider__item getwid-reset-height-tablet getwid-reset-height-mobile\" style=\"height:40vh\"><a href=\"https:\/\/mugi.lu\/wp-content\/uploads\/2024\/02\/08-document120-pages-1-4.jpg\"><figure><img loading=\"lazy\" decoding=\"async\" width=\"2000\" height=\"836\" src=\"https:\/\/mugi.lu\/wp-content\/uploads\/2024\/02\/08-document120-pages-1-4.jpg\" data-id=\"1980\" data-link=\"https:\/\/mugi.lu\/fr\/sujet\/jeannette-braun-giampellegrini\/08-document120-pages-1-4-2\/\" data-original-link=\"https:\/\/mugi.lu\/wp-content\/uploads\/2024\/02\/08-document120-pages-1-4.jpg\" class=\"wp-block-getwid-images-slider__image wp-image-1980\" srcset=\"https:\/\/mugi.lu\/wp-content\/uploads\/2024\/02\/08-document120-pages-1-4.jpg 2000w, https:\/\/mugi.lu\/wp-content\/uploads\/2024\/02\/08-document120-pages-1-4-300x125.jpg 300w, https:\/\/mugi.lu\/wp-content\/uploads\/2024\/02\/08-document120-pages-1-4-1024x428.jpg 1024w, https:\/\/mugi.lu\/wp-content\/uploads\/2024\/02\/08-document120-pages-1-4-768x321.jpg 768w, https:\/\/mugi.lu\/wp-content\/uploads\/2024\/02\/08-document120-pages-1-4-1536x642.jpg 1536w, https:\/\/mugi.lu\/wp-content\/uploads\/2024\/02\/08-document120-pages-1-4-1850x773.jpg 1850w\" sizes=\"auto, (max-width: 2000px) 100vw, 2000px\" \/><figcaption class=\"wp-block-getwid-images-slider__caption\">&lt;strong&gt;Flyer du &lt;i&gt;Quintette Luxembourgeois&lt;\/i&gt;, s.d.&lt;\/strong&gt;\nArchives priv\u00e9es JBG<\/figcaption><\/figure><\/a><\/div><div class=\"wp-block-getwid-images-slider__item getwid-reset-height-tablet getwid-reset-height-mobile\" style=\"height:40vh\"><a href=\"https:\/\/mugi.lu\/wp-content\/uploads\/2024\/02\/09-document032.jpg\"><figure><img loading=\"lazy\" decoding=\"async\" width=\"1278\" height=\"2000\" src=\"https:\/\/mugi.lu\/wp-content\/uploads\/2024\/02\/09-document032.jpg\" data-id=\"1983\" data-link=\"https:\/\/mugi.lu\/fr\/sujet\/jeannette-braun-giampellegrini\/09-document032-2\/\" data-original-link=\"https:\/\/mugi.lu\/wp-content\/uploads\/2024\/02\/09-document032.jpg\" class=\"wp-block-getwid-images-slider__image wp-image-1983\" srcset=\"https:\/\/mugi.lu\/wp-content\/uploads\/2024\/02\/09-document032.jpg 1278w, https:\/\/mugi.lu\/wp-content\/uploads\/2024\/02\/09-document032-192x300.jpg 192w, https:\/\/mugi.lu\/wp-content\/uploads\/2024\/02\/09-document032-654x1024.jpg 654w, https:\/\/mugi.lu\/wp-content\/uploads\/2024\/02\/09-document032-768x1202.jpg 768w, https:\/\/mugi.lu\/wp-content\/uploads\/2024\/02\/09-document032-982x1536.jpg 982w\" sizes=\"auto, (max-width: 1278px) 100vw, 1278px\" \/><figcaption class=\"wp-block-getwid-images-slider__caption\">&lt;strong&gt;Programme de concert au &lt;i&gt;Concertgebouw&lt;\/i&gt; [Amsterdam], 5.2.1971, avec notice [de la po\u00e9tesse] Isabelle Oberweis&lt;\/strong&gt;\nArchives priv\u00e9es JBG<\/figcaption><\/figure><\/a><\/div><div class=\"wp-block-getwid-images-slider__item getwid-reset-height-tablet getwid-reset-height-mobile\" style=\"height:40vh\"><a href=\"https:\/\/mugi.lu\/wp-content\/uploads\/2024\/02\/10-document078.jpg\"><figure><img loading=\"lazy\" decoding=\"async\" width=\"2000\" height=\"1340\" src=\"https:\/\/mugi.lu\/wp-content\/uploads\/2024\/02\/10-document078.jpg\" data-id=\"1986\" data-link=\"https:\/\/mugi.lu\/fr\/sujet\/jeannette-braun-giampellegrini\/10-document078-2\/\" data-original-link=\"https:\/\/mugi.lu\/wp-content\/uploads\/2024\/02\/10-document078.jpg\" class=\"wp-block-getwid-images-slider__image wp-image-1986\" srcset=\"https:\/\/mugi.lu\/wp-content\/uploads\/2024\/02\/10-document078.jpg 2000w, https:\/\/mugi.lu\/wp-content\/uploads\/2024\/02\/10-document078-300x201.jpg 300w, https:\/\/mugi.lu\/wp-content\/uploads\/2024\/02\/10-document078-1024x686.jpg 1024w, https:\/\/mugi.lu\/wp-content\/uploads\/2024\/02\/10-document078-768x515.jpg 768w, https:\/\/mugi.lu\/wp-content\/uploads\/2024\/02\/10-document078-1536x1029.jpg 1536w, https:\/\/mugi.lu\/wp-content\/uploads\/2024\/02\/10-document078-1850x1240.jpg 1850w\" sizes=\"auto, (max-width: 2000px) 100vw, 2000px\" \/><figcaption class=\"wp-block-getwid-images-slider__caption\">&lt;strong&gt;Invitation \u00e0 la r\u00e9ception du 7.11.1972 \u00e0 l&rsquo;occasion de la f\u00eate nationale du 55e anniversaire de la Grande R\u00e9volution Socialiste d&rsquo;Octobre par l&rsquo;Ambassadeur de l'&lt;i&gt;Union des R\u00e9publiques Socialistes Sovi\u00e9tiques&lt;\/i&gt; &lt;\/strong&gt;\nArchives priv\u00e9es JBG<\/figcaption><\/figure><\/a><\/div><div class=\"wp-block-getwid-images-slider__item getwid-reset-height-tablet getwid-reset-height-mobile\" style=\"height:40vh\"><a href=\"https:\/\/mugi.lu\/wp-content\/uploads\/2024\/02\/11-document149.jpg\"><figure><img loading=\"lazy\" decoding=\"async\" width=\"2000\" height=\"1148\" src=\"https:\/\/mugi.lu\/wp-content\/uploads\/2024\/02\/11-document149.jpg\" data-id=\"1989\" data-link=\"https:\/\/mugi.lu\/fr\/sujet\/jeannette-braun-giampellegrini\/11-document149-2\/\" data-original-link=\"https:\/\/mugi.lu\/wp-content\/uploads\/2024\/02\/11-document149.jpg\" class=\"wp-block-getwid-images-slider__image wp-image-1989\" srcset=\"https:\/\/mugi.lu\/wp-content\/uploads\/2024\/02\/11-document149.jpg 2000w, https:\/\/mugi.lu\/wp-content\/uploads\/2024\/02\/11-document149-300x172.jpg 300w, https:\/\/mugi.lu\/wp-content\/uploads\/2024\/02\/11-document149-1024x588.jpg 1024w, https:\/\/mugi.lu\/wp-content\/uploads\/2024\/02\/11-document149-768x441.jpg 768w, https:\/\/mugi.lu\/wp-content\/uploads\/2024\/02\/11-document149-1536x882.jpg 1536w, https:\/\/mugi.lu\/wp-content\/uploads\/2024\/02\/11-document149-1850x1062.jpg 1850w\" sizes=\"auto, (max-width: 2000px) 100vw, 2000px\" \/><figcaption class=\"wp-block-getwid-images-slider__caption\">&lt;strong&gt;Carte de visite de Jeannette Braun-Giampellegrini en tant que directrice adjointe (1989 \u00e0 1998) du &lt;i&gt;Conservatoire de Musique d&rsquo;Esch-sur-Alzette&lt;\/i&gt; &lt;\/strong&gt;\nArchives priv\u00e9es JBG<\/figcaption><\/figure><\/a><\/div><div class=\"wp-block-getwid-images-slider__item getwid-reset-height-tablet getwid-reset-height-mobile\" style=\"height:40vh\"><a href=\"https:\/\/mugi.lu\/wp-content\/uploads\/2024\/02\/12-laureate-du-merite-culturel-de-la-ville-desch-sur-alzette-001-page-0003.jpg\"><figure><img loading=\"lazy\" decoding=\"async\" width=\"2000\" height=\"1398\" src=\"https:\/\/mugi.lu\/wp-content\/uploads\/2024\/02\/12-laureate-du-merite-culturel-de-la-ville-desch-sur-alzette-001-page-0003.jpg\" data-id=\"1992\" data-link=\"https:\/\/mugi.lu\/fr\/sujet\/jeannette-braun-giampellegrini\/12-laureate-du-merite-culturel-de-la-ville-desch-sur-alzette-001-page-0003-2\/\" data-original-link=\"https:\/\/mugi.lu\/wp-content\/uploads\/2024\/02\/12-laureate-du-merite-culturel-de-la-ville-desch-sur-alzette-001-page-0003.jpg\" class=\"wp-block-getwid-images-slider__image wp-image-1992\" srcset=\"https:\/\/mugi.lu\/wp-content\/uploads\/2024\/02\/12-laureate-du-merite-culturel-de-la-ville-desch-sur-alzette-001-page-0003.jpg 2000w, https:\/\/mugi.lu\/wp-content\/uploads\/2024\/02\/12-laureate-du-merite-culturel-de-la-ville-desch-sur-alzette-001-page-0003-300x210.jpg 300w, https:\/\/mugi.lu\/wp-content\/uploads\/2024\/02\/12-laureate-du-merite-culturel-de-la-ville-desch-sur-alzette-001-page-0003-1024x716.jpg 1024w, https:\/\/mugi.lu\/wp-content\/uploads\/2024\/02\/12-laureate-du-merite-culturel-de-la-ville-desch-sur-alzette-001-page-0003-768x537.jpg 768w, https:\/\/mugi.lu\/wp-content\/uploads\/2024\/02\/12-laureate-du-merite-culturel-de-la-ville-desch-sur-alzette-001-page-0003-1536x1074.jpg 1536w, https:\/\/mugi.lu\/wp-content\/uploads\/2024\/02\/12-laureate-du-merite-culturel-de-la-ville-desch-sur-alzette-001-page-0003-1850x1293.jpg 1850w\" sizes=\"auto, (max-width: 2000px) 100vw, 2000px\" \/><figcaption class=\"wp-block-getwid-images-slider__caption\">&lt;strong&gt;Brochure \u00e9dit\u00e9e \u00e0 l\u2019occasion de la remise du &lt;i&gt;Prix du m\u00e9rite culturel&lt;\/i&gt; de la ville d&rsquo;Esch\/Alzette \u00e0 Jeannette Braun-Giampellegrini le 8.8.2008&lt;\/strong&gt;\n\u00a9 Ville d\u2019Esch-sur-Alzette<\/figcaption><\/figure><\/a><\/div><\/div><\/div>\n\n\t\t\t<\/div>\n\n\t\t\t<button class=\"composer-tab__button composer-tab--color-yellow\">\n\t\t\t<span class=\"composer-tab__icon--personal\"><\/span>\n\t\t\t<span>Objets personnels <\/span>\n\t\t<\/button>\n\t\n<\/div>\n\n\n\n<div class=\"composer-tab\" style=\"display: none;\" data-composer-tab-color=\"primary\">\n\n\t<div class=\"composer-tab__badge composer-tab__badge-primary\">\n\t\t<span class=\"composer-tab__icon--parchemin\"><\/span>\n\t\t<span class=\"composer-tab__circular-title\">Programmes<\/span>\n\t<\/div>\n\n\t<div class=\"composer-tab__content\">\n\t\t\t\t\t\n\n<div class=\"wp-block-getwid-images-slider has-arrows-inside has-dots-none has-captions captions-style-light captions-bottom-center is-carousel has-slides-gap-normal has-images-center has-fitted-images has-fixed-height\"><div class=\"wp-block-getwid-images-slider__wrapper\" data-effect=\"slide\" data-slides-show=\"3\" data-slides-show-laptop=\"3\" data-slides-show-tablet=\"2\" data-slides-show-mobile=\"1\" data-slides-scroll=\"1\" data-autoplay=\"false\" data-pause-hover=\"false\" data-autoplay-speed=\"6000\" data-infinite=\"false\" data-animation-speed=\"500\" data-center-mode=\"false\" data-variable-width=\"false\" data-arrows=\"inside\" data-dots=\"none\" data-spacing=\"normal\"><div class=\"wp-block-getwid-images-slider__item getwid-reset-height-tablet getwid-reset-height-mobile\" style=\"height:40vh\"><a href=\"https:\/\/mugi.lu\/wp-content\/uploads\/2024\/02\/1-document126.jpg\"><figure><img loading=\"lazy\" decoding=\"async\" width=\"1000\" height=\"1414\" src=\"https:\/\/mugi.lu\/wp-content\/uploads\/2024\/02\/1-document126.jpg\" data-id=\"2161\" data-link=\"https:\/\/mugi.lu\/fr\/1-document126-2\/\" data-original-link=\"https:\/\/mugi.lu\/wp-content\/uploads\/2024\/02\/1-document126.jpg\" class=\"wp-block-getwid-images-slider__image wp-image-2161\" srcset=\"https:\/\/mugi.lu\/wp-content\/uploads\/2024\/02\/1-document126.jpg 1000w, https:\/\/mugi.lu\/wp-content\/uploads\/2024\/02\/1-document126-212x300.jpg 212w, https:\/\/mugi.lu\/wp-content\/uploads\/2024\/02\/1-document126-724x1024.jpg 724w, https:\/\/mugi.lu\/wp-content\/uploads\/2024\/02\/1-document126-768x1086.jpg 768w\" sizes=\"auto, (max-width: 1000px) 100vw, 1000px\" \/><figcaption class=\"wp-block-getwid-images-slider__caption\">&lt;strong&gt;Programme du concert du &lt;i&gt;Cercle symphonique&lt;\/i&gt; sous la direction de Pierre Cao \u00e0 Esch\/Alzette, 14.3.1963&lt;\/strong&gt;\nArchives priv\u00e9es JBG<\/figcaption><\/figure><\/a><\/div><div class=\"wp-block-getwid-images-slider__item getwid-reset-height-tablet getwid-reset-height-mobile\" style=\"height:40vh\"><a href=\"https:\/\/mugi.lu\/wp-content\/uploads\/2024\/02\/2-document089.jpg\"><figure><img loading=\"lazy\" decoding=\"async\" width=\"1000\" height=\"1423\" src=\"https:\/\/mugi.lu\/wp-content\/uploads\/2024\/02\/2-document089.jpg\" data-id=\"2164\" data-link=\"https:\/\/mugi.lu\/fr\/2-document089-2\/\" data-original-link=\"https:\/\/mugi.lu\/wp-content\/uploads\/2024\/02\/2-document089.jpg\" class=\"wp-block-getwid-images-slider__image wp-image-2164\" srcset=\"https:\/\/mugi.lu\/wp-content\/uploads\/2024\/02\/2-document089.jpg 1000w, https:\/\/mugi.lu\/wp-content\/uploads\/2024\/02\/2-document089-211x300.jpg 211w, https:\/\/mugi.lu\/wp-content\/uploads\/2024\/02\/2-document089-720x1024.jpg 720w, https:\/\/mugi.lu\/wp-content\/uploads\/2024\/02\/2-document089-768x1093.jpg 768w\" sizes=\"auto, (max-width: 1000px) 100vw, 1000px\" \/><figcaption class=\"wp-block-getwid-images-slider__caption\">&lt;strong&gt;Programme du concert de musique symphonique luxembourgeoise par l\u2019&lt;i&gt;Orchestre RTL&lt;\/i&gt; sous la direction de Carlo Kaufhold, en soliste Jeannette Giampellgrini, 17.10.1963&lt;\/strong&gt;\nArchives priv\u00e9es JBG<\/figcaption><\/figure><\/a><\/div><div class=\"wp-block-getwid-images-slider__item getwid-reset-height-tablet getwid-reset-height-mobile\" style=\"height:40vh\"><a href=\"https:\/\/mugi.lu\/wp-content\/uploads\/2024\/02\/3-document005.jpg\"><figure><img loading=\"lazy\" decoding=\"async\" width=\"1000\" height=\"1397\" src=\"https:\/\/mugi.lu\/wp-content\/uploads\/2024\/02\/3-document005.jpg\" data-id=\"2167\" data-link=\"https:\/\/mugi.lu\/fr\/3-document005-2\/\" data-original-link=\"https:\/\/mugi.lu\/wp-content\/uploads\/2024\/02\/3-document005.jpg\" class=\"wp-block-getwid-images-slider__image wp-image-2167\" srcset=\"https:\/\/mugi.lu\/wp-content\/uploads\/2024\/02\/3-document005.jpg 1000w, https:\/\/mugi.lu\/wp-content\/uploads\/2024\/02\/3-document005-215x300.jpg 215w, https:\/\/mugi.lu\/wp-content\/uploads\/2024\/02\/3-document005-733x1024.jpg 733w, https:\/\/mugi.lu\/wp-content\/uploads\/2024\/02\/3-document005-768x1073.jpg 768w\" sizes=\"auto, (max-width: 1000px) 100vw, 1000px\" \/><figcaption class=\"wp-block-getwid-images-slider__caption\">&lt;strong&gt;D\u00e9pliant &lt;i&gt;Grand r\u00e9cital de violon et de piano&lt;\/i&gt; par Th\u00e9r\u00e8se Divry et Jeannette Giampellegrini \u00e0 Differdange, 10.11.1963&lt;\/strong&gt;\nArchives priv\u00e9es JBG<\/figcaption><\/figure><\/a><\/div><div class=\"wp-block-getwid-images-slider__item getwid-reset-height-tablet getwid-reset-height-mobile\" style=\"height:40vh\"><a href=\"https:\/\/mugi.lu\/wp-content\/uploads\/2024\/02\/4-programme-luxembourgeois-p12.jpg\"><figure><img loading=\"lazy\" decoding=\"async\" width=\"1976\" height=\"1400\" src=\"https:\/\/mugi.lu\/wp-content\/uploads\/2024\/02\/4-programme-luxembourgeois-p12.jpg\" data-id=\"2170\" data-link=\"https:\/\/mugi.lu\/fr\/4-programme-luxembourgeois-p12-2\/\" data-original-link=\"https:\/\/mugi.lu\/wp-content\/uploads\/2024\/02\/4-programme-luxembourgeois-p12.jpg\" class=\"wp-block-getwid-images-slider__image wp-image-2170\" srcset=\"https:\/\/mugi.lu\/wp-content\/uploads\/2024\/02\/4-programme-luxembourgeois-p12.jpg 1976w, https:\/\/mugi.lu\/wp-content\/uploads\/2024\/02\/4-programme-luxembourgeois-p12-300x213.jpg 300w, https:\/\/mugi.lu\/wp-content\/uploads\/2024\/02\/4-programme-luxembourgeois-p12-1024x726.jpg 1024w, https:\/\/mugi.lu\/wp-content\/uploads\/2024\/02\/4-programme-luxembourgeois-p12-768x544.jpg 768w, https:\/\/mugi.lu\/wp-content\/uploads\/2024\/02\/4-programme-luxembourgeois-p12-1536x1088.jpg 1536w, https:\/\/mugi.lu\/wp-content\/uploads\/2024\/02\/4-programme-luxembourgeois-p12-1850x1311.jpg 1850w\" sizes=\"auto, (max-width: 1976px) 100vw, 1976px\" \/><figcaption class=\"wp-block-getwid-images-slider__caption\">&lt;strong&gt;Programme de concert du 24.1.1964 avec au programme &lt;i&gt;Mouvements pour piano et orchestre&lt;\/i&gt; de Claus Krumlowsky interpr\u00e9t\u00e9 par Jeannette Giampellegrini et l'&lt;i&gt;Orchestre de Radio-Luxembourg&lt;\/i&gt;, p. 1&amp;7&lt;\/strong&gt;\nArchives priv\u00e9es JBG<\/figcaption><\/figure><\/a><\/div><div class=\"wp-block-getwid-images-slider__item getwid-reset-height-tablet getwid-reset-height-mobile\" style=\"height:40vh\"><a href=\"https:\/\/mugi.lu\/wp-content\/uploads\/2024\/02\/5-document049-p12.jpg\"><figure><img loading=\"lazy\" decoding=\"async\" width=\"2000\" height=\"488\" src=\"https:\/\/mugi.lu\/wp-content\/uploads\/2024\/02\/5-document049-p12.jpg\" data-id=\"2173\" data-link=\"https:\/\/mugi.lu\/fr\/5-document049-p12-2\/\" data-original-link=\"https:\/\/mugi.lu\/wp-content\/uploads\/2024\/02\/5-document049-p12.jpg\" class=\"wp-block-getwid-images-slider__image wp-image-2173\" srcset=\"https:\/\/mugi.lu\/wp-content\/uploads\/2024\/02\/5-document049-p12.jpg 2000w, https:\/\/mugi.lu\/wp-content\/uploads\/2024\/02\/5-document049-p12-300x73.jpg 300w, https:\/\/mugi.lu\/wp-content\/uploads\/2024\/02\/5-document049-p12-1024x250.jpg 1024w, https:\/\/mugi.lu\/wp-content\/uploads\/2024\/02\/5-document049-p12-768x187.jpg 768w, https:\/\/mugi.lu\/wp-content\/uploads\/2024\/02\/5-document049-p12-1536x375.jpg 1536w, https:\/\/mugi.lu\/wp-content\/uploads\/2024\/02\/5-document049-p12-1850x451.jpg 1850w\" sizes=\"auto, (max-width: 2000px) 100vw, 2000px\" \/><figcaption class=\"wp-block-getwid-images-slider__caption\">&lt;strong&gt;Carton d\u2019invitation pour un concert d\u2019orchestre sous la direction de Pierre Cao avec Jeannette Giampellegrini comme soliste, au programme la &lt;i&gt;Fantaisie Chorale&lt;\/i&gt; de Beethoven, 3.10.1964, p. 1&amp;2&lt;\/strong&gt;\nArchives priv\u00e9es JBG<\/figcaption><\/figure><\/a><\/div><div class=\"wp-block-getwid-images-slider__item getwid-reset-height-tablet getwid-reset-height-mobile\" style=\"height:40vh\"><a href=\"https:\/\/mugi.lu\/wp-content\/uploads\/2024\/02\/6-document056-page-0002.jpg\"><figure><img loading=\"lazy\" decoding=\"async\" width=\"1920\" height=\"1014\" src=\"https:\/\/mugi.lu\/wp-content\/uploads\/2024\/02\/6-document056-page-0002.jpg\" data-id=\"2176\" data-link=\"https:\/\/mugi.lu\/fr\/6-document056-page-0002-2\/\" data-original-link=\"https:\/\/mugi.lu\/wp-content\/uploads\/2024\/02\/6-document056-page-0002.jpg\" class=\"wp-block-getwid-images-slider__image wp-image-2176\" srcset=\"https:\/\/mugi.lu\/wp-content\/uploads\/2024\/02\/6-document056-page-0002.jpg 1920w, https:\/\/mugi.lu\/wp-content\/uploads\/2024\/02\/6-document056-page-0002-300x158.jpg 300w, https:\/\/mugi.lu\/wp-content\/uploads\/2024\/02\/6-document056-page-0002-1024x541.jpg 1024w, https:\/\/mugi.lu\/wp-content\/uploads\/2024\/02\/6-document056-page-0002-768x406.jpg 768w, https:\/\/mugi.lu\/wp-content\/uploads\/2024\/02\/6-document056-page-0002-1536x811.jpg 1536w, https:\/\/mugi.lu\/wp-content\/uploads\/2024\/02\/6-document056-page-0002-1850x977.jpg 1850w\" sizes=\"auto, (max-width: 1920px) 100vw, 1920px\" \/><figcaption class=\"wp-block-getwid-images-slider__caption\">&lt;strong&gt;Programme d\u2019un r\u00e9cital de chant par Ren\u00e9e Bertemes-Roeder, accompagn\u00e9 par Jeannette Giampellegrini, Luxembourg, &lt;i&gt;Mus\u00e9e de l\u2019\u00c9tat&lt;\/i&gt;, 7.1.1966, p. 1&amp;2&lt;\/strong&gt;\nArchives priv\u00e9es JBG<\/figcaption><\/figure><\/a><\/div><div class=\"wp-block-getwid-images-slider__item getwid-reset-height-tablet getwid-reset-height-mobile\" style=\"height:40vh\"><a href=\"https:\/\/mugi.lu\/wp-content\/uploads\/2024\/02\/7-document058-p12.jpg\"><figure><img loading=\"lazy\" decoding=\"async\" width=\"1920\" height=\"899\" src=\"https:\/\/mugi.lu\/wp-content\/uploads\/2024\/02\/7-document058-p12.jpg\" data-id=\"2179\" data-link=\"https:\/\/mugi.lu\/fr\/7-document058-p12-2\/\" data-original-link=\"https:\/\/mugi.lu\/wp-content\/uploads\/2024\/02\/7-document058-p12.jpg\" class=\"wp-block-getwid-images-slider__image wp-image-2179\" srcset=\"https:\/\/mugi.lu\/wp-content\/uploads\/2024\/02\/7-document058-p12.jpg 1920w, https:\/\/mugi.lu\/wp-content\/uploads\/2024\/02\/7-document058-p12-300x140.jpg 300w, https:\/\/mugi.lu\/wp-content\/uploads\/2024\/02\/7-document058-p12-1024x479.jpg 1024w, https:\/\/mugi.lu\/wp-content\/uploads\/2024\/02\/7-document058-p12-768x360.jpg 768w, https:\/\/mugi.lu\/wp-content\/uploads\/2024\/02\/7-document058-p12-1536x719.jpg 1536w, https:\/\/mugi.lu\/wp-content\/uploads\/2024\/02\/7-document058-p12-1850x866.jpg 1850w\" sizes=\"auto, (max-width: 1920px) 100vw, 1920px\" \/><figcaption class=\"wp-block-getwid-images-slider__caption\">&lt;strong&gt;Programme d\u2019un r\u00e9cital de chant de la basse Bruno Wyzuj, accompagn\u00e9 par Jeannette Giampellegrini, &lt;i&gt;Th\u00e9\u00e2tre municipal de Luxembourg&lt;\/i&gt;, 8.1.1965, avec d\u00e9dicace&lt;\/strong&gt;\nArchives priv\u00e9es JBG<\/figcaption><\/figure><\/a><\/div><div class=\"wp-block-getwid-images-slider__item getwid-reset-height-tablet getwid-reset-height-mobile\" style=\"height:40vh\"><a href=\"https:\/\/mugi.lu\/wp-content\/uploads\/2024\/02\/8-belgische-radio-en-televisie-p12.jpg\"><figure><img loading=\"lazy\" decoding=\"async\" width=\"2000\" height=\"1029\" src=\"https:\/\/mugi.lu\/wp-content\/uploads\/2024\/02\/8-belgische-radio-en-televisie-p12.jpg\" data-id=\"2182\" data-link=\"https:\/\/mugi.lu\/fr\/8-belgische-radio-en-televisie-p12-2\/\" data-original-link=\"https:\/\/mugi.lu\/wp-content\/uploads\/2024\/02\/8-belgische-radio-en-televisie-p12.jpg\" class=\"wp-block-getwid-images-slider__image wp-image-2182\" srcset=\"https:\/\/mugi.lu\/wp-content\/uploads\/2024\/02\/8-belgische-radio-en-televisie-p12.jpg 2000w, https:\/\/mugi.lu\/wp-content\/uploads\/2024\/02\/8-belgische-radio-en-televisie-p12-300x154.jpg 300w, https:\/\/mugi.lu\/wp-content\/uploads\/2024\/02\/8-belgische-radio-en-televisie-p12-1024x527.jpg 1024w, https:\/\/mugi.lu\/wp-content\/uploads\/2024\/02\/8-belgische-radio-en-televisie-p12-768x395.jpg 768w, https:\/\/mugi.lu\/wp-content\/uploads\/2024\/02\/8-belgische-radio-en-televisie-p12-1536x790.jpg 1536w, https:\/\/mugi.lu\/wp-content\/uploads\/2024\/02\/8-belgische-radio-en-televisie-p12-1850x952.jpg 1850w\" sizes=\"auto, (max-width: 2000px) 100vw, 2000px\" \/><figcaption class=\"wp-block-getwid-images-slider__caption\">&lt;strong&gt;Programme d&rsquo;un concert du &lt;i&gt;Quintette Luxembourgeois&lt;\/i&gt;, Bruges, 19.2.1970, p. 1&amp;2&lt;\/strong&gt;\nArchives priv\u00e9es JBG<\/figcaption><\/figure><\/a><\/div><div class=\"wp-block-getwid-images-slider__item getwid-reset-height-tablet getwid-reset-height-mobile\" style=\"height:40vh\"><a href=\"https:\/\/mugi.lu\/wp-content\/uploads\/2024\/02\/9-document031-p12.jpg\"><figure><img loading=\"lazy\" decoding=\"async\" width=\"1600\" height=\"1271\" src=\"https:\/\/mugi.lu\/wp-content\/uploads\/2024\/02\/9-document031-p12.jpg\" data-id=\"2185\" data-link=\"https:\/\/mugi.lu\/fr\/9-document031-p12-2\/\" data-original-link=\"https:\/\/mugi.lu\/wp-content\/uploads\/2024\/02\/9-document031-p12.jpg\" class=\"wp-block-getwid-images-slider__image wp-image-2185\" srcset=\"https:\/\/mugi.lu\/wp-content\/uploads\/2024\/02\/9-document031-p12.jpg 1600w, https:\/\/mugi.lu\/wp-content\/uploads\/2024\/02\/9-document031-p12-300x238.jpg 300w, https:\/\/mugi.lu\/wp-content\/uploads\/2024\/02\/9-document031-p12-1024x813.jpg 1024w, https:\/\/mugi.lu\/wp-content\/uploads\/2024\/02\/9-document031-p12-768x610.jpg 768w, https:\/\/mugi.lu\/wp-content\/uploads\/2024\/02\/9-document031-p12-1536x1220.jpg 1536w\" sizes=\"auto, (max-width: 1600px) 100vw, 1600px\" \/><figcaption class=\"wp-block-getwid-images-slider__caption\">&lt;strong&gt;Programme de concert du &lt;i&gt;Quintette Luxembourgeois&lt;\/i&gt;, Amsterdam-Zuid, 5.2.1971, p. 1&amp;2 &lt;\/strong&gt;\nArchives priv\u00e9es JBG<\/figcaption><\/figure><\/a><\/div><div class=\"wp-block-getwid-images-slider__item getwid-reset-height-tablet getwid-reset-height-mobile\" style=\"height:40vh\"><a href=\"https:\/\/mugi.lu\/wp-content\/uploads\/2024\/02\/10-document086.jpg\"><figure><img loading=\"lazy\" decoding=\"async\" width=\"1000\" height=\"1356\" src=\"https:\/\/mugi.lu\/wp-content\/uploads\/2024\/02\/10-document086.jpg\" data-id=\"2188\" data-link=\"https:\/\/mugi.lu\/fr\/10-document086-2\/\" data-original-link=\"https:\/\/mugi.lu\/wp-content\/uploads\/2024\/02\/10-document086.jpg\" class=\"wp-block-getwid-images-slider__image wp-image-2188\" srcset=\"https:\/\/mugi.lu\/wp-content\/uploads\/2024\/02\/10-document086.jpg 1000w, https:\/\/mugi.lu\/wp-content\/uploads\/2024\/02\/10-document086-221x300.jpg 221w, https:\/\/mugi.lu\/wp-content\/uploads\/2024\/02\/10-document086-755x1024.jpg 755w, https:\/\/mugi.lu\/wp-content\/uploads\/2024\/02\/10-document086-768x1041.jpg 768w\" sizes=\"auto, (max-width: 1000px) 100vw, 1000px\" \/><figcaption class=\"wp-block-getwid-images-slider__caption\">&lt;strong&gt;Programme d\u2019un concert donn\u00e9 par la &lt;i&gt;Musique Militaire Grand-Ducale&lt;\/i&gt; avec Jeannette Braun-Giampellegrini comme soliste, Soleuvre, 20.12.1986&lt;\/strong&gt;\nArchives priv\u00e9es JBG<\/figcaption><\/figure><\/a><\/div><div class=\"wp-block-getwid-images-slider__item getwid-reset-height-tablet getwid-reset-height-mobile\" style=\"height:40vh\"><a href=\"https:\/\/mugi.lu\/wp-content\/uploads\/2024\/02\/11-fiche002-p12.jpg\"><figure><img loading=\"lazy\" decoding=\"async\" width=\"2000\" height=\"937\" src=\"https:\/\/mugi.lu\/wp-content\/uploads\/2024\/02\/11-fiche002-p12.jpg\" data-id=\"2191\" data-link=\"https:\/\/mugi.lu\/fr\/11-fiche002-p12-2\/\" data-original-link=\"https:\/\/mugi.lu\/wp-content\/uploads\/2024\/02\/11-fiche002-p12.jpg\" class=\"wp-block-getwid-images-slider__image wp-image-2191\" srcset=\"https:\/\/mugi.lu\/wp-content\/uploads\/2024\/02\/11-fiche002-p12.jpg 2000w, https:\/\/mugi.lu\/wp-content\/uploads\/2024\/02\/11-fiche002-p12-300x141.jpg 300w, https:\/\/mugi.lu\/wp-content\/uploads\/2024\/02\/11-fiche002-p12-1024x480.jpg 1024w, https:\/\/mugi.lu\/wp-content\/uploads\/2024\/02\/11-fiche002-p12-768x360.jpg 768w, https:\/\/mugi.lu\/wp-content\/uploads\/2024\/02\/11-fiche002-p12-1536x720.jpg 1536w, https:\/\/mugi.lu\/wp-content\/uploads\/2024\/02\/11-fiche002-p12-1850x867.jpg 1850w\" sizes=\"auto, (max-width: 2000px) 100vw, 2000px\" \/><figcaption class=\"wp-block-getwid-images-slider__caption\">&lt;strong&gt;Programme d\u2019un r\u00e9cital \u00e0 deux pianos, interpr\u00e9t\u00e9 par Jeannette Braun-Giampellegrini et Daniel Feis, &lt;i&gt;Conservatoire d\u2019Esch\/Alzette&lt;\/i&gt;, 4.2.1996, p. 1&amp;2&lt;\/strong&gt;\nArchives priv\u00e9es JBG<\/figcaption><\/figure><\/a><\/div><\/div><\/div>\n\n\t\t\t<\/div>\n\n\t\t\t<button class=\"composer-tab__button composer-tab--color-primary\">\n\t\t\t<span class=\"composer-tab__icon--parchemin\"><\/span>\n\t\t\t<span>Programmes<\/span>\n\t\t<\/button>\n\t\n<\/div>\n\n\n\n<div class=\"composer-tab\" style=\"display: none;\" data-composer-tab-color=\"orange\">\n\n\t<div class=\"composer-tab__badge composer-tab__badge-orange\">\n\t\t<span class=\"composer-tab__icon--press\"><\/span>\n\t\t<span class=\"composer-tab__circular-title\">Presse<\/span>\n\t<\/div>\n\n\t<div class=\"composer-tab__content\">\n\t\t\t\t\t\n\n<div class=\"wp-block-getwid-images-slider has-arrows-inside has-dots-none has-captions captions-style-light captions-bottom-center is-carousel has-slides-gap-normal has-images-center has-fitted-images has-fixed-height\"><div class=\"wp-block-getwid-images-slider__wrapper\" data-effect=\"slide\" data-slides-show=\"3\" data-slides-show-laptop=\"3\" data-slides-show-tablet=\"2\" data-slides-show-mobile=\"1\" data-slides-scroll=\"1\" data-autoplay=\"false\" data-pause-hover=\"false\" data-autoplay-speed=\"6000\" data-infinite=\"false\" data-animation-speed=\"500\" data-center-mode=\"false\" data-variable-width=\"false\" data-arrows=\"inside\" data-dots=\"none\" data-spacing=\"normal\"><div class=\"wp-block-getwid-images-slider__item getwid-reset-height-tablet getwid-reset-height-mobile\" style=\"height:40vh\"><a href=\"https:\/\/mugi.lu\/wp-content\/uploads\/2024\/02\/1-document105.jpg\"><figure><img loading=\"lazy\" decoding=\"async\" width=\"1000\" height=\"1612\" src=\"https:\/\/mugi.lu\/wp-content\/uploads\/2024\/02\/1-document105.jpg\" data-id=\"2143\" data-link=\"https:\/\/mugi.lu\/fr\/1-document105-2\/\" data-original-link=\"https:\/\/mugi.lu\/wp-content\/uploads\/2024\/02\/1-document105.jpg\" class=\"wp-block-getwid-images-slider__image wp-image-2143\" srcset=\"https:\/\/mugi.lu\/wp-content\/uploads\/2024\/02\/1-document105.jpg 1000w, https:\/\/mugi.lu\/wp-content\/uploads\/2024\/02\/1-document105-186x300.jpg 186w, https:\/\/mugi.lu\/wp-content\/uploads\/2024\/02\/1-document105-635x1024.jpg 635w, https:\/\/mugi.lu\/wp-content\/uploads\/2024\/02\/1-document105-768x1238.jpg 768w, https:\/\/mugi.lu\/wp-content\/uploads\/2024\/02\/1-document105-953x1536.jpg 953w\" sizes=\"auto, (max-width: 1000px) 100vw, 1000px\" \/><figcaption class=\"wp-block-getwid-images-slider__caption\">&lt;strong&gt;Critique d\u2019un concert de gala du 26.1.1963 \u00e0 Dudelange, Jeannette Giampellegrini accompagnant au piano &lt;\/strong&gt;&lt;i&gt;Le R\u00e9publicain Lorrain &lt;\/i&gt;(28.1.1963)\nArchives priv\u00e9es JBG<\/figcaption><\/figure><\/a><\/div><div class=\"wp-block-getwid-images-slider__item getwid-reset-height-tablet getwid-reset-height-mobile\" style=\"height:40vh\"><a href=\"https:\/\/mugi.lu\/wp-content\/uploads\/2024\/02\/2-document101.jpg\"><figure><img loading=\"lazy\" decoding=\"async\" width=\"1000\" height=\"1279\" src=\"https:\/\/mugi.lu\/wp-content\/uploads\/2024\/02\/2-document101.jpg\" data-id=\"2146\" data-link=\"https:\/\/mugi.lu\/fr\/2-document101-2\/\" data-original-link=\"https:\/\/mugi.lu\/wp-content\/uploads\/2024\/02\/2-document101.jpg\" class=\"wp-block-getwid-images-slider__image wp-image-2146\" srcset=\"https:\/\/mugi.lu\/wp-content\/uploads\/2024\/02\/2-document101.jpg 1000w, https:\/\/mugi.lu\/wp-content\/uploads\/2024\/02\/2-document101-235x300.jpg 235w, https:\/\/mugi.lu\/wp-content\/uploads\/2024\/02\/2-document101-801x1024.jpg 801w, https:\/\/mugi.lu\/wp-content\/uploads\/2024\/02\/2-document101-768x982.jpg 768w\" sizes=\"auto, (max-width: 1000px) 100vw, 1000px\" \/><figcaption class=\"wp-block-getwid-images-slider__caption\">&lt;strong&gt;Concert du &lt;i&gt;Cercle symphonique&lt;\/i&gt; dirig\u00e9 par Pierre Cao et avec Jeannette Giampellegrini comme pianiste soliste, Esch\/Alzette, 14.12.1963 \u00e0 Esch&lt;\/strong&gt; &lt;i&gt;Luxemburger Wort&lt;\/i&gt; (19.12.1963), p. 4\nArchives priv\u00e9es JBG \u00a9 2024 Mediahuis Luxembourg S.A. \u2013 Journaliste : G. \u2013 Tous droits r\u00e9serv\u00e9s \u2013 Des licences d\u2019utilisation de droits d\u2019auteur peuvent \u00eatre obtenues \u00e0 travers www.luxorr.lu<\/figcaption><\/figure><\/a><\/div><div class=\"wp-block-getwid-images-slider__item getwid-reset-height-tablet getwid-reset-height-mobile\" style=\"height:40vh\"><a href=\"https:\/\/mugi.lu\/wp-content\/uploads\/2024\/02\/3-document025.jpg\"><figure><img loading=\"lazy\" decoding=\"async\" width=\"1000\" height=\"1658\" src=\"https:\/\/mugi.lu\/wp-content\/uploads\/2024\/02\/3-document025.jpg\" data-id=\"2149\" data-link=\"https:\/\/mugi.lu\/fr\/3-document025-2\/\" data-original-link=\"https:\/\/mugi.lu\/wp-content\/uploads\/2024\/02\/3-document025.jpg\" class=\"wp-block-getwid-images-slider__image wp-image-2149\" srcset=\"https:\/\/mugi.lu\/wp-content\/uploads\/2024\/02\/3-document025.jpg 1000w, https:\/\/mugi.lu\/wp-content\/uploads\/2024\/02\/3-document025-181x300.jpg 181w, https:\/\/mugi.lu\/wp-content\/uploads\/2024\/02\/3-document025-618x1024.jpg 618w, https:\/\/mugi.lu\/wp-content\/uploads\/2024\/02\/3-document025-768x1273.jpg 768w, https:\/\/mugi.lu\/wp-content\/uploads\/2024\/02\/3-document025-926x1536.jpg 926w\" sizes=\"auto, (max-width: 1000px) 100vw, 1000px\" \/><figcaption class=\"wp-block-getwid-images-slider__caption\">&lt;strong&gt;Critique du concert vocal de l&rsquo;Ensemble &lt;i&gt;Onst Lidd&lt;\/i&gt; accompagn\u00e9 au piano par Jeannette Braun-Giampellegrini &lt;\/strong&gt;&lt;i&gt;Luxemburger Wort &lt;\/i&gt;(11.1.1964), p. 4\nArchives priv\u00e9es JBG \u00a9 2024 Mediahuis Luxembourg S.A. \u2013 Journaliste : Yay. \u2013 Tous droits r\u00e9serv\u00e9s \u2013 Des licences d\u2019utilisation de droits d\u2019auteur peuvent \u00eatre obtenues \u00e0 travers www.luxorr.lu<\/figcaption><\/figure><\/a><\/div><div class=\"wp-block-getwid-images-slider__item getwid-reset-height-tablet getwid-reset-height-mobile\" style=\"height:40vh\"><a href=\"https:\/\/mugi.lu\/wp-content\/uploads\/2024\/02\/4-luxemburgerwort-1964-10-02-p4-article.jpeg\"><figure><img loading=\"lazy\" decoding=\"async\" width=\"1000\" height=\"1251\" src=\"https:\/\/mugi.lu\/wp-content\/uploads\/2024\/02\/4-luxemburgerwort-1964-10-02-p4-article.jpeg\" data-id=\"2152\" data-link=\"https:\/\/mugi.lu\/fr\/4-luxemburgerwort-1964-10-02-p4-article-2\/\" data-original-link=\"https:\/\/mugi.lu\/wp-content\/uploads\/2024\/02\/4-luxemburgerwort-1964-10-02-p4-article.jpeg\" class=\"wp-block-getwid-images-slider__image wp-image-2152\" srcset=\"https:\/\/mugi.lu\/wp-content\/uploads\/2024\/02\/4-luxemburgerwort-1964-10-02-p4-article.jpeg 1000w, https:\/\/mugi.lu\/wp-content\/uploads\/2024\/02\/4-luxemburgerwort-1964-10-02-p4-article-240x300.jpeg 240w, https:\/\/mugi.lu\/wp-content\/uploads\/2024\/02\/4-luxemburgerwort-1964-10-02-p4-article-819x1024.jpeg 819w, https:\/\/mugi.lu\/wp-content\/uploads\/2024\/02\/4-luxemburgerwort-1964-10-02-p4-article-768x961.jpeg 768w\" sizes=\"auto, (max-width: 1000px) 100vw, 1000px\" \/><figcaption class=\"wp-block-getwid-images-slider__caption\">&lt;strong&gt;Grand concert d&rsquo;ouverture au &lt;i&gt;Th\u00e9\u00e2tre municipal d&rsquo;Esch-sur-Alzette&lt;\/i&gt; le 3.10.1964 avec au programme des \u0153uvres de Beethoven et Honegger &lt;\/strong&gt;&lt;i&gt;Luxemburger Wort &lt;\/i&gt;(2.10.1964), p. 4 \n[Digitized by the National Library of Luxembourg, https:\/\/persist.lu\/ark:70795\/twdgn0gqq\/pages\/4] \u00a9 2024 Mediahuis Luxembourg S.A. \u2013 Journaliste : lg. \u2013 Tous droits r\u00e9serv\u00e9s \u2013 Des licences d\u2019utilisation de droits d\u2019auteur peuvent \u00eatre obtenues \u00e0 travers www.luxorr.lu<\/figcaption><\/figure><\/a><\/div><div class=\"wp-block-getwid-images-slider__item getwid-reset-height-tablet getwid-reset-height-mobile\" style=\"height:40vh\"><a href=\"https:\/\/mugi.lu\/wp-content\/uploads\/2024\/02\/5-document071.jpg\"><figure><img loading=\"lazy\" decoding=\"async\" width=\"1000\" height=\"1423\" src=\"https:\/\/mugi.lu\/wp-content\/uploads\/2024\/02\/5-document071.jpg\" data-id=\"2155\" data-link=\"https:\/\/mugi.lu\/fr\/5-document071-2\/\" data-original-link=\"https:\/\/mugi.lu\/wp-content\/uploads\/2024\/02\/5-document071.jpg\" class=\"wp-block-getwid-images-slider__image wp-image-2155\" srcset=\"https:\/\/mugi.lu\/wp-content\/uploads\/2024\/02\/5-document071.jpg 1000w, https:\/\/mugi.lu\/wp-content\/uploads\/2024\/02\/5-document071-211x300.jpg 211w, https:\/\/mugi.lu\/wp-content\/uploads\/2024\/02\/5-document071-720x1024.jpg 720w, https:\/\/mugi.lu\/wp-content\/uploads\/2024\/02\/5-document071-768x1093.jpg 768w\" sizes=\"auto, (max-width: 1000px) 100vw, 1000px\" \/><figcaption class=\"wp-block-getwid-images-slider__caption\">&lt;strong&gt;Critique d\u2019un concert de gala du &lt;i&gt;Brass Band&lt;\/i&gt; du &lt;i&gt;Conservatoire de Musique d&rsquo;Esch&lt;\/i&gt; avec la pianiste Jeannette Braun-Giampellegrini du 22.10.1976 au &lt;i&gt;Th\u00e9\u00e2tre municipal d&rsquo;Esch&lt;\/i&gt; &lt;\/strong&gt; &lt;i&gt;Tageblatt &lt;\/i&gt;(28.10.1976)\nArchives priv\u00e9es JBG \u00a9 2024 Editpress Luxembourg S.A. \u2013 Journaliste : Vincent \u2013Tous droits r\u00e9serv\u00e9s \u2013 Des licences d\u2019utilisation de droits d\u2019auteur peuvent \u00eatre obtenues \u00e0 travers www.luxorr.lu<\/figcaption><\/figure><\/a><\/div><div class=\"wp-block-getwid-images-slider__item getwid-reset-height-tablet getwid-reset-height-mobile\" style=\"height:40vh\"><a href=\"https:\/\/mugi.lu\/wp-content\/uploads\/2024\/02\/6-document111.jpg\"><figure><img loading=\"lazy\" decoding=\"async\" width=\"1000\" height=\"1666\" src=\"https:\/\/mugi.lu\/wp-content\/uploads\/2024\/02\/6-document111.jpg\" data-id=\"2158\" data-link=\"https:\/\/mugi.lu\/fr\/6-document111-2\/\" data-original-link=\"https:\/\/mugi.lu\/wp-content\/uploads\/2024\/02\/6-document111.jpg\" class=\"wp-block-getwid-images-slider__image wp-image-2158\" srcset=\"https:\/\/mugi.lu\/wp-content\/uploads\/2024\/02\/6-document111.jpg 1000w, https:\/\/mugi.lu\/wp-content\/uploads\/2024\/02\/6-document111-180x300.jpg 180w, https:\/\/mugi.lu\/wp-content\/uploads\/2024\/02\/6-document111-615x1024.jpg 615w, https:\/\/mugi.lu\/wp-content\/uploads\/2024\/02\/6-document111-768x1279.jpg 768w, https:\/\/mugi.lu\/wp-content\/uploads\/2024\/02\/6-document111-922x1536.jpg 922w\" sizes=\"auto, (max-width: 1000px) 100vw, 1000px\" \/><figcaption class=\"wp-block-getwid-images-slider__caption\">&lt;strong&gt;Critique du concert du 1.12.1984 \u00e0 Darmstadt donn\u00e9 par l\u2019&lt;i&gt;Orchestre de chambre Merck&lt;\/i&gt;, le &lt;i&gt;Quintette \u00e0 vent&lt;\/i&gt; du &lt;i&gt;Conservatoire de Musique Esch-sur-Alzette&lt;\/i&gt; avec le concours de Jeannette Braun-Giampellegrini &lt;\/strong&gt;&lt;i&gt;Darmst\u00e4dter Echo&lt;\/i&gt; (3.12.1984)\nArchives priv\u00e9es JBG<\/figcaption><\/figure><\/a><\/div><\/div><\/div>\n\n\t\t\t<\/div>\n\n\t\t\t<button class=\"composer-tab__button composer-tab--color-orange\">\n\t\t\t<span class=\"composer-tab__icon--press\"><\/span>\n\t\t\t<span>Presse<\/span>\n\t\t<\/button>\n\t\n<\/div>\n\n\n\n<div class=\"composer-tab\" style=\"display: none;\" data-composer-tab-color=\"primary\">\n\n\t<div class=\"composer-tab__badge composer-tab__badge-primary\">\n\t\t<span class=\"composer-tab__icon--video\"><\/span>\n\t\t<span class=\"composer-tab__circular-title\">Interview<\/span>\n\t<\/div>\n\n\t<div class=\"composer-tab__content\">\n\t\t\t\t\t\n\n<div class=\"wp-block-getwid-content-slider has-arrows-outside has-dots-none\" data-adaptive-height=\"true\" data-arrows=\"outside\" data-dots=\"none\"><div class=\"wp-block-getwid-content-slider__wrapper\">\n<div class=\"wp-block-getwid-content-slider-slide\"><div class=\"wp-block-getwid-content-slider-slide__wrapper\">\n<div class=\"wp-block-columns is-layout-flex wp-container-core-columns-is-layout-9d6595d7 wp-block-columns-is-layout-flex\">\n<div class=\"wp-block-column is-layout-flow wp-block-column-is-layout-flow\" style=\"flex-basis:100%\">\n<div class=\"wp-block-group mugilux-video-popup\"><div class=\"wp-block-group__inner-container is-layout-flow wp-block-group-is-layout-flow\">\n<div class=\"wp-block-cover\" style=\"min-height:260px;aspect-ratio:unset\"><img loading=\"lazy\" decoding=\"async\" width=\"1920\" height=\"1079\" class=\"wp-block-cover__image-background wp-image-2234\" alt=\"\" src=\"https:\/\/mugi.lu\/wp-content\/uploads\/2024\/02\/screenshot-2024-02-25-at-234757.png\" style=\"object-position:34% 51%\" data-object-fit=\"cover\" data-object-position=\"34% 51%\" srcset=\"https:\/\/mugi.lu\/wp-content\/uploads\/2024\/02\/screenshot-2024-02-25-at-234757.png 1920w, https:\/\/mugi.lu\/wp-content\/uploads\/2024\/02\/screenshot-2024-02-25-at-234757-300x169.png 300w, https:\/\/mugi.lu\/wp-content\/uploads\/2024\/02\/screenshot-2024-02-25-at-234757-1024x575.png 1024w, https:\/\/mugi.lu\/wp-content\/uploads\/2024\/02\/screenshot-2024-02-25-at-234757-768x432.png 768w, https:\/\/mugi.lu\/wp-content\/uploads\/2024\/02\/screenshot-2024-02-25-at-234757-1536x863.png 1536w, https:\/\/mugi.lu\/wp-content\/uploads\/2024\/02\/screenshot-2024-02-25-at-234757-1850x1040.png 1850w\" sizes=\"auto, (max-width: 1920px) 100vw, 1920px\" \/><span aria-hidden=\"true\" class=\"wp-block-cover__background has-background-dim-20 has-background-dim\"><\/span><div class=\"wp-block-cover__inner-container is-layout-flow wp-block-cover-is-layout-flow\">\n<div class=\"wp-block-getwid-icon is-aligned-center\"><a href=\"https:\/\/vimeo.com\/916511230\/ecb4fa80ee?share=copy\" target=\"_blank\" rel=\"noreferrer noopener\" class=\"wp-block-getwid-icon__wrapper has-text-color has-white-color\"><i class=\"fas fa-play\"><\/i><\/a><\/div>\n<\/div><\/div>\n\n\n\n<h4 class=\"wp-block-heading\"><a href=\"https:\/\/videos.uni.lu\/media\/Gespr%C3%A4ch+mit+Jeannette+Braun-Giampellegrini+%E2%80%93%C2%A0Ausschnitt+1\/1_j0j3baxn\" target=\"_blank\" rel=\"noreferrer noopener\">Jeannette Braun-Giampellegrini sur la musique dans sa famille<\/a><\/h4>\n\n\n\n<p>Extrait d&rsquo;une conversation avec Lynn Orazi du 5.11.2021<\/p>\n\n\n\n<p>R\u00e9alisation: Anne Schiltz, cam\u00e9ra: Sascha Helsper, <em>MEDIACentre<\/em>, son: Yves Melchior, <em>CNA<\/em>, Interview: Anne Schiltz et Danielle Roster<\/p>\n\n\n\n<p>\u00a9 MuGi.lu<\/p>\n<\/div><\/div>\n<\/div>\n\n\n\n<div class=\"wp-block-column is-layout-flow wp-block-column-is-layout-flow\" style=\"flex-basis:100%\">\n<div class=\"wp-block-group mugilux-video-popup\"><div class=\"wp-block-group__inner-container is-layout-flow wp-block-group-is-layout-flow\">\n<div class=\"wp-block-cover is-light\" style=\"min-height:260px;aspect-ratio:unset\"><img loading=\"lazy\" decoding=\"async\" width=\"1920\" height=\"1210\" class=\"wp-block-cover__image-background wp-image-2231\" alt=\"\" src=\"https:\/\/mugi.lu\/wp-content\/uploads\/2024\/02\/screenshot-2024-02-25-at-234837.png\" style=\"object-position:71% 51%\" data-object-fit=\"cover\" data-object-position=\"71% 51%\" srcset=\"https:\/\/mugi.lu\/wp-content\/uploads\/2024\/02\/screenshot-2024-02-25-at-234837.png 1920w, https:\/\/mugi.lu\/wp-content\/uploads\/2024\/02\/screenshot-2024-02-25-at-234837-300x189.png 300w, https:\/\/mugi.lu\/wp-content\/uploads\/2024\/02\/screenshot-2024-02-25-at-234837-1024x645.png 1024w, https:\/\/mugi.lu\/wp-content\/uploads\/2024\/02\/screenshot-2024-02-25-at-234837-768x484.png 768w, https:\/\/mugi.lu\/wp-content\/uploads\/2024\/02\/screenshot-2024-02-25-at-234837-1536x968.png 1536w, https:\/\/mugi.lu\/wp-content\/uploads\/2024\/02\/screenshot-2024-02-25-at-234837-1850x1166.png 1850w\" sizes=\"auto, (max-width: 1920px) 100vw, 1920px\" \/><span aria-hidden=\"true\" class=\"wp-block-cover__background has-background-dim-20 has-background-dim\"><\/span><div class=\"wp-block-cover__inner-container is-layout-flow wp-block-cover-is-layout-flow\">\n<div class=\"wp-block-getwid-icon is-aligned-center\"><a href=\"https:\/\/vimeo.com\/916511410\/2489a42812?share=copy\" target=\"_blank\" rel=\"noreferrer noopener\" class=\"wp-block-getwid-icon__wrapper has-text-color has-white-color\"><i class=\"fas fa-play\"><\/i><\/a><\/div>\n<\/div><\/div>\n\n\n\n<h4 class=\"wp-block-heading\"><a href=\"https:\/\/videos.uni.lu\/media\/Gespr%C3%A4ch+mit+Jeannette+Braun-Giampellegrini+%E2%80%93%C2%A0Ausschnitt+2\/1_68u8in6b\" target=\"_blank\" rel=\"noreferrer noopener\">Jeannette Braun-Giampellegrini raconte pourquoi elle est all\u00e9e \u00e9tudier le piano \u00e0 Paris<\/a><\/h4>\n\n\n\n<p>Extrait d&rsquo;une conversation avec Lynn Orazi du 5.11.2021<\/p>\n\n\n\n<p>R\u00e9alisation: Anne Schiltz, cam\u00e9ra: Sascha Helsper, <em>MEDIACentre<\/em>, son: Yves Melchior, <em>CNA<\/em>, Interview: Anne Schiltz et Danielle Roster<\/p>\n\n\n\n<p>\u00a9 MuGi.lu<\/p>\n<\/div><\/div>\n<\/div>\n<\/div>\n<\/div><\/div>\n\n\n\n<div class=\"wp-block-getwid-content-slider-slide\"><div class=\"wp-block-getwid-content-slider-slide__wrapper\">\n<div class=\"wp-block-columns is-layout-flex wp-container-core-columns-is-layout-9d6595d7 wp-block-columns-is-layout-flex\">\n<div class=\"wp-block-column is-layout-flow wp-block-column-is-layout-flow\" style=\"flex-basis:100%\">\n<div class=\"wp-block-group mugilux-video-popup\"><div class=\"wp-block-group__inner-container is-layout-flow wp-block-group-is-layout-flow\">\n<div class=\"wp-block-cover\" style=\"min-height:260px;aspect-ratio:unset\"><img loading=\"lazy\" decoding=\"async\" width=\"1920\" height=\"1078\" class=\"wp-block-cover__image-background wp-image-2228\" alt=\"\" src=\"https:\/\/mugi.lu\/wp-content\/uploads\/2024\/02\/screenshot-2024-02-25-at-234909.png\" data-object-fit=\"cover\" srcset=\"https:\/\/mugi.lu\/wp-content\/uploads\/2024\/02\/screenshot-2024-02-25-at-234909.png 1920w, https:\/\/mugi.lu\/wp-content\/uploads\/2024\/02\/screenshot-2024-02-25-at-234909-300x168.png 300w, https:\/\/mugi.lu\/wp-content\/uploads\/2024\/02\/screenshot-2024-02-25-at-234909-1024x575.png 1024w, https:\/\/mugi.lu\/wp-content\/uploads\/2024\/02\/screenshot-2024-02-25-at-234909-768x431.png 768w, https:\/\/mugi.lu\/wp-content\/uploads\/2024\/02\/screenshot-2024-02-25-at-234909-1536x862.png 1536w, https:\/\/mugi.lu\/wp-content\/uploads\/2024\/02\/screenshot-2024-02-25-at-234909-1850x1039.png 1850w\" sizes=\"auto, (max-width: 1920px) 100vw, 1920px\" \/><span aria-hidden=\"true\" class=\"wp-block-cover__background has-background-dim-20 has-background-dim\"><\/span><div class=\"wp-block-cover__inner-container is-layout-flow wp-block-cover-is-layout-flow\">\n<div class=\"wp-block-getwid-icon is-aligned-center\"><a href=\"https:\/\/vimeo.com\/916511410\/2489a42812?share=copy\" target=\"_blank\" rel=\"noreferrer noopener\" class=\"wp-block-getwid-icon__wrapper has-text-color has-white-color\"><i class=\"fas fa-play\"><\/i><\/a><\/div>\n<\/div><\/div>\n\n\n\n<h4 class=\"wp-block-heading\"><a href=\"https:\/\/vimeo.com\/413933597?ref=fb-share&amp;1&amp;fbclid=IwAR1bE-qntSTAoY1e5k\" target=\"_blank\" rel=\"noreferrer noopener\"><\/a><a href=\"https:\/\/videos.uni.lu\/media\/Gespr%C3%A4ch+mit+Jeannette+Braun-Giampellegrini+%E2%80%93%C2%A0Ausschnitt+3\/1_jvszbsmm\" target=\"_blank\" rel=\"noreferrer noopener\">Jeannette Braun-Giampellegrini sur ses cours de piano \u00e0 paris<\/a><\/h4>\n\n\n\n<p>Extrait d&rsquo;une conversation avec Lynn Orazi du 5.11.2021<\/p>\n\n\n\n<p>R\u00e9alisation: Anne Schiltz, cam\u00e9ra: Sascha Helsper, <em>MEDIACentre<\/em>, son: Yves Melchior, <em>CNA<\/em>, Interview: Anne Schiltz et Danielle Roster<\/p>\n\n\n\n<p>\u00a9 MuGi.lu<\/p>\n<\/div><\/div>\n<\/div>\n\n\n\n<div class=\"wp-block-column is-layout-flow wp-block-column-is-layout-flow\" style=\"flex-basis:100%\">\n<div class=\"wp-block-group mugilux-video-popup\"><div class=\"wp-block-group__inner-container is-layout-flow wp-block-group-is-layout-flow\">\n<div class=\"wp-block-cover\" style=\"min-height:260px;aspect-ratio:unset\"><img loading=\"lazy\" decoding=\"async\" width=\"1920\" height=\"1078\" class=\"wp-block-cover__image-background wp-image-2225\" alt=\"\" src=\"https:\/\/mugi.lu\/wp-content\/uploads\/2024\/02\/screenshot-2024-02-25-at-234935.png\" style=\"object-position:15% 38%\" data-object-fit=\"cover\" data-object-position=\"15% 38%\" srcset=\"https:\/\/mugi.lu\/wp-content\/uploads\/2024\/02\/screenshot-2024-02-25-at-234935.png 1920w, https:\/\/mugi.lu\/wp-content\/uploads\/2024\/02\/screenshot-2024-02-25-at-234935-300x168.png 300w, https:\/\/mugi.lu\/wp-content\/uploads\/2024\/02\/screenshot-2024-02-25-at-234935-1024x575.png 1024w, https:\/\/mugi.lu\/wp-content\/uploads\/2024\/02\/screenshot-2024-02-25-at-234935-768x431.png 768w, https:\/\/mugi.lu\/wp-content\/uploads\/2024\/02\/screenshot-2024-02-25-at-234935-1536x862.png 1536w, https:\/\/mugi.lu\/wp-content\/uploads\/2024\/02\/screenshot-2024-02-25-at-234935-1850x1039.png 1850w\" sizes=\"auto, (max-width: 1920px) 100vw, 1920px\" \/><span aria-hidden=\"true\" class=\"wp-block-cover__background has-background-dim-20 has-background-dim\"><\/span><div class=\"wp-block-cover__inner-container is-layout-flow wp-block-cover-is-layout-flow\">\n<div class=\"wp-block-getwid-icon is-aligned-center\"><a href=\"https:\/\/vimeo.com\/916511410\/2489a42812?share=copy\" target=\"_blank\" rel=\"noreferrer noopener\" class=\"wp-block-getwid-icon__wrapper has-text-color has-white-color\"><i class=\"fas fa-play\"><\/i><\/a><\/div>\n<\/div><\/div>\n\n\n\n<h4 class=\"wp-block-heading\"><a href=\"https:\/\/videos.uni.lu\/media\/Gespr%C3%A4ch+mit+Jeannette+Braun-Giampellegrini+%E2%80%93%C2%A0Ausschnitt+4\/1_q4jxidof\" target=\"_blank\" rel=\"noreferrer noopener\">&#8230; sur ses cours avec  elsa Barraine<\/a><\/h4>\n\n\n\n<p>Extrait d&rsquo;une conversation avec Lynn Orazi du 5.11.2021<\/p>\n\n\n\n<p>R\u00e9alisation: Anne Schiltz, cam\u00e9ra: Sascha Helsper, <em>MEDIACentre<\/em>, son: Yves Melchior, <em>CNA<\/em>, Interview: Anne Schiltz et Danielle Roster<\/p>\n\n\n\n<p>\u00a9 MuGi.lu<\/p>\n<\/div><\/div>\n<\/div>\n<\/div>\n<\/div><\/div>\n\n\n\n<div class=\"wp-block-getwid-content-slider-slide\"><div class=\"wp-block-getwid-content-slider-slide__wrapper\">\n<div class=\"wp-block-columns is-layout-flex wp-container-core-columns-is-layout-9d6595d7 wp-block-columns-is-layout-flex\">\n<div class=\"wp-block-column is-layout-flow wp-block-column-is-layout-flow\" style=\"flex-basis:100%\">\n<div class=\"wp-block-group mugilux-video-popup\"><div class=\"wp-block-group__inner-container is-layout-flow wp-block-group-is-layout-flow\">\n<div class=\"wp-block-cover\" style=\"min-height:260px;aspect-ratio:unset\"><img loading=\"lazy\" decoding=\"async\" width=\"1920\" height=\"1079\" class=\"wp-block-cover__image-background wp-image-2222\" alt=\"\" src=\"https:\/\/mugi.lu\/wp-content\/uploads\/2024\/02\/screenshot-2024-02-25-at-235008.png\" style=\"object-position:51% 33%\" data-object-fit=\"cover\" data-object-position=\"51% 33%\" srcset=\"https:\/\/mugi.lu\/wp-content\/uploads\/2024\/02\/screenshot-2024-02-25-at-235008.png 1920w, https:\/\/mugi.lu\/wp-content\/uploads\/2024\/02\/screenshot-2024-02-25-at-235008-300x169.png 300w, https:\/\/mugi.lu\/wp-content\/uploads\/2024\/02\/screenshot-2024-02-25-at-235008-1024x575.png 1024w, https:\/\/mugi.lu\/wp-content\/uploads\/2024\/02\/screenshot-2024-02-25-at-235008-768x432.png 768w, https:\/\/mugi.lu\/wp-content\/uploads\/2024\/02\/screenshot-2024-02-25-at-235008-1536x863.png 1536w, https:\/\/mugi.lu\/wp-content\/uploads\/2024\/02\/screenshot-2024-02-25-at-235008-1850x1040.png 1850w\" sizes=\"auto, (max-width: 1920px) 100vw, 1920px\" \/><span aria-hidden=\"true\" class=\"wp-block-cover__background has-background-dim-20 has-background-dim\"><\/span><div class=\"wp-block-cover__inner-container is-layout-flow wp-block-cover-is-layout-flow\">\n<div class=\"wp-block-getwid-icon is-aligned-center\"><a href=\"https:\/\/vimeo.com\/916521125\/8b61da142a?share=copy\" target=\"_blank\" rel=\"noreferrer noopener\" class=\"wp-block-getwid-icon__wrapper has-text-color has-white-color\"><i class=\"fas fa-play\"><\/i><\/a><\/div>\n<\/div><\/div>\n\n\n\n<h4 class=\"wp-block-heading\"><a href=\"https:\/\/videos.uni.lu\/media\/Gespr%C3%A4ch+mit+Jeannette+Braun-Giampellegrini+%E2%80%93%C2%A0Ausschnitt+5\/1_whiukb4q\" target=\"_blank\" rel=\"noreferrer noopener\">Jeannette Braun-Giampellegrini et sa collaboration avec Lou koster<\/a><\/h4>\n\n\n\n<p>Extrait d&rsquo;une conversation avec Lynn Orazi du 5.11.2021<\/p>\n\n\n\n<p>R\u00e9alisation: Anne Schiltz, cam\u00e9ra: Sascha Helsper, <em>MEDIACentre<\/em>, son: Yves Melchior, <em>CNA<\/em>, Interview: Anne Schiltz et Danielle Roster<\/p>\n\n\n\n<p>\u00a9 MuGi.lu<\/p>\n<\/div><\/div>\n<\/div>\n\n\n\n<div class=\"wp-block-column is-layout-flow wp-block-column-is-layout-flow\" style=\"flex-basis:100%\">\n<div class=\"wp-block-group mugilux-video-popup\"><div class=\"wp-block-group__inner-container is-layout-flow wp-block-group-is-layout-flow\">\n<div class=\"wp-block-cover\" style=\"min-height:260px;aspect-ratio:unset\"><img loading=\"lazy\" decoding=\"async\" width=\"1920\" height=\"1078\" class=\"wp-block-cover__image-background wp-image-2219\" alt=\"\" src=\"https:\/\/mugi.lu\/wp-content\/uploads\/2024\/02\/screenshot-2024-02-25-at-235033.png\" data-object-fit=\"cover\" srcset=\"https:\/\/mugi.lu\/wp-content\/uploads\/2024\/02\/screenshot-2024-02-25-at-235033.png 1920w, https:\/\/mugi.lu\/wp-content\/uploads\/2024\/02\/screenshot-2024-02-25-at-235033-300x168.png 300w, https:\/\/mugi.lu\/wp-content\/uploads\/2024\/02\/screenshot-2024-02-25-at-235033-1024x575.png 1024w, https:\/\/mugi.lu\/wp-content\/uploads\/2024\/02\/screenshot-2024-02-25-at-235033-768x431.png 768w, https:\/\/mugi.lu\/wp-content\/uploads\/2024\/02\/screenshot-2024-02-25-at-235033-1536x862.png 1536w, https:\/\/mugi.lu\/wp-content\/uploads\/2024\/02\/screenshot-2024-02-25-at-235033-1850x1039.png 1850w\" sizes=\"auto, (max-width: 1920px) 100vw, 1920px\" \/><span aria-hidden=\"true\" class=\"wp-block-cover__background has-background-dim-20 has-background-dim\"><\/span><div class=\"wp-block-cover__inner-container is-layout-flow wp-block-cover-is-layout-flow\">\n<div class=\"wp-block-getwid-icon is-aligned-center\"><a href=\"https:\/\/vimeo.com\/916521331\/57def35f7e?share=copy\" target=\"_blank\" rel=\"noreferrer noopener\" class=\"wp-block-getwid-icon__wrapper has-text-color has-white-color\"><i class=\"fas fa-play\"><\/i><\/a><\/div>\n<\/div><\/div>\n\n\n\n<h4 class=\"wp-block-heading\"><a href=\"https:\/\/videos.uni.lu\/media\/Gespr%C3%A4ch+mit+Jeannette+Braun-Giampellegrini+%E2%80%93%C2%A0Ausschnitt+6\/1_b72tdnz9\" target=\"_blank\" rel=\"noreferrer noopener\">Jeannette Braun-Giampellegrini montre ses premi\u00e8res partitions de piano<\/a><\/h4>\n\n\n\n<p>Extrait d&rsquo;une conversation avec Lynn Orazi du 5.11.2021<\/p>\n\n\n\n<p>R\u00e9alisation: Anne Schiltz, cam\u00e9ra: Sascha Helsper, <em>MEDIACentre<\/em>, son: Yves Melchior, <em>CNA<\/em>, Interview: Anne Schiltz et Danielle Roster<\/p>\n\n\n\n<p>\u00a9 MuGi.lu<\/p>\n<\/div><\/div>\n<\/div>\n<\/div>\n<\/div><\/div>\n<\/div><\/div>\n\n\t\t\t<\/div>\n\n\t\t\t<button class=\"composer-tab__button composer-tab--color-primary\">\n\t\t\t<span class=\"composer-tab__icon--video\"><\/span>\n\t\t\t<span>Interview<\/span>\n\t\t<\/button>\n\t\n<\/div>\n\n\n\n<div class=\"composer-tab\" style=\"display: none;\" data-composer-tab-color=\"secondary\">\n\n\t<div class=\"composer-tab__badge composer-tab__badge-secondary\">\n\t\t<span class=\"composer-tab__icon--video\"><\/span>\n\t\t<span class=\"composer-tab__circular-title\">T\u00e9l\u00e9vision<\/span>\n\t<\/div>\n\n\t<div class=\"composer-tab__content\">\n\t\t\t\t\t\n\n<div class=\"wp-block-getwid-content-slider has-arrows-outside has-dots-none\" data-adaptive-height=\"true\" data-arrows=\"outside\" data-dots=\"none\"><div class=\"wp-block-getwid-content-slider__wrapper\">\n<div class=\"wp-block-getwid-content-slider-slide\"><div class=\"wp-block-getwid-content-slider-slide__wrapper\">\n<div class=\"wp-block-columns is-layout-flex wp-container-core-columns-is-layout-9d6595d7 wp-block-columns-is-layout-flex\">\n<div class=\"wp-block-column is-layout-flow wp-block-column-is-layout-flow\" style=\"flex-basis:100%\">\n<div class=\"wp-block-group mugilux-video-popup\"><div class=\"wp-block-group__inner-container is-layout-flow wp-block-group-is-layout-flow\">\n<div class=\"wp-block-cover\" style=\"min-height:260px;aspect-ratio:unset\"><img loading=\"lazy\" decoding=\"async\" width=\"1920\" height=\"1474\" class=\"wp-block-cover__image-background wp-image-2194\" alt=\"\" src=\"https:\/\/mugi.lu\/wp-content\/uploads\/2022\/09\/screenshot-2024-02-23-at-153415.png\" data-object-fit=\"cover\" srcset=\"https:\/\/mugi.lu\/wp-content\/uploads\/2022\/09\/screenshot-2024-02-23-at-153415.png 1920w, https:\/\/mugi.lu\/wp-content\/uploads\/2022\/09\/screenshot-2024-02-23-at-153415-300x230.png 300w, https:\/\/mugi.lu\/wp-content\/uploads\/2022\/09\/screenshot-2024-02-23-at-153415-1024x786.png 1024w, https:\/\/mugi.lu\/wp-content\/uploads\/2022\/09\/screenshot-2024-02-23-at-153415-768x590.png 768w, https:\/\/mugi.lu\/wp-content\/uploads\/2022\/09\/screenshot-2024-02-23-at-153415-1536x1179.png 1536w, https:\/\/mugi.lu\/wp-content\/uploads\/2022\/09\/screenshot-2024-02-23-at-153415-1850x1420.png 1850w\" sizes=\"auto, (max-width: 1920px) 100vw, 1920px\" \/><span aria-hidden=\"true\" class=\"wp-block-cover__background has-background-dim-20 has-background-dim\"><\/span><div class=\"wp-block-cover__inner-container is-layout-flow wp-block-cover-is-layout-flow\">\n<div class=\"wp-block-getwid-icon is-aligned-center\"><a href=\"https:\/\/vimeo.com\/915971237\/62e7d6cf15?share=copy\" target=\"_blank\" rel=\"noreferrer noopener\" class=\"wp-block-getwid-icon__wrapper getwid-animation has-text-color has-white-color\" data-animation=\"zoomBig\"><i class=\"fas fa-play\"><\/i><\/a><\/div>\n<\/div><\/div>\n\n\n\n<h4 class=\"wp-block-heading\"><a href=\"https:\/\/vimeo.com\/915971237\/62e7d6cf15?share=copy\" target=\"_blank\" rel=\"noreferrer noopener\">\u00c9mission RTL <em>Hei Elei<\/em> du 19.1.1980<\/a><\/h4>\n\n\n\n<p>Jeannette Braun-Giampellegrini interpr\u00e8te [D. Scarlatti]<\/p>\n\n\n\n<p>\u00a9 CNA \/CLT<\/p>\n<\/div><\/div>\n<\/div>\n\n\n\n<div class=\"wp-block-column is-layout-flow wp-block-column-is-layout-flow\" style=\"flex-basis:100%\">\n<div class=\"wp-block-group mugilux-video-popup\"><div class=\"wp-block-group__inner-container is-layout-flow wp-block-group-is-layout-flow\">\n<div class=\"wp-block-cover\" style=\"min-height:260px;aspect-ratio:unset\"><img loading=\"lazy\" decoding=\"async\" width=\"1920\" height=\"1411\" class=\"wp-block-cover__image-background wp-image-2197\" alt=\"\" src=\"https:\/\/mugi.lu\/wp-content\/uploads\/2024\/02\/screenshot-2024-02-23-at-153544.png\" data-object-fit=\"cover\" srcset=\"https:\/\/mugi.lu\/wp-content\/uploads\/2024\/02\/screenshot-2024-02-23-at-153544.png 1920w, https:\/\/mugi.lu\/wp-content\/uploads\/2024\/02\/screenshot-2024-02-23-at-153544-300x220.png 300w, https:\/\/mugi.lu\/wp-content\/uploads\/2024\/02\/screenshot-2024-02-23-at-153544-1024x753.png 1024w, https:\/\/mugi.lu\/wp-content\/uploads\/2024\/02\/screenshot-2024-02-23-at-153544-768x564.png 768w, https:\/\/mugi.lu\/wp-content\/uploads\/2024\/02\/screenshot-2024-02-23-at-153544-1536x1129.png 1536w, https:\/\/mugi.lu\/wp-content\/uploads\/2024\/02\/screenshot-2024-02-23-at-153544-1850x1360.png 1850w\" sizes=\"auto, (max-width: 1920px) 100vw, 1920px\" \/><span aria-hidden=\"true\" class=\"wp-block-cover__background has-background-dim-20 has-background-dim\"><\/span><div class=\"wp-block-cover__inner-container is-layout-flow wp-block-cover-is-layout-flow\">\n<div class=\"wp-block-getwid-icon is-aligned-center\"><a href=\"https:\/\/vimeo.com\/915970943\/bd6add88a5?share=copy\" target=\"_blank\" rel=\"noreferrer noopener\" class=\"wp-block-getwid-icon__wrapper getwid-animation has-text-color has-white-color\" data-animation=\"zoomBig\"><i class=\"fas fa-play\"><\/i><\/a><\/div>\n<\/div><\/div>\n\n\n\n<h4 class=\"wp-block-heading\"><a href=\"https:\/\/vimeo.com\/915970943\/bd6add88a5?share=copy\" target=\"_blank\" rel=\"noreferrer noopener\">\u00c9mission RTL <em>Hei Elei<\/em> du 16.1.1983<\/a><\/h4>\n\n\n\n<p>Avant-go\u00fbt du r\u00e9cital Johannes Brahms du 21.1.1983, Villa Louvigny: <em>Geistiges Wiegendlied op. 91<\/em>, Annette Theis-Bisdorff (contralto), Andr\u00e9 Naveau (violoncelle), Jeannette Braun-Giampellegrini (piano)<\/p>\n\n\n\n<p>\u00a9 CNA \/CLT<\/p>\n<\/div><\/div>\n<\/div>\n<\/div>\n<\/div><\/div>\n\n\n\n<div class=\"wp-block-getwid-content-slider-slide\"><div class=\"wp-block-getwid-content-slider-slide__wrapper\">\n<div class=\"wp-block-columns is-layout-flex wp-container-core-columns-is-layout-9d6595d7 wp-block-columns-is-layout-flex\">\n<div class=\"wp-block-column is-vertically-aligned-center is-layout-flow wp-block-column-is-layout-flow\" style=\"flex-basis:100%\">\n<div class=\"wp-block-group mugilux-video-popup\"><div class=\"wp-block-group__inner-container is-layout-flow wp-block-group-is-layout-flow\">\n<div class=\"wp-block-cover\" style=\"min-height:260px;aspect-ratio:unset\"><img loading=\"lazy\" decoding=\"async\" width=\"1920\" height=\"1428\" class=\"wp-block-cover__image-background wp-image-2096\" alt=\"\" src=\"https:\/\/mugi.lu\/wp-content\/uploads\/2024\/02\/screenshot-2024-02-23-at-153050.png\" style=\"object-position:50% 66%\" data-object-fit=\"cover\" data-object-position=\"50% 66%\" srcset=\"https:\/\/mugi.lu\/wp-content\/uploads\/2024\/02\/screenshot-2024-02-23-at-153050.png 1920w, https:\/\/mugi.lu\/wp-content\/uploads\/2024\/02\/screenshot-2024-02-23-at-153050-300x223.png 300w, https:\/\/mugi.lu\/wp-content\/uploads\/2024\/02\/screenshot-2024-02-23-at-153050-1024x762.png 1024w, https:\/\/mugi.lu\/wp-content\/uploads\/2024\/02\/screenshot-2024-02-23-at-153050-768x571.png 768w, https:\/\/mugi.lu\/wp-content\/uploads\/2024\/02\/screenshot-2024-02-23-at-153050-1536x1142.png 1536w, https:\/\/mugi.lu\/wp-content\/uploads\/2024\/02\/screenshot-2024-02-23-at-153050-780x580.png 780w, https:\/\/mugi.lu\/wp-content\/uploads\/2024\/02\/screenshot-2024-02-23-at-153050-1850x1376.png 1850w\" sizes=\"auto, (max-width: 1920px) 100vw, 1920px\" \/><span aria-hidden=\"true\" class=\"wp-block-cover__background has-background-dim-20 has-background-dim\"><\/span><div class=\"wp-block-cover__inner-container is-layout-flow wp-block-cover-is-layout-flow\">\n<div class=\"wp-block-getwid-icon is-aligned-center\"><a href=\"https:\/\/vimeo.com\/915971421\/088a74a1e8?share=copy\" target=\"_blank\" rel=\"noreferrer noopener\" class=\"wp-block-getwid-icon__wrapper getwid-animation has-text-color has-white-color\" data-animation=\"zoomBig\"><i class=\"fas fa-play\"><\/i><\/a><\/div>\n<\/div><\/div>\n\n\n\n<h4 class=\"wp-block-heading\"><a href=\"https:\/\/vimeo.com\/915971421\/088a74a1e8?share=copy\" target=\"_blank\" rel=\"noreferrer noopener\">\u00c9mission RTL <em>Stonn fir L\u00ebtzebuerg<\/em> du 17.10.1998<\/a><\/h4>\n\n\n\n<p>Reportage sur Jeannette Braun-Giampellegrini qui prend sa retraite au <em>Conservatoire de Musique d\u2019Esch\/Alzette<\/em>. Avec des t\u00e9moignages de ses anciennes \u00e9l\u00e8ves Astrid Koemptgen et Isabelle Braun-Dominicy.<\/p>\n\n\n\n<p>\u00a9 CNA \/ CLT<\/p>\n<\/div><\/div>\n<\/div>\n<\/div>\n<\/div><\/div>\n<\/div><\/div>\n\n\t\t\t<\/div>\n\n\t\t\t<button class=\"composer-tab__button composer-tab--color-secondary\">\n\t\t\t<span class=\"composer-tab__icon--video\"><\/span>\n\t\t\t<span>T\u00e9l\u00e9vision<\/span>\n\t\t<\/button>\n\t\n<\/div>\n\n\n\n<div class=\"composer-tab\" style=\"display: none;\" data-composer-tab-color=\"yellow\">\n\n\t<div class=\"composer-tab__badge composer-tab__badge-yellow\">\n\t\t<span class=\"composer-tab__icon--work\"><\/span>\n\t\t<span class=\"composer-tab__circular-title\">Enregistrements<\/span>\n\t<\/div>\n\n\t<div class=\"composer-tab__content\">\n\t\t\t\t\t\n\n<div class=\"wp-block-getwid-icon-box has-icon-left has-text-left\"><div class=\"wp-block-getwid-icon-box__icon-container is-position-top\"><a href=\"https:\/\/mugi.lu\/wp-content\/uploads\/2024\/10\/10_JBG-\u2013-Aufnahmen_DEF_FR.pdf\" target=\"_blank\" rel=\"noreferrer noopener\" class=\"wp-block-getwid-icon-box__icon-wrapper\"><i class=\"fas fa-file-pdf\"><\/i><\/a><\/div><div class=\"wp-block-getwid-icon-box__content\">\n<h3 class=\"wp-block-heading\"><strong><strong><strong><strong>Jeannette Braun-Giampellegrini Enregistrements<\/strong><\/strong><\/strong><\/strong><\/h3>\n\n\n\n<p><\/p>\n<\/div><\/div>\n\n\t\t\t<\/div>\n\n\t\t\t<button class=\"composer-tab__button composer-tab--color-yellow\">\n\t\t\t<span class=\"composer-tab__icon--work\"><\/span>\n\t\t\t<span>Enregistrements<\/span>\n\t\t<\/button>\n\t\n<\/div>\n\n\n\n<div class=\"composer-tab\" style=\"display: none;\" data-composer-tab-color=\"orange\">\n\n\t<div class=\"composer-tab__badge composer-tab__badge-orange\">\n\t\t<span class=\"composer-tab__icon--concert\"><\/span>\n\t\t<span class=\"composer-tab__circular-title\">Concerts<\/span>\n\t<\/div>\n\n\t<div class=\"composer-tab__content\">\n\t\t\t\t\t\n\n<div class=\"wp-block-getwid-icon-box has-icon-left has-text-left\"><div class=\"wp-block-getwid-icon-box__icon-container is-position-top\"><a href=\"https:\/\/mugi.lu\/wp-content\/uploads\/2024\/10\/JBG_Konzerte_DEF_FR.pdf\" target=\"_blank\" rel=\"noreferrer noopener\" class=\"wp-block-getwid-icon-box__icon-wrapper\"><i class=\"fas fa-file-pdf\"><\/i><\/a><\/div><div class=\"wp-block-getwid-icon-box__content\">\n<h3 class=\"wp-block-heading\"><strong><strong><strong><strong>Jeannette Braun-Giampellegrini Concerts<\/strong><\/strong><\/strong><\/strong><\/h3>\n\n\n\n<p><\/p>\n<\/div><\/div>\n\n\t\t\t<\/div>\n\n\t\t\t<button class=\"composer-tab__button composer-tab--color-orange\">\n\t\t\t<span class=\"composer-tab__icon--concert\"><\/span>\n\t\t\t<span>Concerts<\/span>\n\t\t<\/button>\n\t\n<\/div>\n<\/div>\n<\/div>\n\n\n\n<p><\/p>\n","protected":false},"featured_media":1193,"template":"","meta":{"_acf_changed":false,"inline_featured_image":false,"_themeisle_gutenberg_block_has_review":false},"class_list":["post-2492","composer","type-composer","status-publish","has-post-thumbnail","hentry"],"acf":[],"_links":{"self":[{"href":"https:\/\/mugi.lu\/fr\/wp-json\/wp\/v2\/composer\/2492","targetHints":{"allow":["GET"]}}],"collection":[{"href":"https:\/\/mugi.lu\/fr\/wp-json\/wp\/v2\/composer"}],"about":[{"href":"https:\/\/mugi.lu\/fr\/wp-json\/wp\/v2\/types\/composer"}],"wp:featuredmedia":[{"embeddable":true,"href":"https:\/\/mugi.lu\/fr\/wp-json\/wp\/v2\/media\/1193"}],"wp:attachment":[{"href":"https:\/\/mugi.lu\/fr\/wp-json\/wp\/v2\/media?parent=2492"}],"curies":[{"name":"wp","href":"https:\/\/api.w.org\/{rel}","templated":true}]}}