{"id":2430,"date":"2024-03-11T15:37:22","date_gmt":"2024-03-11T14:37:22","guid":{"rendered":"https:\/\/mugi.lu\/composer\/frida-salomon-ehrlich\/"},"modified":"2025-12-16T13:42:58","modified_gmt":"2025-12-16T12:42:58","slug":"frida-salomon-ehrlich","status":"publish","type":"composer","link":"https:\/\/mugi.lu\/fr\/sujet\/frida-salomon-ehrlich\/","title":{"rendered":"Frida Salomon-Ehrlich"},"content":{"rendered":"\n<div class=\"wp-block-columns is-layout-flex wp-container-core-columns-is-layout-9d6595d7 wp-block-columns-is-layout-flex\">\n<div class=\"wp-block-column is-layout-flow wp-block-column-is-layout-flow\" style=\"flex-basis:25%\"><figure style=\"aspect-ratio:9\/16;\" class=\"wp-block-post-featured-image\"><img loading=\"lazy\" decoding=\"async\" width=\"862\" height=\"1128\" src=\"https:\/\/mugi.lu\/wp-content\/uploads\/2024\/02\/usc12-zugeschnitten-e1710199276806.jpg\" class=\"attachment-post-thumbnail size-post-thumbnail wp-post-image\" alt=\"\" style=\"width:100%;height:100%;object-fit:cover;\" srcset=\"https:\/\/mugi.lu\/wp-content\/uploads\/2024\/02\/usc12-zugeschnitten-e1710199276806.jpg 862w, https:\/\/mugi.lu\/wp-content\/uploads\/2024\/02\/usc12-zugeschnitten-e1710199276806-229x300.jpg 229w, https:\/\/mugi.lu\/wp-content\/uploads\/2024\/02\/usc12-zugeschnitten-e1710199276806-783x1024.jpg 783w, https:\/\/mugi.lu\/wp-content\/uploads\/2024\/02\/usc12-zugeschnitten-e1710199276806-768x1005.jpg 768w\" sizes=\"auto, (max-width: 862px) 100vw, 862px\" \/><\/figure><\/div>\n\n\n\n<div class=\"wp-block-column is-layout-flow wp-block-column-is-layout-flow\">\n<h3 class=\"birth_death_dates\">1899 &#8211; 1986<\/h3>\n\n\n<h2 class=\"wp-block-post-title\">Frida Salomon-Ehrlich<\/h2>\n\n\n<div class=\"composer-tab\" style=\"display: none;\" data-composer-tab-color=\"secondary\">\n\n\t<div class=\"composer-tab__badge composer-tab__badge-secondary\">\n\t\t<span class=\"composer-tab__icon--biography\"><\/span>\n\t\t<span class=\"composer-tab__circular-title\">Biographie<\/span>\n\t<\/div>\n\n\t<div class=\"composer-tab__content\">\n\t\t\t\t\t\n\n<div class=\"wp-block-getwid-content-slider has-arrows-outside has-dots-none\" data-adaptive-height=\"true\" data-draggable=\"false\" data-arrows=\"outside\" data-dots=\"none\"><div class=\"wp-block-getwid-content-slider__wrapper\">\n<div class=\"wp-block-getwid-content-slider-slide\"><div class=\"wp-block-getwid-content-slider-slide__wrapper\">\n<p>La po\u00e9tesse et compositrice juive Frida Ehrlich est n\u00e9e le 30 septembre 1899 \u00e0 Herrlisheim (Bas-Rhin) en Alsace, fille de Heymann Ehrlich et Sophie Levy. Lorsqu&rsquo;elle avait 10 ans, sa m\u00e8re d\u00e9c\u00e9da, suivie peu de temps apr\u00e8s par son p\u00e8re. Des parents de la ville voisine d&rsquo;Offendorf l&rsquo;ont recueillie. Frida d\u00e9veloppa une relation \u00e9troite avec sa cousine Rosette Rebekka Braun, qui deviendra sa belle-s\u0153ur au Luxembourg.&nbsp;<\/p>\n\n\n\n<p><\/p>\n\n\n\n<p>Au d\u00e9but des ann\u00e9es 1920, elle habitait \u00e0 Paris au <em>Toit familial<\/em>, l&rsquo;ancien <em>Home isra\u00e9lite pour jeunes filles<\/em>, fond\u00e9 par Ad\u00e9la\u00efde de Rothschild. Frida y re\u00e7ut probablement une formation de couturi\u00e8re. Au foyer, son int\u00e9r\u00eat pour la litt\u00e9rature, la langue et la musique fut encourag\u00e9 et approfondi.&nbsp;<\/p>\n\n\n\n<p><\/p>\n\n\n\n<p>En 1924, Frida Ehrlich \u00e9pousa \u00e0 Dudelange Joseph Bruno Salomon (n\u00e9 \u00e0 Diekirch en 1898 ; d\u00e9c\u00e9d\u00e9 en 1953), le futur chef de ch\u0153ur de la synagogue de Luxembourg-Ville, et devint citoyenne luxembourgeoise. Quatre ans plus tard, elle donna naissance \u00e0 sa fille Solange Sophie. Fin 1932, la famille s&rsquo;installa dans la capitale, dans le quartier de Belair. Les Salomon y construisirent une maison \u2013 ensemble avec le fr\u00e8re de Bruno Salomon, Marcel, et sa famille. Au rez-de-chauss\u00e9e, ils install\u00e8rent une petite manufacture de v\u00eatements pour hommes qui s&rsquo;\u00e9tablit avec succ\u00e8s.&nbsp;&nbsp;<\/p>\n\n\n\n<p><\/p>\n\n\n\n<p><\/p>\n<\/div><\/div>\n\n\n\n<div class=\"wp-block-getwid-content-slider-slide\"><div class=\"wp-block-getwid-content-slider-slide__wrapper\">\n<p>Frida Salomon-Ehrlich a \u00e9crit des po\u00e8mes et des textes de chansons. Elle a compos\u00e9 les m\u00e9lodies pour certains d&rsquo;entre eux. Elle a aussi compos\u00e9 des chansons ou bien m\u00e9lodies pour voix et piano et de la musique chorale. Certaines \u0153uvres de Frida Salomon-Ehrlich \u00e9taient connues au Luxembourg. Ses chansons ont \u00e9t\u00e9 diffus\u00e9es occasionnellement sur les ondes de <em>Radio Luxembourg<\/em> entre 1936 et 1939. Elles figuraient \u00e9galement au programme de concerts, notamment \u00e0 l&rsquo;occasion de la F\u00eate des m\u00e8res. Le 27 janvier 1940, une composition commune de Bruno et Frida Salomon-Ehrlich pour ch\u0153ur et solo, aujourd&rsquo;hui disparue, a \u00e9t\u00e9 interpr\u00e9t\u00e9e par le ch\u0153ur de la synagogue de Luxembourg-Ville, ceci dans le cadre de la F\u00eate nationale. Il pourrait \u00e9ventuellement s&rsquo;agir du manuscrit <em>Fir Grossherzogins Geburtstag 1935<\/em> (voir la rubrique \u00ab\u202fDocuments \u00e9crits\u202f\u00bb). Vous trouverez des d\u00e9tails sur les \u00e9missions de radio et les concerts dans la rubrique \u00ab\u202fPresse\u202f\u00bb. Frida Salomon-Ehrlich envoyait \u00e9galement ses po\u00e8mes \u00e0 la Grande-duchesse Charlotte pour son anniversaire (la F\u00eate nationale) ou pour la F\u00eate des m\u00e8res. Plus tard, la Grande-duchesse aida la famille \u00e0 s&rsquo;enfuir aux \u00c9tats-Unis, comme l&rsquo;a racont\u00e9 sa fille Solange (Sonya Hartog) dans une interview pour la USC Shoah Foundation.&nbsp;<\/p>\n\n\n\n<p><\/p>\n\n\n\n<p>Le 15 octobre 1941, Frida Salomon-Ehrlich et sa famille purent s\u2019enfuir du Luxembourg, sous occupation nazie. Leur manufacture de v\u00eatement avait \u00e9t\u00e9 \u00ab\u202faryanis\u00e9e\u202f\u00bb (expropri\u00e9e), ils avaient \u00e9t\u00e9 chass\u00e9s de leur maison et Solange n\u2019avait plus le droit de fr\u00e9quenter le lyc\u00e9e. Ils obtinrent des laissez-passer pour l\u2019Espagne et connurent une odyss\u00e9e de plusieurs mois \u00e0 destination des \u00c9tats-Unis, en passant par Paris, Barcelone et Lisbonne. De Barcelone, un groupe de r\u00e9fugi\u00e9s luxembourgeois envoya un po\u00e8me r\u00e9dig\u00e9 par Fri(e)da \u00e0 la grande-duchesse, qui comprend le vers \u00ab\u202fSie ass, wat mir sinn&#8230; Emigrant\u202f\u00bb (\u00ab\u202fElle est ce que nous sommes&#8230; un \u00e9migr\u00e9\u202f\u00bb). Vous trouverez ce po\u00e8me dans la rubrique \u00ab\u202fDocuments \u00e9crits\u202f\u00bb (voir aussi Schmitt-K\u00f6lzer 2021).&nbsp;<\/p>\n\n\n\n<p><\/p>\n<\/div><\/div>\n\n\n\n<div class=\"wp-block-getwid-content-slider-slide\"><div class=\"wp-block-getwid-content-slider-slide__wrapper\">\n<p>La famille vivait \u00e0 New York, Columbus (G\u00e9orgie) et Chicago. Frida fabriquait des cravates \u00e0 domicile\u202f; son mari Bruno, qui composait \u00e9galement, travaillait comme tailleur. Apr\u00e8s la guerre, les Salomon d\u00e9cid\u00e8rent de retourner au Luxembourg. Frida composa \u00e0 nouveau de la musique et ses chansons furent \u00e0 nouveau interpr\u00e9t\u00e9es lors de concerts publics, notamment \u00e0 l\u2019occasion de la F\u00eate des m\u00e8res en 1947 et 1949.&nbsp;<\/p>\n\n\n\n<p><\/p>\n\n\n\n<p>Leur fille Solange souhaitant retourner aux Etats-Unis, la famille Salomon quitta d\u00e9finitivement le Luxembourg en 1951. Frida trouva d&rsquo;abord du travail dans un cabinet m\u00e9dical, puis travaillait pendant 10 ans \u00e0 la r\u00e9ception du Mount Sinai Hospital \u00e0 New York City. Les premi\u00e8res ann\u00e9es aux \u00c9tats-Unis furent pour elle une p\u00e9riode productive sur le plan musical. En 1954 et 1955, Frida (Frieda) Salomon-Ehrlich fit enregistrer un <em>copyright<\/em> pour quatre de ses \u0153uvres compos\u00e9es, mais celui-ci n&rsquo;a pas \u00e9t\u00e9 renouvel\u00e9. Elle a \u00e9galement continu\u00e9 \u00e0 \u00e9crire des po\u00e8mes, notamment pour les Eisenhower et les Kennedy. Frida Salomon-Ehrlich est d\u00e9c\u00e9d\u00e9e en ao\u00fbt 1986 \u00e0 New York.&nbsp;&nbsp; York City.&nbsp;&nbsp;<\/p>\n\n\n\n<p><\/p>\n\n\n\n<p>Malheureusement, aucun enregistrement historique des compositions de Frida Salomon-Ehrlich n&rsquo;a \u00e9t\u00e9 retrouv\u00e9, mais elles suscitent aujourd&rsquo;hui un regain d&rsquo;int\u00e9r\u00eat. Ainsi, Yvonne Timoiano, qui vit en Autriche, a arrang\u00e9 la m\u00e9lodie<em> Zum Gedenken<\/em> de 1948 pour violoncelle solo et l&rsquo;a jou\u00e9e le 15 avril 2018 \u00e0 Cinqfontaines\/F\u00fcnfbrunnen en comm\u00e9moration du 75<sup>e<\/sup> anniversaire des derni\u00e8res d\u00e9portations \u00e0 Theresienstadt et Auschwitz.&nbsp;<\/p>\n\n\n\n<p><\/p>\n<\/div><\/div>\n<\/div><\/div>\n\n\n\n<p class=\"has-text-smaller-font-size\"><em>Text: <em>Wolfgang Schmitt-K\u00f6lzer<\/em>&nbsp;(traduit par Sonja Kmec avec l\u2018aide de Deepl.com)<\/em><\/p>\n\n\n\n<p class=\"has-text-smaller-font-size\"><strong>Citation :<\/strong> Schmitt-K\u00f6lzer, Wolfgang: Frida Salomon-Ehrlich, in: Musique et genre au <span style=\"font-family: -webkit-standard;font-size: medium;white-space: normal\"><\/span>Luxembourg, \u00e9d. par Sonja Kmec, Danielle Roster et Anne Schiltz. URL: <a href=\"https:\/\/mugi.lu\/fr\/sujet\/frida-salomon-ehrlich\/\">https:\/\/mugi.lu\/fr\/sujet\/frida-salomon-ehrlich\/<\/a><span style=\"font-family: -webkit-standard;font-size: medium;white-space: normal\"><\/span> (publi\u00e9 en-ligne le 1.3.2024, consult\u00e9 le \u2026)<\/p>\n\n\t\t\t<\/div>\n\n\t\t\t<button class=\"composer-tab__button composer-tab--color-secondary\">\n\t\t\t<span class=\"composer-tab__icon--biography\"><\/span>\n\t\t\t<span>Biographie<\/span>\n\t\t<\/button>\n\t\n<\/div>\n\n\n\n<div class=\"composer-tab\" style=\"display: none;\" data-composer-tab-color=\"primary\">\n\n\t<div class=\"composer-tab__badge composer-tab__badge-primary\">\n\t\t<span class=\"composer-tab__icon--music\"><\/span>\n\t\t<span class=\"composer-tab__circular-title\">Musique<\/span>\n\t<\/div>\n\n\t<div class=\"composer-tab__content\">\n\t\t\t\t\t\n\n<div class=\"wp-block-getwid-content-slider has-arrows-outside has-dots-none\" data-draggable=\"false\" data-arrows=\"outside\" data-dots=\"none\"><div class=\"wp-block-getwid-content-slider__wrapper\">\n<div class=\"wp-block-getwid-content-slider-slide\"><div class=\"wp-block-getwid-content-slider-slide__wrapper\">\n<div class=\"wp-block-columns is-layout-flex wp-container-core-columns-is-layout-9d6595d7 wp-block-columns-is-layout-flex\">\n<div class=\"wp-block-column is-layout-flow wp-block-column-is-layout-flow\"><div id=\"sonaar_music_50\"><div class=\"sonaar_audioplayer_block_cover\"><\/div><\/div>\n\n\n<h5 class=\"wp-block-heading has-h-3-font-size\">La m\u00e9lodie \u00ab\u00a0ZUM GEDENKEN\u00a0\u00bb de Frieda Salomon Ehrlich, arrang\u00e9e par Yvonne Timoianu pour violoncelle solo<\/h5>\n\n\n\n<p>Yvonne Timoianu (violoncelle)<\/p>\n\n\n\n<p>Cr\u00e9ation mondiale le 15 avril 2018 \u00e0 Cinqfontaines (Klenge Maarnicher Festival)<\/p>\n<\/div>\n<\/div>\n<\/div><\/div>\n<\/div><\/div>\n\n\t\t\t<\/div>\n\n\t\t\t<button class=\"composer-tab__button composer-tab--color-primary\">\n\t\t\t<span class=\"composer-tab__icon--music\"><\/span>\n\t\t\t<span>Musique<\/span>\n\t\t<\/button>\n\t\n<\/div>\n\n\n\n<div class=\"composer-tab\" style=\"display: none;\" data-composer-tab-color=\"yellow\">\n\n\t<div class=\"composer-tab__badge composer-tab__badge-yellow\">\n\t\t<span class=\"composer-tab__icon--notes\"><\/span>\n\t\t<span class=\"composer-tab__circular-title\">Notes<\/span>\n\t<\/div>\n\n\t<div class=\"composer-tab__content\">\n\t\t\t\t\t\n\n<div class=\"wp-block-getwid-content-slider has-arrows-inside has-dots-inside\"><div class=\"wp-block-getwid-content-slider__wrapper\">\n<div class=\"wp-block-getwid-content-slider-slide\"><div class=\"wp-block-getwid-content-slider-slide__wrapper\">\n<div class=\"wp-block-getwid-icon-box has-icon-left has-text-center\"><div class=\"wp-block-getwid-icon-box__icon-container is-position-top\"><a href=\"https:\/\/mugi.lu\/wp-content\/uploads\/2024\/02\/BIB-MW-i27-EH1_compressed.pdf\" target=\"_blank\" rel=\"noreferrer noopener\" class=\"wp-block-getwid-icon-box__icon-wrapper\"><i class=\"fas fa-file-pdf\"><\/i><\/a><\/div><div class=\"wp-block-getwid-icon-box__content\">\n<p><strong><em>ZUM GEDENKEN. Onser le&rsquo;wer Gro&rsquo;ssherzogin fir Hiere Geburtsd\u00e2g an de&rsquo;fster Vere&rsquo;erong zo&rsquo;ge\u00e9gent<\/em> (23.1.1948)<\/strong> <\/p>\n\n\n\n<p>Texte et musique: Frida Salomon-Ehrlich. Biblioth\u00e8que de la Maison grand-ducale: BIB MW i27 EH1<\/p>\n<\/div><\/div>\n\n\n\n<div class=\"wp-block-getwid-icon-box has-icon-left has-text-center\"><div class=\"wp-block-getwid-icon-box__icon-container is-position-top\"><a href=\"https:\/\/mugi.lu\/wp-content\/uploads\/2024\/02\/LC1_Loving-Memory_-EU-354989_compressed.pdf\" target=\"_blank\" rel=\"noreferrer noopener\" class=\"wp-block-getwid-icon-box__icon-wrapper\"><i class=\"fas fa-file-pdf\"><\/i><\/a><\/div><div class=\"wp-block-getwid-icon-box__content\">\n<p><strong><em>Loving Memory<\/em> (1954)<\/strong><\/p>\n\n\n\n<p>Texte et musique: Frieda E. Salomon. Library of Congress: EU354989<\/p>\n<\/div><\/div>\n<\/div><\/div>\n\n\n\n<div class=\"wp-block-getwid-content-slider-slide\"><div class=\"wp-block-getwid-content-slider-slide__wrapper\">\n<div class=\"wp-block-getwid-icon-box has-icon-left has-text-center\"><div class=\"wp-block-getwid-icon-box__icon-container is-position-top\"><a href=\"https:\/\/mugi.lu\/wp-content\/uploads\/2024\/02\/LC2_In-God-I-Trust_-EU-381542_compressed.pdf\" target=\"_blank\" rel=\"noreferrer noopener\" class=\"wp-block-getwid-icon-box__icon-wrapper\"><i class=\"fas fa-file-pdf\"><\/i><\/a><\/div><div class=\"wp-block-getwid-icon-box__content\">\n<p><strong><em>In God I trust<\/em> (1955)<\/strong><\/p>\n\n\n\n<p>Texte et musique: Frieda E. Salomon. Library of Congress: EU381542<\/p>\n<\/div><\/div>\n\n\n\n<div class=\"wp-block-getwid-icon-box has-icon-left has-text-center\"><div class=\"wp-block-getwid-icon-box__icon-container is-position-top\"><a href=\"https:\/\/mugi.lu\/wp-content\/uploads\/2024\/02\/LC3_Easter-Bunny_-EU-391660_compressed.pdf\" target=\"_blank\" rel=\"noreferrer noopener\" class=\"wp-block-getwid-icon-box__icon-wrapper\"><i class=\"fas fa-file-pdf\"><\/i><\/a><\/div><div class=\"wp-block-getwid-icon-box__content\">\n<p><strong><em>Easter Bunny <\/em>(1955)<\/strong><\/p>\n\n\n\n<p>Texte et musique: Frieda E. Salomon. Library of Congress: EU391660<\/p>\n<\/div><\/div>\n<\/div><\/div>\n\n\n\n<div class=\"wp-block-getwid-content-slider-slide\"><div class=\"wp-block-getwid-content-slider-slide__wrapper\">\n<div class=\"wp-block-getwid-icon-box has-icon-left has-text-center\"><div class=\"wp-block-getwid-icon-box__icon-container is-position-top\"><a href=\"https:\/\/mugi.lu\/wp-content\/uploads\/2024\/02\/LC4_Once-Upon-a-Time_EU400919-_17-Juni-1955-Kopie_compressed.pdf\" target=\"_blank\" rel=\"noreferrer noopener\" class=\"wp-block-getwid-icon-box__icon-wrapper\"><i class=\"fas fa-file-pdf\"><\/i><\/a><\/div><div class=\"wp-block-getwid-icon-box__content\">\n<p><strong><em>Once upon a Time<\/em> (1955)<\/strong><\/p>\n\n\n\n<p>Texte et musique: Frieda Salomon. Library of Congress: EU400919<\/p>\n<\/div><\/div>\n\n\n\n<div class=\"wp-block-getwid-icon-box has-icon-left has-text-center\"><div class=\"wp-block-getwid-icon-box__icon-container is-position-top\"><a href=\"https:\/\/mugi.lu\/wp-content\/uploads\/2024\/02\/YT3-Frieda-Salomon-Ehrlich-Cellofassung-Timoianu_compressed.pdf\" target=\"_blank\" rel=\"noreferrer noopener\" class=\"wp-block-getwid-icon-box__icon-wrapper\"><i class=\"fas fa-file-pdf\"><\/i><\/a><\/div><div class=\"wp-block-getwid-icon-box__content\">\n<p><strong><em>\u00ab\u00a0ZUM GEDENKEN\u00a0\u00bb<\/em><\/strong> <strong><em>de Frieda Salomon Ehrlich <\/em><\/strong><\/p>\n\n\n\n<p><em>arrang\u00e9 par Yvonne Timoianu pour violoncelle solo<\/em><\/p>\n\n\n\n<p>\u00a9 Yvonne Timoianu<\/p>\n<\/div><\/div>\n<\/div><\/div>\n<\/div><\/div>\n\n\t\t\t<\/div>\n\n\t\t\t<button class=\"composer-tab__button composer-tab--color-yellow\">\n\t\t\t<span class=\"composer-tab__icon--notes\"><\/span>\n\t\t\t<span>Notes<\/span>\n\t\t<\/button>\n\t\n<\/div>\n\n\n\n<div class=\"composer-tab\" style=\"display: none;\" data-composer-tab-color=\"orange\">\n\n\t<div class=\"composer-tab__badge composer-tab__badge-orange\">\n\t\t<span class=\"composer-tab__icon--photos\"><\/span>\n\t\t<span class=\"composer-tab__circular-title\">Photos<\/span>\n\t<\/div>\n\n\t<div class=\"composer-tab__content\">\n\t\t\t\t\t\n\n<div class=\"wp-block-getwid-images-slider has-arrows-inside has-dots-none has-captions captions-style-light captions-bottom-center is-carousel has-slides-gap-normal has-images-center has-fixed-height\"><div class=\"wp-block-getwid-images-slider__wrapper\" data-effect=\"slide\" data-slides-show=\"3\" data-slides-show-laptop=\"3\" data-slides-show-tablet=\"2\" data-slides-show-mobile=\"1\" data-slides-scroll=\"1\" data-autoplay=\"false\" data-pause-hover=\"false\" data-autoplay-speed=\"6000\" data-infinite=\"false\" data-animation-speed=\"500\" data-center-mode=\"false\" data-variable-width=\"false\" data-arrows=\"inside\" data-dots=\"none\" data-spacing=\"normal\"><div class=\"wp-block-getwid-images-slider__item getwid-reset-height-tablet getwid-reset-height-mobile\" style=\"height:40vh\"><a href=\"https:\/\/mugi.lu\/wp-content\/uploads\/2024\/02\/ra1-toit-familial.jpg\"><figure><img loading=\"lazy\" decoding=\"async\" width=\"600\" height=\"489\" src=\"https:\/\/mugi.lu\/wp-content\/uploads\/2024\/02\/ra1-toit-familial.jpg\" data-id=\"1359\" data-link=\"https:\/\/mugi.lu\/fr\/ra1-toit-familial-2\/\" data-original-link=\"https:\/\/mugi.lu\/wp-content\/uploads\/2024\/02\/ra1-toit-familial.jpg\" class=\"wp-block-getwid-images-slider__image wp-image-1359\" srcset=\"https:\/\/mugi.lu\/wp-content\/uploads\/2024\/02\/ra1-toit-familial.jpg 600w, https:\/\/mugi.lu\/wp-content\/uploads\/2024\/02\/ra1-toit-familial-300x245.jpg 300w\" sizes=\"auto, (max-width: 600px) 100vw, 600px\" \/><figcaption class=\"wp-block-getwid-images-slider__caption\">&lt;strong&gt;Le Toit familial: Le foyer pour femmes c\u00e9libataires, o\u00f9 vivait Frida Ehrlich au d\u00e9but des ann\u00e9es 1920 \u00e0 Paris (ici la biblioth\u00e8que, vers 1900)&lt;\/strong&gt; The Rothschild Archive (http:\/\/classes.bnf.fr\/rothschild\/grand\/rot_002.htm)<\/figcaption><\/figure><\/a><\/div><div class=\"wp-block-getwid-images-slider__item getwid-reset-height-tablet getwid-reset-height-mobile\" style=\"height:40vh\"><a href=\"https:\/\/mugi.lu\/wp-content\/uploads\/2024\/02\/usc5-zugeschnittenas.jpg\"><figure><img loading=\"lazy\" decoding=\"async\" width=\"760\" height=\"942\" src=\"https:\/\/mugi.lu\/wp-content\/uploads\/2024\/02\/usc5-zugeschnittenas.jpg\" data-id=\"1261\" data-link=\"https:\/\/mugi.lu\/fr\/composer\/frida-salomon-ehrlich\/usc5-zugeschnittenas-2\/\" data-original-link=\"https:\/\/mugi.lu\/wp-content\/uploads\/2024\/02\/usc5-zugeschnittenas.jpg\" class=\"wp-block-getwid-images-slider__image wp-image-1261\" srcset=\"https:\/\/mugi.lu\/wp-content\/uploads\/2024\/02\/usc5-zugeschnittenas.jpg 760w, https:\/\/mugi.lu\/wp-content\/uploads\/2024\/02\/usc5-zugeschnittenas-242x300.jpg 242w\" sizes=\"auto, (max-width: 760px) 100vw, 760px\" \/><figcaption class=\"wp-block-getwid-images-slider__caption\">&lt;strong&gt;Frida Ehrlich, photo d&rsquo;identit\u00e9, 18.4.1924. &lt;\/strong&gt;Image tir\u00e9e de l&rsquo;entretien avec Sonya Hartog (1995) r\u00e9alis\u00e9 par la USC Shoah Foundation (https:\/\/sfi.usc.edu\/)<\/figcaption><\/figure><\/a><\/div><div class=\"wp-block-getwid-images-slider__item getwid-reset-height-tablet getwid-reset-height-mobile\" style=\"height:40vh\"><a href=\"https:\/\/mugi.lu\/wp-content\/uploads\/2024\/02\/usc7-zugeschnitten.jpg\"><figure><img loading=\"lazy\" decoding=\"async\" width=\"952\" height=\"1280\" src=\"https:\/\/mugi.lu\/wp-content\/uploads\/2024\/02\/usc7-zugeschnitten.jpg\" data-id=\"1365\" data-link=\"https:\/\/mugi.lu\/fr\/usc7-zugeschnitten-2\/\" data-original-link=\"https:\/\/mugi.lu\/wp-content\/uploads\/2024\/02\/usc7-zugeschnitten.jpg\" class=\"wp-block-getwid-images-slider__image wp-image-1365\" srcset=\"https:\/\/mugi.lu\/wp-content\/uploads\/2024\/02\/usc7-zugeschnitten.jpg 952w, https:\/\/mugi.lu\/wp-content\/uploads\/2024\/02\/usc7-zugeschnitten-223x300.jpg 223w, https:\/\/mugi.lu\/wp-content\/uploads\/2024\/02\/usc7-zugeschnitten-762x1024.jpg 762w, https:\/\/mugi.lu\/wp-content\/uploads\/2024\/02\/usc7-zugeschnitten-768x1033.jpg 768w\" sizes=\"auto, (max-width: 952px) 100vw, 952px\" \/><figcaption class=\"wp-block-getwid-images-slider__caption\">&lt;strong&gt;Frida et Bruno Salomon-Ehrlich \u00e0 Mondorf-les-Bains, 1940&lt;\/strong&gt; Image tir\u00e9e de l&rsquo;entretien avec Sonya Hartog (1995) r\u00e9alis\u00e9 par la USC Shoah Foundation (https:\/\/sfi.usc.edu\/)<\/figcaption><\/figure><\/a><\/div><div class=\"wp-block-getwid-images-slider__item getwid-reset-height-tablet getwid-reset-height-mobile\" style=\"height:40vh\"><a href=\"https:\/\/mugi.lu\/wp-content\/uploads\/2024\/02\/usc2-zugeschnitten.jpg\"><figure><img loading=\"lazy\" decoding=\"async\" width=\"931\" height=\"1280\" src=\"https:\/\/mugi.lu\/wp-content\/uploads\/2024\/02\/usc2-zugeschnitten.jpg\" data-id=\"1362\" data-link=\"https:\/\/mugi.lu\/fr\/usc2-zugeschnitten-2\/\" data-original-link=\"https:\/\/mugi.lu\/wp-content\/uploads\/2024\/02\/usc2-zugeschnitten.jpg\" class=\"wp-block-getwid-images-slider__image wp-image-1362\" srcset=\"https:\/\/mugi.lu\/wp-content\/uploads\/2024\/02\/usc2-zugeschnitten.jpg 931w, https:\/\/mugi.lu\/wp-content\/uploads\/2024\/02\/usc2-zugeschnitten-218x300.jpg 218w, https:\/\/mugi.lu\/wp-content\/uploads\/2024\/02\/usc2-zugeschnitten-745x1024.jpg 745w, https:\/\/mugi.lu\/wp-content\/uploads\/2024\/02\/usc2-zugeschnitten-768x1056.jpg 768w\" sizes=\"auto, (max-width: 931px) 100vw, 931px\" \/><figcaption class=\"wp-block-getwid-images-slider__caption\">&lt;strong&gt;Bruno Salomon au piano, ca. 1922&lt;\/strong&gt; Image tir\u00e9e de l&rsquo;entretien avec Sonya Hartog (1995) r\u00e9alis\u00e9 par la USC Shoah Foundation (https:\/\/sfi.usc.edu\/)<\/figcaption><\/figure><\/a><\/div><div class=\"wp-block-getwid-images-slider__item getwid-reset-height-tablet getwid-reset-height-mobile\" style=\"height:40vh\"><a href=\"https:\/\/mugi.lu\/wp-content\/uploads\/2024\/02\/usc11-zugeschnitten.jpg\"><figure><img loading=\"lazy\" decoding=\"async\" width=\"910\" height=\"1280\" src=\"https:\/\/mugi.lu\/wp-content\/uploads\/2024\/02\/usc11-zugeschnitten.jpg\" data-id=\"1368\" data-link=\"https:\/\/mugi.lu\/fr\/usc11-zugeschnitten-2\/\" data-original-link=\"https:\/\/mugi.lu\/wp-content\/uploads\/2024\/02\/usc11-zugeschnitten.jpg\" class=\"wp-block-getwid-images-slider__image wp-image-1368\" srcset=\"https:\/\/mugi.lu\/wp-content\/uploads\/2024\/02\/usc11-zugeschnitten.jpg 910w, https:\/\/mugi.lu\/wp-content\/uploads\/2024\/02\/usc11-zugeschnitten-213x300.jpg 213w, https:\/\/mugi.lu\/wp-content\/uploads\/2024\/02\/usc11-zugeschnitten-728x1024.jpg 728w, https:\/\/mugi.lu\/wp-content\/uploads\/2024\/02\/usc11-zugeschnitten-768x1080.jpg 768w\" sizes=\"auto, (max-width: 910px) 100vw, 910px\" \/><figcaption class=\"wp-block-getwid-images-slider__caption\">&lt;strong&gt;Frida et Bruno Salomon-Ehrlich, s.d.&lt;\/strong&gt;\nImage tir\u00e9e de l&rsquo;entretien avec Sonya Hartog (1995) r\u00e9alis\u00e9 par la USC Shoah Foundation (https:\/\/sfi.usc.edu\/).<\/figcaption><\/figure><\/a><\/div><div class=\"wp-block-getwid-images-slider__item getwid-reset-height-tablet getwid-reset-height-mobile\" style=\"height:40vh\"><a href=\"https:\/\/mugi.lu\/wp-content\/uploads\/2024\/02\/usc12-zugeschnitten-e1710199276806.jpg\"><figure><img loading=\"lazy\" decoding=\"async\" width=\"862\" height=\"1128\" src=\"https:\/\/mugi.lu\/wp-content\/uploads\/2024\/02\/usc12-zugeschnitten-e1710199276806.jpg\" data-id=\"1371\" data-link=\"https:\/\/mugi.lu\/fr\/usc12-zugeschnitten-2\/\" data-original-link=\"https:\/\/mugi.lu\/wp-content\/uploads\/2024\/02\/usc12-zugeschnitten-e1710199276806.jpg\" class=\"wp-block-getwid-images-slider__image wp-image-1371\" srcset=\"https:\/\/mugi.lu\/wp-content\/uploads\/2024\/02\/usc12-zugeschnitten-e1710199276806.jpg 862w, https:\/\/mugi.lu\/wp-content\/uploads\/2024\/02\/usc12-zugeschnitten-e1710199276806-229x300.jpg 229w, https:\/\/mugi.lu\/wp-content\/uploads\/2024\/02\/usc12-zugeschnitten-e1710199276806-783x1024.jpg 783w, https:\/\/mugi.lu\/wp-content\/uploads\/2024\/02\/usc12-zugeschnitten-e1710199276806-768x1005.jpg 768w\" sizes=\"auto, (max-width: 862px) 100vw, 862px\" \/><figcaption class=\"wp-block-getwid-images-slider__caption\">&lt;strong&gt;Frida Salomon-Ehrlich, ca. 1960 &lt;\/strong&gt;Image tir\u00e9e de l&rsquo;entretien avec Sonya Hartog (1995) r\u00e9alis\u00e9 par la USC Shoah Foundation (https:\/\/sfi.usc.edu\/)<\/figcaption><\/figure><\/a><\/div><\/div><\/div>\n\n\t\t\t<\/div>\n\n\t\t\t<button class=\"composer-tab__button composer-tab--color-orange\">\n\t\t\t<span class=\"composer-tab__icon--photos\"><\/span>\n\t\t\t<span>Photos<\/span>\n\t\t<\/button>\n\t\n<\/div>\n\n\n\n<div class=\"composer-tab\" style=\"display: none;\" data-composer-tab-color=\"secondary\">\n\n\t<div class=\"composer-tab__badge composer-tab__badge-secondary\">\n\t\t<span class=\"composer-tab__icon--correspondence\"><\/span>\n\t\t<span class=\"composer-tab__circular-title\">Correspondance<\/span>\n\t<\/div>\n\n\t<div class=\"composer-tab__content\">\n\t\t\t\t\t\n\n<div class=\"wp-block-getwid-images-slider has-arrows-inside has-dots-none has-captions captions-style-light captions-bottom-center has-images-center has-fitted-images has-fixed-height\"><div class=\"wp-block-getwid-images-slider__wrapper\" data-effect=\"slide\" data-slides-show=\"1\" data-slides-show-laptop=\"1\" data-slides-show-tablet=\"1\" data-slides-show-mobile=\"1\" data-slides-scroll=\"1\" data-autoplay=\"false\" data-pause-hover=\"false\" data-autoplay-speed=\"6000\" data-infinite=\"false\" data-animation-speed=\"500\" data-center-mode=\"true\" data-variable-width=\"false\" data-arrows=\"inside\" data-dots=\"none\" data-spacing=\"normal\"><div class=\"wp-block-getwid-images-slider__item getwid-reset-height-tablet getwid-reset-height-mobile\" style=\"height:40vh\"><a href=\"https:\/\/mugi.lu\/wp-content\/uploads\/2024\/02\/usc9-vlcsnap-2024-01-10-12h22m53s915.jpg\"><figure><img loading=\"lazy\" decoding=\"async\" width=\"720\" height=\"540\" src=\"https:\/\/mugi.lu\/wp-content\/uploads\/2024\/02\/usc9-vlcsnap-2024-01-10-12h22m53s915.jpg\" data-id=\"1335\" data-link=\"https:\/\/mugi.lu\/fr\/usc9-vlcsnap-2024-01-10-12h22m53s915-2\/\" data-original-link=\"https:\/\/mugi.lu\/wp-content\/uploads\/2024\/02\/usc9-vlcsnap-2024-01-10-12h22m53s915.jpg\" class=\"wp-block-getwid-images-slider__image wp-image-1335\" srcset=\"https:\/\/mugi.lu\/wp-content\/uploads\/2024\/02\/usc9-vlcsnap-2024-01-10-12h22m53s915.jpg 720w, https:\/\/mugi.lu\/wp-content\/uploads\/2024\/02\/usc9-vlcsnap-2024-01-10-12h22m53s915-300x225.jpg 300w, https:\/\/mugi.lu\/wp-content\/uploads\/2024\/02\/usc9-vlcsnap-2024-01-10-12h22m53s915-800x600.jpg 800w\" sizes=\"auto, (max-width: 720px) 100vw, 720px\" \/><figcaption class=\"wp-block-getwid-images-slider__caption\">&lt;strong&gt;T\u00e9l\u00e9gramme envoy\u00e9 du Canada par la Grande-Duchesse (Charlotte Luxembourg) \u00e0 Mrs Frida Salomon, 1942&lt;\/strong&gt;\nImage tir\u00e9e de l&rsquo;entretien avec Sonya Hartog (1995) r\u00e9alis\u00e9 par la USC Shoah Foundation (https:\/\/sfi.usc.edu\/)<\/figcaption><\/figure><\/a><\/div><\/div><\/div>\n\n\t\t\t<\/div>\n\n\t\t\t<button class=\"composer-tab__button composer-tab--color-secondary\">\n\t\t\t<span class=\"composer-tab__icon--correspondence\"><\/span>\n\t\t\t<span>Correspondance<\/span>\n\t\t<\/button>\n\t\n<\/div>\n\n\n\n<div class=\"composer-tab\" style=\"display: none;\" data-composer-tab-color=\"orange\">\n\n\t<div class=\"composer-tab__badge composer-tab__badge-orange\">\n\t\t<span class=\"composer-tab__icon--documents\"><\/span>\n\t\t<span class=\"composer-tab__circular-title\">Documents \u00e9crits<\/span>\n\t<\/div>\n\n\t<div class=\"composer-tab__content\">\n\t\t\t\t\t\n\n<div class=\"wp-block-getwid-images-slider has-arrows-inside has-dots-none has-captions captions-style-light captions-bottom-center is-carousel has-slides-gap-normal has-images-center has-fitted-images has-fixed-height\"><div class=\"wp-block-getwid-images-slider__wrapper\" data-effect=\"slide\" data-slides-show=\"3\" data-slides-show-laptop=\"3\" data-slides-show-tablet=\"2\" data-slides-show-mobile=\"1\" data-slides-scroll=\"1\" data-autoplay=\"true\" data-pause-hover=\"false\" data-autoplay-speed=\"6000\" data-infinite=\"false\" data-animation-speed=\"500\" data-center-mode=\"false\" data-variable-width=\"false\" data-arrows=\"inside\" data-dots=\"none\" data-spacing=\"normal\"><div class=\"wp-block-getwid-images-slider__item getwid-reset-height-tablet getwid-reset-height-mobile\" style=\"height:40vh\"><a href=\"https:\/\/mugi.lu\/wp-content\/uploads\/2024\/03\/bnl-lms10-compressed-page-0001.jpeg\"><figure><img loading=\"lazy\" decoding=\"async\" width=\"669\" height=\"1000\" src=\"https:\/\/mugi.lu\/wp-content\/uploads\/2024\/03\/bnl-lms10-compressed-page-0001.jpeg\" data-id=\"2450\" data-link=\"https:\/\/mugi.lu\/fr\/sujet\/frida-salomon-ehrlich\/bnl-lms10-compressed-page-0001-2\/\" data-original-link=\"https:\/\/mugi.lu\/wp-content\/uploads\/2024\/03\/bnl-lms10-compressed-page-0001.jpeg\" class=\"wp-block-getwid-images-slider__image wp-image-2450\" srcset=\"https:\/\/mugi.lu\/wp-content\/uploads\/2024\/03\/bnl-lms10-compressed-page-0001.jpeg 669w, https:\/\/mugi.lu\/wp-content\/uploads\/2024\/03\/bnl-lms10-compressed-page-0001-201x300.jpeg 201w\" sizes=\"auto, (max-width: 669px) 100vw, 669px\" \/><figcaption class=\"wp-block-getwid-images-slider__caption\">&lt;strong&gt;Fir Grossherzogins Geburtsdag 1935&lt;\/strong&gt;\nTexte: Frida Salomon, musique: Bruno Salomon. Biblioth\u00e8que nationale du Luxembourg: LMS 10<\/figcaption><\/figure><\/a><\/div><div class=\"wp-block-getwid-images-slider__item getwid-reset-height-tablet getwid-reset-height-mobile\" style=\"height:40vh\"><a href=\"https:\/\/mugi.lu\/wp-content\/uploads\/2024\/02\/bnl-la13609-eroennerong-p-23.jpg\"><figure><img loading=\"lazy\" decoding=\"async\" width=\"425\" height=\"700\" src=\"https:\/\/mugi.lu\/wp-content\/uploads\/2024\/02\/bnl-la13609-eroennerong-p-23.jpg\" data-id=\"1341\" data-link=\"https:\/\/mugi.lu\/fr\/bnl-la13609-eroennerong-p-23-2\/\" data-original-link=\"https:\/\/mugi.lu\/wp-content\/uploads\/2024\/02\/bnl-la13609-eroennerong-p-23.jpg\" class=\"wp-block-getwid-images-slider__image wp-image-1341\" srcset=\"https:\/\/mugi.lu\/wp-content\/uploads\/2024\/02\/bnl-la13609-eroennerong-p-23.jpg 425w, https:\/\/mugi.lu\/wp-content\/uploads\/2024\/02\/bnl-la13609-eroennerong-p-23-182x300.jpg 182w\" sizes=\"auto, (max-width: 425px) 100vw, 425px\" \/><figcaption class=\"wp-block-getwid-images-slider__caption\">&lt;strong&gt;Er\u00f6nnerong von Fr. Salomon-Ehrlich,&lt;\/strong&gt; \nin: Jour des m\u00e8res 1938 : Programme du Concert vocal organis\u00e9 par la Chorale royale grand-ducale \u00ab\u00a0SANG &amp; KLANG\u00a0\u00bb, 1938, S. 23. Biblioth\u00e8que nationale de Luxembourg<\/figcaption><\/figure><\/a><\/div><div class=\"wp-block-getwid-images-slider__item getwid-reset-height-tablet getwid-reset-height-mobile\" style=\"height:40vh\"><a href=\"https:\/\/mugi.lu\/wp-content\/uploads\/2024\/02\/wsk-frida-8-gedicht-1942.jpg\"><figure><img loading=\"lazy\" decoding=\"async\" width=\"1477\" height=\"1920\" src=\"https:\/\/mugi.lu\/wp-content\/uploads\/2024\/02\/wsk-frida-8-gedicht-1942.jpg\" data-id=\"1347\" data-link=\"https:\/\/mugi.lu\/fr\/wsk-frida-8-gedicht-1942-2\/\" data-original-link=\"https:\/\/mugi.lu\/wp-content\/uploads\/2024\/02\/wsk-frida-8-gedicht-1942.jpg\" class=\"wp-block-getwid-images-slider__image wp-image-1347\" srcset=\"https:\/\/mugi.lu\/wp-content\/uploads\/2024\/02\/wsk-frida-8-gedicht-1942.jpg 1477w, https:\/\/mugi.lu\/wp-content\/uploads\/2024\/02\/wsk-frida-8-gedicht-1942-231x300.jpg 231w, https:\/\/mugi.lu\/wp-content\/uploads\/2024\/02\/wsk-frida-8-gedicht-1942-788x1024.jpg 788w, https:\/\/mugi.lu\/wp-content\/uploads\/2024\/02\/wsk-frida-8-gedicht-1942-768x998.jpg 768w, https:\/\/mugi.lu\/wp-content\/uploads\/2024\/02\/wsk-frida-8-gedicht-1942-1182x1536.jpg 1182w\" sizes=\"auto, (max-width: 1477px) 100vw, 1477px\" \/><figcaption class=\"wp-block-getwid-images-slider__caption\">&lt;strong&gt;ONSER Lewer Grossherzogin, fum Letzebuerger Grupp a Barcelona zo&rsquo;geegnet a Verfasst fun der Madame Frieda Salomon-Ehrlich, 23.1.1942.\n&lt;\/strong&gt;Photo: Jean-Paul Martin. Archives priv\u00e9es Jean-Paul Martin<\/figcaption><\/figure><\/a><\/div><div class=\"wp-block-getwid-images-slider__item getwid-reset-height-tablet getwid-reset-height-mobile\" style=\"height:40vh\"><a href=\"https:\/\/mugi.lu\/wp-content\/uploads\/2024\/02\/wsk-frida-13-mammeled-an-trouscht.jpg\"><figure><img loading=\"lazy\" decoding=\"async\" width=\"1415\" height=\"1920\" src=\"https:\/\/mugi.lu\/wp-content\/uploads\/2024\/02\/wsk-frida-13-mammeled-an-trouscht.jpg\" data-id=\"1344\" data-link=\"https:\/\/mugi.lu\/fr\/wsk-frida-13-mammeled-an-trouscht-2\/\" data-original-link=\"https:\/\/mugi.lu\/wp-content\/uploads\/2024\/02\/wsk-frida-13-mammeled-an-trouscht.jpg\" class=\"wp-block-getwid-images-slider__image wp-image-1344\" srcset=\"https:\/\/mugi.lu\/wp-content\/uploads\/2024\/02\/wsk-frida-13-mammeled-an-trouscht.jpg 1415w, https:\/\/mugi.lu\/wp-content\/uploads\/2024\/02\/wsk-frida-13-mammeled-an-trouscht-221x300.jpg 221w, https:\/\/mugi.lu\/wp-content\/uploads\/2024\/02\/wsk-frida-13-mammeled-an-trouscht-755x1024.jpg 755w, https:\/\/mugi.lu\/wp-content\/uploads\/2024\/02\/wsk-frida-13-mammeled-an-trouscht-768x1042.jpg 768w, https:\/\/mugi.lu\/wp-content\/uploads\/2024\/02\/wsk-frida-13-mammeled-an-trouscht-1132x1536.jpg 1132w\" sizes=\"auto, (max-width: 1415px) 100vw, 1415px\" \/><figcaption class=\"wp-block-getwid-images-slider__caption\">&lt;strong&gt;Annonce de concert: Fr. Salomon \u00ab\u00a0Mammeled an Tro&rsquo;scht\u00a0\u00bb (Solo pour t\u00e9nor: M. Werthesen). &lt;\/strong&gt;\nStadt Luxemburg, Mammelidder-Concert, in: Escher Tageblatt (14.06.1947), p. 7.\n[Digitised by the National Library of Luxembourg, https:\/\/persist.lu\/ark:70795\/1r40x0\/pages\/7\/articles\/DTL106]<\/figcaption><\/figure><\/a><\/div><\/div><\/div>\n\n\t\t\t<\/div>\n\n\t\t\t<button class=\"composer-tab__button composer-tab--color-orange\">\n\t\t\t<span class=\"composer-tab__icon--documents\"><\/span>\n\t\t\t<span>Documents \u00e9crits<\/span>\n\t\t<\/button>\n\t\n<\/div>\n\n\n\n<div class=\"composer-tab\" style=\"display: none;\" data-composer-tab-color=\"yellow\">\n\n\t<div class=\"composer-tab__badge composer-tab__badge-yellow\">\n\t\t<span class=\"composer-tab__icon--personal\"><\/span>\n\t\t<span class=\"composer-tab__circular-title\">Objets Personnels<\/span>\n\t<\/div>\n\n\t<div class=\"composer-tab__content\">\n\t\t\t\t\t\n\n<div class=\"wp-block-getwid-images-slider has-arrows-inside has-dots-none has-captions captions-style-light captions-bottom-center is-carousel has-slides-gap-normal has-images-center has-fitted-images has-fixed-height\"><div class=\"wp-block-getwid-images-slider__wrapper\" data-effect=\"slide\" data-slides-show=\"3\" data-slides-show-laptop=\"3\" data-slides-show-tablet=\"2\" data-slides-show-mobile=\"1\" data-slides-scroll=\"1\" data-autoplay=\"false\" data-pause-hover=\"false\" data-autoplay-speed=\"6000\" data-infinite=\"false\" data-animation-speed=\"500\" data-center-mode=\"false\" data-variable-width=\"false\" data-arrows=\"inside\" data-dots=\"none\" data-spacing=\"normal\"><div class=\"wp-block-getwid-images-slider__item getwid-reset-height-tablet getwid-reset-height-mobile\" style=\"height:40vh\"><a href=\"https:\/\/mugi.lu\/wp-content\/uploads\/2024\/02\/usc3-vlcsnap-2024-01-10-12h09m43s987.jpg\"><figure><img loading=\"lazy\" decoding=\"async\" width=\"348\" height=\"472\" src=\"https:\/\/mugi.lu\/wp-content\/uploads\/2024\/02\/usc3-vlcsnap-2024-01-10-12h09m43s987.jpg\" data-id=\"1350\" data-link=\"https:\/\/mugi.lu\/usc3-vlcsnap-2024-01-10-12h09m43s987\/\" data-original-link=\"https:\/\/mugi.lu\/wp-content\/uploads\/2024\/02\/usc3-vlcsnap-2024-01-10-12h09m43s987.jpg\" class=\"wp-block-getwid-images-slider__image wp-image-1350\" srcset=\"https:\/\/mugi.lu\/wp-content\/uploads\/2024\/02\/usc3-vlcsnap-2024-01-10-12h09m43s987.jpg 348w, https:\/\/mugi.lu\/wp-content\/uploads\/2024\/02\/usc3-vlcsnap-2024-01-10-12h09m43s987-221x300.jpg 221w\" sizes=\"auto, (max-width: 348px) 100vw, 348px\" \/><figcaption class=\"wp-block-getwid-images-slider__caption\">&lt;strong&gt;Carte d&rsquo;Identit\u00e9 fran\u00e7aise (Friede Ehrlich), 18.4.1924. &lt;\/strong&gt;Image tir\u00e9e de l&rsquo;entretien avec Sonya Hartog (1995) r\u00e9alis\u00e9 par la USC Shoah Foundation (https:\/\/sfi.usc.edu\/).<\/figcaption><\/figure><\/a><\/div><div class=\"wp-block-getwid-images-slider__item getwid-reset-height-tablet getwid-reset-height-mobile\" style=\"height:40vh\"><a href=\"https:\/\/mugi.lu\/wp-content\/uploads\/2024\/02\/usc6-zugeschnitten.jpg\"><figure><img loading=\"lazy\" decoding=\"async\" width=\"1632\" height=\"1280\" src=\"https:\/\/mugi.lu\/wp-content\/uploads\/2024\/02\/usc6-zugeschnitten.jpg\" data-id=\"1353\" data-link=\"https:\/\/mugi.lu\/usc6-zugeschnitten\/\" data-original-link=\"https:\/\/mugi.lu\/wp-content\/uploads\/2024\/02\/usc6-zugeschnitten.jpg\" class=\"wp-block-getwid-images-slider__image wp-image-1353\" srcset=\"https:\/\/mugi.lu\/wp-content\/uploads\/2024\/02\/usc6-zugeschnitten.jpg 1632w, https:\/\/mugi.lu\/wp-content\/uploads\/2024\/02\/usc6-zugeschnitten-300x235.jpg 300w, https:\/\/mugi.lu\/wp-content\/uploads\/2024\/02\/usc6-zugeschnitten-1024x803.jpg 1024w, https:\/\/mugi.lu\/wp-content\/uploads\/2024\/02\/usc6-zugeschnitten-768x602.jpg 768w, https:\/\/mugi.lu\/wp-content\/uploads\/2024\/02\/usc6-zugeschnitten-1536x1205.jpg 1536w\" sizes=\"auto, (max-width: 1632px) 100vw, 1632px\" \/><figcaption class=\"wp-block-getwid-images-slider__caption\">&lt;strong&gt;Carte d&rsquo;identit\u00e9 luxembourgeoise (Mme Salomon Bruno, n\u00e9e Ehrlich Friede), 12.9.1938. &lt;\/strong&gt;Image tir\u00e9e de l&rsquo;entretien avec Sonya Hartog (1995) r\u00e9alis\u00e9 par la USC Shoah Foundation (https:\/\/sfi.usc.edu\/).<\/figcaption><\/figure><\/a><\/div><div class=\"wp-block-getwid-images-slider__item getwid-reset-height-tablet getwid-reset-height-mobile\" style=\"height:40vh\"><a href=\"https:\/\/mugi.lu\/wp-content\/uploads\/2024\/02\/usc8-zugeschnitten.jpeg\"><figure><img loading=\"lazy\" decoding=\"async\" width=\"1012\" height=\"1280\" src=\"https:\/\/mugi.lu\/wp-content\/uploads\/2024\/02\/usc8-zugeschnitten.jpeg\" data-id=\"1356\" data-link=\"https:\/\/mugi.lu\/usc8-zugeschnitten\/\" data-original-link=\"https:\/\/mugi.lu\/wp-content\/uploads\/2024\/02\/usc8-zugeschnitten.jpeg\" class=\"wp-block-getwid-images-slider__image wp-image-1356\" srcset=\"https:\/\/mugi.lu\/wp-content\/uploads\/2024\/02\/usc8-zugeschnitten.jpeg 1012w, https:\/\/mugi.lu\/wp-content\/uploads\/2024\/02\/usc8-zugeschnitten-237x300.jpeg 237w, https:\/\/mugi.lu\/wp-content\/uploads\/2024\/02\/usc8-zugeschnitten-810x1024.jpeg 810w, https:\/\/mugi.lu\/wp-content\/uploads\/2024\/02\/usc8-zugeschnitten-768x971.jpeg 768w\" sizes=\"auto, (max-width: 1012px) 100vw, 1012px\" \/><figcaption class=\"wp-block-getwid-images-slider__caption\">&lt;strong&gt;Carte d&rsquo;identification luxembourgeoise (Solange Salomon Bruno), date illisible &#8211; r\u00e2tures sous l&rsquo;occupation nazie. &lt;\/strong&gt;Image tir\u00e9e de l&rsquo;entretien avec Sonya Hartog (1995) r\u00e9alis\u00e9 par la USC Shoah Foundation (https:\/\/sfi.usc.edu\/).<\/figcaption><\/figure><\/a><\/div><\/div><\/div>\n\n\t\t\t<\/div>\n\n\t\t\t<button class=\"composer-tab__button composer-tab--color-yellow\">\n\t\t\t<span class=\"composer-tab__icon--personal\"><\/span>\n\t\t\t<span>Objets Personnels<\/span>\n\t\t<\/button>\n\t\n<\/div>\n\n\n\n<div class=\"composer-tab\" style=\"display: none;\" data-composer-tab-color=\"secondary\">\n\n\t<div class=\"composer-tab__badge composer-tab__badge-secondary\">\n\t\t<span class=\"composer-tab__icon--parchemin\"><\/span>\n\t\t<span class=\"composer-tab__circular-title\">Programmes<\/span>\n\t<\/div>\n\n\t<div class=\"composer-tab__content\">\n\t\t\t\t\t\n\n<div class=\"wp-block-getwid-icon-box has-icon-left has-text-left\"><div class=\"wp-block-getwid-icon-box__icon-container is-position-top\"><a href=\"https:\/\/mugi.lu\/wp-content\/uploads\/2024\/02\/BNL_LA-13609_Brochure-compressed.pdf\" target=\"_blank\" rel=\"noreferrer noopener\" class=\"wp-block-getwid-icon-box__icon-wrapper\"><i class=\"fas fa-file-pdf\"><\/i><\/a><\/div><div class=\"wp-block-getwid-icon-box__content\">\n<p><strong><em>Jour des m\u00e8res 1938 : Programme du Concert vocal organis\u00e9 par la Chorale royale grand-ducale \u00ab\u00a0SANG &amp; KLANG\u00a0\u00bb<\/em><\/strong><\/p>\n\n\n\n<p>Brochure du programme et des textes des \u0153uvres vocales. Biblioth\u00e8que nationale de Luxembourg: LA 13610<\/p>\n<\/div><\/div>\n\n\n\n<div class=\"wp-block-getwid-icon-box has-icon-left has-text-left\"><div class=\"wp-block-getwid-icon-box__icon-container is-position-top\"><a href=\"https:\/\/mugi.lu\/wp-content\/uploads\/2024\/02\/YT1-Programme-Fuenfbrunnen_extrait-KMF.pdf\" target=\"_blank\" rel=\"noreferrer noopener\" class=\"wp-block-getwid-icon-box__icon-wrapper\"><i class=\"fas fa-file-pdf\"><\/i><\/a><\/div><div class=\"wp-block-getwid-icon-box__content\">\n<p><strong><em>Gedenkkonzert im Kloster F\u00fcnfbrunnen. Yvonne Timoinanu, Cello (15.4.2018)<\/em><\/strong><\/p>\n\n\n\n<p>Brochure du programme du concert comm\u00e9moratif au Convent Cinqfontaines, De Klenge Maarnicher Festival 2018 (32e \u00e9dition), extrait<\/p>\n<\/div><\/div>\n\n\t\t\t<\/div>\n\n\t\t\t<button class=\"composer-tab__button composer-tab--color-secondary\">\n\t\t\t<span class=\"composer-tab__icon--parchemin\"><\/span>\n\t\t\t<span>Programmes<\/span>\n\t\t<\/button>\n\t\n<\/div>\n\n\n\n<div class=\"composer-tab\" style=\"display: none;\" data-composer-tab-color=\"orange\">\n\n\t<div class=\"composer-tab__badge composer-tab__badge-orange\">\n\t\t<span class=\"composer-tab__icon--press\"><\/span>\n\t\t<span class=\"composer-tab__circular-title\">Presse<\/span>\n\t<\/div>\n\n\t<div class=\"composer-tab__content\">\n\t\t\t\t\t\n\n<div class=\"wp-block-getwid-images-slider has-arrows-inside has-dots-none has-captions captions-style-light captions-bottom-center is-carousel has-slides-gap-normal has-images-center has-fitted-images has-fixed-height\"><div class=\"wp-block-getwid-images-slider__wrapper\" data-effect=\"slide\" data-slides-show=\"3\" data-slides-show-laptop=\"3\" data-slides-show-tablet=\"2\" data-slides-show-mobile=\"1\" data-slides-scroll=\"1\" data-autoplay=\"false\" data-pause-hover=\"false\" data-autoplay-speed=\"6000\" data-infinite=\"false\" data-animation-speed=\"500\" data-center-mode=\"false\" data-variable-width=\"false\" data-arrows=\"inside\" data-dots=\"none\" data-spacing=\"normal\"><div class=\"wp-block-getwid-images-slider__item getwid-reset-height-tablet getwid-reset-height-mobile\" style=\"height:40vh\"><a href=\"https:\/\/mugi.lu\/wp-content\/uploads\/2024\/02\/presse-1-lw-05-06-1936.jpg\"><figure><img loading=\"lazy\" decoding=\"async\" width=\"359\" height=\"870\" src=\"https:\/\/mugi.lu\/wp-content\/uploads\/2024\/02\/presse-1-lw-05-06-1936.jpg\" data-id=\"1268\" data-link=\"https:\/\/mugi.lu\/presse-1-lw-05-06-1936\/\" data-original-link=\"https:\/\/mugi.lu\/wp-content\/uploads\/2024\/02\/presse-1-lw-05-06-1936.jpg\" class=\"wp-block-getwid-images-slider__image wp-image-1268\" srcset=\"https:\/\/mugi.lu\/wp-content\/uploads\/2024\/02\/presse-1-lw-05-06-1936.jpg 359w, https:\/\/mugi.lu\/wp-content\/uploads\/2024\/02\/presse-1-lw-05-06-1936-124x300.jpg 124w\" sizes=\"auto, (max-width: 359px) 100vw, 359px\" \/><figcaption class=\"wp-block-getwid-images-slider__caption\">&lt;strong&gt;Sur les ondes:  \u00ab\u00a0Mein M\u00fctterlein\u00a0\u00bb de Frida Salomon-Ehrlich, chant\u00e9 par Dolor\u00e8s Goeres.&lt;\/strong&gt;\nRADIO LUXEMBURG LETZEBUERGER STONN, in: Luxemburger Wort (05.06.1936), p. 8.\n[Digitised by the National Library of Luxembourg, https:\/\/persist.lu\/ark:70795\/zjp305\/pages\/8\/articles\/DTL388]<\/figcaption><\/figure><\/a><\/div><div class=\"wp-block-getwid-images-slider__item getwid-reset-height-tablet getwid-reset-height-mobile\" style=\"height:40vh\"><a href=\"https:\/\/mugi.lu\/wp-content\/uploads\/2024\/02\/presse-8-eschertageblatt-1947-06-14-p7-giel.jpg\"><figure><img loading=\"lazy\" decoding=\"async\" width=\"1080\" height=\"1557\" src=\"https:\/\/mugi.lu\/wp-content\/uploads\/2024\/02\/presse-8-eschertageblatt-1947-06-14-p7-giel.jpg\" data-id=\"1289\" data-link=\"https:\/\/mugi.lu\/presse-8-eschertageblatt-1947-06-14-p7-giel\/\" data-original-link=\"https:\/\/mugi.lu\/wp-content\/uploads\/2024\/02\/presse-8-eschertageblatt-1947-06-14-p7-giel.jpg\" class=\"wp-block-getwid-images-slider__image wp-image-1289\" srcset=\"https:\/\/mugi.lu\/wp-content\/uploads\/2024\/02\/presse-8-eschertageblatt-1947-06-14-p7-giel.jpg 1080w, https:\/\/mugi.lu\/wp-content\/uploads\/2024\/02\/presse-8-eschertageblatt-1947-06-14-p7-giel-208x300.jpg 208w, https:\/\/mugi.lu\/wp-content\/uploads\/2024\/02\/presse-8-eschertageblatt-1947-06-14-p7-giel-710x1024.jpg 710w, https:\/\/mugi.lu\/wp-content\/uploads\/2024\/02\/presse-8-eschertageblatt-1947-06-14-p7-giel-768x1107.jpg 768w, https:\/\/mugi.lu\/wp-content\/uploads\/2024\/02\/presse-8-eschertageblatt-1947-06-14-p7-giel-1065x1536.jpg 1065w\" sizes=\"auto, (max-width: 1080px) 100vw, 1080px\" \/><figcaption class=\"wp-block-getwid-images-slider__caption\">&lt;strong&gt;Annonce d&rsquo;un concert: \u201eEr\u00f6nnerong\u201c de Fr. Salomon. Chant\u00e9 par M. Fran\u00e7ois Werthesen. &lt;\/strong&gt;\nChronique locale, Le Jour des M\u00e8res, in: Luxembourg Quotidien du matin (10.06.1938), p. 3.\n[Digitised by the National Library of Luxembourg, https:\/\/persist.lu\/ark:70795\/47&#215;241\/pages\/3\/articles\/DTL125]<\/figcaption><\/figure><\/a><\/div><div class=\"wp-block-getwid-images-slider__item getwid-reset-height-tablet getwid-reset-height-mobile\" style=\"height:40vh\"><a href=\"https:\/\/mugi.lu\/wp-content\/uploads\/2024\/02\/presse-3-eschertageblatt-1938-06-10-p7-giel.jpg\"><figure><img loading=\"lazy\" decoding=\"async\" width=\"1080\" height=\"1563\" src=\"https:\/\/mugi.lu\/wp-content\/uploads\/2024\/02\/presse-3-eschertageblatt-1938-06-10-p7-giel.jpg\" data-id=\"1274\" data-link=\"https:\/\/mugi.lu\/presse-3-eschertageblatt-1938-06-10-p7-giel\/\" data-original-link=\"https:\/\/mugi.lu\/wp-content\/uploads\/2024\/02\/presse-3-eschertageblatt-1938-06-10-p7-giel.jpg\" class=\"wp-block-getwid-images-slider__image wp-image-1274\" srcset=\"https:\/\/mugi.lu\/wp-content\/uploads\/2024\/02\/presse-3-eschertageblatt-1938-06-10-p7-giel.jpg 1080w, https:\/\/mugi.lu\/wp-content\/uploads\/2024\/02\/presse-3-eschertageblatt-1938-06-10-p7-giel-207x300.jpg 207w, https:\/\/mugi.lu\/wp-content\/uploads\/2024\/02\/presse-3-eschertageblatt-1938-06-10-p7-giel-708x1024.jpg 708w, https:\/\/mugi.lu\/wp-content\/uploads\/2024\/02\/presse-3-eschertageblatt-1938-06-10-p7-giel-768x1111.jpg 768w, https:\/\/mugi.lu\/wp-content\/uploads\/2024\/02\/presse-3-eschertageblatt-1938-06-10-p7-giel-1061x1536.jpg 1061w\" sizes=\"auto, (max-width: 1080px) 100vw, 1080px\" \/><figcaption class=\"wp-block-getwid-images-slider__caption\">&lt;strong&gt;Annonce d&rsquo;un concert: \u00ab\u00a0Er\u00f6nnerong\u00a0\u00bb de Fr. Salomon-Ehrlich. Chant\u00e9 par M. Fran\u00e7ois Werthesen. &lt;\/strong&gt;\n\u00ab\u00a0Muttertag\u00a0\u00bb Bedeutung und Ausbau des Muttertages, in: Escher Tageblatt (10.06.1938), p. 7.\n[Digitised by the National Library of Luxembourg, https:\/\/persist.lu\/ark:70795\/7qj9t2\/pages\/7\/articles\/DTL92]<\/figcaption><\/figure><\/a><\/div><div class=\"wp-block-getwid-images-slider__item getwid-reset-height-tablet getwid-reset-height-mobile\" style=\"height:40vh\"><a href=\"https:\/\/mugi.lu\/wp-content\/uploads\/2024\/02\/presse-4-luxembourg-1938-07-13-p6-giel.jpg\"><figure><img loading=\"lazy\" decoding=\"async\" width=\"1080\" height=\"1578\" src=\"https:\/\/mugi.lu\/wp-content\/uploads\/2024\/02\/presse-4-luxembourg-1938-07-13-p6-giel.jpg\" data-id=\"1277\" data-link=\"https:\/\/mugi.lu\/presse-4-luxembourg-1938-07-13-p6-giel\/\" data-original-link=\"https:\/\/mugi.lu\/wp-content\/uploads\/2024\/02\/presse-4-luxembourg-1938-07-13-p6-giel.jpg\" class=\"wp-block-getwid-images-slider__image wp-image-1277\" srcset=\"https:\/\/mugi.lu\/wp-content\/uploads\/2024\/02\/presse-4-luxembourg-1938-07-13-p6-giel.jpg 1080w, https:\/\/mugi.lu\/wp-content\/uploads\/2024\/02\/presse-4-luxembourg-1938-07-13-p6-giel-205x300.jpg 205w, https:\/\/mugi.lu\/wp-content\/uploads\/2024\/02\/presse-4-luxembourg-1938-07-13-p6-giel-701x1024.jpg 701w, https:\/\/mugi.lu\/wp-content\/uploads\/2024\/02\/presse-4-luxembourg-1938-07-13-p6-giel-768x1122.jpg 768w, https:\/\/mugi.lu\/wp-content\/uploads\/2024\/02\/presse-4-luxembourg-1938-07-13-p6-giel-1051x1536.jpg 1051w\" sizes=\"auto, (max-width: 1080px) 100vw, 1080px\" \/><figcaption class=\"wp-block-getwid-images-slider__caption\">&lt;strong&gt;Sur les ondes: R\u00e9cital de chant par Dolor\u00e8s Goeres, Soprano et Jean Eiffes, T\u00e9nor &#8211; (&#8230;) Dolor\u00e8s Goeres chante: Mein M\u00fctterlein, Erennerung (Frida Salomon-Ehrlich).&lt;\/strong&gt;\n RADIO programmes RADIO-LUXEMBURG, in: Luxembourg. Quotidien du matin (13.07.1938), p. 6.\n[Digitised by the National Library of Luxembourg, https:\/\/persist.lu\/ark:70795\/t89295\/pages\/6\/articles\/DTL210]<\/figcaption><\/figure><\/a><\/div><div class=\"wp-block-getwid-images-slider__item getwid-reset-height-tablet getwid-reset-height-mobile\" style=\"height:40vh\"><a href=\"https:\/\/mugi.lu\/wp-content\/uploads\/2024\/02\/presse-5-luxemburgerwort-1939-06-10-p5-giel.jpg\"><figure><img loading=\"lazy\" decoding=\"async\" width=\"1080\" height=\"1502\" src=\"https:\/\/mugi.lu\/wp-content\/uploads\/2024\/02\/presse-5-luxemburgerwort-1939-06-10-p5-giel.jpg\" data-id=\"1280\" data-link=\"https:\/\/mugi.lu\/presse-5-luxemburgerwort-1939-06-10-p5-giel\/\" data-original-link=\"https:\/\/mugi.lu\/wp-content\/uploads\/2024\/02\/presse-5-luxemburgerwort-1939-06-10-p5-giel.jpg\" class=\"wp-block-getwid-images-slider__image wp-image-1280\" srcset=\"https:\/\/mugi.lu\/wp-content\/uploads\/2024\/02\/presse-5-luxemburgerwort-1939-06-10-p5-giel.jpg 1080w, https:\/\/mugi.lu\/wp-content\/uploads\/2024\/02\/presse-5-luxemburgerwort-1939-06-10-p5-giel-216x300.jpg 216w, https:\/\/mugi.lu\/wp-content\/uploads\/2024\/02\/presse-5-luxemburgerwort-1939-06-10-p5-giel-736x1024.jpg 736w, https:\/\/mugi.lu\/wp-content\/uploads\/2024\/02\/presse-5-luxemburgerwort-1939-06-10-p5-giel-768x1068.jpg 768w\" sizes=\"auto, (max-width: 1080px) 100vw, 1080px\" \/><figcaption class=\"wp-block-getwid-images-slider__caption\">&lt;strong&gt;Annonce de concert: Frida Salomon: Ons le\u2019f Letzeburger Mamm. (Tenor-Solo: Monsieur Fr. Werthesen). &lt;\/strong&gt;\nLokal-Chronik, in: Luxemburger Wort (10.06.1939), p. 5.\n[Digitised by the National Library of Luxembourg, https:\/\/persist.lu\/ark:70795\/kdjm9k\/pages\/5\/articles\/DTL115]<\/figcaption><\/figure><\/a><\/div><div class=\"wp-block-getwid-images-slider__item getwid-reset-height-tablet getwid-reset-height-mobile\" style=\"height:40vh\"><a href=\"https:\/\/mugi.lu\/wp-content\/uploads\/2024\/02\/presse-6-luxembourg-19-07-1939.jpg\"><figure><img loading=\"lazy\" decoding=\"async\" width=\"302\" height=\"750\" src=\"https:\/\/mugi.lu\/wp-content\/uploads\/2024\/02\/presse-6-luxembourg-19-07-1939.jpg\" data-id=\"1283\" data-link=\"https:\/\/mugi.lu\/presse-6-luxembourg-19-07-1939\/\" data-original-link=\"https:\/\/mugi.lu\/wp-content\/uploads\/2024\/02\/presse-6-luxembourg-19-07-1939.jpg\" class=\"wp-block-getwid-images-slider__image wp-image-1283\" srcset=\"https:\/\/mugi.lu\/wp-content\/uploads\/2024\/02\/presse-6-luxembourg-19-07-1939.jpg 302w, https:\/\/mugi.lu\/wp-content\/uploads\/2024\/02\/presse-6-luxembourg-19-07-1939-121x300.jpg 121w\" sizes=\"auto, (max-width: 302px) 100vw, 302px\" \/><figcaption class=\"wp-block-getwid-images-slider__caption\">&lt;strong&gt;Sur les ondes: \u00ab\u00a0D\u2019Wokanz ass do\u00a0\u00bb (Frida Salomon). &lt;\/strong&gt;\nRadio-Programmes RADIO Luxembourg, in: &lt;strong&gt;Luxembourg Quotidien du matin&lt;\/strong&gt; (19.07.1939), p. 3.\n[Digitised by the National Library of Luxembourg, https:\/\/persist.lu\/ark:70795\/1tq0q3\/pages\/3\/articles\/DTL131]<\/figcaption><\/figure><\/a><\/div><div class=\"wp-block-getwid-images-slider__item getwid-reset-height-tablet getwid-reset-height-mobile\" style=\"height:40vh\"><a href=\"https:\/\/mugi.lu\/wp-content\/uploads\/2024\/02\/presse-7-luxembourg-1940-01-28-p4-giel.jpg\"><figure><img loading=\"lazy\" decoding=\"async\" width=\"1080\" height=\"1554\" src=\"https:\/\/mugi.lu\/wp-content\/uploads\/2024\/02\/presse-7-luxembourg-1940-01-28-p4-giel.jpg\" data-id=\"1286\" data-link=\"https:\/\/mugi.lu\/presse-7-luxembourg-1940-01-28-p4-giel\/\" data-original-link=\"https:\/\/mugi.lu\/wp-content\/uploads\/2024\/02\/presse-7-luxembourg-1940-01-28-p4-giel.jpg\" class=\"wp-block-getwid-images-slider__image wp-image-1286\" srcset=\"https:\/\/mugi.lu\/wp-content\/uploads\/2024\/02\/presse-7-luxembourg-1940-01-28-p4-giel.jpg 1080w, https:\/\/mugi.lu\/wp-content\/uploads\/2024\/02\/presse-7-luxembourg-1940-01-28-p4-giel-208x300.jpg 208w, https:\/\/mugi.lu\/wp-content\/uploads\/2024\/02\/presse-7-luxembourg-1940-01-28-p4-giel-712x1024.jpg 712w, https:\/\/mugi.lu\/wp-content\/uploads\/2024\/02\/presse-7-luxembourg-1940-01-28-p4-giel-768x1105.jpg 768w, https:\/\/mugi.lu\/wp-content\/uploads\/2024\/02\/presse-7-luxembourg-1940-01-28-p4-giel-1067x1536.jpg 1067w\" sizes=\"auto, (max-width: 1080px) 100vw, 1080px\" \/><figcaption class=\"wp-block-getwid-images-slider__caption\">&lt;strong&gt;Annonce: \u00ab\u00a0A la synagogue (\u2026) oeuvre pour choeur et soli (par V. Pauk\u00e9) de Frida et Bruno Salomon\u00a0\u00bb. &lt;\/strong&gt;\nChronique locale, in: Luxembourg Quotidien du matin (28.01.1940), p. 4.\n[Digitised by the National Library of Luxembourg, https:\/\/persist.lu\/ark:70795\/0k8xgk\/pages\/4\/articles\/DTL117]<\/figcaption><\/figure><\/a><\/div><div class=\"wp-block-getwid-images-slider__item getwid-reset-height-tablet getwid-reset-height-mobile\" style=\"height:40vh\"><a href=\"https:\/\/mugi.lu\/wp-content\/uploads\/2024\/02\/wsk-frida-13-mammeled-an-trouscht.jpg\"><figure><img loading=\"lazy\" decoding=\"async\" width=\"1415\" height=\"1920\" src=\"https:\/\/mugi.lu\/wp-content\/uploads\/2024\/02\/wsk-frida-13-mammeled-an-trouscht.jpg\" data-id=\"1344\" data-link=\"https:\/\/mugi.lu\/wsk-frida-13-mammeled-an-trouscht\/\" data-original-link=\"https:\/\/mugi.lu\/wp-content\/uploads\/2024\/02\/wsk-frida-13-mammeled-an-trouscht.jpg\" class=\"wp-block-getwid-images-slider__image wp-image-1344\" srcset=\"https:\/\/mugi.lu\/wp-content\/uploads\/2024\/02\/wsk-frida-13-mammeled-an-trouscht.jpg 1415w, https:\/\/mugi.lu\/wp-content\/uploads\/2024\/02\/wsk-frida-13-mammeled-an-trouscht-221x300.jpg 221w, https:\/\/mugi.lu\/wp-content\/uploads\/2024\/02\/wsk-frida-13-mammeled-an-trouscht-755x1024.jpg 755w, https:\/\/mugi.lu\/wp-content\/uploads\/2024\/02\/wsk-frida-13-mammeled-an-trouscht-768x1042.jpg 768w, https:\/\/mugi.lu\/wp-content\/uploads\/2024\/02\/wsk-frida-13-mammeled-an-trouscht-1132x1536.jpg 1132w\" sizes=\"auto, (max-width: 1415px) 100vw, 1415px\" \/><figcaption class=\"wp-block-getwid-images-slider__caption\">&lt;strong&gt;Annonce de concert: Fr. Salomon \u00ab\u00a0Mammeled an Tro&rsquo;scht\u00a0\u00bb (Solo pour t\u00e9nor: M. Werthesen). &lt;\/strong&gt;\nStadt Luxemburg, Mammelidder-Concert, in: Escher Tageblatt (14.06.1947), p. 7.\n[Digitised by the National Library of Luxembourg, https:\/\/persist.lu\/ark:70795\/1r40x0\/pages\/7\/articles\/DTL106]<\/figcaption><\/figure><\/a><\/div><div class=\"wp-block-getwid-images-slider__item getwid-reset-height-tablet getwid-reset-height-mobile\" style=\"height:40vh\"><a href=\"https:\/\/mugi.lu\/wp-content\/uploads\/2024\/02\/presse-9-luxemburgerwort-11-06-1949.jpg\"><figure><img loading=\"lazy\" decoding=\"async\" width=\"538\" height=\"849\" src=\"https:\/\/mugi.lu\/wp-content\/uploads\/2024\/02\/presse-9-luxemburgerwort-11-06-1949.jpg\" data-id=\"1292\" data-link=\"https:\/\/mugi.lu\/presse-9-luxemburgerwort-11-06-1949\/\" data-original-link=\"https:\/\/mugi.lu\/wp-content\/uploads\/2024\/02\/presse-9-luxemburgerwort-11-06-1949.jpg\" class=\"wp-block-getwid-images-slider__image wp-image-1292\" srcset=\"https:\/\/mugi.lu\/wp-content\/uploads\/2024\/02\/presse-9-luxemburgerwort-11-06-1949.jpg 538w, https:\/\/mugi.lu\/wp-content\/uploads\/2024\/02\/presse-9-luxemburgerwort-11-06-1949-190x300.jpg 190w\" sizes=\"auto, (max-width: 538px) 100vw, 538px\" \/><figcaption class=\"wp-block-getwid-images-slider__caption\">&lt;strong&gt;Annonce de concert:  Mme Frida Salomon \u201eMammend\u00e2g\u201c (pr\u00e9sent\u00e9 par Mademoiselle Schnell). &lt;\/strong&gt;\nStadt Luxemburg. Mutterlieder-Konzert, in: Luxemburger Wort (11.06.1949), S. 4.\n[Digitised by the National Library of Luxembourg, https:\/\/persist.lu\/ark:70795\/3vtmq5\/pages\/4\/articles\/DTL224]<\/figcaption><\/figure><\/a><\/div><\/div><\/div>\n\n\t\t\t<\/div>\n\n\t\t\t<button class=\"composer-tab__button composer-tab--color-orange\">\n\t\t\t<span class=\"composer-tab__icon--press\"><\/span>\n\t\t\t<span>Presse<\/span>\n\t\t<\/button>\n\t\n<\/div>\n\n\n\n<div class=\"composer-tab\" style=\"display: none;\" data-composer-tab-color=\"primary\">\n\n\t<div class=\"composer-tab__badge composer-tab__badge-primary\">\n\t\t<span class=\"composer-tab__icon--video\"><\/span>\n\t\t<span class=\"composer-tab__circular-title\">Interview<\/span>\n\t<\/div>\n\n\t<div class=\"composer-tab__content\">\n\t\t\t\t\t\n\n<div class=\"wp-block-getwid-content-slider has-arrows-outside has-dots-none\" data-adaptive-height=\"true\" data-arrows=\"outside\" data-dots=\"none\"><div class=\"wp-block-getwid-content-slider__wrapper\">\n<div class=\"wp-block-getwid-content-slider-slide\"><div class=\"wp-block-getwid-content-slider-slide__wrapper\">\n<div class=\"wp-block-columns is-layout-flex wp-container-core-columns-is-layout-9d6595d7 wp-block-columns-is-layout-flex\">\n<div class=\"wp-block-column is-layout-flow wp-block-column-is-layout-flow\" style=\"flex-basis:100%\">\n<div class=\"wp-block-group mugilux-video-popup\"><div class=\"wp-block-group__inner-container is-layout-flow wp-block-group-is-layout-flow\">\n<div class=\"wp-block-cover aligncenter is-light\" style=\"min-height:260px;aspect-ratio:unset\"><img loading=\"lazy\" decoding=\"async\" width=\"923\" height=\"791\" class=\"wp-block-cover__image-background wp-image-1255\" alt=\"\" src=\"https:\/\/mugi.lu\/wp-content\/uploads\/2024\/02\/usc13a-capture-interview.jpg\" style=\"object-position:38% 33%\" data-object-fit=\"cover\" data-object-position=\"38% 33%\" srcset=\"https:\/\/mugi.lu\/wp-content\/uploads\/2024\/02\/usc13a-capture-interview.jpg 923w, https:\/\/mugi.lu\/wp-content\/uploads\/2024\/02\/usc13a-capture-interview-300x257.jpg 300w, https:\/\/mugi.lu\/wp-content\/uploads\/2024\/02\/usc13a-capture-interview-768x658.jpg 768w\" sizes=\"auto, (max-width: 923px) 100vw, 923px\" \/><span aria-hidden=\"true\" class=\"wp-block-cover__background has-background-dim-20 has-background-dim\"><\/span><div class=\"wp-block-cover__inner-container is-layout-flow wp-block-cover-is-layout-flow\">\n<div class=\"wp-block-getwid-icon is-aligned-center\"><a href=\"https:\/\/vha.usc.edu\/testimony\/5321\" target=\"_blank\" rel=\"noreferrer noopener\" class=\"wp-block-getwid-icon__wrapper has-text-color has-white-color\"><i class=\"fas fa-play\"><\/i><\/a><\/div>\n<\/div><\/div>\n<\/div><\/div>\n<\/div>\n\n\n\n<div class=\"wp-block-column is-layout-flow wp-block-column-is-layout-flow\" style=\"flex-basis:100%\">\n<h4 class=\"wp-block-heading\"><a href=\"https:\/\/vha.usc.edu\/testimony\/5321\" target=\"_blank\" rel=\"noreferrer noopener\">Entretien avec Sonya Hartog, n\u00e9e Solange Salomon (1995<strong>)<\/strong><\/a><\/h4>\n\n\n\n<p><\/p>\n\n\n\n<p class=\"has-text-smaller-font-size\"><em>Interview: Martha A. Frazer. Cam\u00e9ra: Isaac Feldman, Visual History Archive, USC Shoah Foundation, 1:55 min. Interview 5321 (Visionnage apr\u00e8s inscription) <\/em><\/p>\n\n\n\n<p class=\"has-text-smaller-font-size\"><em>https:\/\/vha.usc.edu\/testimony\/5321<\/em><\/p>\n<\/div>\n<\/div>\n<\/div><\/div>\n<\/div><\/div>\n\n\t\t\t<\/div>\n\n\t\t\t<button class=\"composer-tab__button composer-tab--color-primary\">\n\t\t\t<span class=\"composer-tab__icon--video\"><\/span>\n\t\t\t<span>Interview<\/span>\n\t\t<\/button>\n\t\n<\/div>\n\n\n\n<div class=\"composer-tab\" style=\"display: none;\" data-composer-tab-color=\"yellow\">\n\n\t<div class=\"composer-tab__badge composer-tab__badge-yellow\">\n\t\t<span class=\"composer-tab__icon--work\"><\/span>\n\t\t<span class=\"composer-tab__circular-title\">Oeuvres<\/span>\n\t<\/div>\n\n\t<div class=\"composer-tab__content\">\n\t\t\t\t\t\n\n<div class=\"wp-block-getwid-icon-box has-icon-left has-text-left\"><div class=\"wp-block-getwid-icon-box__icon-container is-position-top\"><a href=\"https:\/\/mugi.lu\/wp-content\/uploads\/2025\/02\/Frida-Salomon-Ehrlich-oeuvres.pdf\" target=\"_blank\" rel=\"noreferrer noopener\" class=\"wp-block-getwid-icon-box__icon-wrapper\"><i class=\"fas fa-file-pdf\"><\/i><\/a><\/div><div class=\"wp-block-getwid-icon-box__content\">\n<h3 class=\"wp-block-heading\"><strong><strong><strong><strong><strong><strong><strong><strong>Frida salomon-Ehrlich<\/strong><\/strong><\/strong><\/strong> Oeuvres<\/strong><\/strong><\/strong><\/strong><\/h3>\n\n\n\n<p><\/p>\n<\/div><\/div>\n\n\t\t\t<\/div>\n\n\t\t\t<button class=\"composer-tab__button composer-tab--color-yellow\">\n\t\t\t<span class=\"composer-tab__icon--work\"><\/span>\n\t\t\t<span>Oeuvres<\/span>\n\t\t<\/button>\n\t\n<\/div>\n\n\n\n<div class=\"composer-tab\" style=\"display: none;\" data-composer-tab-color=\"secondary\">\n\n\t<div class=\"composer-tab__badge composer-tab__badge-secondary\">\n\t\t<span class=\"composer-tab__icon--concert\"><\/span>\n\t\t<span class=\"composer-tab__circular-title\">Concerts<\/span>\n\t<\/div>\n\n\t<div class=\"composer-tab__content\">\n\t\t\t\t\t\n\n<div class=\"wp-block-getwid-icon-box has-icon-left has-text-left\"><div class=\"wp-block-getwid-icon-box__icon-container is-position-top\"><a href=\"https:\/\/mugi.lu\/wp-content\/uploads\/2025\/02\/Frida-Salomon-Ehrlich-Konzerte-Concerts.pdf\" target=\"_blank\" rel=\"noreferrer noopener\" class=\"wp-block-getwid-icon-box__icon-wrapper\"><i class=\"fas fa-file-pdf\"><\/i><\/a><\/div><div class=\"wp-block-getwid-icon-box__content\">\n<h3 class=\"wp-block-heading\"><strong><strong><strong><strong><strong><strong><strong><strong>Frida salomon-Ehrlich<\/strong><\/strong><\/strong><\/strong> <\/strong><\/strong><\/strong>Concerts<\/strong><\/h3>\n\n\n\n<p><\/p>\n<\/div><\/div>\n\n\t\t\t<\/div>\n\n\t\t\t<button class=\"composer-tab__button composer-tab--color-secondary\">\n\t\t\t<span class=\"composer-tab__icon--concert\"><\/span>\n\t\t\t<span>Concerts<\/span>\n\t\t<\/button>\n\t\n<\/div>\n\n\n\n<div class=\"composer-tab\" style=\"display: none;\" data-composer-tab-color=\"orange\">\n\n\t<div class=\"composer-tab__badge composer-tab__badge-orange\">\n\t\t<span class=\"composer-tab__icon--bibliography\"><\/span>\n\t\t<span class=\"composer-tab__circular-title\">Bibliographie<\/span>\n\t<\/div>\n\n\t<div class=\"composer-tab__content\">\n\t\t\t\t\t\n\n<div class=\"wp-block-getwid-icon-box has-icon-left has-text-left\"><div class=\"wp-block-getwid-icon-box__icon-container is-position-top\"><a href=\"https:\/\/mugi.lu\/wp-content\/uploads\/2025\/02\/Frida-Salomon-Ehrlich-Bibliographie_FR.pdf\" target=\"_blank\" rel=\"noreferrer noopener\" class=\"wp-block-getwid-icon-box__icon-wrapper\"><i class=\"fas fa-file-pdf\"><\/i><\/a><\/div><div class=\"wp-block-getwid-icon-box__content\">\n<h3 class=\"wp-block-heading\"><strong><strong><strong><strong>Frida salomon-Ehrlich Bibliographie<\/strong><\/strong><\/strong><\/strong><\/h3>\n\n\n\n<p><\/p>\n<\/div><\/div>\n\n\t\t\t<\/div>\n\n\t\t\t<button class=\"composer-tab__button composer-tab--color-orange\">\n\t\t\t<span class=\"composer-tab__icon--bibliography\"><\/span>\n\t\t\t<span>Bibliographie<\/span>\n\t\t<\/button>\n\t\n<\/div>\n<\/div>\n<\/div>\n\n\n\n<p><\/p>\n","protected":false},"featured_media":1371,"template":"","meta":{"_acf_changed":false,"inline_featured_image":false,"_themeisle_gutenberg_block_has_review":false},"class_list":["post-2430","composer","type-composer","status-publish","has-post-thumbnail","hentry"],"acf":[],"_links":{"self":[{"href":"https:\/\/mugi.lu\/fr\/wp-json\/wp\/v2\/composer\/2430","targetHints":{"allow":["GET"]}}],"collection":[{"href":"https:\/\/mugi.lu\/fr\/wp-json\/wp\/v2\/composer"}],"about":[{"href":"https:\/\/mugi.lu\/fr\/wp-json\/wp\/v2\/types\/composer"}],"wp:featuredmedia":[{"embeddable":true,"href":"https:\/\/mugi.lu\/fr\/wp-json\/wp\/v2\/media\/1371"}],"wp:attachment":[{"href":"https:\/\/mugi.lu\/fr\/wp-json\/wp\/v2\/media?parent=2430"}],"curies":[{"name":"wp","href":"https:\/\/api.w.org\/{rel}","templated":true}]}}