{"id":2491,"date":"2024-03-13T10:52:25","date_gmt":"2024-03-13T09:52:25","guid":{"rendered":"https:\/\/mugi.lu\/?post_type=composer&#038;p=2491"},"modified":"2025-10-17T17:41:40","modified_gmt":"2025-10-17T15:41:40","slug":"jeannette-braun-giampellegrini","status":"publish","type":"composer","link":"https:\/\/mugi.lu\/en\/subject\/jeannette-braun-giampellegrini\/","title":{"rendered":"Jeannette Braun-Giampellegrini"},"content":{"rendered":"\n<div class=\"wp-block-columns is-layout-flex wp-container-core-columns-is-layout-9d6595d7 wp-block-columns-is-layout-flex\">\n<div class=\"wp-block-column is-layout-flow wp-block-column-is-layout-flow\" style=\"flex-basis:25%\"><figure class=\"wp-block-post-featured-image\"><img loading=\"lazy\" decoding=\"async\" width=\"1354\" height=\"1899\" src=\"https:\/\/mugi.lu\/wp-content\/uploads\/2024\/01\/06-document001.jpg\" class=\"attachment-post-thumbnail size-post-thumbnail wp-post-image\" alt=\"\" style=\"object-fit:cover;\" srcset=\"https:\/\/mugi.lu\/wp-content\/uploads\/2024\/01\/06-document001.jpg 1354w, https:\/\/mugi.lu\/wp-content\/uploads\/2024\/01\/06-document001-214x300.jpg 214w, https:\/\/mugi.lu\/wp-content\/uploads\/2024\/01\/06-document001-730x1024.jpg 730w, https:\/\/mugi.lu\/wp-content\/uploads\/2024\/01\/06-document001-768x1077.jpg 768w, https:\/\/mugi.lu\/wp-content\/uploads\/2024\/01\/06-document001-1095x1536.jpg 1095w\" sizes=\"auto, (max-width: 1354px) 100vw, 1354px\" \/><\/figure>\n\n\n<h2 class=\"wp-block-heading\"><\/h2>\n<\/div>\n\n\n\n<div class=\"wp-block-column is-layout-flow wp-block-column-is-layout-flow\">\n<h3 class=\"birth_death_dates\"><\/h3>\n\n\n<h2 class=\"wp-block-post-title\">Jeannette Braun-Giampellegrini<\/h2>\n\n\n<div class=\"composer-tab\" style=\"display: none;\" data-composer-tab-color=\"secondary\">\n\n\t<div class=\"composer-tab__badge composer-tab__badge-secondary\">\n\t\t<span class=\"composer-tab__icon--biography\"><\/span>\n\t\t<span class=\"composer-tab__circular-title\">Biography<\/span>\n\t<\/div>\n\n\t<div class=\"composer-tab__content\">\n\t\t\t\t\t\n\n<div class=\"wp-block-getwid-content-slider has-arrows-outside has-dots-none\" data-adaptive-height=\"true\" data-draggable=\"false\" data-arrows=\"outside\" data-dots=\"none\"><div class=\"wp-block-getwid-content-slider__wrapper\">\n<div class=\"wp-block-getwid-content-slider-slide\"><div class=\"wp-block-getwid-content-slider-slide__wrapper\">\n<p>Jeannette Giampellegrini was born on 25 June 1938 in Differdange, in the south of Luxembourg, and spent her childhood in Niederkorn. She came from a family of laborers who had immigrated from Italy, where both her father&#8217;s and mother&#8217;s side were passionate about music. Her father, Antonio Giampellegrini, who was a steel worker at the <em>HADIR<\/em> steelworks in Differdange, had studied music at the music school in Esch\/Alzette and the <em>Conservatory in Luxembourg<\/em>. He played double bass, saxophone and violin and was an orchestral musician in the <em>Cercle Symphonique<\/em> in Esch. His mother, Fernanda Gallo, an enamel painter at the <em>\u00c9maux de Longwy<\/em> factory, loved singing. The male members of her extended family formed a dance orchestra that played the <em>Th\u00e9 dansant<\/em> (foxtrot, tango, waltz) on Sunday afternoons until late at night.<\/p>\n\n\n\n<p>Towards the end of the Second World War, her father began to teach his seven-year-old daughter music and bought her a piano so that she, as the only female member, could also play in the family orchestra. Barely two years later, he enrolled her in the <em>Music School in Esch<\/em>, where she attended Louis Petit&#8217;s solf\u00e8ge class and the piano class first of El\u00e9onore Deloos and later of Jean Dax. She was awarded the <em>Premier Prix<\/em> at the age of 11 and the <em>Prix Sup\u00e9rieur<\/em> in piano at the age of 14, both times with the highest score. At Jean Dax&#8217;s request, she gave up playing &#8220;Light music&#8221;.&nbsp;<\/p>\n\n\n\n<p><\/p>\n<\/div><\/div>\n\n\n\n<div class=\"wp-block-getwid-content-slider-slide\"><div class=\"wp-block-getwid-content-slider-slide__wrapper\">\n<p>In 1953, the then director of the <em>Paris Conservatoire<\/em> and composer Claude Delvincourt discovered the young pianist&#8217;s talent during a stay in Luxembourg and invited her to attend the preparatory class at the <em>Conservatoire National Sup\u00e9rieur de Musique et de Danse de Paris<\/em>. In October of the same year, the fifteen-year-old moved by herself to Paris, where she stayed in a boarding house for working, single women with the <em>Soeurs de Saint-Vincent de Paul<\/em> and was taught by Joseph Benvenuti and his assistant Simone Druilhe-Darrieulat. Her mother had knitted her fingerless gloves for the eight hours of piano practice in the unheated accommodation. After a two-year preparatory phase, during which she mainly honed her technique, she was officially accepted as a regular student at the <em>Paris Conservatoire<\/em> after passing two competitions. Her teachers included Joseph Benvenuti (piano), Elsa Barraine (sight-reading and <em>harmonie pratique<\/em>), Jean Hubeau (chamber music), Ren\u00e9 Duclos (solf\u00e8ge) and Norbert Dufourcq (music history). Her friend and flatmate at the boarding house was the later famous opera singer Andr\u00e9a Guiot, whom she often accompanied during her singing studies. Ren\u00e9 Duclos also appreciated her sight-reading talents, so she regularly accompanied the solf\u00e8ge class at the conservatory. Jeannette Giampellegrini successfully completed her music studies in 1958.&nbsp;<\/p>\n\n\n\n<p><\/p>\n<\/div><\/div>\n\n\n\n<div class=\"wp-block-getwid-content-slider-slide\"><div class=\"wp-block-getwid-content-slider-slide__wrapper\">\n<p>She remained in Paris for two more years as a r\u00e9p\u00e9titeur at the <em>Op\u00e9ra comique<\/em>, assisting the conductor Roberti Benzi in his debut performances of the opera <em>Carmen<\/em> and working with singers such as Jane Rhodes. She returned to Luxembourg in 1960, where she initially worked as a substitute teacher in various music schools. She quickly became a much sought-after piano accompanist and soloist and worked regularly with the <em>RTL Orchestra<\/em>, among others (see concert programs, press, music). She made numerous recordings at the music studio of <em>Radio Luxembourg<\/em>, including premieres of works by Claus Krumlovsky. The pianist is also the dedicatee of piano works (Claus Krumlovsky : <em>Sonatine Op. 6.1<\/em>; Walter Civitareale : <em>Un salut lointain<\/em>). Jeannette Giampellegrini was a permanent member of the <em>Ensemble Onst Lidd<\/em>, founded by composer Lou Koster, for 10 years (1963-1973). Together with four professors from the <em>Conservatory of Esch<\/em> she founded the <em>Quintette luxembourgeois<\/em>, a wind quartet with piano of international renown.&nbsp;<\/p>\n\n\n\n<p><\/p>\n\n\n\n<p>After being employed as a substitute teacher at the <em>Music School in Esch<\/em> (later the <em>Conservatoire<\/em>) for almost three years from December 1962, she was first given a permanent contract as an assistant piano teacher in 1965, before finally taking up a professorship in piano in 1967. In 1968, she married Jean-Pierre Braun, a military musician, founder of the <em>Soleuvre Youth Orchestra<\/em> and conductor of the <em>Harmonie de Soleuvre<\/em>, whom she had previously taught piano. Two years later, their son Jean-Claude was born, who is now the conductor of the <em>Luxembourg Military Orchestra<\/em> and, like his father, led the <em>Harmonie de Soleuvre<\/em> for more than 20 years.&nbsp;<\/p>\n\n\n\n<p><\/p>\n<\/div><\/div>\n\n\n\n<div class=\"wp-block-getwid-content-slider-slide\"><div class=\"wp-block-getwid-content-slider-slide__wrapper\">\n<p>She was and still is very popular as a piano teacher with her own holistic and child-orientated methodology. She was also instrumental in the development of standardized piano curricula for all music schools in the country. Her students included Walter Civitareale, Isabelle Dominicy (later wife of Jean-Claude Braun and mother of Jeannette Braun-Giampellegrini&#8217;s two grandchildren), Daniel Feis, Jeannine Huybrechts, Astrid Koemptgen, Astrid K\u00fcnzer, Ria Lucas, Yolande Ludwig, Lynn Orazi, Andr\u00e9 Reichling, Claire Scholtes, Pierre Weber and Marcel Wengler. Isabelle Dominicy, Ria Lucas, Daniel Feis and Lynn Orazi work today as professors at the <em>Conservatoire in Esch<\/em>. In autumn 1989, she was appointed deputy director, a post she held until her retirement on 1 October 1998. On 8 April 2008, she was the first woman to be awarded the <em>Prix du m\u00e9rite culturel<\/em> of the town of Esch\/Alzette for her musical achievements and on 14 December 2010, the mayor Georges Engel and the president of the cultural commission Simone Asselborn-Bintz awarded the Braun-Giampellegrini couple the <em>Sassenheim Culture Prize<\/em> for their commitment to the musical culture of the municipality. At the age of 85, Jeannette Braun-Giampellegrini still plays the piano every day and continues to be appointed as a member of international juries in Metz, Brussels and Nancy, among other places.&nbsp;<\/p>\n\n\n\n<p><\/p>\n\n\n\n<p>(For the individual stages of her life and career, see the film interviews by Anne Schiltz with Jeannette Braun-Giampellegrini and the text document \u201cJeannette Braun-Giampellegrini er\u00ebnnert sech&#8221;.)&nbsp;<\/p>\n\n\n\n<p><\/p>\n\n\n\n<div class=\"wp-block-getwid-icon-box has-icon-left has-text-center\"><div class=\"wp-block-getwid-icon-box__icon-container is-position-top\"><a href=\"https:\/\/mugi.lu\/wp-content\/uploads\/2024\/10\/Jeannette-Braun-Giampellegrini-erennert-sech_DEF.pdf\" class=\"wp-block-getwid-icon-box__icon-wrapper\"><i class=\"fas fa-file-pdf\"><\/i><\/a><\/div><div class=\"wp-block-getwid-icon-box__content\">\n<h5 class=\"wp-block-heading\">d&#8217;Jeannette Braun-Giampellegrini er\u00ebnnert sech<\/h5>\n\n\n\n<p><strong>Ausgewielten Auszich aus engem Gespr\u00e9ich mam Lynn Orazi, <\/strong><\/p>\n\n\n\n<p><strong>gefilmt \u00ebnnert der Regie&nbsp;vum Anne Schiltz<\/strong>&nbsp;<\/p>\n\n\n\n<p><\/p>\n<\/div><\/div>\n<\/div><\/div>\n<\/div><\/div>\n\n\n\n<p class=\"has-text-smaller-font-size\"><em>Text (translated with the help of DeepL.com) and curation of the webpage: Danielle Roster (upload 08.03.2024)&nbsp;<\/em><\/p>\n\n\n\n<p class=\"has-text-smaller-font-size\"><em>Creation of the digital archive JBG: D\u017eeila Adrovic, Kenza Kiwy, Sonja Kmec, Danielle Roster<\/em><\/p>\n\n\n\n<p class=\"has-text-smaller-font-size\"><strong>How to cite: <\/strong>Roster, Danielle: Jeannette Braun-Giampellegrini, in: Music and Gender in Luxembourg, ed. by Sonja Kmec, Danielle Roster and Anne Schiltz. URL: <a href=\"https:\/\/mugi.lu\/en\/subject\/jeannette-braun-giampellegrini\/\">https:\/\/mugi.lu\/en\/subject\/jeannette-braun-giampellegrini\/<\/a>&nbsp;(published online 1.3.2024; last accessed \u2026.)<\/p>\n\n\t\t\t<\/div>\n\n\t\t\t<button class=\"composer-tab__button composer-tab--color-secondary\">\n\t\t\t<span class=\"composer-tab__icon--biography\"><\/span>\n\t\t\t<span>Biography<\/span>\n\t\t<\/button>\n\t\n<\/div>\n\n\n\n<div class=\"composer-tab\" style=\"display: none;\" data-composer-tab-color=\"primary\">\n\n\t<div class=\"composer-tab__badge composer-tab__badge-primary\">\n\t\t<span class=\"composer-tab__icon--music\"><\/span>\n\t\t<span class=\"composer-tab__circular-title\">Music<\/span>\n\t<\/div>\n\n\t<div class=\"composer-tab__content\">\n\t\t\t\t\t\n\n<div class=\"wp-block-getwid-content-slider has-arrows-outside has-dots-none\" data-draggable=\"false\" data-arrows=\"outside\" data-dots=\"none\"><div class=\"wp-block-getwid-content-slider__wrapper\">\n<div class=\"wp-block-getwid-content-slider-slide\"><div class=\"wp-block-getwid-content-slider-slide__wrapper\">\n<div class=\"wp-block-columns is-layout-flex wp-container-core-columns-is-layout-9d6595d7 wp-block-columns-is-layout-flex\">\n<div class=\"wp-block-column is-layout-flow wp-block-column-is-layout-flow\"><div id=\"sonaar_music_65\"><div class=\"sonaar_audioplayer_block_cover\"><article id=\"arbitrary-instance-69f38a769d003\" class=\"iron_widget_radio srp_player_button\"><div class=\"iron-audioplayer  sonaar-no-artwork playlist_has_no_ctas\" id=\"arbitrary-instance-69f38a769d003-4048508486\" data-id=\"arbitrary-instance-69f38a769d003\" data-track-sw-cursor=\"\" data-lazyload=\"\" data-albums=\"2192\" data-category=\"\" data-url-playlist=\"https:\/\/mugi.lu\/en\/?load=playlist.json&#038;title=&#038;albums=2192&#038;category=&#038;posts_not_in=&#038;category_not_in=&#038;author=&#038;feed_title=&#038;feed=&#038;feed_img=&#038;el_widget_id=&#038;artwork=&#038;posts_per_pages=-1&#038;all_category=&#038;single_playlist=&#038;reverse_tracklist=&#038;audio_meta_field=&#038;repeater_meta_field=&#038;import_file=&#038;rss_items=-1&#038;rss_item_title=&#038;is_favorite=&#038;is_recentlyplayed=&#038;srp_order=date_DESC\" data-sticky-player=\"\" data-shuffle=\"false\" data-playlist_title=\"\" data-scrollbar=\"\" data-wave-color=\"\" data-wave-progress-color=\"\" data-spectro=\"\" data-no-wave=\"\" data-hide-progressbar=\"\" data-notrackskip=\"\" data-no-loop-tracklist=\"\" data-playertemplate=\"skin_boxed_tracklist\" data-hide-artwork=\"1\" data-speedrate=\"1\" data-tracks-per-page=\"\" data-pagination_scroll_offset=\"\" data-adaptive-colors=\"\" data-adaptive-colors-freeze=\"\" style=\"opacity:0\"><div class=\"srp_player_boxed srp_player_grid\"><div class=\"album-player sr_waveform_mediaElement\"><div class=\"srp_player_meta\"><\/div><div class=\"srp_control_box\">\n            <div role=\"button\" class=\"srp-play-button play\" aria-label=\"Play\">\n                <i class=\"sricon-play\"><\/i>\n                <div class=\"srp-play-circle\"><\/div>\n            <\/div><div class=\"srp_wave_box\"> <div class=\"player sr_player__inline \"><div class=\"sr_progressbar\">\n                \n            <div class=\"currentTime\">00:00<\/div>\n         \n                <div id=\"arbitrary-instance-69f38a769d003-b72bde6f2b-wave\" class=\"wave\">\n                 \n        <div class=\"sonaar_fake_wave\" style=\"height:40px\"> \n            <audio src=\"\" class=\"sonaar_media_element\"><\/audio> \n            <div class=\"sonaar_wave_base\"> \n                <canvas id=\"sonaar_wave_base_canvas\" class=\"\" height=\"40\" width=\"2540\"><\/canvas> \n                <svg><\/svg> \n            <\/div> \n            <div class=\"sonaar_wave_cut\"> \n                <canvas id=\"sonaar_wave_cut_canvas\" class=\"\" height=\"40\" width=\"2540\"><\/canvas> \n                <svg><\/svg> \n            <\/div> \n        <\/div> \n                <\/div>\n                \n            <div class=\"totalTime\"><\/div>\n         \n             <\/div><\/div><div class=\"srp_main_control\"><div class=\"control\"><div role=\"button\" class=\"play\" style=\"opacity:0\" aria-label=\"Play\" title=\"\">\n                <i class=\"sricon-play\"><\/i>\n            <\/div><div class=\"srp_track_cta\"><\/div><\/div><\/div><\/div><\/div><\/div><\/div><div class=\"playlist sr_waveform_mediaElement\" id=\"playlist_arbitrary-instance-69f38a769d003\"><div class=\"srp_tracklist\"><ul class=\"srp_list\"><li class=\"sr-playlist-item\" data-audiopath=\"https:\/\/mugi.lu\/wp-content\/uploads\/2024\/02\/1_JBG_CNA_AU_CLT_TAPE_11561_01.mp3\" data-showloading=\"1\" data-albumTitle=\"JBG1\" data-albumArt=\"\" data-releasedate=\"\" data-date=\"2024\/02\/23\" data-date-formated=\"23 February 2024\" data-show-date=\"\" data-trackTitle=\"1_JBG_CNA_AU_CLT_TAPE_11561_01\" data-artist=\"\" data-trackID=\"2099\" data-trackTime=\"3:00\" data-relatedTrack=\"\" data-post-url=\"\" data-post-id=\"2192\" data-track-pos=\"0\" data-peakFile=\"https:\/\/mugi.lu\/wp-content\/uploads\/audio_peaks\/2099.peak\" data-peakFile-allow=\"1\" data-is-preview=\"\" data-track-lyric=\"\" data-icecast_json=\"\" data-icecast_mount=\"\"><div class=\"sr-playlist-item-flex\"><span class=\"store-list\"><\/span><\/div><div class=\"srp_track_description\"><\/div><\/li><\/ul><\/div><\/div><div class=\"album-store\"><\/div><\/div>\n        var srp_player_params_69f38a769d003 = {&#8220;title&#8221;:&#8221;&#8221;,&#8221;store_title_text&#8221;:&#8221;&#8221;,&#8221;albums&#8221;:&#8221;2192&#8243;,&#8221;hide_artwork&#8221;:&#8221;true&#8221;,&#8221;sticky_player&#8221;:&#8221;&#8221;,&#8221;show_album_market&#8221;:&#8221;1&#8243;,&#8221;show_track_market&#8221;:&#8221;1&#8243;,&#8221;hide_timeline&#8221;:&#8221;&#8221;,&#8221;titletag_soundwave&#8221;:&#8221;div&#8221;,&#8221;titletag_playlist&#8221;:&#8221;h3&#8243;,&#8221;show_playlist&#8221;:&#8221;&#8221;,&#8221;wave_color&#8221;:&#8221;&#8221;,&#8221;wave_progress_color&#8221;:&#8221;&#8221;,&#8221;shuffle&#8221;:&#8221;&#8221;,&#8221;reverse_tracklist&#8221;:&#8221;&#8221;,&#8221;searchbar&#8221;:&#8221;false&#8221;,&#8221;track_desc_lenght&#8221;:&#8221;55&#8243;,&#8221;strip_html_track_desc&#8221;:&#8221;true&#8221;,&#8221;player_layout&#8221;:&#8221;skin_boxed_tracklist&#8221;,&#8221;hide_progressbar&#8221;:&#8221;false&#8221;,&#8221;use_play_label&#8221;:&#8221;false&#8221;,&#8221;use_play_label_with_icon&#8221;:&#8221;true&#8221;,&#8221;orderby&#8221;:&#8221;date&#8221;,&#8221;order&#8221;:&#8221;DESC&#8221;,&#8221;hide_album_title&#8221;:&#8221;true&#8221;,&#8221;hide_album_subtitle&#8221;:&#8221;true&#8221;,&#8221;hide_player_title&#8221;:&#8221;true&#8221;,&#8221;hide_track_title&#8221;:&#8221;true&#8221;,&#8221;show_publish_date&#8221;:&#8221;false&#8221;,&#8221;show_skip_bt&#8221;:&#8221;false&#8221;,&#8221;show_volume_bt&#8221;:&#8221;false&#8221;,&#8221;show_speed_bt&#8221;:&#8221;false&#8221;,&#8221;show_shuffle_bt&#8221;:&#8221;false&#8221;,&#8221;progressbar_inline&#8221;:&#8221;true&#8221;,&#8221;spectro&#8221;:&#8221;&#8221;,&#8221;inline&#8221;:&#8221;false&#8221;,&#8221;main_settings&#8221;:&#8221;||&#8221;} \n        var srp_player_params_args_69f38a769d003 = {&#8220;before_widget&#8221;:&#8221;<article id=\"arbitrary-instance-69f38a769d003\" class=\"iron_widget_radio srp_player_button\">&#8220;,&#8221;after_widget&#8221;:&#8221;&#8221;,&#8221;before_title&#8221;:&#8221;<span class='heading-t3'><h3 class=\"widgettitle\">&#8220;,&#8221;after_title&#8221;:&#8221;&#8221;,&#8221;widget_id&#8221;:&#8221;arbitrary-instance-69f38a769d003&#8243;}  \n        if(typeof setIronAudioplayers !== &#8220;undefined&#8221;){ setIronAudioplayers(&#8220;arbitrary-instance-69f38a769d003&#8221;); }<\/article><\/div><\/div>\n\n\n<h5 class=\"wp-block-heading\">Claus Krumlovsky: First movement of the <em>Sonata no 1 for piano<\/em><\/h5>\n\n\n\n<p>Jeannette Braun-Giampellgrini (piano)<\/p>\n\n\n\n<p>Recording <em>Radio Luxembourg<\/em>, 26.2.1971<\/p>\n\n\n\n<p>\u00a9 CNA \/ CLT<\/p>\n<\/div>\n\n\n\n<div class=\"wp-block-column is-layout-flow wp-block-column-is-layout-flow\"><div id=\"sonaar_music_90\"><div class=\"sonaar_audioplayer_block_cover\"><article id=\"arbitrary-instance-69f38a76a2271\" class=\"iron_widget_radio srp_player_button\"><div class=\"iron-audioplayer  sonaar-no-artwork playlist_has_no_ctas\" id=\"arbitrary-instance-69f38a76a2271-cf80387988\" data-id=\"arbitrary-instance-69f38a76a2271\" data-track-sw-cursor=\"\" data-lazyload=\"\" data-albums=\"2203\" data-category=\"\" data-url-playlist=\"https:\/\/mugi.lu\/en\/?load=playlist.json&#038;title=&#038;albums=2203&#038;category=&#038;posts_not_in=&#038;category_not_in=&#038;author=&#038;feed_title=&#038;feed=&#038;feed_img=&#038;el_widget_id=&#038;artwork=&#038;posts_per_pages=-1&#038;all_category=&#038;single_playlist=&#038;reverse_tracklist=&#038;audio_meta_field=&#038;repeater_meta_field=&#038;import_file=&#038;rss_items=-1&#038;rss_item_title=&#038;is_favorite=&#038;is_recentlyplayed=&#038;srp_order=date_DESC\" data-sticky-player=\"\" data-shuffle=\"false\" data-playlist_title=\"\" data-scrollbar=\"\" data-wave-color=\"\" data-wave-progress-color=\"\" data-spectro=\"\" data-no-wave=\"\" data-hide-progressbar=\"\" data-notrackskip=\"\" data-no-loop-tracklist=\"\" data-playertemplate=\"skin_boxed_tracklist\" data-hide-artwork=\"1\" data-speedrate=\"1\" data-tracks-per-page=\"\" data-pagination_scroll_offset=\"\" data-adaptive-colors=\"\" data-adaptive-colors-freeze=\"\" style=\"opacity:0\"><div class=\"srp_player_boxed srp_player_grid\"><div class=\"album-player sr_waveform_mediaElement\"><div class=\"srp_player_meta\"><\/div><div class=\"srp_control_box\">\n            <div role=\"button\" class=\"srp-play-button play\" aria-label=\"Play\">\n                <i class=\"sricon-play\"><\/i>\n                <div class=\"srp-play-circle\"><\/div>\n            <\/div><div class=\"srp_wave_box\"> <div class=\"player sr_player__inline \"><div class=\"sr_progressbar\">\n                \n            <div class=\"currentTime\">00:00<\/div>\n         \n                <div id=\"arbitrary-instance-69f38a76a2271-e37f7423d4-wave\" class=\"wave\">\n                 \n        <div class=\"sonaar_fake_wave\" style=\"height:40px\"> \n            <audio src=\"\" class=\"sonaar_media_element\"><\/audio> \n            <div class=\"sonaar_wave_base\"> \n                <canvas id=\"sonaar_wave_base_canvas\" class=\"\" height=\"40\" width=\"2540\"><\/canvas> \n                <svg><\/svg> \n            <\/div> \n            <div class=\"sonaar_wave_cut\"> \n                <canvas id=\"sonaar_wave_cut_canvas\" class=\"\" height=\"40\" width=\"2540\"><\/canvas> \n                <svg><\/svg> \n            <\/div> \n        <\/div> \n                <\/div>\n                \n            <div class=\"totalTime\"><\/div>\n         \n             <\/div><\/div><div class=\"srp_main_control\"><div class=\"control\"><div role=\"button\" class=\"play\" style=\"opacity:0\" aria-label=\"Play\" title=\"\">\n                <i class=\"sricon-play\"><\/i>\n            <\/div><div class=\"srp_track_cta\"><\/div><\/div><\/div><\/div><\/div><\/div><\/div><div class=\"playlist sr_waveform_mediaElement\" id=\"playlist_arbitrary-instance-69f38a76a2271\"><div class=\"srp_tracklist\"><ul class=\"srp_list\"><li class=\"sr-playlist-item\" data-audiopath=\"https:\/\/mugi.lu\/wp-content\/uploads\/2024\/02\/2_JBG_RaymondHenn_ZweiVenetianischeLieder.mp3\" data-showloading=\"1\" data-albumTitle=\"JBG2\" data-albumArt=\"\" data-releasedate=\"\" data-date=\"2024\/02\/23\" data-date-formated=\"23 February 2024\" data-show-date=\"\" data-trackTitle=\"2_JBG_RaymondHenn_ZweiVenetianischeLieder\" data-artist=\"\" data-trackID=\"2102\" data-trackTime=\"2:34\" data-relatedTrack=\"\" data-post-url=\"\" data-post-id=\"2203\" data-track-pos=\"0\" data-peakFile=\"https:\/\/mugi.lu\/wp-content\/uploads\/audio_peaks\/2102.peak\" data-peakFile-allow=\"1\" data-is-preview=\"\" data-track-lyric=\"\" data-icecast_json=\"\" data-icecast_mount=\"\"><div class=\"sr-playlist-item-flex\"><span class=\"store-list\"><\/span><\/div><div class=\"srp_track_description\"><\/div><\/li><\/ul><\/div><\/div><div class=\"album-store\"><\/div><\/div>\n        var srp_player_params_69f38a76a2271 = {&#8220;title&#8221;:&#8221;&#8221;,&#8221;store_title_text&#8221;:&#8221;&#8221;,&#8221;albums&#8221;:&#8221;2203&#8243;,&#8221;hide_artwork&#8221;:&#8221;true&#8221;,&#8221;sticky_player&#8221;:&#8221;&#8221;,&#8221;show_album_market&#8221;:&#8221;1&#8243;,&#8221;show_track_market&#8221;:&#8221;1&#8243;,&#8221;hide_timeline&#8221;:&#8221;&#8221;,&#8221;titletag_soundwave&#8221;:&#8221;div&#8221;,&#8221;titletag_playlist&#8221;:&#8221;h3&#8243;,&#8221;show_playlist&#8221;:&#8221;&#8221;,&#8221;wave_color&#8221;:&#8221;&#8221;,&#8221;wave_progress_color&#8221;:&#8221;&#8221;,&#8221;shuffle&#8221;:&#8221;&#8221;,&#8221;reverse_tracklist&#8221;:&#8221;&#8221;,&#8221;searchbar&#8221;:&#8221;false&#8221;,&#8221;track_desc_lenght&#8221;:&#8221;55&#8243;,&#8221;strip_html_track_desc&#8221;:&#8221;true&#8221;,&#8221;player_layout&#8221;:&#8221;skin_boxed_tracklist&#8221;,&#8221;hide_progressbar&#8221;:&#8221;false&#8221;,&#8221;use_play_label&#8221;:&#8221;false&#8221;,&#8221;use_play_label_with_icon&#8221;:&#8221;true&#8221;,&#8221;orderby&#8221;:&#8221;date&#8221;,&#8221;order&#8221;:&#8221;DESC&#8221;,&#8221;hide_album_title&#8221;:&#8221;true&#8221;,&#8221;hide_album_subtitle&#8221;:&#8221;true&#8221;,&#8221;hide_player_title&#8221;:&#8221;true&#8221;,&#8221;hide_track_title&#8221;:&#8221;true&#8221;,&#8221;show_publish_date&#8221;:&#8221;false&#8221;,&#8221;show_skip_bt&#8221;:&#8221;false&#8221;,&#8221;show_volume_bt&#8221;:&#8221;false&#8221;,&#8221;show_speed_bt&#8221;:&#8221;false&#8221;,&#8221;show_shuffle_bt&#8221;:&#8221;false&#8221;,&#8221;progressbar_inline&#8221;:&#8221;true&#8221;,&#8221;spectro&#8221;:&#8221;&#8221;,&#8221;inline&#8221;:&#8221;false&#8221;,&#8221;main_settings&#8221;:&#8221;||&#8221;} \n        var srp_player_params_args_69f38a76a2271 = {&#8220;before_widget&#8221;:&#8221;<article id=\"arbitrary-instance-69f38a76a2271\" class=\"iron_widget_radio srp_player_button\">&#8220;,&#8221;after_widget&#8221;:&#8221;&#8221;,&#8221;before_title&#8221;:&#8221;<span class='heading-t3'><h3 class=\"widgettitle\">&#8220;,&#8221;after_title&#8221;:&#8221;&#8221;,&#8221;widget_id&#8221;:&#8221;arbitrary-instance-69f38a76a2271&#8243;}  \n        if(typeof setIronAudioplayers !== &#8220;undefined&#8221;){ setIronAudioplayers(&#8220;arbitrary-instance-69f38a76a2271&#8221;); }<\/article><\/div><\/div>\n\n\n<h5 class=\"wp-block-heading\">Robert Schumann: <em>Leis&#8217; rudern hier<\/em>, text by Ferdinand Freiligrath<\/h5>\n\n\n\n<p>Raymond Henn (tenor), Jeannette Giampellegrini (piano)<\/p>\n\n\n\n<p>CD<em> Raymond Henn: Fr\u00fche Aufnahmen. 1961-1970.<\/em> Live Recording, 25.5.1962<\/p>\n<\/div>\n<\/div>\n<\/div><\/div>\n\n\n\n<div class=\"wp-block-getwid-content-slider-slide\"><div class=\"wp-block-getwid-content-slider-slide__wrapper\">\n<div class=\"wp-block-columns is-layout-flex wp-container-core-columns-is-layout-9d6595d7 wp-block-columns-is-layout-flex\">\n<div class=\"wp-block-column is-layout-flow wp-block-column-is-layout-flow\"><div id=\"sonaar_music_75\"><div class=\"sonaar_audioplayer_block_cover\"><article id=\"arbitrary-instance-69f38a76a38fc\" class=\"iron_widget_radio srp_player_button\"><div class=\"iron-audioplayer  sonaar-no-artwork playlist_has_no_ctas\" id=\"arbitrary-instance-69f38a76a38fc-f7cfb900f5\" data-id=\"arbitrary-instance-69f38a76a38fc\" data-track-sw-cursor=\"\" data-lazyload=\"\" data-albums=\"2204\" data-category=\"\" data-url-playlist=\"https:\/\/mugi.lu\/en\/?load=playlist.json&#038;title=&#038;albums=2204&#038;category=&#038;posts_not_in=&#038;category_not_in=&#038;author=&#038;feed_title=&#038;feed=&#038;feed_img=&#038;el_widget_id=&#038;artwork=&#038;posts_per_pages=-1&#038;all_category=&#038;single_playlist=&#038;reverse_tracklist=&#038;audio_meta_field=&#038;repeater_meta_field=&#038;import_file=&#038;rss_items=-1&#038;rss_item_title=&#038;is_favorite=&#038;is_recentlyplayed=&#038;srp_order=date_DESC\" data-sticky-player=\"\" data-shuffle=\"false\" data-playlist_title=\"\" data-scrollbar=\"\" data-wave-color=\"\" data-wave-progress-color=\"\" data-spectro=\"\" data-no-wave=\"\" data-hide-progressbar=\"\" data-notrackskip=\"\" data-no-loop-tracklist=\"\" data-playertemplate=\"skin_boxed_tracklist\" data-hide-artwork=\"1\" data-speedrate=\"1\" data-tracks-per-page=\"\" data-pagination_scroll_offset=\"\" data-adaptive-colors=\"\" data-adaptive-colors-freeze=\"\" style=\"opacity:0\"><div class=\"srp_player_boxed srp_player_grid\"><div class=\"album-player sr_waveform_mediaElement\"><div class=\"srp_player_meta\"><\/div><div class=\"srp_control_box\">\n            <div role=\"button\" class=\"srp-play-button play\" aria-label=\"Play\">\n                <i class=\"sricon-play\"><\/i>\n                <div class=\"srp-play-circle\"><\/div>\n            <\/div><div class=\"srp_wave_box\"> <div class=\"player sr_player__inline \"><div class=\"sr_progressbar\">\n                \n            <div class=\"currentTime\">00:00<\/div>\n         \n                <div id=\"arbitrary-instance-69f38a76a38fc-035a94cc25-wave\" class=\"wave\">\n                 \n        <div class=\"sonaar_fake_wave\" style=\"height:40px\"> \n            <audio src=\"\" class=\"sonaar_media_element\"><\/audio> \n            <div class=\"sonaar_wave_base\"> \n                <canvas id=\"sonaar_wave_base_canvas\" class=\"\" height=\"40\" width=\"2540\"><\/canvas> \n                <svg><\/svg> \n            <\/div> \n            <div class=\"sonaar_wave_cut\"> \n                <canvas id=\"sonaar_wave_cut_canvas\" class=\"\" height=\"40\" width=\"2540\"><\/canvas> \n                <svg><\/svg> \n            <\/div> \n        <\/div> \n                <\/div>\n                \n            <div class=\"totalTime\"><\/div>\n         \n             <\/div><\/div><div class=\"srp_main_control\"><div class=\"control\"><div role=\"button\" class=\"play\" style=\"opacity:0\" aria-label=\"Play\" title=\"\">\n                <i class=\"sricon-play\"><\/i>\n            <\/div><div class=\"srp_track_cta\"><\/div><\/div><\/div><\/div><\/div><\/div><\/div><div class=\"playlist sr_waveform_mediaElement\" id=\"playlist_arbitrary-instance-69f38a76a38fc\"><div class=\"srp_tracklist\"><ul class=\"srp_list\"><li class=\"sr-playlist-item\" data-audiopath=\"https:\/\/mugi.lu\/wp-content\/uploads\/2024\/02\/3_JBG_CNA_AU_CLT_TAPE_03838_01.mp3\" data-showloading=\"1\" data-albumTitle=\"JBG3\" data-albumArt=\"\" data-releasedate=\"\" data-date=\"2024\/02\/23\" data-date-formated=\"23 February 2024\" data-show-date=\"\" data-trackTitle=\"3_JBG_CNA_AU_CLT_TAPE_03838_01\" data-artist=\"\" data-trackID=\"2105\" data-trackTime=\"1:14\" data-relatedTrack=\"\" data-post-url=\"\" data-post-id=\"2204\" data-track-pos=\"0\" data-peakFile=\"https:\/\/mugi.lu\/wp-content\/uploads\/audio_peaks\/2105.peak\" data-peakFile-allow=\"1\" data-is-preview=\"\" data-track-lyric=\"\" data-icecast_json=\"\" data-icecast_mount=\"\"><div class=\"sr-playlist-item-flex\"><span class=\"store-list\"><\/span><\/div><div class=\"srp_track_description\"><\/div><\/li><\/ul><\/div><\/div><div class=\"album-store\"><\/div><\/div>\n        var srp_player_params_69f38a76a38fc = {&#8220;title&#8221;:&#8221;&#8221;,&#8221;store_title_text&#8221;:&#8221;&#8221;,&#8221;albums&#8221;:&#8221;2204&#8243;,&#8221;hide_artwork&#8221;:&#8221;true&#8221;,&#8221;sticky_player&#8221;:&#8221;&#8221;,&#8221;show_album_market&#8221;:&#8221;1&#8243;,&#8221;show_track_market&#8221;:&#8221;1&#8243;,&#8221;hide_timeline&#8221;:&#8221;&#8221;,&#8221;titletag_soundwave&#8221;:&#8221;div&#8221;,&#8221;titletag_playlist&#8221;:&#8221;h3&#8243;,&#8221;show_playlist&#8221;:&#8221;&#8221;,&#8221;wave_color&#8221;:&#8221;&#8221;,&#8221;wave_progress_color&#8221;:&#8221;&#8221;,&#8221;shuffle&#8221;:&#8221;&#8221;,&#8221;reverse_tracklist&#8221;:&#8221;&#8221;,&#8221;searchbar&#8221;:&#8221;false&#8221;,&#8221;track_desc_lenght&#8221;:&#8221;55&#8243;,&#8221;strip_html_track_desc&#8221;:&#8221;true&#8221;,&#8221;player_layout&#8221;:&#8221;skin_boxed_tracklist&#8221;,&#8221;hide_progressbar&#8221;:&#8221;false&#8221;,&#8221;use_play_label&#8221;:&#8221;false&#8221;,&#8221;use_play_label_with_icon&#8221;:&#8221;true&#8221;,&#8221;orderby&#8221;:&#8221;date&#8221;,&#8221;order&#8221;:&#8221;DESC&#8221;,&#8221;hide_album_title&#8221;:&#8221;true&#8221;,&#8221;hide_album_subtitle&#8221;:&#8221;true&#8221;,&#8221;hide_player_title&#8221;:&#8221;true&#8221;,&#8221;hide_track_title&#8221;:&#8221;true&#8221;,&#8221;show_publish_date&#8221;:&#8221;false&#8221;,&#8221;show_skip_bt&#8221;:&#8221;false&#8221;,&#8221;show_volume_bt&#8221;:&#8221;false&#8221;,&#8221;show_speed_bt&#8221;:&#8221;false&#8221;,&#8221;show_shuffle_bt&#8221;:&#8221;false&#8221;,&#8221;progressbar_inline&#8221;:&#8221;true&#8221;,&#8221;spectro&#8221;:&#8221;&#8221;,&#8221;inline&#8221;:&#8221;false&#8221;,&#8221;main_settings&#8221;:&#8221;||&#8221;} \n        var srp_player_params_args_69f38a76a38fc = {&#8220;before_widget&#8221;:&#8221;<article id=\"arbitrary-instance-69f38a76a38fc\" class=\"iron_widget_radio srp_player_button\">&#8220;,&#8221;after_widget&#8221;:&#8221;&#8221;,&#8221;before_title&#8221;:&#8221;<span class='heading-t3'><h3 class=\"widgettitle\">&#8220;,&#8221;after_title&#8221;:&#8221;&#8221;,&#8221;widget_id&#8221;:&#8221;arbitrary-instance-69f38a76a38fc&#8221;}  \n        if(typeof setIronAudioplayers !== &#8220;undefined&#8221;){ setIronAudioplayers(&#8220;arbitrary-instance-69f38a76a38fc&#8221;); }<\/article><\/div><\/div>\n\n\n<h5 class=\"wp-block-heading\">Jos Kinz\u00e9: Second movement of the <em>Serenade for Strings and piano<\/em><\/h5>\n\n\n\n<p>Jeannette Giampellegrini (piano), <em>RTL Orchestra<\/em> conducted by Carlo Kaufhold<\/p>\n\n\n\n<p>Recording<em> Radio Luxembourg<\/em>, 27.8.1964<\/p>\n\n\n\n<p>\u00a9 CNA \/ CLT<\/p>\n<\/div>\n\n\n\n<div class=\"wp-block-column is-layout-flow wp-block-column-is-layout-flow\"><div id=\"sonaar_music_88\"><div class=\"sonaar_audioplayer_block_cover\"><article id=\"arbitrary-instance-69f38a76a4ab1\" class=\"iron_widget_radio srp_player_button\"><div class=\"iron-audioplayer  sonaar-no-artwork playlist_has_no_ctas\" id=\"arbitrary-instance-69f38a76a4ab1-6a6c2987b3\" data-id=\"arbitrary-instance-69f38a76a4ab1\" data-track-sw-cursor=\"\" data-lazyload=\"\" data-albums=\"2205\" data-category=\"\" data-url-playlist=\"https:\/\/mugi.lu\/en\/?load=playlist.json&#038;title=&#038;albums=2205&#038;category=&#038;posts_not_in=&#038;category_not_in=&#038;author=&#038;feed_title=&#038;feed=&#038;feed_img=&#038;el_widget_id=&#038;artwork=&#038;posts_per_pages=-1&#038;all_category=&#038;single_playlist=&#038;reverse_tracklist=&#038;audio_meta_field=&#038;repeater_meta_field=&#038;import_file=&#038;rss_items=-1&#038;rss_item_title=&#038;is_favorite=&#038;is_recentlyplayed=&#038;srp_order=date_DESC\" data-sticky-player=\"\" data-shuffle=\"false\" data-playlist_title=\"\" data-scrollbar=\"\" data-wave-color=\"\" data-wave-progress-color=\"\" data-spectro=\"\" data-no-wave=\"\" data-hide-progressbar=\"\" data-notrackskip=\"\" data-no-loop-tracklist=\"\" data-playertemplate=\"skin_boxed_tracklist\" data-hide-artwork=\"1\" data-speedrate=\"1\" data-tracks-per-page=\"\" data-pagination_scroll_offset=\"\" data-adaptive-colors=\"\" data-adaptive-colors-freeze=\"\" style=\"opacity:0\"><div class=\"srp_player_boxed srp_player_grid\"><div class=\"album-player sr_waveform_mediaElement\"><div class=\"srp_player_meta\"><\/div><div class=\"srp_control_box\">\n            <div role=\"button\" class=\"srp-play-button play\" aria-label=\"Play\">\n                <i class=\"sricon-play\"><\/i>\n                <div class=\"srp-play-circle\"><\/div>\n            <\/div><div class=\"srp_wave_box\"> <div class=\"player sr_player__inline \"><div class=\"sr_progressbar\">\n                \n            <div class=\"currentTime\">00:00<\/div>\n         \n                <div id=\"arbitrary-instance-69f38a76a4ab1-36f8c1ba4e-wave\" class=\"wave\">\n                 \n        <div class=\"sonaar_fake_wave\" style=\"height:40px\"> \n            <audio src=\"\" class=\"sonaar_media_element\"><\/audio> \n            <div class=\"sonaar_wave_base\"> \n                <canvas id=\"sonaar_wave_base_canvas\" class=\"\" height=\"40\" width=\"2540\"><\/canvas> \n                <svg><\/svg> \n            <\/div> \n            <div class=\"sonaar_wave_cut\"> \n                <canvas id=\"sonaar_wave_cut_canvas\" class=\"\" height=\"40\" width=\"2540\"><\/canvas> \n                <svg><\/svg> \n            <\/div> \n        <\/div> \n                <\/div>\n                \n            <div class=\"totalTime\"><\/div>\n         \n             <\/div><\/div><div class=\"srp_main_control\"><div class=\"control\"><div role=\"button\" class=\"play\" style=\"opacity:0\" aria-label=\"Play\" title=\"\">\n                <i class=\"sricon-play\"><\/i>\n            <\/div><div class=\"srp_track_cta\"><\/div><\/div><\/div><\/div><\/div><\/div><\/div><div class=\"playlist sr_waveform_mediaElement\" id=\"playlist_arbitrary-instance-69f38a76a4ab1\"><div class=\"srp_tracklist\"><ul class=\"srp_list\"><li class=\"sr-playlist-item\" data-audiopath=\"https:\/\/mugi.lu\/wp-content\/uploads\/2024\/02\/4_JBG_CNA_AU_CLT_TAPE_08279_01.mp3\" data-showloading=\"1\" data-albumTitle=\"JBG4\" data-albumArt=\"\" data-releasedate=\"\" data-date=\"2024\/02\/23\" data-date-formated=\"23 February 2024\" data-show-date=\"\" data-trackTitle=\"4_JBG_CNA_AU_CLT_TAPE_08279_01\" data-artist=\"\" data-trackID=\"2108\" data-trackTime=\"7:21\" data-relatedTrack=\"\" data-post-url=\"\" data-post-id=\"2205\" data-track-pos=\"0\" data-peakFile=\"https:\/\/mugi.lu\/wp-content\/uploads\/audio_peaks\/2108.peak\" data-peakFile-allow=\"1\" data-is-preview=\"\" data-track-lyric=\"\" data-icecast_json=\"\" data-icecast_mount=\"\"><div class=\"sr-playlist-item-flex\"><span class=\"store-list\"><\/span><\/div><div class=\"srp_track_description\"><\/div><\/li><\/ul><\/div><\/div><div class=\"album-store\"><\/div><\/div>\n        var srp_player_params_69f38a76a4ab1 = {&#8220;title&#8221;:&#8221;&#8221;,&#8221;store_title_text&#8221;:&#8221;&#8221;,&#8221;albums&#8221;:&#8221;2205&#8243;,&#8221;hide_artwork&#8221;:&#8221;true&#8221;,&#8221;sticky_player&#8221;:&#8221;&#8221;,&#8221;show_album_market&#8221;:&#8221;1&#8243;,&#8221;show_track_market&#8221;:&#8221;1&#8243;,&#8221;hide_timeline&#8221;:&#8221;&#8221;,&#8221;titletag_soundwave&#8221;:&#8221;div&#8221;,&#8221;titletag_playlist&#8221;:&#8221;h3&#8243;,&#8221;show_playlist&#8221;:&#8221;&#8221;,&#8221;wave_color&#8221;:&#8221;&#8221;,&#8221;wave_progress_color&#8221;:&#8221;&#8221;,&#8221;shuffle&#8221;:&#8221;&#8221;,&#8221;reverse_tracklist&#8221;:&#8221;&#8221;,&#8221;searchbar&#8221;:&#8221;false&#8221;,&#8221;track_desc_lenght&#8221;:&#8221;55&#8243;,&#8221;strip_html_track_desc&#8221;:&#8221;true&#8221;,&#8221;player_layout&#8221;:&#8221;skin_boxed_tracklist&#8221;,&#8221;hide_progressbar&#8221;:&#8221;false&#8221;,&#8221;use_play_label&#8221;:&#8221;false&#8221;,&#8221;use_play_label_with_icon&#8221;:&#8221;true&#8221;,&#8221;orderby&#8221;:&#8221;date&#8221;,&#8221;order&#8221;:&#8221;DESC&#8221;,&#8221;hide_album_title&#8221;:&#8221;true&#8221;,&#8221;hide_album_subtitle&#8221;:&#8221;true&#8221;,&#8221;hide_player_title&#8221;:&#8221;true&#8221;,&#8221;hide_track_title&#8221;:&#8221;true&#8221;,&#8221;show_publish_date&#8221;:&#8221;false&#8221;,&#8221;show_skip_bt&#8221;:&#8221;false&#8221;,&#8221;show_volume_bt&#8221;:&#8221;false&#8221;,&#8221;show_speed_bt&#8221;:&#8221;false&#8221;,&#8221;show_shuffle_bt&#8221;:&#8221;false&#8221;,&#8221;progressbar_inline&#8221;:&#8221;true&#8221;,&#8221;spectro&#8221;:&#8221;&#8221;,&#8221;inline&#8221;:&#8221;false&#8221;,&#8221;main_settings&#8221;:&#8221;||&#8221;} \n        var srp_player_params_args_69f38a76a4ab1 = {&#8220;before_widget&#8221;:&#8221;<article id=\"arbitrary-instance-69f38a76a4ab1\" class=\"iron_widget_radio srp_player_button\">&#8220;,&#8221;after_widget&#8221;:&#8221;&#8221;,&#8221;before_title&#8221;:&#8221;<span class='heading-t3'><h3 class=\"widgettitle\">&#8220;,&#8221;after_title&#8221;:&#8221;&#8221;,&#8221;widget_id&#8221;:&#8221;arbitrary-instance-69f38a76a4ab1&#8243;}  \n        if(typeof setIronAudioplayers !== &#8220;undefined&#8221;){ setIronAudioplayers(&#8220;arbitrary-instance-69f38a76a4ab1&#8221;); }<\/article><\/div><\/div>\n\n\n<h5 class=\"wp-block-heading\">Wolfgang Amadeus Mozart: First movement of the <em>Quintet KV 452<\/em><\/h5>\n\n\n\n<p><em>Quinette Luxembourgeois<\/em><\/p>\n\n\n\n<p>Recording <em>Radio Luxembourg<\/em>, 25.1.1965<\/p>\n\n\n\n<p>\u00a9 CNA \/ CLT<\/p>\n<\/div>\n<\/div>\n<\/div><\/div>\n\n\n\n<div class=\"wp-block-getwid-content-slider-slide\"><div class=\"wp-block-getwid-content-slider-slide__wrapper\">\n<div class=\"wp-block-columns is-layout-flex wp-container-core-columns-is-layout-9d6595d7 wp-block-columns-is-layout-flex\">\n<div class=\"wp-block-column is-layout-flow wp-block-column-is-layout-flow\"><div id=\"sonaar_music_42\"><div class=\"sonaar_audioplayer_block_cover\"><article id=\"arbitrary-instance-69f38a76a621b\" class=\"iron_widget_radio srp_player_button\"><div class=\"iron-audioplayer  sonaar-no-artwork playlist_has_no_ctas\" id=\"arbitrary-instance-69f38a76a621b-5432b858fd\" data-id=\"arbitrary-instance-69f38a76a621b\" data-track-sw-cursor=\"\" data-lazyload=\"\" data-albums=\"2206\" data-category=\"\" data-url-playlist=\"https:\/\/mugi.lu\/en\/?load=playlist.json&#038;title=&#038;albums=2206&#038;category=&#038;posts_not_in=&#038;category_not_in=&#038;author=&#038;feed_title=&#038;feed=&#038;feed_img=&#038;el_widget_id=&#038;artwork=&#038;posts_per_pages=-1&#038;all_category=&#038;single_playlist=&#038;reverse_tracklist=&#038;audio_meta_field=&#038;repeater_meta_field=&#038;import_file=&#038;rss_items=-1&#038;rss_item_title=&#038;is_favorite=&#038;is_recentlyplayed=&#038;srp_order=date_DESC\" data-sticky-player=\"\" data-shuffle=\"false\" data-playlist_title=\"\" data-scrollbar=\"\" data-wave-color=\"\" data-wave-progress-color=\"\" data-spectro=\"\" data-no-wave=\"\" data-hide-progressbar=\"\" data-notrackskip=\"\" data-no-loop-tracklist=\"\" data-playertemplate=\"skin_boxed_tracklist\" data-hide-artwork=\"1\" data-speedrate=\"1\" data-tracks-per-page=\"\" data-pagination_scroll_offset=\"\" data-adaptive-colors=\"\" data-adaptive-colors-freeze=\"\" style=\"opacity:0\"><div class=\"srp_player_boxed srp_player_grid\"><div class=\"album-player sr_waveform_mediaElement\"><div class=\"srp_player_meta\"><\/div><div class=\"srp_control_box\">\n            <div role=\"button\" class=\"srp-play-button play\" aria-label=\"Play\">\n                <i class=\"sricon-play\"><\/i>\n                <div class=\"srp-play-circle\"><\/div>\n            <\/div><div class=\"srp_wave_box\"> <div class=\"player sr_player__inline \"><div class=\"sr_progressbar\">\n                \n            <div class=\"currentTime\">00:00<\/div>\n         \n                <div id=\"arbitrary-instance-69f38a76a621b-4fdf15fd62-wave\" class=\"wave\">\n                 \n        <div class=\"sonaar_fake_wave\" style=\"height:40px\"> \n            <audio src=\"\" class=\"sonaar_media_element\"><\/audio> \n            <div class=\"sonaar_wave_base\"> \n                <canvas id=\"sonaar_wave_base_canvas\" class=\"\" height=\"40\" width=\"2540\"><\/canvas> \n                <svg><\/svg> \n            <\/div> \n            <div class=\"sonaar_wave_cut\"> \n                <canvas id=\"sonaar_wave_cut_canvas\" class=\"\" height=\"40\" width=\"2540\"><\/canvas> \n                <svg><\/svg> \n            <\/div> \n        <\/div> \n                <\/div>\n                \n            <div class=\"totalTime\"><\/div>\n         \n             <\/div><\/div><div class=\"srp_main_control\"><div class=\"control\"><div role=\"button\" class=\"play\" style=\"opacity:0\" aria-label=\"Play\" title=\"\">\n                <i class=\"sricon-play\"><\/i>\n            <\/div><div class=\"srp_track_cta\"><\/div><\/div><\/div><\/div><\/div><\/div><\/div><div class=\"playlist sr_waveform_mediaElement\" id=\"playlist_arbitrary-instance-69f38a76a621b\"><div class=\"srp_tracklist\"><ul class=\"srp_list\"><li class=\"sr-playlist-item\" data-audiopath=\"https:\/\/mugi.lu\/wp-content\/uploads\/2024\/02\/5_JBG_CNA_AU_CLT_TAPE_09097_01.mp3\" data-showloading=\"1\" data-albumTitle=\"JBG5\" data-albumArt=\"\" data-releasedate=\"\" data-date=\"2024\/02\/23\" data-date-formated=\"23 February 2024\" data-show-date=\"\" data-trackTitle=\"5_JBG_CNA_AU_CLT_TAPE_09097_01\" data-artist=\"\" data-trackID=\"2111\" data-trackTime=\"1:59\" data-relatedTrack=\"\" data-post-url=\"\" data-post-id=\"2206\" data-track-pos=\"0\" data-peakFile=\"https:\/\/mugi.lu\/wp-content\/uploads\/audio_peaks\/2111.peak\" data-peakFile-allow=\"1\" data-is-preview=\"\" data-track-lyric=\"\" data-icecast_json=\"\" data-icecast_mount=\"\"><div class=\"sr-playlist-item-flex\"><span class=\"store-list\"><\/span><\/div><div class=\"srp_track_description\"><\/div><\/li><\/ul><\/div><\/div><div class=\"album-store\"><\/div><\/div>\n        var srp_player_params_69f38a76a621b = {&#8220;title&#8221;:&#8221;&#8221;,&#8221;store_title_text&#8221;:&#8221;&#8221;,&#8221;albums&#8221;:&#8221;2206&#8243;,&#8221;hide_artwork&#8221;:&#8221;true&#8221;,&#8221;sticky_player&#8221;:&#8221;&#8221;,&#8221;show_album_market&#8221;:&#8221;1&#8243;,&#8221;show_track_market&#8221;:&#8221;1&#8243;,&#8221;hide_timeline&#8221;:&#8221;&#8221;,&#8221;titletag_soundwave&#8221;:&#8221;div&#8221;,&#8221;titletag_playlist&#8221;:&#8221;h3&#8243;,&#8221;show_playlist&#8221;:&#8221;&#8221;,&#8221;wave_color&#8221;:&#8221;&#8221;,&#8221;wave_progress_color&#8221;:&#8221;&#8221;,&#8221;shuffle&#8221;:&#8221;&#8221;,&#8221;reverse_tracklist&#8221;:&#8221;&#8221;,&#8221;searchbar&#8221;:&#8221;false&#8221;,&#8221;track_desc_lenght&#8221;:&#8221;55&#8243;,&#8221;strip_html_track_desc&#8221;:&#8221;true&#8221;,&#8221;player_layout&#8221;:&#8221;skin_boxed_tracklist&#8221;,&#8221;hide_progressbar&#8221;:&#8221;false&#8221;,&#8221;use_play_label&#8221;:&#8221;false&#8221;,&#8221;use_play_label_with_icon&#8221;:&#8221;true&#8221;,&#8221;orderby&#8221;:&#8221;date&#8221;,&#8221;order&#8221;:&#8221;DESC&#8221;,&#8221;hide_album_title&#8221;:&#8221;true&#8221;,&#8221;hide_album_subtitle&#8221;:&#8221;true&#8221;,&#8221;hide_player_title&#8221;:&#8221;true&#8221;,&#8221;hide_track_title&#8221;:&#8221;true&#8221;,&#8221;show_publish_date&#8221;:&#8221;false&#8221;,&#8221;show_skip_bt&#8221;:&#8221;false&#8221;,&#8221;show_volume_bt&#8221;:&#8221;false&#8221;,&#8221;show_speed_bt&#8221;:&#8221;false&#8221;,&#8221;show_shuffle_bt&#8221;:&#8221;false&#8221;,&#8221;progressbar_inline&#8221;:&#8221;true&#8221;,&#8221;spectro&#8221;:&#8221;&#8221;,&#8221;inline&#8221;:&#8221;false&#8221;,&#8221;main_settings&#8221;:&#8221;||&#8221;} \n        var srp_player_params_args_69f38a76a621b = {&#8220;before_widget&#8221;:&#8221;<article id=\"arbitrary-instance-69f38a76a621b\" class=\"iron_widget_radio srp_player_button\">&#8220;,&#8221;after_widget&#8221;:&#8221;&#8221;,&#8221;before_title&#8221;:&#8221;<span class='heading-t3'><h3 class=\"widgettitle\">&#8220;,&#8221;after_title&#8221;:&#8221;&#8221;,&#8221;widget_id&#8221;:&#8221;arbitrary-instance-69f38a76a621b&#8221;}  \n        if(typeof setIronAudioplayers !== &#8220;undefined&#8221;){ setIronAudioplayers(&#8220;arbitrary-instance-69f38a76a621b&#8221;); }<\/article><\/div><\/div>\n\n\n<h5 class=\"wp-block-heading\">Franz Schubert: <em>Die Forelle<\/em>, text by Christian Friedrich Daniel Schubart<\/h5>\n\n\n\n<p>Sylvie Orazi (soprano), Jeannette Giampellegrini (piano)<\/p>\n\n\n\n<p>Recording <em>Radio Luxembourg<\/em>, 22.3.1965<\/p>\n\n\n\n<p>\u00a9 CNA \/ CLT<\/p>\n<\/div>\n\n\n\n<div class=\"wp-block-column is-layout-flow wp-block-column-is-layout-flow\"><div id=\"sonaar_music_19\"><div class=\"sonaar_audioplayer_block_cover\"><article id=\"arbitrary-instance-69f38a76a7c81\" class=\"iron_widget_radio srp_player_button\"><div class=\"iron-audioplayer  sonaar-no-artwork playlist_has_no_ctas\" id=\"arbitrary-instance-69f38a76a7c81-afc10409b7\" data-id=\"arbitrary-instance-69f38a76a7c81\" data-track-sw-cursor=\"\" data-lazyload=\"\" data-albums=\"2207\" data-category=\"\" data-url-playlist=\"https:\/\/mugi.lu\/en\/?load=playlist.json&#038;title=&#038;albums=2207&#038;category=&#038;posts_not_in=&#038;category_not_in=&#038;author=&#038;feed_title=&#038;feed=&#038;feed_img=&#038;el_widget_id=&#038;artwork=&#038;posts_per_pages=-1&#038;all_category=&#038;single_playlist=&#038;reverse_tracklist=&#038;audio_meta_field=&#038;repeater_meta_field=&#038;import_file=&#038;rss_items=-1&#038;rss_item_title=&#038;is_favorite=&#038;is_recentlyplayed=&#038;srp_order=date_DESC\" data-sticky-player=\"\" data-shuffle=\"false\" data-playlist_title=\"\" data-scrollbar=\"\" data-wave-color=\"\" data-wave-progress-color=\"\" data-spectro=\"\" data-no-wave=\"\" data-hide-progressbar=\"\" data-notrackskip=\"\" data-no-loop-tracklist=\"\" data-playertemplate=\"skin_boxed_tracklist\" data-hide-artwork=\"1\" data-speedrate=\"1\" data-tracks-per-page=\"\" data-pagination_scroll_offset=\"\" data-adaptive-colors=\"\" data-adaptive-colors-freeze=\"\" style=\"opacity:0\"><div class=\"srp_player_boxed srp_player_grid\"><div class=\"album-player sr_waveform_mediaElement\"><div class=\"srp_player_meta\"><\/div><div class=\"srp_control_box\">\n            <div role=\"button\" class=\"srp-play-button play\" aria-label=\"Play\">\n                <i class=\"sricon-play\"><\/i>\n                <div class=\"srp-play-circle\"><\/div>\n            <\/div><div class=\"srp_wave_box\"> <div class=\"player sr_player__inline \"><div class=\"sr_progressbar\">\n                \n            <div class=\"currentTime\">00:00<\/div>\n         \n                <div id=\"arbitrary-instance-69f38a76a7c81-dafed43cfc-wave\" class=\"wave\">\n                 \n        <div class=\"sonaar_fake_wave\" style=\"height:40px\"> \n            <audio src=\"\" class=\"sonaar_media_element\"><\/audio> \n            <div class=\"sonaar_wave_base\"> \n                <canvas id=\"sonaar_wave_base_canvas\" class=\"\" height=\"40\" width=\"2540\"><\/canvas> \n                <svg><\/svg> \n            <\/div> \n            <div class=\"sonaar_wave_cut\"> \n                <canvas id=\"sonaar_wave_cut_canvas\" class=\"\" height=\"40\" width=\"2540\"><\/canvas> \n                <svg><\/svg> \n            <\/div> \n        <\/div> \n                <\/div>\n                \n            <div class=\"totalTime\"><\/div>\n         \n             <\/div><\/div><div class=\"srp_main_control\"><div class=\"control\"><div role=\"button\" class=\"play\" style=\"opacity:0\" aria-label=\"Play\" title=\"\">\n                <i class=\"sricon-play\"><\/i>\n            <\/div><div class=\"srp_track_cta\"><\/div><\/div><\/div><\/div><\/div><\/div><\/div><div class=\"playlist sr_waveform_mediaElement\" id=\"playlist_arbitrary-instance-69f38a76a7c81\"><div class=\"srp_tracklist\"><ul class=\"srp_list\"><li class=\"sr-playlist-item\" data-audiopath=\"https:\/\/mugi.lu\/wp-content\/uploads\/2024\/02\/6_JBG_CNA_AU_CLT_TAPE_07698_01.mp3\" data-showloading=\"1\" data-albumTitle=\"JBG6\" data-albumArt=\"\" data-releasedate=\"\" data-date=\"2024\/02\/23\" data-date-formated=\"23 February 2024\" data-show-date=\"\" data-trackTitle=\"6_JBG_CNA_AU_CLT_TAPE_07698_01\" data-artist=\"\" data-trackID=\"2114\" data-trackTime=\"3:56\" data-relatedTrack=\"\" data-post-url=\"\" data-post-id=\"2207\" data-track-pos=\"0\" data-peakFile=\"https:\/\/mugi.lu\/wp-content\/uploads\/audio_peaks\/2114.peak\" data-peakFile-allow=\"1\" data-is-preview=\"\" data-track-lyric=\"\" data-icecast_json=\"\" data-icecast_mount=\"\"><div class=\"sr-playlist-item-flex\"><span class=\"store-list\"><\/span><\/div><div class=\"srp_track_description\"><\/div><\/li><\/ul><\/div><\/div><div class=\"album-store\"><\/div><\/div>\n        var srp_player_params_69f38a76a7c81 = {&#8220;title&#8221;:&#8221;&#8221;,&#8221;store_title_text&#8221;:&#8221;&#8221;,&#8221;albums&#8221;:&#8221;2207&#8243;,&#8221;hide_artwork&#8221;:&#8221;true&#8221;,&#8221;sticky_player&#8221;:&#8221;&#8221;,&#8221;show_album_market&#8221;:&#8221;1&#8243;,&#8221;show_track_market&#8221;:&#8221;1&#8243;,&#8221;hide_timeline&#8221;:&#8221;&#8221;,&#8221;titletag_soundwave&#8221;:&#8221;div&#8221;,&#8221;titletag_playlist&#8221;:&#8221;h3&#8243;,&#8221;show_playlist&#8221;:&#8221;&#8221;,&#8221;wave_color&#8221;:&#8221;&#8221;,&#8221;wave_progress_color&#8221;:&#8221;&#8221;,&#8221;shuffle&#8221;:&#8221;&#8221;,&#8221;reverse_tracklist&#8221;:&#8221;&#8221;,&#8221;searchbar&#8221;:&#8221;false&#8221;,&#8221;track_desc_lenght&#8221;:&#8221;55&#8243;,&#8221;strip_html_track_desc&#8221;:&#8221;true&#8221;,&#8221;player_layout&#8221;:&#8221;skin_boxed_tracklist&#8221;,&#8221;hide_progressbar&#8221;:&#8221;false&#8221;,&#8221;use_play_label&#8221;:&#8221;false&#8221;,&#8221;use_play_label_with_icon&#8221;:&#8221;true&#8221;,&#8221;orderby&#8221;:&#8221;date&#8221;,&#8221;order&#8221;:&#8221;DESC&#8221;,&#8221;hide_album_title&#8221;:&#8221;true&#8221;,&#8221;hide_album_subtitle&#8221;:&#8221;true&#8221;,&#8221;hide_player_title&#8221;:&#8221;true&#8221;,&#8221;hide_track_title&#8221;:&#8221;true&#8221;,&#8221;show_publish_date&#8221;:&#8221;false&#8221;,&#8221;show_skip_bt&#8221;:&#8221;false&#8221;,&#8221;show_volume_bt&#8221;:&#8221;false&#8221;,&#8221;show_speed_bt&#8221;:&#8221;false&#8221;,&#8221;show_shuffle_bt&#8221;:&#8221;false&#8221;,&#8221;progressbar_inline&#8221;:&#8221;true&#8221;,&#8221;spectro&#8221;:&#8221;&#8221;,&#8221;inline&#8221;:&#8221;false&#8221;,&#8221;main_settings&#8221;:&#8221;||&#8221;} \n        var srp_player_params_args_69f38a76a7c81 = {&#8220;before_widget&#8221;:&#8221;<article id=\"arbitrary-instance-69f38a76a7c81\" class=\"iron_widget_radio srp_player_button\">&#8220;,&#8221;after_widget&#8221;:&#8221;&#8221;,&#8221;before_title&#8221;:&#8221;<span class='heading-t3'><h3 class=\"widgettitle\">&#8220;,&#8221;after_title&#8221;:&#8221;&#8221;,&#8221;widget_id&#8221;:&#8221;arbitrary-instance-69f38a76a7c81&#8243;}  \n        if(typeof setIronAudioplayers !== &#8220;undefined&#8221;){ setIronAudioplayers(&#8220;arbitrary-instance-69f38a76a7c81&#8221;); }<\/article><\/div><\/div>\n\n\n<h5 class=\"wp-block-heading\">Claus Krumlovsky: <em>Sonata for oboe and piano<\/em><\/h5>\n\n\n\n<p>Norbert Mattern (oboe), Jeannette Braun-Giampellegrini (piano)<\/p>\n\n\n\n<p>Recording <em>Radio Luxembourg<\/em>, 14.3.1969<\/p>\n\n\n\n<p>\u00a9 CNA \/ CLT<\/p>\n<\/div>\n<\/div>\n<\/div><\/div>\n\n\n\n<div class=\"wp-block-getwid-content-slider-slide\"><div class=\"wp-block-getwid-content-slider-slide__wrapper\">\n<div class=\"wp-block-columns is-layout-flex wp-container-core-columns-is-layout-9d6595d7 wp-block-columns-is-layout-flex\">\n<div class=\"wp-block-column is-layout-flow wp-block-column-is-layout-flow\"><div id=\"sonaar_music_61\"><div class=\"sonaar_audioplayer_block_cover\"><article id=\"arbitrary-instance-69f38a76a9479\" class=\"iron_widget_radio srp_player_button\"><div class=\"iron-audioplayer  sonaar-no-artwork playlist_has_no_ctas\" id=\"arbitrary-instance-69f38a76a9479-8bb9e31e9f\" data-id=\"arbitrary-instance-69f38a76a9479\" data-track-sw-cursor=\"\" data-lazyload=\"\" data-albums=\"2208\" data-category=\"\" data-url-playlist=\"https:\/\/mugi.lu\/en\/?load=playlist.json&#038;title=&#038;albums=2208&#038;category=&#038;posts_not_in=&#038;category_not_in=&#038;author=&#038;feed_title=&#038;feed=&#038;feed_img=&#038;el_widget_id=&#038;artwork=&#038;posts_per_pages=-1&#038;all_category=&#038;single_playlist=&#038;reverse_tracklist=&#038;audio_meta_field=&#038;repeater_meta_field=&#038;import_file=&#038;rss_items=-1&#038;rss_item_title=&#038;is_favorite=&#038;is_recentlyplayed=&#038;srp_order=date_DESC\" data-sticky-player=\"\" data-shuffle=\"false\" data-playlist_title=\"\" data-scrollbar=\"\" data-wave-color=\"\" data-wave-progress-color=\"\" data-spectro=\"\" data-no-wave=\"\" data-hide-progressbar=\"\" data-notrackskip=\"\" data-no-loop-tracklist=\"\" data-playertemplate=\"skin_boxed_tracklist\" data-hide-artwork=\"1\" data-speedrate=\"1\" data-tracks-per-page=\"\" data-pagination_scroll_offset=\"\" data-adaptive-colors=\"\" data-adaptive-colors-freeze=\"\" style=\"opacity:0\"><div class=\"srp_player_boxed srp_player_grid\"><div class=\"album-player sr_waveform_mediaElement\"><div class=\"srp_player_meta\"><\/div><div class=\"srp_control_box\">\n            <div role=\"button\" class=\"srp-play-button play\" aria-label=\"Play\">\n                <i class=\"sricon-play\"><\/i>\n                <div class=\"srp-play-circle\"><\/div>\n            <\/div><div class=\"srp_wave_box\"> <div class=\"player sr_player__inline \"><div class=\"sr_progressbar\">\n                \n            <div class=\"currentTime\">00:00<\/div>\n         \n                <div id=\"arbitrary-instance-69f38a76a9479-87918a0595-wave\" class=\"wave\">\n                 \n        <div class=\"sonaar_fake_wave\" style=\"height:40px\"> \n            <audio src=\"\" class=\"sonaar_media_element\"><\/audio> \n            <div class=\"sonaar_wave_base\"> \n                <canvas id=\"sonaar_wave_base_canvas\" class=\"\" height=\"40\" width=\"2540\"><\/canvas> \n                <svg><\/svg> \n            <\/div> \n            <div class=\"sonaar_wave_cut\"> \n                <canvas id=\"sonaar_wave_cut_canvas\" class=\"\" height=\"40\" width=\"2540\"><\/canvas> \n                <svg><\/svg> \n            <\/div> \n        <\/div> \n                <\/div>\n                \n            <div class=\"totalTime\"><\/div>\n         \n             <\/div><\/div><div class=\"srp_main_control\"><div class=\"control\"><div role=\"button\" class=\"play\" style=\"opacity:0\" aria-label=\"Play\" title=\"\">\n                <i class=\"sricon-play\"><\/i>\n            <\/div><div class=\"srp_track_cta\"><\/div><\/div><\/div><\/div><\/div><\/div><\/div><div class=\"playlist sr_waveform_mediaElement\" id=\"playlist_arbitrary-instance-69f38a76a9479\"><div class=\"srp_tracklist\"><ul class=\"srp_list\"><li class=\"sr-playlist-item\" data-audiopath=\"https:\/\/mugi.lu\/wp-content\/uploads\/2024\/02\/7_JBG_CNA_AU_CLT_TAPE_09389_01.mp3\" data-showloading=\"1\" data-albumTitle=\"JBG7\" data-albumArt=\"\" data-releasedate=\"\" data-date=\"2024\/02\/23\" data-date-formated=\"23 February 2024\" data-show-date=\"\" data-trackTitle=\"7_JBG_CNA_AU_CLT_TAPE_09389_01\" data-artist=\"\" data-trackID=\"2117\" data-trackTime=\"2:42\" data-relatedTrack=\"\" data-post-url=\"\" data-post-id=\"2208\" data-track-pos=\"0\" data-peakFile=\"https:\/\/mugi.lu\/wp-content\/uploads\/audio_peaks\/2117.peak\" data-peakFile-allow=\"1\" data-is-preview=\"\" data-track-lyric=\"\" data-icecast_json=\"\" data-icecast_mount=\"\"><div class=\"sr-playlist-item-flex\"><span class=\"store-list\"><\/span><\/div><div class=\"srp_track_description\"><\/div><\/li><\/ul><\/div><\/div><div class=\"album-store\"><\/div><\/div>\n        var srp_player_params_69f38a76a9479 = {&#8220;title&#8221;:&#8221;&#8221;,&#8221;store_title_text&#8221;:&#8221;&#8221;,&#8221;albums&#8221;:&#8221;2208&#8243;,&#8221;hide_artwork&#8221;:&#8221;true&#8221;,&#8221;sticky_player&#8221;:&#8221;&#8221;,&#8221;show_album_market&#8221;:&#8221;1&#8243;,&#8221;show_track_market&#8221;:&#8221;1&#8243;,&#8221;hide_timeline&#8221;:&#8221;&#8221;,&#8221;titletag_soundwave&#8221;:&#8221;div&#8221;,&#8221;titletag_playlist&#8221;:&#8221;h3&#8243;,&#8221;show_playlist&#8221;:&#8221;&#8221;,&#8221;wave_color&#8221;:&#8221;&#8221;,&#8221;wave_progress_color&#8221;:&#8221;&#8221;,&#8221;shuffle&#8221;:&#8221;&#8221;,&#8221;reverse_tracklist&#8221;:&#8221;&#8221;,&#8221;searchbar&#8221;:&#8221;false&#8221;,&#8221;track_desc_lenght&#8221;:&#8221;55&#8243;,&#8221;strip_html_track_desc&#8221;:&#8221;true&#8221;,&#8221;player_layout&#8221;:&#8221;skin_boxed_tracklist&#8221;,&#8221;hide_progressbar&#8221;:&#8221;false&#8221;,&#8221;use_play_label&#8221;:&#8221;false&#8221;,&#8221;use_play_label_with_icon&#8221;:&#8221;true&#8221;,&#8221;orderby&#8221;:&#8221;date&#8221;,&#8221;order&#8221;:&#8221;DESC&#8221;,&#8221;hide_album_title&#8221;:&#8221;true&#8221;,&#8221;hide_album_subtitle&#8221;:&#8221;true&#8221;,&#8221;hide_player_title&#8221;:&#8221;true&#8221;,&#8221;hide_track_title&#8221;:&#8221;true&#8221;,&#8221;show_publish_date&#8221;:&#8221;false&#8221;,&#8221;show_skip_bt&#8221;:&#8221;false&#8221;,&#8221;show_volume_bt&#8221;:&#8221;false&#8221;,&#8221;show_speed_bt&#8221;:&#8221;false&#8221;,&#8221;show_shuffle_bt&#8221;:&#8221;false&#8221;,&#8221;progressbar_inline&#8221;:&#8221;true&#8221;,&#8221;spectro&#8221;:&#8221;&#8221;,&#8221;inline&#8221;:&#8221;false&#8221;,&#8221;main_settings&#8221;:&#8221;||&#8221;} \n        var srp_player_params_args_69f38a76a9479 = {&#8220;before_widget&#8221;:&#8221;<article id=\"arbitrary-instance-69f38a76a9479\" class=\"iron_widget_radio srp_player_button\">&#8220;,&#8221;after_widget&#8221;:&#8221;&#8221;,&#8221;before_title&#8221;:&#8221;<span class='heading-t3'><h3 class=\"widgettitle\">&#8220;,&#8221;after_title&#8221;:&#8221;&#8221;,&#8221;widget_id&#8221;:&#8221;arbitrary-instance-69f38a76a9479&#8243;}  \n        if(typeof setIronAudioplayers !== &#8220;undefined&#8221;){ setIronAudioplayers(&#8220;arbitrary-instance-69f38a76a9479&#8221;); }<\/article><\/div><\/div>\n\n\n<h5 class=\"wp-block-heading\">Henri Pensis: <em>Idylle<\/em>, text by Carlo Zimmer<\/h5>\n\n\n\n<p>Venant Arend (tenor), Jeannette Braun-Giampellegrini (piano)<\/p>\n\n\n\n<p>Recording <em>Radio Luxembourg<\/em>, 29.1.1971<\/p>\n\n\n\n<p>\u00a9 CNA \/ CLT<\/p>\n<\/div>\n\n\n\n<div class=\"wp-block-column is-layout-flow wp-block-column-is-layout-flow\"><div id=\"sonaar_music_64\"><div class=\"sonaar_audioplayer_block_cover\"><article id=\"arbitrary-instance-69f38a76ab6ca\" class=\"iron_widget_radio srp_player_button\"><div class=\"iron-audioplayer  sonaar-no-artwork playlist_has_no_ctas\" id=\"arbitrary-instance-69f38a76ab6ca-b7b8203998\" data-id=\"arbitrary-instance-69f38a76ab6ca\" data-track-sw-cursor=\"\" data-lazyload=\"\" data-albums=\"2209\" data-category=\"\" data-url-playlist=\"https:\/\/mugi.lu\/en\/?load=playlist.json&#038;title=&#038;albums=2209&#038;category=&#038;posts_not_in=&#038;category_not_in=&#038;author=&#038;feed_title=&#038;feed=&#038;feed_img=&#038;el_widget_id=&#038;artwork=&#038;posts_per_pages=-1&#038;all_category=&#038;single_playlist=&#038;reverse_tracklist=&#038;audio_meta_field=&#038;repeater_meta_field=&#038;import_file=&#038;rss_items=-1&#038;rss_item_title=&#038;is_favorite=&#038;is_recentlyplayed=&#038;srp_order=date_DESC\" data-sticky-player=\"\" data-shuffle=\"false\" data-playlist_title=\"\" data-scrollbar=\"\" data-wave-color=\"\" data-wave-progress-color=\"\" data-spectro=\"\" data-no-wave=\"\" data-hide-progressbar=\"\" data-notrackskip=\"\" data-no-loop-tracklist=\"\" data-playertemplate=\"skin_boxed_tracklist\" data-hide-artwork=\"1\" data-speedrate=\"1\" data-tracks-per-page=\"\" data-pagination_scroll_offset=\"\" data-adaptive-colors=\"\" data-adaptive-colors-freeze=\"\" style=\"opacity:0\"><div class=\"srp_player_boxed srp_player_grid\"><div class=\"album-player sr_waveform_mediaElement\"><div class=\"srp_player_meta\"><\/div><div class=\"srp_control_box\">\n            <div role=\"button\" class=\"srp-play-button play\" aria-label=\"Play\">\n                <i class=\"sricon-play\"><\/i>\n                <div class=\"srp-play-circle\"><\/div>\n            <\/div><div class=\"srp_wave_box\"> <div class=\"player sr_player__inline \"><div class=\"sr_progressbar\">\n                \n            <div class=\"currentTime\">00:00<\/div>\n         \n                <div id=\"arbitrary-instance-69f38a76ab6ca-b937e65140-wave\" class=\"wave\">\n                 \n        <div class=\"sonaar_fake_wave\" style=\"height:40px\"> \n            <audio src=\"\" class=\"sonaar_media_element\"><\/audio> \n            <div class=\"sonaar_wave_base\"> \n                <canvas id=\"sonaar_wave_base_canvas\" class=\"\" height=\"40\" width=\"2540\"><\/canvas> \n                <svg><\/svg> \n            <\/div> \n            <div class=\"sonaar_wave_cut\"> \n                <canvas id=\"sonaar_wave_cut_canvas\" class=\"\" height=\"40\" width=\"2540\"><\/canvas> \n                <svg><\/svg> \n            <\/div> \n        <\/div> \n                <\/div>\n                \n            <div class=\"totalTime\"><\/div>\n         \n             <\/div><\/div><div class=\"srp_main_control\"><div class=\"control\"><div role=\"button\" class=\"play\" style=\"opacity:0\" aria-label=\"Play\" title=\"\">\n                <i class=\"sricon-play\"><\/i>\n            <\/div><div class=\"srp_track_cta\"><\/div><\/div><\/div><\/div><\/div><\/div><\/div><div class=\"playlist sr_waveform_mediaElement\" id=\"playlist_arbitrary-instance-69f38a76ab6ca\"><div class=\"srp_tracklist\"><ul class=\"srp_list\"><li class=\"sr-playlist-item\" data-audiopath=\"https:\/\/mugi.lu\/wp-content\/uploads\/2024\/02\/8_JBG_CNA_AU_CLT_TAPE_14036_01.mp3\" data-showloading=\"1\" data-albumTitle=\"JBG8\" data-albumArt=\"\" data-releasedate=\"\" data-date=\"2024\/02\/23\" data-date-formated=\"23 February 2024\" data-show-date=\"\" data-trackTitle=\"8_JBG_CNA_AU_CLT_TAPE_14036_01\" data-artist=\"\" data-trackID=\"2120\" data-trackTime=\"2:17\" data-relatedTrack=\"\" data-post-url=\"\" data-post-id=\"2209\" data-track-pos=\"0\" data-peakFile=\"https:\/\/mugi.lu\/wp-content\/uploads\/audio_peaks\/2120.peak\" data-peakFile-allow=\"1\" data-is-preview=\"\" data-track-lyric=\"\" data-icecast_json=\"\" data-icecast_mount=\"\"><div class=\"sr-playlist-item-flex\"><span class=\"store-list\"><\/span><\/div><div class=\"srp_track_description\"><\/div><\/li><\/ul><\/div><\/div><div class=\"album-store\"><\/div><\/div>\n        var srp_player_params_69f38a76ab6ca = {&#8220;title&#8221;:&#8221;&#8221;,&#8221;store_title_text&#8221;:&#8221;&#8221;,&#8221;albums&#8221;:&#8221;2209&#8243;,&#8221;hide_artwork&#8221;:&#8221;true&#8221;,&#8221;sticky_player&#8221;:&#8221;&#8221;,&#8221;show_album_market&#8221;:&#8221;1&#8243;,&#8221;show_track_market&#8221;:&#8221;1&#8243;,&#8221;hide_timeline&#8221;:&#8221;&#8221;,&#8221;titletag_soundwave&#8221;:&#8221;div&#8221;,&#8221;titletag_playlist&#8221;:&#8221;h3&#8243;,&#8221;show_playlist&#8221;:&#8221;&#8221;,&#8221;wave_color&#8221;:&#8221;&#8221;,&#8221;wave_progress_color&#8221;:&#8221;&#8221;,&#8221;shuffle&#8221;:&#8221;&#8221;,&#8221;reverse_tracklist&#8221;:&#8221;&#8221;,&#8221;searchbar&#8221;:&#8221;false&#8221;,&#8221;track_desc_lenght&#8221;:&#8221;55&#8243;,&#8221;strip_html_track_desc&#8221;:&#8221;true&#8221;,&#8221;player_layout&#8221;:&#8221;skin_boxed_tracklist&#8221;,&#8221;hide_progressbar&#8221;:&#8221;false&#8221;,&#8221;use_play_label&#8221;:&#8221;false&#8221;,&#8221;use_play_label_with_icon&#8221;:&#8221;true&#8221;,&#8221;orderby&#8221;:&#8221;date&#8221;,&#8221;order&#8221;:&#8221;DESC&#8221;,&#8221;hide_album_title&#8221;:&#8221;true&#8221;,&#8221;hide_album_subtitle&#8221;:&#8221;true&#8221;,&#8221;hide_player_title&#8221;:&#8221;true&#8221;,&#8221;hide_track_title&#8221;:&#8221;true&#8221;,&#8221;show_publish_date&#8221;:&#8221;false&#8221;,&#8221;show_skip_bt&#8221;:&#8221;false&#8221;,&#8221;show_volume_bt&#8221;:&#8221;false&#8221;,&#8221;show_speed_bt&#8221;:&#8221;false&#8221;,&#8221;show_shuffle_bt&#8221;:&#8221;false&#8221;,&#8221;progressbar_inline&#8221;:&#8221;true&#8221;,&#8221;spectro&#8221;:&#8221;&#8221;,&#8221;inline&#8221;:&#8221;false&#8221;,&#8221;main_settings&#8221;:&#8221;||&#8221;} \n        var srp_player_params_args_69f38a76ab6ca = {&#8220;before_widget&#8221;:&#8221;<article id=\"arbitrary-instance-69f38a76ab6ca\" class=\"iron_widget_radio srp_player_button\">&#8220;,&#8221;after_widget&#8221;:&#8221;&#8221;,&#8221;before_title&#8221;:&#8221;<span class='heading-t3'><h3 class=\"widgettitle\">&#8220;,&#8221;after_title&#8221;:&#8221;&#8221;,&#8221;widget_id&#8221;:&#8221;arbitrary-instance-69f38a76ab6ca&#8221;}  \n        if(typeof setIronAudioplayers !== &#8220;undefined&#8221;){ setIronAudioplayers(&#8220;arbitrary-instance-69f38a76ab6ca&#8221;); }<\/article><\/div><\/div>\n\n\n<h5 class=\"wp-block-heading\">Claus Krumlovsky: <em>Vif<\/em>, third movement of the <em>Sonatina for Trumpet, bass clarinet and piano<\/em><\/h5>\n\n\n\n<p>Lucien Lauer (trumpet), Marcel Heinen (bass clarinet), Jeannette Braun-Giampellegrini (piano)<\/p>\n\n\n\n<p>Recording <em>Radio Luxembourg<\/em>, 12.2.1973<\/p>\n\n\n\n<p>\u00a9 CNA \/ CLT<\/p>\n<\/div>\n<\/div>\n<\/div><\/div>\n\n\n\n<div class=\"wp-block-getwid-content-slider-slide\"><div class=\"wp-block-getwid-content-slider-slide__wrapper\">\n<div class=\"wp-block-columns is-layout-flex wp-container-core-columns-is-layout-9d6595d7 wp-block-columns-is-layout-flex\">\n<div class=\"wp-block-column is-layout-flow wp-block-column-is-layout-flow\"><div id=\"sonaar_music_70\"><div class=\"sonaar_audioplayer_block_cover\"><article id=\"arbitrary-instance-69f38a76acde8\" class=\"iron_widget_radio srp_player_button\"><div class=\"iron-audioplayer  sonaar-no-artwork playlist_has_no_ctas\" id=\"arbitrary-instance-69f38a76acde8-9fc82b3d27\" data-id=\"arbitrary-instance-69f38a76acde8\" data-track-sw-cursor=\"\" data-lazyload=\"\" data-albums=\"2210\" data-category=\"\" data-url-playlist=\"https:\/\/mugi.lu\/en\/?load=playlist.json&#038;title=&#038;albums=2210&#038;category=&#038;posts_not_in=&#038;category_not_in=&#038;author=&#038;feed_title=&#038;feed=&#038;feed_img=&#038;el_widget_id=&#038;artwork=&#038;posts_per_pages=-1&#038;all_category=&#038;single_playlist=&#038;reverse_tracklist=&#038;audio_meta_field=&#038;repeater_meta_field=&#038;import_file=&#038;rss_items=-1&#038;rss_item_title=&#038;is_favorite=&#038;is_recentlyplayed=&#038;srp_order=date_DESC\" data-sticky-player=\"\" data-shuffle=\"false\" data-playlist_title=\"\" data-scrollbar=\"\" data-wave-color=\"\" data-wave-progress-color=\"\" data-spectro=\"\" data-no-wave=\"\" data-hide-progressbar=\"\" data-notrackskip=\"\" data-no-loop-tracklist=\"\" data-playertemplate=\"skin_boxed_tracklist\" data-hide-artwork=\"1\" data-speedrate=\"1\" data-tracks-per-page=\"\" data-pagination_scroll_offset=\"\" data-adaptive-colors=\"\" data-adaptive-colors-freeze=\"\" style=\"opacity:0\"><div class=\"srp_player_boxed srp_player_grid\"><div class=\"album-player sr_waveform_mediaElement\"><div class=\"srp_player_meta\"><\/div><div class=\"srp_control_box\">\n            <div role=\"button\" class=\"srp-play-button play\" aria-label=\"Play\">\n                <i class=\"sricon-play\"><\/i>\n                <div class=\"srp-play-circle\"><\/div>\n            <\/div><div class=\"srp_wave_box\"> <div class=\"player sr_player__inline \"><div class=\"sr_progressbar\">\n                \n            <div class=\"currentTime\">00:00<\/div>\n         \n                <div id=\"arbitrary-instance-69f38a76acde8-0d45f235cf-wave\" class=\"wave\">\n                 \n        <div class=\"sonaar_fake_wave\" style=\"height:40px\"> \n            <audio src=\"\" class=\"sonaar_media_element\"><\/audio> \n            <div class=\"sonaar_wave_base\"> \n                <canvas id=\"sonaar_wave_base_canvas\" class=\"\" height=\"40\" width=\"2540\"><\/canvas> \n                <svg><\/svg> \n            <\/div> \n            <div class=\"sonaar_wave_cut\"> \n                <canvas id=\"sonaar_wave_cut_canvas\" class=\"\" height=\"40\" width=\"2540\"><\/canvas> \n                <svg><\/svg> \n            <\/div> \n        <\/div> \n                <\/div>\n                \n            <div class=\"totalTime\"><\/div>\n         \n             <\/div><\/div><div class=\"srp_main_control\"><div class=\"control\"><div role=\"button\" class=\"play\" style=\"opacity:0\" aria-label=\"Play\" title=\"\">\n                <i class=\"sricon-play\"><\/i>\n            <\/div><div class=\"srp_track_cta\"><\/div><\/div><\/div><\/div><\/div><\/div><\/div><div class=\"playlist sr_waveform_mediaElement\" id=\"playlist_arbitrary-instance-69f38a76acde8\"><div class=\"srp_tracklist\"><ul class=\"srp_list\"><li class=\"sr-playlist-item\" data-audiopath=\"https:\/\/mugi.lu\/wp-content\/uploads\/2024\/02\/9_JBG_CNA_AU_CLT_TAPE_09564_01.mp3\" data-showloading=\"1\" data-albumTitle=\"JBG9\" data-albumArt=\"\" data-releasedate=\"\" data-date=\"2024\/02\/23\" data-date-formated=\"23 February 2024\" data-show-date=\"\" data-trackTitle=\"9_JBG_CNA_AU_CLT_TAPE_09564_01\" data-artist=\"\" data-trackID=\"2123\" data-trackTime=\"5:34\" data-relatedTrack=\"\" data-post-url=\"\" data-post-id=\"2210\" data-track-pos=\"0\" data-peakFile=\"https:\/\/mugi.lu\/wp-content\/uploads\/audio_peaks\/2123.peak\" data-peakFile-allow=\"1\" data-is-preview=\"\" data-track-lyric=\"\" data-icecast_json=\"\" data-icecast_mount=\"\"><div class=\"sr-playlist-item-flex\"><span class=\"store-list\"><\/span><\/div><div class=\"srp_track_description\"><\/div><\/li><\/ul><\/div><\/div><div class=\"album-store\"><\/div><\/div>\n        var srp_player_params_69f38a76acde8 = {&#8220;title&#8221;:&#8221;&#8221;,&#8221;store_title_text&#8221;:&#8221;&#8221;,&#8221;albums&#8221;:&#8221;2210&#8243;,&#8221;hide_artwork&#8221;:&#8221;true&#8221;,&#8221;sticky_player&#8221;:&#8221;&#8221;,&#8221;show_album_market&#8221;:&#8221;1&#8243;,&#8221;show_track_market&#8221;:&#8221;1&#8243;,&#8221;hide_timeline&#8221;:&#8221;&#8221;,&#8221;titletag_soundwave&#8221;:&#8221;div&#8221;,&#8221;titletag_playlist&#8221;:&#8221;h3&#8243;,&#8221;show_playlist&#8221;:&#8221;&#8221;,&#8221;wave_color&#8221;:&#8221;&#8221;,&#8221;wave_progress_color&#8221;:&#8221;&#8221;,&#8221;shuffle&#8221;:&#8221;&#8221;,&#8221;reverse_tracklist&#8221;:&#8221;&#8221;,&#8221;searchbar&#8221;:&#8221;false&#8221;,&#8221;track_desc_lenght&#8221;:&#8221;55&#8243;,&#8221;strip_html_track_desc&#8221;:&#8221;true&#8221;,&#8221;player_layout&#8221;:&#8221;skin_boxed_tracklist&#8221;,&#8221;hide_progressbar&#8221;:&#8221;false&#8221;,&#8221;use_play_label&#8221;:&#8221;false&#8221;,&#8221;use_play_label_with_icon&#8221;:&#8221;true&#8221;,&#8221;orderby&#8221;:&#8221;date&#8221;,&#8221;order&#8221;:&#8221;DESC&#8221;,&#8221;hide_album_title&#8221;:&#8221;true&#8221;,&#8221;hide_album_subtitle&#8221;:&#8221;true&#8221;,&#8221;hide_player_title&#8221;:&#8221;true&#8221;,&#8221;hide_track_title&#8221;:&#8221;true&#8221;,&#8221;show_publish_date&#8221;:&#8221;false&#8221;,&#8221;show_skip_bt&#8221;:&#8221;false&#8221;,&#8221;show_volume_bt&#8221;:&#8221;false&#8221;,&#8221;show_speed_bt&#8221;:&#8221;false&#8221;,&#8221;show_shuffle_bt&#8221;:&#8221;false&#8221;,&#8221;progressbar_inline&#8221;:&#8221;true&#8221;,&#8221;spectro&#8221;:&#8221;&#8221;,&#8221;inline&#8221;:&#8221;false&#8221;,&#8221;main_settings&#8221;:&#8221;||&#8221;} \n        var srp_player_params_args_69f38a76acde8 = {&#8220;before_widget&#8221;:&#8221;<article id=\"arbitrary-instance-69f38a76acde8\" class=\"iron_widget_radio srp_player_button\">&#8220;,&#8221;after_widget&#8221;:&#8221;&#8221;,&#8221;before_title&#8221;:&#8221;<span class='heading-t3'><h3 class=\"widgettitle\">&#8220;,&#8221;after_title&#8221;:&#8221;&#8221;,&#8221;widget_id&#8221;:&#8221;arbitrary-instance-69f38a76acde8&#8243;}  \n        if(typeof setIronAudioplayers !== &#8220;undefined&#8221;){ setIronAudioplayers(&#8220;arbitrary-instance-69f38a76acde8&#8221;); }<\/article><\/div><\/div>\n\n\n<h5 class=\"wp-block-heading\">Jean Fran\u00e7aix: <em>Scherzando<\/em>, second movement of the <em>Concerto for<\/em> <em>clarinet<\/em> (1967)<\/h5>\n\n\n\n<p>Fernand Michaux (clarinet), Jeannette Braun-Giampellegrini (piano)<\/p>\n\n\n\n<p>Recording <em>Radio Luxembourg<\/em>, 22.10.1973<\/p>\n\n\n\n<p>\u00a9 CNA \/ CLT<\/p>\n<\/div>\n\n\n\n<div class=\"wp-block-column is-layout-flow wp-block-column-is-layout-flow\"><div id=\"sonaar_music_73\"><div class=\"sonaar_audioplayer_block_cover\"><article id=\"arbitrary-instance-69f38a76ae5b5\" class=\"iron_widget_radio srp_player_button\"><div class=\"iron-audioplayer  sonaar-no-artwork playlist_has_no_ctas\" id=\"arbitrary-instance-69f38a76ae5b5-7a8f260144\" data-id=\"arbitrary-instance-69f38a76ae5b5\" data-track-sw-cursor=\"\" data-lazyload=\"\" data-albums=\"2211\" data-category=\"\" data-url-playlist=\"https:\/\/mugi.lu\/en\/?load=playlist.json&#038;title=&#038;albums=2211&#038;category=&#038;posts_not_in=&#038;category_not_in=&#038;author=&#038;feed_title=&#038;feed=&#038;feed_img=&#038;el_widget_id=&#038;artwork=&#038;posts_per_pages=-1&#038;all_category=&#038;single_playlist=&#038;reverse_tracklist=&#038;audio_meta_field=&#038;repeater_meta_field=&#038;import_file=&#038;rss_items=-1&#038;rss_item_title=&#038;is_favorite=&#038;is_recentlyplayed=&#038;srp_order=date_DESC\" data-sticky-player=\"\" data-shuffle=\"false\" data-playlist_title=\"\" data-scrollbar=\"\" data-wave-color=\"\" data-wave-progress-color=\"\" data-spectro=\"\" data-no-wave=\"\" data-hide-progressbar=\"\" data-notrackskip=\"\" data-no-loop-tracklist=\"\" data-playertemplate=\"skin_boxed_tracklist\" data-hide-artwork=\"1\" data-speedrate=\"1\" data-tracks-per-page=\"\" data-pagination_scroll_offset=\"\" data-adaptive-colors=\"\" data-adaptive-colors-freeze=\"\" style=\"opacity:0\"><div class=\"srp_player_boxed srp_player_grid\"><div class=\"album-player sr_waveform_mediaElement\"><div class=\"srp_player_meta\"><\/div><div class=\"srp_control_box\">\n            <div role=\"button\" class=\"srp-play-button play\" aria-label=\"Play\">\n                <i class=\"sricon-play\"><\/i>\n                <div class=\"srp-play-circle\"><\/div>\n            <\/div><div class=\"srp_wave_box\"> <div class=\"player sr_player__inline \"><div class=\"sr_progressbar\">\n                \n            <div class=\"currentTime\">00:00<\/div>\n         \n                <div id=\"arbitrary-instance-69f38a76ae5b5-1e3216916c-wave\" class=\"wave\">\n                 \n        <div class=\"sonaar_fake_wave\" style=\"height:40px\"> \n            <audio src=\"\" class=\"sonaar_media_element\"><\/audio> \n            <div class=\"sonaar_wave_base\"> \n                <canvas id=\"sonaar_wave_base_canvas\" class=\"\" height=\"40\" width=\"2540\"><\/canvas> \n                <svg><\/svg> \n            <\/div> \n            <div class=\"sonaar_wave_cut\"> \n                <canvas id=\"sonaar_wave_cut_canvas\" class=\"\" height=\"40\" width=\"2540\"><\/canvas> \n                <svg><\/svg> \n            <\/div> \n        <\/div> \n                <\/div>\n                \n            <div class=\"totalTime\"><\/div>\n         \n             <\/div><\/div><div class=\"srp_main_control\"><div class=\"control\"><div role=\"button\" class=\"play\" style=\"opacity:0\" aria-label=\"Play\" title=\"\">\n                <i class=\"sricon-play\"><\/i>\n            <\/div><div class=\"srp_track_cta\"><\/div><\/div><\/div><\/div><\/div><\/div><\/div><div class=\"playlist sr_waveform_mediaElement\" id=\"playlist_arbitrary-instance-69f38a76ae5b5\"><div class=\"srp_tracklist\"><ul class=\"srp_list\"><li class=\"sr-playlist-item\" data-audiopath=\"https:\/\/mugi.lu\/wp-content\/uploads\/2024\/02\/10_JBG_CNA_AU_CLT_TAPE_14712_01.mp3\" data-showloading=\"1\" data-albumTitle=\"JBG10\" data-albumArt=\"\" data-releasedate=\"\" data-date=\"2024\/02\/23\" data-date-formated=\"23 February 2024\" data-show-date=\"\" data-trackTitle=\"10_JBG_CNA_AU_CLT_TAPE_14712_01\" data-artist=\"\" data-trackID=\"2126\" data-trackTime=\"2:02\" data-relatedTrack=\"\" data-post-url=\"\" data-post-id=\"2211\" data-track-pos=\"0\" data-peakFile=\"https:\/\/mugi.lu\/wp-content\/uploads\/audio_peaks\/2126.peak\" data-peakFile-allow=\"1\" data-is-preview=\"\" data-track-lyric=\"\" data-icecast_json=\"\" data-icecast_mount=\"\"><div class=\"sr-playlist-item-flex\"><span class=\"store-list\"><\/span><\/div><div class=\"srp_track_description\"><\/div><\/li><\/ul><\/div><\/div><div class=\"album-store\"><\/div><\/div>\n        var srp_player_params_69f38a76ae5b5 = {&#8220;title&#8221;:&#8221;&#8221;,&#8221;store_title_text&#8221;:&#8221;&#8221;,&#8221;albums&#8221;:&#8221;2211&#8243;,&#8221;hide_artwork&#8221;:&#8221;true&#8221;,&#8221;sticky_player&#8221;:&#8221;&#8221;,&#8221;show_album_market&#8221;:&#8221;1&#8243;,&#8221;show_track_market&#8221;:&#8221;1&#8243;,&#8221;hide_timeline&#8221;:&#8221;&#8221;,&#8221;titletag_soundwave&#8221;:&#8221;div&#8221;,&#8221;titletag_playlist&#8221;:&#8221;h3&#8243;,&#8221;show_playlist&#8221;:&#8221;&#8221;,&#8221;wave_color&#8221;:&#8221;&#8221;,&#8221;wave_progress_color&#8221;:&#8221;&#8221;,&#8221;shuffle&#8221;:&#8221;&#8221;,&#8221;reverse_tracklist&#8221;:&#8221;&#8221;,&#8221;searchbar&#8221;:&#8221;false&#8221;,&#8221;track_desc_lenght&#8221;:&#8221;55&#8243;,&#8221;strip_html_track_desc&#8221;:&#8221;true&#8221;,&#8221;player_layout&#8221;:&#8221;skin_boxed_tracklist&#8221;,&#8221;hide_progressbar&#8221;:&#8221;false&#8221;,&#8221;use_play_label&#8221;:&#8221;false&#8221;,&#8221;use_play_label_with_icon&#8221;:&#8221;true&#8221;,&#8221;orderby&#8221;:&#8221;date&#8221;,&#8221;order&#8221;:&#8221;DESC&#8221;,&#8221;hide_album_title&#8221;:&#8221;true&#8221;,&#8221;hide_album_subtitle&#8221;:&#8221;true&#8221;,&#8221;hide_player_title&#8221;:&#8221;true&#8221;,&#8221;hide_track_title&#8221;:&#8221;true&#8221;,&#8221;show_publish_date&#8221;:&#8221;false&#8221;,&#8221;show_skip_bt&#8221;:&#8221;false&#8221;,&#8221;show_volume_bt&#8221;:&#8221;false&#8221;,&#8221;show_speed_bt&#8221;:&#8221;false&#8221;,&#8221;show_shuffle_bt&#8221;:&#8221;false&#8221;,&#8221;progressbar_inline&#8221;:&#8221;true&#8221;,&#8221;spectro&#8221;:&#8221;&#8221;,&#8221;inline&#8221;:&#8221;false&#8221;,&#8221;main_settings&#8221;:&#8221;||&#8221;} \n        var srp_player_params_args_69f38a76ae5b5 = {&#8220;before_widget&#8221;:&#8221;<article id=\"arbitrary-instance-69f38a76ae5b5\" class=\"iron_widget_radio srp_player_button\">&#8220;,&#8221;after_widget&#8221;:&#8221;&#8221;,&#8221;before_title&#8221;:&#8221;<span class='heading-t3'><h3 class=\"widgettitle\">&#8220;,&#8221;after_title&#8221;:&#8221;&#8221;,&#8221;widget_id&#8221;:&#8221;arbitrary-instance-69f38a76ae5b5&#8243;}  \n        if(typeof setIronAudioplayers !== &#8220;undefined&#8221;){ setIronAudioplayers(&#8220;arbitrary-instance-69f38a76ae5b5&#8221;); }<\/article><\/div><\/div>\n\n\n<h5 class=\"wp-block-heading\">Lou Koster:<em> <em>Wenn der Mond die H\u00fcgel verbrennt<\/em> <\/em>(in: <em><em>Hochsommer:<\/em> Two songs <\/em>on texts by Anise Koltz)<\/h5>\n\n\n\n<p>B\u00e9by Kohl-Thommes (soprano), Jeannette Braun-Giampellegrini (piano)<\/p>\n\n\n\n<p>Recording <em>Radio Luxembourg<\/em>, 30.5.1979<\/p>\n\n\n\n<p>\u00a9 CNA \/ CLT<\/p>\n<\/div>\n<\/div>\n<\/div><\/div>\n\n\n\n<div class=\"wp-block-getwid-content-slider-slide\"><div class=\"wp-block-getwid-content-slider-slide__wrapper\">\n<div class=\"wp-block-columns is-layout-flex wp-container-core-columns-is-layout-9d6595d7 wp-block-columns-is-layout-flex\">\n<div class=\"wp-block-column is-layout-flow wp-block-column-is-layout-flow\"><div id=\"sonaar_music_13\"><div class=\"sonaar_audioplayer_block_cover\"><article id=\"arbitrary-instance-69f38a76b01ee\" class=\"iron_widget_radio srp_player_button\"><div class=\"iron-audioplayer  sonaar-no-artwork playlist_has_no_ctas\" id=\"arbitrary-instance-69f38a76b01ee-7f3785494f\" data-id=\"arbitrary-instance-69f38a76b01ee\" data-track-sw-cursor=\"\" data-lazyload=\"\" data-albums=\"2212\" data-category=\"\" data-url-playlist=\"https:\/\/mugi.lu\/en\/?load=playlist.json&#038;title=&#038;albums=2212&#038;category=&#038;posts_not_in=&#038;category_not_in=&#038;author=&#038;feed_title=&#038;feed=&#038;feed_img=&#038;el_widget_id=&#038;artwork=&#038;posts_per_pages=-1&#038;all_category=&#038;single_playlist=&#038;reverse_tracklist=&#038;audio_meta_field=&#038;repeater_meta_field=&#038;import_file=&#038;rss_items=-1&#038;rss_item_title=&#038;is_favorite=&#038;is_recentlyplayed=&#038;srp_order=date_DESC\" data-sticky-player=\"\" data-shuffle=\"false\" data-playlist_title=\"\" data-scrollbar=\"\" data-wave-color=\"\" data-wave-progress-color=\"\" data-spectro=\"\" data-no-wave=\"\" data-hide-progressbar=\"\" data-notrackskip=\"\" data-no-loop-tracklist=\"\" data-playertemplate=\"skin_boxed_tracklist\" data-hide-artwork=\"1\" data-speedrate=\"1\" data-tracks-per-page=\"\" data-pagination_scroll_offset=\"\" data-adaptive-colors=\"\" data-adaptive-colors-freeze=\"\" style=\"opacity:0\"><div class=\"srp_player_boxed srp_player_grid\"><div class=\"album-player sr_waveform_mediaElement\"><div class=\"srp_player_meta\"><\/div><div class=\"srp_control_box\">\n            <div role=\"button\" class=\"srp-play-button play\" aria-label=\"Play\">\n                <i class=\"sricon-play\"><\/i>\n                <div class=\"srp-play-circle\"><\/div>\n            <\/div><div class=\"srp_wave_box\"> <div class=\"player sr_player__inline \"><div class=\"sr_progressbar\">\n                \n            <div class=\"currentTime\">00:00<\/div>\n         \n                <div id=\"arbitrary-instance-69f38a76b01ee-75c7712fe8-wave\" class=\"wave\">\n                 \n        <div class=\"sonaar_fake_wave\" style=\"height:40px\"> \n            <audio src=\"\" class=\"sonaar_media_element\"><\/audio> \n            <div class=\"sonaar_wave_base\"> \n                <canvas id=\"sonaar_wave_base_canvas\" class=\"\" height=\"40\" width=\"2540\"><\/canvas> \n                <svg><\/svg> \n            <\/div> \n            <div class=\"sonaar_wave_cut\"> \n                <canvas id=\"sonaar_wave_cut_canvas\" class=\"\" height=\"40\" width=\"2540\"><\/canvas> \n                <svg><\/svg> \n            <\/div> \n        <\/div> \n                <\/div>\n                \n            <div class=\"totalTime\"><\/div>\n         \n             <\/div><\/div><div class=\"srp_main_control\"><div class=\"control\"><div role=\"button\" class=\"play\" style=\"opacity:0\" aria-label=\"Play\" title=\"\">\n                <i class=\"sricon-play\"><\/i>\n            <\/div><div class=\"srp_track_cta\"><\/div><\/div><\/div><\/div><\/div><\/div><\/div><div class=\"playlist sr_waveform_mediaElement\" id=\"playlist_arbitrary-instance-69f38a76b01ee\"><div class=\"srp_tracklist\"><ul class=\"srp_list\"><li class=\"sr-playlist-item\" data-audiopath=\"https:\/\/mugi.lu\/wp-content\/uploads\/2024\/02\/11_JBG_CNA_AU_CLT_TAPE_15318_01.mp3\" data-showloading=\"1\" data-albumTitle=\"JBG11\" data-albumArt=\"\" data-releasedate=\"\" data-date=\"2024\/02\/23\" data-date-formated=\"23 February 2024\" data-show-date=\"\" data-trackTitle=\"11_JBG_CNA_AU_CLT_TAPE_15318_01\" data-artist=\"\" data-trackID=\"2129\" data-trackTime=\"3:26\" data-relatedTrack=\"\" data-post-url=\"\" data-post-id=\"2212\" data-track-pos=\"0\" data-peakFile=\"https:\/\/mugi.lu\/wp-content\/uploads\/audio_peaks\/2129.peak\" data-peakFile-allow=\"1\" data-is-preview=\"\" data-track-lyric=\"\" data-icecast_json=\"\" data-icecast_mount=\"\"><div class=\"sr-playlist-item-flex\"><span class=\"store-list\"><\/span><\/div><div class=\"srp_track_description\"><\/div><\/li><\/ul><\/div><\/div><div class=\"album-store\"><\/div><\/div>\n        var srp_player_params_69f38a76b01ee = {&#8220;title&#8221;:&#8221;&#8221;,&#8221;store_title_text&#8221;:&#8221;&#8221;,&#8221;albums&#8221;:&#8221;2212&#8243;,&#8221;hide_artwork&#8221;:&#8221;true&#8221;,&#8221;sticky_player&#8221;:&#8221;&#8221;,&#8221;show_album_market&#8221;:&#8221;1&#8243;,&#8221;show_track_market&#8221;:&#8221;1&#8243;,&#8221;hide_timeline&#8221;:&#8221;&#8221;,&#8221;titletag_soundwave&#8221;:&#8221;div&#8221;,&#8221;titletag_playlist&#8221;:&#8221;h3&#8243;,&#8221;show_playlist&#8221;:&#8221;&#8221;,&#8221;wave_color&#8221;:&#8221;&#8221;,&#8221;wave_progress_color&#8221;:&#8221;&#8221;,&#8221;shuffle&#8221;:&#8221;&#8221;,&#8221;reverse_tracklist&#8221;:&#8221;&#8221;,&#8221;searchbar&#8221;:&#8221;false&#8221;,&#8221;track_desc_lenght&#8221;:&#8221;55&#8243;,&#8221;strip_html_track_desc&#8221;:&#8221;true&#8221;,&#8221;player_layout&#8221;:&#8221;skin_boxed_tracklist&#8221;,&#8221;hide_progressbar&#8221;:&#8221;false&#8221;,&#8221;use_play_label&#8221;:&#8221;false&#8221;,&#8221;use_play_label_with_icon&#8221;:&#8221;true&#8221;,&#8221;orderby&#8221;:&#8221;date&#8221;,&#8221;order&#8221;:&#8221;DESC&#8221;,&#8221;hide_album_title&#8221;:&#8221;true&#8221;,&#8221;hide_album_subtitle&#8221;:&#8221;true&#8221;,&#8221;hide_player_title&#8221;:&#8221;true&#8221;,&#8221;hide_track_title&#8221;:&#8221;true&#8221;,&#8221;show_publish_date&#8221;:&#8221;false&#8221;,&#8221;show_skip_bt&#8221;:&#8221;false&#8221;,&#8221;show_volume_bt&#8221;:&#8221;false&#8221;,&#8221;show_speed_bt&#8221;:&#8221;false&#8221;,&#8221;show_shuffle_bt&#8221;:&#8221;false&#8221;,&#8221;progressbar_inline&#8221;:&#8221;true&#8221;,&#8221;spectro&#8221;:&#8221;&#8221;,&#8221;inline&#8221;:&#8221;false&#8221;,&#8221;main_settings&#8221;:&#8221;||&#8221;} \n        var srp_player_params_args_69f38a76b01ee = {&#8220;before_widget&#8221;:&#8221;<article id=\"arbitrary-instance-69f38a76b01ee\" class=\"iron_widget_radio srp_player_button\">&#8220;,&#8221;after_widget&#8221;:&#8221;&#8221;,&#8221;before_title&#8221;:&#8221;<span class='heading-t3'><h3 class=\"widgettitle\">&#8220;,&#8221;after_title&#8221;:&#8221;&#8221;,&#8221;widget_id&#8221;:&#8221;arbitrary-instance-69f38a76b01ee&#8221;}  \n        if(typeof setIronAudioplayers !== &#8220;undefined&#8221;){ setIronAudioplayers(&#8220;arbitrary-instance-69f38a76b01ee&#8221;); }<\/article><\/div><\/div>\n\n\n<h5 class=\"wp-block-heading\">Mikis Theodorakis: <em><em>Andante mosso \u2013 Allegro<\/em>, <\/em>third movement,<em> <em>Trio for violin, cello and piano<\/em><\/em><\/h5>\n\n\n\n<p>Gis\u00e8le Nagy (violin), Andr\u00e9 Navau (cello), Jeannette Braun-Giampellegrini (piano)<\/p>\n\n\n\n<p>Recording <em>Radio Luxembourg<\/em>, 9.6.1987<\/p>\n\n\n\n<p>\u00a9 CNA \/ CLT<\/p>\n<\/div>\n\n\n\n<div class=\"wp-block-column is-layout-flow wp-block-column-is-layout-flow\"><div id=\"sonaar_music_64\"><div class=\"sonaar_audioplayer_block_cover\"><article id=\"arbitrary-instance-69f38a76b1be0\" class=\"iron_widget_radio srp_player_button\"><div class=\"iron-audioplayer  sonaar-no-artwork playlist_has_no_ctas\" id=\"arbitrary-instance-69f38a76b1be0-fc87e33047\" data-id=\"arbitrary-instance-69f38a76b1be0\" data-track-sw-cursor=\"\" data-lazyload=\"\" data-albums=\"2213\" data-category=\"\" data-url-playlist=\"https:\/\/mugi.lu\/en\/?load=playlist.json&#038;title=&#038;albums=2213&#038;category=&#038;posts_not_in=&#038;category_not_in=&#038;author=&#038;feed_title=&#038;feed=&#038;feed_img=&#038;el_widget_id=&#038;artwork=&#038;posts_per_pages=-1&#038;all_category=&#038;single_playlist=&#038;reverse_tracklist=&#038;audio_meta_field=&#038;repeater_meta_field=&#038;import_file=&#038;rss_items=-1&#038;rss_item_title=&#038;is_favorite=&#038;is_recentlyplayed=&#038;srp_order=date_DESC\" data-sticky-player=\"\" data-shuffle=\"false\" data-playlist_title=\"\" data-scrollbar=\"\" data-wave-color=\"\" data-wave-progress-color=\"\" data-spectro=\"\" data-no-wave=\"\" data-hide-progressbar=\"\" data-notrackskip=\"\" data-no-loop-tracklist=\"\" data-playertemplate=\"skin_boxed_tracklist\" data-hide-artwork=\"1\" data-speedrate=\"1\" data-tracks-per-page=\"\" data-pagination_scroll_offset=\"\" data-adaptive-colors=\"\" data-adaptive-colors-freeze=\"\" style=\"opacity:0\"><div class=\"srp_player_boxed srp_player_grid\"><div class=\"album-player sr_waveform_mediaElement\"><div class=\"srp_player_meta\"><\/div><div class=\"srp_control_box\">\n            <div role=\"button\" class=\"srp-play-button play\" aria-label=\"Play\">\n                <i class=\"sricon-play\"><\/i>\n                <div class=\"srp-play-circle\"><\/div>\n            <\/div><div class=\"srp_wave_box\"> <div class=\"player sr_player__inline \"><div class=\"sr_progressbar\">\n                \n            <div class=\"currentTime\">00:00<\/div>\n         \n                <div id=\"arbitrary-instance-69f38a76b1be0-64967c973e-wave\" class=\"wave\">\n                 \n        <div class=\"sonaar_fake_wave\" style=\"height:40px\"> \n            <audio src=\"\" class=\"sonaar_media_element\"><\/audio> \n            <div class=\"sonaar_wave_base\"> \n                <canvas id=\"sonaar_wave_base_canvas\" class=\"\" height=\"40\" width=\"2540\"><\/canvas> \n                <svg><\/svg> \n            <\/div> \n            <div class=\"sonaar_wave_cut\"> \n                <canvas id=\"sonaar_wave_cut_canvas\" class=\"\" height=\"40\" width=\"2540\"><\/canvas> \n                <svg><\/svg> \n            <\/div> \n        <\/div> \n                <\/div>\n                \n            <div class=\"totalTime\"><\/div>\n         \n             <\/div><\/div><div class=\"srp_main_control\"><div class=\"control\"><div role=\"button\" class=\"play\" style=\"opacity:0\" aria-label=\"Play\" title=\"\">\n                <i class=\"sricon-play\"><\/i>\n            <\/div><div class=\"srp_track_cta\"><\/div><\/div><\/div><\/div><\/div><\/div><\/div><div class=\"playlist sr_waveform_mediaElement\" id=\"playlist_arbitrary-instance-69f38a76b1be0\"><div class=\"srp_tracklist\"><ul class=\"srp_list\"><li class=\"sr-playlist-item\" data-audiopath=\"https:\/\/mugi.lu\/wp-content\/uploads\/2024\/02\/12_JBG_CNA_AU_CLT_TAPE_15632_01.mp3\" data-showloading=\"1\" data-albumTitle=\"JBG12\" data-albumArt=\"\" data-releasedate=\"\" data-date=\"2024\/02\/23\" data-date-formated=\"23 February 2024\" data-show-date=\"\" data-trackTitle=\"12_JBG_CNA_AU_CLT_TAPE_15632_01\" data-artist=\"\" data-trackID=\"2132\" data-trackTime=\"3:22\" data-relatedTrack=\"\" data-post-url=\"\" data-post-id=\"2213\" data-track-pos=\"0\" data-peakFile=\"https:\/\/mugi.lu\/wp-content\/uploads\/audio_peaks\/2132.peak\" data-peakFile-allow=\"1\" data-is-preview=\"\" data-track-lyric=\"\" data-icecast_json=\"\" data-icecast_mount=\"\"><div class=\"sr-playlist-item-flex\"><span class=\"store-list\"><\/span><\/div><div class=\"srp_track_description\"><\/div><\/li><\/ul><\/div><\/div><div class=\"album-store\"><\/div><\/div>\n        var srp_player_params_69f38a76b1be0 = {&#8220;title&#8221;:&#8221;&#8221;,&#8221;store_title_text&#8221;:&#8221;&#8221;,&#8221;albums&#8221;:&#8221;2213&#8243;,&#8221;hide_artwork&#8221;:&#8221;true&#8221;,&#8221;sticky_player&#8221;:&#8221;&#8221;,&#8221;show_album_market&#8221;:&#8221;1&#8243;,&#8221;show_track_market&#8221;:&#8221;1&#8243;,&#8221;hide_timeline&#8221;:&#8221;&#8221;,&#8221;titletag_soundwave&#8221;:&#8221;div&#8221;,&#8221;titletag_playlist&#8221;:&#8221;h3&#8243;,&#8221;show_playlist&#8221;:&#8221;&#8221;,&#8221;wave_color&#8221;:&#8221;&#8221;,&#8221;wave_progress_color&#8221;:&#8221;&#8221;,&#8221;shuffle&#8221;:&#8221;&#8221;,&#8221;reverse_tracklist&#8221;:&#8221;&#8221;,&#8221;searchbar&#8221;:&#8221;false&#8221;,&#8221;track_desc_lenght&#8221;:&#8221;55&#8243;,&#8221;strip_html_track_desc&#8221;:&#8221;true&#8221;,&#8221;player_layout&#8221;:&#8221;skin_boxed_tracklist&#8221;,&#8221;hide_progressbar&#8221;:&#8221;false&#8221;,&#8221;use_play_label&#8221;:&#8221;false&#8221;,&#8221;use_play_label_with_icon&#8221;:&#8221;true&#8221;,&#8221;orderby&#8221;:&#8221;date&#8221;,&#8221;order&#8221;:&#8221;DESC&#8221;,&#8221;hide_album_title&#8221;:&#8221;true&#8221;,&#8221;hide_album_subtitle&#8221;:&#8221;true&#8221;,&#8221;hide_player_title&#8221;:&#8221;true&#8221;,&#8221;hide_track_title&#8221;:&#8221;true&#8221;,&#8221;show_publish_date&#8221;:&#8221;false&#8221;,&#8221;show_skip_bt&#8221;:&#8221;false&#8221;,&#8221;show_volume_bt&#8221;:&#8221;false&#8221;,&#8221;show_speed_bt&#8221;:&#8221;false&#8221;,&#8221;show_shuffle_bt&#8221;:&#8221;false&#8221;,&#8221;progressbar_inline&#8221;:&#8221;true&#8221;,&#8221;spectro&#8221;:&#8221;&#8221;,&#8221;inline&#8221;:&#8221;false&#8221;,&#8221;main_settings&#8221;:&#8221;||&#8221;} \n        var srp_player_params_args_69f38a76b1be0 = {&#8220;before_widget&#8221;:&#8221;<article id=\"arbitrary-instance-69f38a76b1be0\" class=\"iron_widget_radio srp_player_button\">&#8220;,&#8221;after_widget&#8221;:&#8221;&#8221;,&#8221;before_title&#8221;:&#8221;<span class='heading-t3'><h3 class=\"widgettitle\">&#8220;,&#8221;after_title&#8221;:&#8221;&#8221;,&#8221;widget_id&#8221;:&#8221;arbitrary-instance-69f38a76b1be0&#8243;}  \n        if(typeof setIronAudioplayers !== &#8220;undefined&#8221;){ setIronAudioplayers(&#8220;arbitrary-instance-69f38a76b1be0&#8221;); }<\/article><\/div><\/div>\n\n\n<h5 class=\"wp-block-heading\">Claude Debussy:<em> <em>La Chevelure, <\/em><\/em>text by Pierre Lou\u00ffs, in:<em> <em>Trois Chansons de Bilitis<\/em><\/em><\/h5>\n\n\n\n<p>Annette Theis-Bisdorff (alto), Jeannette Braun-Giampellegrini (piano)<\/p>\n\n\n\n<p>Recording <em>Radio Luxembourg<\/em>, 15.10.1990<\/p>\n\n\n\n<p>\u00a9 CNA \/ CLT<\/p>\n<\/div>\n<\/div>\n<\/div><\/div>\n\n\n\n<div class=\"wp-block-getwid-content-slider-slide\"><div class=\"wp-block-getwid-content-slider-slide__wrapper\">\n<div class=\"wp-block-columns is-layout-flex wp-container-core-columns-is-layout-9d6595d7 wp-block-columns-is-layout-flex\">\n<div class=\"wp-block-column is-layout-flow wp-block-column-is-layout-flow\"><div id=\"sonaar_music_68\"><div class=\"sonaar_audioplayer_block_cover\"><article id=\"arbitrary-instance-69f38a76b3006\" class=\"iron_widget_radio srp_player_button\"><div class=\"iron-audioplayer  sonaar-no-artwork playlist_has_no_ctas\" id=\"arbitrary-instance-69f38a76b3006-29ad0a93d5\" data-id=\"arbitrary-instance-69f38a76b3006\" data-track-sw-cursor=\"\" data-lazyload=\"\" data-albums=\"2214\" data-category=\"\" data-url-playlist=\"https:\/\/mugi.lu\/en\/?load=playlist.json&#038;title=&#038;albums=2214&#038;category=&#038;posts_not_in=&#038;category_not_in=&#038;author=&#038;feed_title=&#038;feed=&#038;feed_img=&#038;el_widget_id=&#038;artwork=&#038;posts_per_pages=-1&#038;all_category=&#038;single_playlist=&#038;reverse_tracklist=&#038;audio_meta_field=&#038;repeater_meta_field=&#038;import_file=&#038;rss_items=-1&#038;rss_item_title=&#038;is_favorite=&#038;is_recentlyplayed=&#038;srp_order=date_DESC\" data-sticky-player=\"\" data-shuffle=\"false\" data-playlist_title=\"\" data-scrollbar=\"\" data-wave-color=\"\" data-wave-progress-color=\"\" data-spectro=\"\" data-no-wave=\"\" data-hide-progressbar=\"\" data-notrackskip=\"\" data-no-loop-tracklist=\"\" data-playertemplate=\"skin_boxed_tracklist\" data-hide-artwork=\"1\" data-speedrate=\"1\" data-tracks-per-page=\"\" data-pagination_scroll_offset=\"\" data-adaptive-colors=\"\" data-adaptive-colors-freeze=\"\" style=\"opacity:0\"><div class=\"srp_player_boxed srp_player_grid\"><div class=\"album-player sr_waveform_mediaElement\"><div class=\"srp_player_meta\"><\/div><div class=\"srp_control_box\">\n            <div role=\"button\" class=\"srp-play-button play\" aria-label=\"Play\">\n                <i class=\"sricon-play\"><\/i>\n                <div class=\"srp-play-circle\"><\/div>\n            <\/div><div class=\"srp_wave_box\"> <div class=\"player sr_player__inline \"><div class=\"sr_progressbar\">\n                \n            <div class=\"currentTime\">00:00<\/div>\n         \n                <div id=\"arbitrary-instance-69f38a76b3006-5d6bce7aca-wave\" class=\"wave\">\n                 \n        <div class=\"sonaar_fake_wave\" style=\"height:40px\"> \n            <audio src=\"\" class=\"sonaar_media_element\"><\/audio> \n            <div class=\"sonaar_wave_base\"> \n                <canvas id=\"sonaar_wave_base_canvas\" class=\"\" height=\"40\" width=\"2540\"><\/canvas> \n                <svg><\/svg> \n            <\/div> \n            <div class=\"sonaar_wave_cut\"> \n                <canvas id=\"sonaar_wave_cut_canvas\" class=\"\" height=\"40\" width=\"2540\"><\/canvas> \n                <svg><\/svg> \n            <\/div> \n        <\/div> \n                <\/div>\n                \n            <div class=\"totalTime\"><\/div>\n         \n             <\/div><\/div><div class=\"srp_main_control\"><div class=\"control\"><div role=\"button\" class=\"play\" style=\"opacity:0\" aria-label=\"Play\" title=\"\">\n                <i class=\"sricon-play\"><\/i>\n            <\/div><div class=\"srp_track_cta\"><\/div><\/div><\/div><\/div><\/div><\/div><\/div><div class=\"playlist sr_waveform_mediaElement\" id=\"playlist_arbitrary-instance-69f38a76b3006\"><div class=\"srp_tracklist\"><ul class=\"srp_list\"><li class=\"sr-playlist-item\" data-audiopath=\"https:\/\/mugi.lu\/wp-content\/uploads\/2024\/02\/13_JBG_CNA_AU_CLT_TAPE_15632_02.mp3\" data-showloading=\"1\" data-albumTitle=\"JBG13\" data-albumArt=\"\" data-releasedate=\"\" data-date=\"2024\/02\/23\" data-date-formated=\"23 February 2024\" data-show-date=\"\" data-trackTitle=\"13_JBG_CNA_AU_CLT_TAPE_15632_02\" data-artist=\"\" data-trackID=\"2135\" data-trackTime=\"1:40\" data-relatedTrack=\"\" data-post-url=\"\" data-post-id=\"2214\" data-track-pos=\"0\" data-peakFile=\"https:\/\/mugi.lu\/wp-content\/uploads\/audio_peaks\/2135.peak\" data-peakFile-allow=\"1\" data-is-preview=\"\" data-track-lyric=\"\" data-icecast_json=\"\" data-icecast_mount=\"\"><div class=\"sr-playlist-item-flex\"><span class=\"store-list\"><\/span><\/div><div class=\"srp_track_description\"><\/div><\/li><\/ul><\/div><\/div><div class=\"album-store\"><\/div><\/div>\n        var srp_player_params_69f38a76b3006 = {&#8220;title&#8221;:&#8221;&#8221;,&#8221;store_title_text&#8221;:&#8221;&#8221;,&#8221;albums&#8221;:&#8221;2214&#8243;,&#8221;hide_artwork&#8221;:&#8221;true&#8221;,&#8221;sticky_player&#8221;:&#8221;&#8221;,&#8221;show_album_market&#8221;:&#8221;1&#8243;,&#8221;show_track_market&#8221;:&#8221;1&#8243;,&#8221;hide_timeline&#8221;:&#8221;&#8221;,&#8221;titletag_soundwave&#8221;:&#8221;div&#8221;,&#8221;titletag_playlist&#8221;:&#8221;h3&#8243;,&#8221;show_playlist&#8221;:&#8221;&#8221;,&#8221;wave_color&#8221;:&#8221;&#8221;,&#8221;wave_progress_color&#8221;:&#8221;&#8221;,&#8221;shuffle&#8221;:&#8221;&#8221;,&#8221;reverse_tracklist&#8221;:&#8221;&#8221;,&#8221;searchbar&#8221;:&#8221;false&#8221;,&#8221;track_desc_lenght&#8221;:&#8221;55&#8243;,&#8221;strip_html_track_desc&#8221;:&#8221;true&#8221;,&#8221;player_layout&#8221;:&#8221;skin_boxed_tracklist&#8221;,&#8221;hide_progressbar&#8221;:&#8221;false&#8221;,&#8221;use_play_label&#8221;:&#8221;false&#8221;,&#8221;use_play_label_with_icon&#8221;:&#8221;true&#8221;,&#8221;orderby&#8221;:&#8221;date&#8221;,&#8221;order&#8221;:&#8221;DESC&#8221;,&#8221;hide_album_title&#8221;:&#8221;true&#8221;,&#8221;hide_album_subtitle&#8221;:&#8221;true&#8221;,&#8221;hide_player_title&#8221;:&#8221;true&#8221;,&#8221;hide_track_title&#8221;:&#8221;true&#8221;,&#8221;show_publish_date&#8221;:&#8221;false&#8221;,&#8221;show_skip_bt&#8221;:&#8221;false&#8221;,&#8221;show_volume_bt&#8221;:&#8221;false&#8221;,&#8221;show_speed_bt&#8221;:&#8221;false&#8221;,&#8221;show_shuffle_bt&#8221;:&#8221;false&#8221;,&#8221;progressbar_inline&#8221;:&#8221;true&#8221;,&#8221;spectro&#8221;:&#8221;&#8221;,&#8221;inline&#8221;:&#8221;false&#8221;,&#8221;main_settings&#8221;:&#8221;||&#8221;} \n        var srp_player_params_args_69f38a76b3006 = {&#8220;before_widget&#8221;:&#8221;<article id=\"arbitrary-instance-69f38a76b3006\" class=\"iron_widget_radio srp_player_button\">&#8220;,&#8221;after_widget&#8221;:&#8221;&#8221;,&#8221;before_title&#8221;:&#8221;<span class='heading-t3'><h3 class=\"widgettitle\">&#8220;,&#8221;after_title&#8221;:&#8221;&#8221;,&#8221;widget_id&#8221;:&#8221;arbitrary-instance-69f38a76b3006&#8243;}  \n        if(typeof setIronAudioplayers !== &#8220;undefined&#8221;){ setIronAudioplayers(&#8220;arbitrary-instance-69f38a76b3006&#8221;); }<\/article><\/div><\/div>\n\n\n<h5 class=\"wp-block-heading\">Manuel De Falla:<em> <em>Nana<\/em> <\/em>(anonymous)<em> <\/em>in:<em> <em>Sept Chansons Espagnoles<\/em><\/em><\/h5>\n\n\n\n<p>Annette Theis-Bisdorff (alto), Jeannette Braun-Giampellegrini (piano)<\/p>\n\n\n\n<p>Recording <em>Radio Luxembourg<\/em>, 15.10.1990<\/p>\n\n\n\n<p>\u00a9 CNA \/ CLT<\/p>\n<\/div>\n<\/div>\n<\/div><\/div>\n<\/div><\/div>\n\n\t\t\t<\/div>\n\n\t\t\t<button class=\"composer-tab__button composer-tab--color-primary\">\n\t\t\t<span class=\"composer-tab__icon--music\"><\/span>\n\t\t\t<span>Music<\/span>\n\t\t<\/button>\n\t\n<\/div>\n\n\n\n<div class=\"composer-tab\" style=\"display: none;\" data-composer-tab-color=\"orange\">\n\n\t<div class=\"composer-tab__badge composer-tab__badge-orange\">\n\t\t<span class=\"composer-tab__icon--photos\"><\/span>\n\t\t<span class=\"composer-tab__circular-title\">Photos<\/span>\n\t<\/div>\n\n\t<div class=\"composer-tab__content\">\n\t\t\t\t\t\n\n<div class=\"wp-block-getwid-images-slider has-arrows-inside has-dots-none has-captions captions-style-light captions-bottom-center is-carousel has-slides-gap-normal has-images-center has-fitted-images has-fixed-height\"><div class=\"wp-block-getwid-images-slider__wrapper\" data-effect=\"slide\" data-slides-show=\"3\" data-slides-show-laptop=\"3\" data-slides-show-tablet=\"2\" data-slides-show-mobile=\"1\" data-slides-scroll=\"1\" data-autoplay=\"false\" data-pause-hover=\"false\" data-autoplay-speed=\"6000\" data-infinite=\"false\" data-animation-speed=\"500\" data-center-mode=\"false\" data-variable-width=\"false\" data-arrows=\"inside\" data-dots=\"none\" data-spacing=\"normal\"><div class=\"wp-block-getwid-images-slider__item getwid-reset-height-tablet getwid-reset-height-mobile\" style=\"height:40vh\"><a href=\"https:\/\/mugi.lu\/wp-content\/uploads\/2024\/01\/01-photo034-a-side4.jpg\"><figure><img loading=\"lazy\" decoding=\"async\" width=\"1151\" height=\"1799\" src=\"https:\/\/mugi.lu\/wp-content\/uploads\/2024\/01\/01-photo034-a-side4.jpg\" data-id=\"1177\" data-link=\"https:\/\/mugi.lu\/en\/01-photo034-a-side4-2\/\" data-original-link=\"https:\/\/mugi.lu\/wp-content\/uploads\/2024\/01\/01-photo034-a-side4.jpg\" class=\"wp-block-getwid-images-slider__image wp-image-1177\" srcset=\"https:\/\/mugi.lu\/wp-content\/uploads\/2024\/01\/01-photo034-a-side4.jpg 1151w, https:\/\/mugi.lu\/wp-content\/uploads\/2024\/01\/01-photo034-a-side4-192x300.jpg 192w, https:\/\/mugi.lu\/wp-content\/uploads\/2024\/01\/01-photo034-a-side4-655x1024.jpg 655w, https:\/\/mugi.lu\/wp-content\/uploads\/2024\/01\/01-photo034-a-side4-768x1200.jpg 768w, https:\/\/mugi.lu\/wp-content\/uploads\/2024\/01\/01-photo034-a-side4-983x1536.jpg 983w\" sizes=\"auto, (max-width: 1151px) 100vw, 1151px\" \/><figcaption class=\"wp-block-getwid-images-slider__caption\">&lt;strong&gt;Jeannette Giamepellegrini in 1956 in Paris, Quai de Valmy, Metro Jean Jaur\u00e8s&lt;\/strong&gt;\nprivate archives JBG <\/figcaption><\/figure><\/a><\/div><div class=\"wp-block-getwid-images-slider__item getwid-reset-height-tablet getwid-reset-height-mobile\" style=\"height:40vh\"><a href=\"https:\/\/mugi.lu\/wp-content\/uploads\/2024\/01\/02-photo006-a-recto-verso.jpg\"><figure><img loading=\"lazy\" decoding=\"async\" width=\"1920\" height=\"707\" src=\"https:\/\/mugi.lu\/wp-content\/uploads\/2024\/01\/02-photo006-a-recto-verso.jpg\" data-id=\"1180\" data-link=\"https:\/\/mugi.lu\/en\/02-photo006-a-recto-verso-2\/\" data-original-link=\"https:\/\/mugi.lu\/wp-content\/uploads\/2024\/01\/02-photo006-a-recto-verso.jpg\" class=\"wp-block-getwid-images-slider__image wp-image-1180\" srcset=\"https:\/\/mugi.lu\/wp-content\/uploads\/2024\/01\/02-photo006-a-recto-verso.jpg 1920w, https:\/\/mugi.lu\/wp-content\/uploads\/2024\/01\/02-photo006-a-recto-verso-300x110.jpg 300w, https:\/\/mugi.lu\/wp-content\/uploads\/2024\/01\/02-photo006-a-recto-verso-1024x377.jpg 1024w, https:\/\/mugi.lu\/wp-content\/uploads\/2024\/01\/02-photo006-a-recto-verso-768x283.jpg 768w, https:\/\/mugi.lu\/wp-content\/uploads\/2024\/01\/02-photo006-a-recto-verso-1536x566.jpg 1536w, https:\/\/mugi.lu\/wp-content\/uploads\/2024\/01\/02-photo006-a-recto-verso-1850x681.jpg 1850w\" sizes=\"auto, (max-width: 1920px) 100vw, 1920px\" \/><figcaption class=\"wp-block-getwid-images-slider__caption\">&lt;strong&gt;Sight-reading class of Elsa Barraine at the &lt;i&gt;Paris Music Conservatory&lt;\/i&gt;, Jeannette Giampellegrini: sixth from left, 1956&lt;\/strong&gt;\nPrivate archives JBG<\/figcaption><\/figure><\/a><\/div><div class=\"wp-block-getwid-images-slider__item getwid-reset-height-tablet getwid-reset-height-mobile\" style=\"height:40vh\"><a href=\"https:\/\/mugi.lu\/wp-content\/uploads\/2024\/01\/03-photo003-a-side.jpg\"><figure><img loading=\"lazy\" decoding=\"async\" width=\"1914\" height=\"1417\" src=\"https:\/\/mugi.lu\/wp-content\/uploads\/2024\/01\/03-photo003-a-side.jpg\" data-id=\"1183\" data-link=\"https:\/\/mugi.lu\/en\/03-photo003-a-side-2\/\" data-original-link=\"https:\/\/mugi.lu\/wp-content\/uploads\/2024\/01\/03-photo003-a-side.jpg\" class=\"wp-block-getwid-images-slider__image wp-image-1183\" srcset=\"https:\/\/mugi.lu\/wp-content\/uploads\/2024\/01\/03-photo003-a-side.jpg 1914w, https:\/\/mugi.lu\/wp-content\/uploads\/2024\/01\/03-photo003-a-side-300x222.jpg 300w, https:\/\/mugi.lu\/wp-content\/uploads\/2024\/01\/03-photo003-a-side-1024x758.jpg 1024w, https:\/\/mugi.lu\/wp-content\/uploads\/2024\/01\/03-photo003-a-side-768x569.jpg 768w, https:\/\/mugi.lu\/wp-content\/uploads\/2024\/01\/03-photo003-a-side-1536x1137.jpg 1536w, https:\/\/mugi.lu\/wp-content\/uploads\/2024\/01\/03-photo003-a-side-500x370.jpg 500w, https:\/\/mugi.lu\/wp-content\/uploads\/2024\/01\/03-photo003-a-side-1850x1370.jpg 1850w\" sizes=\"auto, (max-width: 1914px) 100vw, 1914px\" \/><figcaption class=\"wp-block-getwid-images-slider__caption\">&lt;strong&gt;Piano class of Joseph Benvenuti at the &lt;i&gt;Paris Music Conservatory&lt;\/i&gt;, Jeannette Giampellegrini: first row, third from left, January 1957&lt;\/strong&gt;\nPrivate archives JBG<\/figcaption><\/figure><\/a><\/div><div class=\"wp-block-getwid-images-slider__item getwid-reset-height-tablet getwid-reset-height-mobile\" style=\"height:40vh\"><a href=\"https:\/\/mugi.lu\/wp-content\/uploads\/2024\/01\/04-photo060-a-side.jpg\"><figure><img loading=\"lazy\" decoding=\"async\" width=\"1874\" height=\"1307\" src=\"https:\/\/mugi.lu\/wp-content\/uploads\/2024\/01\/04-photo060-a-side.jpg\" data-id=\"1186\" data-link=\"https:\/\/mugi.lu\/en\/04-photo060-a-side-2\/\" data-original-link=\"https:\/\/mugi.lu\/wp-content\/uploads\/2024\/01\/04-photo060-a-side.jpg\" class=\"wp-block-getwid-images-slider__image wp-image-1186\" srcset=\"https:\/\/mugi.lu\/wp-content\/uploads\/2024\/01\/04-photo060-a-side.jpg 1874w, https:\/\/mugi.lu\/wp-content\/uploads\/2024\/01\/04-photo060-a-side-300x209.jpg 300w, https:\/\/mugi.lu\/wp-content\/uploads\/2024\/01\/04-photo060-a-side-1024x714.jpg 1024w, https:\/\/mugi.lu\/wp-content\/uploads\/2024\/01\/04-photo060-a-side-768x536.jpg 768w, https:\/\/mugi.lu\/wp-content\/uploads\/2024\/01\/04-photo060-a-side-1536x1071.jpg 1536w, https:\/\/mugi.lu\/wp-content\/uploads\/2024\/01\/04-photo060-a-side-1850x1290.jpg 1850w\" sizes=\"auto, (max-width: 1874px) 100vw, 1874px\" \/><figcaption class=\"wp-block-getwid-images-slider__caption\">&lt;strong&gt;Jeannette Braun-Giampellegrini and violinist Th\u00e9r\u00e8se Divry at the &lt;i&gt;Paganini Competition&lt;\/i&gt;, in the artist\u2019s lodge of the &lt;i&gt;Th\u00e9\u00e2tre communal de Gen\u00e8ve&lt;\/i&gt;, 5.10.1962&lt;\/strong&gt;\nPrivate archives JBG<\/figcaption><\/figure><\/a><\/div><div class=\"wp-block-getwid-images-slider__item getwid-reset-height-tablet getwid-reset-height-mobile\" style=\"height:40vh\"><a href=\"https:\/\/mugi.lu\/wp-content\/uploads\/2024\/01\/05-photo049-a-side.jpg\"><figure><img loading=\"lazy\" decoding=\"async\" width=\"1473\" height=\"1920\" src=\"https:\/\/mugi.lu\/wp-content\/uploads\/2024\/01\/05-photo049-a-side.jpg\" data-id=\"1189\" data-link=\"https:\/\/mugi.lu\/en\/05-photo049-a-side-2\/\" data-original-link=\"https:\/\/mugi.lu\/wp-content\/uploads\/2024\/01\/05-photo049-a-side.jpg\" class=\"wp-block-getwid-images-slider__image wp-image-1189\" srcset=\"https:\/\/mugi.lu\/wp-content\/uploads\/2024\/01\/05-photo049-a-side.jpg 1473w, https:\/\/mugi.lu\/wp-content\/uploads\/2024\/01\/05-photo049-a-side-230x300.jpg 230w, https:\/\/mugi.lu\/wp-content\/uploads\/2024\/01\/05-photo049-a-side-786x1024.jpg 786w, https:\/\/mugi.lu\/wp-content\/uploads\/2024\/01\/05-photo049-a-side-768x1001.jpg 768w, https:\/\/mugi.lu\/wp-content\/uploads\/2024\/01\/05-photo049-a-side-1178x1536.jpg 1178w\" sizes=\"auto, (max-width: 1473px) 100vw, 1473px\" \/><figcaption class=\"wp-block-getwid-images-slider__caption\">&lt;strong&gt;The pianist Jeannette Giampellegrini with the soprano Josette Knaff-Jacoby, second row from left to right: tenor Robert Wagner, bass Guillaume Schmitz and composer Josy Asselborn, January 1963&lt;\/strong&gt;\nPrivate archives JBG<\/figcaption><\/figure><\/a><\/div><div class=\"wp-block-getwid-images-slider__item getwid-reset-height-tablet getwid-reset-height-mobile\" style=\"height:40vh\"><a href=\"https:\/\/mugi.lu\/wp-content\/uploads\/2024\/01\/06-document001.jpg\"><figure><img loading=\"lazy\" decoding=\"async\" width=\"1354\" height=\"1899\" src=\"https:\/\/mugi.lu\/wp-content\/uploads\/2024\/01\/06-document001.jpg\" data-id=\"1192\" data-link=\"https:\/\/mugi.lu\/en\/06-document001-2\/\" data-original-link=\"https:\/\/mugi.lu\/wp-content\/uploads\/2024\/01\/06-document001.jpg\" class=\"wp-block-getwid-images-slider__image wp-image-1192\" srcset=\"https:\/\/mugi.lu\/wp-content\/uploads\/2024\/01\/06-document001.jpg 1354w, https:\/\/mugi.lu\/wp-content\/uploads\/2024\/01\/06-document001-214x300.jpg 214w, https:\/\/mugi.lu\/wp-content\/uploads\/2024\/01\/06-document001-730x1024.jpg 730w, https:\/\/mugi.lu\/wp-content\/uploads\/2024\/01\/06-document001-768x1077.jpg 768w, https:\/\/mugi.lu\/wp-content\/uploads\/2024\/01\/06-document001-1095x1536.jpg 1095w\" sizes=\"auto, (max-width: 1354px) 100vw, 1354px\" \/><figcaption class=\"wp-block-getwid-images-slider__caption\">&lt;strong&gt;Jeannette Giampellegrini, concert at the &lt;i&gt;Grand Casino&lt;\/i&gt; in Differdange, [12.12.1964] &lt;\/strong&gt;\nPrivate archives JBG<\/figcaption><\/figure><\/a><\/div><div class=\"wp-block-getwid-images-slider__item getwid-reset-height-tablet getwid-reset-height-mobile\" style=\"height:40vh\"><a href=\"https:\/\/mugi.lu\/wp-content\/uploads\/2024\/01\/07-photo056-a-side.jpg\"><figure><img loading=\"lazy\" decoding=\"async\" width=\"1821\" height=\"1249\" src=\"https:\/\/mugi.lu\/wp-content\/uploads\/2024\/01\/07-photo056-a-side.jpg\" data-id=\"1195\" data-link=\"https:\/\/mugi.lu\/en\/07-photo056-a-side-2\/\" data-original-link=\"https:\/\/mugi.lu\/wp-content\/uploads\/2024\/01\/07-photo056-a-side.jpg\" class=\"wp-block-getwid-images-slider__image wp-image-1195\" srcset=\"https:\/\/mugi.lu\/wp-content\/uploads\/2024\/01\/07-photo056-a-side.jpg 1821w, https:\/\/mugi.lu\/wp-content\/uploads\/2024\/01\/07-photo056-a-side-300x206.jpg 300w, https:\/\/mugi.lu\/wp-content\/uploads\/2024\/01\/07-photo056-a-side-1024x702.jpg 1024w, https:\/\/mugi.lu\/wp-content\/uploads\/2024\/01\/07-photo056-a-side-768x527.jpg 768w, https:\/\/mugi.lu\/wp-content\/uploads\/2024\/01\/07-photo056-a-side-1536x1054.jpg 1536w\" sizes=\"auto, (max-width: 1821px) 100vw, 1821px\" \/><figcaption class=\"wp-block-getwid-images-slider__caption\">&lt;strong&gt;Concert at the &lt;i&gt;Grand Casino&lt;\/i&gt; in Differdange, with the &lt;i&gt;Harmonie de Differdange&lt;\/i&gt;, [12.12.1964]&lt;\/strong&gt;\nPrivate archives JBG<\/figcaption><\/figure><\/a><\/div><div class=\"wp-block-getwid-images-slider__item getwid-reset-height-tablet getwid-reset-height-mobile\" style=\"height:40vh\"><a href=\"https:\/\/mugi.lu\/wp-content\/uploads\/2024\/01\/08-photo046.jpg\"><figure><img loading=\"lazy\" decoding=\"async\" width=\"1317\" height=\"1920\" src=\"https:\/\/mugi.lu\/wp-content\/uploads\/2024\/01\/08-photo046.jpg\" data-id=\"1198\" data-link=\"https:\/\/mugi.lu\/en\/08-photo046-2\/\" data-original-link=\"https:\/\/mugi.lu\/wp-content\/uploads\/2024\/01\/08-photo046.jpg\" class=\"wp-block-getwid-images-slider__image wp-image-1198\" srcset=\"https:\/\/mugi.lu\/wp-content\/uploads\/2024\/01\/08-photo046.jpg 1317w, https:\/\/mugi.lu\/wp-content\/uploads\/2024\/01\/08-photo046-206x300.jpg 206w, https:\/\/mugi.lu\/wp-content\/uploads\/2024\/01\/08-photo046-702x1024.jpg 702w, https:\/\/mugi.lu\/wp-content\/uploads\/2024\/01\/08-photo046-768x1120.jpg 768w, https:\/\/mugi.lu\/wp-content\/uploads\/2024\/01\/08-photo046-1054x1536.jpg 1054w\" sizes=\"auto, (max-width: 1317px) 100vw, 1317px\" \/><figcaption class=\"wp-block-getwid-images-slider__caption\">&lt;strong&gt;The young pianist Jeannette Giampellegrini, n.d.&lt;\/strong&gt;\nPrivate archives JBG<\/figcaption><\/figure><\/a><\/div><div class=\"wp-block-getwid-images-slider__item getwid-reset-height-tablet getwid-reset-height-mobile\" style=\"height:40vh\"><a href=\"https:\/\/mugi.lu\/wp-content\/uploads\/2024\/01\/09-photo-001-a-side.jpg\"><figure><img loading=\"lazy\" decoding=\"async\" width=\"1825\" height=\"1433\" src=\"https:\/\/mugi.lu\/wp-content\/uploads\/2024\/01\/09-photo-001-a-side.jpg\" data-id=\"1201\" data-link=\"https:\/\/mugi.lu\/en\/09-photo-001-a-side-2\/\" data-original-link=\"https:\/\/mugi.lu\/wp-content\/uploads\/2024\/01\/09-photo-001-a-side.jpg\" class=\"wp-block-getwid-images-slider__image wp-image-1201\" srcset=\"https:\/\/mugi.lu\/wp-content\/uploads\/2024\/01\/09-photo-001-a-side.jpg 1825w, https:\/\/mugi.lu\/wp-content\/uploads\/2024\/01\/09-photo-001-a-side-300x236.jpg 300w, https:\/\/mugi.lu\/wp-content\/uploads\/2024\/01\/09-photo-001-a-side-1024x804.jpg 1024w, https:\/\/mugi.lu\/wp-content\/uploads\/2024\/01\/09-photo-001-a-side-768x603.jpg 768w, https:\/\/mugi.lu\/wp-content\/uploads\/2024\/01\/09-photo-001-a-side-1536x1206.jpg 1536w\" sizes=\"auto, (max-width: 1825px) 100vw, 1825px\" \/><figcaption class=\"wp-block-getwid-images-slider__caption\">&lt;strong&gt;Jeannette Braun-Giampellegrini at the piano with bass Guillaume Schmitz (on the left), soprano Sylvie Orazi (in the centre) and tenor Eug\u00e8ne Bley (on the right), n.d. &lt;\/strong&gt;\nPrivate archives JBG<\/figcaption><\/figure><\/a><\/div><div class=\"wp-block-getwid-images-slider__item getwid-reset-height-tablet getwid-reset-height-mobile\" style=\"height:40vh\"><a href=\"https:\/\/mugi.lu\/wp-content\/uploads\/2024\/01\/10-photo-005.jpg\"><figure><img loading=\"lazy\" decoding=\"async\" width=\"1845\" height=\"1299\" src=\"https:\/\/mugi.lu\/wp-content\/uploads\/2024\/01\/10-photo-005.jpg\" data-id=\"1204\" data-link=\"https:\/\/mugi.lu\/en\/10-photo-005-2\/\" data-original-link=\"https:\/\/mugi.lu\/wp-content\/uploads\/2024\/01\/10-photo-005.jpg\" class=\"wp-block-getwid-images-slider__image wp-image-1204\" srcset=\"https:\/\/mugi.lu\/wp-content\/uploads\/2024\/01\/10-photo-005.jpg 1845w, https:\/\/mugi.lu\/wp-content\/uploads\/2024\/01\/10-photo-005-300x211.jpg 300w, https:\/\/mugi.lu\/wp-content\/uploads\/2024\/01\/10-photo-005-1024x721.jpg 1024w, https:\/\/mugi.lu\/wp-content\/uploads\/2024\/01\/10-photo-005-768x541.jpg 768w, https:\/\/mugi.lu\/wp-content\/uploads\/2024\/01\/10-photo-005-1536x1081.jpg 1536w\" sizes=\"auto, (max-width: 1845px) 100vw, 1845px\" \/><figcaption class=\"wp-block-getwid-images-slider__caption\">&lt;strong&gt; &lt;i&gt;Quintette Luxembourgeois&lt;\/i&gt;: Jeannette Braun Giampellegrini with (L to R) Fran\u00e7ois Soumer, Fernand Michaux, Mathias Draut and Jules Strasser, n.d.&lt;\/strong&gt;\nPrivate archives JBG<\/figcaption><\/figure><\/a><\/div><div class=\"wp-block-getwid-images-slider__item getwid-reset-height-tablet getwid-reset-height-mobile\" style=\"height:40vh\"><a href=\"https:\/\/mugi.lu\/wp-content\/uploads\/2024\/01\/11-jbg-onst-lidd-alk-034.jpg\"><figure><img loading=\"lazy\" decoding=\"async\" width=\"1920\" height=\"1388\" src=\"https:\/\/mugi.lu\/wp-content\/uploads\/2024\/01\/11-jbg-onst-lidd-alk-034.jpg\" data-id=\"1207\" data-link=\"https:\/\/mugi.lu\/en\/11-jbg-onst-lidd-alk-034-2\/\" data-original-link=\"https:\/\/mugi.lu\/wp-content\/uploads\/2024\/01\/11-jbg-onst-lidd-alk-034.jpg\" class=\"wp-block-getwid-images-slider__image wp-image-1207\" srcset=\"https:\/\/mugi.lu\/wp-content\/uploads\/2024\/01\/11-jbg-onst-lidd-alk-034.jpg 1920w, https:\/\/mugi.lu\/wp-content\/uploads\/2024\/01\/11-jbg-onst-lidd-alk-034-300x217.jpg 300w, https:\/\/mugi.lu\/wp-content\/uploads\/2024\/01\/11-jbg-onst-lidd-alk-034-1024x740.jpg 1024w, https:\/\/mugi.lu\/wp-content\/uploads\/2024\/01\/11-jbg-onst-lidd-alk-034-768x555.jpg 768w, https:\/\/mugi.lu\/wp-content\/uploads\/2024\/01\/11-jbg-onst-lidd-alk-034-1536x1110.jpg 1536w, https:\/\/mugi.lu\/wp-content\/uploads\/2024\/01\/11-jbg-onst-lidd-alk-034-1850x1337.jpg 1850w\" sizes=\"auto, (max-width: 1920px) 100vw, 1920px\" \/><figcaption class=\"wp-block-getwid-images-slider__caption\">&lt;strong&gt;Ensemble &lt;i&gt;Onst Lidd&lt;\/i&gt;: Jeannette Braun-Giampellegrini at the piano with soprano B\u00e9by Kohl-Thommes and (second row, L to R) barytone Laurent Koster, composer Lou Koster and tenor Venant Arend, n.d.&lt;\/strong&gt;\nArchives Lou Koster &lt;i&gt;CID Fraen an Gender&lt;\/i&gt;<\/figcaption><\/figure><\/a><\/div><div class=\"wp-block-getwid-images-slider__item getwid-reset-height-tablet getwid-reset-height-mobile\" style=\"height:40vh\"><a href=\"https:\/\/mugi.lu\/wp-content\/uploads\/2024\/01\/12-photo-008-a-side.jpg\"><figure><img loading=\"lazy\" decoding=\"async\" width=\"1356\" height=\"1920\" src=\"https:\/\/mugi.lu\/wp-content\/uploads\/2024\/01\/12-photo-008-a-side.jpg\" data-id=\"1210\" data-link=\"https:\/\/mugi.lu\/en\/12-photo-008-a-side-2\/\" data-original-link=\"https:\/\/mugi.lu\/wp-content\/uploads\/2024\/01\/12-photo-008-a-side.jpg\" class=\"wp-block-getwid-images-slider__image wp-image-1210\" srcset=\"https:\/\/mugi.lu\/wp-content\/uploads\/2024\/01\/12-photo-008-a-side.jpg 1356w, https:\/\/mugi.lu\/wp-content\/uploads\/2024\/01\/12-photo-008-a-side-212x300.jpg 212w, https:\/\/mugi.lu\/wp-content\/uploads\/2024\/01\/12-photo-008-a-side-723x1024.jpg 723w, https:\/\/mugi.lu\/wp-content\/uploads\/2024\/01\/12-photo-008-a-side-768x1087.jpg 768w, https:\/\/mugi.lu\/wp-content\/uploads\/2024\/01\/12-photo-008-a-side-1085x1536.jpg 1085w\" sizes=\"auto, (max-width: 1356px) 100vw, 1356px\" \/><figcaption class=\"wp-block-getwid-images-slider__caption\">&lt;strong&gt;Jeannette Braun-Giampellegrini at the piano with bass Guillaume Schmitz (on the left), soprano Sylvie Orazi (in the centre) and tenor Eug\u00e8ne Bley (on the right), n.d. &lt;\/strong&gt;\nPrivate archives JBG<\/figcaption><\/figure><\/a><\/div><div class=\"wp-block-getwid-images-slider__item getwid-reset-height-tablet getwid-reset-height-mobile\" style=\"height:40vh\"><a href=\"https:\/\/mugi.lu\/wp-content\/uploads\/2024\/01\/13-photo051-a-side.jpg\"><figure><img loading=\"lazy\" decoding=\"async\" width=\"1374\" height=\"1920\" src=\"https:\/\/mugi.lu\/wp-content\/uploads\/2024\/01\/13-photo051-a-side.jpg\" data-id=\"1213\" data-link=\"https:\/\/mugi.lu\/en\/13-photo051-a-side-2\/\" data-original-link=\"https:\/\/mugi.lu\/wp-content\/uploads\/2024\/01\/13-photo051-a-side.jpg\" class=\"wp-block-getwid-images-slider__image wp-image-1213\" srcset=\"https:\/\/mugi.lu\/wp-content\/uploads\/2024\/01\/13-photo051-a-side.jpg 1374w, https:\/\/mugi.lu\/wp-content\/uploads\/2024\/01\/13-photo051-a-side-215x300.jpg 215w, https:\/\/mugi.lu\/wp-content\/uploads\/2024\/01\/13-photo051-a-side-733x1024.jpg 733w, https:\/\/mugi.lu\/wp-content\/uploads\/2024\/01\/13-photo051-a-side-768x1073.jpg 768w, https:\/\/mugi.lu\/wp-content\/uploads\/2024\/01\/13-photo051-a-side-1099x1536.jpg 1099w\" sizes=\"auto, (max-width: 1374px) 100vw, 1374px\" \/><figcaption class=\"wp-block-getwid-images-slider__caption\">&lt;strong&gt;Jeannette Braun-Giampellegrini and Jean-Pierre Kemmer at the organ at Bonnevoie, n.d.&lt;\/strong&gt;\nPrivate archives JBG<\/figcaption><\/figure><\/a><\/div><div class=\"wp-block-getwid-images-slider__item getwid-reset-height-tablet getwid-reset-height-mobile\" style=\"height:40vh\"><a href=\"https:\/\/mugi.lu\/wp-content\/uploads\/2024\/01\/14-document002.jpg\"><figure><img loading=\"lazy\" decoding=\"async\" width=\"1333\" height=\"1920\" src=\"https:\/\/mugi.lu\/wp-content\/uploads\/2024\/01\/14-document002.jpg\" data-id=\"1216\" data-link=\"https:\/\/mugi.lu\/en\/14-document002-2\/\" data-original-link=\"https:\/\/mugi.lu\/wp-content\/uploads\/2024\/01\/14-document002.jpg\" class=\"wp-block-getwid-images-slider__image wp-image-1216\" srcset=\"https:\/\/mugi.lu\/wp-content\/uploads\/2024\/01\/14-document002.jpg 1333w, https:\/\/mugi.lu\/wp-content\/uploads\/2024\/01\/14-document002-208x300.jpg 208w, https:\/\/mugi.lu\/wp-content\/uploads\/2024\/01\/14-document002-711x1024.jpg 711w, https:\/\/mugi.lu\/wp-content\/uploads\/2024\/01\/14-document002-768x1106.jpg 768w, https:\/\/mugi.lu\/wp-content\/uploads\/2024\/01\/14-document002-1066x1536.jpg 1066w\" sizes=\"auto, (max-width: 1333px) 100vw, 1333px\" \/><figcaption class=\"wp-block-getwid-images-slider__caption\">&lt;strong&gt;Jeannette Giampellgrini in 2003&lt;\/strong&gt;\nphotographed by Marco Schroeder<\/figcaption><\/figure><\/a><\/div><\/div><\/div>\n\n\t\t\t<\/div>\n\n\t\t\t<button class=\"composer-tab__button composer-tab--color-orange\">\n\t\t\t<span class=\"composer-tab__icon--photos\"><\/span>\n\t\t\t<span>Photos<\/span>\n\t\t<\/button>\n\t\n<\/div>\n\n\n\n<div class=\"composer-tab\" style=\"display: none;\" data-composer-tab-color=\"secondary\">\n\n\t<div class=\"composer-tab__badge composer-tab__badge-secondary\">\n\t\t<span class=\"composer-tab__icon--correspondence\"><\/span>\n\t\t<span class=\"composer-tab__circular-title\">Correspondence<\/span>\n\t<\/div>\n\n\t<div class=\"composer-tab__content\">\n\t\t\t\t\t\n\n<div class=\"wp-block-getwid-images-slider has-arrows-inside has-dots-none has-captions captions-style-light captions-bottom-center is-carousel has-slides-gap-normal has-images-center has-fitted-images has-fixed-height\"><div class=\"wp-block-getwid-images-slider__wrapper\" data-effect=\"slide\" data-slides-show=\"2\" data-slides-show-laptop=\"2\" data-slides-show-tablet=\"2\" data-slides-show-mobile=\"1\" data-slides-scroll=\"2\" data-autoplay=\"false\" data-pause-hover=\"false\" data-autoplay-speed=\"6000\" data-infinite=\"false\" data-animation-speed=\"500\" data-center-mode=\"false\" data-variable-width=\"false\" data-arrows=\"inside\" data-dots=\"none\" data-spacing=\"normal\"><div class=\"wp-block-getwid-images-slider__item getwid-reset-height-tablet getwid-reset-height-mobile\" style=\"height:40vh\"><a href=\"https:\/\/mugi.lu\/wp-content\/uploads\/2022\/09\/01-lettre-009-1.jpg\"><figure><img loading=\"lazy\" decoding=\"async\" width=\"1200\" height=\"924\" src=\"https:\/\/mugi.lu\/wp-content\/uploads\/2022\/09\/01-lettre-009-1.jpg\" data-id=\"1227\" data-link=\"https:\/\/mugi.lu\/en\/subject\/jeannette-braun-giampellegrini\/01-lettre-009-2-2\/\" data-original-link=\"https:\/\/mugi.lu\/wp-content\/uploads\/2022\/09\/01-lettre-009-1.jpg\" class=\"wp-block-getwid-images-slider__image wp-image-1227\" srcset=\"https:\/\/mugi.lu\/wp-content\/uploads\/2022\/09\/01-lettre-009-1.jpg 1200w, https:\/\/mugi.lu\/wp-content\/uploads\/2022\/09\/01-lettre-009-1-300x231.jpg 300w, https:\/\/mugi.lu\/wp-content\/uploads\/2022\/09\/01-lettre-009-1-1024x788.jpg 1024w, https:\/\/mugi.lu\/wp-content\/uploads\/2022\/09\/01-lettre-009-1-768x591.jpg 768w\" sizes=\"auto, (max-width: 1200px) 100vw, 1200px\" \/><figcaption class=\"wp-block-getwid-images-slider__caption\">&lt;strong&gt;Letter from Madame Lepeuve, solf\u00e8ge professor at the &lt;i&gt;Paris Music Conservatory&lt;\/i&gt;, to Jeannette Giampellegrini, Sarg\u00e9-sur-Braye, 31.8.1955&lt;\/strong&gt;\nPrivate archives JBG<\/figcaption><\/figure><\/a><\/div><div class=\"wp-block-getwid-images-slider__item getwid-reset-height-tablet getwid-reset-height-mobile\" style=\"height:40vh\"><a href=\"https:\/\/mugi.lu\/wp-content\/uploads\/2024\/02\/02-lettre-006.jpg\"><figure><img loading=\"lazy\" decoding=\"async\" width=\"2000\" height=\"2544\" src=\"https:\/\/mugi.lu\/wp-content\/uploads\/2024\/02\/02-lettre-006.jpg\" data-id=\"1931\" data-link=\"https:\/\/mugi.lu\/en\/subject\/jeannette-braun-giampellegrini\/02-lettre-006-2\/\" data-original-link=\"https:\/\/mugi.lu\/wp-content\/uploads\/2024\/02\/02-lettre-006.jpg\" class=\"wp-block-getwid-images-slider__image wp-image-1931\" srcset=\"https:\/\/mugi.lu\/wp-content\/uploads\/2024\/02\/02-lettre-006.jpg 2000w, https:\/\/mugi.lu\/wp-content\/uploads\/2024\/02\/02-lettre-006-236x300.jpg 236w, https:\/\/mugi.lu\/wp-content\/uploads\/2024\/02\/02-lettre-006-805x1024.jpg 805w, https:\/\/mugi.lu\/wp-content\/uploads\/2024\/02\/02-lettre-006-768x977.jpg 768w, https:\/\/mugi.lu\/wp-content\/uploads\/2024\/02\/02-lettre-006-1208x1536.jpg 1208w, https:\/\/mugi.lu\/wp-content\/uploads\/2024\/02\/02-lettre-006-1610x2048.jpg 1610w, https:\/\/mugi.lu\/wp-content\/uploads\/2024\/02\/02-lettre-006-1850x2353.jpg 1850w\" sizes=\"auto, (max-width: 2000px) 100vw, 2000px\" \/><figcaption class=\"wp-block-getwid-images-slider__caption\">&lt;strong&gt;Letter from Simone Druilhe-Darrieulat, assistant at the piano class of Joseph Benvenuti, to Jeannette Giampellegrini, Paris, 19.9.1956&lt;\/strong&gt;\nPrivate archives JBG<\/figcaption><\/figure><\/a><\/div><div class=\"wp-block-getwid-images-slider__item getwid-reset-height-tablet getwid-reset-height-mobile\" style=\"height:40vh\"><a href=\"https:\/\/mugi.lu\/wp-content\/uploads\/2024\/02\/03-lettre-008.jpg\"><figure><img loading=\"lazy\" decoding=\"async\" width=\"2000\" height=\"1404\" src=\"https:\/\/mugi.lu\/wp-content\/uploads\/2024\/02\/03-lettre-008.jpg\" data-id=\"1934\" data-link=\"https:\/\/mugi.lu\/en\/subject\/jeannette-braun-giampellegrini\/03-lettre-008-2\/\" data-original-link=\"https:\/\/mugi.lu\/wp-content\/uploads\/2024\/02\/03-lettre-008.jpg\" class=\"wp-block-getwid-images-slider__image wp-image-1934\" srcset=\"https:\/\/mugi.lu\/wp-content\/uploads\/2024\/02\/03-lettre-008.jpg 2000w, https:\/\/mugi.lu\/wp-content\/uploads\/2024\/02\/03-lettre-008-300x211.jpg 300w, https:\/\/mugi.lu\/wp-content\/uploads\/2024\/02\/03-lettre-008-1024x719.jpg 1024w, https:\/\/mugi.lu\/wp-content\/uploads\/2024\/02\/03-lettre-008-768x539.jpg 768w, https:\/\/mugi.lu\/wp-content\/uploads\/2024\/02\/03-lettre-008-1536x1078.jpg 1536w, https:\/\/mugi.lu\/wp-content\/uploads\/2024\/02\/03-lettre-008-1850x1299.jpg 1850w\" sizes=\"auto, (max-width: 2000px) 100vw, 2000px\" \/><figcaption class=\"wp-block-getwid-images-slider__caption\">&lt;strong&gt;Letter from Madame Traus, piano professor, to Jeannette Giampellegrini, Luxembourg, 24.5.1957&lt;\/strong&gt;\nPrivate archives JBG<\/figcaption><\/figure><\/a><\/div><div class=\"wp-block-getwid-images-slider__item getwid-reset-height-tablet getwid-reset-height-mobile\" style=\"height:40vh\"><a href=\"https:\/\/mugi.lu\/wp-content\/uploads\/2024\/02\/04-lettre-010.jpg\"><figure><img loading=\"lazy\" decoding=\"async\" width=\"1608\" height=\"2000\" src=\"https:\/\/mugi.lu\/wp-content\/uploads\/2024\/02\/04-lettre-010.jpg\" data-id=\"1937\" data-link=\"https:\/\/mugi.lu\/en\/subject\/jeannette-braun-giampellegrini\/04-lettre-010-2\/\" data-original-link=\"https:\/\/mugi.lu\/wp-content\/uploads\/2024\/02\/04-lettre-010.jpg\" class=\"wp-block-getwid-images-slider__image wp-image-1937\" srcset=\"https:\/\/mugi.lu\/wp-content\/uploads\/2024\/02\/04-lettre-010.jpg 1608w, https:\/\/mugi.lu\/wp-content\/uploads\/2024\/02\/04-lettre-010-241x300.jpg 241w, https:\/\/mugi.lu\/wp-content\/uploads\/2024\/02\/04-lettre-010-823x1024.jpg 823w, https:\/\/mugi.lu\/wp-content\/uploads\/2024\/02\/04-lettre-010-768x955.jpg 768w, https:\/\/mugi.lu\/wp-content\/uploads\/2024\/02\/04-lettre-010-1235x1536.jpg 1235w\" sizes=\"auto, (max-width: 1608px) 100vw, 1608px\" \/><figcaption class=\"wp-block-getwid-images-slider__caption\">&lt;strong&gt;Letter from Madame Lepeuve, solf\u00e8ge professor at the &lt;i&gt;Paris Music Conservatory&lt;\/i&gt;, to Jeannette Giampellegrini, Saint-Cybardeaux, 5.9.1957&lt;\/strong&gt;\nPrivate archives JBG<\/figcaption><\/figure><\/a><\/div><div class=\"wp-block-getwid-images-slider__item getwid-reset-height-tablet getwid-reset-height-mobile\" style=\"height:40vh\"><a href=\"https:\/\/mugi.lu\/wp-content\/uploads\/2024\/02\/05-lettre-004.jpg\"><figure><img loading=\"lazy\" decoding=\"async\" width=\"2000\" height=\"1019\" src=\"https:\/\/mugi.lu\/wp-content\/uploads\/2024\/02\/05-lettre-004.jpg\" data-id=\"1940\" data-link=\"https:\/\/mugi.lu\/en\/subject\/jeannette-braun-giampellegrini\/05-lettre-004-2\/\" data-original-link=\"https:\/\/mugi.lu\/wp-content\/uploads\/2024\/02\/05-lettre-004.jpg\" class=\"wp-block-getwid-images-slider__image wp-image-1940\" srcset=\"https:\/\/mugi.lu\/wp-content\/uploads\/2024\/02\/05-lettre-004.jpg 2000w, https:\/\/mugi.lu\/wp-content\/uploads\/2024\/02\/05-lettre-004-300x153.jpg 300w, https:\/\/mugi.lu\/wp-content\/uploads\/2024\/02\/05-lettre-004-1024x522.jpg 1024w, https:\/\/mugi.lu\/wp-content\/uploads\/2024\/02\/05-lettre-004-768x391.jpg 768w, https:\/\/mugi.lu\/wp-content\/uploads\/2024\/02\/05-lettre-004-1536x783.jpg 1536w, https:\/\/mugi.lu\/wp-content\/uploads\/2024\/02\/05-lettre-004-1850x943.jpg 1850w\" sizes=\"auto, (max-width: 2000px) 100vw, 2000px\" \/><figcaption class=\"wp-block-getwid-images-slider__caption\">&lt;strong&gt;Letter from Sister Marguerite Marie to Jeannette Giampellegrini, Paris, 8.9.1957 &lt;\/strong&gt;\nPrivate archives JBG<\/figcaption><\/figure><\/a><\/div><div class=\"wp-block-getwid-images-slider__item getwid-reset-height-tablet getwid-reset-height-mobile\" style=\"height:40vh\"><a href=\"https:\/\/mugi.lu\/wp-content\/uploads\/2024\/02\/06-carte-postale-001.jpg\"><figure><img loading=\"lazy\" decoding=\"async\" width=\"2000\" height=\"948\" src=\"https:\/\/mugi.lu\/wp-content\/uploads\/2024\/02\/06-carte-postale-001.jpg\" data-id=\"1943\" data-link=\"https:\/\/mugi.lu\/en\/subject\/jeannette-braun-giampellegrini\/06-carte-postale-001-2\/\" data-original-link=\"https:\/\/mugi.lu\/wp-content\/uploads\/2024\/02\/06-carte-postale-001.jpg\" class=\"wp-block-getwid-images-slider__image wp-image-1943\" srcset=\"https:\/\/mugi.lu\/wp-content\/uploads\/2024\/02\/06-carte-postale-001.jpg 2000w, https:\/\/mugi.lu\/wp-content\/uploads\/2024\/02\/06-carte-postale-001-300x142.jpg 300w, https:\/\/mugi.lu\/wp-content\/uploads\/2024\/02\/06-carte-postale-001-1024x485.jpg 1024w, https:\/\/mugi.lu\/wp-content\/uploads\/2024\/02\/06-carte-postale-001-768x364.jpg 768w, https:\/\/mugi.lu\/wp-content\/uploads\/2024\/02\/06-carte-postale-001-1536x728.jpg 1536w, https:\/\/mugi.lu\/wp-content\/uploads\/2024\/02\/06-carte-postale-001-1850x877.jpg 1850w\" sizes=\"auto, (max-width: 2000px) 100vw, 2000px\" \/><figcaption class=\"wp-block-getwid-images-slider__caption\">&lt;strong&gt;Postcard from the teacher and composer Elsa Barraine (1910-1999) to Jeannette Giampellegrini, Paris, 3.1.1959&lt;\/strong&gt;\nPrivate archives JBG<\/figcaption><\/figure><\/a><\/div><div class=\"wp-block-getwid-images-slider__item getwid-reset-height-tablet getwid-reset-height-mobile\" style=\"height:40vh\"><a href=\"https:\/\/mugi.lu\/wp-content\/uploads\/2024\/02\/07-carte-postale-003.jpg\"><figure><img loading=\"lazy\" decoding=\"async\" width=\"2000\" height=\"644\" src=\"https:\/\/mugi.lu\/wp-content\/uploads\/2024\/02\/07-carte-postale-003.jpg\" data-id=\"1946\" data-link=\"https:\/\/mugi.lu\/en\/subject\/jeannette-braun-giampellegrini\/07-carte-postale-003-2\/\" data-original-link=\"https:\/\/mugi.lu\/wp-content\/uploads\/2024\/02\/07-carte-postale-003.jpg\" class=\"wp-block-getwid-images-slider__image wp-image-1946\" srcset=\"https:\/\/mugi.lu\/wp-content\/uploads\/2024\/02\/07-carte-postale-003.jpg 2000w, https:\/\/mugi.lu\/wp-content\/uploads\/2024\/02\/07-carte-postale-003-300x97.jpg 300w, https:\/\/mugi.lu\/wp-content\/uploads\/2024\/02\/07-carte-postale-003-1024x330.jpg 1024w, https:\/\/mugi.lu\/wp-content\/uploads\/2024\/02\/07-carte-postale-003-768x247.jpg 768w, https:\/\/mugi.lu\/wp-content\/uploads\/2024\/02\/07-carte-postale-003-1536x495.jpg 1536w, https:\/\/mugi.lu\/wp-content\/uploads\/2024\/02\/07-carte-postale-003-1850x596.jpg 1850w\" sizes=\"auto, (max-width: 2000px) 100vw, 2000px\" \/><figcaption class=\"wp-block-getwid-images-slider__caption\">&lt;strong&gt;Postcard from the teacher and composer Elsa Barraine (1910-1999) to Jeannette Giampellegrini, Paris, n.d. &lt;\/strong&gt;\nPrivate archives JBG<\/figcaption><\/figure><\/a><\/div><div class=\"wp-block-getwid-images-slider__item getwid-reset-height-tablet getwid-reset-height-mobile\" style=\"height:40vh\"><a href=\"https:\/\/mugi.lu\/wp-content\/uploads\/2024\/02\/08-carte-postale-004.jpg\"><figure><img loading=\"lazy\" decoding=\"async\" width=\"2000\" height=\"925\" src=\"https:\/\/mugi.lu\/wp-content\/uploads\/2024\/02\/08-carte-postale-004.jpg\" data-id=\"1949\" data-link=\"https:\/\/mugi.lu\/en\/subject\/jeannette-braun-giampellegrini\/08-carte-postale-004-2\/\" data-original-link=\"https:\/\/mugi.lu\/wp-content\/uploads\/2024\/02\/08-carte-postale-004.jpg\" class=\"wp-block-getwid-images-slider__image wp-image-1949\" srcset=\"https:\/\/mugi.lu\/wp-content\/uploads\/2024\/02\/08-carte-postale-004.jpg 2000w, https:\/\/mugi.lu\/wp-content\/uploads\/2024\/02\/08-carte-postale-004-300x139.jpg 300w, https:\/\/mugi.lu\/wp-content\/uploads\/2024\/02\/08-carte-postale-004-1024x474.jpg 1024w, https:\/\/mugi.lu\/wp-content\/uploads\/2024\/02\/08-carte-postale-004-768x355.jpg 768w, https:\/\/mugi.lu\/wp-content\/uploads\/2024\/02\/08-carte-postale-004-1536x710.jpg 1536w, https:\/\/mugi.lu\/wp-content\/uploads\/2024\/02\/08-carte-postale-004-1850x856.jpg 1850w\" sizes=\"auto, (max-width: 2000px) 100vw, 2000px\" \/><figcaption class=\"wp-block-getwid-images-slider__caption\">&lt;strong&gt;Postcard from the teacher and composer Elsa Barraine (1910-1999) to Jeannette Giampellegrini, Paris, n.d. &lt;\/strong&gt;\nPrivate archives JBG<\/figcaption><\/figure><\/a><\/div><div class=\"wp-block-getwid-images-slider__item getwid-reset-height-tablet getwid-reset-height-mobile\" style=\"height:40vh\"><a href=\"https:\/\/mugi.lu\/wp-content\/uploads\/2024\/02\/09-carte-postale-009.jpg\"><figure><img loading=\"lazy\" decoding=\"async\" width=\"2000\" height=\"906\" src=\"https:\/\/mugi.lu\/wp-content\/uploads\/2024\/02\/09-carte-postale-009.jpg\" data-id=\"1952\" data-link=\"https:\/\/mugi.lu\/en\/subject\/jeannette-braun-giampellegrini\/09-carte-postale-009-2\/\" data-original-link=\"https:\/\/mugi.lu\/wp-content\/uploads\/2024\/02\/09-carte-postale-009.jpg\" class=\"wp-block-getwid-images-slider__image wp-image-1952\" srcset=\"https:\/\/mugi.lu\/wp-content\/uploads\/2024\/02\/09-carte-postale-009.jpg 2000w, https:\/\/mugi.lu\/wp-content\/uploads\/2024\/02\/09-carte-postale-009-300x136.jpg 300w, https:\/\/mugi.lu\/wp-content\/uploads\/2024\/02\/09-carte-postale-009-1024x464.jpg 1024w, https:\/\/mugi.lu\/wp-content\/uploads\/2024\/02\/09-carte-postale-009-768x348.jpg 768w, https:\/\/mugi.lu\/wp-content\/uploads\/2024\/02\/09-carte-postale-009-1536x696.jpg 1536w, https:\/\/mugi.lu\/wp-content\/uploads\/2024\/02\/09-carte-postale-009-1850x838.jpg 1850w\" sizes=\"auto, (max-width: 2000px) 100vw, 2000px\" \/><figcaption class=\"wp-block-getwid-images-slider__caption\">&lt;strong&gt;Postcard from the teacher and composer Elsa Barraine (1910-1999) to Jeannette Giampellegrini, Paris, 6.2.1959&lt;\/strong&gt;\nPrivate archives JBG<\/figcaption><\/figure><\/a><\/div><div class=\"wp-block-getwid-images-slider__item getwid-reset-height-tablet getwid-reset-height-mobile\" style=\"height:40vh\"><a href=\"https:\/\/mugi.lu\/wp-content\/uploads\/2024\/02\/10-carte-postale.jpg\"><figure><img loading=\"lazy\" decoding=\"async\" width=\"2000\" height=\"938\" src=\"https:\/\/mugi.lu\/wp-content\/uploads\/2024\/02\/10-carte-postale.jpg\" data-id=\"1955\" data-link=\"https:\/\/mugi.lu\/en\/subject\/jeannette-braun-giampellegrini\/10-carte-postale-2\/\" data-original-link=\"https:\/\/mugi.lu\/wp-content\/uploads\/2024\/02\/10-carte-postale.jpg\" class=\"wp-block-getwid-images-slider__image wp-image-1955\" srcset=\"https:\/\/mugi.lu\/wp-content\/uploads\/2024\/02\/10-carte-postale.jpg 2000w, https:\/\/mugi.lu\/wp-content\/uploads\/2024\/02\/10-carte-postale-300x141.jpg 300w, https:\/\/mugi.lu\/wp-content\/uploads\/2024\/02\/10-carte-postale-1024x480.jpg 1024w, https:\/\/mugi.lu\/wp-content\/uploads\/2024\/02\/10-carte-postale-768x360.jpg 768w, https:\/\/mugi.lu\/wp-content\/uploads\/2024\/02\/10-carte-postale-1536x720.jpg 1536w, https:\/\/mugi.lu\/wp-content\/uploads\/2024\/02\/10-carte-postale-1850x868.jpg 1850w\" sizes=\"auto, (max-width: 2000px) 100vw, 2000px\" \/><figcaption class=\"wp-block-getwid-images-slider__caption\">&lt;strong&gt;Postcard from the composer, pianist and teacher Jean Hubeau (1917-1992) to Jeannette Giampellegrini, Royau, 3.9. [no year]&lt;\/strong&gt;\nPrivate archives JBG<\/figcaption><\/figure><\/a><\/div><\/div><\/div>\n\n\t\t\t<\/div>\n\n\t\t\t<button class=\"composer-tab__button composer-tab--color-secondary\">\n\t\t\t<span class=\"composer-tab__icon--correspondence\"><\/span>\n\t\t\t<span>Correspondence<\/span>\n\t\t<\/button>\n\t\n<\/div>\n\n\n\n<div class=\"composer-tab\" style=\"display: none;\" data-composer-tab-color=\"yellow\">\n\n\t<div class=\"composer-tab__badge composer-tab__badge-yellow\">\n\t\t<span class=\"composer-tab__icon--personal\"><\/span>\n\t\t<span class=\"composer-tab__circular-title\">Personal objects<\/span>\n\t<\/div>\n\n\t<div class=\"composer-tab__content\">\n\t\t\t\t\t\n\n<div class=\"wp-block-getwid-images-slider has-arrows-inside has-dots-none has-captions captions-style-light captions-bottom-center is-carousel has-slides-gap-normal has-images-center has-fitted-images has-fixed-height\"><div class=\"wp-block-getwid-images-slider__wrapper\" data-effect=\"slide\" data-slides-show=\"3\" data-slides-show-laptop=\"3\" data-slides-show-tablet=\"2\" data-slides-show-mobile=\"1\" data-slides-scroll=\"1\" data-autoplay=\"false\" data-pause-hover=\"false\" data-autoplay-speed=\"6000\" data-infinite=\"false\" data-animation-speed=\"500\" data-center-mode=\"false\" data-variable-width=\"false\" data-arrows=\"inside\" data-dots=\"none\" data-spacing=\"normal\"><div class=\"wp-block-getwid-images-slider__item getwid-reset-height-tablet getwid-reset-height-mobile\" style=\"height:40vh\"><a href=\"https:\/\/mugi.lu\/wp-content\/uploads\/2024\/02\/01-concours-de-piano-fiche-1958-pages1-3.jpg\"><figure><img loading=\"lazy\" decoding=\"async\" width=\"2000\" height=\"1033\" src=\"https:\/\/mugi.lu\/wp-content\/uploads\/2024\/02\/01-concours-de-piano-fiche-1958-pages1-3.jpg\" data-id=\"1958\" data-link=\"https:\/\/mugi.lu\/en\/subject\/jeannette-braun-giampellegrini\/01-concours-de-piano-fiche-1958-pages1-3-2\/\" data-original-link=\"https:\/\/mugi.lu\/wp-content\/uploads\/2024\/02\/01-concours-de-piano-fiche-1958-pages1-3.jpg\" class=\"wp-block-getwid-images-slider__image wp-image-1958\" srcset=\"https:\/\/mugi.lu\/wp-content\/uploads\/2024\/02\/01-concours-de-piano-fiche-1958-pages1-3.jpg 2000w, https:\/\/mugi.lu\/wp-content\/uploads\/2024\/02\/01-concours-de-piano-fiche-1958-pages1-3-300x155.jpg 300w, https:\/\/mugi.lu\/wp-content\/uploads\/2024\/02\/01-concours-de-piano-fiche-1958-pages1-3-1024x529.jpg 1024w, https:\/\/mugi.lu\/wp-content\/uploads\/2024\/02\/01-concours-de-piano-fiche-1958-pages1-3-768x397.jpg 768w, https:\/\/mugi.lu\/wp-content\/uploads\/2024\/02\/01-concours-de-piano-fiche-1958-pages1-3-1536x793.jpg 1536w, https:\/\/mugi.lu\/wp-content\/uploads\/2024\/02\/01-concours-de-piano-fiche-1958-pages1-3-1850x956.jpg 1850w\" sizes=\"auto, (max-width: 2000px) 100vw, 2000px\" \/><figcaption class=\"wp-block-getwid-images-slider__caption\">&lt;strong&gt;Piano competition at the &lt;i&gt;Paris Music Conservatory&lt;\/i&gt;, 14.6.1958&lt;\/strong&gt;\nPrivate archives JBG<\/figcaption><\/figure><\/a><\/div><div class=\"wp-block-getwid-images-slider__item getwid-reset-height-tablet getwid-reset-height-mobile\" style=\"height:40vh\"><a href=\"https:\/\/mugi.lu\/wp-content\/uploads\/2024\/02\/02-certificat-deleve001.jpg\"><figure><img loading=\"lazy\" decoding=\"async\" width=\"1293\" height=\"2000\" src=\"https:\/\/mugi.lu\/wp-content\/uploads\/2024\/02\/02-certificat-deleve001.jpg\" data-id=\"1961\" data-link=\"https:\/\/mugi.lu\/en\/subject\/jeannette-braun-giampellegrini\/02-certificat-deleve001-2\/\" data-original-link=\"https:\/\/mugi.lu\/wp-content\/uploads\/2024\/02\/02-certificat-deleve001.jpg\" class=\"wp-block-getwid-images-slider__image wp-image-1961\" srcset=\"https:\/\/mugi.lu\/wp-content\/uploads\/2024\/02\/02-certificat-deleve001.jpg 1293w, https:\/\/mugi.lu\/wp-content\/uploads\/2024\/02\/02-certificat-deleve001-194x300.jpg 194w, https:\/\/mugi.lu\/wp-content\/uploads\/2024\/02\/02-certificat-deleve001-662x1024.jpg 662w, https:\/\/mugi.lu\/wp-content\/uploads\/2024\/02\/02-certificat-deleve001-768x1188.jpg 768w, https:\/\/mugi.lu\/wp-content\/uploads\/2024\/02\/02-certificat-deleve001-993x1536.jpg 993w\" sizes=\"auto, (max-width: 1293px) 100vw, 1293px\" \/><figcaption class=\"wp-block-getwid-images-slider__caption\">&lt;strong&gt;Certificate of admission to the &lt;i&gt;Paris Music Conservatory&lt;\/i&gt; as a piano student, school year 1958-1959&lt;\/strong&gt;\nPrivate archives JBG<\/figcaption><\/figure><\/a><\/div><div class=\"wp-block-getwid-images-slider__item getwid-reset-height-tablet getwid-reset-height-mobile\" style=\"height:40vh\"><a href=\"https:\/\/mugi.lu\/wp-content\/uploads\/2024\/02\/03-lettre-011.jpg\"><figure><img loading=\"lazy\" decoding=\"async\" width=\"1428\" height=\"2000\" src=\"https:\/\/mugi.lu\/wp-content\/uploads\/2024\/02\/03-lettre-011.jpg\" data-id=\"1964\" data-link=\"https:\/\/mugi.lu\/en\/subject\/jeannette-braun-giampellegrini\/03-lettre-011-2\/\" data-original-link=\"https:\/\/mugi.lu\/wp-content\/uploads\/2024\/02\/03-lettre-011.jpg\" class=\"wp-block-getwid-images-slider__image wp-image-1964\" srcset=\"https:\/\/mugi.lu\/wp-content\/uploads\/2024\/02\/03-lettre-011.jpg 1428w, https:\/\/mugi.lu\/wp-content\/uploads\/2024\/02\/03-lettre-011-214x300.jpg 214w, https:\/\/mugi.lu\/wp-content\/uploads\/2024\/02\/03-lettre-011-731x1024.jpg 731w, https:\/\/mugi.lu\/wp-content\/uploads\/2024\/02\/03-lettre-011-768x1076.jpg 768w, https:\/\/mugi.lu\/wp-content\/uploads\/2024\/02\/03-lettre-011-1097x1536.jpg 1097w\" sizes=\"auto, (max-width: 1428px) 100vw, 1428px\" \/><figcaption class=\"wp-block-getwid-images-slider__caption\">&lt;strong&gt;Letter from the &lt;i&gt;Music School Esch&lt;\/i&gt; to Jeannette Giampellegrini, inviting her to participate in the jury, 25.5.1959&lt;\/strong&gt;\nPrivate archives JBG<\/figcaption><\/figure><\/a><\/div><div class=\"wp-block-getwid-images-slider__item getwid-reset-height-tablet getwid-reset-height-mobile\" style=\"height:40vh\"><a href=\"https:\/\/mugi.lu\/wp-content\/uploads\/2024\/02\/04-carte-dimmatriculation-1959-1960-a-side.jpg\"><figure><img loading=\"lazy\" decoding=\"async\" width=\"2000\" height=\"1331\" src=\"https:\/\/mugi.lu\/wp-content\/uploads\/2024\/02\/04-carte-dimmatriculation-1959-1960-a-side.jpg\" data-id=\"1967\" data-link=\"https:\/\/mugi.lu\/en\/subject\/jeannette-braun-giampellegrini\/04-carte-dimmatriculation-1959-1960-a-side-2\/\" data-original-link=\"https:\/\/mugi.lu\/wp-content\/uploads\/2024\/02\/04-carte-dimmatriculation-1959-1960-a-side.jpg\" class=\"wp-block-getwid-images-slider__image wp-image-1967\" srcset=\"https:\/\/mugi.lu\/wp-content\/uploads\/2024\/02\/04-carte-dimmatriculation-1959-1960-a-side.jpg 2000w, https:\/\/mugi.lu\/wp-content\/uploads\/2024\/02\/04-carte-dimmatriculation-1959-1960-a-side-300x200.jpg 300w, https:\/\/mugi.lu\/wp-content\/uploads\/2024\/02\/04-carte-dimmatriculation-1959-1960-a-side-1024x681.jpg 1024w, https:\/\/mugi.lu\/wp-content\/uploads\/2024\/02\/04-carte-dimmatriculation-1959-1960-a-side-768x511.jpg 768w, https:\/\/mugi.lu\/wp-content\/uploads\/2024\/02\/04-carte-dimmatriculation-1959-1960-a-side-1536x1022.jpg 1536w, https:\/\/mugi.lu\/wp-content\/uploads\/2024\/02\/04-carte-dimmatriculation-1959-1960-a-side-1850x1231.jpg 1850w\" sizes=\"auto, (max-width: 2000px) 100vw, 2000px\" \/><figcaption class=\"wp-block-getwid-images-slider__caption\">&lt;strong&gt;Enrolment card of the &lt;i&gt;Conservatoire National Sup\u00e9rieur de Musique de Paris&lt;\/i&gt;, school year 1959-1960&lt;\/strong&gt;\nPrivate archives 1960<\/figcaption><\/figure><\/a><\/div><div class=\"wp-block-getwid-images-slider__item getwid-reset-height-tablet getwid-reset-height-mobile\" style=\"height:40vh\"><a href=\"https:\/\/mugi.lu\/wp-content\/uploads\/2024\/02\/05-mnef-1960-1961.jpeg\"><figure><img loading=\"lazy\" decoding=\"async\" width=\"2000\" height=\"652\" src=\"https:\/\/mugi.lu\/wp-content\/uploads\/2024\/02\/05-mnef-1960-1961.jpeg\" data-id=\"1970\" data-link=\"https:\/\/mugi.lu\/en\/subject\/jeannette-braun-giampellegrini\/05-mnef-1960-1961-2\/\" data-original-link=\"https:\/\/mugi.lu\/wp-content\/uploads\/2024\/02\/05-mnef-1960-1961.jpeg\" class=\"wp-block-getwid-images-slider__image wp-image-1970\" srcset=\"https:\/\/mugi.lu\/wp-content\/uploads\/2024\/02\/05-mnef-1960-1961.jpeg 2000w, https:\/\/mugi.lu\/wp-content\/uploads\/2024\/02\/05-mnef-1960-1961-300x98.jpeg 300w, https:\/\/mugi.lu\/wp-content\/uploads\/2024\/02\/05-mnef-1960-1961-1024x334.jpeg 1024w, https:\/\/mugi.lu\/wp-content\/uploads\/2024\/02\/05-mnef-1960-1961-768x250.jpeg 768w, https:\/\/mugi.lu\/wp-content\/uploads\/2024\/02\/05-mnef-1960-1961-1536x501.jpeg 1536w, https:\/\/mugi.lu\/wp-content\/uploads\/2024\/02\/05-mnef-1960-1961-1850x603.jpeg 1850w\" sizes=\"auto, (max-width: 2000px) 100vw, 2000px\" \/><figcaption class=\"wp-block-getwid-images-slider__caption\">&lt;strong&gt;Membership card for the &lt;i&gt;Mutuelle Nationale des \u00c9tudiants de France&lt;\/i&gt;, 1960-1961&lt;\/strong&gt;\nPrivate archives JBG<\/figcaption><\/figure><\/a><\/div><div class=\"wp-block-getwid-images-slider__item getwid-reset-height-tablet getwid-reset-height-mobile\" style=\"height:40vh\"><a href=\"https:\/\/mugi.lu\/wp-content\/uploads\/2024\/02\/06-document092.jpg\"><figure><img loading=\"lazy\" decoding=\"async\" width=\"1404\" height=\"2000\" src=\"https:\/\/mugi.lu\/wp-content\/uploads\/2024\/02\/06-document092.jpg\" data-id=\"1973\" data-link=\"https:\/\/mugi.lu\/en\/subject\/jeannette-braun-giampellegrini\/06-document092-2\/\" data-original-link=\"https:\/\/mugi.lu\/wp-content\/uploads\/2024\/02\/06-document092.jpg\" class=\"wp-block-getwid-images-slider__image wp-image-1973\" srcset=\"https:\/\/mugi.lu\/wp-content\/uploads\/2024\/02\/06-document092.jpg 1404w, https:\/\/mugi.lu\/wp-content\/uploads\/2024\/02\/06-document092-211x300.jpg 211w, https:\/\/mugi.lu\/wp-content\/uploads\/2024\/02\/06-document092-719x1024.jpg 719w, https:\/\/mugi.lu\/wp-content\/uploads\/2024\/02\/06-document092-768x1094.jpg 768w, https:\/\/mugi.lu\/wp-content\/uploads\/2024\/02\/06-document092-1078x1536.jpg 1078w\" sizes=\"auto, (max-width: 1404px) 100vw, 1404px\" \/><figcaption class=\"wp-block-getwid-images-slider__caption\">&lt;strong&gt;Contract between &lt;i&gt;RTL&lt;\/i&gt; and Jeannette Giampelegrini for a musical performance, 16.10.1963 &lt;\/strong&gt;\nPrivate archives JBG<\/figcaption><\/figure><\/a><\/div><div class=\"wp-block-getwid-images-slider__item getwid-reset-height-tablet getwid-reset-height-mobile\" style=\"height:40vh\"><a href=\"https:\/\/mugi.lu\/wp-content\/uploads\/2024\/02\/07-photo-013.jpg\"><figure><img loading=\"lazy\" decoding=\"async\" width=\"1486\" height=\"2000\" src=\"https:\/\/mugi.lu\/wp-content\/uploads\/2024\/02\/07-photo-013.jpg\" data-id=\"1976\" data-link=\"https:\/\/mugi.lu\/en\/subject\/jeannette-braun-giampellegrini\/07-photo-013-2\/\" data-original-link=\"https:\/\/mugi.lu\/wp-content\/uploads\/2024\/02\/07-photo-013.jpg\" class=\"wp-block-getwid-images-slider__image wp-image-1976\" srcset=\"https:\/\/mugi.lu\/wp-content\/uploads\/2024\/02\/07-photo-013.jpg 1486w, https:\/\/mugi.lu\/wp-content\/uploads\/2024\/02\/07-photo-013-223x300.jpg 223w, https:\/\/mugi.lu\/wp-content\/uploads\/2024\/02\/07-photo-013-761x1024.jpg 761w, https:\/\/mugi.lu\/wp-content\/uploads\/2024\/02\/07-photo-013-768x1034.jpg 768w, https:\/\/mugi.lu\/wp-content\/uploads\/2024\/02\/07-photo-013-1141x1536.jpg 1141w\" sizes=\"auto, (max-width: 1486px) 100vw, 1486px\" \/><figcaption class=\"wp-block-getwid-images-slider__caption\">&lt;strong&gt;Drawing by the Luxembourgish painter Ren\u00e9 Weyland, with a personal dedication, on the occasion of a concert by Jeannette Giampellegrini on 3.10.1964 at the theatre in Esch\/Alzette&lt;\/strong&gt;\nPrivate archives JBG<\/figcaption><\/figure><\/a><\/div><div class=\"wp-block-getwid-images-slider__item getwid-reset-height-tablet getwid-reset-height-mobile\" style=\"height:40vh\"><a href=\"https:\/\/mugi.lu\/wp-content\/uploads\/2024\/02\/08-document120-pages-1-4.jpg\"><figure><img loading=\"lazy\" decoding=\"async\" width=\"2000\" height=\"836\" src=\"https:\/\/mugi.lu\/wp-content\/uploads\/2024\/02\/08-document120-pages-1-4.jpg\" data-id=\"1979\" data-link=\"https:\/\/mugi.lu\/en\/subject\/jeannette-braun-giampellegrini\/08-document120-pages-1-4-2\/\" data-original-link=\"https:\/\/mugi.lu\/wp-content\/uploads\/2024\/02\/08-document120-pages-1-4.jpg\" class=\"wp-block-getwid-images-slider__image wp-image-1979\" srcset=\"https:\/\/mugi.lu\/wp-content\/uploads\/2024\/02\/08-document120-pages-1-4.jpg 2000w, https:\/\/mugi.lu\/wp-content\/uploads\/2024\/02\/08-document120-pages-1-4-300x125.jpg 300w, https:\/\/mugi.lu\/wp-content\/uploads\/2024\/02\/08-document120-pages-1-4-1024x428.jpg 1024w, https:\/\/mugi.lu\/wp-content\/uploads\/2024\/02\/08-document120-pages-1-4-768x321.jpg 768w, https:\/\/mugi.lu\/wp-content\/uploads\/2024\/02\/08-document120-pages-1-4-1536x642.jpg 1536w, https:\/\/mugi.lu\/wp-content\/uploads\/2024\/02\/08-document120-pages-1-4-1850x773.jpg 1850w\" sizes=\"auto, (max-width: 2000px) 100vw, 2000px\" \/><figcaption class=\"wp-block-getwid-images-slider__caption\">&lt;strong&gt;Flyer of the &lt;i&gt;Quintette Luxembourgeois&lt;\/i&gt;, n.d.&lt;\/strong&gt;\nPrivate archives JBG<\/figcaption><\/figure><\/a><\/div><div class=\"wp-block-getwid-images-slider__item getwid-reset-height-tablet getwid-reset-height-mobile\" style=\"height:40vh\"><a href=\"https:\/\/mugi.lu\/wp-content\/uploads\/2024\/02\/09-document032.jpg\"><figure><img loading=\"lazy\" decoding=\"async\" width=\"1278\" height=\"2000\" src=\"https:\/\/mugi.lu\/wp-content\/uploads\/2024\/02\/09-document032.jpg\" data-id=\"1982\" data-link=\"https:\/\/mugi.lu\/en\/subject\/jeannette-braun-giampellegrini\/09-document032-2\/\" data-original-link=\"https:\/\/mugi.lu\/wp-content\/uploads\/2024\/02\/09-document032.jpg\" class=\"wp-block-getwid-images-slider__image wp-image-1982\" srcset=\"https:\/\/mugi.lu\/wp-content\/uploads\/2024\/02\/09-document032.jpg 1278w, https:\/\/mugi.lu\/wp-content\/uploads\/2024\/02\/09-document032-192x300.jpg 192w, https:\/\/mugi.lu\/wp-content\/uploads\/2024\/02\/09-document032-654x1024.jpg 654w, https:\/\/mugi.lu\/wp-content\/uploads\/2024\/02\/09-document032-768x1202.jpg 768w, https:\/\/mugi.lu\/wp-content\/uploads\/2024\/02\/09-document032-982x1536.jpg 982w\" sizes=\"auto, (max-width: 1278px) 100vw, 1278px\" \/><figcaption class=\"wp-block-getwid-images-slider__caption\">&lt;strong&gt;Program of a concert in the &lt;i&gt;Concertgebouw&lt;\/i&gt; [Amsterdam], 5.2.1971, with a note [by the poet] Isabelle Oberweis&lt;\/strong&gt;\nPrivate archives JBG<\/figcaption><\/figure><\/a><\/div><div class=\"wp-block-getwid-images-slider__item getwid-reset-height-tablet getwid-reset-height-mobile\" style=\"height:40vh\"><a href=\"https:\/\/mugi.lu\/wp-content\/uploads\/2024\/02\/10-document078.jpg\"><figure><img loading=\"lazy\" decoding=\"async\" width=\"2000\" height=\"1340\" src=\"https:\/\/mugi.lu\/wp-content\/uploads\/2024\/02\/10-document078.jpg\" data-id=\"1985\" data-link=\"https:\/\/mugi.lu\/en\/subject\/jeannette-braun-giampellegrini\/10-document078-2\/\" data-original-link=\"https:\/\/mugi.lu\/wp-content\/uploads\/2024\/02\/10-document078.jpg\" class=\"wp-block-getwid-images-slider__image wp-image-1985\" srcset=\"https:\/\/mugi.lu\/wp-content\/uploads\/2024\/02\/10-document078.jpg 2000w, https:\/\/mugi.lu\/wp-content\/uploads\/2024\/02\/10-document078-300x201.jpg 300w, https:\/\/mugi.lu\/wp-content\/uploads\/2024\/02\/10-document078-1024x686.jpg 1024w, https:\/\/mugi.lu\/wp-content\/uploads\/2024\/02\/10-document078-768x515.jpg 768w, https:\/\/mugi.lu\/wp-content\/uploads\/2024\/02\/10-document078-1536x1029.jpg 1536w, https:\/\/mugi.lu\/wp-content\/uploads\/2024\/02\/10-document078-1850x1240.jpg 1850w\" sizes=\"auto, (max-width: 2000px) 100vw, 2000px\" \/><figcaption class=\"wp-block-getwid-images-slider__caption\">&lt;strong&gt;Invitation to the reception on 7.11.1972 on the occasion of the celebration of the 55th anniversary of the Great October Socialist Revolution by the Ambassador of the &lt;i&gt;Union of Soviet Socialist Republics&lt;\/i&gt; &lt;\/strong&gt;\nPrivate archives JBG<\/figcaption><\/figure><\/a><\/div><div class=\"wp-block-getwid-images-slider__item getwid-reset-height-tablet getwid-reset-height-mobile\" style=\"height:40vh\"><a href=\"https:\/\/mugi.lu\/wp-content\/uploads\/2024\/02\/11-document149.jpg\"><figure><img loading=\"lazy\" decoding=\"async\" width=\"2000\" height=\"1148\" src=\"https:\/\/mugi.lu\/wp-content\/uploads\/2024\/02\/11-document149.jpg\" data-id=\"1988\" data-link=\"https:\/\/mugi.lu\/en\/subject\/jeannette-braun-giampellegrini\/11-document149-2\/\" data-original-link=\"https:\/\/mugi.lu\/wp-content\/uploads\/2024\/02\/11-document149.jpg\" class=\"wp-block-getwid-images-slider__image wp-image-1988\" srcset=\"https:\/\/mugi.lu\/wp-content\/uploads\/2024\/02\/11-document149.jpg 2000w, https:\/\/mugi.lu\/wp-content\/uploads\/2024\/02\/11-document149-300x172.jpg 300w, https:\/\/mugi.lu\/wp-content\/uploads\/2024\/02\/11-document149-1024x588.jpg 1024w, https:\/\/mugi.lu\/wp-content\/uploads\/2024\/02\/11-document149-768x441.jpg 768w, https:\/\/mugi.lu\/wp-content\/uploads\/2024\/02\/11-document149-1536x882.jpg 1536w, https:\/\/mugi.lu\/wp-content\/uploads\/2024\/02\/11-document149-1850x1062.jpg 1850w\" sizes=\"auto, (max-width: 2000px) 100vw, 2000px\" \/><figcaption class=\"wp-block-getwid-images-slider__caption\">&lt;strong&gt;Calling card of Jeannette Braun-Giampellegrini as deputy director of the &lt;i&gt;Conservatoire de Musique Esch\/Alzette&lt;\/i&gt; (1989-1998)&lt;\/strong&gt;\nPrivate archives JBG<\/figcaption><\/figure><\/a><\/div><div class=\"wp-block-getwid-images-slider__item getwid-reset-height-tablet getwid-reset-height-mobile\" style=\"height:40vh\"><a href=\"https:\/\/mugi.lu\/wp-content\/uploads\/2024\/02\/12-laureate-du-merite-culturel-de-la-ville-desch-sur-alzette-001-page-0003.jpg\"><figure><img loading=\"lazy\" decoding=\"async\" width=\"2000\" height=\"1398\" src=\"https:\/\/mugi.lu\/wp-content\/uploads\/2024\/02\/12-laureate-du-merite-culturel-de-la-ville-desch-sur-alzette-001-page-0003.jpg\" data-id=\"1991\" data-link=\"https:\/\/mugi.lu\/en\/subject\/jeannette-braun-giampellegrini\/12-laureate-du-merite-culturel-de-la-ville-desch-sur-alzette-001-page-0003-2\/\" data-original-link=\"https:\/\/mugi.lu\/wp-content\/uploads\/2024\/02\/12-laureate-du-merite-culturel-de-la-ville-desch-sur-alzette-001-page-0003.jpg\" class=\"wp-block-getwid-images-slider__image wp-image-1991\" srcset=\"https:\/\/mugi.lu\/wp-content\/uploads\/2024\/02\/12-laureate-du-merite-culturel-de-la-ville-desch-sur-alzette-001-page-0003.jpg 2000w, https:\/\/mugi.lu\/wp-content\/uploads\/2024\/02\/12-laureate-du-merite-culturel-de-la-ville-desch-sur-alzette-001-page-0003-300x210.jpg 300w, https:\/\/mugi.lu\/wp-content\/uploads\/2024\/02\/12-laureate-du-merite-culturel-de-la-ville-desch-sur-alzette-001-page-0003-1024x716.jpg 1024w, https:\/\/mugi.lu\/wp-content\/uploads\/2024\/02\/12-laureate-du-merite-culturel-de-la-ville-desch-sur-alzette-001-page-0003-768x537.jpg 768w, https:\/\/mugi.lu\/wp-content\/uploads\/2024\/02\/12-laureate-du-merite-culturel-de-la-ville-desch-sur-alzette-001-page-0003-1536x1074.jpg 1536w, https:\/\/mugi.lu\/wp-content\/uploads\/2024\/02\/12-laureate-du-merite-culturel-de-la-ville-desch-sur-alzette-001-page-0003-1850x1293.jpg 1850w\" sizes=\"auto, (max-width: 2000px) 100vw, 2000px\" \/><figcaption class=\"wp-block-getwid-images-slider__caption\">&lt;strong&gt;Brochure, published on the occasion of the award of the &lt;i&gt;Prix du m\u00e9rite culturel&lt;\/i&gt; of the city of Esch\/Alzette to Jeannette Braun-Giampellegrini on 8.8.2008&lt;\/strong&gt;\n\u00a9 Ville d\u2019Esch-sur-Alzette<\/figcaption><\/figure><\/a><\/div><\/div><\/div>\n\n\t\t\t<\/div>\n\n\t\t\t<button class=\"composer-tab__button composer-tab--color-yellow\">\n\t\t\t<span class=\"composer-tab__icon--personal\"><\/span>\n\t\t\t<span>Personal objects<\/span>\n\t\t<\/button>\n\t\n<\/div>\n\n\n\n<div class=\"composer-tab\" style=\"display: none;\" data-composer-tab-color=\"primary\">\n\n\t<div class=\"composer-tab__badge composer-tab__badge-primary\">\n\t\t<span class=\"composer-tab__icon--parchemin\"><\/span>\n\t\t<span class=\"composer-tab__circular-title\">Concert programmes<\/span>\n\t<\/div>\n\n\t<div class=\"composer-tab__content\">\n\t\t\t\t\t\n\n<div class=\"wp-block-getwid-images-slider has-arrows-inside has-dots-none has-captions captions-style-light captions-bottom-center is-carousel has-slides-gap-normal has-images-center has-fitted-images has-fixed-height\"><div class=\"wp-block-getwid-images-slider__wrapper\" data-effect=\"slide\" data-slides-show=\"3\" data-slides-show-laptop=\"3\" data-slides-show-tablet=\"2\" data-slides-show-mobile=\"1\" data-slides-scroll=\"1\" data-autoplay=\"false\" data-pause-hover=\"false\" data-autoplay-speed=\"6000\" data-infinite=\"false\" data-animation-speed=\"500\" data-center-mode=\"false\" data-variable-width=\"false\" data-arrows=\"inside\" data-dots=\"none\" data-spacing=\"normal\"><div class=\"wp-block-getwid-images-slider__item getwid-reset-height-tablet getwid-reset-height-mobile\" style=\"height:40vh\"><a href=\"https:\/\/mugi.lu\/wp-content\/uploads\/2024\/02\/1-document126.jpg\"><figure><img loading=\"lazy\" decoding=\"async\" width=\"1000\" height=\"1414\" src=\"https:\/\/mugi.lu\/wp-content\/uploads\/2024\/02\/1-document126.jpg\" data-id=\"2160\" data-link=\"https:\/\/mugi.lu\/en\/1-document126-2\/\" data-original-link=\"https:\/\/mugi.lu\/wp-content\/uploads\/2024\/02\/1-document126.jpg\" class=\"wp-block-getwid-images-slider__image wp-image-2160\" srcset=\"https:\/\/mugi.lu\/wp-content\/uploads\/2024\/02\/1-document126.jpg 1000w, https:\/\/mugi.lu\/wp-content\/uploads\/2024\/02\/1-document126-212x300.jpg 212w, https:\/\/mugi.lu\/wp-content\/uploads\/2024\/02\/1-document126-724x1024.jpg 724w, https:\/\/mugi.lu\/wp-content\/uploads\/2024\/02\/1-document126-768x1086.jpg 768w\" sizes=\"auto, (max-width: 1000px) 100vw, 1000px\" \/><figcaption class=\"wp-block-getwid-images-slider__caption\">&lt;strong&gt;Concert program, &lt;i&gt;Cercle Symphonique&lt;\/i&gt; under the direction of Pierre Cao in Esch\/Alzette, 14.3.1963&lt;\/strong&gt;\nPrivate archives JBG<\/figcaption><\/figure><\/a><\/div><div class=\"wp-block-getwid-images-slider__item getwid-reset-height-tablet getwid-reset-height-mobile\" style=\"height:40vh\"><a href=\"https:\/\/mugi.lu\/wp-content\/uploads\/2024\/02\/2-document089.jpg\"><figure><img loading=\"lazy\" decoding=\"async\" width=\"1000\" height=\"1423\" src=\"https:\/\/mugi.lu\/wp-content\/uploads\/2024\/02\/2-document089.jpg\" data-id=\"2163\" data-link=\"https:\/\/mugi.lu\/en\/2-document089-2\/\" data-original-link=\"https:\/\/mugi.lu\/wp-content\/uploads\/2024\/02\/2-document089.jpg\" class=\"wp-block-getwid-images-slider__image wp-image-2163\" srcset=\"https:\/\/mugi.lu\/wp-content\/uploads\/2024\/02\/2-document089.jpg 1000w, https:\/\/mugi.lu\/wp-content\/uploads\/2024\/02\/2-document089-211x300.jpg 211w, https:\/\/mugi.lu\/wp-content\/uploads\/2024\/02\/2-document089-720x1024.jpg 720w, https:\/\/mugi.lu\/wp-content\/uploads\/2024\/02\/2-document089-768x1093.jpg 768w\" sizes=\"auto, (max-width: 1000px) 100vw, 1000px\" \/><figcaption class=\"wp-block-getwid-images-slider__caption\">&lt;strong&gt;Concert program with Luxembourgish symphonic music by the &lt;i&gt;RTL Orchestra&lt;\/i&gt; under the direction of Carlo Kaufhold with Jeannette Giampellgrini as soloist, 17.10.1963&lt;\/strong&gt;\nPrivate archives JBG<\/figcaption><\/figure><\/a><\/div><div class=\"wp-block-getwid-images-slider__item getwid-reset-height-tablet getwid-reset-height-mobile\" style=\"height:40vh\"><a href=\"https:\/\/mugi.lu\/wp-content\/uploads\/2024\/02\/3-document005.jpg\"><figure><img loading=\"lazy\" decoding=\"async\" width=\"1000\" height=\"1397\" src=\"https:\/\/mugi.lu\/wp-content\/uploads\/2024\/02\/3-document005.jpg\" data-id=\"2166\" data-link=\"https:\/\/mugi.lu\/en\/3-document005-2\/\" data-original-link=\"https:\/\/mugi.lu\/wp-content\/uploads\/2024\/02\/3-document005.jpg\" class=\"wp-block-getwid-images-slider__image wp-image-2166\" srcset=\"https:\/\/mugi.lu\/wp-content\/uploads\/2024\/02\/3-document005.jpg 1000w, https:\/\/mugi.lu\/wp-content\/uploads\/2024\/02\/3-document005-215x300.jpg 215w, https:\/\/mugi.lu\/wp-content\/uploads\/2024\/02\/3-document005-733x1024.jpg 733w, https:\/\/mugi.lu\/wp-content\/uploads\/2024\/02\/3-document005-768x1073.jpg 768w\" sizes=\"auto, (max-width: 1000px) 100vw, 1000px\" \/><figcaption class=\"wp-block-getwid-images-slider__caption\">&lt;strong&gt;Flyer &lt;i&gt;Grand r\u00e9cital de violon et de piano&lt;\/i&gt; by Th\u00e9r\u00e8se Divry and Jeannette Giampellegrini in Differdange, 10.11.1963&lt;\/strong&gt;\nPrivate archives JBG<\/figcaption><\/figure><\/a><\/div><div class=\"wp-block-getwid-images-slider__item getwid-reset-height-tablet getwid-reset-height-mobile\" style=\"height:40vh\"><a href=\"https:\/\/mugi.lu\/wp-content\/uploads\/2024\/02\/4-programme-luxembourgeois-p12.jpg\"><figure><img loading=\"lazy\" decoding=\"async\" width=\"1976\" height=\"1400\" src=\"https:\/\/mugi.lu\/wp-content\/uploads\/2024\/02\/4-programme-luxembourgeois-p12.jpg\" data-id=\"2169\" data-link=\"https:\/\/mugi.lu\/en\/4-programme-luxembourgeois-p12-2\/\" data-original-link=\"https:\/\/mugi.lu\/wp-content\/uploads\/2024\/02\/4-programme-luxembourgeois-p12.jpg\" class=\"wp-block-getwid-images-slider__image wp-image-2169\" srcset=\"https:\/\/mugi.lu\/wp-content\/uploads\/2024\/02\/4-programme-luxembourgeois-p12.jpg 1976w, https:\/\/mugi.lu\/wp-content\/uploads\/2024\/02\/4-programme-luxembourgeois-p12-300x213.jpg 300w, https:\/\/mugi.lu\/wp-content\/uploads\/2024\/02\/4-programme-luxembourgeois-p12-1024x726.jpg 1024w, https:\/\/mugi.lu\/wp-content\/uploads\/2024\/02\/4-programme-luxembourgeois-p12-768x544.jpg 768w, https:\/\/mugi.lu\/wp-content\/uploads\/2024\/02\/4-programme-luxembourgeois-p12-1536x1088.jpg 1536w, https:\/\/mugi.lu\/wp-content\/uploads\/2024\/02\/4-programme-luxembourgeois-p12-1850x1311.jpg 1850w\" sizes=\"auto, (max-width: 1976px) 100vw, 1976px\" \/><figcaption class=\"wp-block-getwid-images-slider__caption\">&lt;strong&gt;Concert program by the &lt;i&gt;Orchestra of Radio Luxembourg&lt;\/i&gt; with the soloist Jeannette Giampellegrini on 24.1.1964, on the programme &lt;i&gt;Mouvements pour piano et orchestre&lt;\/i&gt; by Claus Krumlowsky, p. 1&amp;7&lt;\/strong&gt;\nPrivate archives JBG<\/figcaption><\/figure><\/a><\/div><div class=\"wp-block-getwid-images-slider__item getwid-reset-height-tablet getwid-reset-height-mobile\" style=\"height:40vh\"><a href=\"https:\/\/mugi.lu\/wp-content\/uploads\/2024\/02\/5-document049-p12.jpg\"><figure><img loading=\"lazy\" decoding=\"async\" width=\"2000\" height=\"488\" src=\"https:\/\/mugi.lu\/wp-content\/uploads\/2024\/02\/5-document049-p12.jpg\" data-id=\"2172\" data-link=\"https:\/\/mugi.lu\/en\/5-document049-p12-2\/\" data-original-link=\"https:\/\/mugi.lu\/wp-content\/uploads\/2024\/02\/5-document049-p12.jpg\" class=\"wp-block-getwid-images-slider__image wp-image-2172\" srcset=\"https:\/\/mugi.lu\/wp-content\/uploads\/2024\/02\/5-document049-p12.jpg 2000w, https:\/\/mugi.lu\/wp-content\/uploads\/2024\/02\/5-document049-p12-300x73.jpg 300w, https:\/\/mugi.lu\/wp-content\/uploads\/2024\/02\/5-document049-p12-1024x250.jpg 1024w, https:\/\/mugi.lu\/wp-content\/uploads\/2024\/02\/5-document049-p12-768x187.jpg 768w, https:\/\/mugi.lu\/wp-content\/uploads\/2024\/02\/5-document049-p12-1536x375.jpg 1536w, https:\/\/mugi.lu\/wp-content\/uploads\/2024\/02\/5-document049-p12-1850x451.jpg 1850w\" sizes=\"auto, (max-width: 2000px) 100vw, 2000px\" \/><figcaption class=\"wp-block-getwid-images-slider__caption\">&lt;strong&gt;Invitation card for an orchestral concert under the direction of Pierre Cao with Jeannette Giampellegrini as soloist in Beethoven&#8217;s &lt;i&gt;Choral Fantasy&lt;\/i&gt;, 3.10.1964, p. 1&amp;2&lt;\/strong&gt;\nPrivate archives JBG<\/figcaption><\/figure><\/a><\/div><div class=\"wp-block-getwid-images-slider__item getwid-reset-height-tablet getwid-reset-height-mobile\" style=\"height:40vh\"><a href=\"https:\/\/mugi.lu\/wp-content\/uploads\/2024\/02\/6-document056-page-0002.jpg\"><figure><img loading=\"lazy\" decoding=\"async\" width=\"1920\" height=\"1014\" src=\"https:\/\/mugi.lu\/wp-content\/uploads\/2024\/02\/6-document056-page-0002.jpg\" data-id=\"2175\" data-link=\"https:\/\/mugi.lu\/en\/6-document056-page-0002-2\/\" data-original-link=\"https:\/\/mugi.lu\/wp-content\/uploads\/2024\/02\/6-document056-page-0002.jpg\" class=\"wp-block-getwid-images-slider__image wp-image-2175\" srcset=\"https:\/\/mugi.lu\/wp-content\/uploads\/2024\/02\/6-document056-page-0002.jpg 1920w, https:\/\/mugi.lu\/wp-content\/uploads\/2024\/02\/6-document056-page-0002-300x158.jpg 300w, https:\/\/mugi.lu\/wp-content\/uploads\/2024\/02\/6-document056-page-0002-1024x541.jpg 1024w, https:\/\/mugi.lu\/wp-content\/uploads\/2024\/02\/6-document056-page-0002-768x406.jpg 768w, https:\/\/mugi.lu\/wp-content\/uploads\/2024\/02\/6-document056-page-0002-1536x811.jpg 1536w, https:\/\/mugi.lu\/wp-content\/uploads\/2024\/02\/6-document056-page-0002-1850x977.jpg 1850w\" sizes=\"auto, (max-width: 1920px) 100vw, 1920px\" \/><figcaption class=\"wp-block-getwid-images-slider__caption\">&lt;strong&gt;Program of a recital by Ren\u00e9e Bertemes-Roeder, accompanied by Jeannette Giampellegrini, &lt;i&gt;Luxembourg State Museum&lt;\/i&gt;, 7.1.1966, p. 1&amp;2&lt;\/strong&gt;\nPrivate archives JBG<\/figcaption><\/figure><\/a><\/div><div class=\"wp-block-getwid-images-slider__item getwid-reset-height-tablet getwid-reset-height-mobile\" style=\"height:40vh\"><a href=\"https:\/\/mugi.lu\/wp-content\/uploads\/2024\/02\/7-document058-p12.jpg\"><figure><img loading=\"lazy\" decoding=\"async\" width=\"1920\" height=\"899\" src=\"https:\/\/mugi.lu\/wp-content\/uploads\/2024\/02\/7-document058-p12.jpg\" data-id=\"2178\" data-link=\"https:\/\/mugi.lu\/en\/7-document058-p12-2\/\" data-original-link=\"https:\/\/mugi.lu\/wp-content\/uploads\/2024\/02\/7-document058-p12.jpg\" class=\"wp-block-getwid-images-slider__image wp-image-2178\" srcset=\"https:\/\/mugi.lu\/wp-content\/uploads\/2024\/02\/7-document058-p12.jpg 1920w, https:\/\/mugi.lu\/wp-content\/uploads\/2024\/02\/7-document058-p12-300x140.jpg 300w, https:\/\/mugi.lu\/wp-content\/uploads\/2024\/02\/7-document058-p12-1024x479.jpg 1024w, https:\/\/mugi.lu\/wp-content\/uploads\/2024\/02\/7-document058-p12-768x360.jpg 768w, https:\/\/mugi.lu\/wp-content\/uploads\/2024\/02\/7-document058-p12-1536x719.jpg 1536w, https:\/\/mugi.lu\/wp-content\/uploads\/2024\/02\/7-document058-p12-1850x866.jpg 1850w\" sizes=\"auto, (max-width: 1920px) 100vw, 1920px\" \/><figcaption class=\"wp-block-getwid-images-slider__caption\">&lt;strong&gt;Program of a recital by bass singer Bruno Wyzuj, accompanied by Jeannette Giampellegrini, &lt;i&gt;Luxembourg City Theatre&lt;\/i&gt;, 8.1.1965, with personal dedication&lt;\/strong&gt;\nPrivate archives JBG<\/figcaption><\/figure><\/a><\/div><div class=\"wp-block-getwid-images-slider__item getwid-reset-height-tablet getwid-reset-height-mobile\" style=\"height:40vh\"><a href=\"https:\/\/mugi.lu\/wp-content\/uploads\/2024\/02\/8-belgische-radio-en-televisie-p12.jpg\"><figure><img loading=\"lazy\" decoding=\"async\" width=\"2000\" height=\"1029\" src=\"https:\/\/mugi.lu\/wp-content\/uploads\/2024\/02\/8-belgische-radio-en-televisie-p12.jpg\" data-id=\"2181\" data-link=\"https:\/\/mugi.lu\/en\/8-belgische-radio-en-televisie-p12-2\/\" data-original-link=\"https:\/\/mugi.lu\/wp-content\/uploads\/2024\/02\/8-belgische-radio-en-televisie-p12.jpg\" class=\"wp-block-getwid-images-slider__image wp-image-2181\" srcset=\"https:\/\/mugi.lu\/wp-content\/uploads\/2024\/02\/8-belgische-radio-en-televisie-p12.jpg 2000w, https:\/\/mugi.lu\/wp-content\/uploads\/2024\/02\/8-belgische-radio-en-televisie-p12-300x154.jpg 300w, https:\/\/mugi.lu\/wp-content\/uploads\/2024\/02\/8-belgische-radio-en-televisie-p12-1024x527.jpg 1024w, https:\/\/mugi.lu\/wp-content\/uploads\/2024\/02\/8-belgische-radio-en-televisie-p12-768x395.jpg 768w, https:\/\/mugi.lu\/wp-content\/uploads\/2024\/02\/8-belgische-radio-en-televisie-p12-1536x790.jpg 1536w, https:\/\/mugi.lu\/wp-content\/uploads\/2024\/02\/8-belgische-radio-en-televisie-p12-1850x952.jpg 1850w\" sizes=\"auto, (max-width: 2000px) 100vw, 2000px\" \/><figcaption class=\"wp-block-getwid-images-slider__caption\">&lt;strong&gt;Program of a concert by the &lt;i&gt;Quintette Luxembourgeois&lt;\/i&gt;, Bruges, 19.2.1970, p. 1&amp;2&lt;\/strong&gt;\nPrivate archives JBG<\/figcaption><\/figure><\/a><\/div><div class=\"wp-block-getwid-images-slider__item getwid-reset-height-tablet getwid-reset-height-mobile\" style=\"height:40vh\"><a href=\"https:\/\/mugi.lu\/wp-content\/uploads\/2024\/02\/9-document031-p12.jpg\"><figure><img loading=\"lazy\" decoding=\"async\" width=\"1600\" height=\"1271\" src=\"https:\/\/mugi.lu\/wp-content\/uploads\/2024\/02\/9-document031-p12.jpg\" data-id=\"2184\" data-link=\"https:\/\/mugi.lu\/en\/9-document031-p12-2\/\" data-original-link=\"https:\/\/mugi.lu\/wp-content\/uploads\/2024\/02\/9-document031-p12.jpg\" class=\"wp-block-getwid-images-slider__image wp-image-2184\" srcset=\"https:\/\/mugi.lu\/wp-content\/uploads\/2024\/02\/9-document031-p12.jpg 1600w, https:\/\/mugi.lu\/wp-content\/uploads\/2024\/02\/9-document031-p12-300x238.jpg 300w, https:\/\/mugi.lu\/wp-content\/uploads\/2024\/02\/9-document031-p12-1024x813.jpg 1024w, https:\/\/mugi.lu\/wp-content\/uploads\/2024\/02\/9-document031-p12-768x610.jpg 768w, https:\/\/mugi.lu\/wp-content\/uploads\/2024\/02\/9-document031-p12-1536x1220.jpg 1536w\" sizes=\"auto, (max-width: 1600px) 100vw, 1600px\" \/><figcaption class=\"wp-block-getwid-images-slider__caption\">&lt;strong&gt;Program of a concert by the &lt;i&gt;Quintette Luxembourgeois&lt;\/i&gt;, Amsterdam-Zuid, 5.2.1971, p. 1&amp;2&lt;\/strong&gt;\nPrivate archives JBG<\/figcaption><\/figure><\/a><\/div><div class=\"wp-block-getwid-images-slider__item getwid-reset-height-tablet getwid-reset-height-mobile\" style=\"height:40vh\"><a href=\"https:\/\/mugi.lu\/wp-content\/uploads\/2024\/02\/10-document086.jpg\"><figure><img loading=\"lazy\" decoding=\"async\" width=\"1000\" height=\"1356\" src=\"https:\/\/mugi.lu\/wp-content\/uploads\/2024\/02\/10-document086.jpg\" data-id=\"2187\" data-link=\"https:\/\/mugi.lu\/en\/10-document086-2\/\" data-original-link=\"https:\/\/mugi.lu\/wp-content\/uploads\/2024\/02\/10-document086.jpg\" class=\"wp-block-getwid-images-slider__image wp-image-2187\" srcset=\"https:\/\/mugi.lu\/wp-content\/uploads\/2024\/02\/10-document086.jpg 1000w, https:\/\/mugi.lu\/wp-content\/uploads\/2024\/02\/10-document086-221x300.jpg 221w, https:\/\/mugi.lu\/wp-content\/uploads\/2024\/02\/10-document086-755x1024.jpg 755w, https:\/\/mugi.lu\/wp-content\/uploads\/2024\/02\/10-document086-768x1041.jpg 768w\" sizes=\"auto, (max-width: 1000px) 100vw, 1000px\" \/><figcaption class=\"wp-block-getwid-images-slider__caption\">&lt;strong&gt;Program of a concert given by the &lt;i&gt;Grand-Ducal Military Band&lt;\/i&gt; with Jeannette Braun-Giampellegrini as soloist, Soleuvre, 20.12.1986&lt;\/strong&gt;\nPrivate archives JBG<\/figcaption><\/figure><\/a><\/div><div class=\"wp-block-getwid-images-slider__item getwid-reset-height-tablet getwid-reset-height-mobile\" style=\"height:40vh\"><a href=\"https:\/\/mugi.lu\/wp-content\/uploads\/2024\/02\/11-fiche002-p12.jpg\"><figure><img loading=\"lazy\" decoding=\"async\" width=\"2000\" height=\"937\" src=\"https:\/\/mugi.lu\/wp-content\/uploads\/2024\/02\/11-fiche002-p12.jpg\" data-id=\"2190\" data-link=\"https:\/\/mugi.lu\/en\/11-fiche002-p12-2\/\" data-original-link=\"https:\/\/mugi.lu\/wp-content\/uploads\/2024\/02\/11-fiche002-p12.jpg\" class=\"wp-block-getwid-images-slider__image wp-image-2190\" srcset=\"https:\/\/mugi.lu\/wp-content\/uploads\/2024\/02\/11-fiche002-p12.jpg 2000w, https:\/\/mugi.lu\/wp-content\/uploads\/2024\/02\/11-fiche002-p12-300x141.jpg 300w, https:\/\/mugi.lu\/wp-content\/uploads\/2024\/02\/11-fiche002-p12-1024x480.jpg 1024w, https:\/\/mugi.lu\/wp-content\/uploads\/2024\/02\/11-fiche002-p12-768x360.jpg 768w, https:\/\/mugi.lu\/wp-content\/uploads\/2024\/02\/11-fiche002-p12-1536x720.jpg 1536w, https:\/\/mugi.lu\/wp-content\/uploads\/2024\/02\/11-fiche002-p12-1850x867.jpg 1850w\" sizes=\"auto, (max-width: 2000px) 100vw, 2000px\" \/><figcaption class=\"wp-block-getwid-images-slider__caption\">&lt;strong&gt;Concert program with works for two pianos, Jeannette Braun-Giampellegrini and Daniel Feis, &lt;i&gt;Conservatoire d&#8217;Esch\/Alzette&lt;\/i&gt;, 4.2.1996, p. 1&amp;2&lt;\/strong&gt;\nPrivate archives JBG<\/figcaption><\/figure><\/a><\/div><\/div><\/div>\n\n\t\t\t<\/div>\n\n\t\t\t<button class=\"composer-tab__button composer-tab--color-primary\">\n\t\t\t<span class=\"composer-tab__icon--parchemin\"><\/span>\n\t\t\t<span>Concert programmes<\/span>\n\t\t<\/button>\n\t\n<\/div>\n\n\n\n<div class=\"composer-tab\" style=\"display: none;\" data-composer-tab-color=\"orange\">\n\n\t<div class=\"composer-tab__badge composer-tab__badge-orange\">\n\t\t<span class=\"composer-tab__icon--press\"><\/span>\n\t\t<span class=\"composer-tab__circular-title\">Press<\/span>\n\t<\/div>\n\n\t<div class=\"composer-tab__content\">\n\t\t\t\t\t\n\n<div class=\"wp-block-getwid-images-slider has-arrows-inside has-dots-none has-captions captions-style-light captions-bottom-center is-carousel has-slides-gap-normal has-images-center has-fitted-images has-fixed-height\"><div class=\"wp-block-getwid-images-slider__wrapper\" data-effect=\"slide\" data-slides-show=\"3\" data-slides-show-laptop=\"3\" data-slides-show-tablet=\"2\" data-slides-show-mobile=\"1\" data-slides-scroll=\"1\" data-autoplay=\"false\" data-pause-hover=\"false\" data-autoplay-speed=\"6000\" data-infinite=\"false\" data-animation-speed=\"500\" data-center-mode=\"false\" data-variable-width=\"false\" data-arrows=\"inside\" data-dots=\"none\" data-spacing=\"normal\"><div class=\"wp-block-getwid-images-slider__item getwid-reset-height-tablet getwid-reset-height-mobile\" style=\"height:40vh\"><a href=\"https:\/\/mugi.lu\/wp-content\/uploads\/2024\/02\/1-document105.jpg\"><figure><img loading=\"lazy\" decoding=\"async\" width=\"1000\" height=\"1612\" src=\"https:\/\/mugi.lu\/wp-content\/uploads\/2024\/02\/1-document105.jpg\" data-id=\"2142\" data-link=\"https:\/\/mugi.lu\/en\/1-document105-2\/\" data-original-link=\"https:\/\/mugi.lu\/wp-content\/uploads\/2024\/02\/1-document105.jpg\" class=\"wp-block-getwid-images-slider__image wp-image-2142\" srcset=\"https:\/\/mugi.lu\/wp-content\/uploads\/2024\/02\/1-document105.jpg 1000w, https:\/\/mugi.lu\/wp-content\/uploads\/2024\/02\/1-document105-186x300.jpg 186w, https:\/\/mugi.lu\/wp-content\/uploads\/2024\/02\/1-document105-635x1024.jpg 635w, https:\/\/mugi.lu\/wp-content\/uploads\/2024\/02\/1-document105-768x1238.jpg 768w, https:\/\/mugi.lu\/wp-content\/uploads\/2024\/02\/1-document105-953x1536.jpg 953w\" sizes=\"auto, (max-width: 1000px) 100vw, 1000px\" \/><figcaption class=\"wp-block-getwid-images-slider__caption\">&lt;strong&gt;Review of a gala concert of 26.1.1963 in Dudelange with the pianist Jeannette Giampellegrini&lt;\/strong&gt; &lt;i&gt;Le R\u00e9publicain Lorrain &lt;\/i&gt;(28.1.1963)\nPrivate archives JBG<\/figcaption><\/figure><\/a><\/div><div class=\"wp-block-getwid-images-slider__item getwid-reset-height-tablet getwid-reset-height-mobile\" style=\"height:40vh\"><a href=\"https:\/\/mugi.lu\/wp-content\/uploads\/2024\/02\/2-document101.jpg\"><figure><img loading=\"lazy\" decoding=\"async\" width=\"1000\" height=\"1279\" src=\"https:\/\/mugi.lu\/wp-content\/uploads\/2024\/02\/2-document101.jpg\" data-id=\"2145\" data-link=\"https:\/\/mugi.lu\/en\/2-document101-2\/\" data-original-link=\"https:\/\/mugi.lu\/wp-content\/uploads\/2024\/02\/2-document101.jpg\" class=\"wp-block-getwid-images-slider__image wp-image-2145\" srcset=\"https:\/\/mugi.lu\/wp-content\/uploads\/2024\/02\/2-document101.jpg 1000w, https:\/\/mugi.lu\/wp-content\/uploads\/2024\/02\/2-document101-235x300.jpg 235w, https:\/\/mugi.lu\/wp-content\/uploads\/2024\/02\/2-document101-801x1024.jpg 801w, https:\/\/mugi.lu\/wp-content\/uploads\/2024\/02\/2-document101-768x982.jpg 768w\" sizes=\"auto, (max-width: 1000px) 100vw, 1000px\" \/><figcaption class=\"wp-block-getwid-images-slider__caption\">&lt;strong&gt;Concert by the &lt;i&gt;Cercle symphonique&lt;\/i&gt; under the direction of Pierre Cao and with Jeannette Giampellegrini as piano soloist in Esch\/Alzette, 14.12.1963 &lt;\/strong&gt;&lt;i&gt;Luxemburger Wort &lt;\/i&gt;(19.12.1963), p. 4\nPrivate archives JBG \u00a9 2024 Mediahuis Luxembourg S.A. \u2013 Journaliste : G. \u2013 Tous droits r\u00e9serv\u00e9s \u2013 Des licences d\u2019utilisation de droits d\u2019auteur peuvent \u00eatre obtenues \u00e0 travers www.luxorr.lu <\/figcaption><\/figure><\/a><\/div><div class=\"wp-block-getwid-images-slider__item getwid-reset-height-tablet getwid-reset-height-mobile\" style=\"height:40vh\"><a href=\"https:\/\/mugi.lu\/wp-content\/uploads\/2024\/02\/3-document025.jpg\"><figure><img loading=\"lazy\" decoding=\"async\" width=\"1000\" height=\"1658\" src=\"https:\/\/mugi.lu\/wp-content\/uploads\/2024\/02\/3-document025.jpg\" data-id=\"2148\" data-link=\"https:\/\/mugi.lu\/en\/3-document025-2\/\" data-original-link=\"https:\/\/mugi.lu\/wp-content\/uploads\/2024\/02\/3-document025.jpg\" class=\"wp-block-getwid-images-slider__image wp-image-2148\" srcset=\"https:\/\/mugi.lu\/wp-content\/uploads\/2024\/02\/3-document025.jpg 1000w, https:\/\/mugi.lu\/wp-content\/uploads\/2024\/02\/3-document025-181x300.jpg 181w, https:\/\/mugi.lu\/wp-content\/uploads\/2024\/02\/3-document025-618x1024.jpg 618w, https:\/\/mugi.lu\/wp-content\/uploads\/2024\/02\/3-document025-768x1273.jpg 768w, https:\/\/mugi.lu\/wp-content\/uploads\/2024\/02\/3-document025-926x1536.jpg 926w\" sizes=\"auto, (max-width: 1000px) 100vw, 1000px\" \/><figcaption class=\"wp-block-getwid-images-slider__caption\">&lt;strong&gt;Review of a concert by the Ensemble &lt;i&gt;Onst Lidd&lt;\/i&gt; with Jeannette Braun-Giampellegrini as soloist and piano accompanist &lt;\/strong&gt;&lt;i&gt;Luxemburger Wort &lt;\/i&gt;(11.1.1964), p. 4\nPrivate archives JBG \u00a9 2024 Mediahuis Luxembourg S.A. \u2013 Journaliste : Yay. \u2013 Tous droits r\u00e9serv\u00e9s \u2013 Des licences d\u2019utilisation de droits d\u2019auteur peuvent \u00eatre obtenues \u00e0 travers www.luxorr.lu<\/figcaption><\/figure><\/a><\/div><div class=\"wp-block-getwid-images-slider__item getwid-reset-height-tablet getwid-reset-height-mobile\" style=\"height:40vh\"><a href=\"https:\/\/mugi.lu\/wp-content\/uploads\/2024\/02\/4-luxemburgerwort-1964-10-02-p4-article.jpeg\"><figure><img loading=\"lazy\" decoding=\"async\" width=\"1000\" height=\"1251\" src=\"https:\/\/mugi.lu\/wp-content\/uploads\/2024\/02\/4-luxemburgerwort-1964-10-02-p4-article.jpeg\" data-id=\"2151\" data-link=\"https:\/\/mugi.lu\/en\/4-luxemburgerwort-1964-10-02-p4-article-2\/\" data-original-link=\"https:\/\/mugi.lu\/wp-content\/uploads\/2024\/02\/4-luxemburgerwort-1964-10-02-p4-article.jpeg\" class=\"wp-block-getwid-images-slider__image wp-image-2151\" srcset=\"https:\/\/mugi.lu\/wp-content\/uploads\/2024\/02\/4-luxemburgerwort-1964-10-02-p4-article.jpeg 1000w, https:\/\/mugi.lu\/wp-content\/uploads\/2024\/02\/4-luxemburgerwort-1964-10-02-p4-article-240x300.jpeg 240w, https:\/\/mugi.lu\/wp-content\/uploads\/2024\/02\/4-luxemburgerwort-1964-10-02-p4-article-819x1024.jpeg 819w, https:\/\/mugi.lu\/wp-content\/uploads\/2024\/02\/4-luxemburgerwort-1964-10-02-p4-article-768x961.jpeg 768w\" sizes=\"auto, (max-width: 1000px) 100vw, 1000px\" \/><figcaption class=\"wp-block-getwid-images-slider__caption\">&lt;strong&gt;Opening Concert of the &lt;i&gt;Th\u00e9\u00e2tre municipal d&#8217;Esch-sur-Alzette&lt;\/i&gt;, 3.10.1964, on the programme works by Beethoven et Honegger &lt;\/strong&gt;&lt;i&gt;Luxemburger Wort&lt;\/i&gt; (2.10.1964), p. 4\n[Digitized by the National Library of Luxembourg, https:\/\/persist.lu\/ark:70795\/twdgn0gqq\/pages\/4] \u00a9 2024 Mediahuis Luxembourg S.A. \u2013 Journaliste : lg. \u2013 Tous droits r\u00e9serv\u00e9s \u2013 Des licences d\u2019utilisation de droits d\u2019auteur peuvent \u00eatre obtenues \u00e0 travers www.luxorr.lu<\/figcaption><\/figure><\/a><\/div><div class=\"wp-block-getwid-images-slider__item getwid-reset-height-tablet getwid-reset-height-mobile\" style=\"height:40vh\"><a href=\"https:\/\/mugi.lu\/wp-content\/uploads\/2024\/02\/5-document071.jpg\"><figure><img loading=\"lazy\" decoding=\"async\" width=\"1000\" height=\"1423\" src=\"https:\/\/mugi.lu\/wp-content\/uploads\/2024\/02\/5-document071.jpg\" data-id=\"2154\" data-link=\"https:\/\/mugi.lu\/en\/5-document071-2\/\" data-original-link=\"https:\/\/mugi.lu\/wp-content\/uploads\/2024\/02\/5-document071.jpg\" class=\"wp-block-getwid-images-slider__image wp-image-2154\" srcset=\"https:\/\/mugi.lu\/wp-content\/uploads\/2024\/02\/5-document071.jpg 1000w, https:\/\/mugi.lu\/wp-content\/uploads\/2024\/02\/5-document071-211x300.jpg 211w, https:\/\/mugi.lu\/wp-content\/uploads\/2024\/02\/5-document071-720x1024.jpg 720w, https:\/\/mugi.lu\/wp-content\/uploads\/2024\/02\/5-document071-768x1093.jpg 768w\" sizes=\"auto, (max-width: 1000px) 100vw, 1000px\" \/><figcaption class=\"wp-block-getwid-images-slider__caption\">&lt;strong&gt;Review of a gala concert by the &lt;i&gt;Brass Band&lt;\/i&gt; of the &lt;i&gt;Conservatoire de Musique d&#8217;Esch&lt;\/i&gt; with Jeannette Braun-Giampellegrini from 22.10.1976 at the &lt;i&gt;Th\u00e9\u00e2tre municipal d&#8217;Esch&lt;\/i&gt; &lt;\/strong&gt;&lt;i&gt;Tageblatt &lt;\/i&gt;(28.10.1976)\nPrivate archives JBG \u00a9 2024 Editpress Luxembourg S.A. \u2013 Journaliste : Vincent \u2013Tous droits r\u00e9serv\u00e9s \u2013 Des licences d\u2019utilisation de droits d\u2019auteur peuvent \u00eatre obtenues \u00e0 travers www.luxorr.lu<\/figcaption><\/figure><\/a><\/div><div class=\"wp-block-getwid-images-slider__item getwid-reset-height-tablet getwid-reset-height-mobile\" style=\"height:40vh\"><a href=\"https:\/\/mugi.lu\/wp-content\/uploads\/2024\/02\/6-document111.jpg\"><figure><img loading=\"lazy\" decoding=\"async\" width=\"1000\" height=\"1666\" src=\"https:\/\/mugi.lu\/wp-content\/uploads\/2024\/02\/6-document111.jpg\" data-id=\"2157\" data-link=\"https:\/\/mugi.lu\/en\/6-document111-2\/\" data-original-link=\"https:\/\/mugi.lu\/wp-content\/uploads\/2024\/02\/6-document111.jpg\" class=\"wp-block-getwid-images-slider__image wp-image-2157\" srcset=\"https:\/\/mugi.lu\/wp-content\/uploads\/2024\/02\/6-document111.jpg 1000w, https:\/\/mugi.lu\/wp-content\/uploads\/2024\/02\/6-document111-180x300.jpg 180w, https:\/\/mugi.lu\/wp-content\/uploads\/2024\/02\/6-document111-615x1024.jpg 615w, https:\/\/mugi.lu\/wp-content\/uploads\/2024\/02\/6-document111-768x1279.jpg 768w, https:\/\/mugi.lu\/wp-content\/uploads\/2024\/02\/6-document111-922x1536.jpg 922w\" sizes=\"auto, (max-width: 1000px) 100vw, 1000px\" \/><figcaption class=\"wp-block-getwid-images-slider__caption\">&lt;strong&gt;Review of a concert of 1.12.1984 in Darmstadt given by the &lt;i&gt;Merck Chamber Orchestra&lt;\/i&gt;, the &lt;i&gt;Wind quintette&lt;\/i&gt; of the &lt;i&gt;Conservatoire de Musique Esch-sur-Alzette&lt;\/i&gt; with the assistance of Jeannette Braun-Giampellegrini &lt;\/strong&gt;&lt;i&gt;Darmst\u00e4dter Echo &lt;\/i&gt;(3.12.1984)\nPrivate archives JBG<\/figcaption><\/figure><\/a><\/div><\/div><\/div>\n\n\t\t\t<\/div>\n\n\t\t\t<button class=\"composer-tab__button composer-tab--color-orange\">\n\t\t\t<span class=\"composer-tab__icon--press\"><\/span>\n\t\t\t<span>Press<\/span>\n\t\t<\/button>\n\t\n<\/div>\n\n\n\n<div class=\"composer-tab\" style=\"display: none;\" data-composer-tab-color=\"primary\">\n\n\t<div class=\"composer-tab__badge composer-tab__badge-primary\">\n\t\t<span class=\"composer-tab__icon--video\"><\/span>\n\t\t<span class=\"composer-tab__circular-title\">Video<\/span>\n\t<\/div>\n\n\t<div class=\"composer-tab__content\">\n\t\t\t\t\t\n\n<div class=\"wp-block-getwid-content-slider has-arrows-outside has-dots-none\" data-adaptive-height=\"true\" data-arrows=\"outside\" data-dots=\"none\"><div class=\"wp-block-getwid-content-slider__wrapper\">\n<div class=\"wp-block-getwid-content-slider-slide\"><div class=\"wp-block-getwid-content-slider-slide__wrapper\">\n<div class=\"wp-block-columns is-layout-flex wp-container-core-columns-is-layout-9d6595d7 wp-block-columns-is-layout-flex\">\n<div class=\"wp-block-column is-layout-flow wp-block-column-is-layout-flow\" style=\"flex-basis:100%\">\n<div class=\"wp-block-group mugilux-video-popup\"><div class=\"wp-block-group__inner-container is-layout-flow wp-block-group-is-layout-flow\">\n<div class=\"wp-block-cover\" style=\"min-height:260px;aspect-ratio:unset\"><img loading=\"lazy\" decoding=\"async\" width=\"1920\" height=\"1079\" class=\"wp-block-cover__image-background wp-image-2234\" alt=\"\" src=\"https:\/\/mugi.lu\/wp-content\/uploads\/2024\/02\/screenshot-2024-02-25-at-234757.png\" style=\"object-position:34% 51%\" data-object-fit=\"cover\" data-object-position=\"34% 51%\" srcset=\"https:\/\/mugi.lu\/wp-content\/uploads\/2024\/02\/screenshot-2024-02-25-at-234757.png 1920w, https:\/\/mugi.lu\/wp-content\/uploads\/2024\/02\/screenshot-2024-02-25-at-234757-300x169.png 300w, https:\/\/mugi.lu\/wp-content\/uploads\/2024\/02\/screenshot-2024-02-25-at-234757-1024x575.png 1024w, https:\/\/mugi.lu\/wp-content\/uploads\/2024\/02\/screenshot-2024-02-25-at-234757-768x432.png 768w, https:\/\/mugi.lu\/wp-content\/uploads\/2024\/02\/screenshot-2024-02-25-at-234757-1536x863.png 1536w, https:\/\/mugi.lu\/wp-content\/uploads\/2024\/02\/screenshot-2024-02-25-at-234757-1850x1040.png 1850w\" sizes=\"auto, (max-width: 1920px) 100vw, 1920px\" \/><span aria-hidden=\"true\" class=\"wp-block-cover__background has-background-dim-0 has-background-dim\"><\/span><div class=\"wp-block-cover__inner-container is-layout-flow wp-block-cover-is-layout-flow\">\n<div class=\"wp-block-getwid-icon is-aligned-center\"><a href=\"https:\/\/vimeo.com\/916511230\/ecb4fa80ee?share=copy\" target=\"_blank\" rel=\"noreferrer noopener\" class=\"wp-block-getwid-icon__wrapper has-text-color has-white-color\"><i class=\"fas fa-play\"><\/i><\/a><\/div>\n<\/div><\/div>\n\n\n\n<h4 class=\"wp-block-heading\"><a href=\"https:\/\/videos.uni.lu\/media\/Gespr%C3%A4ch+mit+Jeannette+Braun-Giampellegrini+%E2%80%93%C2%A0Ausschnitt+1\/1_j0j3baxn\" target=\"_blank\" rel=\"noreferrer noopener\">Jeannette Braun-Giampellegrini about music in her family<\/a><\/h4>\n\n\n\n<p>Excerpt from a conversation with Lynn Orazi on 5.11.2021<\/p>\n\n\n\n<p>Director: Anne Schiltz, camera: Sascha Helsper, <em>MEDIACentre<\/em>, sound: Yves Melchior, <em>CNA<\/em>, Interview: Anne Schiltz and Danielle Roster<\/p>\n\n\n\n<p>\u00a9 MuGi.lu<\/p>\n<\/div><\/div>\n<\/div>\n\n\n\n<div class=\"wp-block-column is-layout-flow wp-block-column-is-layout-flow\" style=\"flex-basis:100%\">\n<div class=\"wp-block-group mugilux-video-popup\"><div class=\"wp-block-group__inner-container is-layout-flow wp-block-group-is-layout-flow\">\n<div class=\"wp-block-cover\" style=\"min-height:260px;aspect-ratio:unset\"><img loading=\"lazy\" decoding=\"async\" width=\"1920\" height=\"1210\" class=\"wp-block-cover__image-background wp-image-2231\" alt=\"\" src=\"https:\/\/mugi.lu\/wp-content\/uploads\/2024\/02\/screenshot-2024-02-25-at-234837.png\" style=\"object-position:71% 51%\" data-object-fit=\"cover\" data-object-position=\"71% 51%\" srcset=\"https:\/\/mugi.lu\/wp-content\/uploads\/2024\/02\/screenshot-2024-02-25-at-234837.png 1920w, https:\/\/mugi.lu\/wp-content\/uploads\/2024\/02\/screenshot-2024-02-25-at-234837-300x189.png 300w, https:\/\/mugi.lu\/wp-content\/uploads\/2024\/02\/screenshot-2024-02-25-at-234837-1024x645.png 1024w, https:\/\/mugi.lu\/wp-content\/uploads\/2024\/02\/screenshot-2024-02-25-at-234837-768x484.png 768w, https:\/\/mugi.lu\/wp-content\/uploads\/2024\/02\/screenshot-2024-02-25-at-234837-1536x968.png 1536w, https:\/\/mugi.lu\/wp-content\/uploads\/2024\/02\/screenshot-2024-02-25-at-234837-1850x1166.png 1850w\" sizes=\"auto, (max-width: 1920px) 100vw, 1920px\" \/><span aria-hidden=\"true\" class=\"wp-block-cover__background has-background-dim-0 has-background-dim\"><\/span><div class=\"wp-block-cover__inner-container is-layout-flow wp-block-cover-is-layout-flow\">\n<div class=\"wp-block-getwid-icon is-aligned-center\"><a href=\"https:\/\/vimeo.com\/916511410\/2489a42812?share=copy\" target=\"_blank\" rel=\"noreferrer noopener\" class=\"wp-block-getwid-icon__wrapper has-text-color has-white-color\"><i class=\"fas fa-play\"><\/i><\/a><\/div>\n<\/div><\/div>\n\n\n\n<h4 class=\"wp-block-heading\"><a href=\"https:\/\/videos.uni.lu\/media\/Gespr%C3%A4ch+mit+Jeannette+Braun-Giampellegrini+%E2%80%93%C2%A0Ausschnitt+2\/1_68u8in6b\" target=\"_blank\" rel=\"noreferrer noopener\">Jeannette Braun-Giampellegrini on how she moved to Paris to study piano<\/a><\/h4>\n\n\n\n<p>Excerpt from a conversation with Lynn Orazi on 5.11.2021<\/p>\n\n\n\n<p>Director: Anne Schiltz, camera: Sascha Helsper, <em>MEDIACentre<\/em>, sound: Yves Melchior, <em>CNA<\/em>, Interview: Anne Schiltz and Danielle Roster<\/p>\n\n\n\n<p>\u00a9 MuGi.lu<\/p>\n<\/div><\/div>\n<\/div>\n<\/div>\n<\/div><\/div>\n\n\n\n<div class=\"wp-block-getwid-content-slider-slide\"><div class=\"wp-block-getwid-content-slider-slide__wrapper\">\n<div class=\"wp-block-columns is-layout-flex wp-container-core-columns-is-layout-9d6595d7 wp-block-columns-is-layout-flex\">\n<div class=\"wp-block-column is-layout-flow wp-block-column-is-layout-flow\" style=\"flex-basis:100%\">\n<div class=\"wp-block-group mugilux-video-popup\"><div class=\"wp-block-group__inner-container is-layout-flow wp-block-group-is-layout-flow\">\n<div class=\"wp-block-cover\" style=\"min-height:260px;aspect-ratio:unset\"><img loading=\"lazy\" decoding=\"async\" width=\"1920\" height=\"1078\" class=\"wp-block-cover__image-background wp-image-2228\" alt=\"\" src=\"https:\/\/mugi.lu\/wp-content\/uploads\/2024\/02\/screenshot-2024-02-25-at-234909.png\" data-object-fit=\"cover\" srcset=\"https:\/\/mugi.lu\/wp-content\/uploads\/2024\/02\/screenshot-2024-02-25-at-234909.png 1920w, https:\/\/mugi.lu\/wp-content\/uploads\/2024\/02\/screenshot-2024-02-25-at-234909-300x168.png 300w, https:\/\/mugi.lu\/wp-content\/uploads\/2024\/02\/screenshot-2024-02-25-at-234909-1024x575.png 1024w, https:\/\/mugi.lu\/wp-content\/uploads\/2024\/02\/screenshot-2024-02-25-at-234909-768x431.png 768w, https:\/\/mugi.lu\/wp-content\/uploads\/2024\/02\/screenshot-2024-02-25-at-234909-1536x862.png 1536w, https:\/\/mugi.lu\/wp-content\/uploads\/2024\/02\/screenshot-2024-02-25-at-234909-1850x1039.png 1850w\" sizes=\"auto, (max-width: 1920px) 100vw, 1920px\" \/><span aria-hidden=\"true\" class=\"wp-block-cover__background has-background-dim-0 has-background-dim\"><\/span><div class=\"wp-block-cover__inner-container is-layout-flow wp-block-cover-is-layout-flow\">\n<div class=\"wp-block-getwid-icon is-aligned-center\"><a href=\"https:\/\/vimeo.com\/916511410\/2489a42812?share=copy\" target=\"_blank\" rel=\"noreferrer noopener\" class=\"wp-block-getwid-icon__wrapper has-text-color has-white-color\"><i class=\"fas fa-play\"><\/i><\/a><\/div>\n<\/div><\/div>\n\n\n\n<h4 class=\"wp-block-heading\"><a href=\"https:\/\/videos.uni.lu\/media\/Gespr%C3%A4ch+mit+Jeannette+Braun-Giampellegrini+%E2%80%93%C2%A0Ausschnitt+3\/1_jvszbsmm\" target=\"_blank\" rel=\"noreferrer noopener\">Jeannette Braun-Giampellegrini on her piano education in Paris<\/a><\/h4>\n\n\n\n<p>Excerpt from a conversation with Lynn Orazi on 5.11.2021<\/p>\n\n\n\n<p>Director: Anne Schiltz, camera: Sascha Helsper, <em>MEDIACentre<\/em>, sound: Yves Melchior, <em>CNA<\/em>, Interview: Anne Schiltz and Danielle Roster<\/p>\n\n\n\n<p>\u00a9 MuGi.lu<\/p>\n<\/div><\/div>\n<\/div>\n\n\n\n<div class=\"wp-block-column is-layout-flow wp-block-column-is-layout-flow\" style=\"flex-basis:100%\">\n<div class=\"wp-block-group mugilux-video-popup\"><div class=\"wp-block-group__inner-container is-layout-flow wp-block-group-is-layout-flow\">\n<div class=\"wp-block-cover\" style=\"min-height:260px;aspect-ratio:unset\"><img loading=\"lazy\" decoding=\"async\" width=\"1920\" height=\"1078\" class=\"wp-block-cover__image-background wp-image-2225\" alt=\"\" src=\"https:\/\/mugi.lu\/wp-content\/uploads\/2024\/02\/screenshot-2024-02-25-at-234935.png\" style=\"object-position:15% 38%\" data-object-fit=\"cover\" data-object-position=\"15% 38%\" srcset=\"https:\/\/mugi.lu\/wp-content\/uploads\/2024\/02\/screenshot-2024-02-25-at-234935.png 1920w, https:\/\/mugi.lu\/wp-content\/uploads\/2024\/02\/screenshot-2024-02-25-at-234935-300x168.png 300w, https:\/\/mugi.lu\/wp-content\/uploads\/2024\/02\/screenshot-2024-02-25-at-234935-1024x575.png 1024w, https:\/\/mugi.lu\/wp-content\/uploads\/2024\/02\/screenshot-2024-02-25-at-234935-768x431.png 768w, https:\/\/mugi.lu\/wp-content\/uploads\/2024\/02\/screenshot-2024-02-25-at-234935-1536x862.png 1536w, https:\/\/mugi.lu\/wp-content\/uploads\/2024\/02\/screenshot-2024-02-25-at-234935-1850x1039.png 1850w\" sizes=\"auto, (max-width: 1920px) 100vw, 1920px\" \/><span aria-hidden=\"true\" class=\"wp-block-cover__background has-background-dim-0 has-background-dim\"><\/span><div class=\"wp-block-cover__inner-container is-layout-flow wp-block-cover-is-layout-flow\">\n<div class=\"wp-block-getwid-icon is-aligned-center\"><a href=\"https:\/\/vimeo.com\/916511410\/2489a42812?share=copy\" target=\"_blank\" rel=\"noreferrer noopener\" class=\"wp-block-getwid-icon__wrapper has-text-color has-white-color\"><i class=\"fas fa-play\"><\/i><\/a><\/div>\n<\/div><\/div>\n\n\n\n<h4 class=\"wp-block-heading\"><a href=\"https:\/\/videos.uni.lu\/media\/Gespr%C3%A4ch+mit+Jeannette+Braun-Giampellegrini+%E2%80%93%C2%A0Ausschnitt+4\/1_q4jxidof\" target=\"_blank\" rel=\"noreferrer noopener\">Jeannette Braun-Giampellegrini about music lessons with elsa Barraine<\/a><\/h4>\n\n\n\n<p>Excerpt from a conversation with Lynn Orazi on 5.11.2021<\/p>\n\n\n\n<p>Director: Anne Schiltz, camera: Sascha Helsper, <em>MEDIACentre<\/em>, sound: Yves Melchior, <em>CNA<\/em>, Interview: Anne Schiltz and Danielle Roster<\/p>\n\n\n\n<p>\u00a9 MuGi.lu<\/p>\n<\/div><\/div>\n<\/div>\n<\/div>\n<\/div><\/div>\n\n\n\n<div class=\"wp-block-getwid-content-slider-slide\"><div class=\"wp-block-getwid-content-slider-slide__wrapper\">\n<div class=\"wp-block-columns is-layout-flex wp-container-core-columns-is-layout-9d6595d7 wp-block-columns-is-layout-flex\">\n<div class=\"wp-block-column is-layout-flow wp-block-column-is-layout-flow\" style=\"flex-basis:100%\">\n<div class=\"wp-block-group mugilux-video-popup\"><div class=\"wp-block-group__inner-container is-layout-flow wp-block-group-is-layout-flow\">\n<div class=\"wp-block-cover\" style=\"min-height:260px;aspect-ratio:unset\"><img loading=\"lazy\" decoding=\"async\" width=\"1920\" height=\"1079\" class=\"wp-block-cover__image-background wp-image-2222\" alt=\"\" src=\"https:\/\/mugi.lu\/wp-content\/uploads\/2024\/02\/screenshot-2024-02-25-at-235008.png\" style=\"object-position:51% 33%\" data-object-fit=\"cover\" data-object-position=\"51% 33%\" srcset=\"https:\/\/mugi.lu\/wp-content\/uploads\/2024\/02\/screenshot-2024-02-25-at-235008.png 1920w, https:\/\/mugi.lu\/wp-content\/uploads\/2024\/02\/screenshot-2024-02-25-at-235008-300x169.png 300w, https:\/\/mugi.lu\/wp-content\/uploads\/2024\/02\/screenshot-2024-02-25-at-235008-1024x575.png 1024w, https:\/\/mugi.lu\/wp-content\/uploads\/2024\/02\/screenshot-2024-02-25-at-235008-768x432.png 768w, https:\/\/mugi.lu\/wp-content\/uploads\/2024\/02\/screenshot-2024-02-25-at-235008-1536x863.png 1536w, https:\/\/mugi.lu\/wp-content\/uploads\/2024\/02\/screenshot-2024-02-25-at-235008-1850x1040.png 1850w\" sizes=\"auto, (max-width: 1920px) 100vw, 1920px\" \/><span aria-hidden=\"true\" class=\"wp-block-cover__background has-background-dim-0 has-background-dim\"><\/span><div class=\"wp-block-cover__inner-container is-layout-flow wp-block-cover-is-layout-flow\">\n<div class=\"wp-block-getwid-icon is-aligned-center\"><a href=\"https:\/\/vimeo.com\/916521125\/8b61da142a?share=copy\" target=\"_blank\" rel=\"noreferrer noopener\" class=\"wp-block-getwid-icon__wrapper has-text-color has-white-color\"><i class=\"fas fa-play\"><\/i><\/a><\/div>\n<\/div><\/div>\n\n\n\n<h4 class=\"wp-block-heading\"><a href=\"https:\/\/videos.uni.lu\/media\/Gespr%C3%A4ch+mit+Jeannette+Braun-Giampellegrini+%E2%80%93%C2%A0Ausschnitt+5\/1_whiukb4q\" target=\"_blank\" rel=\"noreferrer noopener\">Jeannette Braun-Giampellegrini about working with Lou koster<\/a><\/h4>\n\n\n\n<p>Excerpt from a conversation with Lynn Orazi on 5.11.2021<\/p>\n\n\n\n<p>Director: Anne Schiltz, camera: Sascha Helsper, <em>MEDIACentre<\/em>, sound: Yves Melchior, <em>CNA<\/em>, Interview: Anne Schiltz and Danielle Roster<\/p>\n\n\n\n<p>\u00a9 MuGi.lu<\/p>\n<\/div><\/div>\n<\/div>\n\n\n\n<div class=\"wp-block-column is-layout-flow wp-block-column-is-layout-flow\" style=\"flex-basis:100%\">\n<div class=\"wp-block-group mugilux-video-popup\"><div class=\"wp-block-group__inner-container is-layout-flow wp-block-group-is-layout-flow\">\n<div class=\"wp-block-cover\" style=\"min-height:260px;aspect-ratio:unset\"><img loading=\"lazy\" decoding=\"async\" width=\"1920\" height=\"1078\" class=\"wp-block-cover__image-background wp-image-2219\" alt=\"\" src=\"https:\/\/mugi.lu\/wp-content\/uploads\/2024\/02\/screenshot-2024-02-25-at-235033.png\" data-object-fit=\"cover\" srcset=\"https:\/\/mugi.lu\/wp-content\/uploads\/2024\/02\/screenshot-2024-02-25-at-235033.png 1920w, https:\/\/mugi.lu\/wp-content\/uploads\/2024\/02\/screenshot-2024-02-25-at-235033-300x168.png 300w, https:\/\/mugi.lu\/wp-content\/uploads\/2024\/02\/screenshot-2024-02-25-at-235033-1024x575.png 1024w, https:\/\/mugi.lu\/wp-content\/uploads\/2024\/02\/screenshot-2024-02-25-at-235033-768x431.png 768w, https:\/\/mugi.lu\/wp-content\/uploads\/2024\/02\/screenshot-2024-02-25-at-235033-1536x862.png 1536w, https:\/\/mugi.lu\/wp-content\/uploads\/2024\/02\/screenshot-2024-02-25-at-235033-1850x1039.png 1850w\" sizes=\"auto, (max-width: 1920px) 100vw, 1920px\" \/><span aria-hidden=\"true\" class=\"wp-block-cover__background has-background-dim-0 has-background-dim\"><\/span><div class=\"wp-block-cover__inner-container is-layout-flow wp-block-cover-is-layout-flow\">\n<div class=\"wp-block-getwid-icon is-aligned-center\"><a href=\"https:\/\/vimeo.com\/916521331\/57def35f7e?share=copy\" target=\"_blank\" rel=\"noreferrer noopener\" class=\"wp-block-getwid-icon__wrapper has-text-color has-white-color\"><i class=\"fas fa-play\"><\/i><\/a><\/div>\n<\/div><\/div>\n\n\n\n<h4 class=\"wp-block-heading\"><a href=\"https:\/\/videos.uni.lu\/media\/Gespr%C3%A4ch+mit+Jeannette+Braun-Giampellegrini+%E2%80%93%C2%A0Ausschnitt+6\/1_b72tdnz9\" target=\"_blank\" rel=\"noreferrer noopener\">Jeannette Braun-Giampellegrini shows her first piano sheet music<\/a><\/h4>\n\n\n\n<p>Excerpt from a conversation with Lynn Orazi on 5.11.2021<\/p>\n\n\n\n<p>Director: Anne Schiltz, camera: Sascha Helsper, <em>MEDIACentre<\/em>, sound: Yves Melchior, <em>CNA<\/em>, Interview: Anne Schiltz and Danielle Roster<\/p>\n\n\n\n<p>\u00a9 MuGi.lu<\/p>\n<\/div><\/div>\n<\/div>\n<\/div>\n<\/div><\/div>\n<\/div><\/div>\n\n\t\t\t<\/div>\n\n\t\t\t<button class=\"composer-tab__button composer-tab--color-primary\">\n\t\t\t<span class=\"composer-tab__icon--video\"><\/span>\n\t\t\t<span>Video<\/span>\n\t\t<\/button>\n\t\n<\/div>\n\n\n\n<div class=\"composer-tab\" style=\"display: none;\" data-composer-tab-color=\"secondary\">\n\n\t<div class=\"composer-tab__badge composer-tab__badge-secondary\">\n\t\t<span class=\"composer-tab__icon--video\"><\/span>\n\t\t<span class=\"composer-tab__circular-title\">Television<\/span>\n\t<\/div>\n\n\t<div class=\"composer-tab__content\">\n\t\t\t\t\t\n\n<div class=\"wp-block-getwid-content-slider has-arrows-outside has-dots-none\" data-adaptive-height=\"true\" data-arrows=\"outside\" data-dots=\"none\"><div class=\"wp-block-getwid-content-slider__wrapper\">\n<div class=\"wp-block-getwid-content-slider-slide\"><div class=\"wp-block-getwid-content-slider-slide__wrapper\">\n<div class=\"wp-block-columns is-layout-flex wp-container-core-columns-is-layout-9d6595d7 wp-block-columns-is-layout-flex\">\n<div class=\"wp-block-column is-layout-flow wp-block-column-is-layout-flow\" style=\"flex-basis:100%\">\n<div class=\"wp-block-group mugilux-video-popup\"><div class=\"wp-block-group__inner-container is-layout-flow wp-block-group-is-layout-flow\">\n<div class=\"wp-block-cover\" style=\"min-height:260px;aspect-ratio:unset\"><img loading=\"lazy\" decoding=\"async\" width=\"1920\" height=\"1474\" class=\"wp-block-cover__image-background wp-image-2194\" alt=\"\" src=\"https:\/\/mugi.lu\/wp-content\/uploads\/2022\/09\/screenshot-2024-02-23-at-153415.png\" data-object-fit=\"cover\" srcset=\"https:\/\/mugi.lu\/wp-content\/uploads\/2022\/09\/screenshot-2024-02-23-at-153415.png 1920w, https:\/\/mugi.lu\/wp-content\/uploads\/2022\/09\/screenshot-2024-02-23-at-153415-300x230.png 300w, https:\/\/mugi.lu\/wp-content\/uploads\/2022\/09\/screenshot-2024-02-23-at-153415-1024x786.png 1024w, https:\/\/mugi.lu\/wp-content\/uploads\/2022\/09\/screenshot-2024-02-23-at-153415-768x590.png 768w, https:\/\/mugi.lu\/wp-content\/uploads\/2022\/09\/screenshot-2024-02-23-at-153415-1536x1179.png 1536w, https:\/\/mugi.lu\/wp-content\/uploads\/2022\/09\/screenshot-2024-02-23-at-153415-1850x1420.png 1850w\" sizes=\"auto, (max-width: 1920px) 100vw, 1920px\" \/><span aria-hidden=\"true\" class=\"wp-block-cover__background has-background-dim-20 has-background-dim\"><\/span><div class=\"wp-block-cover__inner-container is-layout-flow wp-block-cover-is-layout-flow\">\n<div class=\"wp-block-getwid-icon is-aligned-center\"><a href=\"https:\/\/vimeo.com\/915971237\/62e7d6cf15?share=copy\" target=\"_blank\" rel=\"noreferrer noopener\" class=\"wp-block-getwid-icon__wrapper getwid-animation has-text-color has-white-color\" data-animation=\"zoomBig\"><i class=\"fas fa-play\"><\/i><\/a><\/div>\n<\/div><\/div>\n\n\n\n<h4 class=\"wp-block-heading\"><a href=\"https:\/\/vimeo.com\/915971237\/62e7d6cf15?share=copy\" target=\"_blank\" rel=\"noreferrer noopener\">RTL Television programme <em>Hei Elei<\/em>, 19.1.1980<\/a><\/h4>\n\n\n\n<p>Jeannette Braun-Giampellegrini plays [D. Scarlatti]<\/p>\n\n\n\n<p>\u00a9 CNA \/CLT<\/p>\n<\/div><\/div>\n<\/div>\n\n\n\n<div class=\"wp-block-column is-layout-flow wp-block-column-is-layout-flow\" style=\"flex-basis:100%\">\n<div class=\"wp-block-group mugilux-video-popup\"><div class=\"wp-block-group__inner-container is-layout-flow wp-block-group-is-layout-flow\">\n<div class=\"wp-block-cover\" style=\"min-height:260px;aspect-ratio:unset\"><img loading=\"lazy\" decoding=\"async\" width=\"1920\" height=\"1411\" class=\"wp-block-cover__image-background wp-image-2197\" alt=\"\" src=\"https:\/\/mugi.lu\/wp-content\/uploads\/2024\/02\/screenshot-2024-02-23-at-153544.png\" data-object-fit=\"cover\" srcset=\"https:\/\/mugi.lu\/wp-content\/uploads\/2024\/02\/screenshot-2024-02-23-at-153544.png 1920w, https:\/\/mugi.lu\/wp-content\/uploads\/2024\/02\/screenshot-2024-02-23-at-153544-300x220.png 300w, https:\/\/mugi.lu\/wp-content\/uploads\/2024\/02\/screenshot-2024-02-23-at-153544-1024x753.png 1024w, https:\/\/mugi.lu\/wp-content\/uploads\/2024\/02\/screenshot-2024-02-23-at-153544-768x564.png 768w, https:\/\/mugi.lu\/wp-content\/uploads\/2024\/02\/screenshot-2024-02-23-at-153544-1536x1129.png 1536w, https:\/\/mugi.lu\/wp-content\/uploads\/2024\/02\/screenshot-2024-02-23-at-153544-1850x1360.png 1850w\" sizes=\"auto, (max-width: 1920px) 100vw, 1920px\" \/><span aria-hidden=\"true\" class=\"wp-block-cover__background has-background-dim-20 has-background-dim\"><\/span><div class=\"wp-block-cover__inner-container is-layout-flow wp-block-cover-is-layout-flow\">\n<div class=\"wp-block-getwid-icon is-aligned-center\"><a href=\"https:\/\/vimeo.com\/915970943\/bd6add88a5?share=copy\" target=\"_blank\" rel=\"noreferrer noopener\" class=\"wp-block-getwid-icon__wrapper getwid-animation has-text-color has-white-color\" data-animation=\"zoomBig\"><i class=\"fas fa-play\"><\/i><\/a><\/div>\n<\/div><\/div>\n\n\n\n<h4 class=\"wp-block-heading\"><a href=\"https:\/\/vimeo.com\/915970943\/bd6add88a5?share=copy\" target=\"_blank\" rel=\"noreferrer noopener\">RTL Television programme <em>Hei Elei<\/em>, 16.1.1983<\/a><\/h4>\n\n\n\n<p>Foretaste of the Johannes Brahms recital on 21.1.1983, Villa Louvigny: <em>Geistiges Wiegendlied op. 91.<\/em> Annette Theis-Bisdorff (contralto), Andr\u00e9 Naveau (violoncello), Jeannette Braun-Giampellegrini (piano)<\/p>\n\n\n\n<p>\u00a9 CNA \/CLT<\/p>\n<\/div><\/div>\n<\/div>\n<\/div>\n<\/div><\/div>\n\n\n\n<div class=\"wp-block-getwid-content-slider-slide\"><div class=\"wp-block-getwid-content-slider-slide__wrapper\">\n<div class=\"wp-block-columns is-layout-flex wp-container-core-columns-is-layout-9d6595d7 wp-block-columns-is-layout-flex\">\n<div class=\"wp-block-column is-vertically-aligned-center is-layout-flow wp-block-column-is-layout-flow\" style=\"flex-basis:100%\">\n<div class=\"wp-block-group mugilux-video-popup\"><div class=\"wp-block-group__inner-container is-layout-flow wp-block-group-is-layout-flow\">\n<div class=\"wp-block-cover\" style=\"min-height:260px;aspect-ratio:unset\"><img loading=\"lazy\" decoding=\"async\" width=\"1920\" height=\"1428\" class=\"wp-block-cover__image-background wp-image-2096\" alt=\"\" src=\"https:\/\/mugi.lu\/wp-content\/uploads\/2024\/02\/screenshot-2024-02-23-at-153050.png\" style=\"object-position:50% 66%\" data-object-fit=\"cover\" data-object-position=\"50% 66%\" srcset=\"https:\/\/mugi.lu\/wp-content\/uploads\/2024\/02\/screenshot-2024-02-23-at-153050.png 1920w, https:\/\/mugi.lu\/wp-content\/uploads\/2024\/02\/screenshot-2024-02-23-at-153050-300x223.png 300w, https:\/\/mugi.lu\/wp-content\/uploads\/2024\/02\/screenshot-2024-02-23-at-153050-1024x762.png 1024w, https:\/\/mugi.lu\/wp-content\/uploads\/2024\/02\/screenshot-2024-02-23-at-153050-768x571.png 768w, https:\/\/mugi.lu\/wp-content\/uploads\/2024\/02\/screenshot-2024-02-23-at-153050-1536x1142.png 1536w, https:\/\/mugi.lu\/wp-content\/uploads\/2024\/02\/screenshot-2024-02-23-at-153050-780x580.png 780w, https:\/\/mugi.lu\/wp-content\/uploads\/2024\/02\/screenshot-2024-02-23-at-153050-1850x1376.png 1850w\" sizes=\"auto, (max-width: 1920px) 100vw, 1920px\" \/><span aria-hidden=\"true\" class=\"wp-block-cover__background has-background-dim-20 has-background-dim\"><\/span><div class=\"wp-block-cover__inner-container is-layout-flow wp-block-cover-is-layout-flow\">\n<div class=\"wp-block-getwid-icon is-aligned-center\"><a href=\"https:\/\/vimeo.com\/915971421\/088a74a1e8?share=copy\" target=\"_blank\" rel=\"noreferrer noopener\" class=\"wp-block-getwid-icon__wrapper getwid-animation has-text-color has-white-color\" data-animation=\"zoomBig\"><i class=\"fas fa-play\"><\/i><\/a><\/div>\n<\/div><\/div>\n\n\n\n<h4 class=\"wp-block-heading\"><a href=\"https:\/\/vimeo.com\/915971421\/088a74a1e8?share=copy\" target=\"_blank\" rel=\"noreferrer noopener\">RTL Television programme <em>Stonn fir L\u00ebtzebuerg<\/em>, 17.10.1998<\/a><\/h4>\n\n\n\n<p>Report on Jeannette Braun-Giampellegrini who is retiring from the <em>Music Conservatory Esch\/Alzette<\/em>. With testimonials from her former students Astrid Koemptgen and Isabelle Braun-Dominicy<\/p>\n\n\n\n<p>\u00a9 CNA \/CLT<\/p>\n<\/div><\/div>\n<\/div>\n<\/div>\n<\/div><\/div>\n<\/div><\/div>\n\n\t\t\t<\/div>\n\n\t\t\t<button class=\"composer-tab__button composer-tab--color-secondary\">\n\t\t\t<span class=\"composer-tab__icon--video\"><\/span>\n\t\t\t<span>Television<\/span>\n\t\t<\/button>\n\t\n<\/div>\n\n\n\n<div class=\"composer-tab\" style=\"display: none;\" data-composer-tab-color=\"yellow\">\n\n\t<div class=\"composer-tab__badge composer-tab__badge-yellow\">\n\t\t<span class=\"composer-tab__icon--work\"><\/span>\n\t\t<span class=\"composer-tab__circular-title\">Recordings<\/span>\n\t<\/div>\n\n\t<div class=\"composer-tab__content\">\n\t\t\t\t\t\n\n<div class=\"wp-block-getwid-icon-box has-icon-left has-text-left\"><div class=\"wp-block-getwid-icon-box__icon-container is-position-top\"><a href=\"https:\/\/mugi.lu\/wp-content\/uploads\/2024\/10\/10_JBG-\u2013-Aufnahmen_DEF.pdf\" class=\"wp-block-getwid-icon-box__icon-wrapper\"><i class=\"fas fa-file-pdf\"><\/i><\/a><\/div><div class=\"wp-block-getwid-icon-box__content\">\n<h3 class=\"wp-block-heading\"><strong><strong><strong><strong>Jeannette Braun-Giampellegrini Recordings<\/strong><\/strong><\/strong><\/strong><\/h3>\n\n\n\n<p><\/p>\n<\/div><\/div>\n\n\t\t\t<\/div>\n\n\t\t\t<button class=\"composer-tab__button composer-tab--color-yellow\">\n\t\t\t<span class=\"composer-tab__icon--work\"><\/span>\n\t\t\t<span>Recordings<\/span>\n\t\t<\/button>\n\t\n<\/div>\n\n\n\n<div class=\"composer-tab\" style=\"display: none;\" data-composer-tab-color=\"orange\">\n\n\t<div class=\"composer-tab__badge composer-tab__badge-orange\">\n\t\t<span class=\"composer-tab__icon--concert\"><\/span>\n\t\t<span class=\"composer-tab__circular-title\">Concerts<\/span>\n\t<\/div>\n\n\t<div class=\"composer-tab__content\">\n\t\t\t\t\t\n\n<div class=\"wp-block-getwid-icon-box has-icon-left has-text-left\"><div class=\"wp-block-getwid-icon-box__icon-container is-position-top\"><a href=\"https:\/\/mugi.lu\/wp-content\/uploads\/2024\/10\/JBG_Konzerte_DEF.pdf\" target=\"_blank\" rel=\"noreferrer noopener\" class=\"wp-block-getwid-icon-box__icon-wrapper\"><i class=\"fas fa-file-pdf\"><\/i><\/a><\/div><div class=\"wp-block-getwid-icon-box__content\">\n<h3 class=\"wp-block-heading\"><strong><strong><strong><strong>Jeannette Braun-Giampellegrini Concerts<\/strong><\/strong><\/strong><\/strong><\/h3>\n\n\n\n<p><\/p>\n<\/div><\/div>\n\n\t\t\t<\/div>\n\n\t\t\t<button class=\"composer-tab__button composer-tab--color-orange\">\n\t\t\t<span class=\"composer-tab__icon--concert\"><\/span>\n\t\t\t<span>Concerts<\/span>\n\t\t<\/button>\n\t\n<\/div>\n<\/div>\n<\/div>\n\n\n\n<p><\/p>\n","protected":false},"featured_media":1192,"template":"","meta":{"_acf_changed":false,"inline_featured_image":false,"_themeisle_gutenberg_block_has_review":false},"class_list":["post-2491","composer","type-composer","status-publish","has-post-thumbnail","hentry"],"acf":[],"_links":{"self":[{"href":"https:\/\/mugi.lu\/en\/wp-json\/wp\/v2\/composer\/2491","targetHints":{"allow":["GET"]}}],"collection":[{"href":"https:\/\/mugi.lu\/en\/wp-json\/wp\/v2\/composer"}],"about":[{"href":"https:\/\/mugi.lu\/en\/wp-json\/wp\/v2\/types\/composer"}],"wp:featuredmedia":[{"embeddable":true,"href":"https:\/\/mugi.lu\/en\/wp-json\/wp\/v2\/media\/1192"}],"wp:attachment":[{"href":"https:\/\/mugi.lu\/en\/wp-json\/wp\/v2\/media?parent=2491"}],"curies":[{"name":"wp","href":"https:\/\/api.w.org\/{rel}","templated":true}]}}