{"id":2482,"date":"2024-03-13T10:53:30","date_gmt":"2024-03-13T09:53:30","guid":{"rendered":"https:\/\/mugi.lu\/composer\/maggie-vandenabeele\/"},"modified":"2025-02-21T09:45:53","modified_gmt":"2025-02-21T08:45:53","slug":"maggie-vandenabeele","status":"publish","type":"composer","link":"https:\/\/mugi.lu\/en\/subject\/maggie-vandenabeele\/","title":{"rendered":"Maggie Vandenabeele"},"content":{"rendered":"\n<div class=\"wp-block-columns is-layout-flex wp-container-core-columns-is-layout-9d6595d7 wp-block-columns-is-layout-flex\">\n<div class=\"wp-block-column is-layout-flow wp-block-column-is-layout-flow\" style=\"flex-basis:25%\"><figure style=\"aspect-ratio:auto;\" class=\"wp-block-post-featured-image\"><img loading=\"lazy\" decoding=\"async\" width=\"1773\" height=\"2560\" src=\"https:\/\/mugi.lu\/wp-content\/uploads\/2024\/02\/m-261-scaled-e1710325974648.jpg\" class=\"attachment-post-thumbnail size-post-thumbnail wp-post-image\" alt=\"\" style=\"width:100%;height:100%;object-fit:cover;\" \/><\/figure><\/div>\n\n\n\n<div class=\"wp-block-column is-layout-flow wp-block-column-is-layout-flow\">\n<h3 class=\"birth_death_dates\"><\/h3>\n\n\n<h2 class=\"wp-block-post-title\">Maggie Vandenabeele<\/h2>\n\n\n<div class=\"composer-tab\" style=\"display: none;\" data-composer-tab-color=\"secondary\">\n\n\t<div class=\"composer-tab__badge composer-tab__badge-secondary\">\n\t\t<span class=\"composer-tab__icon--biography\"><\/span>\n\t\t<span class=\"composer-tab__circular-title\">Biography<\/span>\n\t<\/div>\n\n\t<div class=\"composer-tab__content\">\n\t\t\t\t\t\n\n<div class=\"wp-block-getwid-content-slider has-arrows-outside has-dots-none\" data-adaptive-height=\"true\" data-draggable=\"false\" data-arrows=\"outside\" data-dots=\"none\"><div class=\"wp-block-getwid-content-slider__wrapper\">\n<div class=\"wp-block-getwid-content-slider-slide\"><div class=\"wp-block-getwid-content-slider-slide__wrapper\">\n<p>Maggie Vandenabeele was born on 24 March 1949 in Schaerbeek, Brussels. She grew up with her brother R\u00e9ginald, two years her senior, and their mother Helene &#8220;Lena&#8221; Belli, who was of Italian origin. Her Belgian father, Georges Vandenabeele, left the family when his daughter was about two years old. In 1954, Lena Belli and her two children moved to Dudelange, where her family ran the caf\u00e9 <em>Op der Keeler Strooss, 141<\/em>. This establishment had belonged to Maggie Vandenabeele&#8217;s Italian grandparents before being passed on to her aunt Landa and later to her mother Lena.&nbsp;&nbsp;<\/p>\n\n\n\n<p><\/p>\n\n\n\n<p>Some of Maggie Vandenabeele&#8217;s earliest memories are linked to music: as a young child, she remembers spending hours in front of the radio, listening to Fred Astaire. The caf\u00e9 where she lived regularly hosted dances where the local Italian community got together and socialised. Maggie Vandenabeele&#8217;s uncles were fond of singing and playing the trumpet at those occasions.&nbsp;<\/p>\n\n\n\n<p><\/p>\n\n\n\n<p>Lena Belli herself loved classical music and encouraged her daughter to take lessons at the <em>Ecole municipale de musique de Dudelange<\/em>. Maggie Vandenabeele first took solf\u00e8ge classes with Pierre Cao from 1958 to 1961, then piano lessons at the same school. Later, she enrolled for classes at the <em>Conservatoire de Musique de la ville de Luxembourg<\/em>.&nbsp;&nbsp;<\/p>\n\n\n\n<p><\/p>\n\n\n\n<p>During her childhood and early teenage years, her mother ran various caf\u00e9s in Dudelange: they lived at the caf\u00e9 <em>Beim Lena<\/em> and caf\u00e9 <em>Mayfair<\/em>, which closed in the 1990s.<\/p>\n\n\n\n<p><\/p>\n<\/div><\/div>\n\n\n\n<div class=\"wp-block-getwid-content-slider-slide\"><div class=\"wp-block-getwid-content-slider-slide__wrapper\">\n<p>Maggie Vandenabeele went to the <em>Maria Hilf<\/em> vocational and home economics school in Esch-sur-Alzette and then to the <em>Ath\u00e9n\u00e9e royal d\u2019Arlon<\/em>. She liked singing Beatles songs with her friends during breaks and on the train to and from Luxembourg. One of these impromptu performances led to Maggie Vandenabeele being recruited as the lead singer of the Dudelange-based beat band <em>The Ghosts<\/em>. In 1966, after <em>The Ghosts<\/em> split up, she joined the band <em>The Dukes<\/em> <em>\u2013\u202f<\/em>a short-lived band that broke up in 1968. However, it was precisely this band that brought us to Maggie Vandenabeele: in those days, women were virtually non-existent on the Luxembourg rock and pop scene. In &#8220;L\u00ebtzebuerg an den 60er Joeren&#8221;, a book published by Bibi Krings (2007), a photo of <em>The Dukes<\/em> caught our eye: who was this young woman with big glasses, dressed in black, taking her place in front of four young men? Luke Haas&#8217;s &#8220;L\u00ebtzebuerger Rock Lexikon&#8221; (1988) gave us our first clue, and we found out not only about Maggie Vandenabeele\u2019s life as musician, but also as a traveller, photographer, painter and coach.&nbsp;<\/p>\n\n\n\n<p><\/p>\n\n\n\n<p>After dropping out of school, Maggie Vandenabeele started working in her mother&#8217;s caf\u00e9. This gave her a modest income and some independence. Her first visit to Paris in 1966 was an eye-opening experience: she and a small group of friends wanted to see the <em>Rolling Stones<\/em> perform in Auvers-sur-Oise. Although the concert was cancelled at short notice due to extreme weather conditions, this first outing allowed the teenager to see that there was a world outside of Luxembourg, a country she perceived as too quiet and traditional. As a result, Maggie Vandenabeele moved to Paris for a few months. There she took up photography, and from then on, the camera was her constant companion on her travels.&nbsp;&nbsp;&nbsp;<\/p>\n\n\n\n<p><\/p>\n<\/div><\/div>\n\n\n\n<div class=\"wp-block-getwid-content-slider-slide\"><div class=\"wp-block-getwid-content-slider-slide__wrapper\">\n<p>From 1969 Maggie Vandenabeele was an avid traveller, often spending several months in one place. She spent half a year in London, then went on to Barmouth in Wales, Scotland, France and Belgium in 1970. In 1971 she visited the Scandinavian countries. During all this time she took on odd jobs in the places she visited, working as an au pair here, in retail there, sometimes as a translator or as a secretary. Around 1975 she accompanied her mother on a visit to her hometown in Sardinia before travelling further east on her own. She spent some time picking oranges in Greece, then hitchhiked through Turkey to Jordan, Syria and Israel. In Israel she lived and worked in the kibbutz <em>Heaven<\/em> near Beer-Sheva.&nbsp;&nbsp;<\/p>\n\n\n\n<p><\/p>\n\n\n\n<p>In 1978 she settled in Paris for almost two years and enrolled in a teaching programme called <em>GAME (Groupe pour l&#8217;am\u00e9lioration des m\u00e9thodes d&#8217;enseignement)<\/em>. She taught piano and solf\u00e8ge classes, but also attended various music courses herself, such as guitar and opera singing as well as drama classes at <em>Le Lucernaire<\/em>. Occasionally, she played in the underground to earn some money. In 1983, she gave birth to her son Sean. They moved to Nice where her second son, Lee, was born in 1989.&nbsp;<\/p>\n\n\n\n<p><\/p>\n<\/div><\/div>\n\n\n\n<div class=\"wp-block-getwid-content-slider-slide\"><div class=\"wp-block-getwid-content-slider-slide__wrapper\">\n<p>During her time in Nice, Maggie joined the city\u2019s <em>Conservatoire<\/em> to work on her jazz skills. She played in several jazz bands, such as the band <em>Facette<\/em>, which performed in bars and restaurants. She also formed a private singing group with other mothers called <em>Les mamans chanteuses<\/em>. During the 1990s, as well as giving private music lessons and workshops for children, she continues working on her own music. In 1998 she took part in a musical comedy in <em>Saint-Roman-de-Bellet<\/em>. In addition to her musical activities, Maggie Vandenabeele became interested in other forms of artistic expression: she wrote a children&#8217;s story called <em>Sous le pr\u00e9au<\/em>. In 2001, she was commissioned to illustrate a book called <em>La for\u00eat myst\u00e9rieuse<\/em>. However, as a result of the author Bettina Rometti&#8217;s sudden death, the book was never published. During those years, Maggie Vandenabeele also took painting classes. In 2003, an exhibition of her work is held at <em>Caf\u00e9 Arabo<\/em> in Nice. She continues taking drama classes, among others with S\u00e9bastien Morena at <em>Th\u00e9\u00e2tre L\u2019Alphabet <\/em>and with S\u00e9bastien El Fassi at<em> Espace Magnan<\/em>.&nbsp;<em>Espace Magnan<\/em> became an important place for Maggie Vandenabeele in Nice: this association carries out socio-cultural activities in a wide range of artistic, cultural, sporting, educational and social fields. The aim of <em>Espace Magnan<\/em> is to give everyone access to education and culture, thereby promoting personal development, self-realisation and autonomy, and to encourage active and responsible citizenship in a mutually supportive community. Maggie Vandenabeele worked as a singing and drama coach at <em>Espace Magnan, Salle de la Rampe Rouge.<\/em>&nbsp;<\/p>\n\n\n\n<p><\/p>\n\n\n\n<p>Today, Maggie Vandenabeele continues to play music, improvising on the piano by herself and together with Christophe Antipas, drummer of the group <em>Facette<\/em>. The duo regularly performs at music afternoons at the <em>Ch\u00e2teau de la Tour des Baumettes<\/em>. Throughout her life, Maggie Vandenabeele has been interested in spirituality. She has taken part in numerous workshops on self-discovery. She has never felt the need to own material possessions, preferring to live freely and constantly redefine her interests and modes of expression.&nbsp;<\/p>\n<\/div><\/div>\n<\/div><\/div>\n\n\n\n<p class=\"has-text-smaller-font-size\"><em>Text (translated with the help of DeepL.com) and curation of the webpage: Anne Schiltz (upload March 13th 2024)&nbsp;<\/em>; <em>Creation of the digital archive Maggie Vandenabeele (MV) : Cristina Sobral<\/em>&nbsp;<\/p>\n\n\n\n<p class=\"has-text-smaller-font-size\"><strong>How to cite:<\/strong> Schiltz, Anne: Maggie Vandenabeele, in: Music and Gender in Luxembourg, ed. by Sonja Kmec, Danielle Roster and Anne Schiltz. URL:\u00a0<a href=\"https:\/\/mugi.lu\/en\/subject\/maggie-vandenabeele\/\">https:\/\/mugi.lu\/en\/subject\/maggie-vandenabeele\/<\/a> (published online 1.3.2024, last accessed \u2026)<\/p>\n\n\t\t\t<\/div>\n\n\t\t\t<button class=\"composer-tab__button composer-tab--color-secondary\">\n\t\t\t<span class=\"composer-tab__icon--biography\"><\/span>\n\t\t\t<span>Biography<\/span>\n\t\t<\/button>\n\t\n<\/div>\n\n\n\n<div class=\"composer-tab\" style=\"display: none;\" data-composer-tab-color=\"orange\">\n\n\t<div class=\"composer-tab__badge composer-tab__badge-orange\">\n\t\t<span class=\"composer-tab__icon--photos\"><\/span>\n\t\t<span class=\"composer-tab__circular-title\">Photos<\/span>\n\t<\/div>\n\n\t<div class=\"composer-tab__content\">\n\t\t\t\t\t\n\n<div class=\"wp-block-getwid-images-slider has-arrows-inside has-dots-none has-captions captions-style-light captions-bottom-center is-carousel has-slides-gap-normal has-images-center has-fitted-images has-fixed-height\"><div class=\"wp-block-getwid-images-slider__wrapper\" data-effect=\"slide\" data-slides-show=\"3\" data-slides-show-laptop=\"3\" data-slides-show-tablet=\"2\" data-slides-show-mobile=\"1\" data-slides-scroll=\"1\" data-autoplay=\"false\" data-pause-hover=\"false\" data-autoplay-speed=\"6000\" data-infinite=\"false\" data-animation-speed=\"500\" data-center-mode=\"false\" data-variable-width=\"false\" data-arrows=\"inside\" data-dots=\"none\" data-spacing=\"normal\"><div class=\"wp-block-getwid-images-slider__item getwid-reset-height-tablet getwid-reset-height-mobile\" style=\"height:40vh\"><a href=\"https:\/\/mugi.lu\/wp-content\/uploads\/2024\/03\/1-m-15-1.jpg\"><figure><img loading=\"lazy\" decoding=\"async\" width=\"2000\" height=\"1451\" src=\"https:\/\/mugi.lu\/wp-content\/uploads\/2024\/03\/1-m-15-1.jpg\" data-id=\"1660\" data-link=\"https:\/\/mugi.lu\/en\/subject\/maggie-vandenabeele\/1-m-15-1-2\/\" data-original-link=\"https:\/\/mugi.lu\/wp-content\/uploads\/2024\/03\/1-m-15-1.jpg\" class=\"wp-block-getwid-images-slider__image wp-image-1660\" srcset=\"https:\/\/mugi.lu\/wp-content\/uploads\/2024\/03\/1-m-15-1.jpg 2000w, https:\/\/mugi.lu\/wp-content\/uploads\/2024\/03\/1-m-15-1-300x218.jpg 300w, https:\/\/mugi.lu\/wp-content\/uploads\/2024\/03\/1-m-15-1-1024x743.jpg 1024w, https:\/\/mugi.lu\/wp-content\/uploads\/2024\/03\/1-m-15-1-768x557.jpg 768w, https:\/\/mugi.lu\/wp-content\/uploads\/2024\/03\/1-m-15-1-1536x1114.jpg 1536w, https:\/\/mugi.lu\/wp-content\/uploads\/2024\/03\/1-m-15-1-1850x1342.jpg 1850w\" sizes=\"auto, (max-width: 2000px) 100vw, 2000px\" \/><figcaption class=\"wp-block-getwid-images-slider__caption\">&lt;strong&gt;Dance night for young people in Maggie&#8217;s family&#8217;s first pub, Rue de Kayl,&lt;\/strong&gt;\nDudelange 1932, private archive VAM<\/figcaption><\/figure><\/a><\/div><div class=\"wp-block-getwid-images-slider__item getwid-reset-height-tablet getwid-reset-height-mobile\" style=\"height:40vh\"><a href=\"https:\/\/mugi.lu\/wp-content\/uploads\/2024\/03\/2-m-277.jpg\"><figure><img loading=\"lazy\" decoding=\"async\" width=\"1275\" height=\"2000\" src=\"https:\/\/mugi.lu\/wp-content\/uploads\/2024\/03\/2-m-277.jpg\" data-id=\"1663\" data-link=\"https:\/\/mugi.lu\/en\/subject\/maggie-vandenabeele\/2-m-277-2\/\" data-original-link=\"https:\/\/mugi.lu\/wp-content\/uploads\/2024\/03\/2-m-277.jpg\" class=\"wp-block-getwid-images-slider__image wp-image-1663\" srcset=\"https:\/\/mugi.lu\/wp-content\/uploads\/2024\/03\/2-m-277.jpg 1275w, https:\/\/mugi.lu\/wp-content\/uploads\/2024\/03\/2-m-277-191x300.jpg 191w, https:\/\/mugi.lu\/wp-content\/uploads\/2024\/03\/2-m-277-653x1024.jpg 653w, https:\/\/mugi.lu\/wp-content\/uploads\/2024\/03\/2-m-277-768x1205.jpg 768w, https:\/\/mugi.lu\/wp-content\/uploads\/2024\/03\/2-m-277-979x1536.jpg 979w\" sizes=\"auto, (max-width: 1275px) 100vw, 1275px\" \/><figcaption class=\"wp-block-getwid-images-slider__caption\">&lt;strong&gt;Lena with her children: six-month-old Maggie and two-year-old Reginald,&lt;\/strong&gt; \nBrussels 1953, private archive VAM<\/figcaption><\/figure><\/a><\/div><div class=\"wp-block-getwid-images-slider__item getwid-reset-height-tablet getwid-reset-height-mobile\" style=\"height:40vh\"><a href=\"https:\/\/mugi.lu\/wp-content\/uploads\/2024\/03\/3-m-354.jpg\"><figure><img loading=\"lazy\" decoding=\"async\" width=\"2000\" height=\"1933\" src=\"https:\/\/mugi.lu\/wp-content\/uploads\/2024\/03\/3-m-354.jpg\" data-id=\"1666\" data-link=\"https:\/\/mugi.lu\/en\/subject\/maggie-vandenabeele\/3-m-354-2\/\" data-original-link=\"https:\/\/mugi.lu\/wp-content\/uploads\/2024\/03\/3-m-354.jpg\" class=\"wp-block-getwid-images-slider__image wp-image-1666\" srcset=\"https:\/\/mugi.lu\/wp-content\/uploads\/2024\/03\/3-m-354.jpg 2000w, https:\/\/mugi.lu\/wp-content\/uploads\/2024\/03\/3-m-354-300x290.jpg 300w, https:\/\/mugi.lu\/wp-content\/uploads\/2024\/03\/3-m-354-1024x990.jpg 1024w, https:\/\/mugi.lu\/wp-content\/uploads\/2024\/03\/3-m-354-768x742.jpg 768w, https:\/\/mugi.lu\/wp-content\/uploads\/2024\/03\/3-m-354-1536x1485.jpg 1536w, https:\/\/mugi.lu\/wp-content\/uploads\/2024\/03\/3-m-354-1850x1788.jpg 1850w\" sizes=\"auto, (max-width: 2000px) 100vw, 2000px\" \/><figcaption class=\"wp-block-getwid-images-slider__caption\">&lt;strong&gt;Maggie (four years old) and her brother R\u00e9ginald (six years old),&lt;\/strong&gt;\nBrussels 1953, private archive VAM<\/figcaption><\/figure><\/a><\/div><div class=\"wp-block-getwid-images-slider__item getwid-reset-height-tablet getwid-reset-height-mobile\" style=\"height:40vh\"><a href=\"https:\/\/mugi.lu\/wp-content\/uploads\/2024\/03\/4-m-278.jpg\"><figure><img loading=\"lazy\" decoding=\"async\" width=\"2000\" height=\"1990\" src=\"https:\/\/mugi.lu\/wp-content\/uploads\/2024\/03\/4-m-278.jpg\" data-id=\"1669\" data-link=\"https:\/\/mugi.lu\/en\/subject\/maggie-vandenabeele\/4-m-278-2\/\" data-original-link=\"https:\/\/mugi.lu\/wp-content\/uploads\/2024\/03\/4-m-278.jpg\" class=\"wp-block-getwid-images-slider__image wp-image-1669\" srcset=\"https:\/\/mugi.lu\/wp-content\/uploads\/2024\/03\/4-m-278.jpg 2000w, https:\/\/mugi.lu\/wp-content\/uploads\/2024\/03\/4-m-278-300x300.jpg 300w, https:\/\/mugi.lu\/wp-content\/uploads\/2024\/03\/4-m-278-1024x1019.jpg 1024w, https:\/\/mugi.lu\/wp-content\/uploads\/2024\/03\/4-m-278-150x150.jpg 150w, https:\/\/mugi.lu\/wp-content\/uploads\/2024\/03\/4-m-278-768x764.jpg 768w, https:\/\/mugi.lu\/wp-content\/uploads\/2024\/03\/4-m-278-1536x1528.jpg 1536w, https:\/\/mugi.lu\/wp-content\/uploads\/2024\/03\/4-m-278-1850x1841.jpg 1850w\" sizes=\"auto, (max-width: 2000px) 100vw, 2000px\" \/><figcaption class=\"wp-block-getwid-images-slider__caption\">&lt;strong&gt;Maggie at 15 years of age, working at her mum&#8217;s pub,&lt;\/strong&gt;\nDudelange 1963, private archive VAM<\/figcaption><\/figure><\/a><\/div><div class=\"wp-block-getwid-images-slider__item getwid-reset-height-tablet getwid-reset-height-mobile\" style=\"height:40vh\"><a href=\"https:\/\/mugi.lu\/wp-content\/uploads\/2024\/03\/5-m-6-5-scaled.jpg\"><figure><img loading=\"lazy\" decoding=\"async\" width=\"1712\" height=\"2560\" src=\"https:\/\/mugi.lu\/wp-content\/uploads\/2024\/03\/5-m-6-5-scaled.jpg\" data-id=\"1672\" data-link=\"https:\/\/mugi.lu\/en\/subject\/maggie-vandenabeele\/5-m-6-5-2\/\" data-original-link=\"https:\/\/mugi.lu\/wp-content\/uploads\/2024\/03\/5-m-6-5-scaled.jpg\" class=\"wp-block-getwid-images-slider__image wp-image-1672\" srcset=\"https:\/\/mugi.lu\/wp-content\/uploads\/2024\/03\/5-m-6-5-scaled.jpg 1712w, https:\/\/mugi.lu\/wp-content\/uploads\/2024\/03\/5-m-6-5-201x300.jpg 201w, https:\/\/mugi.lu\/wp-content\/uploads\/2024\/03\/5-m-6-5-685x1024.jpg 685w, https:\/\/mugi.lu\/wp-content\/uploads\/2024\/03\/5-m-6-5-768x1149.jpg 768w, https:\/\/mugi.lu\/wp-content\/uploads\/2024\/03\/5-m-6-5-1027x1536.jpg 1027w, https:\/\/mugi.lu\/wp-content\/uploads\/2024\/03\/5-m-6-5-1369x2048.jpg 1369w, https:\/\/mugi.lu\/wp-content\/uploads\/2024\/03\/5-m-6-5-1850x2767.jpg 1850w\" sizes=\"auto, (max-width: 1712px) 100vw, 1712px\" \/><figcaption class=\"wp-block-getwid-images-slider__caption\">&lt;strong&gt;Maggie at 15 years of age,&lt;\/strong&gt;\nDudelange 1963, private archive VAM<\/figcaption><\/figure><\/a><\/div><div class=\"wp-block-getwid-images-slider__item getwid-reset-height-tablet getwid-reset-height-mobile\" style=\"height:40vh\"><a href=\"https:\/\/mugi.lu\/wp-content\/uploads\/2024\/03\/6-m-260.jpg\"><figure><img loading=\"lazy\" decoding=\"async\" width=\"1119\" height=\"1600\" src=\"https:\/\/mugi.lu\/wp-content\/uploads\/2024\/03\/6-m-260.jpg\" data-id=\"1675\" data-link=\"https:\/\/mugi.lu\/en\/subject\/maggie-vandenabeele\/6-m-260-2\/\" data-original-link=\"https:\/\/mugi.lu\/wp-content\/uploads\/2024\/03\/6-m-260.jpg\" class=\"wp-block-getwid-images-slider__image wp-image-1675\" srcset=\"https:\/\/mugi.lu\/wp-content\/uploads\/2024\/03\/6-m-260.jpg 1119w, https:\/\/mugi.lu\/wp-content\/uploads\/2024\/03\/6-m-260-210x300.jpg 210w, https:\/\/mugi.lu\/wp-content\/uploads\/2024\/03\/6-m-260-716x1024.jpg 716w, https:\/\/mugi.lu\/wp-content\/uploads\/2024\/03\/6-m-260-768x1098.jpg 768w, https:\/\/mugi.lu\/wp-content\/uploads\/2024\/03\/6-m-260-1074x1536.jpg 1074w\" sizes=\"auto, (max-width: 1119px) 100vw, 1119px\" \/><figcaption class=\"wp-block-getwid-images-slider__caption\">&lt;strong&gt;The Dukes, music band, from left to right: Daniel Levy, Lucien Molitor, Roger Sabus, Roger Schmit. In front, seated: Maggie Vandenabeele,&lt;\/strong&gt;\nDudelange 1966<\/figcaption><\/figure><\/a><\/div><div class=\"wp-block-getwid-images-slider__item getwid-reset-height-tablet getwid-reset-height-mobile\" style=\"height:40vh\"><a href=\"https:\/\/mugi.lu\/wp-content\/uploads\/2024\/03\/7-m-256.jpg\"><figure><img loading=\"lazy\" decoding=\"async\" width=\"2000\" height=\"1425\" src=\"https:\/\/mugi.lu\/wp-content\/uploads\/2024\/03\/7-m-256.jpg\" data-id=\"1678\" data-link=\"https:\/\/mugi.lu\/en\/subject\/maggie-vandenabeele\/7-m-256-2\/\" data-original-link=\"https:\/\/mugi.lu\/wp-content\/uploads\/2024\/03\/7-m-256.jpg\" class=\"wp-block-getwid-images-slider__image wp-image-1678\" srcset=\"https:\/\/mugi.lu\/wp-content\/uploads\/2024\/03\/7-m-256.jpg 2000w, https:\/\/mugi.lu\/wp-content\/uploads\/2024\/03\/7-m-256-300x214.jpg 300w, https:\/\/mugi.lu\/wp-content\/uploads\/2024\/03\/7-m-256-1024x730.jpg 1024w, https:\/\/mugi.lu\/wp-content\/uploads\/2024\/03\/7-m-256-768x547.jpg 768w, https:\/\/mugi.lu\/wp-content\/uploads\/2024\/03\/7-m-256-1536x1094.jpg 1536w, https:\/\/mugi.lu\/wp-content\/uploads\/2024\/03\/7-m-256-1850x1318.jpg 1850w\" sizes=\"auto, (max-width: 2000px) 100vw, 2000px\" \/><figcaption class=\"wp-block-getwid-images-slider__caption\">&lt;strong&gt;Demonstration on Rue Principale,&lt;\/strong&gt;\nDudelange 1968, private archive VAM<\/figcaption><\/figure><\/a><\/div><div class=\"wp-block-getwid-images-slider__item getwid-reset-height-tablet getwid-reset-height-mobile\" style=\"height:40vh\"><a href=\"https:\/\/mugi.lu\/wp-content\/uploads\/2024\/03\/8-m-274-3.jpg\"><figure><img loading=\"lazy\" decoding=\"async\" width=\"2000\" height=\"1381\" src=\"https:\/\/mugi.lu\/wp-content\/uploads\/2024\/03\/8-m-274-3.jpg\" data-id=\"1681\" data-link=\"https:\/\/mugi.lu\/en\/subject\/maggie-vandenabeele\/8-m-274-3-2\/\" data-original-link=\"https:\/\/mugi.lu\/wp-content\/uploads\/2024\/03\/8-m-274-3.jpg\" class=\"wp-block-getwid-images-slider__image wp-image-1681\" srcset=\"https:\/\/mugi.lu\/wp-content\/uploads\/2024\/03\/8-m-274-3.jpg 2000w, https:\/\/mugi.lu\/wp-content\/uploads\/2024\/03\/8-m-274-3-300x207.jpg 300w, https:\/\/mugi.lu\/wp-content\/uploads\/2024\/03\/8-m-274-3-1024x707.jpg 1024w, https:\/\/mugi.lu\/wp-content\/uploads\/2024\/03\/8-m-274-3-768x530.jpg 768w, https:\/\/mugi.lu\/wp-content\/uploads\/2024\/03\/8-m-274-3-1536x1061.jpg 1536w, https:\/\/mugi.lu\/wp-content\/uploads\/2024\/03\/8-m-274-3-1850x1277.jpg 1850w\" sizes=\"auto, (max-width: 2000px) 100vw, 2000px\" \/><figcaption class=\"wp-block-getwid-images-slider__caption\">&lt;strong&gt;Maggie in front of Caf\u00e9 Mayfair,&lt;\/strong&gt;\nDudelange 1972, private archive VAM<\/figcaption><\/figure><\/a><\/div><div class=\"wp-block-getwid-images-slider__item getwid-reset-height-tablet getwid-reset-height-mobile\" style=\"height:40vh\"><a href=\"https:\/\/mugi.lu\/wp-content\/uploads\/2024\/03\/9-m-274-1.jpg\"><figure><img loading=\"lazy\" decoding=\"async\" width=\"2000\" height=\"1335\" src=\"https:\/\/mugi.lu\/wp-content\/uploads\/2024\/03\/9-m-274-1.jpg\" data-id=\"1684\" data-link=\"https:\/\/mugi.lu\/en\/subject\/maggie-vandenabeele\/9-m-274-1-2\/\" data-original-link=\"https:\/\/mugi.lu\/wp-content\/uploads\/2024\/03\/9-m-274-1.jpg\" class=\"wp-block-getwid-images-slider__image wp-image-1684\" srcset=\"https:\/\/mugi.lu\/wp-content\/uploads\/2024\/03\/9-m-274-1.jpg 2000w, https:\/\/mugi.lu\/wp-content\/uploads\/2024\/03\/9-m-274-1-300x200.jpg 300w, https:\/\/mugi.lu\/wp-content\/uploads\/2024\/03\/9-m-274-1-1024x684.jpg 1024w, https:\/\/mugi.lu\/wp-content\/uploads\/2024\/03\/9-m-274-1-768x513.jpg 768w, https:\/\/mugi.lu\/wp-content\/uploads\/2024\/03\/9-m-274-1-1536x1025.jpg 1536w, https:\/\/mugi.lu\/wp-content\/uploads\/2024\/03\/9-m-274-1-1850x1235.jpg 1850w\" sizes=\"auto, (max-width: 2000px) 100vw, 2000px\" \/><figcaption class=\"wp-block-getwid-images-slider__caption\">&lt;strong&gt;Maggie at the age of 17,&lt;\/strong&gt;\nprivate archive VAM<\/figcaption><\/figure><\/a><\/div><div class=\"wp-block-getwid-images-slider__item getwid-reset-height-tablet getwid-reset-height-mobile\" style=\"height:40vh\"><a href=\"https:\/\/mugi.lu\/wp-content\/uploads\/2024\/03\/10-m-273.jpg\"><figure><img loading=\"lazy\" decoding=\"async\" width=\"1328\" height=\"2000\" src=\"https:\/\/mugi.lu\/wp-content\/uploads\/2024\/03\/10-m-273.jpg\" data-id=\"1687\" data-link=\"https:\/\/mugi.lu\/en\/subject\/maggie-vandenabeele\/10-m-273-2\/\" data-original-link=\"https:\/\/mugi.lu\/wp-content\/uploads\/2024\/03\/10-m-273.jpg\" class=\"wp-block-getwid-images-slider__image wp-image-1687\" srcset=\"https:\/\/mugi.lu\/wp-content\/uploads\/2024\/03\/10-m-273.jpg 1328w, https:\/\/mugi.lu\/wp-content\/uploads\/2024\/03\/10-m-273-199x300.jpg 199w, https:\/\/mugi.lu\/wp-content\/uploads\/2024\/03\/10-m-273-680x1024.jpg 680w, https:\/\/mugi.lu\/wp-content\/uploads\/2024\/03\/10-m-273-768x1157.jpg 768w, https:\/\/mugi.lu\/wp-content\/uploads\/2024\/03\/10-m-273-1020x1536.jpg 1020w\" sizes=\"auto, (max-width: 1328px) 100vw, 1328px\" \/><figcaption class=\"wp-block-getwid-images-slider__caption\">&lt;strong&gt;Helene Belli (Lena) at Caf\u00e9 Mayfair,&lt;\/strong&gt; Dudelange 1979, private archive VAM<\/figcaption><\/figure><\/a><\/div><div class=\"wp-block-getwid-images-slider__item getwid-reset-height-tablet getwid-reset-height-mobile\" style=\"height:40vh\"><a href=\"https:\/\/mugi.lu\/wp-content\/uploads\/2024\/03\/11-m-274-5.jpg\"><figure><img loading=\"lazy\" decoding=\"async\" width=\"2000\" height=\"1435\" src=\"https:\/\/mugi.lu\/wp-content\/uploads\/2024\/03\/11-m-274-5.jpg\" data-id=\"1690\" data-link=\"https:\/\/mugi.lu\/en\/subject\/maggie-vandenabeele\/11-m-274-5-2\/\" data-original-link=\"https:\/\/mugi.lu\/wp-content\/uploads\/2024\/03\/11-m-274-5.jpg\" class=\"wp-block-getwid-images-slider__image wp-image-1690\" srcset=\"https:\/\/mugi.lu\/wp-content\/uploads\/2024\/03\/11-m-274-5.jpg 2000w, https:\/\/mugi.lu\/wp-content\/uploads\/2024\/03\/11-m-274-5-300x215.jpg 300w, https:\/\/mugi.lu\/wp-content\/uploads\/2024\/03\/11-m-274-5-1024x735.jpg 1024w, https:\/\/mugi.lu\/wp-content\/uploads\/2024\/03\/11-m-274-5-768x551.jpg 768w, https:\/\/mugi.lu\/wp-content\/uploads\/2024\/03\/11-m-274-5-1536x1102.jpg 1536w, https:\/\/mugi.lu\/wp-content\/uploads\/2024\/03\/11-m-274-5-1850x1327.jpg 1850w\" sizes=\"auto, (max-width: 2000px) 100vw, 2000px\" \/><figcaption class=\"wp-block-getwid-images-slider__caption\">&lt;strong&gt;Caf\u00e9 Mayfair in Dudelange. This pub belonged to Helene (Lena), Maggie&#8217;s mother. The pub closed for good in the 1990s,&lt;\/strong&gt;\nDudelange 1980, private archive VAM<\/figcaption><\/figure><\/a><\/div><div class=\"wp-block-getwid-images-slider__item getwid-reset-height-tablet getwid-reset-height-mobile\" style=\"height:40vh\"><a href=\"https:\/\/mugi.lu\/wp-content\/uploads\/2024\/03\/13-m-26.jpeg\"><figure><img loading=\"lazy\" decoding=\"async\" width=\"484\" height=\"750\" src=\"https:\/\/mugi.lu\/wp-content\/uploads\/2024\/03\/13-m-26.jpeg\" data-id=\"1696\" data-link=\"https:\/\/mugi.lu\/en\/subject\/maggie-vandenabeele\/13-m-26-2\/\" data-original-link=\"https:\/\/mugi.lu\/wp-content\/uploads\/2024\/03\/13-m-26.jpeg\" class=\"wp-block-getwid-images-slider__image wp-image-1696\" srcset=\"https:\/\/mugi.lu\/wp-content\/uploads\/2024\/03\/13-m-26.jpeg 484w, https:\/\/mugi.lu\/wp-content\/uploads\/2024\/03\/13-m-26-194x300.jpeg 194w\" sizes=\"auto, (max-width: 484px) 100vw, 484px\" \/><figcaption class=\"wp-block-getwid-images-slider__caption\">&lt;strong&gt;Maggie in front of &lt;i&gt;Biblioth\u00e8que Louis Nuc\u00e9ra,&lt;\/i&gt;&lt;\/strong&gt;\nNice 2003, private archive VAM<\/figcaption><\/figure><\/a><\/div><div class=\"wp-block-getwid-images-slider__item getwid-reset-height-tablet getwid-reset-height-mobile\" style=\"height:40vh\"><a href=\"https:\/\/mugi.lu\/wp-content\/uploads\/2024\/03\/16-m-263-1.jpeg\"><figure><img loading=\"lazy\" decoding=\"async\" width=\"869\" height=\"582\" src=\"https:\/\/mugi.lu\/wp-content\/uploads\/2024\/03\/16-m-263-1.jpeg\" data-id=\"1705\" data-link=\"https:\/\/mugi.lu\/en\/subject\/maggie-vandenabeele\/16-m-263-1-2\/\" data-original-link=\"https:\/\/mugi.lu\/wp-content\/uploads\/2024\/03\/16-m-263-1.jpeg\" class=\"wp-block-getwid-images-slider__image wp-image-1705\" srcset=\"https:\/\/mugi.lu\/wp-content\/uploads\/2024\/03\/16-m-263-1.jpeg 869w, https:\/\/mugi.lu\/wp-content\/uploads\/2024\/03\/16-m-263-1-300x201.jpeg 300w, https:\/\/mugi.lu\/wp-content\/uploads\/2024\/03\/16-m-263-1-768x514.jpeg 768w\" sizes=\"auto, (max-width: 869px) 100vw, 869px\" \/><figcaption class=\"wp-block-getwid-images-slider__caption\">&lt;strong&gt;Jazz band &#8220;Facette&#8221;,from left to right: Christophe Antipas, Jean Luc Saumon, Maggie Vandenabeele, Pedro Moura,&lt;\/strong&gt;\nNice 2004, private archive VAM<\/figcaption><\/figure><\/a><\/div><\/div><\/div>\n\n\t\t\t<\/div>\n\n\t\t\t<button class=\"composer-tab__button composer-tab--color-orange\">\n\t\t\t<span class=\"composer-tab__icon--photos\"><\/span>\n\t\t\t<span>Photos<\/span>\n\t\t<\/button>\n\t\n<\/div>\n\n\n\n<div class=\"composer-tab\" style=\"display: none;\" data-composer-tab-color=\"yellow\">\n\n\t<div class=\"composer-tab__badge composer-tab__badge-yellow\">\n\t\t<span class=\"composer-tab__icon--photos\"><\/span>\n\t\t<span class=\"composer-tab__circular-title\">Travel photography<\/span>\n\t<\/div>\n\n\t<div class=\"composer-tab__content\">\n\t\t\t\t\t\n\n<div class=\"wp-block-getwid-images-slider has-arrows-inside has-dots-none has-captions captions-style-light captions-bottom-center is-carousel has-slides-gap-normal has-images-center has-fitted-images has-fixed-height\"><div class=\"wp-block-getwid-images-slider__wrapper\" data-effect=\"slide\" data-slides-show=\"3\" data-slides-show-laptop=\"3\" data-slides-show-tablet=\"2\" data-slides-show-mobile=\"1\" data-slides-scroll=\"1\" data-autoplay=\"false\" data-pause-hover=\"false\" data-autoplay-speed=\"6000\" data-infinite=\"false\" data-animation-speed=\"500\" data-center-mode=\"false\" data-variable-width=\"false\" data-arrows=\"inside\" data-dots=\"none\" data-spacing=\"normal\"><div class=\"wp-block-getwid-images-slider__item getwid-reset-height-tablet getwid-reset-height-mobile\" style=\"height:40vh\"><a href=\"https:\/\/mugi.lu\/wp-content\/uploads\/2024\/02\/1-m-195.jpeg\"><figure><img loading=\"lazy\" decoding=\"async\" width=\"830\" height=\"582\" src=\"https:\/\/mugi.lu\/wp-content\/uploads\/2024\/02\/1-m-195.jpeg\" data-id=\"1708\" data-link=\"https:\/\/mugi.lu\/en\/subject\/maggie-vandenabeele\/1-m-195-2\/\" data-original-link=\"https:\/\/mugi.lu\/wp-content\/uploads\/2024\/02\/1-m-195.jpeg\" class=\"wp-block-getwid-images-slider__image wp-image-1708\" srcset=\"https:\/\/mugi.lu\/wp-content\/uploads\/2024\/02\/1-m-195.jpeg 830w, https:\/\/mugi.lu\/wp-content\/uploads\/2024\/02\/1-m-195-300x210.jpeg 300w, https:\/\/mugi.lu\/wp-content\/uploads\/2024\/02\/1-m-195-768x539.jpeg 768w\" sizes=\"auto, (max-width: 830px) 100vw, 830px\" \/><figcaption class=\"wp-block-getwid-images-slider__caption\">&lt;strong&gt;First visit to Paris, &lt;\/strong&gt;\n1968 Paris, \u00a9 Maggie Vandenabeele<\/figcaption><\/figure><\/a><\/div><div class=\"wp-block-getwid-images-slider__item getwid-reset-height-tablet getwid-reset-height-mobile\" style=\"height:40vh\"><a href=\"https:\/\/mugi.lu\/wp-content\/uploads\/2024\/02\/2-m97.jpeg\"><figure><img loading=\"lazy\" decoding=\"async\" width=\"792\" height=\"509\" src=\"https:\/\/mugi.lu\/wp-content\/uploads\/2024\/02\/2-m97.jpeg\" data-id=\"1711\" data-link=\"https:\/\/mugi.lu\/en\/subject\/maggie-vandenabeele\/2-m97-2\/\" data-original-link=\"https:\/\/mugi.lu\/wp-content\/uploads\/2024\/02\/2-m97.jpeg\" class=\"wp-block-getwid-images-slider__image wp-image-1711\" srcset=\"https:\/\/mugi.lu\/wp-content\/uploads\/2024\/02\/2-m97.jpeg 792w, https:\/\/mugi.lu\/wp-content\/uploads\/2024\/02\/2-m97-300x193.jpeg 300w, https:\/\/mugi.lu\/wp-content\/uploads\/2024\/02\/2-m97-768x494.jpeg 768w\" sizes=\"auto, (max-width: 792px) 100vw, 792px\" \/><figcaption class=\"wp-block-getwid-images-slider__caption\">&lt;strong&gt;Welsh countryside, not far from the Scottish border,&lt;\/strong&gt;\nWales 1970, \u00a9 Maggie Vandenabeele<\/figcaption><\/figure><\/a><\/div><div class=\"wp-block-getwid-images-slider__item getwid-reset-height-tablet getwid-reset-height-mobile\" style=\"height:40vh\"><a href=\"https:\/\/mugi.lu\/wp-content\/uploads\/2024\/02\/3-m-99.jpeg\"><figure><img loading=\"lazy\" decoding=\"async\" width=\"603\" height=\"840\" src=\"https:\/\/mugi.lu\/wp-content\/uploads\/2024\/02\/3-m-99.jpeg\" data-id=\"1714\" data-link=\"https:\/\/mugi.lu\/en\/subject\/maggie-vandenabeele\/3-m-99-2\/\" data-original-link=\"https:\/\/mugi.lu\/wp-content\/uploads\/2024\/02\/3-m-99.jpeg\" class=\"wp-block-getwid-images-slider__image wp-image-1714\" srcset=\"https:\/\/mugi.lu\/wp-content\/uploads\/2024\/02\/3-m-99.jpeg 603w, https:\/\/mugi.lu\/wp-content\/uploads\/2024\/02\/3-m-99-215x300.jpeg 215w\" sizes=\"auto, (max-width: 603px) 100vw, 603px\" \/><figcaption class=\"wp-block-getwid-images-slider__caption\">&lt;strong&gt;Village in Denmark,&lt;\/strong&gt;\nDenmark 1970, \u00a9 Maggie Vandenabeele<\/figcaption><\/figure><\/a><\/div><div class=\"wp-block-getwid-images-slider__item getwid-reset-height-tablet getwid-reset-height-mobile\" style=\"height:40vh\"><a href=\"https:\/\/mugi.lu\/wp-content\/uploads\/2024\/02\/4-m-89.jpeg\"><figure><img loading=\"lazy\" decoding=\"async\" width=\"848\" height=\"596\" src=\"https:\/\/mugi.lu\/wp-content\/uploads\/2024\/02\/4-m-89.jpeg\" data-id=\"1717\" data-link=\"https:\/\/mugi.lu\/en\/subject\/maggie-vandenabeele\/4-m-89-2\/\" data-original-link=\"https:\/\/mugi.lu\/wp-content\/uploads\/2024\/02\/4-m-89.jpeg\" class=\"wp-block-getwid-images-slider__image wp-image-1717\" srcset=\"https:\/\/mugi.lu\/wp-content\/uploads\/2024\/02\/4-m-89.jpeg 848w, https:\/\/mugi.lu\/wp-content\/uploads\/2024\/02\/4-m-89-300x211.jpeg 300w, https:\/\/mugi.lu\/wp-content\/uploads\/2024\/02\/4-m-89-768x540.jpeg 768w\" sizes=\"auto, (max-width: 848px) 100vw, 848px\" \/><figcaption class=\"wp-block-getwid-images-slider__caption\">&lt;strong&gt;Evening atmosphere,&lt;\/strong&gt;\nCrete 1976, \u00a9 Maggie Vandenabeele<\/figcaption><\/figure><\/a><\/div><div class=\"wp-block-getwid-images-slider__item getwid-reset-height-tablet getwid-reset-height-mobile\" style=\"height:40vh\"><a href=\"https:\/\/mugi.lu\/wp-content\/uploads\/2024\/02\/5-m-83.jpeg\"><figure><img loading=\"lazy\" decoding=\"async\" width=\"857\" height=\"594\" src=\"https:\/\/mugi.lu\/wp-content\/uploads\/2024\/02\/5-m-83.jpeg\" data-id=\"1720\" data-link=\"https:\/\/mugi.lu\/en\/subject\/maggie-vandenabeele\/5-m-83-2\/\" data-original-link=\"https:\/\/mugi.lu\/wp-content\/uploads\/2024\/02\/5-m-83.jpeg\" class=\"wp-block-getwid-images-slider__image wp-image-1720\" srcset=\"https:\/\/mugi.lu\/wp-content\/uploads\/2024\/02\/5-m-83.jpeg 857w, https:\/\/mugi.lu\/wp-content\/uploads\/2024\/02\/5-m-83-300x208.jpeg 300w, https:\/\/mugi.lu\/wp-content\/uploads\/2024\/02\/5-m-83-768x532.jpeg 768w\" sizes=\"auto, (max-width: 857px) 100vw, 857px\" \/><figcaption class=\"wp-block-getwid-images-slider__caption\">&lt;strong&gt;A shepperd and his flock,&lt;\/strong&gt;\nTurkey 1976, \u00a9 Maggie Vandenabeele<\/figcaption><\/figure><\/a><\/div><div class=\"wp-block-getwid-images-slider__item getwid-reset-height-tablet getwid-reset-height-mobile\" style=\"height:40vh\"><a href=\"https:\/\/mugi.lu\/wp-content\/uploads\/2024\/02\/6-m-104.jpg\"><figure><img loading=\"lazy\" decoding=\"async\" width=\"2000\" height=\"1401\" src=\"https:\/\/mugi.lu\/wp-content\/uploads\/2024\/02\/6-m-104.jpg\" data-id=\"1723\" data-link=\"https:\/\/mugi.lu\/en\/subject\/maggie-vandenabeele\/6-m-104-2\/\" data-original-link=\"https:\/\/mugi.lu\/wp-content\/uploads\/2024\/02\/6-m-104.jpg\" class=\"wp-block-getwid-images-slider__image wp-image-1723\" srcset=\"https:\/\/mugi.lu\/wp-content\/uploads\/2024\/02\/6-m-104.jpg 2000w, https:\/\/mugi.lu\/wp-content\/uploads\/2024\/02\/6-m-104-300x210.jpg 300w, https:\/\/mugi.lu\/wp-content\/uploads\/2024\/02\/6-m-104-1024x717.jpg 1024w, https:\/\/mugi.lu\/wp-content\/uploads\/2024\/02\/6-m-104-768x538.jpg 768w, https:\/\/mugi.lu\/wp-content\/uploads\/2024\/02\/6-m-104-1536x1076.jpg 1536w, https:\/\/mugi.lu\/wp-content\/uploads\/2024\/02\/6-m-104-1850x1296.jpg 1850w\" sizes=\"auto, (max-width: 2000px) 100vw, 2000px\" \/><figcaption class=\"wp-block-getwid-images-slider__caption\">&lt;strong&gt;Maggie chatting to a student of the university of Damascus,&lt;\/strong&gt;\nSyria 1976, private archive VAM <\/figcaption><\/figure><\/a><\/div><div class=\"wp-block-getwid-images-slider__item getwid-reset-height-tablet getwid-reset-height-mobile\" style=\"height:40vh\"><a href=\"https:\/\/mugi.lu\/wp-content\/uploads\/2024\/02\/7-m-267.jpg\"><figure><img loading=\"lazy\" decoding=\"async\" width=\"2000\" height=\"2007\" src=\"https:\/\/mugi.lu\/wp-content\/uploads\/2024\/02\/7-m-267.jpg\" data-id=\"1726\" data-link=\"https:\/\/mugi.lu\/en\/subject\/maggie-vandenabeele\/7-m-267-2\/\" data-original-link=\"https:\/\/mugi.lu\/wp-content\/uploads\/2024\/02\/7-m-267.jpg\" class=\"wp-block-getwid-images-slider__image wp-image-1726\" srcset=\"https:\/\/mugi.lu\/wp-content\/uploads\/2024\/02\/7-m-267.jpg 2000w, https:\/\/mugi.lu\/wp-content\/uploads\/2024\/02\/7-m-267-300x300.jpg 300w, https:\/\/mugi.lu\/wp-content\/uploads\/2024\/02\/7-m-267-1020x1024.jpg 1020w, https:\/\/mugi.lu\/wp-content\/uploads\/2024\/02\/7-m-267-150x150.jpg 150w, https:\/\/mugi.lu\/wp-content\/uploads\/2024\/02\/7-m-267-768x771.jpg 768w, https:\/\/mugi.lu\/wp-content\/uploads\/2024\/02\/7-m-267-1531x1536.jpg 1531w, https:\/\/mugi.lu\/wp-content\/uploads\/2024\/02\/7-m-267-1850x1856.jpg 1850w\" sizes=\"auto, (max-width: 2000px) 100vw, 2000px\" \/><figcaption class=\"wp-block-getwid-images-slider__caption\">&lt;strong&gt;Maggie Vandenabeele in front of a Kibbutz,&lt;\/strong&gt;\nIsrael 1976, private archive VAM <\/figcaption><\/figure><\/a><\/div><div class=\"wp-block-getwid-images-slider__item getwid-reset-height-tablet getwid-reset-height-mobile\" style=\"height:40vh\"><a href=\"https:\/\/mugi.lu\/wp-content\/uploads\/2024\/02\/8-m-141-1.jpeg\"><figure><img loading=\"lazy\" decoding=\"async\" width=\"848\" height=\"596\" src=\"https:\/\/mugi.lu\/wp-content\/uploads\/2024\/02\/8-m-141-1.jpeg\" data-id=\"1729\" data-link=\"https:\/\/mugi.lu\/en\/subject\/maggie-vandenabeele\/8-m-141-1-2\/\" data-original-link=\"https:\/\/mugi.lu\/wp-content\/uploads\/2024\/02\/8-m-141-1.jpeg\" class=\"wp-block-getwid-images-slider__image wp-image-1729\" srcset=\"https:\/\/mugi.lu\/wp-content\/uploads\/2024\/02\/8-m-141-1.jpeg 848w, https:\/\/mugi.lu\/wp-content\/uploads\/2024\/02\/8-m-141-1-300x211.jpeg 300w, https:\/\/mugi.lu\/wp-content\/uploads\/2024\/02\/8-m-141-1-768x540.jpeg 768w\" sizes=\"auto, (max-width: 848px) 100vw, 848px\" \/><figcaption class=\"wp-block-getwid-images-slider__caption\">&lt;strong&gt;Market on the main road in Beer Sheva,&lt;\/strong&gt;\nIsrael 1976, \u00a9 Maggie Vandenabeele<\/figcaption><\/figure><\/a><\/div><div class=\"wp-block-getwid-images-slider__item getwid-reset-height-tablet getwid-reset-height-mobile\" style=\"height:40vh\"><a href=\"https:\/\/mugi.lu\/wp-content\/uploads\/2024\/02\/10-m-126-7.jpg\"><figure><img loading=\"lazy\" decoding=\"async\" width=\"2000\" height=\"1417\" src=\"https:\/\/mugi.lu\/wp-content\/uploads\/2024\/02\/10-m-126-7.jpg\" data-id=\"1736\" data-link=\"https:\/\/mugi.lu\/en\/subject\/maggie-vandenabeele\/10-m-126-7-2\/\" data-original-link=\"https:\/\/mugi.lu\/wp-content\/uploads\/2024\/02\/10-m-126-7.jpg\" class=\"wp-block-getwid-images-slider__image wp-image-1736\" srcset=\"https:\/\/mugi.lu\/wp-content\/uploads\/2024\/02\/10-m-126-7.jpg 2000w, https:\/\/mugi.lu\/wp-content\/uploads\/2024\/02\/10-m-126-7-300x213.jpg 300w, https:\/\/mugi.lu\/wp-content\/uploads\/2024\/02\/10-m-126-7-1024x726.jpg 1024w, https:\/\/mugi.lu\/wp-content\/uploads\/2024\/02\/10-m-126-7-768x544.jpg 768w, https:\/\/mugi.lu\/wp-content\/uploads\/2024\/02\/10-m-126-7-1536x1088.jpg 1536w, https:\/\/mugi.lu\/wp-content\/uploads\/2024\/02\/10-m-126-7-1850x1311.jpg 1850w\" sizes=\"auto, (max-width: 2000px) 100vw, 2000px\" \/><figcaption class=\"wp-block-getwid-images-slider__caption\">&lt;strong&gt;Maggie&#8217;s accomodation at the Kibbutz &#8220;Heaven&#8221; in Beer Sheva,&lt;\/strong&gt;\nIsrael 1976, \u00a9 Maggie Vandenabeele<\/figcaption><\/figure><\/a><\/div><div class=\"wp-block-getwid-images-slider__item getwid-reset-height-tablet getwid-reset-height-mobile\" style=\"height:40vh\"><a href=\"https:\/\/mugi.lu\/wp-content\/uploads\/2024\/02\/11-m-98-1-scaled.jpg\"><figure><img loading=\"lazy\" decoding=\"async\" width=\"1791\" height=\"2560\" src=\"https:\/\/mugi.lu\/wp-content\/uploads\/2024\/02\/11-m-98-1-scaled.jpg\" data-id=\"1739\" data-link=\"https:\/\/mugi.lu\/en\/subject\/maggie-vandenabeele\/11-m-98-1-2\/\" data-original-link=\"https:\/\/mugi.lu\/wp-content\/uploads\/2024\/02\/11-m-98-1-scaled.jpg\" class=\"wp-block-getwid-images-slider__image wp-image-1739\" srcset=\"https:\/\/mugi.lu\/wp-content\/uploads\/2024\/02\/11-m-98-1-scaled.jpg 1791w, https:\/\/mugi.lu\/wp-content\/uploads\/2024\/02\/11-m-98-1-210x300.jpg 210w, https:\/\/mugi.lu\/wp-content\/uploads\/2024\/02\/11-m-98-1-717x1024.jpg 717w, https:\/\/mugi.lu\/wp-content\/uploads\/2024\/02\/11-m-98-1-768x1097.jpg 768w, https:\/\/mugi.lu\/wp-content\/uploads\/2024\/02\/11-m-98-1-1075x1536.jpg 1075w, https:\/\/mugi.lu\/wp-content\/uploads\/2024\/02\/11-m-98-1-1433x2048.jpg 1433w, https:\/\/mugi.lu\/wp-content\/uploads\/2024\/02\/11-m-98-1-1850x2644.jpg 1850w\" sizes=\"auto, (max-width: 1791px) 100vw, 1791px\" \/><figcaption class=\"wp-block-getwid-images-slider__caption\">&lt;strong&gt;The piano in the dining room of the Kibbutz &#8220;Heaven&#8221; in Beer Sheva,&lt;\/strong&gt;\nIsrael 1976, \u00a9 Maggie Vandenabeele<\/figcaption><\/figure><\/a><\/div><\/div><\/div>\n\n\t\t\t<\/div>\n\n\t\t\t<button class=\"composer-tab__button composer-tab--color-yellow\">\n\t\t\t<span class=\"composer-tab__icon--photos\"><\/span>\n\t\t\t<span>Travel photography<\/span>\n\t\t<\/button>\n\t\n<\/div>\n\n\n\n<div class=\"composer-tab\" style=\"display: none;\" data-composer-tab-color=\"primary\">\n\n\t<div class=\"composer-tab__badge composer-tab__badge-primary\">\n\t\t<span class=\"composer-tab__icon--music\"><\/span>\n\t\t<span class=\"composer-tab__circular-title\">Audio<\/span>\n\t<\/div>\n\n\t<div class=\"composer-tab__content\">\n\t\t\t\t\t\n\n<div class=\"wp-block-getwid-content-slider has-arrows-outside has-dots-none\" data-draggable=\"false\" data-arrows=\"outside\" data-dots=\"none\"><div class=\"wp-block-getwid-content-slider__wrapper\">\n<div class=\"wp-block-getwid-content-slider-slide\"><div class=\"wp-block-getwid-content-slider-slide__wrapper\">\n<div class=\"wp-block-columns is-layout-flex wp-container-core-columns-is-layout-9d6595d7 wp-block-columns-is-layout-flex\">\n<div class=\"wp-block-column is-layout-flow wp-block-column-is-layout-flow\"><div id=\"sonaar_music_46\"><div class=\"sonaar_audioplayer_block_cover\"><article id=\"arbitrary-instance-69f3fdda9cb64\" class=\"iron_widget_radio srp_player_button\"><div class=\"iron-audioplayer  sonaar-no-artwork playlist_has_no_ctas\" id=\"arbitrary-instance-69f3fdda9cb64-608e78e6a8\" data-id=\"arbitrary-instance-69f3fdda9cb64\" data-track-sw-cursor=\"\" data-lazyload=\"\" data-albums=\"1903\" data-category=\"\" data-url-playlist=\"https:\/\/mugi.lu\/en\/?load=playlist.json&#038;title=&#038;albums=1903&#038;category=&#038;posts_not_in=&#038;category_not_in=&#038;author=&#038;feed_title=&#038;feed=&#038;feed_img=&#038;el_widget_id=&#038;artwork=&#038;posts_per_pages=-1&#038;all_category=&#038;single_playlist=&#038;reverse_tracklist=&#038;audio_meta_field=&#038;repeater_meta_field=&#038;import_file=&#038;rss_items=-1&#038;rss_item_title=&#038;is_favorite=&#038;is_recentlyplayed=&#038;srp_order=date_DESC\" data-sticky-player=\"\" data-shuffle=\"false\" data-playlist_title=\"\" data-scrollbar=\"\" data-wave-color=\"\" data-wave-progress-color=\"\" data-spectro=\"\" data-no-wave=\"\" data-hide-progressbar=\"\" data-notrackskip=\"\" data-no-loop-tracklist=\"\" data-playertemplate=\"skin_boxed_tracklist\" data-hide-artwork=\"1\" data-speedrate=\"1\" data-tracks-per-page=\"\" data-pagination_scroll_offset=\"\" data-adaptive-colors=\"\" data-adaptive-colors-freeze=\"\" style=\"opacity:0\"><div class=\"srp_player_boxed srp_player_grid\"><div class=\"album-player sr_waveform_mediaElement\"><div class=\"srp_player_meta\"><\/div><div class=\"srp_control_box\">\n            <div role=\"button\" class=\"srp-play-button play\" aria-label=\"Play\">\n                <i class=\"sricon-play\"><\/i>\n                <div class=\"srp-play-circle\"><\/div>\n            <\/div><div class=\"srp_wave_box\"> <div class=\"player sr_player__inline \"><div class=\"sr_progressbar\">\n                \n            <div class=\"currentTime\">00:00<\/div>\n         \n                <div id=\"arbitrary-instance-69f3fdda9cb64-9895789231-wave\" class=\"wave\">\n                 \n        <div class=\"sonaar_fake_wave\" style=\"height:40px\"> \n            <audio src=\"\" class=\"sonaar_media_element\"><\/audio> \n            <div class=\"sonaar_wave_base\"> \n                <canvas id=\"sonaar_wave_base_canvas\" class=\"\" height=\"40\" width=\"2540\"><\/canvas> \n                <svg><\/svg> \n            <\/div> \n            <div class=\"sonaar_wave_cut\"> \n                <canvas id=\"sonaar_wave_cut_canvas\" class=\"\" height=\"40\" width=\"2540\"><\/canvas> \n                <svg><\/svg> \n            <\/div> \n        <\/div> \n                <\/div>\n                \n            <div class=\"totalTime\"><\/div>\n         \n             <\/div><\/div><div class=\"srp_main_control\"><div class=\"control\"><div role=\"button\" class=\"play\" style=\"opacity:0\" aria-label=\"Play\" title=\"\">\n                <i class=\"sricon-play\"><\/i>\n            <\/div><div class=\"srp_track_cta\"><\/div><\/div><\/div><\/div><\/div><\/div><\/div><div class=\"playlist sr_waveform_mediaElement\" id=\"playlist_arbitrary-instance-69f3fdda9cb64\"><div class=\"srp_tracklist\"><ul class=\"srp_list\"><li class=\"sr-playlist-item\" data-audiopath=\"https:\/\/mugi.lu\/wp-content\/uploads\/2024\/02\/A1-672810744253834.mp3\" data-showloading=\"1\" data-albumTitle=\"Maggie A1\" data-albumArt=\"\" data-releasedate=\"\" data-date=\"2024\/02\/20\" data-date-formated=\"20 February 2024\" data-show-date=\"\" data-trackTitle=\"A1-672810744253834\" data-artist=\"\" data-trackID=\"1904\" data-trackTime=\"1:54\" data-relatedTrack=\"\" data-post-url=\"\" data-post-id=\"1903\" data-track-pos=\"0\" data-peakFile=\"https:\/\/mugi.lu\/wp-content\/uploads\/audio_peaks\/1904.peak\" data-peakFile-allow=\"1\" data-is-preview=\"\" data-track-lyric=\"\" data-icecast_json=\"\" data-icecast_mount=\"\"><div class=\"sr-playlist-item-flex\"><span class=\"store-list\"><\/span><\/div><div class=\"srp_track_description\"><\/div><\/li><\/ul><\/div><\/div><div class=\"album-store\"><\/div><\/div>\n        var srp_player_params_69f3fdda9cb64 = {&#8220;title&#8221;:&#8221;&#8221;,&#8221;store_title_text&#8221;:&#8221;&#8221;,&#8221;albums&#8221;:&#8221;1903&#8243;,&#8221;hide_artwork&#8221;:&#8221;true&#8221;,&#8221;sticky_player&#8221;:&#8221;&#8221;,&#8221;show_album_market&#8221;:&#8221;1&#8243;,&#8221;show_track_market&#8221;:&#8221;1&#8243;,&#8221;hide_timeline&#8221;:&#8221;&#8221;,&#8221;titletag_soundwave&#8221;:&#8221;div&#8221;,&#8221;titletag_playlist&#8221;:&#8221;h3&#8243;,&#8221;show_playlist&#8221;:&#8221;&#8221;,&#8221;wave_color&#8221;:&#8221;&#8221;,&#8221;wave_progress_color&#8221;:&#8221;&#8221;,&#8221;shuffle&#8221;:&#8221;&#8221;,&#8221;reverse_tracklist&#8221;:&#8221;&#8221;,&#8221;searchbar&#8221;:&#8221;false&#8221;,&#8221;track_desc_lenght&#8221;:&#8221;55&#8243;,&#8221;strip_html_track_desc&#8221;:&#8221;true&#8221;,&#8221;player_layout&#8221;:&#8221;skin_boxed_tracklist&#8221;,&#8221;hide_progressbar&#8221;:&#8221;false&#8221;,&#8221;use_play_label&#8221;:&#8221;false&#8221;,&#8221;use_play_label_with_icon&#8221;:&#8221;true&#8221;,&#8221;orderby&#8221;:&#8221;date&#8221;,&#8221;order&#8221;:&#8221;DESC&#8221;,&#8221;hide_album_title&#8221;:&#8221;true&#8221;,&#8221;hide_album_subtitle&#8221;:&#8221;true&#8221;,&#8221;hide_player_title&#8221;:&#8221;true&#8221;,&#8221;hide_track_title&#8221;:&#8221;true&#8221;,&#8221;show_publish_date&#8221;:&#8221;false&#8221;,&#8221;show_skip_bt&#8221;:&#8221;false&#8221;,&#8221;show_volume_bt&#8221;:&#8221;false&#8221;,&#8221;show_speed_bt&#8221;:&#8221;false&#8221;,&#8221;show_shuffle_bt&#8221;:&#8221;false&#8221;,&#8221;progressbar_inline&#8221;:&#8221;true&#8221;,&#8221;spectro&#8221;:&#8221;&#8221;,&#8221;inline&#8221;:&#8221;false&#8221;,&#8221;main_settings&#8221;:&#8221;||&#8221;} \n        var srp_player_params_args_69f3fdda9cb64 = {&#8220;before_widget&#8221;:&#8221;<article id=\"arbitrary-instance-69f3fdda9cb64\" class=\"iron_widget_radio srp_player_button\">&#8220;,&#8221;after_widget&#8221;:&#8221;&#8221;,&#8221;before_title&#8221;:&#8221;<span class='heading-t3'><h3 class=\"widgettitle\">&#8220;,&#8221;after_title&#8221;:&#8221;&#8221;,&#8221;widget_id&#8221;:&#8221;arbitrary-instance-69f3fdda9cb64&#8243;}  \n        if(typeof setIronAudioplayers !== &#8220;undefined&#8221;){ setIronAudioplayers(&#8220;arbitrary-instance-69f3fdda9cb64&#8221;); }<\/article><\/div><\/div>\n\n\n<h5 class=\"wp-block-heading\">Piano improvisation by Maggie Vandenabeele, on a quote from Hermann Hesse<\/h5>\n\n\n\n<p>&#8220;L&#8217;\u00e9ph\u00e9m\u00e8re poss\u00e8de un charme merveilleux, un charme d&#8217;une br\u00fblante tristesse.&#8221; &#8211; Hermann Hesse<\/p>\n\n\n\n<p>\u00a9 Maggie Vandenabeele, 2013<\/p>\n<\/div>\n\n\n\n<div class=\"wp-block-column is-layout-flow wp-block-column-is-layout-flow\"><div id=\"sonaar_music_46\"><div class=\"sonaar_audioplayer_block_cover\"><article id=\"arbitrary-instance-69f3fddc4f14c\" class=\"iron_widget_radio srp_player_button\"><div class=\"iron-audioplayer  sonaar-no-artwork playlist_has_no_ctas\" id=\"arbitrary-instance-69f3fddc4f14c-6de71f7eab\" data-id=\"arbitrary-instance-69f3fddc4f14c\" data-track-sw-cursor=\"\" data-lazyload=\"\" data-albums=\"1920\" data-category=\"\" data-url-playlist=\"https:\/\/mugi.lu\/en\/?load=playlist.json&#038;title=&#038;albums=1920&#038;category=&#038;posts_not_in=&#038;category_not_in=&#038;author=&#038;feed_title=&#038;feed=&#038;feed_img=&#038;el_widget_id=&#038;artwork=&#038;posts_per_pages=-1&#038;all_category=&#038;single_playlist=&#038;reverse_tracklist=&#038;audio_meta_field=&#038;repeater_meta_field=&#038;import_file=&#038;rss_items=-1&#038;rss_item_title=&#038;is_favorite=&#038;is_recentlyplayed=&#038;srp_order=date_DESC\" data-sticky-player=\"\" data-shuffle=\"false\" data-playlist_title=\"\" data-scrollbar=\"\" data-wave-color=\"\" data-wave-progress-color=\"\" data-spectro=\"\" data-no-wave=\"\" data-hide-progressbar=\"\" data-notrackskip=\"\" data-no-loop-tracklist=\"\" data-playertemplate=\"skin_boxed_tracklist\" data-hide-artwork=\"1\" data-speedrate=\"1\" data-tracks-per-page=\"\" data-pagination_scroll_offset=\"\" data-adaptive-colors=\"\" data-adaptive-colors-freeze=\"\" style=\"opacity:0\"><div class=\"srp_player_boxed srp_player_grid\"><div class=\"album-player sr_waveform_mediaElement\"><div class=\"srp_player_meta\"><\/div><div class=\"srp_control_box\">\n            <div role=\"button\" class=\"srp-play-button play\" aria-label=\"Play\">\n                <i class=\"sricon-play\"><\/i>\n                <div class=\"srp-play-circle\"><\/div>\n            <\/div><div class=\"srp_wave_box\"> <div class=\"player sr_player__inline \"><div class=\"sr_progressbar\">\n                \n            <div class=\"currentTime\">00:00<\/div>\n         \n                <div id=\"arbitrary-instance-69f3fddc4f14c-997b39de38-wave\" class=\"wave\">\n                 \n        <div class=\"sonaar_fake_wave\" style=\"height:40px\"> \n            <audio src=\"\" class=\"sonaar_media_element\"><\/audio> \n            <div class=\"sonaar_wave_base\"> \n                <canvas id=\"sonaar_wave_base_canvas\" class=\"\" height=\"40\" width=\"2540\"><\/canvas> \n                <svg><\/svg> \n            <\/div> \n            <div class=\"sonaar_wave_cut\"> \n                <canvas id=\"sonaar_wave_cut_canvas\" class=\"\" height=\"40\" width=\"2540\"><\/canvas> \n                <svg><\/svg> \n            <\/div> \n        <\/div> \n                <\/div>\n                \n            <div class=\"totalTime\"><\/div>\n         \n             <\/div><\/div><div class=\"srp_main_control\"><div class=\"control\"><div role=\"button\" class=\"play\" style=\"opacity:0\" aria-label=\"Play\" title=\"\">\n                <i class=\"sricon-play\"><\/i>\n            <\/div><div class=\"srp_track_cta\"><\/div><\/div><\/div><\/div><\/div><\/div><\/div><div class=\"playlist sr_waveform_mediaElement\" id=\"playlist_arbitrary-instance-69f3fddc4f14c\"><div class=\"srp_tracklist\"><ul class=\"srp_list\"><li class=\"sr-playlist-item\" data-audiopath=\"https:\/\/mugi.lu\/wp-content\/uploads\/2024\/02\/A2-566949566699771.mp3\" data-showloading=\"1\" data-albumTitle=\"Maggie A2\" data-albumArt=\"\" data-releasedate=\"\" data-date=\"2024\/02\/20\" data-date-formated=\"20 February 2024\" data-show-date=\"\" data-trackTitle=\"A2-566949566699771\" data-artist=\"\" data-trackID=\"1907\" data-trackTime=\"0:30\" data-relatedTrack=\"\" data-post-url=\"\" data-post-id=\"1920\" data-track-pos=\"0\" data-peakFile=\"https:\/\/mugi.lu\/wp-content\/uploads\/audio_peaks\/1907.peak\" data-peakFile-allow=\"1\" data-is-preview=\"\" data-track-lyric=\"\" data-icecast_json=\"\" data-icecast_mount=\"\"><div class=\"sr-playlist-item-flex\"><span class=\"store-list\"><\/span><\/div><div class=\"srp_track_description\"><\/div><\/li><\/ul><\/div><\/div><div class=\"album-store\"><\/div><\/div>\n        var srp_player_params_69f3fddc4f14c = {&#8220;title&#8221;:&#8221;&#8221;,&#8221;store_title_text&#8221;:&#8221;&#8221;,&#8221;albums&#8221;:&#8221;1920&#8243;,&#8221;hide_artwork&#8221;:&#8221;true&#8221;,&#8221;sticky_player&#8221;:&#8221;&#8221;,&#8221;show_album_market&#8221;:&#8221;1&#8243;,&#8221;show_track_market&#8221;:&#8221;1&#8243;,&#8221;hide_timeline&#8221;:&#8221;&#8221;,&#8221;titletag_soundwave&#8221;:&#8221;div&#8221;,&#8221;titletag_playlist&#8221;:&#8221;h3&#8243;,&#8221;show_playlist&#8221;:&#8221;&#8221;,&#8221;wave_color&#8221;:&#8221;&#8221;,&#8221;wave_progress_color&#8221;:&#8221;&#8221;,&#8221;shuffle&#8221;:&#8221;&#8221;,&#8221;reverse_tracklist&#8221;:&#8221;&#8221;,&#8221;searchbar&#8221;:&#8221;false&#8221;,&#8221;track_desc_lenght&#8221;:&#8221;55&#8243;,&#8221;strip_html_track_desc&#8221;:&#8221;true&#8221;,&#8221;player_layout&#8221;:&#8221;skin_boxed_tracklist&#8221;,&#8221;hide_progressbar&#8221;:&#8221;false&#8221;,&#8221;use_play_label&#8221;:&#8221;false&#8221;,&#8221;use_play_label_with_icon&#8221;:&#8221;true&#8221;,&#8221;orderby&#8221;:&#8221;date&#8221;,&#8221;order&#8221;:&#8221;DESC&#8221;,&#8221;hide_album_title&#8221;:&#8221;true&#8221;,&#8221;hide_album_subtitle&#8221;:&#8221;true&#8221;,&#8221;hide_player_title&#8221;:&#8221;true&#8221;,&#8221;hide_track_title&#8221;:&#8221;true&#8221;,&#8221;show_publish_date&#8221;:&#8221;false&#8221;,&#8221;show_skip_bt&#8221;:&#8221;false&#8221;,&#8221;show_volume_bt&#8221;:&#8221;false&#8221;,&#8221;show_speed_bt&#8221;:&#8221;false&#8221;,&#8221;show_shuffle_bt&#8221;:&#8221;false&#8221;,&#8221;progressbar_inline&#8221;:&#8221;true&#8221;,&#8221;spectro&#8221;:&#8221;&#8221;,&#8221;inline&#8221;:&#8221;false&#8221;,&#8221;main_settings&#8221;:&#8221;||&#8221;} \n        var srp_player_params_args_69f3fddc4f14c = {&#8220;before_widget&#8221;:&#8221;<article id=\"arbitrary-instance-69f3fddc4f14c\" class=\"iron_widget_radio srp_player_button\">&#8220;,&#8221;after_widget&#8221;:&#8221;&#8221;,&#8221;before_title&#8221;:&#8221;<span class='heading-t3'><h3 class=\"widgettitle\">&#8220;,&#8221;after_title&#8221;:&#8221;&#8221;,&#8221;widget_id&#8221;:&#8221;arbitrary-instance-69f3fddc4f14c&#8221;}  \n        if(typeof setIronAudioplayers !== &#8220;undefined&#8221;){ setIronAudioplayers(&#8220;arbitrary-instance-69f3fddc4f14c&#8221;); }<\/article><\/div><\/div>\n\n\n<h5 class=\"wp-block-heading\">Exercise on how to find your vocal rhythm with &#8220;Somewhere over the rainbow&#8221;<\/h5>\n\n\n\n<p>\u00a9 Maggie Vandenabeele, 2013<\/p>\n<\/div>\n<\/div>\n<\/div><\/div>\n\n\n\n<div class=\"wp-block-getwid-content-slider-slide\"><div class=\"wp-block-getwid-content-slider-slide__wrapper\">\n<div class=\"wp-block-columns is-layout-flex wp-container-core-columns-is-layout-9d6595d7 wp-block-columns-is-layout-flex\">\n<div class=\"wp-block-column is-layout-flow wp-block-column-is-layout-flow\"><div id=\"sonaar_music_72\"><div class=\"sonaar_audioplayer_block_cover\"><article id=\"arbitrary-instance-69f3fddc636b2\" class=\"iron_widget_radio srp_player_button\"><div class=\"iron-audioplayer  sonaar-no-artwork playlist_has_no_ctas\" id=\"arbitrary-instance-69f3fddc636b2-c3c76224a0\" data-id=\"arbitrary-instance-69f3fddc636b2\" data-track-sw-cursor=\"\" data-lazyload=\"\" data-albums=\"1921\" data-category=\"\" data-url-playlist=\"https:\/\/mugi.lu\/en\/?load=playlist.json&#038;title=&#038;albums=1921&#038;category=&#038;posts_not_in=&#038;category_not_in=&#038;author=&#038;feed_title=&#038;feed=&#038;feed_img=&#038;el_widget_id=&#038;artwork=&#038;posts_per_pages=-1&#038;all_category=&#038;single_playlist=&#038;reverse_tracklist=&#038;audio_meta_field=&#038;repeater_meta_field=&#038;import_file=&#038;rss_items=-1&#038;rss_item_title=&#038;is_favorite=&#038;is_recentlyplayed=&#038;srp_order=date_DESC\" data-sticky-player=\"\" data-shuffle=\"false\" data-playlist_title=\"\" data-scrollbar=\"\" data-wave-color=\"\" data-wave-progress-color=\"\" data-spectro=\"\" data-no-wave=\"\" data-hide-progressbar=\"\" data-notrackskip=\"\" data-no-loop-tracklist=\"\" data-playertemplate=\"skin_boxed_tracklist\" data-hide-artwork=\"1\" data-speedrate=\"1\" data-tracks-per-page=\"\" data-pagination_scroll_offset=\"\" data-adaptive-colors=\"\" data-adaptive-colors-freeze=\"\" style=\"opacity:0\"><div class=\"srp_player_boxed srp_player_grid\"><div class=\"album-player sr_waveform_mediaElement\"><div class=\"srp_player_meta\"><\/div><div class=\"srp_control_box\">\n            <div role=\"button\" class=\"srp-play-button play\" aria-label=\"Play\">\n                <i class=\"sricon-play\"><\/i>\n                <div class=\"srp-play-circle\"><\/div>\n            <\/div><div class=\"srp_wave_box\"> <div class=\"player sr_player__inline \"><div class=\"sr_progressbar\">\n                \n            <div class=\"currentTime\">00:00<\/div>\n         \n                <div id=\"arbitrary-instance-69f3fddc636b2-41cdf09f42-wave\" class=\"wave\">\n                 \n        <div class=\"sonaar_fake_wave\" style=\"height:40px\"> \n            <audio src=\"\" class=\"sonaar_media_element\"><\/audio> \n            <div class=\"sonaar_wave_base\"> \n                <canvas id=\"sonaar_wave_base_canvas\" class=\"\" height=\"40\" width=\"2540\"><\/canvas> \n                <svg><\/svg> \n            <\/div> \n            <div class=\"sonaar_wave_cut\"> \n                <canvas id=\"sonaar_wave_cut_canvas\" class=\"\" height=\"40\" width=\"2540\"><\/canvas> \n                <svg><\/svg> \n            <\/div> \n        <\/div> \n                <\/div>\n                \n            <div class=\"totalTime\"><\/div>\n         \n             <\/div><\/div><div class=\"srp_main_control\"><div class=\"control\"><div role=\"button\" class=\"play\" style=\"opacity:0\" aria-label=\"Play\" title=\"\">\n                <i class=\"sricon-play\"><\/i>\n            <\/div><div class=\"srp_track_cta\"><\/div><\/div><\/div><\/div><\/div><\/div><\/div><div class=\"playlist sr_waveform_mediaElement\" id=\"playlist_arbitrary-instance-69f3fddc636b2\"><div class=\"srp_tracklist\"><ul class=\"srp_list\"><li class=\"sr-playlist-item\" data-audiopath=\"https:\/\/mugi.lu\/wp-content\/uploads\/2024\/02\/A3-1096146711098727.mp3\" data-showloading=\"1\" data-albumTitle=\"Maggie A3\" data-albumArt=\"\" data-releasedate=\"\" data-date=\"2024\/02\/20\" data-date-formated=\"20 February 2024\" data-show-date=\"\" data-trackTitle=\"A3-1096146711098727\" data-artist=\"\" data-trackID=\"1910\" data-trackTime=\"1:26\" data-relatedTrack=\"\" data-post-url=\"\" data-post-id=\"1921\" data-track-pos=\"0\" data-peakFile=\"https:\/\/mugi.lu\/wp-content\/uploads\/audio_peaks\/1910.peak\" data-peakFile-allow=\"1\" data-is-preview=\"\" data-track-lyric=\"\" data-icecast_json=\"\" data-icecast_mount=\"\"><div class=\"sr-playlist-item-flex\"><span class=\"store-list\"><\/span><\/div><div class=\"srp_track_description\"><\/div><\/li><\/ul><\/div><\/div><div class=\"album-store\"><\/div><\/div>\n        var srp_player_params_69f3fddc636b2 = {&#8220;title&#8221;:&#8221;&#8221;,&#8221;store_title_text&#8221;:&#8221;&#8221;,&#8221;albums&#8221;:&#8221;1921&#8243;,&#8221;hide_artwork&#8221;:&#8221;true&#8221;,&#8221;sticky_player&#8221;:&#8221;&#8221;,&#8221;show_album_market&#8221;:&#8221;1&#8243;,&#8221;show_track_market&#8221;:&#8221;1&#8243;,&#8221;hide_timeline&#8221;:&#8221;&#8221;,&#8221;titletag_soundwave&#8221;:&#8221;div&#8221;,&#8221;titletag_playlist&#8221;:&#8221;h3&#8243;,&#8221;show_playlist&#8221;:&#8221;&#8221;,&#8221;wave_color&#8221;:&#8221;&#8221;,&#8221;wave_progress_color&#8221;:&#8221;&#8221;,&#8221;shuffle&#8221;:&#8221;&#8221;,&#8221;reverse_tracklist&#8221;:&#8221;&#8221;,&#8221;searchbar&#8221;:&#8221;false&#8221;,&#8221;track_desc_lenght&#8221;:&#8221;55&#8243;,&#8221;strip_html_track_desc&#8221;:&#8221;true&#8221;,&#8221;player_layout&#8221;:&#8221;skin_boxed_tracklist&#8221;,&#8221;hide_progressbar&#8221;:&#8221;false&#8221;,&#8221;use_play_label&#8221;:&#8221;false&#8221;,&#8221;use_play_label_with_icon&#8221;:&#8221;true&#8221;,&#8221;orderby&#8221;:&#8221;date&#8221;,&#8221;order&#8221;:&#8221;DESC&#8221;,&#8221;hide_album_title&#8221;:&#8221;true&#8221;,&#8221;hide_album_subtitle&#8221;:&#8221;true&#8221;,&#8221;hide_player_title&#8221;:&#8221;true&#8221;,&#8221;hide_track_title&#8221;:&#8221;true&#8221;,&#8221;show_publish_date&#8221;:&#8221;false&#8221;,&#8221;show_skip_bt&#8221;:&#8221;false&#8221;,&#8221;show_volume_bt&#8221;:&#8221;false&#8221;,&#8221;show_speed_bt&#8221;:&#8221;false&#8221;,&#8221;show_shuffle_bt&#8221;:&#8221;false&#8221;,&#8221;progressbar_inline&#8221;:&#8221;true&#8221;,&#8221;spectro&#8221;:&#8221;&#8221;,&#8221;inline&#8221;:&#8221;false&#8221;,&#8221;main_settings&#8221;:&#8221;||&#8221;} \n        var srp_player_params_args_69f3fddc636b2 = {&#8220;before_widget&#8221;:&#8221;<article id=\"arbitrary-instance-69f3fddc636b2\" class=\"iron_widget_radio srp_player_button\">&#8220;,&#8221;after_widget&#8221;:&#8221;&#8221;,&#8221;before_title&#8221;:&#8221;<span class='heading-t3'><h3 class=\"widgettitle\">&#8220;,&#8221;after_title&#8221;:&#8221;&#8221;,&#8221;widget_id&#8221;:&#8221;arbitrary-instance-69f3fddc636b2&#8243;}  \n        if(typeof setIronAudioplayers !== &#8220;undefined&#8221;){ setIronAudioplayers(&#8220;arbitrary-instance-69f3fddc636b2&#8221;); }<\/article><\/div><\/div>\n\n\n<h5 class=\"wp-block-heading\">Piano improvisation by Maggie Vandenabeele, on a quote from Tahar Ben Jelloun<\/h5>\n\n\n\n<p>\u201cL&#8217;amiti\u00e9 ne rend pas le malheur plus l\u00e9ger, mais en se faisant pr\u00e9sence et d\u00e9vouement, elle permet d&#8217;en partager le poids, et ouvre les portes de l&#8217;apaisement.\u201d &#8211; Tahar Ben Jelloun<\/p>\n\n\n\n<p>\u00a9 Maggie Vandenabeele, 2023<\/p>\n<\/div>\n\n\n\n<div class=\"wp-block-column is-layout-flow wp-block-column-is-layout-flow\"><div id=\"sonaar_music_38\"><div class=\"sonaar_audioplayer_block_cover\"><article id=\"arbitrary-instance-69f3fddc73161\" class=\"iron_widget_radio srp_player_button\"><div class=\"iron-audioplayer  sonaar-no-artwork playlist_has_no_ctas\" id=\"arbitrary-instance-69f3fddc73161-0f34ffc5c7\" data-id=\"arbitrary-instance-69f3fddc73161\" data-track-sw-cursor=\"\" data-lazyload=\"\" data-albums=\"1922\" data-category=\"\" data-url-playlist=\"https:\/\/mugi.lu\/en\/?load=playlist.json&#038;title=&#038;albums=1922&#038;category=&#038;posts_not_in=&#038;category_not_in=&#038;author=&#038;feed_title=&#038;feed=&#038;feed_img=&#038;el_widget_id=&#038;artwork=&#038;posts_per_pages=-1&#038;all_category=&#038;single_playlist=&#038;reverse_tracklist=&#038;audio_meta_field=&#038;repeater_meta_field=&#038;import_file=&#038;rss_items=-1&#038;rss_item_title=&#038;is_favorite=&#038;is_recentlyplayed=&#038;srp_order=date_DESC\" data-sticky-player=\"\" data-shuffle=\"false\" data-playlist_title=\"\" data-scrollbar=\"\" data-wave-color=\"\" data-wave-progress-color=\"\" data-spectro=\"\" data-no-wave=\"\" data-hide-progressbar=\"\" data-notrackskip=\"\" data-no-loop-tracklist=\"\" data-playertemplate=\"skin_boxed_tracklist\" data-hide-artwork=\"1\" data-speedrate=\"1\" data-tracks-per-page=\"\" data-pagination_scroll_offset=\"\" data-adaptive-colors=\"\" data-adaptive-colors-freeze=\"\" style=\"opacity:0\"><div class=\"srp_player_boxed srp_player_grid\"><div class=\"album-player sr_waveform_mediaElement\"><div class=\"srp_player_meta\"><\/div><div class=\"srp_control_box\">\n            <div role=\"button\" class=\"srp-play-button play\" aria-label=\"Play\">\n                <i class=\"sricon-play\"><\/i>\n                <div class=\"srp-play-circle\"><\/div>\n            <\/div><div class=\"srp_wave_box\"> <div class=\"player sr_player__inline \"><div class=\"sr_progressbar\">\n                \n            <div class=\"currentTime\">00:00<\/div>\n         \n                <div id=\"arbitrary-instance-69f3fddc73161-de237c8279-wave\" class=\"wave\">\n                 \n        <div class=\"sonaar_fake_wave\" style=\"height:40px\"> \n            <audio src=\"\" class=\"sonaar_media_element\"><\/audio> \n            <div class=\"sonaar_wave_base\"> \n                <canvas id=\"sonaar_wave_base_canvas\" class=\"\" height=\"40\" width=\"2540\"><\/canvas> \n                <svg><\/svg> \n            <\/div> \n            <div class=\"sonaar_wave_cut\"> \n                <canvas id=\"sonaar_wave_cut_canvas\" class=\"\" height=\"40\" width=\"2540\"><\/canvas> \n                <svg><\/svg> \n            <\/div> \n        <\/div> \n                <\/div>\n                \n            <div class=\"totalTime\"><\/div>\n         \n             <\/div><\/div><div class=\"srp_main_control\"><div class=\"control\"><div role=\"button\" class=\"play\" style=\"opacity:0\" aria-label=\"Play\" title=\"\">\n                <i class=\"sricon-play\"><\/i>\n            <\/div><div class=\"srp_track_cta\"><\/div><\/div><\/div><\/div><\/div><\/div><\/div><div class=\"playlist sr_waveform_mediaElement\" id=\"playlist_arbitrary-instance-69f3fddc73161\"><div class=\"srp_tracklist\"><ul class=\"srp_list\"><li class=\"sr-playlist-item\" data-audiopath=\"https:\/\/mugi.lu\/wp-content\/uploads\/2024\/02\/A4-729195255067053.mp3\" data-showloading=\"1\" data-albumTitle=\"Maggie A4\" data-albumArt=\"\" data-releasedate=\"\" data-date=\"2024\/02\/20\" data-date-formated=\"20 February 2024\" data-show-date=\"\" data-trackTitle=\"A4-729195255067053\" data-artist=\"\" data-trackID=\"1913\" data-trackTime=\"3:07\" data-relatedTrack=\"\" data-post-url=\"\" data-post-id=\"1922\" data-track-pos=\"0\" data-peakFile=\"https:\/\/mugi.lu\/wp-content\/uploads\/audio_peaks\/1913.peak\" data-peakFile-allow=\"1\" data-is-preview=\"\" data-track-lyric=\"\" data-icecast_json=\"\" data-icecast_mount=\"\"><div class=\"sr-playlist-item-flex\"><span class=\"store-list\"><\/span><\/div><div class=\"srp_track_description\"><\/div><\/li><\/ul><\/div><\/div><div class=\"album-store\"><\/div><\/div>\n        var srp_player_params_69f3fddc73161 = {&#8220;title&#8221;:&#8221;&#8221;,&#8221;store_title_text&#8221;:&#8221;&#8221;,&#8221;albums&#8221;:&#8221;1922&#8243;,&#8221;hide_artwork&#8221;:&#8221;true&#8221;,&#8221;sticky_player&#8221;:&#8221;&#8221;,&#8221;show_album_market&#8221;:&#8221;1&#8243;,&#8221;show_track_market&#8221;:&#8221;1&#8243;,&#8221;hide_timeline&#8221;:&#8221;&#8221;,&#8221;titletag_soundwave&#8221;:&#8221;div&#8221;,&#8221;titletag_playlist&#8221;:&#8221;h3&#8243;,&#8221;show_playlist&#8221;:&#8221;&#8221;,&#8221;wave_color&#8221;:&#8221;&#8221;,&#8221;wave_progress_color&#8221;:&#8221;&#8221;,&#8221;shuffle&#8221;:&#8221;&#8221;,&#8221;reverse_tracklist&#8221;:&#8221;&#8221;,&#8221;searchbar&#8221;:&#8221;false&#8221;,&#8221;track_desc_lenght&#8221;:&#8221;55&#8243;,&#8221;strip_html_track_desc&#8221;:&#8221;true&#8221;,&#8221;player_layout&#8221;:&#8221;skin_boxed_tracklist&#8221;,&#8221;hide_progressbar&#8221;:&#8221;false&#8221;,&#8221;use_play_label&#8221;:&#8221;false&#8221;,&#8221;use_play_label_with_icon&#8221;:&#8221;true&#8221;,&#8221;orderby&#8221;:&#8221;date&#8221;,&#8221;order&#8221;:&#8221;DESC&#8221;,&#8221;hide_album_title&#8221;:&#8221;true&#8221;,&#8221;hide_album_subtitle&#8221;:&#8221;true&#8221;,&#8221;hide_player_title&#8221;:&#8221;true&#8221;,&#8221;hide_track_title&#8221;:&#8221;true&#8221;,&#8221;show_publish_date&#8221;:&#8221;false&#8221;,&#8221;show_skip_bt&#8221;:&#8221;false&#8221;,&#8221;show_volume_bt&#8221;:&#8221;false&#8221;,&#8221;show_speed_bt&#8221;:&#8221;false&#8221;,&#8221;show_shuffle_bt&#8221;:&#8221;false&#8221;,&#8221;progressbar_inline&#8221;:&#8221;true&#8221;,&#8221;spectro&#8221;:&#8221;&#8221;,&#8221;inline&#8221;:&#8221;false&#8221;,&#8221;main_settings&#8221;:&#8221;||&#8221;} \n        var srp_player_params_args_69f3fddc73161 = {&#8220;before_widget&#8221;:&#8221;<article id=\"arbitrary-instance-69f3fddc73161\" class=\"iron_widget_radio srp_player_button\">&#8220;,&#8221;after_widget&#8221;:&#8221;&#8221;,&#8221;before_title&#8221;:&#8221;<span class='heading-t3'><h3 class=\"widgettitle\">&#8220;,&#8221;after_title&#8221;:&#8221;&#8221;,&#8221;widget_id&#8221;:&#8221;arbitrary-instance-69f3fddc73161&#8243;}  \n        if(typeof setIronAudioplayers !== &#8220;undefined&#8221;){ setIronAudioplayers(&#8220;arbitrary-instance-69f3fddc73161&#8221;); }<\/article><\/div><\/div>\n\n\n<h5 class=\"wp-block-heading\">&#8220;Entre r\u00e9solution et intention, vous choisissez quoi?&#8221;<\/h5>\n\n\n\n<p>Piano improvisation and poetry by Maggie Vandenabeele<\/p>\n\n\n\n<p>\u00a9 Maggie Vandenabeele, 2023<\/p>\n<\/div>\n<\/div>\n<\/div><\/div>\n\n\n\n<div class=\"wp-block-getwid-content-slider-slide\"><div class=\"wp-block-getwid-content-slider-slide__wrapper\">\n<div class=\"wp-block-columns is-layout-flex wp-container-core-columns-is-layout-9d6595d7 wp-block-columns-is-layout-flex\">\n<div class=\"wp-block-column is-layout-flow wp-block-column-is-layout-flow\"><div id=\"sonaar_music_29\"><div class=\"sonaar_audioplayer_block_cover\"><article id=\"arbitrary-instance-69f3fddc77f31\" class=\"iron_widget_radio srp_player_button\"><div class=\"iron-audioplayer  sonaar-no-artwork playlist_has_no_ctas\" id=\"arbitrary-instance-69f3fddc77f31-15ead57429\" data-id=\"arbitrary-instance-69f3fddc77f31\" data-track-sw-cursor=\"\" data-lazyload=\"\" data-albums=\"1923\" data-category=\"\" data-url-playlist=\"https:\/\/mugi.lu\/en\/?load=playlist.json&#038;title=&#038;albums=1923&#038;category=&#038;posts_not_in=&#038;category_not_in=&#038;author=&#038;feed_title=&#038;feed=&#038;feed_img=&#038;el_widget_id=&#038;artwork=&#038;posts_per_pages=-1&#038;all_category=&#038;single_playlist=&#038;reverse_tracklist=&#038;audio_meta_field=&#038;repeater_meta_field=&#038;import_file=&#038;rss_items=-1&#038;rss_item_title=&#038;is_favorite=&#038;is_recentlyplayed=&#038;srp_order=date_DESC\" data-sticky-player=\"\" data-shuffle=\"false\" data-playlist_title=\"\" data-scrollbar=\"\" data-wave-color=\"\" data-wave-progress-color=\"\" data-spectro=\"\" data-no-wave=\"\" data-hide-progressbar=\"\" data-notrackskip=\"\" data-no-loop-tracklist=\"\" data-playertemplate=\"skin_boxed_tracklist\" data-hide-artwork=\"1\" data-speedrate=\"1\" data-tracks-per-page=\"\" data-pagination_scroll_offset=\"\" data-adaptive-colors=\"\" data-adaptive-colors-freeze=\"\" style=\"opacity:0\"><div class=\"srp_player_boxed srp_player_grid\"><div class=\"album-player sr_waveform_mediaElement\"><div class=\"srp_player_meta\"><\/div><div class=\"srp_control_box\">\n            <div role=\"button\" class=\"srp-play-button play\" aria-label=\"Play\">\n                <i class=\"sricon-play\"><\/i>\n                <div class=\"srp-play-circle\"><\/div>\n            <\/div><div class=\"srp_wave_box\"> <div class=\"player sr_player__inline \"><div class=\"sr_progressbar\">\n                \n            <div class=\"currentTime\">00:00<\/div>\n         \n                <div id=\"arbitrary-instance-69f3fddc77f31-8e41f6c4d0-wave\" class=\"wave\">\n                 \n        <div class=\"sonaar_fake_wave\" style=\"height:40px\"> \n            <audio src=\"\" class=\"sonaar_media_element\"><\/audio> \n            <div class=\"sonaar_wave_base\"> \n                <canvas id=\"sonaar_wave_base_canvas\" class=\"\" height=\"40\" width=\"2540\"><\/canvas> \n                <svg><\/svg> \n            <\/div> \n            <div class=\"sonaar_wave_cut\"> \n                <canvas id=\"sonaar_wave_cut_canvas\" class=\"\" height=\"40\" width=\"2540\"><\/canvas> \n                <svg><\/svg> \n            <\/div> \n        <\/div> \n                <\/div>\n                \n            <div class=\"totalTime\"><\/div>\n         \n             <\/div><\/div><div class=\"srp_main_control\"><div class=\"control\"><div role=\"button\" class=\"play\" style=\"opacity:0\" aria-label=\"Play\" title=\"\">\n                <i class=\"sricon-play\"><\/i>\n            <\/div><div class=\"srp_track_cta\"><\/div><\/div><\/div><\/div><\/div><\/div><\/div><div class=\"playlist sr_waveform_mediaElement\" id=\"playlist_arbitrary-instance-69f3fddc77f31\"><div class=\"srp_tracklist\"><ul class=\"srp_list\"><li class=\"sr-playlist-item\" data-audiopath=\"https:\/\/mugi.lu\/wp-content\/uploads\/2024\/02\/A5-AUD-20230919-WA0003.mp3\" data-showloading=\"1\" data-albumTitle=\"Maggie A5\" data-albumArt=\"\" data-releasedate=\"\" data-date=\"2024\/02\/20\" data-date-formated=\"20 February 2024\" data-show-date=\"\" data-trackTitle=\"A5-AUD-20230919-WA0003\" data-artist=\"\" data-trackID=\"1916\" data-trackTime=\"3:12\" data-relatedTrack=\"\" data-post-url=\"\" data-post-id=\"1923\" data-track-pos=\"0\" data-peakFile=\"https:\/\/mugi.lu\/wp-content\/uploads\/audio_peaks\/1916.peak\" data-peakFile-allow=\"1\" data-is-preview=\"\" data-track-lyric=\"\" data-icecast_json=\"\" data-icecast_mount=\"\"><div class=\"sr-playlist-item-flex\"><span class=\"store-list\"><\/span><\/div><div class=\"srp_track_description\"><\/div><\/li><\/ul><\/div><\/div><div class=\"album-store\"><\/div><\/div>\n        var srp_player_params_69f3fddc77f31 = {&#8220;title&#8221;:&#8221;&#8221;,&#8221;store_title_text&#8221;:&#8221;&#8221;,&#8221;albums&#8221;:&#8221;1923&#8243;,&#8221;hide_artwork&#8221;:&#8221;true&#8221;,&#8221;sticky_player&#8221;:&#8221;&#8221;,&#8221;show_album_market&#8221;:&#8221;1&#8243;,&#8221;show_track_market&#8221;:&#8221;1&#8243;,&#8221;hide_timeline&#8221;:&#8221;&#8221;,&#8221;titletag_soundwave&#8221;:&#8221;div&#8221;,&#8221;titletag_playlist&#8221;:&#8221;h3&#8243;,&#8221;show_playlist&#8221;:&#8221;&#8221;,&#8221;wave_color&#8221;:&#8221;&#8221;,&#8221;wave_progress_color&#8221;:&#8221;&#8221;,&#8221;shuffle&#8221;:&#8221;&#8221;,&#8221;reverse_tracklist&#8221;:&#8221;&#8221;,&#8221;searchbar&#8221;:&#8221;false&#8221;,&#8221;track_desc_lenght&#8221;:&#8221;55&#8243;,&#8221;strip_html_track_desc&#8221;:&#8221;true&#8221;,&#8221;player_layout&#8221;:&#8221;skin_boxed_tracklist&#8221;,&#8221;hide_progressbar&#8221;:&#8221;false&#8221;,&#8221;use_play_label&#8221;:&#8221;false&#8221;,&#8221;use_play_label_with_icon&#8221;:&#8221;true&#8221;,&#8221;orderby&#8221;:&#8221;date&#8221;,&#8221;order&#8221;:&#8221;DESC&#8221;,&#8221;hide_album_title&#8221;:&#8221;true&#8221;,&#8221;hide_album_subtitle&#8221;:&#8221;true&#8221;,&#8221;hide_player_title&#8221;:&#8221;true&#8221;,&#8221;hide_track_title&#8221;:&#8221;true&#8221;,&#8221;show_publish_date&#8221;:&#8221;false&#8221;,&#8221;show_skip_bt&#8221;:&#8221;false&#8221;,&#8221;show_volume_bt&#8221;:&#8221;false&#8221;,&#8221;show_speed_bt&#8221;:&#8221;false&#8221;,&#8221;show_shuffle_bt&#8221;:&#8221;false&#8221;,&#8221;progressbar_inline&#8221;:&#8221;true&#8221;,&#8221;spectro&#8221;:&#8221;&#8221;,&#8221;inline&#8221;:&#8221;false&#8221;,&#8221;main_settings&#8221;:&#8221;||&#8221;} \n        var srp_player_params_args_69f3fddc77f31 = {&#8220;before_widget&#8221;:&#8221;<article id=\"arbitrary-instance-69f3fddc77f31\" class=\"iron_widget_radio srp_player_button\">&#8220;,&#8221;after_widget&#8221;:&#8221;&#8221;,&#8221;before_title&#8221;:&#8221;<span class='heading-t3'><h3 class=\"widgettitle\">&#8220;,&#8221;after_title&#8221;:&#8221;&#8221;,&#8221;widget_id&#8221;:&#8221;arbitrary-instance-69f3fddc77f31&#8243;}  \n        if(typeof setIronAudioplayers !== &#8220;undefined&#8221;){ setIronAudioplayers(&#8220;arbitrary-instance-69f3fddc77f31&#8221;); }<\/article><\/div><\/div>\n\n\n<h5 class=\"wp-block-heading\">Maggie Vandenabeele recites Hermione<\/h5>\n\n\n\n<p>Jean Racine, <em>Andromaque<\/em> (1667), act IV, scene 5<\/p>\n\n\n\n<p>\u00a9 Maggie Vandenabeele, 2023<\/p>\n<\/div>\n\n\n\n<div class=\"wp-block-column is-layout-flow wp-block-column-is-layout-flow\">\n<h5 class=\"wp-block-heading\"><\/h5>\n\n\n\n<p><\/p>\n<\/div>\n<\/div>\n<\/div><\/div>\n<\/div><\/div>\n\n\t\t\t<\/div>\n\n\t\t\t<button class=\"composer-tab__button composer-tab--color-primary\">\n\t\t\t<span class=\"composer-tab__icon--music\"><\/span>\n\t\t\t<span>Audio<\/span>\n\t\t<\/button>\n\t\n<\/div>\n\n\n\n<div class=\"composer-tab\" style=\"display: none;\" data-composer-tab-color=\"yellow\">\n\n\t<div class=\"composer-tab__badge composer-tab__badge-yellow\">\n\t\t<span class=\"composer-tab__icon--video\"><\/span>\n\t\t<span class=\"composer-tab__circular-title\">Video<\/span>\n\t<\/div>\n\n\t<div class=\"composer-tab__content\">\n\t\t\t\t\t\n\n<div class=\"wp-block-getwid-content-slider has-arrows-outside has-dots-none\" data-adaptive-height=\"true\" data-arrows=\"outside\" data-dots=\"none\"><div class=\"wp-block-getwid-content-slider__wrapper\">\n<div class=\"wp-block-getwid-content-slider-slide\"><div class=\"wp-block-getwid-content-slider-slide__wrapper\">\n<div class=\"wp-block-columns is-layout-flex wp-container-core-columns-is-layout-9d6595d7 wp-block-columns-is-layout-flex\">\n<div class=\"wp-block-column is-layout-flow wp-block-column-is-layout-flow\" style=\"flex-basis:100%\">\n<div class=\"wp-block-group mugilux-video-popup\"><div class=\"wp-block-group__inner-container is-layout-flow wp-block-group-is-layout-flow\">\n<div class=\"wp-block-cover\" style=\"min-height:260px;aspect-ratio:unset\"><span aria-hidden=\"true\" class=\"wp-block-cover__background has-background-dim-20 has-background-dim\"><\/span><img loading=\"lazy\" decoding=\"async\" width=\"1920\" height=\"800\" class=\"wp-block-cover__image-background wp-image-2238\" alt=\"\" src=\"https:\/\/mugi.lu\/wp-content\/uploads\/2024\/02\/screenshot-2024-02-26-at-184920.png\" data-object-fit=\"cover\" srcset=\"https:\/\/mugi.lu\/wp-content\/uploads\/2024\/02\/screenshot-2024-02-26-at-184920.png 1920w, https:\/\/mugi.lu\/wp-content\/uploads\/2024\/02\/screenshot-2024-02-26-at-184920-300x125.png 300w, https:\/\/mugi.lu\/wp-content\/uploads\/2024\/02\/screenshot-2024-02-26-at-184920-1024x427.png 1024w, https:\/\/mugi.lu\/wp-content\/uploads\/2024\/02\/screenshot-2024-02-26-at-184920-768x320.png 768w, https:\/\/mugi.lu\/wp-content\/uploads\/2024\/02\/screenshot-2024-02-26-at-184920-1536x640.png 1536w, https:\/\/mugi.lu\/wp-content\/uploads\/2024\/02\/screenshot-2024-02-26-at-184920-1850x771.png 1850w\" sizes=\"auto, (max-width: 1920px) 100vw, 1920px\" \/><div class=\"wp-block-cover__inner-container is-layout-flow wp-block-cover-is-layout-flow\">\n<div class=\"wp-block-getwid-icon is-aligned-center\"><a href=\"https:\/\/videos.uni.lu\/media\/Improvisation+au+piano\/1_5wuq4ex6\" target=\"_blank\" rel=\"noreferrer noopener\" class=\"wp-block-getwid-icon__wrapper has-text-color has-white-color\"><i class=\"fas fa-play\"><\/i><\/a><\/div>\n<\/div><\/div>\n\n\n\n<h4 class=\"wp-block-heading\"><a href=\"https:\/\/videos.uni.lu\/media\/Improvisation+au+piano\/1_5wuq4ex6\" target=\"_blank\" rel=\"noreferrer noopener\">Piano improvisation<\/a><\/h4>\n\n\n\n<p>\u00a9 Maggie Vandenabeele, 2011 <\/p>\n<\/div><\/div>\n<\/div>\n\n\n\n<div class=\"wp-block-column is-layout-flow wp-block-column-is-layout-flow\" style=\"flex-basis:100%\">\n<div class=\"wp-block-group mugilux-video-popup\"><div class=\"wp-block-group__inner-container is-layout-flow wp-block-group-is-layout-flow\">\n<div class=\"wp-block-cover is-light\" style=\"min-height:260px;aspect-ratio:unset\"><span aria-hidden=\"true\" class=\"wp-block-cover__background has-background-dim-20 has-background-dim\"><\/span><img loading=\"lazy\" decoding=\"async\" width=\"1920\" height=\"800\" class=\"wp-block-cover__image-background wp-image-2242\" alt=\"\" src=\"https:\/\/mugi.lu\/wp-content\/uploads\/2024\/02\/screenshot-2024-02-26-at-184955.png\" style=\"object-position:55% 48%\" data-object-fit=\"cover\" data-object-position=\"55% 48%\" srcset=\"https:\/\/mugi.lu\/wp-content\/uploads\/2024\/02\/screenshot-2024-02-26-at-184955.png 1920w, https:\/\/mugi.lu\/wp-content\/uploads\/2024\/02\/screenshot-2024-02-26-at-184955-300x125.png 300w, https:\/\/mugi.lu\/wp-content\/uploads\/2024\/02\/screenshot-2024-02-26-at-184955-1024x427.png 1024w, https:\/\/mugi.lu\/wp-content\/uploads\/2024\/02\/screenshot-2024-02-26-at-184955-768x320.png 768w, https:\/\/mugi.lu\/wp-content\/uploads\/2024\/02\/screenshot-2024-02-26-at-184955-1536x640.png 1536w, https:\/\/mugi.lu\/wp-content\/uploads\/2024\/02\/screenshot-2024-02-26-at-184955-1850x771.png 1850w\" sizes=\"auto, (max-width: 1920px) 100vw, 1920px\" \/><div class=\"wp-block-cover__inner-container is-layout-flow wp-block-cover-is-layout-flow\">\n<div class=\"wp-block-getwid-icon is-aligned-center\"><a href=\"https:\/\/videos.uni.lu\/media\/Maggie+Vandenabeele+chante+%22Amarili+mia+bella%22\/1_08n0cjwg\" target=\"_blank\" rel=\"noreferrer noopener\" class=\"wp-block-getwid-icon__wrapper has-text-color has-white-color\"><i class=\"fas fa-play\"><\/i><\/a><\/div>\n<\/div><\/div>\n\n\n\n<h4 class=\"wp-block-heading\"><a href=\"https:\/\/videos.uni.lu\/media\/Maggie+Vandenabeele+chante+%22Amarili+mia+bella%22\/1_08n0cjwg\" target=\"_blank\" rel=\"noreferrer noopener\">Maggie Vandenabeele sings &#8220;Amarili mia bellA&#8221;<\/a><\/h4>\n\n\n\n<p>\u00a9 Maggie Vandenabeele, 2013<\/p>\n\n\n\n<h4 class=\"wp-block-heading\"><a href=\"https:\/\/vimeo.com\/915524310\/23b2a382d3?share=copy\" target=\"_blank\" rel=\"noreferrer noopener\"><br><\/a><\/h4>\n<\/div><\/div>\n<\/div>\n<\/div>\n<\/div><\/div>\n\n\n\n<div class=\"wp-block-getwid-content-slider-slide\"><div class=\"wp-block-getwid-content-slider-slide__wrapper\">\n<div class=\"wp-block-columns is-layout-flex wp-container-core-columns-is-layout-9d6595d7 wp-block-columns-is-layout-flex\">\n<div class=\"wp-block-column is-layout-flow wp-block-column-is-layout-flow\" style=\"flex-basis:100%\">\n<div class=\"wp-block-group mugilux-video-popup\"><div class=\"wp-block-group__inner-container is-layout-flow wp-block-group-is-layout-flow\">\n<div class=\"wp-block-cover is-light\" style=\"min-height:260px;aspect-ratio:unset\"><span aria-hidden=\"true\" class=\"wp-block-cover__background has-background-dim-20 has-background-dim\"><\/span><img loading=\"lazy\" decoding=\"async\" width=\"1920\" height=\"800\" class=\"wp-block-cover__image-background wp-image-2245\" alt=\"\" src=\"https:\/\/mugi.lu\/wp-content\/uploads\/2024\/02\/screenshot-2024-02-26-at-185026.png\" data-object-fit=\"cover\" srcset=\"https:\/\/mugi.lu\/wp-content\/uploads\/2024\/02\/screenshot-2024-02-26-at-185026.png 1920w, https:\/\/mugi.lu\/wp-content\/uploads\/2024\/02\/screenshot-2024-02-26-at-185026-300x125.png 300w, https:\/\/mugi.lu\/wp-content\/uploads\/2024\/02\/screenshot-2024-02-26-at-185026-1024x427.png 1024w, https:\/\/mugi.lu\/wp-content\/uploads\/2024\/02\/screenshot-2024-02-26-at-185026-768x320.png 768w, https:\/\/mugi.lu\/wp-content\/uploads\/2024\/02\/screenshot-2024-02-26-at-185026-1536x640.png 1536w, https:\/\/mugi.lu\/wp-content\/uploads\/2024\/02\/screenshot-2024-02-26-at-185026-1850x771.png 1850w\" sizes=\"auto, (max-width: 1920px) 100vw, 1920px\" \/><div class=\"wp-block-cover__inner-container is-layout-flow wp-block-cover-is-layout-flow\">\n<div class=\"wp-block-getwid-icon is-aligned-center\"><a href=\"https:\/\/videos.uni.lu\/media\/Mise+en+forme+vocaleA+Rythmes+divers+%C3%A0+travailler\/1_mdlc3v7l\" target=\"_blank\" rel=\"noreferrer noopener\" class=\"wp-block-getwid-icon__wrapper has-text-color has-white-color\"><i class=\"fas fa-play\"><\/i><\/a><\/div>\n<\/div><\/div>\n\n\n\n<h4 class=\"wp-block-heading\"><a href=\"https:\/\/videos.uni.lu\/media\/Mise+en+forme+vocaleA+Rythmes+divers+%C3%A0+travailler\/1_mdlc3v7l\" target=\"_blank\" rel=\"noreferrer noopener\">vocal exercises: Different rhythms<\/a><\/h4>\n\n\n\n<p>\u00a9 Maggie Vandenabeele, 2013<\/p>\n<\/div><\/div>\n<\/div>\n\n\n\n<div class=\"wp-block-column is-layout-flow wp-block-column-is-layout-flow\" style=\"flex-basis:100%\">\n<div class=\"wp-block-group mugilux-video-popup\"><div class=\"wp-block-group__inner-container is-layout-flow wp-block-group-is-layout-flow\">\n<div class=\"wp-block-cover is-light\" style=\"min-height:260px;aspect-ratio:unset\"><span aria-hidden=\"true\" class=\"wp-block-cover__background has-background-dim-20 has-background-dim\"><\/span><img loading=\"lazy\" decoding=\"async\" width=\"1920\" height=\"800\" class=\"wp-block-cover__image-background wp-image-2248\" alt=\"\" src=\"https:\/\/mugi.lu\/wp-content\/uploads\/2024\/02\/screenshot-2024-02-26-at-185057.png\" data-object-fit=\"cover\" srcset=\"https:\/\/mugi.lu\/wp-content\/uploads\/2024\/02\/screenshot-2024-02-26-at-185057.png 1920w, https:\/\/mugi.lu\/wp-content\/uploads\/2024\/02\/screenshot-2024-02-26-at-185057-300x125.png 300w, https:\/\/mugi.lu\/wp-content\/uploads\/2024\/02\/screenshot-2024-02-26-at-185057-1024x427.png 1024w, https:\/\/mugi.lu\/wp-content\/uploads\/2024\/02\/screenshot-2024-02-26-at-185057-768x320.png 768w, https:\/\/mugi.lu\/wp-content\/uploads\/2024\/02\/screenshot-2024-02-26-at-185057-1536x640.png 1536w, https:\/\/mugi.lu\/wp-content\/uploads\/2024\/02\/screenshot-2024-02-26-at-185057-1850x771.png 1850w\" sizes=\"auto, (max-width: 1920px) 100vw, 1920px\" \/><div class=\"wp-block-cover__inner-container is-layout-flow wp-block-cover-is-layout-flow\">\n<div class=\"wp-block-getwid-icon is-aligned-center\"><a href=\"https:\/\/videos.uni.lu\/media\/Essai+vocal+rythmiqueA+Smile+de+Charlie+Chaplin\/1_3mgpxgbm\" target=\"_blank\" rel=\"noreferrer noopener\" class=\"wp-block-getwid-icon__wrapper has-text-color has-white-color\"><i class=\"fas fa-play\"><\/i><\/a><\/div>\n<\/div><\/div>\n\n\n\n<h4 class=\"wp-block-heading\"><a href=\"https:\/\/videos.uni.lu\/media\/Essai+vocal+rythmiqueA+Smile+de+Charlie+Chaplin\/1_3mgpxgbm\">Vocal exercise: &#8220;SMILE&#8221; by CHarlie CHAPLIN<\/a><\/h4>\n\n\n\n<p>\u00a9 Maggie Vandenabeele, 2013<\/p>\n<\/div><\/div>\n<\/div>\n<\/div>\n<\/div><\/div>\n\n\n\n<div class=\"wp-block-getwid-content-slider-slide\"><div class=\"wp-block-getwid-content-slider-slide__wrapper\">\n<div class=\"wp-block-columns is-layout-flex wp-container-core-columns-is-layout-9d6595d7 wp-block-columns-is-layout-flex\">\n<div class=\"wp-block-column is-layout-flow wp-block-column-is-layout-flow\" style=\"flex-basis:100%\">\n<div class=\"wp-block-group mugilux-video-popup\"><div class=\"wp-block-group__inner-container is-layout-flow wp-block-group-is-layout-flow\">\n<div class=\"wp-block-cover is-light\" style=\"min-height:260px;aspect-ratio:unset\"><span aria-hidden=\"true\" class=\"wp-block-cover__background has-background-dim-20 has-background-dim\"><\/span><img loading=\"lazy\" decoding=\"async\" width=\"1920\" height=\"800\" class=\"wp-block-cover__image-background wp-image-2251\" alt=\"\" src=\"https:\/\/mugi.lu\/wp-content\/uploads\/2024\/02\/screenshot-2024-02-26-at-185120.png\" data-object-fit=\"cover\" srcset=\"https:\/\/mugi.lu\/wp-content\/uploads\/2024\/02\/screenshot-2024-02-26-at-185120.png 1920w, https:\/\/mugi.lu\/wp-content\/uploads\/2024\/02\/screenshot-2024-02-26-at-185120-300x125.png 300w, https:\/\/mugi.lu\/wp-content\/uploads\/2024\/02\/screenshot-2024-02-26-at-185120-1024x427.png 1024w, https:\/\/mugi.lu\/wp-content\/uploads\/2024\/02\/screenshot-2024-02-26-at-185120-768x320.png 768w, https:\/\/mugi.lu\/wp-content\/uploads\/2024\/02\/screenshot-2024-02-26-at-185120-1536x640.png 1536w, https:\/\/mugi.lu\/wp-content\/uploads\/2024\/02\/screenshot-2024-02-26-at-185120-1850x771.png 1850w\" sizes=\"auto, (max-width: 1920px) 100vw, 1920px\" \/><div class=\"wp-block-cover__inner-container is-layout-flow wp-block-cover-is-layout-flow\">\n<div class=\"wp-block-getwid-icon is-aligned-center\"><a href=\"https:\/\/videos.uni.lu\/media\/Improvisation+piano+et+r%C3%A9citation+%22Le+meilleur+est+%C3%A0+venir%22\/1_se4ykhrp\" target=\"_blank\" rel=\"noreferrer noopener\" class=\"wp-block-getwid-icon__wrapper has-text-color has-white-color\"><i class=\"fas fa-play\"><\/i><\/a><\/div>\n<\/div><\/div>\n\n\n\n<h4 class=\"wp-block-heading\"><a href=\"https:\/\/videos.uni.lu\/media\/Improvisation+piano+et+r%C3%A9citation+%22Le+meilleur+est+%C3%A0+venir%22\/1_se4ykhrp\" target=\"_blank\" rel=\"noreferrer noopener\">Piano and voice improvisation &#8220;Le meilleur est \u00e0 venir&#8221; <em>(&#8220;The best is yet to come&#8221;)<\/em><\/a><\/h4>\n\n\n\n<p>&#8220;La vie est un tr\u00e8s long chemin qui r\u00e9serve parfois des surprises inattendues. Alors comment trouver sa place au soleil pour tout simplement se sentir enfin heureux?&#8221; <\/p>\n\n\n\n<p>\u00a9 Maggie Vandenabeele, 2023<\/p>\n<\/div><\/div>\n<\/div>\n\n\n\n<div class=\"wp-block-column is-layout-flow wp-block-column-is-layout-flow\" style=\"flex-basis:100%\"><\/div>\n<\/div>\n<\/div><\/div>\n<\/div><\/div>\n\n\t\t\t<\/div>\n\n\t\t\t<button class=\"composer-tab__button composer-tab--color-yellow\">\n\t\t\t<span class=\"composer-tab__icon--video\"><\/span>\n\t\t\t<span>Video<\/span>\n\t\t<\/button>\n\t\n<\/div>\n\n\n\n<div class=\"composer-tab\" style=\"display: none;\" data-composer-tab-color=\"orange\">\n\n\t<div class=\"composer-tab__badge composer-tab__badge-orange\">\n\t\t<span class=\"composer-tab__icon--documents\"><\/span>\n\t\t<span class=\"composer-tab__circular-title\">Written documents<\/span>\n\t<\/div>\n\n\t<div class=\"composer-tab__content\">\n\t\t\t\t\t\n\n<div class=\"wp-block-getwid-images-slider has-arrows-inside has-dots-none has-captions captions-style-light captions-bottom-center is-carousel has-slides-gap-normal has-images-center has-fitted-images has-fixed-height\"><div class=\"wp-block-getwid-images-slider__wrapper\" data-effect=\"slide\" data-slides-show=\"3\" data-slides-show-laptop=\"3\" data-slides-show-tablet=\"2\" data-slides-show-mobile=\"1\" data-slides-scroll=\"1\" data-autoplay=\"false\" data-pause-hover=\"false\" data-autoplay-speed=\"6000\" data-infinite=\"false\" data-animation-speed=\"500\" data-center-mode=\"false\" data-variable-width=\"false\" data-arrows=\"inside\" data-dots=\"none\" data-spacing=\"normal\"><div class=\"wp-block-getwid-images-slider__item getwid-reset-height-tablet getwid-reset-height-mobile\" style=\"height:40vh\"><a href=\"https:\/\/mugi.lu\/wp-content\/uploads\/2024\/03\/9-m-7-page-0001-1.jpeg\"><figure><img loading=\"lazy\" decoding=\"async\" width=\"1000\" height=\"828\" src=\"https:\/\/mugi.lu\/wp-content\/uploads\/2024\/03\/9-m-7-page-0001-1.jpeg\" data-id=\"2399\" data-link=\"https:\/\/mugi.lu\/en\/subject\/maggie-vandenabeele\/9-m-7-page-0001-1-2\/\" data-original-link=\"https:\/\/mugi.lu\/wp-content\/uploads\/2024\/03\/9-m-7-page-0001-1.jpeg\" class=\"wp-block-getwid-images-slider__image wp-image-2399\" srcset=\"https:\/\/mugi.lu\/wp-content\/uploads\/2024\/03\/9-m-7-page-0001-1.jpeg 1000w, https:\/\/mugi.lu\/wp-content\/uploads\/2024\/03\/9-m-7-page-0001-1-300x248.jpeg 300w, https:\/\/mugi.lu\/wp-content\/uploads\/2024\/03\/9-m-7-page-0001-1-768x636.jpeg 768w\" sizes=\"auto, (max-width: 1000px) 100vw, 1000px\" \/><figcaption class=\"wp-block-getwid-images-slider__caption\">&lt;strong&gt;Sous le pr\u00e9au&lt;\/strong&gt;Musical tale written by Maggie Vandenabeele, \nNice 1998 \u00a9 Maggie Vandenabeele<\/figcaption><\/figure><\/a><\/div><div class=\"wp-block-getwid-images-slider__item getwid-reset-height-tablet getwid-reset-height-mobile\" style=\"height:40vh\"><a href=\"https:\/\/mugi.lu\/wp-content\/uploads\/2024\/02\/10-m-65.jpeg\"><figure><img loading=\"lazy\" decoding=\"async\" width=\"1502\" height=\"2000\" src=\"https:\/\/mugi.lu\/wp-content\/uploads\/2024\/02\/10-m-65.jpeg\" data-id=\"1808\" data-link=\"https:\/\/mugi.lu\/en\/subject\/maggie-vandenabeele\/10-m-65-2\/\" data-original-link=\"https:\/\/mugi.lu\/wp-content\/uploads\/2024\/02\/10-m-65.jpeg\" class=\"wp-block-getwid-images-slider__image wp-image-1808\" srcset=\"https:\/\/mugi.lu\/wp-content\/uploads\/2024\/02\/10-m-65.jpeg 1502w, https:\/\/mugi.lu\/wp-content\/uploads\/2024\/02\/10-m-65-225x300.jpeg 225w, https:\/\/mugi.lu\/wp-content\/uploads\/2024\/02\/10-m-65-769x1024.jpeg 769w, https:\/\/mugi.lu\/wp-content\/uploads\/2024\/02\/10-m-65-768x1023.jpeg 768w, https:\/\/mugi.lu\/wp-content\/uploads\/2024\/02\/10-m-65-1154x1536.jpeg 1154w\" sizes=\"auto, (max-width: 1502px) 100vw, 1502px\" \/><figcaption class=\"wp-block-getwid-images-slider__caption\">&lt;strong&gt;Spirituel collage by Maggie Vandenabeele, in which Maggie laments that the focus on science disbalances society&lt;\/strong&gt;\nNice 1999 \u00a9 Maggie Vandenabeele<\/figcaption><\/figure><\/a><\/div><div class=\"wp-block-getwid-images-slider__item getwid-reset-height-tablet getwid-reset-height-mobile\" style=\"height:40vh\"><a href=\"https:\/\/mugi.lu\/wp-content\/uploads\/2024\/02\/11-m-150.jpeg\"><figure><img loading=\"lazy\" decoding=\"async\" width=\"1000\" height=\"1365\" src=\"https:\/\/mugi.lu\/wp-content\/uploads\/2024\/02\/11-m-150.jpeg\" data-id=\"1811\" data-link=\"https:\/\/mugi.lu\/en\/subject\/maggie-vandenabeele\/11-m-150-2\/\" data-original-link=\"https:\/\/mugi.lu\/wp-content\/uploads\/2024\/02\/11-m-150.jpeg\" class=\"wp-block-getwid-images-slider__image wp-image-1811\" srcset=\"https:\/\/mugi.lu\/wp-content\/uploads\/2024\/02\/11-m-150.jpeg 1000w, https:\/\/mugi.lu\/wp-content\/uploads\/2024\/02\/11-m-150-220x300.jpeg 220w, https:\/\/mugi.lu\/wp-content\/uploads\/2024\/02\/11-m-150-750x1024.jpeg 750w, https:\/\/mugi.lu\/wp-content\/uploads\/2024\/02\/11-m-150-768x1048.jpeg 768w\" sizes=\"auto, (max-width: 1000px) 100vw, 1000px\" \/><figcaption class=\"wp-block-getwid-images-slider__caption\">&lt;strong&gt;De la musique \u00e0 la peinture.&lt;\/strong&gt; Text written by Maggie Vandenabeele,\nNice 2000 \u00a9 Maggie Vandenabeele<\/figcaption><\/figure><\/a><\/div><div class=\"wp-block-getwid-images-slider__item getwid-reset-height-tablet getwid-reset-height-mobile\" style=\"height:40vh\"><a href=\"https:\/\/mugi.lu\/wp-content\/uploads\/2024\/02\/13-m-44.jpeg\"><figure><img loading=\"lazy\" decoding=\"async\" width=\"1000\" height=\"1344\" src=\"https:\/\/mugi.lu\/wp-content\/uploads\/2024\/02\/13-m-44.jpeg\" data-id=\"1817\" data-link=\"https:\/\/mugi.lu\/en\/subject\/maggie-vandenabeele\/13-m-44-2\/\" data-original-link=\"https:\/\/mugi.lu\/wp-content\/uploads\/2024\/02\/13-m-44.jpeg\" class=\"wp-block-getwid-images-slider__image wp-image-1817\" srcset=\"https:\/\/mugi.lu\/wp-content\/uploads\/2024\/02\/13-m-44.jpeg 1000w, https:\/\/mugi.lu\/wp-content\/uploads\/2024\/02\/13-m-44-223x300.jpeg 223w, https:\/\/mugi.lu\/wp-content\/uploads\/2024\/02\/13-m-44-762x1024.jpeg 762w, https:\/\/mugi.lu\/wp-content\/uploads\/2024\/02\/13-m-44-768x1032.jpeg 768w\" sizes=\"auto, (max-width: 1000px) 100vw, 1000px\" \/><figcaption class=\"wp-block-getwid-images-slider__caption\">&lt;strong&gt;Il y a longtemps dans notre caf\u00e9.&lt;\/strong&gt; Text written by Maggie Vandenabeele, \nNice 2003 \u00a9 Maggie Vandenabeele<\/figcaption><\/figure><\/a><\/div><div class=\"wp-block-getwid-images-slider__item getwid-reset-height-tablet getwid-reset-height-mobile\" style=\"height:40vh\"><a href=\"https:\/\/mugi.lu\/wp-content\/uploads\/2024\/02\/12-m-41.jpeg\"><figure><img loading=\"lazy\" decoding=\"async\" width=\"1322\" height=\"2000\" src=\"https:\/\/mugi.lu\/wp-content\/uploads\/2024\/02\/12-m-41.jpeg\" data-id=\"1814\" data-link=\"https:\/\/mugi.lu\/en\/subject\/maggie-vandenabeele\/12-m-41-2\/\" data-original-link=\"https:\/\/mugi.lu\/wp-content\/uploads\/2024\/02\/12-m-41.jpeg\" class=\"wp-block-getwid-images-slider__image wp-image-1814\" srcset=\"https:\/\/mugi.lu\/wp-content\/uploads\/2024\/02\/12-m-41.jpeg 1322w, https:\/\/mugi.lu\/wp-content\/uploads\/2024\/02\/12-m-41-198x300.jpeg 198w, https:\/\/mugi.lu\/wp-content\/uploads\/2024\/02\/12-m-41-677x1024.jpeg 677w, https:\/\/mugi.lu\/wp-content\/uploads\/2024\/02\/12-m-41-768x1162.jpeg 768w, https:\/\/mugi.lu\/wp-content\/uploads\/2024\/02\/12-m-41-1015x1536.jpeg 1015w\" sizes=\"auto, (max-width: 1322px) 100vw, 1322px\" \/><figcaption class=\"wp-block-getwid-images-slider__caption\">&lt;strong&gt;Maggie on her friendship with Ernest Welter (page 1). Photo taken during the film shoot of &#8220;L&#8217;h\u00e9ritier&#8221;&lt;\/strong&gt;\nNice 2003 \u00a9&nbsp;Maggie Vandenabeele<\/figcaption><\/figure><\/a><\/div><div class=\"wp-block-getwid-images-slider__item getwid-reset-height-tablet getwid-reset-height-mobile\" style=\"height:40vh\"><a href=\"https:\/\/mugi.lu\/wp-content\/uploads\/2024\/02\/14-m-42.jpeg\"><figure><img loading=\"lazy\" decoding=\"async\" width=\"1000\" height=\"625\" src=\"https:\/\/mugi.lu\/wp-content\/uploads\/2024\/02\/14-m-42.jpeg\" data-id=\"1820\" data-link=\"https:\/\/mugi.lu\/en\/subject\/maggie-vandenabeele\/14-m-42-2\/\" data-original-link=\"https:\/\/mugi.lu\/wp-content\/uploads\/2024\/02\/14-m-42.jpeg\" class=\"wp-block-getwid-images-slider__image wp-image-1820\" srcset=\"https:\/\/mugi.lu\/wp-content\/uploads\/2024\/02\/14-m-42.jpeg 1000w, https:\/\/mugi.lu\/wp-content\/uploads\/2024\/02\/14-m-42-300x188.jpeg 300w, https:\/\/mugi.lu\/wp-content\/uploads\/2024\/02\/14-m-42-768x480.jpeg 768w\" sizes=\"auto, (max-width: 1000px) 100vw, 1000px\" \/><figcaption class=\"wp-block-getwid-images-slider__caption\">&lt;strong&gt;Maggie on her first visit to Paris in 1966 (excerpt)&lt;\/strong&gt; \nNice 2003 \u00a9&nbsp;Maggie Vandenabeele<\/figcaption><\/figure><\/a><\/div><\/div><\/div>\n\n\t\t\t<\/div>\n\n\t\t\t<button class=\"composer-tab__button composer-tab--color-orange\">\n\t\t\t<span class=\"composer-tab__icon--documents\"><\/span>\n\t\t\t<span>Written documents<\/span>\n\t\t<\/button>\n\t\n<\/div>\n\n\n\n<div class=\"composer-tab\" style=\"display: none;\" data-composer-tab-color=\"secondary\">\n\n\t<div class=\"composer-tab__badge composer-tab__badge-secondary\">\n\t\t<span class=\"composer-tab__icon--photos\"><\/span>\n\t\t<span class=\"composer-tab__circular-title\">Creative photography<\/span>\n\t<\/div>\n\n\t<div class=\"composer-tab__content\">\n\t\t\t\t\t\n\n<div class=\"wp-block-getwid-images-slider has-arrows-inside has-dots-none has-captions captions-style-light captions-bottom-center is-carousel has-slides-gap-normal has-images-center has-fitted-images has-fixed-height\"><div class=\"wp-block-getwid-images-slider__wrapper\" data-effect=\"slide\" data-slides-show=\"2\" data-slides-show-laptop=\"2\" data-slides-show-tablet=\"2\" data-slides-show-mobile=\"1\" data-slides-scroll=\"2\" data-autoplay=\"false\" data-pause-hover=\"false\" data-autoplay-speed=\"6000\" data-infinite=\"false\" data-animation-speed=\"500\" data-center-mode=\"false\" data-variable-width=\"false\" data-arrows=\"inside\" data-dots=\"none\" data-spacing=\"normal\"><div class=\"wp-block-getwid-images-slider__item getwid-reset-height-tablet getwid-reset-height-mobile\" style=\"height:40vh\"><a href=\"https:\/\/mugi.lu\/wp-content\/uploads\/2024\/02\/1-m-8.jpg\"><figure><img loading=\"lazy\" decoding=\"async\" width=\"1000\" height=\"745\" src=\"https:\/\/mugi.lu\/wp-content\/uploads\/2024\/02\/1-m-8.jpg\" data-id=\"1781\" data-link=\"https:\/\/mugi.lu\/en\/subject\/maggie-vandenabeele\/1-m-8-2\/\" data-original-link=\"https:\/\/mugi.lu\/wp-content\/uploads\/2024\/02\/1-m-8.jpg\" class=\"wp-block-getwid-images-slider__image wp-image-1781\" srcset=\"https:\/\/mugi.lu\/wp-content\/uploads\/2024\/02\/1-m-8.jpg 1000w, https:\/\/mugi.lu\/wp-content\/uploads\/2024\/02\/1-m-8-300x224.jpg 300w, https:\/\/mugi.lu\/wp-content\/uploads\/2024\/02\/1-m-8-768x572.jpg 768w, https:\/\/mugi.lu\/wp-content\/uploads\/2024\/02\/1-m-8-780x580.jpg 780w\" sizes=\"auto, (max-width: 1000px) 100vw, 1000px\" \/><figcaption class=\"wp-block-getwid-images-slider__caption\">&lt;strong&gt;Radio and television antenna, photographed in Dudelange &lt;i&gt;(recto-verso)&lt;\/i&gt;&lt;\/strong&gt;\n\u00a9 Maggie Vandenabeele<\/figcaption><\/figure><\/a><\/div><div class=\"wp-block-getwid-images-slider__item getwid-reset-height-tablet getwid-reset-height-mobile\" style=\"height:40vh\"><a href=\"https:\/\/mugi.lu\/wp-content\/uploads\/2024\/02\/2-m-244.jpg\"><figure><img loading=\"lazy\" decoding=\"async\" width=\"2000\" height=\"924\" src=\"https:\/\/mugi.lu\/wp-content\/uploads\/2024\/02\/2-m-244.jpg\" data-id=\"1784\" data-link=\"https:\/\/mugi.lu\/en\/subject\/maggie-vandenabeele\/2-m-244-2\/\" data-original-link=\"https:\/\/mugi.lu\/wp-content\/uploads\/2024\/02\/2-m-244.jpg\" class=\"wp-block-getwid-images-slider__image wp-image-1784\" srcset=\"https:\/\/mugi.lu\/wp-content\/uploads\/2024\/02\/2-m-244.jpg 2000w, https:\/\/mugi.lu\/wp-content\/uploads\/2024\/02\/2-m-244-300x139.jpg 300w, https:\/\/mugi.lu\/wp-content\/uploads\/2024\/02\/2-m-244-1024x473.jpg 1024w, https:\/\/mugi.lu\/wp-content\/uploads\/2024\/02\/2-m-244-768x355.jpg 768w, https:\/\/mugi.lu\/wp-content\/uploads\/2024\/02\/2-m-244-1536x710.jpg 1536w, https:\/\/mugi.lu\/wp-content\/uploads\/2024\/02\/2-m-244-1850x855.jpg 1850w\" sizes=\"auto, (max-width: 2000px) 100vw, 2000px\" \/><figcaption class=\"wp-block-getwid-images-slider__caption\">&lt;strong&gt;Photo with text on the reverse side&lt;\/strong&gt;\n\u00a9 Maggie Vandenabeele<\/figcaption><\/figure><\/a><\/div><div class=\"wp-block-getwid-images-slider__item getwid-reset-height-tablet getwid-reset-height-mobile\" style=\"height:40vh\"><a href=\"https:\/\/mugi.lu\/wp-content\/uploads\/2024\/02\/3-m-218.jpg\"><figure><img loading=\"lazy\" decoding=\"async\" width=\"2000\" height=\"696\" src=\"https:\/\/mugi.lu\/wp-content\/uploads\/2024\/02\/3-m-218.jpg\" data-id=\"1787\" data-link=\"https:\/\/mugi.lu\/en\/subject\/maggie-vandenabeele\/3-m-218-2\/\" data-original-link=\"https:\/\/mugi.lu\/wp-content\/uploads\/2024\/02\/3-m-218.jpg\" class=\"wp-block-getwid-images-slider__image wp-image-1787\" srcset=\"https:\/\/mugi.lu\/wp-content\/uploads\/2024\/02\/3-m-218.jpg 2000w, https:\/\/mugi.lu\/wp-content\/uploads\/2024\/02\/3-m-218-300x104.jpg 300w, https:\/\/mugi.lu\/wp-content\/uploads\/2024\/02\/3-m-218-1024x356.jpg 1024w, https:\/\/mugi.lu\/wp-content\/uploads\/2024\/02\/3-m-218-768x267.jpg 768w, https:\/\/mugi.lu\/wp-content\/uploads\/2024\/02\/3-m-218-1536x535.jpg 1536w, https:\/\/mugi.lu\/wp-content\/uploads\/2024\/02\/3-m-218-1850x644.jpg 1850w\" sizes=\"auto, (max-width: 2000px) 100vw, 2000px\" \/><figcaption class=\"wp-block-getwid-images-slider__caption\">&lt;strong&gt;Strangers on the beach near Maggie&#8217;s campsite. &lt;\/strong&gt;<\/figcaption><\/figure><\/a><\/div><div class=\"wp-block-getwid-images-slider__item getwid-reset-height-tablet getwid-reset-height-mobile\" style=\"height:40vh\"><a href=\"https:\/\/mugi.lu\/wp-content\/uploads\/2024\/02\/4-m-156-1.jpg\"><figure><img loading=\"lazy\" decoding=\"async\" width=\"2000\" height=\"701\" src=\"https:\/\/mugi.lu\/wp-content\/uploads\/2024\/02\/4-m-156-1.jpg\" data-id=\"1790\" data-link=\"https:\/\/mugi.lu\/en\/subject\/maggie-vandenabeele\/4-m-156-1-2\/\" data-original-link=\"https:\/\/mugi.lu\/wp-content\/uploads\/2024\/02\/4-m-156-1.jpg\" class=\"wp-block-getwid-images-slider__image wp-image-1790\" srcset=\"https:\/\/mugi.lu\/wp-content\/uploads\/2024\/02\/4-m-156-1.jpg 2000w, https:\/\/mugi.lu\/wp-content\/uploads\/2024\/02\/4-m-156-1-300x105.jpg 300w, https:\/\/mugi.lu\/wp-content\/uploads\/2024\/02\/4-m-156-1-1024x359.jpg 1024w, https:\/\/mugi.lu\/wp-content\/uploads\/2024\/02\/4-m-156-1-768x269.jpg 768w, https:\/\/mugi.lu\/wp-content\/uploads\/2024\/02\/4-m-156-1-1536x538.jpg 1536w, https:\/\/mugi.lu\/wp-content\/uploads\/2024\/02\/4-m-156-1-1850x648.jpg 1850w\" sizes=\"auto, (max-width: 2000px) 100vw, 2000px\" \/><figcaption class=\"wp-block-getwid-images-slider__caption\">&lt;strong&gt;Photograph (front) and handwriting (back) by Maggie during a trip to Belgium to look for her father.&lt;\/strong&gt;\nBruges, 1974\n<\/figcaption><\/figure><\/a><\/div><div class=\"wp-block-getwid-images-slider__item getwid-reset-height-tablet getwid-reset-height-mobile\" style=\"height:40vh\"><a href=\"https:\/\/mugi.lu\/wp-content\/uploads\/2024\/02\/6-m-88.jpg\"><figure><img loading=\"lazy\" decoding=\"async\" width=\"2000\" height=\"718\" src=\"https:\/\/mugi.lu\/wp-content\/uploads\/2024\/02\/6-m-88.jpg\" data-id=\"1796\" data-link=\"https:\/\/mugi.lu\/en\/subject\/maggie-vandenabeele\/6-m-88-2\/\" data-original-link=\"https:\/\/mugi.lu\/wp-content\/uploads\/2024\/02\/6-m-88.jpg\" class=\"wp-block-getwid-images-slider__image wp-image-1796\" srcset=\"https:\/\/mugi.lu\/wp-content\/uploads\/2024\/02\/6-m-88.jpg 2000w, https:\/\/mugi.lu\/wp-content\/uploads\/2024\/02\/6-m-88-300x108.jpg 300w, https:\/\/mugi.lu\/wp-content\/uploads\/2024\/02\/6-m-88-1024x368.jpg 1024w, https:\/\/mugi.lu\/wp-content\/uploads\/2024\/02\/6-m-88-768x276.jpg 768w, https:\/\/mugi.lu\/wp-content\/uploads\/2024\/02\/6-m-88-1536x551.jpg 1536w, https:\/\/mugi.lu\/wp-content\/uploads\/2024\/02\/6-m-88-1850x664.jpg 1850w\" sizes=\"auto, (max-width: 2000px) 100vw, 2000px\" \/><figcaption class=\"wp-block-getwid-images-slider__caption\">&lt;strong&gt;Photographed and written during a trip to Great Britain&lt;\/strong&gt;\nEngland, 1975<\/figcaption><\/figure><\/a><\/div><div class=\"wp-block-getwid-images-slider__item getwid-reset-height-tablet getwid-reset-height-mobile\" style=\"height:40vh\"><a href=\"https:\/\/mugi.lu\/wp-content\/uploads\/2024\/02\/5-m-156-5.jpg\"><figure><img loading=\"lazy\" decoding=\"async\" width=\"2000\" height=\"631\" src=\"https:\/\/mugi.lu\/wp-content\/uploads\/2024\/02\/5-m-156-5.jpg\" data-id=\"1793\" data-link=\"https:\/\/mugi.lu\/en\/subject\/maggie-vandenabeele\/5-m-156-5-2\/\" data-original-link=\"https:\/\/mugi.lu\/wp-content\/uploads\/2024\/02\/5-m-156-5.jpg\" class=\"wp-block-getwid-images-slider__image wp-image-1793\" srcset=\"https:\/\/mugi.lu\/wp-content\/uploads\/2024\/02\/5-m-156-5.jpg 2000w, https:\/\/mugi.lu\/wp-content\/uploads\/2024\/02\/5-m-156-5-300x95.jpg 300w, https:\/\/mugi.lu\/wp-content\/uploads\/2024\/02\/5-m-156-5-1024x323.jpg 1024w, https:\/\/mugi.lu\/wp-content\/uploads\/2024\/02\/5-m-156-5-768x242.jpg 768w, https:\/\/mugi.lu\/wp-content\/uploads\/2024\/02\/5-m-156-5-1536x485.jpg 1536w, https:\/\/mugi.lu\/wp-content\/uploads\/2024\/02\/5-m-156-5-1850x584.jpg 1850w\" sizes=\"auto, (max-width: 2000px) 100vw, 2000px\" \/><figcaption class=\"wp-block-getwid-images-slider__caption\">&lt;strong&gt;Photographed and written during a trip to Wales&lt;\/strong&gt;\nBarmouth, 1975<\/figcaption><\/figure><\/a><\/div><div class=\"wp-block-getwid-images-slider__item getwid-reset-height-tablet getwid-reset-height-mobile\" style=\"height:40vh\"><a href=\"https:\/\/mugi.lu\/wp-content\/uploads\/2024\/02\/7-m-127.jpg\"><figure><img loading=\"lazy\" decoding=\"async\" width=\"2000\" height=\"690\" src=\"https:\/\/mugi.lu\/wp-content\/uploads\/2024\/02\/7-m-127.jpg\" data-id=\"1799\" data-link=\"https:\/\/mugi.lu\/en\/subject\/maggie-vandenabeele\/7-m-127-2\/\" data-original-link=\"https:\/\/mugi.lu\/wp-content\/uploads\/2024\/02\/7-m-127.jpg\" class=\"wp-block-getwid-images-slider__image wp-image-1799\" srcset=\"https:\/\/mugi.lu\/wp-content\/uploads\/2024\/02\/7-m-127.jpg 2000w, https:\/\/mugi.lu\/wp-content\/uploads\/2024\/02\/7-m-127-300x104.jpg 300w, https:\/\/mugi.lu\/wp-content\/uploads\/2024\/02\/7-m-127-1024x353.jpg 1024w, https:\/\/mugi.lu\/wp-content\/uploads\/2024\/02\/7-m-127-768x265.jpg 768w, https:\/\/mugi.lu\/wp-content\/uploads\/2024\/02\/7-m-127-1536x530.jpg 1536w, https:\/\/mugi.lu\/wp-content\/uploads\/2024\/02\/7-m-127-1850x638.jpg 1850w\" sizes=\"auto, (max-width: 2000px) 100vw, 2000px\" \/><figcaption class=\"wp-block-getwid-images-slider__caption\">&lt;strong&gt;Photographed and written near the Dead Sea while hitchhiking.&lt;\/strong&gt;\n1976<\/figcaption><\/figure><\/a><\/div><div class=\"wp-block-getwid-images-slider__item getwid-reset-height-tablet getwid-reset-height-mobile\" style=\"height:40vh\"><a href=\"https:\/\/mugi.lu\/wp-content\/uploads\/2024\/03\/15-m-146-13.jpeg\"><figure><img loading=\"lazy\" decoding=\"async\" width=\"1553\" height=\"1163\" src=\"https:\/\/mugi.lu\/wp-content\/uploads\/2024\/03\/15-m-146-13.jpeg\" data-id=\"1702\" data-link=\"https:\/\/mugi.lu\/en\/subject\/maggie-vandenabeele\/15-m-146-13-2\/\" data-original-link=\"https:\/\/mugi.lu\/wp-content\/uploads\/2024\/03\/15-m-146-13.jpeg\" class=\"wp-block-getwid-images-slider__image wp-image-1702\" srcset=\"https:\/\/mugi.lu\/wp-content\/uploads\/2024\/03\/15-m-146-13.jpeg 1553w, https:\/\/mugi.lu\/wp-content\/uploads\/2024\/03\/15-m-146-13-300x225.jpeg 300w, https:\/\/mugi.lu\/wp-content\/uploads\/2024\/03\/15-m-146-13-1024x767.jpeg 1024w, https:\/\/mugi.lu\/wp-content\/uploads\/2024\/03\/15-m-146-13-768x575.jpeg 768w, https:\/\/mugi.lu\/wp-content\/uploads\/2024\/03\/15-m-146-13-1536x1150.jpeg 1536w, https:\/\/mugi.lu\/wp-content\/uploads\/2024\/03\/15-m-146-13-800x600.jpeg 800w\" sizes=\"auto, (max-width: 1553px) 100vw, 1553px\" \/><figcaption class=\"wp-block-getwid-images-slider__caption\">&lt;strong&gt;Photo taken during a photography workshop&lt;\/strong&gt;\nNice, 2005\n\u00a9 Maggie Vandenabeele<\/figcaption><\/figure><\/a><\/div><div class=\"wp-block-getwid-images-slider__item getwid-reset-height-tablet getwid-reset-height-mobile\" style=\"height:40vh\"><a href=\"https:\/\/mugi.lu\/wp-content\/uploads\/2024\/03\/14-m-146-5.jpeg\"><figure><img loading=\"lazy\" decoding=\"async\" width=\"1167\" height=\"1561\" src=\"https:\/\/mugi.lu\/wp-content\/uploads\/2024\/03\/14-m-146-5.jpeg\" data-id=\"1699\" data-link=\"https:\/\/mugi.lu\/en\/subject\/maggie-vandenabeele\/14-m-146-5-2\/\" data-original-link=\"https:\/\/mugi.lu\/wp-content\/uploads\/2024\/03\/14-m-146-5.jpeg\" class=\"wp-block-getwid-images-slider__image wp-image-1699\" srcset=\"https:\/\/mugi.lu\/wp-content\/uploads\/2024\/03\/14-m-146-5.jpeg 1167w, https:\/\/mugi.lu\/wp-content\/uploads\/2024\/03\/14-m-146-5-224x300.jpeg 224w, https:\/\/mugi.lu\/wp-content\/uploads\/2024\/03\/14-m-146-5-766x1024.jpeg 766w, https:\/\/mugi.lu\/wp-content\/uploads\/2024\/03\/14-m-146-5-768x1027.jpeg 768w, https:\/\/mugi.lu\/wp-content\/uploads\/2024\/03\/14-m-146-5-1148x1536.jpeg 1148w\" sizes=\"auto, (max-width: 1167px) 100vw, 1167px\" \/><figcaption class=\"wp-block-getwid-images-slider__caption\">&lt;strong&gt;Photo taken during a photography workshop&lt;\/strong&gt;\nNice, 2005\n\u00a9 Maggie Vandenabeele<\/figcaption><\/figure><\/a><\/div><\/div><\/div>\n\n\t\t\t<\/div>\n\n\t\t\t<button class=\"composer-tab__button composer-tab--color-secondary\">\n\t\t\t<span class=\"composer-tab__icon--photos\"><\/span>\n\t\t\t<span>Creative photography<\/span>\n\t\t<\/button>\n\t\n<\/div>\n\n\n\n<div class=\"composer-tab\" style=\"display: none;\" data-composer-tab-color=\"yellow\">\n\n\t<div class=\"composer-tab__badge composer-tab__badge-yellow\">\n\t\t<span class=\"composer-tab__icon--correspondence\"><\/span>\n\t\t<span class=\"composer-tab__circular-title\">Painting<\/span>\n\t<\/div>\n\n\t<div class=\"composer-tab__content\">\n\t\t\t\t\t\n\n<div class=\"wp-block-getwid-images-slider has-arrows-inside has-dots-none has-captions captions-style-light captions-bottom-center is-carousel has-slides-gap-normal has-images-center has-fitted-images has-fixed-height\"><div class=\"wp-block-getwid-images-slider__wrapper\" data-effect=\"slide\" data-slides-show=\"3\" data-slides-show-laptop=\"2\" data-slides-show-tablet=\"2\" data-slides-show-mobile=\"1\" data-slides-scroll=\"2\" data-autoplay=\"false\" data-pause-hover=\"false\" data-autoplay-speed=\"6000\" data-infinite=\"false\" data-animation-speed=\"500\" data-center-mode=\"false\" data-variable-width=\"false\" data-arrows=\"inside\" data-dots=\"none\" data-spacing=\"normal\"><div class=\"wp-block-getwid-images-slider__item getwid-reset-height-tablet getwid-reset-height-mobile\" style=\"height:40vh\"><a href=\"https:\/\/mugi.lu\/wp-content\/uploads\/2024\/02\/1-m-306.jpg\"><figure><img loading=\"lazy\" decoding=\"async\" width=\"1072\" height=\"1599\" src=\"https:\/\/mugi.lu\/wp-content\/uploads\/2024\/02\/1-m-306.jpg\" data-id=\"1823\" data-link=\"https:\/\/mugi.lu\/en\/subject\/maggie-vandenabeele\/1-m-306-2\/\" data-original-link=\"https:\/\/mugi.lu\/wp-content\/uploads\/2024\/02\/1-m-306.jpg\" class=\"wp-block-getwid-images-slider__image wp-image-1823\" srcset=\"https:\/\/mugi.lu\/wp-content\/uploads\/2024\/02\/1-m-306.jpg 1072w, https:\/\/mugi.lu\/wp-content\/uploads\/2024\/02\/1-m-306-201x300.jpg 201w, https:\/\/mugi.lu\/wp-content\/uploads\/2024\/02\/1-m-306-687x1024.jpg 687w, https:\/\/mugi.lu\/wp-content\/uploads\/2024\/02\/1-m-306-768x1146.jpg 768w, https:\/\/mugi.lu\/wp-content\/uploads\/2024\/02\/1-m-306-1030x1536.jpg 1030w\" sizes=\"auto, (max-width: 1072px) 100vw, 1072px\" \/><figcaption class=\"wp-block-getwid-images-slider__caption\">&lt;strong&gt;Ma grand-m\u00e8re decossant les petits pois&lt;\/strong&gt;\nMaggie&#8217;s maternal grandmother loved her garden, where she grew her own vegetables and raised her animals. \n&lt;i&gt;Painting inspired by a personal photo. Watercolor&lt;\/i&gt;\nNice, 1999<\/figcaption><\/figure><\/a><\/div><div class=\"wp-block-getwid-images-slider__item getwid-reset-height-tablet getwid-reset-height-mobile\" style=\"height:40vh\"><a href=\"https:\/\/mugi.lu\/wp-content\/uploads\/2024\/02\/2-m-305.jpg\"><figure><img loading=\"lazy\" decoding=\"async\" width=\"1084\" height=\"1599\" src=\"https:\/\/mugi.lu\/wp-content\/uploads\/2024\/02\/2-m-305.jpg\" data-id=\"1826\" data-link=\"https:\/\/mugi.lu\/en\/subject\/maggie-vandenabeele\/2-m-305-2\/\" data-original-link=\"https:\/\/mugi.lu\/wp-content\/uploads\/2024\/02\/2-m-305.jpg\" class=\"wp-block-getwid-images-slider__image wp-image-1826\" srcset=\"https:\/\/mugi.lu\/wp-content\/uploads\/2024\/02\/2-m-305.jpg 1084w, https:\/\/mugi.lu\/wp-content\/uploads\/2024\/02\/2-m-305-203x300.jpg 203w, https:\/\/mugi.lu\/wp-content\/uploads\/2024\/02\/2-m-305-694x1024.jpg 694w, https:\/\/mugi.lu\/wp-content\/uploads\/2024\/02\/2-m-305-768x1133.jpg 768w, https:\/\/mugi.lu\/wp-content\/uploads\/2024\/02\/2-m-305-1041x1536.jpg 1041w\" sizes=\"auto, (max-width: 1084px) 100vw, 1084px\" \/><figcaption class=\"wp-block-getwid-images-slider__caption\">&lt;strong&gt;Ma grand-m\u00e8re&lt;\/strong&gt;\nTheresa Belli emigrated to Luxembourg as a child \n&lt;i&gt;Painting inspired by a personal photo. Watercolor&lt;\/i&gt;\nNice, 1999<\/figcaption><\/figure><\/a><\/div><div class=\"wp-block-getwid-images-slider__item getwid-reset-height-tablet getwid-reset-height-mobile\" style=\"height:40vh\"><a href=\"https:\/\/mugi.lu\/wp-content\/uploads\/2024\/02\/3-m-307.jpg\"><figure><img loading=\"lazy\" decoding=\"async\" width=\"1094\" height=\"1600\" src=\"https:\/\/mugi.lu\/wp-content\/uploads\/2024\/02\/3-m-307.jpg\" data-id=\"1829\" data-link=\"https:\/\/mugi.lu\/en\/subject\/maggie-vandenabeele\/3-m-307-2\/\" data-original-link=\"https:\/\/mugi.lu\/wp-content\/uploads\/2024\/02\/3-m-307.jpg\" class=\"wp-block-getwid-images-slider__image wp-image-1829\" srcset=\"https:\/\/mugi.lu\/wp-content\/uploads\/2024\/02\/3-m-307.jpg 1094w, https:\/\/mugi.lu\/wp-content\/uploads\/2024\/02\/3-m-307-205x300.jpg 205w, https:\/\/mugi.lu\/wp-content\/uploads\/2024\/02\/3-m-307-700x1024.jpg 700w, https:\/\/mugi.lu\/wp-content\/uploads\/2024\/02\/3-m-307-768x1123.jpg 768w, https:\/\/mugi.lu\/wp-content\/uploads\/2024\/02\/3-m-307-1050x1536.jpg 1050w\" sizes=\"auto, (max-width: 1094px) 100vw, 1094px\" \/><figcaption class=\"wp-block-getwid-images-slider__caption\">&lt;strong&gt;Maman&lt;\/strong&gt;\nHelene Belli (Maggie&#8217;s mother) 1945, at the age of 20\n&lt;i&gt;Painting inspired by a personal photo. Watercolor&lt;\/i&gt;\nNice, 1999<\/figcaption><\/figure><\/a><\/div><div class=\"wp-block-getwid-images-slider__item getwid-reset-height-tablet getwid-reset-height-mobile\" style=\"height:40vh\"><a href=\"https:\/\/mugi.lu\/wp-content\/uploads\/2024\/02\/5-m-308.jpg\"><figure><img loading=\"lazy\" decoding=\"async\" width=\"1200\" height=\"1600\" src=\"https:\/\/mugi.lu\/wp-content\/uploads\/2024\/02\/5-m-308.jpg\" data-id=\"1835\" data-link=\"https:\/\/mugi.lu\/en\/subject\/maggie-vandenabeele\/5-m-308-2\/\" data-original-link=\"https:\/\/mugi.lu\/wp-content\/uploads\/2024\/02\/5-m-308.jpg\" class=\"wp-block-getwid-images-slider__image wp-image-1835\" srcset=\"https:\/\/mugi.lu\/wp-content\/uploads\/2024\/02\/5-m-308.jpg 1200w, https:\/\/mugi.lu\/wp-content\/uploads\/2024\/02\/5-m-308-225x300.jpg 225w, https:\/\/mugi.lu\/wp-content\/uploads\/2024\/02\/5-m-308-768x1024.jpg 768w, https:\/\/mugi.lu\/wp-content\/uploads\/2024\/02\/5-m-308-1152x1536.jpg 1152w\" sizes=\"auto, (max-width: 1200px) 100vw, 1200px\" \/><figcaption class=\"wp-block-getwid-images-slider__caption\">&lt;strong&gt;Maggie, who worked at her mother&#8217;s caf\u00e9, used her breaks to go outside and dream of a more exciting future far way.&lt;\/strong&gt;\n&lt;i&gt;Painting inspired by a personal photograph. Watercolour&lt;\/I&gt;\nNice, 1999<\/figcaption><\/figure><\/a><\/div><div class=\"wp-block-getwid-images-slider__item getwid-reset-height-tablet getwid-reset-height-mobile\" style=\"height:40vh\"><a href=\"https:\/\/mugi.lu\/wp-content\/uploads\/2024\/02\/6-m-314.jpg\"><figure><img loading=\"lazy\" decoding=\"async\" width=\"1600\" height=\"1180\" src=\"https:\/\/mugi.lu\/wp-content\/uploads\/2024\/02\/6-m-314.jpg\" data-id=\"1838\" data-link=\"https:\/\/mugi.lu\/en\/subject\/maggie-vandenabeele\/6-m-314-2\/\" data-original-link=\"https:\/\/mugi.lu\/wp-content\/uploads\/2024\/02\/6-m-314.jpg\" class=\"wp-block-getwid-images-slider__image wp-image-1838\" srcset=\"https:\/\/mugi.lu\/wp-content\/uploads\/2024\/02\/6-m-314.jpg 1600w, https:\/\/mugi.lu\/wp-content\/uploads\/2024\/02\/6-m-314-300x221.jpg 300w, https:\/\/mugi.lu\/wp-content\/uploads\/2024\/02\/6-m-314-1024x755.jpg 1024w, https:\/\/mugi.lu\/wp-content\/uploads\/2024\/02\/6-m-314-768x566.jpg 768w, https:\/\/mugi.lu\/wp-content\/uploads\/2024\/02\/6-m-314-1536x1133.jpg 1536w, https:\/\/mugi.lu\/wp-content\/uploads\/2024\/02\/6-m-314-500x370.jpg 500w\" sizes=\"auto, (max-width: 1600px) 100vw, 1600px\" \/><figcaption class=\"wp-block-getwid-images-slider__caption\">&lt;strong&gt;Maggie dreams of leaving Luxembourg, bored of her life there&lt;\/strong&gt;\n&lt;i&gt;Self-portrait. Watercolour&lt;\/i&gt;\nNice, 1999<\/figcaption><\/figure><\/a><\/div><div class=\"wp-block-getwid-images-slider__item getwid-reset-height-tablet getwid-reset-height-mobile\" style=\"height:40vh\"><a href=\"https:\/\/mugi.lu\/wp-content\/uploads\/2024\/02\/7-m-319.jpg\"><figure><img loading=\"lazy\" decoding=\"async\" width=\"1082\" height=\"1600\" src=\"https:\/\/mugi.lu\/wp-content\/uploads\/2024\/02\/7-m-319.jpg\" data-id=\"1841\" data-link=\"https:\/\/mugi.lu\/en\/subject\/maggie-vandenabeele\/7-m-319-2\/\" data-original-link=\"https:\/\/mugi.lu\/wp-content\/uploads\/2024\/02\/7-m-319.jpg\" class=\"wp-block-getwid-images-slider__image wp-image-1841\" srcset=\"https:\/\/mugi.lu\/wp-content\/uploads\/2024\/02\/7-m-319.jpg 1082w, https:\/\/mugi.lu\/wp-content\/uploads\/2024\/02\/7-m-319-203x300.jpg 203w, https:\/\/mugi.lu\/wp-content\/uploads\/2024\/02\/7-m-319-692x1024.jpg 692w, https:\/\/mugi.lu\/wp-content\/uploads\/2024\/02\/7-m-319-768x1136.jpg 768w, https:\/\/mugi.lu\/wp-content\/uploads\/2024\/02\/7-m-319-1039x1536.jpg 1039w\" sizes=\"auto, (max-width: 1082px) 100vw, 1082px\" \/><figcaption class=\"wp-block-getwid-images-slider__caption\">&lt;strong&gt;Le cauchemar&lt;\/strong&gt;\nWith her sons, Maggie regularly took the night train from Nice to Luxembourg to visit her mother. During the journey, she often felt distressed by unresolved memories from her past. \n&lt;i&gt;Self-portait. Watercolour&lt;\/i&gt;\nNice, 1999<\/figcaption><\/figure><\/a><\/div><div class=\"wp-block-getwid-images-slider__item getwid-reset-height-tablet getwid-reset-height-mobile\" style=\"height:40vh\"><a href=\"https:\/\/mugi.lu\/wp-content\/uploads\/2024\/02\/8-m-347.jpg\"><figure><img loading=\"lazy\" decoding=\"async\" width=\"1502\" height=\"1187\" src=\"https:\/\/mugi.lu\/wp-content\/uploads\/2024\/02\/8-m-347.jpg\" data-id=\"1844\" data-link=\"https:\/\/mugi.lu\/en\/subject\/maggie-vandenabeele\/8-m-347-2\/\" data-original-link=\"https:\/\/mugi.lu\/wp-content\/uploads\/2024\/02\/8-m-347.jpg\" class=\"wp-block-getwid-images-slider__image wp-image-1844\" srcset=\"https:\/\/mugi.lu\/wp-content\/uploads\/2024\/02\/8-m-347.jpg 1502w, https:\/\/mugi.lu\/wp-content\/uploads\/2024\/02\/8-m-347-300x237.jpg 300w, https:\/\/mugi.lu\/wp-content\/uploads\/2024\/02\/8-m-347-1024x809.jpg 1024w, https:\/\/mugi.lu\/wp-content\/uploads\/2024\/02\/8-m-347-768x607.jpg 768w\" sizes=\"auto, (max-width: 1502px) 100vw, 1502px\" \/><figcaption class=\"wp-block-getwid-images-slider__caption\">&lt;strong&gt;Concert in the mysterious forest&lt;\/strong&gt;\nIllustration by Maggie for the book \u2018La for\u00eat myst\u00e9rieuse\u2019.\nNice, 2001<\/figcaption><\/figure><\/a><\/div><div class=\"wp-block-getwid-images-slider__item getwid-reset-height-tablet getwid-reset-height-mobile\" style=\"height:40vh\"><a href=\"https:\/\/mugi.lu\/wp-content\/uploads\/2024\/02\/9-m-289.jpg\"><figure><img loading=\"lazy\" decoding=\"async\" width=\"2000\" height=\"1099\" src=\"https:\/\/mugi.lu\/wp-content\/uploads\/2024\/02\/9-m-289.jpg\" data-id=\"1847\" data-link=\"https:\/\/mugi.lu\/en\/subject\/maggie-vandenabeele\/smart-2\/\" data-original-link=\"https:\/\/mugi.lu\/wp-content\/uploads\/2024\/02\/9-m-289.jpg\" class=\"wp-block-getwid-images-slider__image wp-image-1847\" srcset=\"https:\/\/mugi.lu\/wp-content\/uploads\/2024\/02\/9-m-289.jpg 2000w, https:\/\/mugi.lu\/wp-content\/uploads\/2024\/02\/9-m-289-300x165.jpg 300w, https:\/\/mugi.lu\/wp-content\/uploads\/2024\/02\/9-m-289-1024x563.jpg 1024w, https:\/\/mugi.lu\/wp-content\/uploads\/2024\/02\/9-m-289-768x422.jpg 768w, https:\/\/mugi.lu\/wp-content\/uploads\/2024\/02\/9-m-289-1536x844.jpg 1536w, https:\/\/mugi.lu\/wp-content\/uploads\/2024\/02\/9-m-289-1850x1017.jpg 1850w\" sizes=\"auto, (max-width: 2000px) 100vw, 2000px\" \/><figcaption class=\"wp-block-getwid-images-slider__caption\">&lt;strong&gt; Femme seule en mer \/ Rocher dans la mer (Woman alone at sea \/ Rock in the sea)&lt;\/strong&gt;\n&lt;i&gt;Oil on canvas&lt;\/i&gt;\nNice, 2003<\/figcaption><\/figure><\/a><\/div><div class=\"wp-block-getwid-images-slider__item getwid-reset-height-tablet getwid-reset-height-mobile\" style=\"height:40vh\"><a href=\"https:\/\/mugi.lu\/wp-content\/uploads\/2024\/02\/10-m-291.jpg\"><figure><img loading=\"lazy\" decoding=\"async\" width=\"2000\" height=\"1554\" src=\"https:\/\/mugi.lu\/wp-content\/uploads\/2024\/02\/10-m-291.jpg\" data-id=\"1850\" data-link=\"https:\/\/mugi.lu\/en\/subject\/maggie-vandenabeele\/smart-2-2\/\" data-original-link=\"https:\/\/mugi.lu\/wp-content\/uploads\/2024\/02\/10-m-291.jpg\" class=\"wp-block-getwid-images-slider__image wp-image-1850\" srcset=\"https:\/\/mugi.lu\/wp-content\/uploads\/2024\/02\/10-m-291.jpg 2000w, https:\/\/mugi.lu\/wp-content\/uploads\/2024\/02\/10-m-291-300x233.jpg 300w, https:\/\/mugi.lu\/wp-content\/uploads\/2024\/02\/10-m-291-1024x796.jpg 1024w, https:\/\/mugi.lu\/wp-content\/uploads\/2024\/02\/10-m-291-768x597.jpg 768w, https:\/\/mugi.lu\/wp-content\/uploads\/2024\/02\/10-m-291-1536x1193.jpg 1536w, https:\/\/mugi.lu\/wp-content\/uploads\/2024\/02\/10-m-291-1850x1437.jpg 1850w\" sizes=\"auto, (max-width: 2000px) 100vw, 2000px\" \/><figcaption class=\"wp-block-getwid-images-slider__caption\">&lt;strong&gt;L&#8217;audition&lt;\/strong&gt;\none of Maggie&#8217;s pupils performing on stage\n&lt;i&gt;Painting inspired by a personal photo. Oil on canvas&lt;\/I&gt;\nNice, 2002<\/figcaption><\/figure><\/a><\/div><div class=\"wp-block-getwid-images-slider__item getwid-reset-height-tablet getwid-reset-height-mobile\" style=\"height:40vh\"><a href=\"https:\/\/mugi.lu\/wp-content\/uploads\/2024\/02\/11-m-29-3.jpg\"><figure><img loading=\"lazy\" decoding=\"async\" width=\"1491\" height=\"2000\" src=\"https:\/\/mugi.lu\/wp-content\/uploads\/2024\/02\/11-m-29-3.jpg\" data-id=\"1853\" data-link=\"https:\/\/mugi.lu\/en\/subject\/maggie-vandenabeele\/11-m-29-3-2\/\" data-original-link=\"https:\/\/mugi.lu\/wp-content\/uploads\/2024\/02\/11-m-29-3.jpg\" class=\"wp-block-getwid-images-slider__image wp-image-1853\" srcset=\"https:\/\/mugi.lu\/wp-content\/uploads\/2024\/02\/11-m-29-3.jpg 1491w, https:\/\/mugi.lu\/wp-content\/uploads\/2024\/02\/11-m-29-3-224x300.jpg 224w, https:\/\/mugi.lu\/wp-content\/uploads\/2024\/02\/11-m-29-3-763x1024.jpg 763w, https:\/\/mugi.lu\/wp-content\/uploads\/2024\/02\/11-m-29-3-768x1030.jpg 768w, https:\/\/mugi.lu\/wp-content\/uploads\/2024\/02\/11-m-29-3-1145x1536.jpg 1145w\" sizes=\"auto, (max-width: 1491px) 100vw, 1491px\" \/><figcaption class=\"wp-block-getwid-images-slider__caption\">&lt;strong&gt;Sean&lt;\/strong&gt;\nMaggie&#8217;s eldest son on the balcony of the family flat overlooking Nice \n&lt;i&gt;Oil on canvas&lt;\/i&gt;\nNice, 2003<\/figcaption><\/figure><\/a><\/div><div class=\"wp-block-getwid-images-slider__item getwid-reset-height-tablet getwid-reset-height-mobile\" style=\"height:40vh\"><a href=\"https:\/\/mugi.lu\/wp-content\/uploads\/2024\/02\/12-m-302.jpg\"><figure><img loading=\"lazy\" decoding=\"async\" width=\"1599\" height=\"937\" src=\"https:\/\/mugi.lu\/wp-content\/uploads\/2024\/02\/12-m-302.jpg\" data-id=\"1856\" data-link=\"https:\/\/mugi.lu\/en\/subject\/maggie-vandenabeele\/12-m-302-2\/\" data-original-link=\"https:\/\/mugi.lu\/wp-content\/uploads\/2024\/02\/12-m-302.jpg\" class=\"wp-block-getwid-images-slider__image wp-image-1856\" srcset=\"https:\/\/mugi.lu\/wp-content\/uploads\/2024\/02\/12-m-302.jpg 1599w, https:\/\/mugi.lu\/wp-content\/uploads\/2024\/02\/12-m-302-300x176.jpg 300w, https:\/\/mugi.lu\/wp-content\/uploads\/2024\/02\/12-m-302-1024x600.jpg 1024w, https:\/\/mugi.lu\/wp-content\/uploads\/2024\/02\/12-m-302-768x450.jpg 768w, https:\/\/mugi.lu\/wp-content\/uploads\/2024\/02\/12-m-302-1536x900.jpg 1536w, https:\/\/mugi.lu\/wp-content\/uploads\/2024\/02\/12-m-302-1280x750.jpg 1280w\" sizes=\"auto, (max-width: 1599px) 100vw, 1599px\" \/><figcaption class=\"wp-block-getwid-images-slider__caption\">&lt;strong&gt;Au port&lt;\/strong&gt;\nMaggie&#8217;s youngest son, Lee, in front of the port of Nice\n&lt;i&gt;Oil on canvas&lt;\/i&gt;\nNice, 2003<\/figcaption><\/figure><\/a><\/div><div class=\"wp-block-getwid-images-slider__item getwid-reset-height-tablet getwid-reset-height-mobile\" style=\"height:40vh\"><a href=\"https:\/\/mugi.lu\/wp-content\/uploads\/2024\/02\/13-m-30-1.jpeg\"><figure><img loading=\"lazy\" decoding=\"async\" width=\"800\" height=\"513\" src=\"https:\/\/mugi.lu\/wp-content\/uploads\/2024\/02\/13-m-30-1.jpeg\" data-id=\"1859\" data-link=\"https:\/\/mugi.lu\/en\/subject\/maggie-vandenabeele\/13-m-30-1-2\/\" data-original-link=\"https:\/\/mugi.lu\/wp-content\/uploads\/2024\/02\/13-m-30-1.jpeg\" class=\"wp-block-getwid-images-slider__image wp-image-1859\" srcset=\"https:\/\/mugi.lu\/wp-content\/uploads\/2024\/02\/13-m-30-1.jpeg 800w, https:\/\/mugi.lu\/wp-content\/uploads\/2024\/02\/13-m-30-1-300x192.jpeg 300w, https:\/\/mugi.lu\/wp-content\/uploads\/2024\/02\/13-m-30-1-768x492.jpeg 768w\" sizes=\"auto, (max-width: 800px) 100vw, 800px\" \/><figcaption class=\"wp-block-getwid-images-slider__caption\">&lt;strong&gt;Le cours Saleya&lt;\/strong&gt;\nthe flower market in Nice\n&lt;i&gt;Painting inspired by a postcard&lt;\/i&gt;\nNice, 2003<\/figcaption><\/figure><\/a><\/div><div class=\"wp-block-getwid-images-slider__item getwid-reset-height-tablet getwid-reset-height-mobile\" style=\"height:40vh\"><a href=\"https:\/\/mugi.lu\/wp-content\/uploads\/2024\/02\/14-m-286.jpg\"><figure><img loading=\"lazy\" decoding=\"async\" width=\"2000\" height=\"1479\" src=\"https:\/\/mugi.lu\/wp-content\/uploads\/2024\/02\/14-m-286.jpg\" data-id=\"1862\" data-link=\"https:\/\/mugi.lu\/en\/subject\/maggie-vandenabeele\/smart-3-2\/\" data-original-link=\"https:\/\/mugi.lu\/wp-content\/uploads\/2024\/02\/14-m-286.jpg\" class=\"wp-block-getwid-images-slider__image wp-image-1862\" srcset=\"https:\/\/mugi.lu\/wp-content\/uploads\/2024\/02\/14-m-286.jpg 2000w, https:\/\/mugi.lu\/wp-content\/uploads\/2024\/02\/14-m-286-300x222.jpg 300w, https:\/\/mugi.lu\/wp-content\/uploads\/2024\/02\/14-m-286-1024x757.jpg 1024w, https:\/\/mugi.lu\/wp-content\/uploads\/2024\/02\/14-m-286-768x568.jpg 768w, https:\/\/mugi.lu\/wp-content\/uploads\/2024\/02\/14-m-286-1536x1136.jpg 1536w, https:\/\/mugi.lu\/wp-content\/uploads\/2024\/02\/14-m-286-500x370.jpg 500w, https:\/\/mugi.lu\/wp-content\/uploads\/2024\/02\/14-m-286-1850x1368.jpg 1850w\" sizes=\"auto, (max-width: 2000px) 100vw, 2000px\" \/><figcaption class=\"wp-block-getwid-images-slider__caption\">&lt;strong&gt;Lumi\u00e8re en ville&lt;\/strong&gt;\nBoulevard in Nice leading to the beach\n&lt;i&gt;Oil on canvas&lt;\/i&gt;\nNice, 2003<\/figcaption><\/figure><\/a><\/div><\/div><\/div>\n\n\t\t\t<\/div>\n\n\t\t\t<button class=\"composer-tab__button composer-tab--color-yellow\">\n\t\t\t<span class=\"composer-tab__icon--correspondence\"><\/span>\n\t\t\t<span>Painting<\/span>\n\t\t<\/button>\n\t\n<\/div>\n\n\n\n<div class=\"composer-tab\" style=\"display: none;\" data-composer-tab-color=\"primary\">\n\n\t<div class=\"composer-tab__badge composer-tab__badge-primary\">\n\t\t<span class=\"composer-tab__icon--video\"><\/span>\n\t\t<span class=\"composer-tab__circular-title\">Interview<\/span>\n\t<\/div>\n\n\t<div class=\"composer-tab__content\">\n\t\t\t\t\t\n\n<div class=\"wp-block-getwid-content-slider has-arrows-outside has-dots-none\" data-adaptive-height=\"true\" data-arrows=\"outside\" data-dots=\"none\"><div class=\"wp-block-getwid-content-slider__wrapper\">\n<div class=\"wp-block-getwid-content-slider-slide\"><div class=\"wp-block-getwid-content-slider-slide__wrapper\">\n<div class=\"wp-block-columns is-layout-flex wp-container-core-columns-is-layout-9d6595d7 wp-block-columns-is-layout-flex\">\n<div class=\"wp-block-column is-layout-flow wp-block-column-is-layout-flow\" style=\"flex-basis:100%\">\n<div class=\"wp-block-group mugilux-video-popup\"><div class=\"wp-block-group__inner-container is-layout-flow wp-block-group-is-layout-flow\">\n<div class=\"wp-block-cover\" style=\"min-height:260px;aspect-ratio:unset\"><span aria-hidden=\"true\" class=\"wp-block-cover__background has-background-dim-0 has-background-dim\"><\/span><img loading=\"lazy\" decoding=\"async\" width=\"1920\" height=\"1080\" class=\"wp-block-cover__image-background wp-image-2376\" alt=\"\" src=\"https:\/\/mugi.lu\/wp-content\/uploads\/2024\/03\/maggie1.jpg\" data-object-fit=\"cover\" srcset=\"https:\/\/mugi.lu\/wp-content\/uploads\/2024\/03\/maggie1.jpg 1920w, https:\/\/mugi.lu\/wp-content\/uploads\/2024\/03\/maggie1-300x169.jpg 300w, https:\/\/mugi.lu\/wp-content\/uploads\/2024\/03\/maggie1-1024x576.jpg 1024w, https:\/\/mugi.lu\/wp-content\/uploads\/2024\/03\/maggie1-768x432.jpg 768w, https:\/\/mugi.lu\/wp-content\/uploads\/2024\/03\/maggie1-1536x864.jpg 1536w, https:\/\/mugi.lu\/wp-content\/uploads\/2024\/03\/maggie1-1850x1041.jpg 1850w\" sizes=\"auto, (max-width: 1920px) 100vw, 1920px\" \/><div class=\"wp-block-cover__inner-container is-layout-flow wp-block-cover-is-layout-flow\">\n<div class=\"wp-block-getwid-icon is-aligned-center\"><a href=\"https:\/\/videos.uni.lu\/media\/Maggie01.mp4\/1_wafhzu9e\" target=\"_blank\" rel=\"noreferrer noopener\" class=\"wp-block-getwid-icon__wrapper has-text-color has-white-color\"><i class=\"fas fa-play\"><\/i><\/a><\/div>\n<\/div><\/div>\n\n\n\n<h4 class=\"wp-block-heading\"><a href=\"https:\/\/videos.uni.lu\/media\/Maggie01.mp4\/1_wafhzu9e\" target=\"_blank\" rel=\"noreferrer noopener\">Fascination with the radio<\/a><\/h4>\n\n\n\n<p>Excerpt from an interview with Maggie Vandenabeele on 27.09.2022<\/p>\n\n\n\n<p><em>Director: Anne Schiltz, camera: Carlo Thiel, sound: Yves Melchior, CNA<\/em>, <em>interview: Anne Schiltz et Danielle Roster<\/em><\/p>\n\n\n\n<p>\u00a9 MuGi.lu<\/p>\n<\/div><\/div>\n<\/div>\n\n\n\n<div class=\"wp-block-column is-layout-flow wp-block-column-is-layout-flow\" style=\"flex-basis:100%\">\n<div class=\"wp-block-group mugilux-video-popup\"><div class=\"wp-block-group__inner-container is-layout-flow wp-block-group-is-layout-flow\">\n<div class=\"wp-block-cover is-light\" style=\"min-height:260px;aspect-ratio:unset\"><span aria-hidden=\"true\" class=\"wp-block-cover__background has-background-dim-0 has-background-dim\"><\/span><img loading=\"lazy\" decoding=\"async\" width=\"1920\" height=\"1080\" class=\"wp-block-cover__image-background wp-image-2361\" alt=\"\" src=\"https:\/\/mugi.lu\/wp-content\/uploads\/2024\/03\/maggie2.jpg\" data-object-fit=\"cover\" srcset=\"https:\/\/mugi.lu\/wp-content\/uploads\/2024\/03\/maggie2.jpg 1920w, https:\/\/mugi.lu\/wp-content\/uploads\/2024\/03\/maggie2-300x169.jpg 300w, https:\/\/mugi.lu\/wp-content\/uploads\/2024\/03\/maggie2-1024x576.jpg 1024w, https:\/\/mugi.lu\/wp-content\/uploads\/2024\/03\/maggie2-768x432.jpg 768w, https:\/\/mugi.lu\/wp-content\/uploads\/2024\/03\/maggie2-1536x864.jpg 1536w, https:\/\/mugi.lu\/wp-content\/uploads\/2024\/03\/maggie2-1850x1041.jpg 1850w\" sizes=\"auto, (max-width: 1920px) 100vw, 1920px\" \/><div class=\"wp-block-cover__inner-container is-layout-flow wp-block-cover-is-layout-flow\">\n<div class=\"wp-block-getwid-icon is-aligned-center\"><a href=\"https:\/\/videos.uni.lu\/media\/Maggie02.mp4\/1_dc6mu9qn\" target=\"_blank\" rel=\"noreferrer noopener\" class=\"wp-block-getwid-icon__wrapper has-text-color has-white-color\"><i class=\"fas fa-play\"><\/i><\/a><\/div>\n<\/div><\/div>\n\n\n\n<h4 class=\"wp-block-heading\"><a href=\"https:\/\/videos.uni.lu\/media\/Maggie02.mp4\/1_dc6mu9qn\" target=\"_blank\" rel=\"noreferrer noopener\">Dance music at the family caf\u00e9 in Dudelange<\/a><\/h4>\n\n\n\n<p>Excerpt from an interview with Maggie Vandenabeele on 27.09.2022<\/p>\n\n\n\n<p><em>Director: Anne Schiltz, camera: Carlo Thiel, sound: Yves Melchior, CNA<\/em>, <em>interview: Anne Schiltz et Danielle Roster<\/em><\/p>\n\n\n\n<p>\u00a9 MuGi.lu<\/p>\n\n\n\n<h4 class=\"wp-block-heading\"><a href=\"https:\/\/vimeo.com\/915524310\/23b2a382d3?share=copy\" target=\"_blank\" rel=\"noreferrer noopener\"><br><\/a><\/h4>\n<\/div><\/div>\n<\/div>\n<\/div>\n<\/div><\/div>\n\n\n\n<div class=\"wp-block-getwid-content-slider-slide\"><div class=\"wp-block-getwid-content-slider-slide__wrapper\">\n<div class=\"wp-block-columns is-layout-flex wp-container-core-columns-is-layout-9d6595d7 wp-block-columns-is-layout-flex\">\n<div class=\"wp-block-column is-layout-flow wp-block-column-is-layout-flow\" style=\"flex-basis:100%\">\n<div class=\"wp-block-group mugilux-video-popup\"><div class=\"wp-block-group__inner-container is-layout-flow wp-block-group-is-layout-flow\">\n<div class=\"wp-block-cover\" style=\"min-height:260px;aspect-ratio:unset\"><span aria-hidden=\"true\" class=\"wp-block-cover__background has-background-dim-0 has-background-dim\"><\/span><img loading=\"lazy\" decoding=\"async\" width=\"1920\" height=\"1080\" class=\"wp-block-cover__image-background wp-image-2364\" alt=\"\" src=\"https:\/\/mugi.lu\/wp-content\/uploads\/2024\/03\/maggie3.jpg\" data-object-fit=\"cover\" srcset=\"https:\/\/mugi.lu\/wp-content\/uploads\/2024\/03\/maggie3.jpg 1920w, https:\/\/mugi.lu\/wp-content\/uploads\/2024\/03\/maggie3-300x169.jpg 300w, https:\/\/mugi.lu\/wp-content\/uploads\/2024\/03\/maggie3-1024x576.jpg 1024w, https:\/\/mugi.lu\/wp-content\/uploads\/2024\/03\/maggie3-768x432.jpg 768w, https:\/\/mugi.lu\/wp-content\/uploads\/2024\/03\/maggie3-1536x864.jpg 1536w, https:\/\/mugi.lu\/wp-content\/uploads\/2024\/03\/maggie3-1850x1041.jpg 1850w\" sizes=\"auto, (max-width: 1920px) 100vw, 1920px\" \/><div class=\"wp-block-cover__inner-container is-layout-flow wp-block-cover-is-layout-flow\">\n<div class=\"wp-block-getwid-icon is-aligned-center\"><a href=\"https:\/\/videos.uni.lu\/media\/Maggie03.mp4\/1_bxc2lhxj\" target=\"_blank\" rel=\"noreferrer noopener\" class=\"wp-block-getwid-icon__wrapper has-text-color has-white-color\"><i class=\"fas fa-play\"><\/i><\/a><\/div>\n<\/div><\/div>\n\n\n\n<h4 class=\"wp-block-heading\"><a href=\"https:\/\/videos.uni.lu\/media\/Maggie03.mp4\/1_bxc2lhxj\" target=\"_blank\" rel=\"noreferrer noopener\">Beatles songs and school friends<\/a><\/h4>\n\n\n\n<p>Excerpt from an interview with Maggie Vandenabeele on 27.09.2022<\/p>\n\n\n\n<p><em>Director: Anne Schiltz, camera: Carlo Thiel, sound: Yves Melchior, CNA<\/em>, <em>interview: Anne Schiltz et Danielle Roster<\/em><\/p>\n\n\n\n<p>\u00a9 MuGi.lu<\/p>\n<\/div><\/div>\n<\/div>\n\n\n\n<div class=\"wp-block-column is-layout-flow wp-block-column-is-layout-flow\" style=\"flex-basis:100%\">\n<div class=\"wp-block-group mugilux-video-popup\"><div class=\"wp-block-group__inner-container is-layout-flow wp-block-group-is-layout-flow\">\n<div class=\"wp-block-cover\" style=\"min-height:260px;aspect-ratio:unset\"><span aria-hidden=\"true\" class=\"wp-block-cover__background has-background-dim-0 has-background-dim\"><\/span><img loading=\"lazy\" decoding=\"async\" width=\"1920\" height=\"1080\" class=\"wp-block-cover__image-background wp-image-2367\" alt=\"\" src=\"https:\/\/mugi.lu\/wp-content\/uploads\/2024\/03\/maggie4.jpg\" data-object-fit=\"cover\" srcset=\"https:\/\/mugi.lu\/wp-content\/uploads\/2024\/03\/maggie4.jpg 1920w, https:\/\/mugi.lu\/wp-content\/uploads\/2024\/03\/maggie4-300x169.jpg 300w, https:\/\/mugi.lu\/wp-content\/uploads\/2024\/03\/maggie4-1024x576.jpg 1024w, https:\/\/mugi.lu\/wp-content\/uploads\/2024\/03\/maggie4-768x432.jpg 768w, https:\/\/mugi.lu\/wp-content\/uploads\/2024\/03\/maggie4-1536x864.jpg 1536w, https:\/\/mugi.lu\/wp-content\/uploads\/2024\/03\/maggie4-1850x1041.jpg 1850w\" sizes=\"auto, (max-width: 1920px) 100vw, 1920px\" \/><div class=\"wp-block-cover__inner-container is-layout-flow wp-block-cover-is-layout-flow\">\n<div class=\"wp-block-getwid-icon is-aligned-center\"><a href=\"https:\/\/videos.uni.lu\/media\/Maggie04.mp4\/1_ursuf2no\" target=\"_blank\" rel=\"noreferrer noopener\" class=\"wp-block-getwid-icon__wrapper has-text-color has-white-color\"><i class=\"fas fa-play\"><\/i><\/a><\/div>\n<\/div><\/div>\n\n\n\n<h4 class=\"wp-block-heading\"><a href=\"https:\/\/videos.uni.lu\/media\/Maggie04.mp4\/1_ursuf2no\">First visit to Paris <\/a><\/h4>\n\n\n\n<p>Excerpt from an interview with Maggie Vandenabeele on 27.09.2022<\/p>\n\n\n\n<p><em>Director: Anne Schiltz, camera: Carlo Thiel, sound: Yves Melchior, CNA<\/em>, <em>interview: Anne Schiltz et Danielle Roster<\/em><\/p>\n\n\n\n<p>\u00a9 MuGi.lu<\/p>\n<\/div><\/div>\n<\/div>\n<\/div>\n<\/div><\/div>\n\n\n\n<div class=\"wp-block-getwid-content-slider-slide\"><div class=\"wp-block-getwid-content-slider-slide__wrapper\">\n<div class=\"wp-block-columns is-layout-flex wp-container-core-columns-is-layout-9d6595d7 wp-block-columns-is-layout-flex\">\n<div class=\"wp-block-column is-layout-flow wp-block-column-is-layout-flow\" style=\"flex-basis:100%\">\n<div class=\"wp-block-group mugilux-video-popup\"><div class=\"wp-block-group__inner-container is-layout-flow wp-block-group-is-layout-flow\">\n<div class=\"wp-block-cover\" style=\"min-height:260px;aspect-ratio:unset\"><span aria-hidden=\"true\" class=\"wp-block-cover__background has-background-dim-0 has-background-dim\"><\/span><img loading=\"lazy\" decoding=\"async\" width=\"1920\" height=\"1080\" class=\"wp-block-cover__image-background wp-image-2370\" alt=\"\" src=\"https:\/\/mugi.lu\/wp-content\/uploads\/2024\/03\/maggie5.jpg\" data-object-fit=\"cover\" srcset=\"https:\/\/mugi.lu\/wp-content\/uploads\/2024\/03\/maggie5.jpg 1920w, https:\/\/mugi.lu\/wp-content\/uploads\/2024\/03\/maggie5-300x169.jpg 300w, https:\/\/mugi.lu\/wp-content\/uploads\/2024\/03\/maggie5-1024x576.jpg 1024w, https:\/\/mugi.lu\/wp-content\/uploads\/2024\/03\/maggie5-768x432.jpg 768w, https:\/\/mugi.lu\/wp-content\/uploads\/2024\/03\/maggie5-1536x864.jpg 1536w, https:\/\/mugi.lu\/wp-content\/uploads\/2024\/03\/maggie5-1850x1041.jpg 1850w\" sizes=\"auto, (max-width: 1920px) 100vw, 1920px\" \/><div class=\"wp-block-cover__inner-container is-layout-flow wp-block-cover-is-layout-flow\">\n<div class=\"wp-block-getwid-icon is-aligned-center\"><a href=\"https:\/\/videos.uni.lu\/media\/Maggie05.mp4\/1_scozsh8n\" target=\"_blank\" rel=\"noreferrer noopener\" class=\"wp-block-getwid-icon__wrapper has-text-color has-white-color\"><i class=\"fas fa-play\"><\/i><\/a><\/div>\n<\/div><\/div>\n\n\n\n<h4 class=\"wp-block-heading\"><a href=\"https:\/\/videos.uni.lu\/media\/Maggie05.mp4\/1_scozsh8n\" target=\"_blank\" rel=\"noreferrer noopener\">Music in the metro <\/a><\/h4>\n\n\n\n<p>Excerpt from an interview with Maggie Vandenabeele on 27.09.2022<\/p>\n\n\n\n<p><em>Director: Anne Schiltz, camera: Carlo Thiel, sound: Yves Melchior, CNA<\/em>, <em>interview: Anne Schiltz et Danielle Roster<\/em><\/p>\n\n\n\n<p>\u00a9 MuGi.lu<\/p>\n<\/div><\/div>\n<\/div>\n\n\n\n<div class=\"wp-block-column is-layout-flow wp-block-column-is-layout-flow\" style=\"flex-basis:100%\">\n<div class=\"wp-block-group mugilux-video-popup\"><div class=\"wp-block-group__inner-container is-layout-flow wp-block-group-is-layout-flow\">\n<div class=\"wp-block-cover\" style=\"min-height:260px;aspect-ratio:unset\"><span aria-hidden=\"true\" class=\"wp-block-cover__background has-background-dim-0 has-background-dim\"><\/span><img loading=\"lazy\" decoding=\"async\" width=\"1920\" height=\"1080\" class=\"wp-block-cover__image-background wp-image-2373\" alt=\"\" src=\"https:\/\/mugi.lu\/wp-content\/uploads\/2024\/03\/maggie6.jpg\" data-object-fit=\"cover\" srcset=\"https:\/\/mugi.lu\/wp-content\/uploads\/2024\/03\/maggie6.jpg 1920w, https:\/\/mugi.lu\/wp-content\/uploads\/2024\/03\/maggie6-300x169.jpg 300w, https:\/\/mugi.lu\/wp-content\/uploads\/2024\/03\/maggie6-1024x576.jpg 1024w, https:\/\/mugi.lu\/wp-content\/uploads\/2024\/03\/maggie6-768x432.jpg 768w, https:\/\/mugi.lu\/wp-content\/uploads\/2024\/03\/maggie6-1536x864.jpg 1536w, https:\/\/mugi.lu\/wp-content\/uploads\/2024\/03\/maggie6-1850x1041.jpg 1850w\" sizes=\"auto, (max-width: 1920px) 100vw, 1920px\" \/><div class=\"wp-block-cover__inner-container is-layout-flow wp-block-cover-is-layout-flow\">\n<div class=\"wp-block-getwid-icon is-aligned-center\"><a href=\"https:\/\/videos.uni.lu\/media\/Maggie06.mp4\/1_t255kzrp\" target=\"_blank\" rel=\"noreferrer noopener\" class=\"wp-block-getwid-icon__wrapper has-text-color has-white-color\"><i class=\"fas fa-play\"><\/i><\/a><\/div>\n<\/div><\/div>\n\n\n\n<h4 class=\"wp-block-heading\"><a href=\"https:\/\/videos.uni.lu\/media\/Maggie06.mp4\/1_t255kzrp\" target=\"_blank\" rel=\"noreferrer noopener\">Music as a means of communication<\/a><\/h4>\n\n\n\n<p>Excerpt from an interview with Maggie Vandenabeele on 27.09.2022<\/p>\n\n\n\n<p><em>Director: Anne Schiltz, camera: Carlo Thiel, sound: Yves Melchior, CNA<\/em>, <em>interview: Anne Schiltz et Danielle Roster<\/em><\/p>\n\n\n\n<p>\u00a9 MuGi.lu<\/p>\n<\/div><\/div>\n<\/div>\n<\/div>\n<\/div><\/div>\n<\/div><\/div>\n\n\t\t\t<\/div>\n\n\t\t\t<button class=\"composer-tab__button composer-tab--color-primary\">\n\t\t\t<span class=\"composer-tab__icon--video\"><\/span>\n\t\t\t<span>Interview<\/span>\n\t\t<\/button>\n\t\n<\/div>\n\n\n\n<div class=\"composer-tab\" style=\"display: none;\" data-composer-tab-color=\"secondary\">\n\n\t<div class=\"composer-tab__badge composer-tab__badge-secondary\">\n\t\t<span class=\"composer-tab__icon--personal\"><\/span>\n\t\t<span class=\"composer-tab__circular-title\">Personal objects<\/span>\n\t<\/div>\n\n\t<div class=\"composer-tab__content\">\n\t\t\t\t\t\n\n<div class=\"wp-block-getwid-images-slider has-arrows-inside has-dots-none has-captions captions-style-light captions-bottom-center is-carousel has-slides-gap-normal has-images-center has-fitted-images has-fixed-height\"><div class=\"wp-block-getwid-images-slider__wrapper\" data-effect=\"slide\" data-slides-show=\"3\" data-slides-show-laptop=\"3\" data-slides-show-tablet=\"2\" data-slides-show-mobile=\"1\" data-slides-scroll=\"1\" data-autoplay=\"false\" data-pause-hover=\"false\" data-autoplay-speed=\"6000\" data-infinite=\"false\" data-animation-speed=\"500\" data-center-mode=\"false\" data-variable-width=\"false\" data-arrows=\"inside\" data-dots=\"none\" data-spacing=\"normal\"><div class=\"wp-block-getwid-images-slider__item getwid-reset-height-tablet getwid-reset-height-mobile\" style=\"height:40vh\"><a href=\"https:\/\/mugi.lu\/wp-content\/uploads\/2024\/03\/1-m-160.jpeg\"><figure><img loading=\"lazy\" decoding=\"async\" width=\"1000\" height=\"1625\" src=\"https:\/\/mugi.lu\/wp-content\/uploads\/2024\/03\/1-m-160.jpeg\" data-id=\"1871\" data-link=\"https:\/\/mugi.lu\/en\/subject\/maggie-vandenabeele\/1-m-160-2-2\/\" data-original-link=\"https:\/\/mugi.lu\/wp-content\/uploads\/2024\/03\/1-m-160.jpeg\" class=\"wp-block-getwid-images-slider__image wp-image-1871\" srcset=\"https:\/\/mugi.lu\/wp-content\/uploads\/2024\/03\/1-m-160.jpeg 1000w, https:\/\/mugi.lu\/wp-content\/uploads\/2024\/03\/1-m-160-185x300.jpeg 185w, https:\/\/mugi.lu\/wp-content\/uploads\/2024\/03\/1-m-160-630x1024.jpeg 630w, https:\/\/mugi.lu\/wp-content\/uploads\/2024\/03\/1-m-160-768x1248.jpeg 768w, https:\/\/mugi.lu\/wp-content\/uploads\/2024\/03\/1-m-160-945x1536.jpeg 945w\" sizes=\"auto, (max-width: 1000px) 100vw, 1000px\" \/><figcaption class=\"wp-block-getwid-images-slider__caption\">&lt;strong&gt;Programme for the annual student audition at the Association Philotechnique,&lt;\/strong&gt; where Maggie Vandenabeele took drama lessons,\nParis, 1982\nprivate archives VAM<\/figcaption><\/figure><\/a><\/div><div class=\"wp-block-getwid-images-slider__item getwid-reset-height-tablet getwid-reset-height-mobile\" style=\"height:40vh\"><a href=\"https:\/\/mugi.lu\/wp-content\/uploads\/2024\/03\/1-m-160.jpg\"><figure><img loading=\"lazy\" decoding=\"async\" width=\"2000\" height=\"1558\" src=\"https:\/\/mugi.lu\/wp-content\/uploads\/2024\/03\/1-m-160.jpg\" data-id=\"1748\" data-link=\"https:\/\/mugi.lu\/en\/subject\/maggie-vandenabeele\/1-m-160-2\/\" data-original-link=\"https:\/\/mugi.lu\/wp-content\/uploads\/2024\/03\/1-m-160.jpg\" class=\"wp-block-getwid-images-slider__image wp-image-1748\" srcset=\"https:\/\/mugi.lu\/wp-content\/uploads\/2024\/03\/1-m-160.jpg 2000w, https:\/\/mugi.lu\/wp-content\/uploads\/2024\/03\/1-m-160-300x234.jpg 300w, https:\/\/mugi.lu\/wp-content\/uploads\/2024\/03\/1-m-160-1024x798.jpg 1024w, https:\/\/mugi.lu\/wp-content\/uploads\/2024\/03\/1-m-160-768x598.jpg 768w, https:\/\/mugi.lu\/wp-content\/uploads\/2024\/03\/1-m-160-1536x1197.jpg 1536w, https:\/\/mugi.lu\/wp-content\/uploads\/2024\/03\/1-m-160-1850x1441.jpg 1850w\" sizes=\"auto, (max-width: 2000px) 100vw, 2000px\" \/><figcaption class=\"wp-block-getwid-images-slider__caption\">&lt;strong&gt;Programme for the annual student audition at the Association Philotechnique,&lt;\/strong&gt; where Maggie Vandenabeele took drama lessons,\nParis, 1982\nprivate archives VAM<\/figcaption><\/figure><\/a><\/div><div class=\"wp-block-getwid-images-slider__item getwid-reset-height-tablet getwid-reset-height-mobile\" style=\"height:40vh\"><a href=\"https:\/\/mugi.lu\/wp-content\/uploads\/2024\/03\/2-m-48.jpeg\"><figure><img loading=\"lazy\" decoding=\"async\" width=\"2000\" height=\"1364\" src=\"https:\/\/mugi.lu\/wp-content\/uploads\/2024\/03\/2-m-48.jpeg\" data-id=\"1751\" data-link=\"https:\/\/mugi.lu\/en\/subject\/maggie-vandenabeele\/2-m-48-2\/\" data-original-link=\"https:\/\/mugi.lu\/wp-content\/uploads\/2024\/03\/2-m-48.jpeg\" class=\"wp-block-getwid-images-slider__image wp-image-1751\" srcset=\"https:\/\/mugi.lu\/wp-content\/uploads\/2024\/03\/2-m-48.jpeg 2000w, https:\/\/mugi.lu\/wp-content\/uploads\/2024\/03\/2-m-48-300x205.jpeg 300w, https:\/\/mugi.lu\/wp-content\/uploads\/2024\/03\/2-m-48-1024x698.jpeg 1024w, https:\/\/mugi.lu\/wp-content\/uploads\/2024\/03\/2-m-48-768x524.jpeg 768w, https:\/\/mugi.lu\/wp-content\/uploads\/2024\/03\/2-m-48-1536x1048.jpeg 1536w, https:\/\/mugi.lu\/wp-content\/uploads\/2024\/03\/2-m-48-1850x1262.jpeg 1850w\" sizes=\"auto, (max-width: 2000px) 100vw, 2000px\" \/><figcaption class=\"wp-block-getwid-images-slider__caption\">&lt;strong&gt;Quarterly report card issued by the Conservatoire de Nice&lt;\/strong&gt; for Maggie&#8217;s training in jazz music and jazz piano, \nNice, 1986, private archives VAM<\/figcaption><\/figure><\/a><\/div><div class=\"wp-block-getwid-images-slider__item getwid-reset-height-tablet getwid-reset-height-mobile\" style=\"height:40vh\"><a href=\"https:\/\/mugi.lu\/wp-content\/uploads\/2024\/03\/3-m-4.jpeg\"><figure><img loading=\"lazy\" decoding=\"async\" width=\"1000\" height=\"1359\" src=\"https:\/\/mugi.lu\/wp-content\/uploads\/2024\/03\/3-m-4.jpeg\" data-id=\"1754\" data-link=\"https:\/\/mugi.lu\/en\/subject\/maggie-vandenabeele\/3-m-4-2\/\" data-original-link=\"https:\/\/mugi.lu\/wp-content\/uploads\/2024\/03\/3-m-4.jpeg\" class=\"wp-block-getwid-images-slider__image wp-image-1754\" srcset=\"https:\/\/mugi.lu\/wp-content\/uploads\/2024\/03\/3-m-4.jpeg 1000w, https:\/\/mugi.lu\/wp-content\/uploads\/2024\/03\/3-m-4-221x300.jpeg 221w, https:\/\/mugi.lu\/wp-content\/uploads\/2024\/03\/3-m-4-753x1024.jpeg 753w, https:\/\/mugi.lu\/wp-content\/uploads\/2024\/03\/3-m-4-768x1044.jpeg 768w\" sizes=\"auto, (max-width: 1000px) 100vw, 1000px\" \/><figcaption class=\"wp-block-getwid-images-slider__caption\">&lt;strong&gt;Flyer for piano and singing lessons&lt;\/strong&gt;\nNice, 2003\nprivate archives VAM<\/figcaption><\/figure><\/a><\/div><div class=\"wp-block-getwid-images-slider__item getwid-reset-height-tablet getwid-reset-height-mobile\" style=\"height:40vh\"><a href=\"https:\/\/mugi.lu\/wp-content\/uploads\/2024\/03\/4-m-51.jpeg\"><figure><img loading=\"lazy\" decoding=\"async\" width=\"1000\" height=\"784\" src=\"https:\/\/mugi.lu\/wp-content\/uploads\/2024\/03\/4-m-51.jpeg\" data-id=\"1757\" data-link=\"https:\/\/mugi.lu\/en\/subject\/maggie-vandenabeele\/4-m-51-2\/\" data-original-link=\"https:\/\/mugi.lu\/wp-content\/uploads\/2024\/03\/4-m-51.jpeg\" class=\"wp-block-getwid-images-slider__image wp-image-1757\" srcset=\"https:\/\/mugi.lu\/wp-content\/uploads\/2024\/03\/4-m-51.jpeg 1000w, https:\/\/mugi.lu\/wp-content\/uploads\/2024\/03\/4-m-51-300x235.jpeg 300w, https:\/\/mugi.lu\/wp-content\/uploads\/2024\/03\/4-m-51-768x602.jpeg 768w\" sizes=\"auto, (max-width: 1000px) 100vw, 1000px\" \/><figcaption class=\"wp-block-getwid-images-slider__caption\">&lt;strong&gt;Business cards&lt;\/strong&gt; produced by Maggie for the opening of her painting exhibition\nNice, 2003, \nprivate archives VAM<\/figcaption><\/figure><\/a><\/div><div class=\"wp-block-getwid-images-slider__item getwid-reset-height-tablet getwid-reset-height-mobile\" style=\"height:40vh\"><a href=\"https:\/\/mugi.lu\/wp-content\/uploads\/2024\/03\/5-m-23.jpeg\"><figure><img loading=\"lazy\" decoding=\"async\" width=\"1000\" height=\"1548\" src=\"https:\/\/mugi.lu\/wp-content\/uploads\/2024\/03\/5-m-23.jpeg\" data-id=\"1760\" data-link=\"https:\/\/mugi.lu\/en\/subject\/maggie-vandenabeele\/5-m-23-2\/\" data-original-link=\"https:\/\/mugi.lu\/wp-content\/uploads\/2024\/03\/5-m-23.jpeg\" class=\"wp-block-getwid-images-slider__image wp-image-1760\" srcset=\"https:\/\/mugi.lu\/wp-content\/uploads\/2024\/03\/5-m-23.jpeg 1000w, https:\/\/mugi.lu\/wp-content\/uploads\/2024\/03\/5-m-23-194x300.jpeg 194w, https:\/\/mugi.lu\/wp-content\/uploads\/2024\/03\/5-m-23-661x1024.jpeg 661w, https:\/\/mugi.lu\/wp-content\/uploads\/2024\/03\/5-m-23-768x1189.jpeg 768w, https:\/\/mugi.lu\/wp-content\/uploads\/2024\/03\/5-m-23-992x1536.jpeg 992w\" sizes=\"auto, (max-width: 1000px) 100vw, 1000px\" \/><figcaption class=\"wp-block-getwid-images-slider__caption\">&lt;strong&gt;List of paintings presented at the exhibition in the Boutique Caf\u00e9 Arabo&lt;\/strong&gt; \nNice, 2003\nprivate archives VAM<\/figcaption><\/figure><\/a><\/div><div class=\"wp-block-getwid-images-slider__item getwid-reset-height-tablet getwid-reset-height-mobile\" style=\"height:40vh\"><a href=\"https:\/\/mugi.lu\/wp-content\/uploads\/2024\/03\/6-m-93-etc.jpg\"><figure><img loading=\"lazy\" decoding=\"async\" width=\"2000\" height=\"1874\" src=\"https:\/\/mugi.lu\/wp-content\/uploads\/2024\/03\/6-m-93-etc.jpg\" data-id=\"1763\" data-link=\"https:\/\/mugi.lu\/en\/subject\/maggie-vandenabeele\/6-m-93-etc-2\/\" data-original-link=\"https:\/\/mugi.lu\/wp-content\/uploads\/2024\/03\/6-m-93-etc.jpg\" class=\"wp-block-getwid-images-slider__image wp-image-1763\" srcset=\"https:\/\/mugi.lu\/wp-content\/uploads\/2024\/03\/6-m-93-etc.jpg 2000w, https:\/\/mugi.lu\/wp-content\/uploads\/2024\/03\/6-m-93-etc-300x281.jpg 300w, https:\/\/mugi.lu\/wp-content\/uploads\/2024\/03\/6-m-93-etc-1024x959.jpg 1024w, https:\/\/mugi.lu\/wp-content\/uploads\/2024\/03\/6-m-93-etc-768x720.jpg 768w, https:\/\/mugi.lu\/wp-content\/uploads\/2024\/03\/6-m-93-etc-1536x1439.jpg 1536w, https:\/\/mugi.lu\/wp-content\/uploads\/2024\/03\/6-m-93-etc-1850x1733.jpg 1850w\" sizes=\"auto, (max-width: 2000px) 100vw, 2000px\" \/><figcaption class=\"wp-block-getwid-images-slider__caption\">&lt;strong&gt;Montage of different calling cards created by Maggie&lt;\/strong&gt;\nNice, 2003\/2004,\nprivate archives VAM<\/figcaption><\/figure><\/a><\/div><div class=\"wp-block-getwid-images-slider__item getwid-reset-height-tablet getwid-reset-height-mobile\" style=\"height:40vh\"><a href=\"https:\/\/mugi.lu\/wp-content\/uploads\/2024\/03\/7-m-76.jpeg\"><figure><img loading=\"lazy\" decoding=\"async\" width=\"1000\" height=\"1239\" src=\"https:\/\/mugi.lu\/wp-content\/uploads\/2024\/03\/7-m-76.jpeg\" data-id=\"1766\" data-link=\"https:\/\/mugi.lu\/en\/subject\/maggie-vandenabeele\/7-m-76-2\/\" data-original-link=\"https:\/\/mugi.lu\/wp-content\/uploads\/2024\/03\/7-m-76.jpeg\" class=\"wp-block-getwid-images-slider__image wp-image-1766\" srcset=\"https:\/\/mugi.lu\/wp-content\/uploads\/2024\/03\/7-m-76.jpeg 1000w, https:\/\/mugi.lu\/wp-content\/uploads\/2024\/03\/7-m-76-242x300.jpeg 242w, https:\/\/mugi.lu\/wp-content\/uploads\/2024\/03\/7-m-76-826x1024.jpeg 826w, https:\/\/mugi.lu\/wp-content\/uploads\/2024\/03\/7-m-76-768x952.jpeg 768w\" sizes=\"auto, (max-width: 1000px) 100vw, 1000px\" \/><figcaption class=\"wp-block-getwid-images-slider__caption\">&lt;strong&gt;Minutes of a meeting of \u2018La note sensible\u2019 &lt;\/strong&gt;- an association founded by Maggie to promote artistic activities for all age groups\nNice, 2005,\nprivate archives VAM<\/figcaption><\/figure><\/a><\/div><div class=\"wp-block-getwid-images-slider__item getwid-reset-height-tablet getwid-reset-height-mobile\" style=\"height:40vh\"><a href=\"https:\/\/mugi.lu\/wp-content\/uploads\/2024\/03\/8-m-63.jpg\"><figure><img loading=\"lazy\" decoding=\"async\" width=\"2000\" height=\"717\" src=\"https:\/\/mugi.lu\/wp-content\/uploads\/2024\/03\/8-m-63.jpg\" data-id=\"1769\" data-link=\"https:\/\/mugi.lu\/en\/subject\/maggie-vandenabeele\/8-m-63-2\/\" data-original-link=\"https:\/\/mugi.lu\/wp-content\/uploads\/2024\/03\/8-m-63.jpg\" class=\"wp-block-getwid-images-slider__image wp-image-1769\" srcset=\"https:\/\/mugi.lu\/wp-content\/uploads\/2024\/03\/8-m-63.jpg 2000w, https:\/\/mugi.lu\/wp-content\/uploads\/2024\/03\/8-m-63-300x108.jpg 300w, https:\/\/mugi.lu\/wp-content\/uploads\/2024\/03\/8-m-63-1024x367.jpg 1024w, https:\/\/mugi.lu\/wp-content\/uploads\/2024\/03\/8-m-63-768x275.jpg 768w, https:\/\/mugi.lu\/wp-content\/uploads\/2024\/03\/8-m-63-1536x551.jpg 1536w, https:\/\/mugi.lu\/wp-content\/uploads\/2024\/03\/8-m-63-1850x663.jpg 1850w\" sizes=\"auto, (max-width: 2000px) 100vw, 2000px\" \/><figcaption class=\"wp-block-getwid-images-slider__caption\">&lt;strong&gt;Comme l&#8217;eau vive&lt;\/strong&gt;\nText about Maggie Vandenabeele written by Magda Arrighi, a member of the theatre group La Rampe Rouge, as part of an interview exercise. The photo, taken in 1965, was added later. \nNice, 2010,\nprivate archives VAM<\/figcaption><\/figure><\/a><\/div><div class=\"wp-block-getwid-images-slider__item getwid-reset-height-tablet getwid-reset-height-mobile\" style=\"height:40vh\"><a href=\"https:\/\/mugi.lu\/wp-content\/uploads\/2024\/03\/9-m-46.jpg\"><figure><img loading=\"lazy\" decoding=\"async\" width=\"2000\" height=\"1353\" src=\"https:\/\/mugi.lu\/wp-content\/uploads\/2024\/03\/9-m-46.jpg\" data-id=\"1772\" data-link=\"https:\/\/mugi.lu\/en\/subject\/maggie-vandenabeele\/9-m-46-2\/\" data-original-link=\"https:\/\/mugi.lu\/wp-content\/uploads\/2024\/03\/9-m-46.jpg\" class=\"wp-block-getwid-images-slider__image wp-image-1772\" srcset=\"https:\/\/mugi.lu\/wp-content\/uploads\/2024\/03\/9-m-46.jpg 2000w, https:\/\/mugi.lu\/wp-content\/uploads\/2024\/03\/9-m-46-300x203.jpg 300w, https:\/\/mugi.lu\/wp-content\/uploads\/2024\/03\/9-m-46-1024x693.jpg 1024w, https:\/\/mugi.lu\/wp-content\/uploads\/2024\/03\/9-m-46-768x520.jpg 768w, https:\/\/mugi.lu\/wp-content\/uploads\/2024\/03\/9-m-46-1536x1039.jpg 1536w, https:\/\/mugi.lu\/wp-content\/uploads\/2024\/03\/9-m-46-1850x1252.jpg 1850w\" sizes=\"auto, (max-width: 2000px) 100vw, 2000px\" \/><figcaption class=\"wp-block-getwid-images-slider__caption\">&lt;strong&gt;Several of Maggie&#8217;s CVs &lt;\/strong&gt;\nNice, 2012<\/figcaption><\/figure><\/a><\/div><div class=\"wp-block-getwid-images-slider__item getwid-reset-height-tablet getwid-reset-height-mobile\" style=\"height:40vh\"><a href=\"https:\/\/mugi.lu\/wp-content\/uploads\/2024\/03\/11-m-75.jpeg\"><figure><img loading=\"lazy\" decoding=\"async\" width=\"1000\" height=\"1393\" src=\"https:\/\/mugi.lu\/wp-content\/uploads\/2024\/03\/11-m-75.jpeg\" data-id=\"1778\" data-link=\"https:\/\/mugi.lu\/en\/subject\/maggie-vandenabeele\/11-m-75-2\/\" data-original-link=\"https:\/\/mugi.lu\/wp-content\/uploads\/2024\/03\/11-m-75.jpeg\" class=\"wp-block-getwid-images-slider__image wp-image-1778\" srcset=\"https:\/\/mugi.lu\/wp-content\/uploads\/2024\/03\/11-m-75.jpeg 1000w, https:\/\/mugi.lu\/wp-content\/uploads\/2024\/03\/11-m-75-215x300.jpeg 215w, https:\/\/mugi.lu\/wp-content\/uploads\/2024\/03\/11-m-75-735x1024.jpeg 735w, https:\/\/mugi.lu\/wp-content\/uploads\/2024\/03\/11-m-75-768x1070.jpeg 768w\" sizes=\"auto, (max-width: 1000px) 100vw, 1000px\" \/><figcaption class=\"wp-block-getwid-images-slider__caption\">&lt;strong&gt;Instructions for voice training&lt;\/strong&gt; written by Maggie for her singing students at the Rampe Rouge (2010 &#8211; 2015).\nNice, Espace Magnan 2015\nprivate archives VAM<\/figcaption><\/figure><\/a><\/div><\/div><\/div>\n\n\t\t\t<\/div>\n\n\t\t\t<button class=\"composer-tab__button composer-tab--color-secondary\">\n\t\t\t<span class=\"composer-tab__icon--personal\"><\/span>\n\t\t\t<span>Personal objects<\/span>\n\t\t<\/button>\n\t\n<\/div>\n\n\n\n<div class=\"composer-tab\" style=\"display: none;\" data-composer-tab-color=\"orange\">\n\n\t<div class=\"composer-tab__badge composer-tab__badge-orange\">\n\t\t<span class=\"composer-tab__icon--correspondence\"><\/span>\n\t\t<span class=\"composer-tab__circular-title\">Correspondence<\/span>\n\t<\/div>\n\n\t<div class=\"composer-tab__content\">\n\t\t\t\t\t\n\n<div class=\"wp-block-getwid-images-slider has-arrows-inside has-dots-none has-captions captions-style-light captions-bottom-center is-carousel has-slides-gap-normal has-images-center has-fitted-images has-fixed-height\"><div class=\"wp-block-getwid-images-slider__wrapper\" data-effect=\"slide\" data-slides-show=\"2\" data-slides-show-laptop=\"2\" data-slides-show-tablet=\"2\" data-slides-show-mobile=\"1\" data-slides-scroll=\"2\" data-autoplay=\"false\" data-pause-hover=\"false\" data-autoplay-speed=\"6000\" data-infinite=\"false\" data-animation-speed=\"500\" data-center-mode=\"false\" data-variable-width=\"false\" data-arrows=\"inside\" data-dots=\"none\" data-spacing=\"normal\"><div class=\"wp-block-getwid-images-slider__item getwid-reset-height-tablet getwid-reset-height-mobile\" style=\"height:40vh\"><a href=\"https:\/\/mugi.lu\/wp-content\/uploads\/2024\/03\/1-m-268.jpg\"><figure><img loading=\"lazy\" decoding=\"async\" width=\"2000\" height=\"937\" src=\"https:\/\/mugi.lu\/wp-content\/uploads\/2024\/03\/1-m-268.jpg\" data-id=\"1865\" data-link=\"https:\/\/mugi.lu\/en\/subject\/maggie-vandenabeele\/1-m-268-2\/\" data-original-link=\"https:\/\/mugi.lu\/wp-content\/uploads\/2024\/03\/1-m-268.jpg\" class=\"wp-block-getwid-images-slider__image wp-image-1865\" srcset=\"https:\/\/mugi.lu\/wp-content\/uploads\/2024\/03\/1-m-268.jpg 2000w, https:\/\/mugi.lu\/wp-content\/uploads\/2024\/03\/1-m-268-300x141.jpg 300w, https:\/\/mugi.lu\/wp-content\/uploads\/2024\/03\/1-m-268-1024x480.jpg 1024w, https:\/\/mugi.lu\/wp-content\/uploads\/2024\/03\/1-m-268-768x360.jpg 768w, https:\/\/mugi.lu\/wp-content\/uploads\/2024\/03\/1-m-268-1536x720.jpg 1536w, https:\/\/mugi.lu\/wp-content\/uploads\/2024\/03\/1-m-268-1850x867.jpg 1850w\" sizes=\"auto, (max-width: 2000px) 100vw, 2000px\" \/><figcaption class=\"wp-block-getwid-images-slider__caption\">&lt;strong&gt;Photographic portrait of Maggie&lt;\/strong&gt; sent as a postcard to her cousin Rita in London.\nMondorf, 1965<\/figcaption><\/figure><\/a><\/div><div class=\"wp-block-getwid-images-slider__item getwid-reset-height-tablet getwid-reset-height-mobile\" style=\"height:40vh\"><a href=\"https:\/\/mugi.lu\/wp-content\/uploads\/2024\/03\/2-m-45.jpg\"><figure><img loading=\"lazy\" decoding=\"async\" width=\"2000\" height=\"708\" src=\"https:\/\/mugi.lu\/wp-content\/uploads\/2024\/03\/2-m-45.jpg\" data-id=\"1868\" data-link=\"https:\/\/mugi.lu\/en\/subject\/maggie-vandenabeele\/2-m-45-2\/\" data-original-link=\"https:\/\/mugi.lu\/wp-content\/uploads\/2024\/03\/2-m-45.jpg\" class=\"wp-block-getwid-images-slider__image wp-image-1868\" srcset=\"https:\/\/mugi.lu\/wp-content\/uploads\/2024\/03\/2-m-45.jpg 2000w, https:\/\/mugi.lu\/wp-content\/uploads\/2024\/03\/2-m-45-300x106.jpg 300w, https:\/\/mugi.lu\/wp-content\/uploads\/2024\/03\/2-m-45-1024x362.jpg 1024w, https:\/\/mugi.lu\/wp-content\/uploads\/2024\/03\/2-m-45-768x272.jpg 768w, https:\/\/mugi.lu\/wp-content\/uploads\/2024\/03\/2-m-45-1536x544.jpg 1536w, https:\/\/mugi.lu\/wp-content\/uploads\/2024\/03\/2-m-45-1850x655.jpg 1850w\" sizes=\"auto, (max-width: 2000px) 100vw, 2000px\" \/><figcaption class=\"wp-block-getwid-images-slider__caption\">&lt;strong&gt;Correspondence from the \u2018Vedette\u2019 association regarding a music competition&lt;\/strong&gt;\n1966\nprivate archives VAM<\/figcaption><\/figure><\/a><\/div><\/div><\/div>\n\n\t\t\t<\/div>\n\n\t\t\t<button class=\"composer-tab__button composer-tab--color-orange\">\n\t\t\t<span class=\"composer-tab__icon--correspondence\"><\/span>\n\t\t\t<span>Correspondence<\/span>\n\t\t<\/button>\n\t\n<\/div>\n\n\n\n<div class=\"composer-tab\" style=\"display: none;\" data-composer-tab-color=\"secondary\">\n\n\t<div class=\"composer-tab__badge composer-tab__badge-secondary\">\n\t\t<span class=\"composer-tab__icon--parchemin\"><\/span>\n\t\t<span class=\"composer-tab__circular-title\">Posters\/Flyers<\/span>\n\t<\/div>\n\n\t<div class=\"composer-tab__content\">\n\t\t\t\t\t\n\n<div class=\"wp-block-getwid-images-slider has-arrows-inside has-dots-none has-captions captions-style-light captions-bottom-center is-carousel has-slides-gap-normal has-images-center has-fitted-images has-fixed-height\"><div class=\"wp-block-getwid-images-slider__wrapper\" data-effect=\"slide\" data-slides-show=\"4\" data-slides-show-laptop=\"2\" data-slides-show-tablet=\"2\" data-slides-show-mobile=\"1\" data-slides-scroll=\"2\" data-autoplay=\"false\" data-pause-hover=\"false\" data-autoplay-speed=\"6000\" data-infinite=\"false\" data-animation-speed=\"500\" data-center-mode=\"false\" data-variable-width=\"false\" data-arrows=\"inside\" data-dots=\"none\" data-spacing=\"normal\"><div class=\"wp-block-getwid-images-slider__item getwid-reset-height-tablet getwid-reset-height-mobile\" style=\"height:40vh\"><a href=\"https:\/\/mugi.lu\/wp-content\/uploads\/2024\/03\/2-m-68.jpeg\"><figure><img loading=\"lazy\" decoding=\"async\" width=\"1436\" height=\"2000\" src=\"https:\/\/mugi.lu\/wp-content\/uploads\/2024\/03\/2-m-68.jpeg\" data-id=\"1874\" data-link=\"https:\/\/mugi.lu\/en\/subject\/maggie-vandenabeele\/2-m-68-2\/\" data-original-link=\"https:\/\/mugi.lu\/wp-content\/uploads\/2024\/03\/2-m-68.jpeg\" class=\"wp-block-getwid-images-slider__image wp-image-1874\" srcset=\"https:\/\/mugi.lu\/wp-content\/uploads\/2024\/03\/2-m-68.jpeg 1436w, https:\/\/mugi.lu\/wp-content\/uploads\/2024\/03\/2-m-68-215x300.jpeg 215w, https:\/\/mugi.lu\/wp-content\/uploads\/2024\/03\/2-m-68-735x1024.jpeg 735w, https:\/\/mugi.lu\/wp-content\/uploads\/2024\/03\/2-m-68-768x1070.jpeg 768w, https:\/\/mugi.lu\/wp-content\/uploads\/2024\/03\/2-m-68-1103x1536.jpeg 1103w\" sizes=\"auto, (max-width: 1436px) 100vw, 1436px\" \/><figcaption class=\"wp-block-getwid-images-slider__caption\">&lt;strong&gt;Poster for music and theatre workshops&lt;\/strong&gt;\nOrganiser: Maggie Vandenabeele, Nice, 1986\nprivate archives VAM<\/figcaption><\/figure><\/a><\/div><div class=\"wp-block-getwid-images-slider__item getwid-reset-height-tablet getwid-reset-height-mobile\" style=\"height:40vh\"><a href=\"https:\/\/mugi.lu\/wp-content\/uploads\/2024\/03\/3-m-49.jpeg\"><figure><img loading=\"lazy\" decoding=\"async\" width=\"2000\" height=\"1307\" src=\"https:\/\/mugi.lu\/wp-content\/uploads\/2024\/03\/3-m-49.jpeg\" data-id=\"1877\" data-link=\"https:\/\/mugi.lu\/en\/subject\/maggie-vandenabeele\/3-m-49-2\/\" data-original-link=\"https:\/\/mugi.lu\/wp-content\/uploads\/2024\/03\/3-m-49.jpeg\" class=\"wp-block-getwid-images-slider__image wp-image-1877\" srcset=\"https:\/\/mugi.lu\/wp-content\/uploads\/2024\/03\/3-m-49.jpeg 2000w, https:\/\/mugi.lu\/wp-content\/uploads\/2024\/03\/3-m-49-300x196.jpeg 300w, https:\/\/mugi.lu\/wp-content\/uploads\/2024\/03\/3-m-49-1024x669.jpeg 1024w, https:\/\/mugi.lu\/wp-content\/uploads\/2024\/03\/3-m-49-768x502.jpeg 768w, https:\/\/mugi.lu\/wp-content\/uploads\/2024\/03\/3-m-49-1536x1004.jpeg 1536w, https:\/\/mugi.lu\/wp-content\/uploads\/2024\/03\/3-m-49-1850x1209.jpeg 1850w\" sizes=\"auto, (max-width: 2000px) 100vw, 2000px\" \/><figcaption class=\"wp-block-getwid-images-slider__caption\">&lt;strong&gt;Flyer for solf\u00e8ge, piano and singing lessons&lt;\/strong&gt;\nCoach: Maggie Vandenabeele, Nice, 2001<\/figcaption><\/figure><\/a><\/div><div class=\"wp-block-getwid-images-slider__item getwid-reset-height-tablet getwid-reset-height-mobile\" style=\"height:40vh\"><a href=\"https:\/\/mugi.lu\/wp-content\/uploads\/2024\/03\/4-m-24.jpeg\"><figure><img loading=\"lazy\" decoding=\"async\" width=\"1386\" height=\"2000\" src=\"https:\/\/mugi.lu\/wp-content\/uploads\/2024\/03\/4-m-24.jpeg\" data-id=\"1880\" data-link=\"https:\/\/mugi.lu\/en\/subject\/maggie-vandenabeele\/4-m-24-2\/\" data-original-link=\"https:\/\/mugi.lu\/wp-content\/uploads\/2024\/03\/4-m-24.jpeg\" class=\"wp-block-getwid-images-slider__image wp-image-1880\" srcset=\"https:\/\/mugi.lu\/wp-content\/uploads\/2024\/03\/4-m-24.jpeg 1386w, https:\/\/mugi.lu\/wp-content\/uploads\/2024\/03\/4-m-24-208x300.jpeg 208w, https:\/\/mugi.lu\/wp-content\/uploads\/2024\/03\/4-m-24-710x1024.jpeg 710w, https:\/\/mugi.lu\/wp-content\/uploads\/2024\/03\/4-m-24-768x1108.jpeg 768w, https:\/\/mugi.lu\/wp-content\/uploads\/2024\/03\/4-m-24-1064x1536.jpeg 1064w\" sizes=\"auto, (max-width: 1386px) 100vw, 1386px\" \/><figcaption class=\"wp-block-getwid-images-slider__caption\">&lt;strong&gt;Poster for an oil painting exhibition&lt;\/strong&gt;\nArtist: Maggie Vandenabeele,\nNice, 2003<\/figcaption><\/figure><\/a><\/div><div class=\"wp-block-getwid-images-slider__item getwid-reset-height-tablet getwid-reset-height-mobile\" style=\"height:40vh\"><a href=\"https:\/\/mugi.lu\/wp-content\/uploads\/2024\/03\/5-m-34.jpeg\"><figure><img loading=\"lazy\" decoding=\"async\" width=\"611\" height=\"1088\" src=\"https:\/\/mugi.lu\/wp-content\/uploads\/2024\/03\/5-m-34.jpeg\" data-id=\"1883\" data-link=\"https:\/\/mugi.lu\/en\/subject\/maggie-vandenabeele\/5-m-34-2\/\" data-original-link=\"https:\/\/mugi.lu\/wp-content\/uploads\/2024\/03\/5-m-34.jpeg\" class=\"wp-block-getwid-images-slider__image wp-image-1883\" srcset=\"https:\/\/mugi.lu\/wp-content\/uploads\/2024\/03\/5-m-34.jpeg 611w, https:\/\/mugi.lu\/wp-content\/uploads\/2024\/03\/5-m-34-168x300.jpeg 168w, https:\/\/mugi.lu\/wp-content\/uploads\/2024\/03\/5-m-34-575x1024.jpeg 575w\" sizes=\"auto, (max-width: 611px) 100vw, 611px\" \/><figcaption class=\"wp-block-getwid-images-slider__caption\">&lt;strong&gt;Flyer for singing lessons&lt;\/strong&gt;\nCoach: Maggie Vandenabeele,\nNice, 2005<\/figcaption><\/figure><\/a><\/div><div class=\"wp-block-getwid-images-slider__item getwid-reset-height-tablet getwid-reset-height-mobile\" style=\"height:40vh\"><a href=\"https:\/\/mugi.lu\/wp-content\/uploads\/2024\/03\/6-m-78-a-4.jpg\"><figure><img loading=\"lazy\" decoding=\"async\" width=\"1387\" height=\"2000\" src=\"https:\/\/mugi.lu\/wp-content\/uploads\/2024\/03\/6-m-78-a-4.jpg\" data-id=\"1886\" data-link=\"https:\/\/mugi.lu\/en\/subject\/maggie-vandenabeele\/6-m-78-a-4-2\/\" data-original-link=\"https:\/\/mugi.lu\/wp-content\/uploads\/2024\/03\/6-m-78-a-4.jpg\" class=\"wp-block-getwid-images-slider__image wp-image-1886\" srcset=\"https:\/\/mugi.lu\/wp-content\/uploads\/2024\/03\/6-m-78-a-4.jpg 1387w, https:\/\/mugi.lu\/wp-content\/uploads\/2024\/03\/6-m-78-a-4-208x300.jpg 208w, https:\/\/mugi.lu\/wp-content\/uploads\/2024\/03\/6-m-78-a-4-710x1024.jpg 710w, https:\/\/mugi.lu\/wp-content\/uploads\/2024\/03\/6-m-78-a-4-768x1107.jpg 768w, https:\/\/mugi.lu\/wp-content\/uploads\/2024\/03\/6-m-78-a-4-1065x1536.jpg 1065w\" sizes=\"auto, (max-width: 1387px) 100vw, 1387px\" \/><figcaption class=\"wp-block-getwid-images-slider__caption\">&lt;strong&gt;Poster for the association \u2018La note sensible\u2019 &lt;\/strong&gt;\nNice, 2005\n\u00a9 Maggie Vandenabeele<\/figcaption><\/figure><\/a><\/div><div class=\"wp-block-getwid-images-slider__item getwid-reset-height-tablet getwid-reset-height-mobile\" style=\"height:40vh\"><a href=\"https:\/\/mugi.lu\/wp-content\/uploads\/2024\/03\/7-m-31.jpeg\"><figure><img loading=\"lazy\" decoding=\"async\" width=\"815\" height=\"655\" src=\"https:\/\/mugi.lu\/wp-content\/uploads\/2024\/03\/7-m-31.jpeg\" data-id=\"1889\" data-link=\"https:\/\/mugi.lu\/en\/subject\/maggie-vandenabeele\/7-m-31-2\/\" data-original-link=\"https:\/\/mugi.lu\/wp-content\/uploads\/2024\/03\/7-m-31.jpeg\" class=\"wp-block-getwid-images-slider__image wp-image-1889\" srcset=\"https:\/\/mugi.lu\/wp-content\/uploads\/2024\/03\/7-m-31.jpeg 815w, https:\/\/mugi.lu\/wp-content\/uploads\/2024\/03\/7-m-31-300x241.jpeg 300w, https:\/\/mugi.lu\/wp-content\/uploads\/2024\/03\/7-m-31-768x617.jpeg 768w\" sizes=\"auto, (max-width: 815px) 100vw, 815px\" \/><figcaption class=\"wp-block-getwid-images-slider__caption\">&lt;strong&gt;Poster for a performance&lt;\/strong&gt;\nPiano and vocals: Magge Vandenabeele, Nice, 2012, private archives VAM<\/figcaption><\/figure><\/a><\/div><div class=\"wp-block-getwid-images-slider__item getwid-reset-height-tablet getwid-reset-height-mobile\" style=\"height:40vh\"><a href=\"https:\/\/mugi.lu\/wp-content\/uploads\/2024\/03\/8-m-38.jpeg\"><figure><img loading=\"lazy\" decoding=\"async\" width=\"1000\" height=\"662\" src=\"https:\/\/mugi.lu\/wp-content\/uploads\/2024\/03\/8-m-38.jpeg\" data-id=\"1892\" data-link=\"https:\/\/mugi.lu\/en\/subject\/maggie-vandenabeele\/8-m-38-2\/\" data-original-link=\"https:\/\/mugi.lu\/wp-content\/uploads\/2024\/03\/8-m-38.jpeg\" class=\"wp-block-getwid-images-slider__image wp-image-1892\" srcset=\"https:\/\/mugi.lu\/wp-content\/uploads\/2024\/03\/8-m-38.jpeg 1000w, https:\/\/mugi.lu\/wp-content\/uploads\/2024\/03\/8-m-38-300x199.jpeg 300w, https:\/\/mugi.lu\/wp-content\/uploads\/2024\/03\/8-m-38-768x508.jpeg 768w\" sizes=\"auto, (max-width: 1000px) 100vw, 1000px\" \/><figcaption class=\"wp-block-getwid-images-slider__caption\">&lt;strong&gt;Poster for a performance&lt;\/strong&gt;\nPiano and vocals: Magge Vandenabeele, Nice, 2012, private archives VAM<\/figcaption><\/figure><\/a><\/div><div class=\"wp-block-getwid-images-slider__item getwid-reset-height-tablet getwid-reset-height-mobile\" style=\"height:40vh\"><a href=\"https:\/\/mugi.lu\/wp-content\/uploads\/2024\/03\/9-m-53.jpeg\"><figure><img loading=\"lazy\" decoding=\"async\" width=\"1426\" height=\"2000\" src=\"https:\/\/mugi.lu\/wp-content\/uploads\/2024\/03\/9-m-53.jpeg\" data-id=\"1895\" data-link=\"https:\/\/mugi.lu\/en\/subject\/maggie-vandenabeele\/9-m-53-2\/\" data-original-link=\"https:\/\/mugi.lu\/wp-content\/uploads\/2024\/03\/9-m-53.jpeg\" class=\"wp-block-getwid-images-slider__image wp-image-1895\" srcset=\"https:\/\/mugi.lu\/wp-content\/uploads\/2024\/03\/9-m-53.jpeg 1426w, https:\/\/mugi.lu\/wp-content\/uploads\/2024\/03\/9-m-53-214x300.jpeg 214w, https:\/\/mugi.lu\/wp-content\/uploads\/2024\/03\/9-m-53-730x1024.jpeg 730w, https:\/\/mugi.lu\/wp-content\/uploads\/2024\/03\/9-m-53-768x1077.jpeg 768w, https:\/\/mugi.lu\/wp-content\/uploads\/2024\/03\/9-m-53-1095x1536.jpeg 1095w\" sizes=\"auto, (max-width: 1426px) 100vw, 1426px\" \/><figcaption class=\"wp-block-getwid-images-slider__caption\">&lt;strong&gt;Concert poster&lt;\/strong&gt;\nPiano: Magge Vandenabeele, Nice, 2012, private archives VAM<\/figcaption><\/figure><\/a><\/div><div class=\"wp-block-getwid-images-slider__item getwid-reset-height-tablet getwid-reset-height-mobile\" style=\"height:40vh\"><a href=\"https:\/\/mugi.lu\/wp-content\/uploads\/2024\/03\/10-m-55.jpeg\"><figure><img loading=\"lazy\" decoding=\"async\" width=\"891\" height=\"2000\" src=\"https:\/\/mugi.lu\/wp-content\/uploads\/2024\/03\/10-m-55.jpeg\" data-id=\"1898\" data-link=\"https:\/\/mugi.lu\/en\/subject\/maggie-vandenabeele\/10-m-55-2\/\" data-original-link=\"https:\/\/mugi.lu\/wp-content\/uploads\/2024\/03\/10-m-55.jpeg\" class=\"wp-block-getwid-images-slider__image wp-image-1898\" srcset=\"https:\/\/mugi.lu\/wp-content\/uploads\/2024\/03\/10-m-55.jpeg 891w, https:\/\/mugi.lu\/wp-content\/uploads\/2024\/03\/10-m-55-134x300.jpeg 134w, https:\/\/mugi.lu\/wp-content\/uploads\/2024\/03\/10-m-55-456x1024.jpeg 456w, https:\/\/mugi.lu\/wp-content\/uploads\/2024\/03\/10-m-55-768x1724.jpeg 768w, https:\/\/mugi.lu\/wp-content\/uploads\/2024\/03\/10-m-55-684x1536.jpeg 684w\" sizes=\"auto, (max-width: 891px) 100vw, 891px\" \/><figcaption class=\"wp-block-getwid-images-slider__caption\">&lt;strong&gt;Poster for a performance with jazz music from the 1950s and 60s&lt;\/strong&gt;\nBand &#8220;Facette&#8221;,\nNice 2015, private archives VAM<\/figcaption><\/figure><\/a><\/div><div class=\"wp-block-getwid-images-slider__item getwid-reset-height-tablet getwid-reset-height-mobile\" style=\"height:40vh\"><a href=\"https:\/\/mugi.lu\/wp-content\/uploads\/2024\/03\/11-m-59.jpeg\"><figure><img loading=\"lazy\" decoding=\"async\" width=\"1196\" height=\"2000\" src=\"https:\/\/mugi.lu\/wp-content\/uploads\/2024\/03\/11-m-59.jpeg\" data-id=\"1901\" data-link=\"https:\/\/mugi.lu\/en\/subject\/maggie-vandenabeele\/11-m-59-2\/\" data-original-link=\"https:\/\/mugi.lu\/wp-content\/uploads\/2024\/03\/11-m-59.jpeg\" class=\"wp-block-getwid-images-slider__image wp-image-1901\" srcset=\"https:\/\/mugi.lu\/wp-content\/uploads\/2024\/03\/11-m-59.jpeg 1196w, https:\/\/mugi.lu\/wp-content\/uploads\/2024\/03\/11-m-59-179x300.jpeg 179w, https:\/\/mugi.lu\/wp-content\/uploads\/2024\/03\/11-m-59-612x1024.jpeg 612w, https:\/\/mugi.lu\/wp-content\/uploads\/2024\/03\/11-m-59-768x1284.jpeg 768w, https:\/\/mugi.lu\/wp-content\/uploads\/2024\/03\/11-m-59-919x1536.jpeg 919w\" sizes=\"auto, (max-width: 1196px) 100vw, 1196px\" \/><figcaption class=\"wp-block-getwid-images-slider__caption\">&lt;strong&gt;Flyer for a musical evening hosted by the duo &#8220;Facette&#8221;&lt;\/strong&gt;\nNice, 2018, private archives VAM<\/figcaption><\/figure><\/a><\/div><\/div><\/div>\n\n\t\t\t<\/div>\n\n\t\t\t<button class=\"composer-tab__button composer-tab--color-secondary\">\n\t\t\t<span class=\"composer-tab__icon--parchemin\"><\/span>\n\t\t\t<span>Posters\/Flyers<\/span>\n\t\t<\/button>\n\t\n<\/div>\n\n\n\n<div class=\"composer-tab\" style=\"display: none;\" data-composer-tab-color=\"yellow\">\n\n\t<div class=\"composer-tab__badge composer-tab__badge-yellow\">\n\t\t<span class=\"composer-tab__icon--links\"><\/span>\n\t\t<span class=\"composer-tab__circular-title\">Weblinks<\/span>\n\t<\/div>\n\n\t<div class=\"composer-tab__content\">\n\t\t\t\t\t\n\n<div class=\"wp-block-getwid-content-slider has-arrows-outside has-dots-none\" data-adaptive-height=\"true\" data-arrows=\"outside\" data-dots=\"none\"><div class=\"wp-block-getwid-content-slider__wrapper\">\n<div class=\"wp-block-getwid-content-slider-slide\"><div class=\"wp-block-getwid-content-slider-slide__wrapper\">\n<div class=\"wp-block-getwid-icon-box has-icon-left has-text-left\"><div class=\"wp-block-getwid-icon-box__icon-container is-position-top\"><a href=\"https:\/\/www.facebook.com\/maggie.vandenabeele\" target=\"_blank\" rel=\"noreferrer noopener\" class=\"wp-block-getwid-icon-box__icon-wrapper\"><i class=\"fas fa-link\"><\/i><\/a><\/div><div class=\"wp-block-getwid-icon-box__content\">\n<h3 class=\"wp-block-heading\">Maggie Vandenabeele on facebook<\/h3>\n\n\n\n<p><\/p>\n<\/div><\/div>\n<\/div><\/div>\n<\/div><\/div>\n\n\t\t\t<\/div>\n\n\t\t\t<button class=\"composer-tab__button composer-tab--color-yellow\">\n\t\t\t<span class=\"composer-tab__icon--links\"><\/span>\n\t\t\t<span>Weblinks<\/span>\n\t\t<\/button>\n\t\n<\/div>\n<\/div>\n<\/div>\n","protected":false},"featured_media":1656,"template":"","meta":{"_acf_changed":false,"inline_featured_image":false,"_themeisle_gutenberg_block_has_review":false},"class_list":["post-2482","composer","type-composer","status-publish","has-post-thumbnail","hentry"],"acf":[],"_links":{"self":[{"href":"https:\/\/mugi.lu\/en\/wp-json\/wp\/v2\/composer\/2482","targetHints":{"allow":["GET"]}}],"collection":[{"href":"https:\/\/mugi.lu\/en\/wp-json\/wp\/v2\/composer"}],"about":[{"href":"https:\/\/mugi.lu\/en\/wp-json\/wp\/v2\/types\/composer"}],"wp:featuredmedia":[{"embeddable":true,"href":"https:\/\/mugi.lu\/en\/wp-json\/wp\/v2\/media\/1656"}],"wp:attachment":[{"href":"https:\/\/mugi.lu\/en\/wp-json\/wp\/v2\/media?parent=2482"}],"curies":[{"name":"wp","href":"https:\/\/api.w.org\/{rel}","templated":true}]}}