{"id":2454,"date":"2024-03-11T15:37:22","date_gmt":"2024-03-11T14:37:22","guid":{"rendered":"https:\/\/mugi.lu\/composer\/frida-salomon-ehrlich\/"},"modified":"2025-12-16T13:41:23","modified_gmt":"2025-12-16T12:41:23","slug":"frida-salomon-ehrlich","status":"publish","type":"composer","link":"https:\/\/mugi.lu\/en\/subject\/frida-salomon-ehrlich\/","title":{"rendered":"Frida Salomon-Ehrlich"},"content":{"rendered":"\n<div class=\"wp-block-columns is-layout-flex wp-container-core-columns-is-layout-9d6595d7 wp-block-columns-is-layout-flex\">\n<div class=\"wp-block-column is-layout-flow wp-block-column-is-layout-flow\" style=\"flex-basis:25%\"><figure style=\"aspect-ratio:auto;\" class=\"wp-block-post-featured-image\"><img loading=\"lazy\" decoding=\"async\" width=\"868\" height=\"1140\" src=\"https:\/\/mugi.lu\/wp-content\/uploads\/2024\/02\/usc12-zugeschnitten-e1710326235926.jpg\" class=\"attachment-post-thumbnail size-post-thumbnail wp-post-image\" alt=\"\" style=\"width:100%;height:100%;object-fit:cover;\" srcset=\"https:\/\/mugi.lu\/wp-content\/uploads\/2024\/02\/usc12-zugeschnitten-e1710326235926.jpg 868w, https:\/\/mugi.lu\/wp-content\/uploads\/2024\/02\/usc12-zugeschnitten-e1710326235926-228x300.jpg 228w, https:\/\/mugi.lu\/wp-content\/uploads\/2024\/02\/usc12-zugeschnitten-e1710326235926-780x1024.jpg 780w, https:\/\/mugi.lu\/wp-content\/uploads\/2024\/02\/usc12-zugeschnitten-e1710326235926-768x1009.jpg 768w\" sizes=\"auto, (max-width: 868px) 100vw, 868px\" \/><\/figure><\/div>\n\n\n\n<div class=\"wp-block-column is-layout-flow wp-block-column-is-layout-flow\">\n<h3 class=\"birth_death_dates\">1899 &#8211; 1986<\/h3>\n\n\n<h2 class=\"wp-block-post-title\">Frida Salomon-Ehrlich<\/h2>\n\n\n<div class=\"composer-tab\" style=\"display: none;\" data-composer-tab-color=\"secondary\">\n\n\t<div class=\"composer-tab__badge composer-tab__badge-secondary\">\n\t\t<span class=\"composer-tab__icon--biography\"><\/span>\n\t\t<span class=\"composer-tab__circular-title\">Biography<\/span>\n\t<\/div>\n\n\t<div class=\"composer-tab__content\">\n\t\t\t\t\t\n\n<div class=\"wp-block-getwid-content-slider has-arrows-outside has-dots-none\" data-adaptive-height=\"true\" data-draggable=\"false\" data-arrows=\"outside\" data-dots=\"none\"><div class=\"wp-block-getwid-content-slider__wrapper\">\n<div class=\"wp-block-getwid-content-slider-slide\"><div class=\"wp-block-getwid-content-slider-slide__wrapper\">\n<p>Frida Ehrlich, a Jewish poet and composer, was born on September 30, 1899 in Herrlisheim (Bas-Rhin), Alsace. Her parents were Heymann Ehrlich and Sophie Levy. When she was 10, her mother died, followed shortly afterwards by her father. Relatives in nearby Offendorf took her in. Frida developed a close relationship with her cousin Rosette Rebekka Braun, who became her sister-in-law in Luxembourg.<\/p>\n\n\n\n<p><\/p>\n\n\n\n<p>In the early 1920s, she lived in Paris at <em>Le Toit familial<\/em>, the former <em>Home isra\u00e9lite pour jeunes filles<\/em>, founded by Ad\u00e9la\u00efde de Rothschild. Frida was probably trained there as a seamstress. At this institution, her interest in literature, language and music was encouraged and developed.&nbsp;<\/p>\n\n\n\n<p><\/p>\n\n\n\n<p>In 1924, Frida Ehrlich married in Dudelange (in the south of Luxembourg) Joseph Bruno Salomon (b. 1898 in Diekirch; d. 1953), later choirmaster of the synagogue, and became herself a Luxembourgish citizen. Four years later, she gave birth to her daughter Solange Sophie. At the end of 1932, the family moved to the Belair district of the capital. Together with Bruno Salomon&#8217;s brother Marcel and his family, the Solomons built a house. On the first floor, they set up a small but successful menswear factory.&nbsp;&nbsp;<\/p>\n\n\n\n<p><\/p>\n<\/div><\/div>\n\n\n\n<div class=\"wp-block-getwid-content-slider-slide\"><div class=\"wp-block-getwid-content-slider-slide__wrapper\">\n<p>Frida Salomon-Ehrlich has written several poems and song lyrics. She set some texts to music. She wrote vocal works for choir and solo voice, as well as solo songs and songs for voice and piano. Some of Frida Salomon-Ehrlich&#8217;s works were known to the public. Her songs were broadcast on <em>Radio Luxembourg<\/em> between 1936 and 1939. They were also included in concert programs, notably for Mother&#8217;s Day. On 27 January 1940, a now lost joint composition by Bruno and Frida Salomon-Ehrlich for choir and solo was performed by the choir of the synagogue in Luxembourg City as part of the bank holidays. However, this could possibly be the surviving manuscript <em>Fir Grossherzogins Geburtstag 1935 <\/em>(see &#8220;Written Documents&#8221; section). Details of radio broadcasts and concerts can be found in the \u201cPress\u201d selection. Frida Salomon-Ehrlich also sent her poems to the Grand Duchess Charlotte on her birthday (National Day) or on Mother&#8217;s Day. Later, the Grand Duchess helped the family escape to the USA, as recounted by her daughter Solange (Sonya Hartog) in an interview for the USC Shoah Foundation.&nbsp;<\/p>\n\n\n\n<p><\/p>\n\n\n\n<p>On 15 October 1941, Frida Salomon-Ehrlich and her family fled Nazi-occupied Luxembourg. Their clothing factory had been &#8220;aryanized&#8221; (expropriated), they had been driven out of their home and Solange was no longer allowed to attend high school. They obtained passes to Spain and embarked on a months-long odyssey to the United States, via Paris, Barcelona and Lisbon. From Barcelona, a group of Luxembourg refugees sent a poem written by Fri(e)da to the Grand Duchess, which includes the verse &#8220;Sie ass, wat mir sinn&#8230; Emigrant&#8221; (&#8220;She is what we are&#8230; an emigrant&#8221;). You&#8217;ll find this poem reproduced in the &#8220;Written Documents&#8221; section (see also Schmitt-K\u00f6lzer 2021).<\/p>\n\n\n\n<p><\/p>\n<\/div><\/div>\n\n\n\n<div class=\"wp-block-getwid-content-slider-slide\"><div class=\"wp-block-getwid-content-slider-slide__wrapper\">\n<p>The family lived in New York, Columbus (Georgia) and Chicago. Frida produced neckties at home; her husband Bruno, who also composed music, worked as a tailor. After the war, the Solomons decided to return to Luxembourg. Frida began composing music again, and her songs were performed in concerts again, notably on Mother&#8217;s Day in 1947 and 1949.&nbsp;&nbsp;<\/p>\n\n\n\n<p><\/p>\n\n\n\n<p>Their daughter Solange wished to return to the United States, so the Salomon family left Luxembourg for good in 1951. Frida first found work in a medical practice, then worked for 10 years at the reception desk of <em>Mount Sinai Hospital<\/em> in New York City. The first years in the United States were a productive period for her musically. In 1954 and 1955, Frida (Frieda) Salomon-Ehrlich registered a copyright for four of her musical works, but this copyright was not renewed. She also continued to write poetry, notably for the Eisenhowers and Kennedys. Frida Salomon-Ehrlich died in August 1986 in New York.&nbsp;&nbsp;<\/p>\n\n\n\n<p><\/p>\n\n\n\n<p>Unfortunately, no historical recordings of Frida Salomon-Ehrlich&#8217;s compositions have been found, but today they are attracting renewed interest. Yvonne Timoiano, who lives in Austria, arranged the 1948 song <em>Zum Gedenken<\/em> for solo cello and performed it on 15 April 2018 at Cinqfontaines\/F\u00fcnfbrunnen in commemoration of the 75<sup>th<\/sup> anniversary of the last deportations to Theresienstadt and Auschwitz.&nbsp;<\/p>\n\n\n\n<p><\/p>\n<\/div><\/div>\n<\/div><\/div>\n\n\n\n<p class=\"has-text-smaller-font-size\"><em>Text: <em>Wolfgang Schmitt-K\u00f6lzer (translated by Sonja Kmec with the help of Deepl.com)<\/em>&nbsp;<\/em><\/p>\n\n\n\n<p class=\"has-text-smaller-font-size\"><strong>How to cite:<\/strong> Schmitt-K\u00f6lzer, Wolfgang: Frida Salomon-Ehrlich, in: Music and Gender in <span style=\"font-family: -webkit-standard;font-size: medium;white-space: normal\"><\/span>Luxembourg, ed. by Sonja Kmec, Danielle Roster and Anne Schiltz. URL:&nbsp;<a href=\"https:\/\/mugi.lu\/en\/subject\/frida-salomon-ehrlich\/\">https:\/\/mugi.lu\/en\/subject\/frida-salomon-ehrlich\/<\/a><span style=\"font-family: -webkit-standard;font-size: medium;white-space: normal\"><\/span> (published online 1.3.2024, last accessed \u2026)<\/p>\n\n\t\t\t<\/div>\n\n\t\t\t<button class=\"composer-tab__button composer-tab--color-secondary\">\n\t\t\t<span class=\"composer-tab__icon--biography\"><\/span>\n\t\t\t<span>Biography<\/span>\n\t\t<\/button>\n\t\n<\/div>\n\n\n\n<div class=\"composer-tab\" style=\"display: none;\" data-composer-tab-color=\"primary\">\n\n\t<div class=\"composer-tab__badge composer-tab__badge-primary\">\n\t\t<span class=\"composer-tab__icon--music\"><\/span>\n\t\t<span class=\"composer-tab__circular-title\">Music<\/span>\n\t<\/div>\n\n\t<div class=\"composer-tab__content\">\n\t\t\t\t\t\n\n<div class=\"wp-block-getwid-content-slider has-arrows-outside has-dots-none\" data-draggable=\"false\" data-arrows=\"outside\" data-dots=\"none\"><div class=\"wp-block-getwid-content-slider__wrapper\">\n<div class=\"wp-block-getwid-content-slider-slide\"><div class=\"wp-block-getwid-content-slider-slide__wrapper\">\n<div class=\"wp-block-columns is-layout-flex wp-container-core-columns-is-layout-9d6595d7 wp-block-columns-is-layout-flex\">\n<div class=\"wp-block-column is-layout-flow wp-block-column-is-layout-flow\"><div id=\"sonaar_music_88\"><div class=\"sonaar_audioplayer_block_cover\"><\/div><\/div>\n\n\n<h5 class=\"wp-block-heading has-h-3-font-size\">The song &#8220;ZUM GEDENKEN&#8221; by Frieda Salomon Ehrlich, arranged by Yvonne Timoianu for cello solo <\/h5>\n\n\n\n<p>Yvonne Timoianu (cello)<\/p>\n\n\n\n<p>World premiere on 15 April 2018 at Cinqfontaines (Klenge Maarnicher Festival)<\/p>\n<\/div>\n<\/div>\n<\/div><\/div>\n<\/div><\/div>\n\n\t\t\t<\/div>\n\n\t\t\t<button class=\"composer-tab__button composer-tab--color-primary\">\n\t\t\t<span class=\"composer-tab__icon--music\"><\/span>\n\t\t\t<span>Music<\/span>\n\t\t<\/button>\n\t\n<\/div>\n\n\n\n<div class=\"composer-tab\" style=\"display: none;\" data-composer-tab-color=\"yellow\">\n\n\t<div class=\"composer-tab__badge composer-tab__badge-yellow\">\n\t\t<span class=\"composer-tab__icon--notes\"><\/span>\n\t\t<span class=\"composer-tab__circular-title\">Scores<\/span>\n\t<\/div>\n\n\t<div class=\"composer-tab__content\">\n\t\t\t\t\t\n\n<div class=\"wp-block-getwid-content-slider has-arrows-inside has-dots-inside\"><div class=\"wp-block-getwid-content-slider__wrapper\">\n<div class=\"wp-block-getwid-content-slider-slide\"><div class=\"wp-block-getwid-content-slider-slide__wrapper\">\n<div class=\"wp-block-getwid-icon-box has-icon-left has-text-center\"><div class=\"wp-block-getwid-icon-box__icon-container is-position-top\"><a href=\"https:\/\/mugi.lu\/wp-content\/uploads\/2024\/02\/BIB-MW-i27-EH1_compressed.pdf\" target=\"_blank\" rel=\"noreferrer noopener\" class=\"wp-block-getwid-icon-box__icon-wrapper\"><i class=\"fas fa-file-pdf\"><\/i><\/a><\/div><div class=\"wp-block-getwid-icon-box__content\">\n<p><strong><em>ZUM GEDENKEN. Onser le&#8217;wer Gro&#8217;ssherzogin fir Hiere Geburtsd\u00e2g an de&#8217;fster Vere&#8217;erong zo&#8217;ge\u00e9gent<\/em> (23.1.1948)<\/strong> <\/p>\n\n\n\n<p>Lyrics and music: Frida Salomon-Ehrlich. Biblioth\u00e8que de la Maison grand-ducale: BIB MW i27 EH1<\/p>\n<\/div><\/div>\n\n\n\n<div class=\"wp-block-getwid-icon-box has-icon-left has-text-center\"><div class=\"wp-block-getwid-icon-box__icon-container is-position-top\"><a href=\"https:\/\/mugi.lu\/wp-content\/uploads\/2024\/02\/LC1_Loving-Memory_-EU-354989_compressed.pdf\" target=\"_blank\" rel=\"noreferrer noopener\" class=\"wp-block-getwid-icon-box__icon-wrapper\"><i class=\"fas fa-file-pdf\"><\/i><\/a><\/div><div class=\"wp-block-getwid-icon-box__content\">\n<p><strong><em>Loving Memory<\/em> (1954)<\/strong><\/p>\n\n\n\n<p>Words and Music: Frieda E. Salomon<\/p>\n\n\n\n<p>Library of Congress: EU354989<\/p>\n<\/div><\/div>\n<\/div><\/div>\n\n\n\n<div class=\"wp-block-getwid-content-slider-slide\"><div class=\"wp-block-getwid-content-slider-slide__wrapper\">\n<div class=\"wp-block-getwid-icon-box has-icon-left has-text-center\"><div class=\"wp-block-getwid-icon-box__icon-container is-position-top\"><a href=\"https:\/\/mugi.lu\/wp-content\/uploads\/2024\/02\/LC2_In-God-I-Trust_-EU-381542_compressed.pdf\" target=\"_blank\" rel=\"noreferrer noopener\" class=\"wp-block-getwid-icon-box__icon-wrapper\"><i class=\"fas fa-file-pdf\"><\/i><\/a><\/div><div class=\"wp-block-getwid-icon-box__content\">\n<p><strong><em>In God I trust<\/em> (1955)<\/strong><\/p>\n\n\n\n<p>Music and Lyrics: Frieda E. Salomon<\/p>\n\n\n\n<p>Library of Congress: EU381542<\/p>\n<\/div><\/div>\n\n\n\n<div class=\"wp-block-getwid-icon-box has-icon-left has-text-center\"><div class=\"wp-block-getwid-icon-box__icon-container is-position-top\"><a href=\"https:\/\/mugi.lu\/wp-content\/uploads\/2024\/02\/LC3_Easter-Bunny_-EU-391660_compressed.pdf\" target=\"_blank\" rel=\"noreferrer noopener\" class=\"wp-block-getwid-icon-box__icon-wrapper\"><i class=\"fas fa-file-pdf\"><\/i><\/a><\/div><div class=\"wp-block-getwid-icon-box__content\">\n<p><strong><em>Easter Bunny <\/em>(1955)<\/strong><\/p>\n\n\n\n<p>Music and Lyrics: Frieda E. Salomon<\/p>\n\n\n\n<p>Library of Congress: EU391660<\/p>\n<\/div><\/div>\n<\/div><\/div>\n\n\n\n<div class=\"wp-block-getwid-content-slider-slide\"><div class=\"wp-block-getwid-content-slider-slide__wrapper\">\n<div class=\"wp-block-getwid-icon-box has-icon-left has-text-center\"><div class=\"wp-block-getwid-icon-box__icon-container is-position-top\"><a href=\"https:\/\/mugi.lu\/wp-content\/uploads\/2024\/02\/LC4_Once-Upon-a-Time_EU400919-_17-Juni-1955-Kopie_compressed.pdf\" target=\"_blank\" rel=\"noreferrer noopener\" class=\"wp-block-getwid-icon-box__icon-wrapper\"><i class=\"fas fa-file-pdf\"><\/i><\/a><\/div><div class=\"wp-block-getwid-icon-box__content\">\n<p><strong><em>Once upon a Time<\/em> (1955)<\/strong><\/p>\n\n\n\n<p>Words and Music: Frieda Salomon<\/p>\n\n\n\n<p>Library of Congress: EU400919<\/p>\n<\/div><\/div>\n\n\n\n<div class=\"wp-block-getwid-icon-box has-icon-left has-text-center\"><div class=\"wp-block-getwid-icon-box__icon-container is-position-top\"><a href=\"https:\/\/mugi.lu\/wp-content\/uploads\/2024\/02\/YT3-Frieda-Salomon-Ehrlich-Cellofassung-Timoianu_compressed.pdf\" target=\"_blank\" rel=\"noreferrer noopener\" class=\"wp-block-getwid-icon-box__icon-wrapper\"><i class=\"fas fa-file-pdf\"><\/i><\/a><\/div><div class=\"wp-block-getwid-icon-box__content\">\n<p><strong><em>Frieda Salomon Ehrlich &#8220;ZUM GEDENKEN&#8221;<\/em><\/strong><\/p>\n\n\n\n<p><em>musical arrangement by Yvonne Timoianu for cello solo<\/em><\/p>\n\n\n\n<p>\u00a9 Yvonne Timoianu<\/p>\n<\/div><\/div>\n<\/div><\/div>\n<\/div><\/div>\n\n\t\t\t<\/div>\n\n\t\t\t<button class=\"composer-tab__button composer-tab--color-yellow\">\n\t\t\t<span class=\"composer-tab__icon--notes\"><\/span>\n\t\t\t<span>Scores<\/span>\n\t\t<\/button>\n\t\n<\/div>\n\n\n\n<div class=\"composer-tab\" style=\"display: none;\" data-composer-tab-color=\"orange\">\n\n\t<div class=\"composer-tab__badge composer-tab__badge-orange\">\n\t\t<span class=\"composer-tab__icon--photos\"><\/span>\n\t\t<span class=\"composer-tab__circular-title\">Photos<\/span>\n\t<\/div>\n\n\t<div class=\"composer-tab__content\">\n\t\t\t\t\t\n\n<div class=\"wp-block-getwid-images-slider has-arrows-inside has-dots-none has-captions captions-style-light captions-bottom-center is-carousel has-slides-gap-normal has-images-center has-fixed-height\"><div class=\"wp-block-getwid-images-slider__wrapper\" data-effect=\"slide\" data-slides-show=\"3\" data-slides-show-laptop=\"3\" data-slides-show-tablet=\"2\" data-slides-show-mobile=\"1\" data-slides-scroll=\"1\" data-autoplay=\"false\" data-pause-hover=\"false\" data-autoplay-speed=\"6000\" data-infinite=\"false\" data-animation-speed=\"500\" data-center-mode=\"false\" data-variable-width=\"false\" data-arrows=\"inside\" data-dots=\"none\" data-spacing=\"normal\"><div class=\"wp-block-getwid-images-slider__item getwid-reset-height-tablet getwid-reset-height-mobile\" style=\"height:40vh\"><a href=\"https:\/\/mugi.lu\/wp-content\/uploads\/2024\/02\/ra1-toit-familial.jpg\"><figure><img loading=\"lazy\" decoding=\"async\" width=\"600\" height=\"489\" src=\"https:\/\/mugi.lu\/wp-content\/uploads\/2024\/02\/ra1-toit-familial.jpg\" data-id=\"1358\" data-link=\"https:\/\/mugi.lu\/en\/ra1-toit-familial-2\/\" data-original-link=\"https:\/\/mugi.lu\/wp-content\/uploads\/2024\/02\/ra1-toit-familial.jpg\" class=\"wp-block-getwid-images-slider__image wp-image-1358\" srcset=\"https:\/\/mugi.lu\/wp-content\/uploads\/2024\/02\/ra1-toit-familial.jpg 600w, https:\/\/mugi.lu\/wp-content\/uploads\/2024\/02\/ra1-toit-familial-300x245.jpg 300w\" sizes=\"auto, (max-width: 600px) 100vw, 600px\" \/><figcaption class=\"wp-block-getwid-images-slider__caption\">&lt;i&gt;&lt;strong&gt;Le Toit familial: &lt;\/i&gt;The home for unmarried women in Paris where Frida Ehrlich was living in the early 1920s (here the library ca. 1900).&lt;\/strong&gt; The Rothschild Archive (http:\/\/classes.bnf.fr\/rothschild\/grand\/rot_002.htm)<\/figcaption><\/figure><\/a><\/div><div class=\"wp-block-getwid-images-slider__item getwid-reset-height-tablet getwid-reset-height-mobile\" style=\"height:40vh\"><a href=\"https:\/\/mugi.lu\/wp-content\/uploads\/2024\/02\/usc5-zugeschnittenas.jpg\"><figure><img loading=\"lazy\" decoding=\"async\" width=\"760\" height=\"942\" src=\"https:\/\/mugi.lu\/wp-content\/uploads\/2024\/02\/usc5-zugeschnittenas.jpg\" data-id=\"1260\" data-link=\"https:\/\/mugi.lu\/en\/composer\/frida-salomon-ehrlich\/usc5-zugeschnittenas-2\/\" data-original-link=\"https:\/\/mugi.lu\/wp-content\/uploads\/2024\/02\/usc5-zugeschnittenas.jpg\" class=\"wp-block-getwid-images-slider__image wp-image-1260\" srcset=\"https:\/\/mugi.lu\/wp-content\/uploads\/2024\/02\/usc5-zugeschnittenas.jpg 760w, https:\/\/mugi.lu\/wp-content\/uploads\/2024\/02\/usc5-zugeschnittenas-242x300.jpg 242w\" sizes=\"auto, (max-width: 760px) 100vw, 760px\" \/><figcaption class=\"wp-block-getwid-images-slider__caption\">&lt;strong&gt;Frida Ehrlich, ID photograph, 18.4.1924. &lt;\/strong&gt;Image taken from the interview of Sonya Hartog (1995) provided by the USC Shoah Foundation. For more information: https:\/\/sfi.usc.edu\/<\/figcaption><\/figure><\/a><\/div><div class=\"wp-block-getwid-images-slider__item getwid-reset-height-tablet getwid-reset-height-mobile\" style=\"height:40vh\"><a href=\"https:\/\/mugi.lu\/wp-content\/uploads\/2024\/02\/usc7-zugeschnitten.jpg\"><figure><img loading=\"lazy\" decoding=\"async\" width=\"952\" height=\"1280\" src=\"https:\/\/mugi.lu\/wp-content\/uploads\/2024\/02\/usc7-zugeschnitten.jpg\" data-id=\"1364\" data-link=\"https:\/\/mugi.lu\/en\/usc7-zugeschnitten-2\/\" data-original-link=\"https:\/\/mugi.lu\/wp-content\/uploads\/2024\/02\/usc7-zugeschnitten.jpg\" class=\"wp-block-getwid-images-slider__image wp-image-1364\" srcset=\"https:\/\/mugi.lu\/wp-content\/uploads\/2024\/02\/usc7-zugeschnitten.jpg 952w, https:\/\/mugi.lu\/wp-content\/uploads\/2024\/02\/usc7-zugeschnitten-223x300.jpg 223w, https:\/\/mugi.lu\/wp-content\/uploads\/2024\/02\/usc7-zugeschnitten-762x1024.jpg 762w, https:\/\/mugi.lu\/wp-content\/uploads\/2024\/02\/usc7-zugeschnitten-768x1033.jpg 768w\" sizes=\"auto, (max-width: 952px) 100vw, 952px\" \/><figcaption class=\"wp-block-getwid-images-slider__caption\">&lt;strong&gt;Frida and Bruno Salomon-Ehrlich in Mondorf-les-Bains, 1940.&lt;\/strong&gt; Image taken from the interview of Sonya Hartog (1995) provided by the USC Shoah Foundation. For more information: https:\/\/sfi.usc.edu\/<\/figcaption><\/figure><\/a><\/div><div class=\"wp-block-getwid-images-slider__item getwid-reset-height-tablet getwid-reset-height-mobile\" style=\"height:40vh\"><a href=\"https:\/\/mugi.lu\/wp-content\/uploads\/2024\/02\/usc2-zugeschnitten.jpg\"><figure><img loading=\"lazy\" decoding=\"async\" width=\"931\" height=\"1280\" src=\"https:\/\/mugi.lu\/wp-content\/uploads\/2024\/02\/usc2-zugeschnitten.jpg\" data-id=\"1361\" data-link=\"https:\/\/mugi.lu\/en\/usc2-zugeschnitten-2\/\" data-original-link=\"https:\/\/mugi.lu\/wp-content\/uploads\/2024\/02\/usc2-zugeschnitten.jpg\" class=\"wp-block-getwid-images-slider__image wp-image-1361\" srcset=\"https:\/\/mugi.lu\/wp-content\/uploads\/2024\/02\/usc2-zugeschnitten.jpg 931w, https:\/\/mugi.lu\/wp-content\/uploads\/2024\/02\/usc2-zugeschnitten-218x300.jpg 218w, https:\/\/mugi.lu\/wp-content\/uploads\/2024\/02\/usc2-zugeschnitten-745x1024.jpg 745w, https:\/\/mugi.lu\/wp-content\/uploads\/2024\/02\/usc2-zugeschnitten-768x1056.jpg 768w\" sizes=\"auto, (max-width: 931px) 100vw, 931px\" \/><figcaption class=\"wp-block-getwid-images-slider__caption\">&lt;strong&gt;Bruno Salomon at the piano, ca. 1922. &lt;\/strong&gt;Image taken from the interview of Sonya Hartog (1995) provided by the USC Shoah Foundation. For more information: https:\/\/sfi.usc.edu\/<\/figcaption><\/figure><\/a><\/div><div class=\"wp-block-getwid-images-slider__item getwid-reset-height-tablet getwid-reset-height-mobile\" style=\"height:40vh\"><a href=\"https:\/\/mugi.lu\/wp-content\/uploads\/2024\/02\/usc11-zugeschnitten.jpg\"><figure><img loading=\"lazy\" decoding=\"async\" width=\"910\" height=\"1280\" src=\"https:\/\/mugi.lu\/wp-content\/uploads\/2024\/02\/usc11-zugeschnitten.jpg\" data-id=\"1367\" data-link=\"https:\/\/mugi.lu\/en\/usc11-zugeschnitten-2\/\" data-original-link=\"https:\/\/mugi.lu\/wp-content\/uploads\/2024\/02\/usc11-zugeschnitten.jpg\" class=\"wp-block-getwid-images-slider__image wp-image-1367\" srcset=\"https:\/\/mugi.lu\/wp-content\/uploads\/2024\/02\/usc11-zugeschnitten.jpg 910w, https:\/\/mugi.lu\/wp-content\/uploads\/2024\/02\/usc11-zugeschnitten-213x300.jpg 213w, https:\/\/mugi.lu\/wp-content\/uploads\/2024\/02\/usc11-zugeschnitten-728x1024.jpg 728w, https:\/\/mugi.lu\/wp-content\/uploads\/2024\/02\/usc11-zugeschnitten-768x1080.jpg 768w\" sizes=\"auto, (max-width: 910px) 100vw, 910px\" \/><figcaption class=\"wp-block-getwid-images-slider__caption\">&lt;strong&gt;Frida and Bruno Salomon-Ehrlich, undated.  &lt;\/strong&gt;Image taken from the interview of Sonya Hartog (1995) provided by the USC Shoah Foundation. For more information: https:\/\/sfi.usc.edu\/<\/figcaption><\/figure><\/a><\/div><div class=\"wp-block-getwid-images-slider__item getwid-reset-height-tablet getwid-reset-height-mobile\" style=\"height:40vh\"><a href=\"https:\/\/mugi.lu\/wp-content\/uploads\/2024\/02\/usc12-zugeschnitten-e1710326235926.jpg\"><figure><img loading=\"lazy\" decoding=\"async\" width=\"868\" height=\"1140\" src=\"https:\/\/mugi.lu\/wp-content\/uploads\/2024\/02\/usc12-zugeschnitten-e1710326235926.jpg\" data-id=\"1370\" data-link=\"https:\/\/mugi.lu\/en\/usc12-zugeschnitten-2\/\" data-original-link=\"https:\/\/mugi.lu\/wp-content\/uploads\/2024\/02\/usc12-zugeschnitten-e1710326235926.jpg\" class=\"wp-block-getwid-images-slider__image wp-image-1370\" srcset=\"https:\/\/mugi.lu\/wp-content\/uploads\/2024\/02\/usc12-zugeschnitten-e1710326235926.jpg 868w, https:\/\/mugi.lu\/wp-content\/uploads\/2024\/02\/usc12-zugeschnitten-e1710326235926-228x300.jpg 228w, https:\/\/mugi.lu\/wp-content\/uploads\/2024\/02\/usc12-zugeschnitten-e1710326235926-780x1024.jpg 780w, https:\/\/mugi.lu\/wp-content\/uploads\/2024\/02\/usc12-zugeschnitten-e1710326235926-768x1009.jpg 768w\" sizes=\"auto, (max-width: 868px) 100vw, 868px\" \/><figcaption class=\"wp-block-getwid-images-slider__caption\">&lt;strong&gt;Frida Salomon-Ehrlich, ca. 1960. &lt;\/strong&gt;Image taken from the interview of Sonya Hartog (1995) provided by the USC Shoah Foundation. For more information: https:\/\/sfi.usc.edu\/<\/figcaption><\/figure><\/a><\/div><\/div><\/div>\n\n\t\t\t<\/div>\n\n\t\t\t<button class=\"composer-tab__button composer-tab--color-orange\">\n\t\t\t<span class=\"composer-tab__icon--photos\"><\/span>\n\t\t\t<span>Photos<\/span>\n\t\t<\/button>\n\t\n<\/div>\n\n\n\n<div class=\"composer-tab\" style=\"display: none;\" data-composer-tab-color=\"secondary\">\n\n\t<div class=\"composer-tab__badge composer-tab__badge-secondary\">\n\t\t<span class=\"composer-tab__icon--correspondence\"><\/span>\n\t\t<span class=\"composer-tab__circular-title\">Correspondence<\/span>\n\t<\/div>\n\n\t<div class=\"composer-tab__content\">\n\t\t\t\t\t\n\n<div class=\"wp-block-getwid-images-slider has-arrows-inside has-dots-none has-captions captions-style-light captions-bottom-center has-images-center has-fitted-images has-fixed-height\"><div class=\"wp-block-getwid-images-slider__wrapper\" data-effect=\"slide\" data-slides-show=\"1\" data-slides-show-laptop=\"1\" data-slides-show-tablet=\"1\" data-slides-show-mobile=\"1\" data-slides-scroll=\"1\" data-autoplay=\"false\" data-pause-hover=\"false\" data-autoplay-speed=\"6000\" data-infinite=\"false\" data-animation-speed=\"500\" data-center-mode=\"true\" data-variable-width=\"false\" data-arrows=\"inside\" data-dots=\"none\" data-spacing=\"normal\"><div class=\"wp-block-getwid-images-slider__item getwid-reset-height-tablet getwid-reset-height-mobile\" style=\"height:40vh\"><a href=\"https:\/\/mugi.lu\/wp-content\/uploads\/2024\/02\/usc9-vlcsnap-2024-01-10-12h22m53s915.jpg\"><figure><img loading=\"lazy\" decoding=\"async\" width=\"720\" height=\"540\" src=\"https:\/\/mugi.lu\/wp-content\/uploads\/2024\/02\/usc9-vlcsnap-2024-01-10-12h22m53s915.jpg\" data-id=\"1334\" data-link=\"https:\/\/mugi.lu\/en\/usc9-vlcsnap-2024-01-10-12h22m53s915-2\/\" data-original-link=\"https:\/\/mugi.lu\/wp-content\/uploads\/2024\/02\/usc9-vlcsnap-2024-01-10-12h22m53s915.jpg\" class=\"wp-block-getwid-images-slider__image wp-image-1334\" srcset=\"https:\/\/mugi.lu\/wp-content\/uploads\/2024\/02\/usc9-vlcsnap-2024-01-10-12h22m53s915.jpg 720w, https:\/\/mugi.lu\/wp-content\/uploads\/2024\/02\/usc9-vlcsnap-2024-01-10-12h22m53s915-300x225.jpg 300w, https:\/\/mugi.lu\/wp-content\/uploads\/2024\/02\/usc9-vlcsnap-2024-01-10-12h22m53s915-800x600.jpg 800w\" sizes=\"auto, (max-width: 720px) 100vw, 720px\" \/><figcaption class=\"wp-block-getwid-images-slider__caption\">&lt;strong&gt;Telegram sent from Canada by the Grand-Duchesse (Charlotte Luxembourg) to Mrs Frida Salomon, 1942. &lt;\/strong&gt;Image taken from the interview of Sonya Hartog (1995) provided by the USC Shoah Foundation. For more information: https:\/\/sfi.usc.edu\/<\/figcaption><\/figure><\/a><\/div><\/div><\/div>\n\n\t\t\t<\/div>\n\n\t\t\t<button class=\"composer-tab__button composer-tab--color-secondary\">\n\t\t\t<span class=\"composer-tab__icon--correspondence\"><\/span>\n\t\t\t<span>Correspondence<\/span>\n\t\t<\/button>\n\t\n<\/div>\n\n\n\n<div class=\"composer-tab\" style=\"display: none;\" data-composer-tab-color=\"orange\">\n\n\t<div class=\"composer-tab__badge composer-tab__badge-orange\">\n\t\t<span class=\"composer-tab__icon--documents\"><\/span>\n\t\t<span class=\"composer-tab__circular-title\">Written documents<\/span>\n\t<\/div>\n\n\t<div class=\"composer-tab__content\">\n\t\t\t\t\t\n\n<div class=\"wp-block-getwid-images-slider has-arrows-inside has-dots-none has-captions captions-style-light captions-bottom-center is-carousel has-slides-gap-normal has-images-center has-fitted-images has-fixed-height\"><div class=\"wp-block-getwid-images-slider__wrapper\" data-effect=\"slide\" data-slides-show=\"3\" data-slides-show-laptop=\"3\" data-slides-show-tablet=\"2\" data-slides-show-mobile=\"1\" data-slides-scroll=\"1\" data-autoplay=\"true\" data-pause-hover=\"false\" data-autoplay-speed=\"6000\" data-infinite=\"false\" data-animation-speed=\"500\" data-center-mode=\"false\" data-variable-width=\"false\" data-arrows=\"inside\" data-dots=\"none\" data-spacing=\"normal\"><div class=\"wp-block-getwid-images-slider__item getwid-reset-height-tablet getwid-reset-height-mobile\" style=\"height:40vh\"><a href=\"https:\/\/mugi.lu\/wp-content\/uploads\/2024\/03\/bnl-lms10-compressed-page-0001.jpeg\"><figure><img loading=\"lazy\" decoding=\"async\" width=\"669\" height=\"1000\" src=\"https:\/\/mugi.lu\/wp-content\/uploads\/2024\/03\/bnl-lms10-compressed-page-0001.jpeg\" data-id=\"2449\" data-link=\"https:\/\/mugi.lu\/en\/subject\/frida-salomon-ehrlich\/bnl-lms10-compressed-page-0001-2\/\" data-original-link=\"https:\/\/mugi.lu\/wp-content\/uploads\/2024\/03\/bnl-lms10-compressed-page-0001.jpeg\" class=\"wp-block-getwid-images-slider__image wp-image-2449\" srcset=\"https:\/\/mugi.lu\/wp-content\/uploads\/2024\/03\/bnl-lms10-compressed-page-0001.jpeg 669w, https:\/\/mugi.lu\/wp-content\/uploads\/2024\/03\/bnl-lms10-compressed-page-0001-201x300.jpeg 201w\" sizes=\"auto, (max-width: 669px) 100vw, 669px\" \/><figcaption class=\"wp-block-getwid-images-slider__caption\">&lt;strong&gt;Fir Grossherzogins Geburtsdag 1935&lt;\/strong&gt;\nLyrics: Frida Salomon, music: Bruno Salomon. Biblioth\u00e8que nationale du Luxembourg: LMS 10<\/figcaption><\/figure><\/a><\/div><div class=\"wp-block-getwid-images-slider__item getwid-reset-height-tablet getwid-reset-height-mobile\" style=\"height:40vh\"><a href=\"https:\/\/mugi.lu\/wp-content\/uploads\/2024\/02\/bnl-la13609-eroennerong-p-23.jpg\"><figure><img loading=\"lazy\" decoding=\"async\" width=\"425\" height=\"700\" src=\"https:\/\/mugi.lu\/wp-content\/uploads\/2024\/02\/bnl-la13609-eroennerong-p-23.jpg\" data-id=\"1340\" data-link=\"https:\/\/mugi.lu\/en\/bnl-la13609-eroennerong-p-23-2\/\" data-original-link=\"https:\/\/mugi.lu\/wp-content\/uploads\/2024\/02\/bnl-la13609-eroennerong-p-23.jpg\" class=\"wp-block-getwid-images-slider__image wp-image-1340\" srcset=\"https:\/\/mugi.lu\/wp-content\/uploads\/2024\/02\/bnl-la13609-eroennerong-p-23.jpg 425w, https:\/\/mugi.lu\/wp-content\/uploads\/2024\/02\/bnl-la13609-eroennerong-p-23-182x300.jpg 182w\" sizes=\"auto, (max-width: 425px) 100vw, 425px\" \/><figcaption class=\"wp-block-getwid-images-slider__caption\">&lt;strong&gt;Er\u00f6nnerong von Fr. Salomon-Ehrlich,&lt;\/strong&gt; \nin: &lt;i&gt;Jour des m\u00e8res 1938 : Programme du Concert vocal organis\u00e9 par la Chorale royale grand-ducale &#8220;SANG &amp; KLANG&#8221;&lt;\/i&gt;, 1938, S. 23. Biblioth\u00e8que nationale de Luxembourg<\/figcaption><\/figure><\/a><\/div><div class=\"wp-block-getwid-images-slider__item getwid-reset-height-tablet getwid-reset-height-mobile\" style=\"height:40vh\"><a href=\"https:\/\/mugi.lu\/wp-content\/uploads\/2024\/02\/wsk-frida-8-gedicht-1942.jpg\"><figure><img loading=\"lazy\" decoding=\"async\" width=\"1477\" height=\"1920\" src=\"https:\/\/mugi.lu\/wp-content\/uploads\/2024\/02\/wsk-frida-8-gedicht-1942.jpg\" data-id=\"1346\" data-link=\"https:\/\/mugi.lu\/en\/wsk-frida-8-gedicht-1942-2\/\" data-original-link=\"https:\/\/mugi.lu\/wp-content\/uploads\/2024\/02\/wsk-frida-8-gedicht-1942.jpg\" class=\"wp-block-getwid-images-slider__image wp-image-1346\" srcset=\"https:\/\/mugi.lu\/wp-content\/uploads\/2024\/02\/wsk-frida-8-gedicht-1942.jpg 1477w, https:\/\/mugi.lu\/wp-content\/uploads\/2024\/02\/wsk-frida-8-gedicht-1942-231x300.jpg 231w, https:\/\/mugi.lu\/wp-content\/uploads\/2024\/02\/wsk-frida-8-gedicht-1942-788x1024.jpg 788w, https:\/\/mugi.lu\/wp-content\/uploads\/2024\/02\/wsk-frida-8-gedicht-1942-768x998.jpg 768w, https:\/\/mugi.lu\/wp-content\/uploads\/2024\/02\/wsk-frida-8-gedicht-1942-1182x1536.jpg 1182w\" sizes=\"auto, (max-width: 1477px) 100vw, 1477px\" \/><figcaption class=\"wp-block-getwid-images-slider__caption\">&lt;strong&gt;ONSER Lewer Grossherzogin, fum Letzebuerger Grupp a Barcelona zo&#8217;geegnet a Verfasst fun der Madame Frieda Salomon-Ehrlich, 23.1.1942. &lt;\/strong&gt;\nPhoto: Jean-Paul Martin. Private archive Jean-Paul Martin<\/figcaption><\/figure><\/a><\/div><div class=\"wp-block-getwid-images-slider__item getwid-reset-height-tablet getwid-reset-height-mobile\" style=\"height:40vh\"><a href=\"https:\/\/mugi.lu\/wp-content\/uploads\/2024\/02\/wsk-frida-13-mammeled-an-trouscht.jpg\"><figure><img loading=\"lazy\" decoding=\"async\" width=\"1415\" height=\"1920\" src=\"https:\/\/mugi.lu\/wp-content\/uploads\/2024\/02\/wsk-frida-13-mammeled-an-trouscht.jpg\" data-id=\"1343\" data-link=\"https:\/\/mugi.lu\/en\/wsk-frida-13-mammeled-an-trouscht-2\/\" data-original-link=\"https:\/\/mugi.lu\/wp-content\/uploads\/2024\/02\/wsk-frida-13-mammeled-an-trouscht.jpg\" class=\"wp-block-getwid-images-slider__image wp-image-1343\" srcset=\"https:\/\/mugi.lu\/wp-content\/uploads\/2024\/02\/wsk-frida-13-mammeled-an-trouscht.jpg 1415w, https:\/\/mugi.lu\/wp-content\/uploads\/2024\/02\/wsk-frida-13-mammeled-an-trouscht-221x300.jpg 221w, https:\/\/mugi.lu\/wp-content\/uploads\/2024\/02\/wsk-frida-13-mammeled-an-trouscht-755x1024.jpg 755w, https:\/\/mugi.lu\/wp-content\/uploads\/2024\/02\/wsk-frida-13-mammeled-an-trouscht-768x1042.jpg 768w, https:\/\/mugi.lu\/wp-content\/uploads\/2024\/02\/wsk-frida-13-mammeled-an-trouscht-1132x1536.jpg 1132w\" sizes=\"auto, (max-width: 1415px) 100vw, 1415px\" \/><figcaption class=\"wp-block-getwid-images-slider__caption\">&lt;strong&gt;Mammeled an Trou&#8217;scht,&lt;\/strong&gt; \nby Frida Ehrlich Salomon, undated. Photo: Wolfgang Schmitt-K\u00f6lzer. Private archive Claude Marx<\/figcaption><\/figure><\/a><\/div><\/div><\/div>\n\n\t\t\t<\/div>\n\n\t\t\t<button class=\"composer-tab__button composer-tab--color-orange\">\n\t\t\t<span class=\"composer-tab__icon--documents\"><\/span>\n\t\t\t<span>Written documents<\/span>\n\t\t<\/button>\n\t\n<\/div>\n\n\n\n<div class=\"composer-tab\" style=\"display: none;\" data-composer-tab-color=\"yellow\">\n\n\t<div class=\"composer-tab__badge composer-tab__badge-yellow\">\n\t\t<span class=\"composer-tab__icon--personal\"><\/span>\n\t\t<span class=\"composer-tab__circular-title\">Personal objects<\/span>\n\t<\/div>\n\n\t<div class=\"composer-tab__content\">\n\t\t\t\t\t\n\n<div class=\"wp-block-getwid-images-slider has-arrows-inside has-dots-none has-captions captions-style-light captions-bottom-center is-carousel has-slides-gap-normal has-images-center has-fitted-images has-fixed-height\"><div class=\"wp-block-getwid-images-slider__wrapper\" data-effect=\"slide\" data-slides-show=\"3\" data-slides-show-laptop=\"3\" data-slides-show-tablet=\"2\" data-slides-show-mobile=\"1\" data-slides-scroll=\"1\" data-autoplay=\"false\" data-pause-hover=\"false\" data-autoplay-speed=\"6000\" data-infinite=\"false\" data-animation-speed=\"500\" data-center-mode=\"false\" data-variable-width=\"false\" data-arrows=\"inside\" data-dots=\"none\" data-spacing=\"normal\"><div class=\"wp-block-getwid-images-slider__item getwid-reset-height-tablet getwid-reset-height-mobile\" style=\"height:40vh\"><a href=\"https:\/\/mugi.lu\/wp-content\/uploads\/2024\/02\/usc3-vlcsnap-2024-01-10-12h09m43s987.jpg\"><figure><img loading=\"lazy\" decoding=\"async\" width=\"348\" height=\"472\" src=\"https:\/\/mugi.lu\/wp-content\/uploads\/2024\/02\/usc3-vlcsnap-2024-01-10-12h09m43s987.jpg\" data-id=\"1349\" data-link=\"https:\/\/mugi.lu\/en\/usc3-vlcsnap-2024-01-10-12h09m43s987-2\/\" data-original-link=\"https:\/\/mugi.lu\/wp-content\/uploads\/2024\/02\/usc3-vlcsnap-2024-01-10-12h09m43s987.jpg\" class=\"wp-block-getwid-images-slider__image wp-image-1349\" srcset=\"https:\/\/mugi.lu\/wp-content\/uploads\/2024\/02\/usc3-vlcsnap-2024-01-10-12h09m43s987.jpg 348w, https:\/\/mugi.lu\/wp-content\/uploads\/2024\/02\/usc3-vlcsnap-2024-01-10-12h09m43s987-221x300.jpg 221w\" sizes=\"auto, (max-width: 348px) 100vw, 348px\" \/><figcaption class=\"wp-block-getwid-images-slider__caption\">&lt;strong&gt;French ID card (Friede Ehrlich), 18.4.1924. &lt;\/strong&gt;Image taken from the interview of Sonya Hartog (1995) provided by the USC Shoah Foundation. For more information: https:\/\/sfi.usc.edu\/<\/figcaption><\/figure><\/a><\/div><div class=\"wp-block-getwid-images-slider__item getwid-reset-height-tablet getwid-reset-height-mobile\" style=\"height:40vh\"><a href=\"https:\/\/mugi.lu\/wp-content\/uploads\/2024\/02\/usc6-zugeschnitten.jpg\"><figure><img loading=\"lazy\" decoding=\"async\" width=\"1632\" height=\"1280\" src=\"https:\/\/mugi.lu\/wp-content\/uploads\/2024\/02\/usc6-zugeschnitten.jpg\" data-id=\"1352\" data-link=\"https:\/\/mugi.lu\/en\/usc6-zugeschnitten-2\/\" data-original-link=\"https:\/\/mugi.lu\/wp-content\/uploads\/2024\/02\/usc6-zugeschnitten.jpg\" class=\"wp-block-getwid-images-slider__image wp-image-1352\" srcset=\"https:\/\/mugi.lu\/wp-content\/uploads\/2024\/02\/usc6-zugeschnitten.jpg 1632w, https:\/\/mugi.lu\/wp-content\/uploads\/2024\/02\/usc6-zugeschnitten-300x235.jpg 300w, https:\/\/mugi.lu\/wp-content\/uploads\/2024\/02\/usc6-zugeschnitten-1024x803.jpg 1024w, https:\/\/mugi.lu\/wp-content\/uploads\/2024\/02\/usc6-zugeschnitten-768x602.jpg 768w, https:\/\/mugi.lu\/wp-content\/uploads\/2024\/02\/usc6-zugeschnitten-1536x1205.jpg 1536w\" sizes=\"auto, (max-width: 1632px) 100vw, 1632px\" \/><figcaption class=\"wp-block-getwid-images-slider__caption\">&lt;strong&gt;Luxembourgish ID card (Mme Salomon Bruno, n\u00e9e Ehrlich Friede), 12.9.1938. &lt;\/strong&gt; Image taken from the interview of Sonya Hartog (1995) provided by the USC Shoah Foundation. For more information: https:\/\/sfi.usc.edu\/<\/figcaption><\/figure><\/a><\/div><div class=\"wp-block-getwid-images-slider__item getwid-reset-height-tablet getwid-reset-height-mobile\" style=\"height:40vh\"><a href=\"https:\/\/mugi.lu\/wp-content\/uploads\/2024\/02\/usc8-zugeschnitten.jpeg\"><figure><img loading=\"lazy\" decoding=\"async\" width=\"1012\" height=\"1280\" src=\"https:\/\/mugi.lu\/wp-content\/uploads\/2024\/02\/usc8-zugeschnitten.jpeg\" data-id=\"1355\" data-link=\"https:\/\/mugi.lu\/en\/usc8-zugeschnitten-2\/\" data-original-link=\"https:\/\/mugi.lu\/wp-content\/uploads\/2024\/02\/usc8-zugeschnitten.jpeg\" class=\"wp-block-getwid-images-slider__image wp-image-1355\" srcset=\"https:\/\/mugi.lu\/wp-content\/uploads\/2024\/02\/usc8-zugeschnitten.jpeg 1012w, https:\/\/mugi.lu\/wp-content\/uploads\/2024\/02\/usc8-zugeschnitten-237x300.jpeg 237w, https:\/\/mugi.lu\/wp-content\/uploads\/2024\/02\/usc8-zugeschnitten-810x1024.jpeg 810w, https:\/\/mugi.lu\/wp-content\/uploads\/2024\/02\/usc8-zugeschnitten-768x971.jpeg 768w\" sizes=\"auto, (max-width: 1012px) 100vw, 1012px\" \/><figcaption class=\"wp-block-getwid-images-slider__caption\">&lt;strong&gt;Luxembourgish ID card (Solange Salomon), date illegible &#8211; erasures during the Nazi Occupation.&lt;\/strong&gt;  Image taken from the interview of Sonya Hartog (1995) provided by the USC Shoah Foundation. For more information: https:\/\/sfi.usc.edu\/<\/figcaption><\/figure><\/a><\/div><\/div><\/div>\n\n\t\t\t<\/div>\n\n\t\t\t<button class=\"composer-tab__button composer-tab--color-yellow\">\n\t\t\t<span class=\"composer-tab__icon--personal\"><\/span>\n\t\t\t<span>Personal objects<\/span>\n\t\t<\/button>\n\t\n<\/div>\n\n\n\n<div class=\"composer-tab\" style=\"display: none;\" data-composer-tab-color=\"secondary\">\n\n\t<div class=\"composer-tab__badge composer-tab__badge-secondary\">\n\t\t<span class=\"composer-tab__icon--parchemin\"><\/span>\n\t\t<span class=\"composer-tab__circular-title\">Concert programmes<\/span>\n\t<\/div>\n\n\t<div class=\"composer-tab__content\">\n\t\t\t\t\t\n\n<div class=\"wp-block-getwid-icon-box has-icon-left has-text-left\"><div class=\"wp-block-getwid-icon-box__icon-container is-position-top\"><a href=\"https:\/\/mugi.lu\/wp-content\/uploads\/2024\/02\/BNL_LA-13609_Brochure-compressed.pdf\" target=\"_blank\" rel=\"noreferrer noopener\" class=\"wp-block-getwid-icon-box__icon-wrapper\"><i class=\"fas fa-file-pdf\"><\/i><\/a><\/div><div class=\"wp-block-getwid-icon-box__content\">\n<p><strong><em>Jour des m\u00e8res 1938 : Programme du Concert vocal organis\u00e9 par la Chorale royale grand-ducale &#8220;SANG &amp; KLANG&#8221;<\/em><\/strong><\/p>\n\n\n\n<p>Musical programme and lyrics of the Mother&#8217;s Day Concert. Biblioth\u00e8que nationale de Luxembourg: LA 13611<\/p>\n<\/div><\/div>\n\n\n\n<div class=\"wp-block-getwid-icon-box has-icon-left has-text-left\"><div class=\"wp-block-getwid-icon-box__icon-container is-position-top\"><a href=\"https:\/\/mugi.lu\/wp-content\/uploads\/2024\/02\/YT1-Programme-Fuenfbrunnen_extrait-KMF.pdf\" target=\"_blank\" rel=\"noreferrer noopener\" class=\"wp-block-getwid-icon-box__icon-wrapper\"><i class=\"fas fa-file-pdf\"><\/i><\/a><\/div><div class=\"wp-block-getwid-icon-box__content\">\n<p><strong><em>Gedenkkonzert im Kloster F\u00fcnfbrunnen. Yvonne Timoinanu, Cello (15.4.2018)<\/em><\/strong><\/p>\n\n\n\n<p>Programme of the memorial concert at the Convent Cinqfontaines, De Klenge Maarnicher Festival 2018 (32nd edition), extract<\/p>\n<\/div><\/div>\n\n\t\t\t<\/div>\n\n\t\t\t<button class=\"composer-tab__button composer-tab--color-secondary\">\n\t\t\t<span class=\"composer-tab__icon--parchemin\"><\/span>\n\t\t\t<span>Concert programmes<\/span>\n\t\t<\/button>\n\t\n<\/div>\n\n\n\n<div class=\"composer-tab\" style=\"display: none;\" data-composer-tab-color=\"orange\">\n\n\t<div class=\"composer-tab__badge composer-tab__badge-orange\">\n\t\t<span class=\"composer-tab__icon--press\"><\/span>\n\t\t<span class=\"composer-tab__circular-title\">Press<\/span>\n\t<\/div>\n\n\t<div class=\"composer-tab__content\">\n\t\t\t\t\t\n\n<div class=\"wp-block-getwid-images-slider has-arrows-inside has-dots-none has-captions captions-style-light captions-bottom-center is-carousel has-slides-gap-normal has-images-center has-fitted-images has-fixed-height\"><div class=\"wp-block-getwid-images-slider__wrapper\" data-effect=\"slide\" data-slides-show=\"3\" data-slides-show-laptop=\"3\" data-slides-show-tablet=\"2\" data-slides-show-mobile=\"1\" data-slides-scroll=\"1\" data-autoplay=\"false\" data-pause-hover=\"false\" data-autoplay-speed=\"6000\" data-infinite=\"false\" data-animation-speed=\"500\" data-center-mode=\"false\" data-variable-width=\"false\" data-arrows=\"inside\" data-dots=\"none\" data-spacing=\"normal\"><div class=\"wp-block-getwid-images-slider__item getwid-reset-height-tablet getwid-reset-height-mobile\" style=\"height:40vh\"><a href=\"https:\/\/mugi.lu\/wp-content\/uploads\/2024\/02\/presse-1-lw-05-06-1936.jpg\"><figure><img loading=\"lazy\" decoding=\"async\" width=\"359\" height=\"870\" src=\"https:\/\/mugi.lu\/wp-content\/uploads\/2024\/02\/presse-1-lw-05-06-1936.jpg\" data-id=\"1267\" data-link=\"https:\/\/mugi.lu\/en\/presse-1-lw-05-06-1936-2\/\" data-original-link=\"https:\/\/mugi.lu\/wp-content\/uploads\/2024\/02\/presse-1-lw-05-06-1936.jpg\" class=\"wp-block-getwid-images-slider__image wp-image-1267\" srcset=\"https:\/\/mugi.lu\/wp-content\/uploads\/2024\/02\/presse-1-lw-05-06-1936.jpg 359w, https:\/\/mugi.lu\/wp-content\/uploads\/2024\/02\/presse-1-lw-05-06-1936-124x300.jpg 124w\" sizes=\"auto, (max-width: 359px) 100vw, 359px\" \/><figcaption class=\"wp-block-getwid-images-slider__caption\">&lt;strong&gt;On air:  &#8220;Mein M\u00fctterlein&#8221; by Frida Salomon-Ehrlich, sung by Dolor\u00e8s Goeres. &lt;\/strong&gt;\nRADIO LUXEMBURG LETZEBUERGER STONN\nin: &lt;i&gt;Luxemburger Wort &lt;\/i&gt;(05.06.1936), S. 8.\n[Digitised by the National Library of Luxembourg, https:\/\/persist.lu\/ark:70795\/zjp305\/pages\/8\/articles\/DTL388]<\/figcaption><\/figure><\/a><\/div><div class=\"wp-block-getwid-images-slider__item getwid-reset-height-tablet getwid-reset-height-mobile\" style=\"height:40vh\"><a href=\"https:\/\/mugi.lu\/wp-content\/uploads\/2024\/02\/presse-2-lq-10-6-1938p3.jpg\"><figure><img loading=\"lazy\" decoding=\"async\" width=\"649\" height=\"898\" src=\"https:\/\/mugi.lu\/wp-content\/uploads\/2024\/02\/presse-2-lq-10-6-1938p3.jpg\" data-id=\"1270\" data-link=\"https:\/\/mugi.lu\/en\/presse-2-lq-10-6-1938p3-2\/\" data-original-link=\"https:\/\/mugi.lu\/wp-content\/uploads\/2024\/02\/presse-2-lq-10-6-1938p3.jpg\" class=\"wp-block-getwid-images-slider__image wp-image-1270\" srcset=\"https:\/\/mugi.lu\/wp-content\/uploads\/2024\/02\/presse-2-lq-10-6-1938p3.jpg 649w, https:\/\/mugi.lu\/wp-content\/uploads\/2024\/02\/presse-2-lq-10-6-1938p3-217x300.jpg 217w\" sizes=\"auto, (max-width: 649px) 100vw, 649px\" \/><figcaption class=\"wp-block-getwid-images-slider__caption\">&lt;strong&gt;Concert announcement:  \u201eEr\u00f6nnerong\u201c by Fr. Salomon.  Sung by Mr. Fran\u00e7ois Werthesen. &lt;\/strong&gt;\nChronique locale, Le Jour des M\u00e8res, in: &lt;i&gt;Luxembourg Quotidien du matin &lt;\/i&gt;(10.06.1938), p. 3.\n[Digitised by the National Library of Luxembourg, https:\/\/persist.lu\/ark:70795\/47&#215;241\/pages\/3\/articles\/DTL125]<\/figcaption><\/figure><\/a><\/div><div class=\"wp-block-getwid-images-slider__item getwid-reset-height-tablet getwid-reset-height-mobile\" style=\"height:40vh\"><a href=\"https:\/\/mugi.lu\/wp-content\/uploads\/2024\/02\/presse-3-eschertageblatt-1938-06-10-p7-giel.jpg\"><figure><img loading=\"lazy\" decoding=\"async\" width=\"1080\" height=\"1563\" src=\"https:\/\/mugi.lu\/wp-content\/uploads\/2024\/02\/presse-3-eschertageblatt-1938-06-10-p7-giel.jpg\" data-id=\"1273\" data-link=\"https:\/\/mugi.lu\/en\/presse-3-eschertageblatt-1938-06-10-p7-giel-2\/\" data-original-link=\"https:\/\/mugi.lu\/wp-content\/uploads\/2024\/02\/presse-3-eschertageblatt-1938-06-10-p7-giel.jpg\" class=\"wp-block-getwid-images-slider__image wp-image-1273\" srcset=\"https:\/\/mugi.lu\/wp-content\/uploads\/2024\/02\/presse-3-eschertageblatt-1938-06-10-p7-giel.jpg 1080w, https:\/\/mugi.lu\/wp-content\/uploads\/2024\/02\/presse-3-eschertageblatt-1938-06-10-p7-giel-207x300.jpg 207w, https:\/\/mugi.lu\/wp-content\/uploads\/2024\/02\/presse-3-eschertageblatt-1938-06-10-p7-giel-708x1024.jpg 708w, https:\/\/mugi.lu\/wp-content\/uploads\/2024\/02\/presse-3-eschertageblatt-1938-06-10-p7-giel-768x1111.jpg 768w, https:\/\/mugi.lu\/wp-content\/uploads\/2024\/02\/presse-3-eschertageblatt-1938-06-10-p7-giel-1061x1536.jpg 1061w\" sizes=\"auto, (max-width: 1080px) 100vw, 1080px\" \/><figcaption class=\"wp-block-getwid-images-slider__caption\">&lt;strong&gt;Concert announcement: \u201eEr\u00f6nnerong\u201c by Fr. Salomon. Sung by Mr. Fran\u00e7ois Werthesen. &lt;\/strong&gt;\n&#8220;Muttertag&#8221; Bedeutung und Ausbau des Muttertages, in: &lt;i&gt;Escher Tageblatt &lt;\/i&gt;(10.06.1938), S. 7.\n[Digitised by the National Library of Luxembourg, https:\/\/persist.lu\/ark:70795\/7qj9t2\/pages\/7\/articles\/DTL92]<\/figcaption><\/figure><\/a><\/div><div class=\"wp-block-getwid-images-slider__item getwid-reset-height-tablet getwid-reset-height-mobile\" style=\"height:40vh\"><a href=\"https:\/\/mugi.lu\/wp-content\/uploads\/2024\/02\/presse-4-luxembourg-1938-07-13-p6-giel.jpg\"><figure><img loading=\"lazy\" decoding=\"async\" width=\"1080\" height=\"1578\" src=\"https:\/\/mugi.lu\/wp-content\/uploads\/2024\/02\/presse-4-luxembourg-1938-07-13-p6-giel.jpg\" data-id=\"1276\" data-link=\"https:\/\/mugi.lu\/en\/presse-4-luxembourg-1938-07-13-p6-giel-2\/\" data-original-link=\"https:\/\/mugi.lu\/wp-content\/uploads\/2024\/02\/presse-4-luxembourg-1938-07-13-p6-giel.jpg\" class=\"wp-block-getwid-images-slider__image wp-image-1276\" srcset=\"https:\/\/mugi.lu\/wp-content\/uploads\/2024\/02\/presse-4-luxembourg-1938-07-13-p6-giel.jpg 1080w, https:\/\/mugi.lu\/wp-content\/uploads\/2024\/02\/presse-4-luxembourg-1938-07-13-p6-giel-205x300.jpg 205w, https:\/\/mugi.lu\/wp-content\/uploads\/2024\/02\/presse-4-luxembourg-1938-07-13-p6-giel-701x1024.jpg 701w, https:\/\/mugi.lu\/wp-content\/uploads\/2024\/02\/presse-4-luxembourg-1938-07-13-p6-giel-768x1122.jpg 768w, https:\/\/mugi.lu\/wp-content\/uploads\/2024\/02\/presse-4-luxembourg-1938-07-13-p6-giel-1051x1536.jpg 1051w\" sizes=\"auto, (max-width: 1080px) 100vw, 1080px\" \/><figcaption class=\"wp-block-getwid-images-slider__caption\">&lt;strong&gt;On air: Song recital by Dolor\u00e8s Goeres, soprano and Jean Eiffes, tenor &#8211; (&#8230;) Dolor\u00e8s Goeres sings: Mein M\u00fctterlein, Erennerung (Frida Salomon-Ehrlich).&lt;\/strong&gt;\n RADIO programmes RADIO-LUXEMBURG, in: &lt;i&gt;Luxembourg. Quotidien du matin &lt;\/i&gt;(13.07.1938), S. 6.\n[Digitised by the National Library of Luxembourg, https:\/\/persist.lu\/ark:70795\/t89295\/pages\/6\/articles\/DTL210]<\/figcaption><\/figure><\/a><\/div><div class=\"wp-block-getwid-images-slider__item getwid-reset-height-tablet getwid-reset-height-mobile\" style=\"height:40vh\"><a href=\"https:\/\/mugi.lu\/wp-content\/uploads\/2024\/02\/presse-5-luxemburgerwort-1939-06-10-p5-giel.jpg\"><figure><img loading=\"lazy\" decoding=\"async\" width=\"1080\" height=\"1502\" src=\"https:\/\/mugi.lu\/wp-content\/uploads\/2024\/02\/presse-5-luxemburgerwort-1939-06-10-p5-giel.jpg\" data-id=\"1279\" data-link=\"https:\/\/mugi.lu\/en\/presse-5-luxemburgerwort-1939-06-10-p5-giel-2\/\" data-original-link=\"https:\/\/mugi.lu\/wp-content\/uploads\/2024\/02\/presse-5-luxemburgerwort-1939-06-10-p5-giel.jpg\" class=\"wp-block-getwid-images-slider__image wp-image-1279\" srcset=\"https:\/\/mugi.lu\/wp-content\/uploads\/2024\/02\/presse-5-luxemburgerwort-1939-06-10-p5-giel.jpg 1080w, https:\/\/mugi.lu\/wp-content\/uploads\/2024\/02\/presse-5-luxemburgerwort-1939-06-10-p5-giel-216x300.jpg 216w, https:\/\/mugi.lu\/wp-content\/uploads\/2024\/02\/presse-5-luxemburgerwort-1939-06-10-p5-giel-736x1024.jpg 736w, https:\/\/mugi.lu\/wp-content\/uploads\/2024\/02\/presse-5-luxemburgerwort-1939-06-10-p5-giel-768x1068.jpg 768w\" sizes=\"auto, (max-width: 1080px) 100vw, 1080px\" \/><figcaption class=\"wp-block-getwid-images-slider__caption\">&lt;strong&gt;Concert announcement: Frida Salomon: Ons le\u2019f Letzeburger Mamm. (Tenor-Solo: Mister Fr. Werthesen). &lt;\/strong&gt;\nLokal-Chronik, in: &lt;i&gt;Luxemburger Wort &lt;\/i&gt;(10.06.1939), p. 5.\n[Digitised by the National Library of Luxembourg, https:\/\/persist.lu\/ark:70795\/kdjm9k\/pages\/5\/articles\/DTL115]<\/figcaption><\/figure><\/a><\/div><div class=\"wp-block-getwid-images-slider__item getwid-reset-height-tablet getwid-reset-height-mobile\" style=\"height:40vh\"><a href=\"https:\/\/mugi.lu\/wp-content\/uploads\/2024\/02\/presse-6-luxembourg-19-07-1939.jpg\"><figure><img loading=\"lazy\" decoding=\"async\" width=\"302\" height=\"750\" src=\"https:\/\/mugi.lu\/wp-content\/uploads\/2024\/02\/presse-6-luxembourg-19-07-1939.jpg\" data-id=\"1282\" data-link=\"https:\/\/mugi.lu\/en\/presse-6-luxembourg-19-07-1939-2\/\" data-original-link=\"https:\/\/mugi.lu\/wp-content\/uploads\/2024\/02\/presse-6-luxembourg-19-07-1939.jpg\" class=\"wp-block-getwid-images-slider__image wp-image-1282\" srcset=\"https:\/\/mugi.lu\/wp-content\/uploads\/2024\/02\/presse-6-luxembourg-19-07-1939.jpg 302w, https:\/\/mugi.lu\/wp-content\/uploads\/2024\/02\/presse-6-luxembourg-19-07-1939-121x300.jpg 121w\" sizes=\"auto, (max-width: 302px) 100vw, 302px\" \/><figcaption class=\"wp-block-getwid-images-slider__caption\">&lt;strong&gt;Im Radio: &#8220;D\u2019Wokanz ass do&#8221; (Frida Salomon). &lt;\/strong&gt;\nRadio-Programmes RADIO Luxembourg, in: &lt;i&gt;Luxembourg Quotidien du matin &lt;\/i&gt;(19.07.1939), p. 3.\n[Digitised by the National Library of Luxembourg, https:\/\/persist.lu\/ark:70795\/1tq0q3\/pages\/3\/articles\/DTL131]<\/figcaption><\/figure><\/a><\/div><div class=\"wp-block-getwid-images-slider__item getwid-reset-height-tablet getwid-reset-height-mobile\" style=\"height:40vh\"><a href=\"https:\/\/mugi.lu\/wp-content\/uploads\/2024\/02\/presse-7-luxembourg-1940-01-28-p4-giel.jpg\"><figure><img loading=\"lazy\" decoding=\"async\" width=\"1080\" height=\"1554\" src=\"https:\/\/mugi.lu\/wp-content\/uploads\/2024\/02\/presse-7-luxembourg-1940-01-28-p4-giel.jpg\" data-id=\"1285\" data-link=\"https:\/\/mugi.lu\/en\/presse-7-luxembourg-1940-01-28-p4-giel-2\/\" data-original-link=\"https:\/\/mugi.lu\/wp-content\/uploads\/2024\/02\/presse-7-luxembourg-1940-01-28-p4-giel.jpg\" class=\"wp-block-getwid-images-slider__image wp-image-1285\" srcset=\"https:\/\/mugi.lu\/wp-content\/uploads\/2024\/02\/presse-7-luxembourg-1940-01-28-p4-giel.jpg 1080w, https:\/\/mugi.lu\/wp-content\/uploads\/2024\/02\/presse-7-luxembourg-1940-01-28-p4-giel-208x300.jpg 208w, https:\/\/mugi.lu\/wp-content\/uploads\/2024\/02\/presse-7-luxembourg-1940-01-28-p4-giel-712x1024.jpg 712w, https:\/\/mugi.lu\/wp-content\/uploads\/2024\/02\/presse-7-luxembourg-1940-01-28-p4-giel-768x1105.jpg 768w, https:\/\/mugi.lu\/wp-content\/uploads\/2024\/02\/presse-7-luxembourg-1940-01-28-p4-giel-1067x1536.jpg 1067w\" sizes=\"auto, (max-width: 1080px) 100vw, 1080px\" \/><figcaption class=\"wp-block-getwid-images-slider__caption\">&lt;strong&gt;Announcement: At the synagogue (\u2026) a work for choir and soli (V. Pauk\u00e9) by Frida and Bruno Salomon. &lt;\/strong&gt;\nChronique locale, in: &lt;i&gt;Luxembourg Quotidien du matin &lt;\/i&gt;(28.01.1940), p. 4.\n[Digitised by the National Library of Luxembourg, https:\/\/persist.lu\/ark:70795\/0k8xgk\/pages\/4\/articles\/DTL117]<\/figcaption><\/figure><\/a><\/div><div class=\"wp-block-getwid-images-slider__item getwid-reset-height-tablet getwid-reset-height-mobile\" style=\"height:40vh\"><a href=\"https:\/\/mugi.lu\/wp-content\/uploads\/2024\/02\/presse-8-eschertageblatt-1947-06-14-p7-giel.jpg\"><figure><img loading=\"lazy\" decoding=\"async\" width=\"1080\" height=\"1557\" src=\"https:\/\/mugi.lu\/wp-content\/uploads\/2024\/02\/presse-8-eschertageblatt-1947-06-14-p7-giel.jpg\" data-id=\"1288\" data-link=\"https:\/\/mugi.lu\/en\/presse-8-eschertageblatt-1947-06-14-p7-giel-2\/\" data-original-link=\"https:\/\/mugi.lu\/wp-content\/uploads\/2024\/02\/presse-8-eschertageblatt-1947-06-14-p7-giel.jpg\" class=\"wp-block-getwid-images-slider__image wp-image-1288\" srcset=\"https:\/\/mugi.lu\/wp-content\/uploads\/2024\/02\/presse-8-eschertageblatt-1947-06-14-p7-giel.jpg 1080w, https:\/\/mugi.lu\/wp-content\/uploads\/2024\/02\/presse-8-eschertageblatt-1947-06-14-p7-giel-208x300.jpg 208w, https:\/\/mugi.lu\/wp-content\/uploads\/2024\/02\/presse-8-eschertageblatt-1947-06-14-p7-giel-710x1024.jpg 710w, https:\/\/mugi.lu\/wp-content\/uploads\/2024\/02\/presse-8-eschertageblatt-1947-06-14-p7-giel-768x1107.jpg 768w, https:\/\/mugi.lu\/wp-content\/uploads\/2024\/02\/presse-8-eschertageblatt-1947-06-14-p7-giel-1065x1536.jpg 1065w\" sizes=\"auto, (max-width: 1080px) 100vw, 1080px\" \/><figcaption class=\"wp-block-getwid-images-slider__caption\">&lt;strong&gt;Concert announcement: Fr. Salomon &#8220;Mammeled an Tro&#8217;scht&#8221; (Solo for Tenor: Mr Werthesen). &lt;\/strong&gt;\nStadt Luxemburg, Mammelidder-Concert, in: &lt;i&gt;Escher Tageblatt &lt;\/i&gt;(14.06.1947), S. 7.\n[Digitised by the National Library of Luxembourg, https:\/\/persist.lu\/ark:70795\/1r40x0\/pages\/7\/articles\/DTL106]<\/figcaption><\/figure><\/a><\/div><div class=\"wp-block-getwid-images-slider__item getwid-reset-height-tablet getwid-reset-height-mobile\" style=\"height:40vh\"><a href=\"https:\/\/mugi.lu\/wp-content\/uploads\/2024\/02\/presse-9-luxemburgerwort-11-06-1949.jpg\"><figure><img loading=\"lazy\" decoding=\"async\" width=\"538\" height=\"849\" src=\"https:\/\/mugi.lu\/wp-content\/uploads\/2024\/02\/presse-9-luxemburgerwort-11-06-1949.jpg\" data-id=\"1291\" data-link=\"https:\/\/mugi.lu\/en\/presse-9-luxemburgerwort-11-06-1949-2\/\" data-original-link=\"https:\/\/mugi.lu\/wp-content\/uploads\/2024\/02\/presse-9-luxemburgerwort-11-06-1949.jpg\" class=\"wp-block-getwid-images-slider__image wp-image-1291\" srcset=\"https:\/\/mugi.lu\/wp-content\/uploads\/2024\/02\/presse-9-luxemburgerwort-11-06-1949.jpg 538w, https:\/\/mugi.lu\/wp-content\/uploads\/2024\/02\/presse-9-luxemburgerwort-11-06-1949-190x300.jpg 190w\" sizes=\"auto, (max-width: 538px) 100vw, 538px\" \/><figcaption class=\"wp-block-getwid-images-slider__caption\">&lt;strong&gt;Concert announcement:  Mrs Frida Salomon \u201eMammend\u00e2g\u201c (Presented by Miss Schnell). &lt;\/strong&gt; \nStadt Luxemburg. Mutterlieder-Konzert, in: &lt;i&gt;Luxemburger Wort&lt;\/i&gt; (11.06.1949), S. 4.\n[Digitised by the National Library of Luxembourg, https:\/\/persist.lu\/ark:70795\/3vtmq5\/pages\/4\/articles\/DTL224]<\/figcaption><\/figure><\/a><\/div><\/div><\/div>\n\n\t\t\t<\/div>\n\n\t\t\t<button class=\"composer-tab__button composer-tab--color-orange\">\n\t\t\t<span class=\"composer-tab__icon--press\"><\/span>\n\t\t\t<span>Press<\/span>\n\t\t<\/button>\n\t\n<\/div>\n\n\n\n<div class=\"composer-tab\" style=\"display: none;\" data-composer-tab-color=\"primary\">\n\n\t<div class=\"composer-tab__badge composer-tab__badge-primary\">\n\t\t<span class=\"composer-tab__icon--video\"><\/span>\n\t\t<span class=\"composer-tab__circular-title\">Interview<\/span>\n\t<\/div>\n\n\t<div class=\"composer-tab__content\">\n\t\t\t\t\t\n\n<div class=\"wp-block-getwid-content-slider has-arrows-outside has-dots-none\" data-adaptive-height=\"true\" data-arrows=\"outside\" data-dots=\"none\"><div class=\"wp-block-getwid-content-slider__wrapper\">\n<div class=\"wp-block-getwid-content-slider-slide\"><div class=\"wp-block-getwid-content-slider-slide__wrapper\">\n<div class=\"wp-block-columns is-layout-flex wp-container-core-columns-is-layout-9d6595d7 wp-block-columns-is-layout-flex\">\n<div class=\"wp-block-column is-layout-flow wp-block-column-is-layout-flow\" style=\"flex-basis:100%\">\n<div class=\"wp-block-group mugilux-video-popup\"><div class=\"wp-block-group__inner-container is-layout-flow wp-block-group-is-layout-flow\">\n<div class=\"wp-block-cover aligncenter is-light\" style=\"min-height:260px;aspect-ratio:unset\"><img loading=\"lazy\" decoding=\"async\" width=\"923\" height=\"791\" class=\"wp-block-cover__image-background wp-image-1255\" alt=\"\" src=\"https:\/\/mugi.lu\/wp-content\/uploads\/2024\/02\/usc13a-capture-interview.jpg\" style=\"object-position:38% 33%\" data-object-fit=\"cover\" data-object-position=\"38% 33%\" srcset=\"https:\/\/mugi.lu\/wp-content\/uploads\/2024\/02\/usc13a-capture-interview.jpg 923w, https:\/\/mugi.lu\/wp-content\/uploads\/2024\/02\/usc13a-capture-interview-300x257.jpg 300w, https:\/\/mugi.lu\/wp-content\/uploads\/2024\/02\/usc13a-capture-interview-768x658.jpg 768w\" sizes=\"auto, (max-width: 923px) 100vw, 923px\" \/><span aria-hidden=\"true\" class=\"wp-block-cover__background has-background-dim-20 has-background-dim\"><\/span><div class=\"wp-block-cover__inner-container is-layout-flow wp-block-cover-is-layout-flow\">\n<div class=\"wp-block-getwid-icon is-aligned-center\"><a href=\"https:\/\/vha.usc.edu\/testimony\/5321\" target=\"_blank\" rel=\"noreferrer noopener\" class=\"wp-block-getwid-icon__wrapper has-text-color has-white-color\"><i class=\"fas fa-play\"><\/i><\/a><\/div>\n<\/div><\/div>\n<\/div><\/div>\n<\/div>\n\n\n\n<div class=\"wp-block-column is-layout-flow wp-block-column-is-layout-flow\" style=\"flex-basis:100%\">\n<h4 class=\"wp-block-heading\"><a href=\"https:\/\/vha.usc.edu\/testimony\/5321\" target=\"_blank\" rel=\"noreferrer noopener\">INTERVIEW with SONYA HARTOG, born Solange Salomon (1995)<\/a><\/h4>\n\n\n\n<p><\/p>\n\n\n\n<p class=\"has-text-smaller-font-size\"><em>Interviewer: Martha A. Frazer. Videographer: Isaac Feldman, Visual History Archive, USC Shoah Foundation, 1:55 min. Interview 5321 (View after suscribing) <\/em><\/p>\n\n\n\n<p class=\"has-text-smaller-font-size\"><em>https:\/\/vha.usc.edu\/testimony\/5321<\/em> <\/p>\n<\/div>\n<\/div>\n<\/div><\/div>\n<\/div><\/div>\n\n\t\t\t<\/div>\n\n\t\t\t<button class=\"composer-tab__button composer-tab--color-primary\">\n\t\t\t<span class=\"composer-tab__icon--video\"><\/span>\n\t\t\t<span>Interview<\/span>\n\t\t<\/button>\n\t\n<\/div>\n\n\n\n<div class=\"composer-tab\" style=\"display: none;\" data-composer-tab-color=\"yellow\">\n\n\t<div class=\"composer-tab__badge composer-tab__badge-yellow\">\n\t\t<span class=\"composer-tab__icon--work\"><\/span>\n\t\t<span class=\"composer-tab__circular-title\">Works<\/span>\n\t<\/div>\n\n\t<div class=\"composer-tab__content\">\n\t\t\t\t\t\n\n<div class=\"wp-block-getwid-icon-box has-icon-left has-text-left\"><div class=\"wp-block-getwid-icon-box__icon-container is-position-top\"><a href=\"https:\/\/mugi.lu\/wp-content\/uploads\/2025\/02\/Frida-Salomon-Ehrlich-Works.pdf\" class=\"wp-block-getwid-icon-box__icon-wrapper\"><i class=\"fas fa-file-pdf\"><\/i><\/a><\/div><div class=\"wp-block-getwid-icon-box__content\">\n<h3 class=\"wp-block-heading\"><strong><strong><strong><strong><strong><strong><strong><strong>Frida salomon-Ehrlich<\/strong><\/strong><\/strong><\/strong><\/strong><\/strong><\/strong><\/strong> <strong>Works<\/strong><\/h3>\n\n\n\n<p><\/p>\n<\/div><\/div>\n\n\t\t\t<\/div>\n\n\t\t\t<button class=\"composer-tab__button composer-tab--color-yellow\">\n\t\t\t<span class=\"composer-tab__icon--work\"><\/span>\n\t\t\t<span>Works<\/span>\n\t\t<\/button>\n\t\n<\/div>\n\n\n\n<div class=\"composer-tab\" style=\"display: none;\" data-composer-tab-color=\"secondary\">\n\n\t<div class=\"composer-tab__badge composer-tab__badge-secondary\">\n\t\t<span class=\"composer-tab__icon--concert\"><\/span>\n\t\t<span class=\"composer-tab__circular-title\">Concert<\/span>\n\t<\/div>\n\n\t<div class=\"composer-tab__content\">\n\t\t\t\t\t\n\n<div class=\"wp-block-getwid-icon-box has-icon-left has-text-left\"><div class=\"wp-block-getwid-icon-box__icon-container is-position-top\"><a href=\"https:\/\/mugi.lu\/wp-content\/uploads\/2025\/02\/Frida-Salomon-Ehrlich-Konzerte-Concerts.pdf\" target=\"_blank\" rel=\"noreferrer noopener\" class=\"wp-block-getwid-icon-box__icon-wrapper\"><i class=\"fas fa-file-pdf\"><\/i><\/a><\/div><div class=\"wp-block-getwid-icon-box__content\">\n<h3 class=\"wp-block-heading\"><strong><strong><strong><strong><strong><strong><strong><strong>Frida salomon-Ehrlich<\/strong><\/strong><\/strong><\/strong> <\/strong><\/strong><\/strong>Concerts<\/strong><\/h3>\n\n\n\n<p><\/p>\n<\/div><\/div>\n\n\t\t\t<\/div>\n\n\t\t\t<button class=\"composer-tab__button composer-tab--color-secondary\">\n\t\t\t<span class=\"composer-tab__icon--concert\"><\/span>\n\t\t\t<span>Concert<\/span>\n\t\t<\/button>\n\t\n<\/div>\n\n\n\n<div class=\"composer-tab\" style=\"display: none;\" data-composer-tab-color=\"orange\">\n\n\t<div class=\"composer-tab__badge composer-tab__badge-orange\">\n\t\t<span class=\"composer-tab__icon--bibliography\"><\/span>\n\t\t<span class=\"composer-tab__circular-title\">Bibliography<\/span>\n\t<\/div>\n\n\t<div class=\"composer-tab__content\">\n\t\t\t\t\t\n\n<div class=\"wp-block-getwid-icon-box has-icon-left has-text-left\"><div class=\"wp-block-getwid-icon-box__icon-container is-position-top\"><a href=\"https:\/\/mugi.lu\/wp-content\/uploads\/2025\/02\/Frida-Salomon-Ehrlich-Bibliography_EN.pdf\" target=\"_blank\" rel=\"noreferrer noopener\" class=\"wp-block-getwid-icon-box__icon-wrapper\"><i class=\"fas fa-file-pdf\"><\/i><\/a><\/div><div class=\"wp-block-getwid-icon-box__content\">\n<h3 class=\"wp-block-heading\"><strong><strong><strong><strong>Frida salomon-Ehrlich Bibliography<\/strong><\/strong><\/strong><\/strong><\/h3>\n\n\n\n<p><\/p>\n<\/div><\/div>\n\n\t\t\t<\/div>\n\n\t\t\t<button class=\"composer-tab__button composer-tab--color-orange\">\n\t\t\t<span class=\"composer-tab__icon--bibliography\"><\/span>\n\t\t\t<span>Bibliography<\/span>\n\t\t<\/button>\n\t\n<\/div>\n<\/div>\n<\/div>\n","protected":false},"featured_media":1370,"template":"","meta":{"_acf_changed":false,"inline_featured_image":false,"_themeisle_gutenberg_block_has_review":false},"class_list":["post-2454","composer","type-composer","status-publish","has-post-thumbnail","hentry"],"acf":[],"_links":{"self":[{"href":"https:\/\/mugi.lu\/en\/wp-json\/wp\/v2\/composer\/2454","targetHints":{"allow":["GET"]}}],"collection":[{"href":"https:\/\/mugi.lu\/en\/wp-json\/wp\/v2\/composer"}],"about":[{"href":"https:\/\/mugi.lu\/en\/wp-json\/wp\/v2\/types\/composer"}],"wp:featuredmedia":[{"embeddable":true,"href":"https:\/\/mugi.lu\/en\/wp-json\/wp\/v2\/media\/1370"}],"wp:attachment":[{"href":"https:\/\/mugi.lu\/en\/wp-json\/wp\/v2\/media?parent=2454"}],"curies":[{"name":"wp","href":"https:\/\/api.w.org\/{rel}","templated":true}]}}